{"id":2208,"date":"2022-02-23T18:58:51","date_gmt":"2022-02-23T21:58:51","guid":{"rendered":"https:\/\/www.anfitriaoprime.com.br\/blog\/?page_id=2208"},"modified":"2022-03-17T16:54:59","modified_gmt":"2022-03-17T19:54:59","slug":"aluguel-de-temporada-em-camacari","status":"publish","type":"page","link":"https:\/\/www.anfitriaoprime.com.br\/blog\/aluguel-de-temporada-em-camacari\/","title":{"rendered":"Quer fazer aluguel de temporada em Cama\u00e7ari? N\u00f3s podemos te ajudar!"},"content":{"rendered":"<p><span style=\"font-weight: 400;\">O Anfitri\u00e3o Prime \u00e9 muito mais que uma imobili\u00e1ria digital ou um site de reservas tradicional. N\u00f3s somos um gestor de im\u00f3veis que oferece servi\u00e7os personalizados para propriet\u00e1rios que querem fazer aluguel de temporada em Cama\u00e7ari sem nenhuma preocupa\u00e7\u00e3o. Atuamos desde a cria\u00e7\u00e3o do an\u00fancio at\u00e9 na manuten\u00e7\u00e3o do im\u00f3vel. <a href=\"https:\/\/reservas.anfitriaoprime.com.br\/\">Clique aqui e conhe\u00e7a o nosso portf\u00f3lio com mais de 1.000 im\u00f3veis distribu\u00eddos em todo o Brasil. <\/a><\/span><\/p>\n<h2><strong>O que \u00e9 o Anfitri\u00e3o Prime?<\/strong><\/h2>\n<p>O Anfitri\u00e3o Prime \u00e9 um gestor profissional de im\u00f3veis de temporada, que atua em todas as etapas da loca\u00e7\u00e3o para que os propriet\u00e1rios n\u00e3o precisem se preocupar com nada. Com sede em S\u00e3o Paulo, n\u00f3s trabalhamos de forma online, com servi\u00e7os personalizados e humanizados feitos por uma equipe de especialista que somam mais de 30 anos de experi\u00eancia no ramo do turismo.<\/p>\n<p>Com o Anfitri\u00e3o Prime o seu im\u00f3vel ser\u00e1 divulgado simultaneamente em mais de 30 sites de reservas (incluindo os principais: Airnb, Vrbo, Booking.com e TripAdvisor) e n\u00f3s seremos os respons\u00e1veis por gerenciar o calend\u00e1rio de reservas para evitar overbooking, fazer a precifica\u00e7\u00e3o da di\u00e1ria e muito mais. E para se cadastrar, voc\u00ea s\u00f3 precisa preencher o formul\u00e1rio ao lado e seguir os pr\u00f3ximos passos. \u00c9 r\u00e1pido e f\u00e1cil!<\/p>\n<h2>Saiba mais sobre os nossos servi\u00e7os de aluguel de temporada em Cama\u00e7ari<\/h2>\n<p>Com o Anfitri\u00e3o Prime voc\u00ea pode ser um excelente <b>Anfitri\u00e3o de Airbnb<\/b>. Primeiramente, por que n\u00f3s aliamos a experi\u00eancia de mais de 30 anos com turismo dos nossos profissionais \u00e0 tecnologia de ponta, garantindo assim maiores ganhos com o aluguel de temporada para propriet\u00e1rios e a melhor experi\u00eancia para os h\u00f3spedes. A seguir, listamos alguns dos nossos principais servi\u00e7os:<\/p>\n<h3><b><img decoding=\"async\" class=\"emoji\" role=\"img\" draggable=\"false\" src=\"https:\/\/s.w.org\/images\/core\/emoji\/13.1.0\/svg\/1f4bb.svg\" alt=\"\ud83d\udcbb\" \/>\u00a0Anunciamos sua propriedade<\/b><\/h3>\n<p>Antes de tudo, n\u00f3s criamos o an\u00fancio da sua propriedade e o publicamos em mais de 30 sites de reservas, como Airbnb, Booking, VRBO (Alugue Temporada) e Tripadvisor.\u00a0 Em seguida, j\u00e1 ficamos respons\u00e1veis pela gest\u00e3o dele em cada uma das plataformas.<\/p>\n<h3><a href=\"https:\/\/www.anfitriaoprime.com.br\/blog\/foto-a-importancia-no-aluguel-de-temporada\/\"><b><img decoding=\"async\" class=\"emoji\" role=\"img\" draggable=\"false\" src=\"https:\/\/s.w.org\/images\/core\/emoji\/13.1.0\/svg\/1f4f7.svg\" alt=\"\ud83d\udcf7\" \/>\u00a0Fotos profissionais<\/b><\/a><\/h3>\n<p>As fotos profissionais do seu im\u00f3vel garantem uma melhor primeira impress\u00e3o aos h\u00f3spedes, o que aumenta as possibilidades de reservas.<\/p>\n<h3><b><img decoding=\"async\" class=\"emoji\" role=\"img\" draggable=\"false\" src=\"https:\/\/s.w.org\/images\/core\/emoji\/13.1.0\/svg\/1f4ac.svg\" alt=\"\ud83d\udcac\" \/>\u00a0Comunica\u00e7\u00e3o com os h\u00f3spedes<\/b><\/h3>\n<p>Um dos grandes problemas ao gerenciar um im\u00f3vel de temporada \u00e9 estar dispon\u00edvel para responder os h\u00f3spedes nas plataformas de reservas. Mas, com o Anfitri\u00e3o Prime voc\u00ea n\u00e3o ter\u00e1 que se preocupar com isso, pois n\u00f3s temos uma equipe que est\u00e1 sempre dispon\u00edvel para atend\u00ea-los.<\/p>\n<h3><b><img decoding=\"async\" class=\"emoji\" role=\"img\" draggable=\"false\" src=\"https:\/\/s.w.org\/images\/core\/emoji\/13.1.0\/svg\/1f4c8.svg\" alt=\"\ud83d\udcc8\" \/>\u00a0<a href=\"https:\/\/www.anfitriaoprime.com.br\/blog\/valor-da-diaria-no-aluguel-de-temporada\/\">Defini\u00e7\u00e3o dos melhores pre\u00e7os de di\u00e1rias<\/a><\/b><\/h3>\n<p>Contamos com uma tecnologia de ponta que faz a precifica\u00e7\u00e3o inteligente do seu im\u00f3vel, pensando a longo prazo. Ela leva em conta as varia\u00e7\u00f5es de pre\u00e7o que ocorrem durante o ano, como feriados, alta e baixa temporada. Al\u00e9m de outras situa\u00e7\u00f5es que podem fazer com que o valor da di\u00e1ria do seu im\u00f3vel varie.<\/p>\n<h3><b><img decoding=\"async\" class=\"emoji\" role=\"img\" draggable=\"false\" src=\"https:\/\/s.w.org\/images\/core\/emoji\/13.1.0\/svg\/2714.svg\" alt=\"\u2714\" \/>\u00a0Concierge, Limpeza e Manuten\u00e7\u00e3o\u00a0<\/b><\/h3>\n<p>Finalmente, para que voc\u00ea possa ser um Anfitri\u00e3o de Airbnb em Cama\u00e7ari completo, oferecemos servi\u00e7os complementares. Atualmente, contamos com especialista para serem <b>concierge<\/b>\u00a0do seu im\u00f3vel e serem respons\u00e1veis do check-in e check-out dos h\u00f3spedes. Al\u00e9m de outros profissionais para\u00a0<strong>limpeza, manuten\u00e7\u00e3o<\/strong> e outros servi\u00e7os necess\u00e1rios para garantir uma experi\u00eancia perfeita aos h\u00f3spedes.<\/p>\n<h2>Por que anunciar por temporada com a gente?<\/h2>\n<p>Como mencionado anteriormente, o Anfitri\u00e3o Prime oferece um servi\u00e7o superior para propriet\u00e1rios que querem se tornar um Anfitri\u00e3o de Airbnb em Cama\u00e7ari ideal para h\u00f3spedes que buscam uma experi\u00eancia acolhedora e completa com o aluguel de temporada.<\/p>\n<p>Se comparamos os servi\u00e7os do Anfitri\u00e3o Prime com os servi\u00e7os oferecidos por outros sites de reservas, voc\u00ea tem as seguintes vantagens:<\/p>\n<figure id=\"attachment_2220\" class=\"thumbnail wp-caption alignnone\" style=\"width: 310px\"><img decoding=\"async\" loading=\"lazy\" class=\"size-medium wp-image-2220\" src=\"https:\/\/www.anfitriaoprime.com.br\/blog\/wp-content\/uploads\/2022\/02\/Dimensoes-personalizadas-750x410-px-7-2-300x164.jpeg\" alt=\"Cama\u00e7ari\" width=\"300\" height=\"164\" srcset=\"https:\/\/www.anfitriaoprime.com.br\/blog\/wp-content\/uploads\/2022\/02\/Dimensoes-personalizadas-750x410-px-7-2-300x164.jpeg 300w, https:\/\/www.anfitriaoprime.com.br\/blog\/wp-content\/uploads\/2022\/02\/Dimensoes-personalizadas-750x410-px-7-2.jpeg 750w\" sizes=\"(max-width: 300px) 100vw, 300px\" \/><figcaption class=\"caption wp-caption-text\">Photo by William Freitas on Unsplash<\/figcaption><\/figure>\n<p>&nbsp;<\/p>\n<h2><strong>Sobre Cama\u00e7ari\u00a0<\/strong><\/h2>\n<p><span style=\"font-weight: 400;\">Apesar de n\u00e3o ser um destino muito conhecido por turistas, a demanda por i<\/span>m\u00f3veis de temporada em Cama\u00e7ari<span style=\"font-weight: 400;\"> \u00e9 bem alta. Isso porque ela fica apenas a 47 km da capital do Estado, Salvador. O mun\u00edcio \u00e9 conhecido como &#8220;Cidade Industrial&#8221;, por abrigar o Polo Industrial de Cama\u00e7ari, mas as praias s\u00e3o maravilhosas.\u00a0<\/span><\/p>\n<p>&nbsp;<\/p>\n<h3><strong>Dicas de roteiro em Cama\u00e7ari\u00a0<\/strong><\/h3>\n<p><span style=\"font-weight: 400;\">Como mencionamos anteriormente, a <\/span><span style=\"font-weight: 400;\">cidade<\/span><span style=\"font-weight: 400;\"> tem como foco a atividade industrial. Contudo, \u00e9 poss\u00edvel encontrar atra\u00e7\u00f5es bem interessantes, tais como:\u00a0<\/span><\/p>\n<h3><\/h3>\n<h4><strong>Aldeia Hippie<\/strong><\/h4>\n<p><span style=\"font-weight: 400;\">Seus h\u00f3spedes ir\u00e3o adorar visitar a <em>Aldeia Hippie.<\/em> Esse \u00e9 um dos pontos tur\u00edsticos mais visitados da regi\u00e3o, pois oferece um ambiente totalmente tranquilo e diferente.\u00a0<\/span><span style=\"font-weight: 400;\">A entrada \u00e9 gratuita, mas os visitantes podem contribuir com pequenas quantias para ajudar na manuten\u00e7\u00e3o do local. Esse \u00e9 o lugar perfeito para os h\u00f3spedes que desejam comprar lembrancinhas da viagem.\u00a0<\/span><\/p>\n<h3><\/h3>\n<h4><strong>Fazenda Boaventura<\/strong><\/h4>\n<p><span style=\"font-weight: 400;\">Para os visitantes que est\u00e3o em busca de passeios para toda a fam\u00edlia, vale a pena indicar a um passeio pela <em>Fazenda Boaventura<\/em>. O local conta com quadra de esportes, piscina, \u00e1rea de lazer e restaurante e uma natureza exuberante.\u00a0<\/span><\/p>\n<p><span style=\"font-weight: 400;\">Al\u00e9m disso, \u00e9 poss\u00edvel conhecer os animais que vivem no local, ordenhar vacas e at\u00e9 mesmo fazer um passeio pelo \u201c<em>Parque dos Dinossauros<\/em>\u201d. Os h\u00f3spedes com crian\u00e7as ir\u00e3o adorar!\u00a0<\/span><\/p>\n<h3><\/h3>\n<h4><strong>Clube Candeias<\/strong><\/h4>\n<p><span style=\"font-weight: 400;\">Os seus h\u00f3spedes querem se refrescar mas sem necessariamente ir \u00e0 praia? Ent\u00e3o, a nossa recomenda\u00e7\u00e3o \u00e9 o Clube Candeias.\u00a0<\/span><span style=\"font-weight: 400;\">O local oferece piscinas para crian\u00e7as e adultos, e conta com uma boa infraestrutura para receber toda a fam\u00edlia.\u00a0<\/span><\/p>\n<p>&nbsp;<\/p>\n<h4><strong>Praia de Barra do Jacu\u00edpe<\/strong><\/h4>\n<p><span style=\"font-weight: 400;\">A <em>Praia de Barra do Jacu\u00edpe<\/em> fica a 38 km do centro da cidade e se destaca por ter \u00e1guas bem tranquilas para o banho. Ela tamb\u00e9m \u00e9 a mais badalada da regi\u00e3o, principalmente na alta temporada.\u00a0<\/span><span style=\"font-weight: 400;\">O bacana dessa praia \u00e9 que ela tamb\u00e9m oferece uma ampla infraestrutura de restaurantes, barzinhos e quiosques para os turistas que querem relaxar, mas sem abrir m\u00e3o do conforto.<\/span><\/p>\n<p>&nbsp;<\/p>\n<h2><strong>Onde comer em Cama\u00e7ari\u00a0<\/strong><\/h2>\n<p><span style=\"font-weight: 400;\">A Bahia como um todo tem uma culin\u00e1ria impressionante. Logo, em Cama\u00e7ari n\u00e3o seria diferente. A cidade possui alguns restaurantes bem bacanas para quem deseja conhecer mais sobre a gastronomia baiana.\u00a0<\/span><\/p>\n<p><span style=\"font-weight: 400;\">Come\u00e7ando pelo <em>Restaurante Santa Clara<\/em>. Uma das coisas mais atrativas desse lugar \u00e9 que ele muda de card\u00e1pio todos os dias.\u00a0<\/span><span style=\"font-weight: 400;\">Al\u00e9m disso, vale destacar aqui um dos carros chefes do restaurante que s\u00e3o as moquecas de polvo.\u00a0<\/span><\/p>\n<p><span style=\"font-weight: 400;\">Mais uma dica para os seus h\u00f3spedes \u00e9 o <em>Varanda Cantina Restaurante<\/em>. O local \u00e9 especializado em cozinha italiana e, por isso, tem uma grande variedade de massas. Nesse sentido, o destaque vai para o fil\u00e9 com nhoque.\u00a0<\/span><\/p>\n<p><span style=\"font-weight: 400;\">Viu como Cama\u00e7ari \u00e9 um lugar super atrativo? N\u00e3o perca essa oportunidade e fa\u00e7a j\u00e1 o seu cadastro conosco e aproveite todos os recursos e ferramentas que temos a te oferecer.\u00a0\u00a0<\/span><\/p>\n","protected":false},"excerpt":{"rendered":"<p>O Anfitri\u00e3o Prime \u00e9 muito mais que uma imobili\u00e1ria digital ou um site de reservas tradicional. N\u00f3s somos um gestor de im\u00f3veis que oferece servi\u00e7os personalizados para propriet\u00e1rios que querem fazer aluguel de temporada em Cama\u00e7ari sem nenhuma preocupa\u00e7\u00e3o. Atuamos desde a cria\u00e7\u00e3o do an\u00fancio at\u00e9 na manuten\u00e7\u00e3o do im\u00f3vel. Clique aqui e conhe\u00e7a o [&hellip;]<\/p>\n","protected":false},"author":1,"featured_media":2217,"parent":0,"menu_order":0,"comment_status":"open","ping_status":"closed","template":"page-lp.php","meta":[],"yoast_head":"<!-- This site is optimized with the Yoast SEO plugin v21.1 - https:\/\/yoast.com\/wordpress\/plugins\/seo\/ -->\n<title>Quer fazer aluguel de temporada em Cama\u00e7ari? N\u00f3s podemos te ajudar!<\/title>\n<meta name=\"description\" content=\"Quer fazer aluguel de temporada em Cama\u00e7ari? N\u00f3s podemos te ajudar atrav\u00e9s de v\u00e1rios servi\u00e7os profissionais e personalizados. Saiba mais!\" \/>\n<meta name=\"robots\" content=\"index, follow, max-snippet:-1, max-image-preview:large, max-video-preview:-1\" \/>\n<link rel=\"canonical\" href=\"https:\/\/www.anfitriaoprime.com.br\/blog\/aluguel-de-temporada-em-camacari\/\" \/>\n<meta property=\"og:locale\" content=\"pt_BR\" \/>\n<meta property=\"og:type\" content=\"article\" \/>\n<meta property=\"og:title\" content=\"Quer fazer aluguel de temporada em Cama\u00e7ari? N\u00f3s podemos te ajudar!\" \/>\n<meta property=\"og:description\" content=\"Quer fazer aluguel de temporada em Cama\u00e7ari? N\u00f3s podemos te ajudar atrav\u00e9s de v\u00e1rios servi\u00e7os profissionais e personalizados. Saiba mais!\" \/>\n<meta property=\"og:url\" content=\"https:\/\/www.anfitriaoprime.com.br\/blog\/aluguel-de-temporada-em-camacari\/\" \/>\n<meta property=\"og:site_name\" content=\"Blog Anfitri\u00e3o Prime: Ganhe dinheiro com aluguel de temporada.\" \/>\n<meta property=\"article:modified_time\" content=\"2022-03-17T19:54:59+00:00\" \/>\n<meta property=\"og:image\" content=\"https:\/\/www.anfitriaoprime.com.br\/blog\/wp-content\/uploads\/2022\/02\/Dimensoes-personalizadas-1920x550-px-16-1.jpeg\" \/>\n\t<meta property=\"og:image:width\" content=\"1920\" \/>\n\t<meta property=\"og:image:height\" content=\"550\" \/>\n\t<meta property=\"og:image:type\" content=\"image\/jpeg\" \/>\n<meta name=\"twitter:card\" content=\"summary_large_image\" \/>\n<meta name=\"twitter:label1\" content=\"Est. tempo de leitura\" \/>\n\t<meta name=\"twitter:data1\" content=\"7 minutos\" \/>\n<script type=\"application\/ld+json\" class=\"yoast-schema-graph\">{\"@context\":\"https:\/\/schema.org\",\"@graph\":[{\"@type\":\"WebPage\",\"@id\":\"https:\/\/www.anfitriaoprime.com.br\/blog\/aluguel-de-temporada-em-camacari\/\",\"url\":\"https:\/\/www.anfitriaoprime.com.br\/blog\/aluguel-de-temporada-em-camacari\/\",\"name\":\"Quer fazer aluguel de temporada em Cama\u00e7ari? N\u00f3s podemos te ajudar!\",\"isPartOf\":{\"@id\":\"https:\/\/www.anfitriaoprime.com.br\/blog\/#website\"},\"datePublished\":\"2022-02-23T21:58:51+00:00\",\"dateModified\":\"2022-03-17T19:54:59+00:00\",\"description\":\"Quer fazer aluguel de temporada em Cama\u00e7ari? N\u00f3s podemos te ajudar atrav\u00e9s de v\u00e1rios servi\u00e7os profissionais e personalizados. Saiba mais!\",\"breadcrumb\":{\"@id\":\"https:\/\/www.anfitriaoprime.com.br\/blog\/aluguel-de-temporada-em-camacari\/#breadcrumb\"},\"inLanguage\":\"pt-BR\",\"potentialAction\":[{\"@type\":\"ReadAction\",\"target\":[\"https:\/\/www.anfitriaoprime.com.br\/blog\/aluguel-de-temporada-em-camacari\/\"]}]},{\"@type\":\"BreadcrumbList\",\"@id\":\"https:\/\/www.anfitriaoprime.com.br\/blog\/aluguel-de-temporada-em-camacari\/#breadcrumb\",\"itemListElement\":[{\"@type\":\"ListItem\",\"position\":1,\"name\":\"In\u00edcio\",\"item\":\"https:\/\/www.anfitriaoprime.com.br\/blog\/\"},{\"@type\":\"ListItem\",\"position\":2,\"name\":\"Quer fazer aluguel de temporada em Cama\u00e7ari? N\u00f3s podemos te ajudar!\"}]},{\"@type\":\"WebSite\",\"@id\":\"https:\/\/www.anfitriaoprime.com.br\/blog\/#website\",\"url\":\"https:\/\/www.anfitriaoprime.com.br\/blog\/\",\"name\":\"Blog Anfitri\u00e3o Prime - Gest\u00e3o de propriedade para aluguel de temporada\",\"description\":\"No blog do Anfitri\u00e3o Prime voc\u00ea encontra dicas e informa\u00e7\u00f5es sobre o mercado de aluguel de temporada escrito por anfitri\u00f5es profissionais\",\"potentialAction\":[{\"@type\":\"SearchAction\",\"target\":{\"@type\":\"EntryPoint\",\"urlTemplate\":\"https:\/\/www.anfitriaoprime.com.br\/blog\/?s={search_term_string}\"},\"query-input\":\"required name=search_term_string\"}],\"inLanguage\":\"pt-BR\"}]}<\/script>\n<!-- \/ Yoast SEO plugin. -->","yoast_head_json":{"title":"Quer fazer aluguel de temporada em Cama\u00e7ari? N\u00f3s podemos te ajudar!","description":"Quer fazer aluguel de temporada em Cama\u00e7ari? N\u00f3s podemos te ajudar atrav\u00e9s de v\u00e1rios servi\u00e7os profissionais e personalizados. Saiba mais!","robots":{"index":"index","follow":"follow","max-snippet":"max-snippet:-1","max-image-preview":"max-image-preview:large","max-video-preview":"max-video-preview:-1"},"canonical":"https:\/\/www.anfitriaoprime.com.br\/blog\/aluguel-de-temporada-em-camacari\/","og_locale":"pt_BR","og_type":"article","og_title":"Quer fazer aluguel de temporada em Cama\u00e7ari? N\u00f3s podemos te ajudar!","og_description":"Quer fazer aluguel de temporada em Cama\u00e7ari? N\u00f3s podemos te ajudar atrav\u00e9s de v\u00e1rios servi\u00e7os profissionais e personalizados. Saiba mais!","og_url":"https:\/\/www.anfitriaoprime.com.br\/blog\/aluguel-de-temporada-em-camacari\/","og_site_name":"Blog Anfitri\u00e3o Prime: Ganhe dinheiro com aluguel de temporada.","article_modified_time":"2022-03-17T19:54:59+00:00","og_image":[{"width":1920,"height":550,"url":"https:\/\/www.anfitriaoprime.com.br\/blog\/wp-content\/uploads\/2022\/02\/Dimensoes-personalizadas-1920x550-px-16-1.jpeg","type":"image\/jpeg"}],"twitter_card":"summary_large_image","twitter_misc":{"Est. tempo de leitura":"7 minutos"},"schema":{"@context":"https:\/\/schema.org","@graph":[{"@type":"WebPage","@id":"https:\/\/www.anfitriaoprime.com.br\/blog\/aluguel-de-temporada-em-camacari\/","url":"https:\/\/www.anfitriaoprime.com.br\/blog\/aluguel-de-temporada-em-camacari\/","name":"Quer fazer aluguel de temporada em Cama\u00e7ari? N\u00f3s podemos te ajudar!","isPartOf":{"@id":"https:\/\/www.anfitriaoprime.com.br\/blog\/#website"},"datePublished":"2022-02-23T21:58:51+00:00","dateModified":"2022-03-17T19:54:59+00:00","description":"Quer fazer aluguel de temporada em Cama\u00e7ari? N\u00f3s podemos te ajudar atrav\u00e9s de v\u00e1rios servi\u00e7os profissionais e personalizados. Saiba mais!","breadcrumb":{"@id":"https:\/\/www.anfitriaoprime.com.br\/blog\/aluguel-de-temporada-em-camacari\/#breadcrumb"},"inLanguage":"pt-BR","potentialAction":[{"@type":"ReadAction","target":["https:\/\/www.anfitriaoprime.com.br\/blog\/aluguel-de-temporada-em-camacari\/"]}]},{"@type":"BreadcrumbList","@id":"https:\/\/www.anfitriaoprime.com.br\/blog\/aluguel-de-temporada-em-camacari\/#breadcrumb","itemListElement":[{"@type":"ListItem","position":1,"name":"In\u00edcio","item":"https:\/\/www.anfitriaoprime.com.br\/blog\/"},{"@type":"ListItem","position":2,"name":"Quer fazer aluguel de temporada em Cama\u00e7ari? N\u00f3s podemos te ajudar!"}]},{"@type":"WebSite","@id":"https:\/\/www.anfitriaoprime.com.br\/blog\/#website","url":"https:\/\/www.anfitriaoprime.com.br\/blog\/","name":"Blog Anfitri\u00e3o Prime - Gest\u00e3o de propriedade para aluguel de temporada","description":"No blog do Anfitri\u00e3o Prime voc\u00ea encontra dicas e informa\u00e7\u00f5es sobre o mercado de aluguel de temporada escrito por anfitri\u00f5es profissionais","potentialAction":[{"@type":"SearchAction","target":{"@type":"EntryPoint","urlTemplate":"https:\/\/www.anfitriaoprime.com.br\/blog\/?s={search_term_string}"},"query-input":"required name=search_term_string"}],"inLanguage":"pt-BR"}]}},"acf":{"imagem":{"ID":2217,"id":2217,"title":"Dimens\u00f5es personalizadas 1920x550 px (16)","filename":"Dimensoes-personalizadas-1920x550-px-16-1.jpeg","filesize":1168441,"url":"https:\/\/www.anfitriaoprime.com.br\/blog\/wp-content\/uploads\/2022\/02\/Dimensoes-personalizadas-1920x550-px-16-1.jpeg","link":"https:\/\/www.anfitriaoprime.com.br\/blog\/aluguel-de-temporada-em-camacari\/dimensoes-personalizadas-1920x550-px-16-3\/","alt":"temporada em Maresias","author":"1","description":"","caption":"Photo by Omer Dvori on Unsplash","name":"dimensoes-personalizadas-1920x550-px-16-3","status":"inherit","uploaded_to":2208,"date":"2022-02-23 21:31:38","modified":"2022-02-25 21:52:42","menu_order":0,"mime_type":"image\/jpeg","type":"image","subtype":"jpeg","icon":"https:\/\/www.anfitriaoprime.com.br\/blog\/wp-includes\/images\/media\/default.png","width":1920,"height":550,"sizes":{"thumbnail":"https:\/\/www.anfitriaoprime.com.br\/blog\/wp-content\/uploads\/2022\/02\/Dimensoes-personalizadas-1920x550-px-16-1-150x150.jpeg","thumbnail-width":150,"thumbnail-height":150,"medium":"https:\/\/www.anfitriaoprime.com.br\/blog\/wp-content\/uploads\/2022\/02\/Dimensoes-personalizadas-1920x550-px-16-1-300x86.jpeg","medium-width":300,"medium-height":86,"medium_large":"https:\/\/www.anfitriaoprime.com.br\/blog\/wp-content\/uploads\/2022\/02\/Dimensoes-personalizadas-1920x550-px-16-1-768x220.jpeg","medium_large-width":648,"medium_large-height":186,"large":"https:\/\/www.anfitriaoprime.com.br\/blog\/wp-content\/uploads\/2022\/02\/Dimensoes-personalizadas-1920x550-px-16-1-1024x293.jpeg","large-width":648,"large-height":185,"1536x1536":"https:\/\/www.anfitriaoprime.com.br\/blog\/wp-content\/uploads\/2022\/02\/Dimensoes-personalizadas-1920x550-px-16-1-1536x440.jpeg","1536x1536-width":1536,"1536x1536-height":440,"2048x2048":"https:\/\/www.anfitriaoprime.com.br\/blog\/wp-content\/uploads\/2022\/02\/Dimensoes-personalizadas-1920x550-px-16-1.jpeg","2048x2048-width":1920,"2048x2048-height":550,"sparkling-featured":"https:\/\/www.anfitriaoprime.com.br\/blog\/wp-content\/uploads\/2022\/02\/Dimensoes-personalizadas-1920x550-px-16-1-750x410.jpeg","sparkling-featured-width":750,"sparkling-featured-height":410,"sparkling-featured-fullwidth":"https:\/\/www.anfitriaoprime.com.br\/blog\/wp-content\/uploads\/2022\/02\/Dimensoes-personalizadas-1920x550-px-16-1-1140x550.jpeg","sparkling-featured-fullwidth-width":1140,"sparkling-featured-fullwidth-height":550,"tab-small":"https:\/\/www.anfitriaoprime.com.br\/blog\/wp-content\/uploads\/2022\/02\/Dimensoes-personalizadas-1920x550-px-16-1-60x60.jpeg","tab-small-width":60,"tab-small-height":60,"crp_thumbnail":"https:\/\/www.anfitriaoprime.com.br\/blog\/wp-content\/uploads\/2022\/02\/Dimensoes-personalizadas-1920x550-px-16-1-150x150.jpeg","crp_thumbnail-width":150,"crp_thumbnail-height":150}},"titulo":"Quer fazer aluguel de temporada em Cama\u00e7ari? N\u00f3s podemos te ajudar! ","subtitulo":"<p><span style=\"font-weight: 400;\">O Anfitri\u00e3o Prime \u00e9 muito mais que uma imobili\u00e1ria digital ou um site de reservas tradicional. N\u00f3s somos um gestor de im\u00f3veis que oferece servi\u00e7os personalizados para propriet\u00e1rios que querem fazer aluguel de temporada em Cama\u00e7ari sem nenhuma preocupa\u00e7\u00e3o. Atuamos desde a cria\u00e7\u00e3o do an\u00fancio at\u00e9 na manuten\u00e7\u00e3o do im\u00f3vel.<\/span><\/p>\n<p><span style=\"font-weight: 400;\"> <a href=\"https:\/\/reservas.anfitriaoprime.com.br\/\">Clique aqui e conhe\u00e7a o nosso portf\u00f3lio com mais de 1.000 im\u00f3veis distribu\u00eddos em todo o Brasil. <\/a><\/span><\/p>\n","titulo_secao_1":"O que \u00e9 o Anfitri\u00e3o Prime?","conteudo_secao_1":"<p>O Anfitri\u00e3o Prime \u00e9 um gestor profissional de im\u00f3veis de temporada, que atua em todas as etapas da loca\u00e7\u00e3o para que os propriet\u00e1rios n\u00e3o precisem se preocupar com nada. Com sede em S\u00e3o Paulo, n\u00f3s trabalhamos de forma online, com servi\u00e7os personalizados e humanizados feitos por uma equipe de especialista que somam mais de 30 anos de experi\u00eancia no ramo do turismo.<\/p>\n<p>Com o Anfitri\u00e3o Prime o seu im\u00f3vel ser\u00e1 divulgado simultaneamente em mais de 30 sites de reservas (incluindo os principais: Airnb, Vrbo, Booking.com e TripAdvisor) e n\u00f3s seremos os respons\u00e1veis por gerenciar o calend\u00e1rio de reservas para evitar overbooking, fazer a precifica\u00e7\u00e3o da di\u00e1ria e muito mais. E para se cadastrar, voc\u00ea s\u00f3 precisa preencher o formul\u00e1rio ao lado e seguir os pr\u00f3ximos passos. \u00c9 r\u00e1pido e f\u00e1cil!<\/p>\n","titulo_secao_2":"Saiba mais sobre os nossos servi\u00e7os de aluguel de temporada em Cama\u00e7ari\u00a0","imagem_secao_2":false,"conteudo_secao_2":"<figure id=\"attachment_2220\" class=\"thumbnail wp-caption alignleft\" style=\"width: 760px\"><img decoding=\"async\" loading=\"lazy\" class=\"wp-image-2220 size-full\" src=\"https:\/\/www.anfitriaoprime.com.br\/blog\/wp-content\/uploads\/2022\/02\/Dimensoes-personalizadas-750x410-px-7-2.jpeg\" alt=\"Cama\u00e7ari\" width=\"750\" height=\"410\" srcset=\"https:\/\/www.anfitriaoprime.com.br\/blog\/wp-content\/uploads\/2022\/02\/Dimensoes-personalizadas-750x410-px-7-2.jpeg 750w, https:\/\/www.anfitriaoprime.com.br\/blog\/wp-content\/uploads\/2022\/02\/Dimensoes-personalizadas-750x410-px-7-2-300x164.jpeg 300w\" sizes=\"(max-width: 750px) 100vw, 750px\" \/><figcaption class=\"caption wp-caption-text\">Photo by William Freitas on Unsplash<\/figcaption><\/figure>\n<p>Com o Anfitri\u00e3o Prime voc\u00ea pode ser um excelente <b>Anfitri\u00e3o de Airbnb<\/b>. Primeiramente, por que n\u00f3s aliamos a experi\u00eancia de mais de 30 anos com turismo dos nossos profissionais \u00e0 tecnologia de ponta, garantindo assim maiores ganhos com o aluguel de temporada para propriet\u00e1rios e a melhor experi\u00eancia para os h\u00f3spedes. A seguir, listamos alguns dos nossos principais servi\u00e7os:<\/p>\n<h3><b><img decoding=\"async\" class=\"emoji\" role=\"img\" draggable=\"false\" src=\"https:\/\/s.w.org\/images\/core\/emoji\/13.1.0\/svg\/1f4bb.svg\" alt=\"\ud83d\udcbb\" \/>\u00a0Anunciamos sua propriedade<\/b><\/h3>\n<p>Antes de tudo, n\u00f3s criamos o an\u00fancio da sua propriedade e o publicamos em mais de 30 sites de reservas, como Airbnb, Booking, VRBO (Alugue Temporada) e Tripadvisor.\u00a0 Em seguida, j\u00e1 ficamos respons\u00e1veis pela gest\u00e3o dele em cada uma das plataformas.<\/p>\n<h3><a href=\"https:\/\/www.anfitriaoprime.com.br\/blog\/foto-a-importancia-no-aluguel-de-temporada\/\"><b><img decoding=\"async\" class=\"emoji\" role=\"img\" draggable=\"false\" src=\"https:\/\/s.w.org\/images\/core\/emoji\/13.1.0\/svg\/1f4f7.svg\" alt=\"\ud83d\udcf7\" \/>\u00a0Fotos profissionais<\/b><\/a><\/h3>\n<p>As fotos profissionais do seu im\u00f3vel garantem uma melhor primeira impress\u00e3o aos h\u00f3spedes, o que aumenta as possibilidades de reservas.<\/p>\n<h3><b><img decoding=\"async\" class=\"emoji\" role=\"img\" draggable=\"false\" src=\"https:\/\/s.w.org\/images\/core\/emoji\/13.1.0\/svg\/1f4ac.svg\" alt=\"\ud83d\udcac\" \/>\u00a0Comunica\u00e7\u00e3o com os h\u00f3spedes<\/b><\/h3>\n<p>Um dos grandes problemas ao gerenciar um im\u00f3vel de temporada \u00e9 estar dispon\u00edvel para responder os h\u00f3spedes nas plataformas de reservas. Mas, com o Anfitri\u00e3o Prime voc\u00ea n\u00e3o ter\u00e1 que se preocupar com isso, pois n\u00f3s temos uma equipe que est\u00e1 sempre dispon\u00edvel para atend\u00ea-los.<\/p>\n<h3><b><img decoding=\"async\" class=\"emoji\" role=\"img\" draggable=\"false\" src=\"https:\/\/s.w.org\/images\/core\/emoji\/13.1.0\/svg\/1f4c8.svg\" alt=\"\ud83d\udcc8\" \/>\u00a0<a href=\"https:\/\/www.anfitriaoprime.com.br\/blog\/valor-da-diaria-no-aluguel-de-temporada\/\">Defini\u00e7\u00e3o dos melhores pre\u00e7os de di\u00e1rias<\/a><\/b><\/h3>\n<p>Contamos com uma tecnologia de ponta que faz a precifica\u00e7\u00e3o inteligente do seu im\u00f3vel, pensando a longo prazo. Ela leva em conta as varia\u00e7\u00f5es de pre\u00e7o que ocorrem durante o ano, como feriados, alta e baixa temporada. Al\u00e9m de outras situa\u00e7\u00f5es que podem fazer com que o valor da di\u00e1ria do seu im\u00f3vel varie.<\/p>\n<h3><b><img decoding=\"async\" class=\"emoji\" role=\"img\" draggable=\"false\" src=\"https:\/\/s.w.org\/images\/core\/emoji\/13.1.0\/svg\/2714.svg\" alt=\"\u2714\" \/>\u00a0Concierge, Limpeza e Manuten\u00e7\u00e3o\u00a0<\/b><\/h3>\n<p>Finalmente, para que voc\u00ea possa ser um Anfitri\u00e3o de Airbnb em Cama\u00e7ari completo, oferecemos servi\u00e7os complementares. Atualmente, contamos com especialista para serem <b>concierge<\/b>\u00a0do seu im\u00f3vel e serem respons\u00e1veis do check-in e check-out dos h\u00f3spedes. Al\u00e9m de outros profissionais para\u00a0<strong>limpeza, manuten\u00e7\u00e3o<\/strong> e outros servi\u00e7os necess\u00e1rios para garantir uma experi\u00eancia perfeita aos h\u00f3spedes.<\/p>\n","titulo_secao_3":"Por que anunciar por temporada com a gente?","conteudo_secao_3":"<p>Como mencionado anteriormente, o Anfitri\u00e3o Prime oferece um servi\u00e7o superior para propriet\u00e1rios que querem se tornar um Anfitri\u00e3o de Airbnb em Cama\u00e7ari ideal para h\u00f3spedes que buscam uma experi\u00eancia acolhedora e completa com o aluguel de temporada.<\/p>\n<p>Se comparamos os servi\u00e7os do Anfitri\u00e3o Prime com os servi\u00e7os oferecidos por outros sites de reservas, voc\u00ea tem as seguintes vantagens:<\/p>\n","titulo_secao_6":"Mais sobre Cama\u00e7ari\u00a0","conteudo_secao_6":"<p><span style=\"font-weight: 400;\">Apesar de n\u00e3o ser um destino muito conhecido por turistas, a demanda por i<\/span>m\u00f3veis de temporada em Cama\u00e7ari<span style=\"font-weight: 400;\"> \u00e9 bem alta. Isso porque ela fica apenas a 47 km da capital do Estado, Salvador. O mun\u00edcio \u00e9 conhecido como &#8220;Cidade Industrial&#8221;, por abrigar o Polo Industrial de Cama\u00e7ari, mas as praias s\u00e3o maravilhosas.\u00a0<\/span><\/p>\n<p>&nbsp;<\/p>\n<h3><strong>Dicas de roteiro em Cama\u00e7ari\u00a0<\/strong><\/h3>\n<p><span style=\"font-weight: 400;\">Como mencionamos anteriormente, a <\/span><span style=\"font-weight: 400;\">cidade<\/span><span style=\"font-weight: 400;\"> tem como foco a atividade industrial. Contudo, \u00e9 poss\u00edvel encontrar atra\u00e7\u00f5es bem interessantes, tais como:\u00a0<\/span><\/p>\n<h3><\/h3>\n<h4><strong>Aldeia Hippie<\/strong><\/h4>\n<p><span style=\"font-weight: 400;\">Seus h\u00f3spedes ir\u00e3o adorar visitar a <em>Aldeia Hippie.<\/em> Esse \u00e9 um dos pontos tur\u00edsticos mais visitados da regi\u00e3o, pois oferece um ambiente totalmente tranquilo e diferente.\u00a0<\/span><span style=\"font-weight: 400;\">A entrada \u00e9 gratuita, mas os visitantes podem contribuir com pequenas quantias para ajudar na manuten\u00e7\u00e3o do local. Esse \u00e9 o lugar perfeito para os h\u00f3spedes que desejam comprar lembrancinhas da viagem.\u00a0<\/span><\/p>\n<h3><\/h3>\n<h4><strong>Fazenda Boaventura<\/strong><\/h4>\n<p><span style=\"font-weight: 400;\">Para os visitantes que est\u00e3o em busca de passeios para toda a fam\u00edlia, vale a pena indicar a um passeio pela <em>Fazenda Boaventura<\/em>. O local conta com quadra de esportes, piscina, \u00e1rea de lazer e restaurante e uma natureza exuberante.\u00a0<\/span><\/p>\n<p><span style=\"font-weight: 400;\">Al\u00e9m disso, \u00e9 poss\u00edvel conhecer os animais que vivem no local, ordenhar vacas e at\u00e9 mesmo fazer um passeio pelo \u201c<em>Parque dos Dinossauros<\/em>\u201d. Os h\u00f3spedes com crian\u00e7as ir\u00e3o adorar!\u00a0<\/span><\/p>\n<h3><\/h3>\n<h4><strong>Clube Candeias<\/strong><\/h4>\n<p><span style=\"font-weight: 400;\">Os seus h\u00f3spedes querem se refrescar mas sem necessariamente ir \u00e0 praia? Ent\u00e3o, a nossa recomenda\u00e7\u00e3o \u00e9 o Clube Candeias.\u00a0<\/span><span style=\"font-weight: 400;\">O local oferece piscinas para crian\u00e7as e adultos, e conta com uma boa infraestrutura para receber toda a fam\u00edlia.\u00a0<\/span><\/p>\n<p>&nbsp;<\/p>\n<h4><strong>Praia de Barra do Jacu\u00edpe<\/strong><\/h4>\n<p><span style=\"font-weight: 400;\">A <em>Praia de Barra do Jacu\u00edpe<\/em> fica a 38 km do centro da cidade e se destaca por ter \u00e1guas bem tranquilas para o banho. Ela tamb\u00e9m \u00e9 a mais badalada da regi\u00e3o, principalmente na alta temporada.\u00a0<\/span><span style=\"font-weight: 400;\">O bacana dessa praia \u00e9 que ela tamb\u00e9m oferece uma ampla infraestrutura de restaurantes, barzinhos e quiosques para os turistas que querem relaxar, mas sem abrir m\u00e3o do conforto.<\/span><\/p>\n<p>&nbsp;<\/p>\n<h2><strong>Onde comer em Cama\u00e7ari\u00a0<\/strong><\/h2>\n<p><span style=\"font-weight: 400;\">A Bahia como um todo tem uma culin\u00e1ria impressionante. Logo, em Cama\u00e7ari n\u00e3o seria diferente. A cidade possui alguns restaurantes bem bacanas para quem deseja conhecer mais sobre a gastronomia baiana.\u00a0<\/span><\/p>\n<p><span style=\"font-weight: 400;\">Come\u00e7ando pelo <em>Restaurante Santa Clara<\/em>. Uma das coisas mais atrativas desse lugar \u00e9 que ele muda de card\u00e1pio todos os dias.\u00a0<\/span><span style=\"font-weight: 400;\">Al\u00e9m disso, vale destacar aqui um dos carros chefes do restaurante que s\u00e3o as moquecas de polvo.\u00a0<\/span><\/p>\n<p><span style=\"font-weight: 400;\">Mais uma dica para os seus h\u00f3spedes \u00e9 o <em>Varanda Cantina Restaurante<\/em>. O local \u00e9 especializado em cozinha italiana e, por isso, tem uma grande variedade de massas. Nesse sentido, o destaque vai para o fil\u00e9 com nhoque.\u00a0<\/span><\/p>\n<p><span style=\"font-weight: 400;\">Viu como Cama\u00e7ari \u00e9 um lugar super atrativo? N\u00e3o perca essa oportunidade e fa\u00e7a j\u00e1 o seu cadastro conosco e aproveite todos os recursos e ferramentas que temos a te oferecer.\u00a0\u00a0<\/span><\/p>\n<p><span style=\"font-weight: 400;\"><a href=\"https:\/\/reservas.anfitriaoprime.com.br\/\">Clique aqui e conhe\u00e7a o nosso portf\u00f3lio com mais de 1.000 im\u00f3veis distribu\u00eddos em todo o Brasil.<\/a><\/span><\/p>\n"},"_links":{"self":[{"href":"https:\/\/www.anfitriaoprime.com.br\/blog\/wp-json\/wp\/v2\/pages\/2208"}],"collection":[{"href":"https:\/\/www.anfitriaoprime.com.br\/blog\/wp-json\/wp\/v2\/pages"}],"about":[{"href":"https:\/\/www.anfitriaoprime.com.br\/blog\/wp-json\/wp\/v2\/types\/page"}],"author":[{"embeddable":true,"href":"https:\/\/www.anfitriaoprime.com.br\/blog\/wp-json\/wp\/v2\/users\/1"}],"replies":[{"embeddable":true,"href":"https:\/\/www.anfitriaoprime.com.br\/blog\/wp-json\/wp\/v2\/comments?post=2208"}],"version-history":[{"count":12,"href":"https:\/\/www.anfitriaoprime.com.br\/blog\/wp-json\/wp\/v2\/pages\/2208\/revisions"}],"predecessor-version":[{"id":2949,"href":"https:\/\/www.anfitriaoprime.com.br\/blog\/wp-json\/wp\/v2\/pages\/2208\/revisions\/2949"}],"wp:featuredmedia":[{"embeddable":true,"href":"https:\/\/www.anfitriaoprime.com.br\/blog\/wp-json\/wp\/v2\/media\/2217"}],"wp:attachment":[{"href":"https:\/\/www.anfitriaoprime.com.br\/blog\/wp-json\/wp\/v2\/media?parent=2208"}],"curies":[{"name":"wp","href":"https:\/\/api.w.org\/{rel}","templated":true}]}}