{"id":2243,"date":"2022-02-24T11:19:40","date_gmt":"2022-02-24T14:19:40","guid":{"rendered":"https:\/\/www.anfitriaoprime.com.br\/blog\/?page_id=2243"},"modified":"2024-06-05T12:11:47","modified_gmt":"2024-06-05T15:11:47","slug":"aluguel-de-temporada-em-caraiva","status":"publish","type":"page","link":"https:\/\/www.anfitriaoprime.com.br\/blog\/aluguel-de-temporada-em-caraiva\/","title":{"rendered":"Divulgue o seu im\u00f3vel de temporada em Cara\u00edva\/BA com o Anfitri\u00e3o Prime"},"content":{"rendered":"<p><span style=\"font-weight: 400;\">Quer fazer aluguel de temporada em <\/span><b>Cara\u00edva <\/b>e n\u00e3o sabe como<span style=\"font-weight: 400;\">? Ent\u00e3o, conte com os servi\u00e7os do Anfitri\u00e3o Prime! Somos um gestor profissional de im\u00f3veis de temporada que oferece servi\u00e7os personalizados aos propriet\u00e1rios n\u00e3o querem se preocupar com nada durante todo o processo de loca\u00e7\u00e3o!\u00a0<\/span><\/p>\n<p><span style=\"font-weight: 400;\">Quer ver os im\u00f3veis que temos em nosso portf\u00f3lio? <a href=\"https:\/\/reservas.anfitriaoprime.com.br\/\">Acesse o nosso site de reservas e confira!<\/a><\/span><\/p>\n<h2><strong>O que oferecemos para voc\u00ea que quer trabalhar com aluguel de temporada em Cara\u00edva?\u00a0<\/strong><\/h2>\n<p><span style=\"font-weight: 400;\">Primeiramente, \u00e9 bom que voc\u00ea saiba que o Anfitri\u00e3o Prime oferece uma ampla gama de servi\u00e7os profissionais para que voc\u00ea possa entrar no ramo de aluguel de temporada, tais como:\u00a0<\/span><\/p>\n<ul>\n<li style=\"font-weight: 400;\" aria-level=\"1\"><span style=\"font-weight: 400;\">Gest\u00e3o dos an\u00fancios de casas em mais de 30 sites de reservas, incluindo Airbnb, Vrbo, Booking.com e TripAdvisor;<\/span><\/li>\n<li style=\"font-weight: 400;\" aria-level=\"1\"><span style=\"font-weight: 400;\">Fotos profissionais dos im\u00f3veis;<\/span><\/li>\n<li style=\"font-weight: 400;\" aria-level=\"1\"><span style=\"font-weight: 400;\">Atendimento 24 horas para propriet\u00e1rios e h\u00f3spedes.\u00a0<\/span><\/li>\n<\/ul>\n<p><span style=\"font-weight: 400;\">Em outras palavras: nunca foi t\u00e3o f\u00e1cil anunciar em <\/span><b>Cara\u00edva\/BA<\/b><span style=\"font-weight: 400;\">. Com o Anfitri\u00e3o Prime voc\u00ea conta com os servi\u00e7os que uma imobili\u00e1ria digital em Cara\u00edva oferece, juntamente com todo o suporte necess\u00e1rio de uma equipe especializada na loca\u00e7\u00e3o de temporada. Assim, voc\u00ea n\u00e3o precisa se preocupar com nada durante todo o processo de loca\u00e7\u00e3o.<\/span><\/p>\n<h2>O que fazemos por voc\u00ea que tem im\u00f3veis em Cara\u00edva\/BA?<\/h2>\n<p>Antes de mais nada, \u00e9 bom que voc\u00ea saiba que com os servi\u00e7os oferecidos pelo Anfitri\u00e3o Prime, \u00e9 poss\u00edvel ser um <b>Anfitri\u00e3o de Airbnb\u00a0<\/b>de excel\u00eancia. Aliamos a experi\u00eancia de mais de 30 anos com turismo dos nossos profissionais \u00e0 tecnologia de ponta, garantindo maiores ganhos com o aluguel de temporada para que tem im\u00f3veis em Cara\u00edva, e a melhor experi\u00eancia para os h\u00f3spedes. Confira alguns dos nossos servi\u00e7os:<\/p>\n<h3><b><img decoding=\"async\" class=\"emoji\" role=\"img\" draggable=\"false\" src=\"https:\/\/s.w.org\/images\/core\/emoji\/13.1.0\/svg\/1f4bb.svg\" alt=\"\ud83d\udcbb\" \/>\u00a0Anunciamos sua propriedade<\/b><\/h3>\n<p>Primeiramente, n\u00f3s criamos o an\u00fancio da sua propriedade e o publicamos em mais de 30 sites de reservas, como Airbnb, Booking, Vrbo (Alugue Temporada) e TripAdvisor.\u00a0 Em seguida, j\u00e1 ficamos respons\u00e1veis pela gest\u00e3o dele em cada uma das plataformas.<\/p>\n<h3><a href=\"https:\/\/www.anfitriaoprime.com.br\/blog\/foto-a-importancia-no-aluguel-de-temporada\/\"><b><img decoding=\"async\" class=\"emoji\" role=\"img\" draggable=\"false\" src=\"https:\/\/s.w.org\/images\/core\/emoji\/13.1.0\/svg\/1f4f7.svg\" alt=\"\ud83d\udcf7\" \/>\u00a0Fotos profissionais<\/b><\/a><\/h3>\n<p>As fotos profissionais do seu im\u00f3vel garantem uma melhor primeira impress\u00e3o aos h\u00f3spedes, o que aumenta as possibilidades de reservas.<\/p>\n<h3><b><img decoding=\"async\" class=\"emoji\" role=\"img\" draggable=\"false\" src=\"https:\/\/s.w.org\/images\/core\/emoji\/13.1.0\/svg\/1f4ac.svg\" alt=\"\ud83d\udcac\" \/>\u00a0Comunica\u00e7\u00e3o com os h\u00f3spedes<\/b><\/h3>\n<p>Um dos grandes problemas ao gerenciar um im\u00f3vel de temporada \u00e9 estar dispon\u00edvel para responder os h\u00f3spedes nas plataformas de reservas. Contudo, com o Anfitri\u00e3o Prime voc\u00ea n\u00e3o ter\u00e1 que se preocupar com isso, pois n\u00f3s temos uma equipe que est\u00e1 24\/7 dispon\u00edvel para atend\u00ea-los.<\/p>\n<h3><b><img decoding=\"async\" class=\"emoji\" role=\"img\" draggable=\"false\" src=\"https:\/\/s.w.org\/images\/core\/emoji\/13.1.0\/svg\/1f4c8.svg\" alt=\"\ud83d\udcc8\" \/>\u00a0<a href=\"https:\/\/www.anfitriaoprime.com.br\/blog\/valor-da-diaria-no-aluguel-de-temporada\/\">Defini\u00e7\u00e3o dos melhores pre\u00e7os de di\u00e1rias<\/a><\/b><\/h3>\n<p>Contamos com uma tecnologia de ponta que faz a precifica\u00e7\u00e3o inteligente do seu im\u00f3vel, pensando a longo prazo. Em outras palavras, ela leva em conta as varia\u00e7\u00f5es de pre\u00e7o que ocorrem durante o ano, como feriados, alta e baixa temporada. Al\u00e9m de outras situa\u00e7\u00f5es que podem fazer com que o valor da di\u00e1ria do seu im\u00f3vel varie.<\/p>\n<h3><b><img decoding=\"async\" class=\"emoji\" role=\"img\" draggable=\"false\" src=\"https:\/\/s.w.org\/images\/core\/emoji\/13.1.0\/svg\/2714.svg\" alt=\"\u2714\" \/>\u00a0Concierge, Limpeza e Manuten\u00e7\u00e3o\u00a0<\/b><\/h3>\n<p>Finalmente, para que voc\u00ea possa ser um Anfitri\u00e3o de Airbnb em Cara\u00edva completo, oferecemos servi\u00e7os adicionais. Atualmente, contamos com especialistas para serem <b>concierge<\/b>\u00a0do seu im\u00f3vel e serem respons\u00e1veis do check-in e check-out dos h\u00f3spedes. Al\u00e9m de outros profissionais para\u00a0<strong>limpeza, manuten\u00e7\u00e3o<\/strong>\u00a0e outros servi\u00e7os necess\u00e1rios para garantir uma experi\u00eancia perfeita aos h\u00f3spedes.<\/p>\n<h2>Por que anunciar por temporada com a gente?<\/h2>\n<p>Como falamos anteriormente, o Anfitri\u00e3o Prime oferece um servi\u00e7o superior para propriet\u00e1rios que querem se tornar um Anfitri\u00e3o de Airbnb em Cara\u00edva ideal para h\u00f3spedes que buscam uma experi\u00eancia acolhedora e completa com o aluguel de temporada. Ent\u00e3o, se comparamos os servi\u00e7os do Anfitri\u00e3o Prime com os servi\u00e7os oferecidos por outros sites de reservas, voc\u00ea ter\u00e1 as seguintes vantagens:<\/p>\n<figure id=\"attachment_2249\" class=\"thumbnail wp-caption alignnone\" style=\"width: 310px\"><img decoding=\"async\" loading=\"lazy\" class=\"size-medium wp-image-2249\" src=\"https:\/\/www.anfitriaoprime.com.br\/blog\/wp-content\/uploads\/2022\/02\/Dimensoes-personalizadas-750x410-px-9-2-300x164.jpeg\" alt=\"Cara\u00edva\" width=\"300\" height=\"164\" srcset=\"https:\/\/www.anfitriaoprime.com.br\/blog\/wp-content\/uploads\/2022\/02\/Dimensoes-personalizadas-750x410-px-9-2-300x164.jpeg 300w, https:\/\/www.anfitriaoprime.com.br\/blog\/wp-content\/uploads\/2022\/02\/Dimensoes-personalizadas-750x410-px-9-2.jpeg 750w\" sizes=\"(max-width: 300px) 100vw, 300px\" \/><figcaption class=\"caption wp-caption-text\">Praia de Ponta Do Corumbau a 10km de Cara\u00edva &#8211; Foto de buenasdicas no Pixabay<\/figcaption><\/figure>\n<h2>Saiba mais sobre Cara\u00edva<\/h2>\n<div class=\"wDYxhc\" lang=\"pt-BR\" data-md=\"50\" data-hveid=\"CBEQAA\" data-ved=\"2ahUKEwiG27qdvpj2AhWlDrkGHSufDE8QkCl6BAgREAA\">\n<div class=\"PZPZlf hb8SAc\" data-attrid=\"description\" data-hveid=\"CBEQAQ\" data-ved=\"2ahUKEwiG27qdvpj2AhWlDrkGHSufDE8QziAoAHoECBEQAQ\">\n<div>\n<div class=\"kno-rdesc\">Cara\u00edva \u00e9 uma comunidade litor\u00e2nea e ribeirinha situada em Porto Seguro, na costa do descobrimento, no extremo sul do estado da Bahia, Nordeste do Brasil. A vila \u00e9 uma sensa\u00e7\u00e3o entre os turistas e quem aluga por temporada na regi\u00e3o disp\u00f5e de grandes chances de ter um calend\u00e1rio de reservas sempre ocupado, principalmente na alta temporada. O local \u00e9 simples, por\u00e9m \u00e9 justamente essa simplicidade que chama a aten\u00e7\u00e3o dos turistas.<\/div>\n<\/div>\n<\/div>\n<\/div>\n<p><span style=\"font-weight: 400;\">Apesar da simplicidade, Cara\u00edva oferece v\u00e1rias atividades bem interessantes para os visitantes, dentre elas est\u00e3o:\u00a0<\/span><\/p>\n<p>&nbsp;<\/p>\n<h4><strong>Praia da Barra<\/strong><\/h4>\n<p><span style=\"font-weight: 400;\">Primeiramente, sugerimos a <em>Praia da Barra<\/em>, que \u00e9 considerada uma das melhores do Brasil. Pois nela os h\u00f3spedes poder\u00e3o curtir muito sol e tamb\u00e9m o encontro entre o mar e o Rio Cara\u00edva. <\/span><span style=\"font-weight: 400;\">Inclusive, os visitantes podem encontrar servi\u00e7os de aluguel de cadeiras e guarda-s\u00f3is no local.\u00a0<\/span><\/p>\n<p>&nbsp;<\/p>\n<h4><strong>Lagoa do Satu<\/strong><\/h4>\n<p><span style=\"font-weight: 400;\">Em seguida, recomendamos uma visita a <em>Lagoa do Satu<\/em>, que\u00a0\u00e9 uma grande piscina natural.\u00a0 Ela \u00e9 formada por \u00e1gua doce do rio e tem \u00e1guas cristalinas perfeitas para um banho.\u00a0<\/span><span style=\"font-weight: 400;\">Al\u00e9m disso, o visual desse ponto tur\u00edstico por si s\u00f3 j\u00e1 \u00e9 de tirar o f\u00f4lego.\u00a0<\/span><\/p>\n<p>&nbsp;<\/p>\n<h4><strong>Praia do Espelho e a Praia dos Amores<\/strong><\/h4>\n<p><span style=\"font-weight: 400;\">N\u00f3s tamb\u00e9m sugerimos que no seu roteiro estejam as praias do Espelho e dos Amores, pois elas ficam bem pertinho de Cara\u00edva e oferecem paisagens incr\u00edveis. Podemos citar as piscinas naturais, bem como as fal\u00e9sias de tirar o f\u00f4lego do local. <\/span><span style=\"font-weight: 400;\">Outra coisa bem interessante sobre essas praias \u00e9 que elas s\u00e3o interligadas por uma faixa de areia que s\u00f3 aparece quando a mar\u00e9 est\u00e1 baixa.\u00a0<\/span><\/p>\n<h3><\/h3>\n<h4><strong>Passeio de lancha\u00a0<\/strong><\/h4>\n<p><span style=\"font-weight: 400;\">Nesse mesmo sentido de oferecer atra\u00e7\u00f5es especiais aos seus h\u00f3spedes, voc\u00ea tamb\u00e9m pode sugerir que eles fa\u00e7am um bom passeio de lancha para conhecer os corais e at\u00e9 mesmo dar um mergulho. \u00c9 poss\u00edvel encontrar v\u00e1rias ag\u00eancias que oferecem o passeio com pre\u00e7os a partir de R$ 200,00 por pessoa. <\/span><span style=\"font-weight: 400;\">O tempo de trajeto vai depender muito do percurso escolhido, em contra partida \u00e9, sem sombra de d\u00favidas, uma \u00f3tima escolha para visitantes.\u00a0<\/span><\/p>\n<p>&nbsp;<\/p>\n<h2><strong>Onde comer em Cara\u00edva\u00a0<\/strong><\/h2>\n<p><span style=\"font-weight: 400;\">Juntamente com as sugest\u00f5es de passeios, voc\u00ea pode indicar aos seus h\u00f3spedes algumas <\/span><span style=\"font-weight: 400;\">op\u00e7\u00f5es gastron\u00f4micas<\/span><span style=\"font-weight: 400;\"> para todos os gostos e bolsos. E aqui n\u00f3s trouxemos algumas dicas para voc\u00ea tomar nota!\u00a0<\/span><\/p>\n<p><span style=\"font-weight: 400;\">Primeiramente, para quem deseja um lugar com comida boa e acess\u00edvel para almo\u00e7ar, a dica \u00e9 o<strong><em> Boteco do Par\u00e1<\/em><\/strong>. O local oferece mesas \u00e0 beira-rio e um card\u00e1pio bem amplo que inclui pratos como: moquecas, bob\u00f3 de camar\u00e3o, arroz de polvo e muito mais.\u00a0<\/span><\/p>\n<p><span style=\"font-weight: 400;\">Bem pertinho desse restaurante tamb\u00e9m fica o <strong><em>Patioba<\/em><\/strong>. Ele abre tanto para o almo\u00e7o como para o jantar e tamb\u00e9m oferece pratos interessantes com peixes. Destaque para o vermelho assado inteiro na brasa e que \u00e9 servido na folha de patioba, uma palmeira local.\u00a0<\/span><\/p>\n<p><span style=\"font-weight: 400;\">Com toda a certeza h\u00e1 muitas atra\u00e7\u00f5es e passeios para quem deseja alugar por temporada um im\u00f3vel <\/span>em<b> Cara\u00edva<\/b><span style=\"font-weight: 400;\">. Aproveite para se cadastrar e entre para o mercado de aluguel de temporada.\u00a0<\/span><\/p>\n","protected":false},"excerpt":{"rendered":"<p>Quer fazer aluguel de temporada em Cara\u00edva e n\u00e3o sabe como? Ent\u00e3o, conte com os servi\u00e7os do Anfitri\u00e3o Prime! Somos um gestor profissional de im\u00f3veis de temporada que oferece servi\u00e7os personalizados aos propriet\u00e1rios n\u00e3o querem se preocupar com nada durante todo o processo de loca\u00e7\u00e3o!\u00a0 Quer ver os im\u00f3veis que temos em nosso portf\u00f3lio? Acesse [&hellip;]<\/p>\n","protected":false},"author":1,"featured_media":2244,"parent":0,"menu_order":0,"comment_status":"open","ping_status":"closed","template":"","meta":[],"yoast_head":"<!-- This site is optimized with the Yoast SEO plugin v21.1 - https:\/\/yoast.com\/wordpress\/plugins\/seo\/ -->\n<title>Divulgue o seu aluguel de temporada em Cara\u00edva com o Anfitri\u00e3o Prime<\/title>\n<meta name=\"description\" content=\"Divulgue o seu aluguel de temporada em Cara\u00edva com o Anfitri\u00e3o Prime e conte com servi\u00e7os que ir\u00e3o te ajudar em todo o processo de loca\u00e7\u00e3o.\" \/>\n<meta name=\"robots\" content=\"index, follow, max-snippet:-1, max-image-preview:large, max-video-preview:-1\" \/>\n<link rel=\"canonical\" href=\"https:\/\/www.anfitriaoprime.com.br\/blog\/aluguel-de-temporada-em-caraiva\/\" \/>\n<meta property=\"og:locale\" content=\"pt_BR\" \/>\n<meta property=\"og:type\" content=\"article\" \/>\n<meta property=\"og:title\" content=\"Divulgue o seu aluguel de temporada em Cara\u00edva com o Anfitri\u00e3o Prime\" \/>\n<meta property=\"og:description\" content=\"Divulgue o seu aluguel de temporada em Cara\u00edva com o Anfitri\u00e3o Prime e conte com servi\u00e7os que ir\u00e3o te ajudar em todo o processo de loca\u00e7\u00e3o.\" \/>\n<meta property=\"og:url\" content=\"https:\/\/www.anfitriaoprime.com.br\/blog\/aluguel-de-temporada-em-caraiva\/\" \/>\n<meta property=\"og:site_name\" content=\"Blog Anfitri\u00e3o Prime: Ganhe dinheiro com aluguel de temporada.\" \/>\n<meta property=\"article:modified_time\" content=\"2024-06-05T15:11:47+00:00\" \/>\n<meta property=\"og:image\" content=\"https:\/\/www.anfitriaoprime.com.br\/blog\/wp-content\/uploads\/2022\/02\/Dimensoes-personalizadas-1920x550-px-20.jpeg\" \/>\n\t<meta property=\"og:image:width\" content=\"1920\" \/>\n\t<meta property=\"og:image:height\" content=\"550\" \/>\n\t<meta property=\"og:image:type\" content=\"image\/jpeg\" \/>\n<meta name=\"twitter:card\" content=\"summary_large_image\" \/>\n<meta name=\"twitter:label1\" content=\"Est. tempo de leitura\" \/>\n\t<meta name=\"twitter:data1\" content=\"8 minutos\" \/>\n<script type=\"application\/ld+json\" class=\"yoast-schema-graph\">{\"@context\":\"https:\/\/schema.org\",\"@graph\":[{\"@type\":\"WebPage\",\"@id\":\"https:\/\/www.anfitriaoprime.com.br\/blog\/aluguel-de-temporada-em-caraiva\/\",\"url\":\"https:\/\/www.anfitriaoprime.com.br\/blog\/aluguel-de-temporada-em-caraiva\/\",\"name\":\"Divulgue o seu aluguel de temporada em Cara\u00edva com o Anfitri\u00e3o Prime\",\"isPartOf\":{\"@id\":\"https:\/\/www.anfitriaoprime.com.br\/blog\/#website\"},\"datePublished\":\"2022-02-24T14:19:40+00:00\",\"dateModified\":\"2024-06-05T15:11:47+00:00\",\"description\":\"Divulgue o seu aluguel de temporada em Cara\u00edva com o Anfitri\u00e3o Prime e conte com servi\u00e7os que ir\u00e3o te ajudar em todo o processo de loca\u00e7\u00e3o.\",\"breadcrumb\":{\"@id\":\"https:\/\/www.anfitriaoprime.com.br\/blog\/aluguel-de-temporada-em-caraiva\/#breadcrumb\"},\"inLanguage\":\"pt-BR\",\"potentialAction\":[{\"@type\":\"ReadAction\",\"target\":[\"https:\/\/www.anfitriaoprime.com.br\/blog\/aluguel-de-temporada-em-caraiva\/\"]}]},{\"@type\":\"BreadcrumbList\",\"@id\":\"https:\/\/www.anfitriaoprime.com.br\/blog\/aluguel-de-temporada-em-caraiva\/#breadcrumb\",\"itemListElement\":[{\"@type\":\"ListItem\",\"position\":1,\"name\":\"In\u00edcio\",\"item\":\"https:\/\/www.anfitriaoprime.com.br\/blog\/\"},{\"@type\":\"ListItem\",\"position\":2,\"name\":\"Divulgue o seu im\u00f3vel de temporada em Cara\u00edva\/BA com o Anfitri\u00e3o Prime\"}]},{\"@type\":\"WebSite\",\"@id\":\"https:\/\/www.anfitriaoprime.com.br\/blog\/#website\",\"url\":\"https:\/\/www.anfitriaoprime.com.br\/blog\/\",\"name\":\"Blog Anfitri\u00e3o Prime - Gest\u00e3o de propriedade para aluguel de temporada\",\"description\":\"No blog do Anfitri\u00e3o Prime voc\u00ea encontra dicas e informa\u00e7\u00f5es sobre o mercado de aluguel de temporada escrito por anfitri\u00f5es profissionais\",\"potentialAction\":[{\"@type\":\"SearchAction\",\"target\":{\"@type\":\"EntryPoint\",\"urlTemplate\":\"https:\/\/www.anfitriaoprime.com.br\/blog\/?s={search_term_string}\"},\"query-input\":\"required name=search_term_string\"}],\"inLanguage\":\"pt-BR\"}]}<\/script>\n<!-- \/ Yoast SEO plugin. -->","yoast_head_json":{"title":"Divulgue o seu aluguel de temporada em Cara\u00edva com o Anfitri\u00e3o Prime","description":"Divulgue o seu aluguel de temporada em Cara\u00edva com o Anfitri\u00e3o Prime e conte com servi\u00e7os que ir\u00e3o te ajudar em todo o processo de loca\u00e7\u00e3o.","robots":{"index":"index","follow":"follow","max-snippet":"max-snippet:-1","max-image-preview":"max-image-preview:large","max-video-preview":"max-video-preview:-1"},"canonical":"https:\/\/www.anfitriaoprime.com.br\/blog\/aluguel-de-temporada-em-caraiva\/","og_locale":"pt_BR","og_type":"article","og_title":"Divulgue o seu aluguel de temporada em Cara\u00edva com o Anfitri\u00e3o Prime","og_description":"Divulgue o seu aluguel de temporada em Cara\u00edva com o Anfitri\u00e3o Prime e conte com servi\u00e7os que ir\u00e3o te ajudar em todo o processo de loca\u00e7\u00e3o.","og_url":"https:\/\/www.anfitriaoprime.com.br\/blog\/aluguel-de-temporada-em-caraiva\/","og_site_name":"Blog Anfitri\u00e3o Prime: Ganhe dinheiro com aluguel de temporada.","article_modified_time":"2024-06-05T15:11:47+00:00","og_image":[{"width":1920,"height":550,"url":"https:\/\/www.anfitriaoprime.com.br\/blog\/wp-content\/uploads\/2022\/02\/Dimensoes-personalizadas-1920x550-px-20.jpeg","type":"image\/jpeg"}],"twitter_card":"summary_large_image","twitter_misc":{"Est. tempo de leitura":"8 minutos"},"schema":{"@context":"https:\/\/schema.org","@graph":[{"@type":"WebPage","@id":"https:\/\/www.anfitriaoprime.com.br\/blog\/aluguel-de-temporada-em-caraiva\/","url":"https:\/\/www.anfitriaoprime.com.br\/blog\/aluguel-de-temporada-em-caraiva\/","name":"Divulgue o seu aluguel de temporada em Cara\u00edva com o Anfitri\u00e3o Prime","isPartOf":{"@id":"https:\/\/www.anfitriaoprime.com.br\/blog\/#website"},"datePublished":"2022-02-24T14:19:40+00:00","dateModified":"2024-06-05T15:11:47+00:00","description":"Divulgue o seu aluguel de temporada em Cara\u00edva com o Anfitri\u00e3o Prime e conte com servi\u00e7os que ir\u00e3o te ajudar em todo o processo de loca\u00e7\u00e3o.","breadcrumb":{"@id":"https:\/\/www.anfitriaoprime.com.br\/blog\/aluguel-de-temporada-em-caraiva\/#breadcrumb"},"inLanguage":"pt-BR","potentialAction":[{"@type":"ReadAction","target":["https:\/\/www.anfitriaoprime.com.br\/blog\/aluguel-de-temporada-em-caraiva\/"]}]},{"@type":"BreadcrumbList","@id":"https:\/\/www.anfitriaoprime.com.br\/blog\/aluguel-de-temporada-em-caraiva\/#breadcrumb","itemListElement":[{"@type":"ListItem","position":1,"name":"In\u00edcio","item":"https:\/\/www.anfitriaoprime.com.br\/blog\/"},{"@type":"ListItem","position":2,"name":"Divulgue o seu im\u00f3vel de temporada em Cara\u00edva\/BA com o Anfitri\u00e3o Prime"}]},{"@type":"WebSite","@id":"https:\/\/www.anfitriaoprime.com.br\/blog\/#website","url":"https:\/\/www.anfitriaoprime.com.br\/blog\/","name":"Blog Anfitri\u00e3o Prime - Gest\u00e3o de propriedade para aluguel de temporada","description":"No blog do Anfitri\u00e3o Prime voc\u00ea encontra dicas e informa\u00e7\u00f5es sobre o mercado de aluguel de temporada escrito por anfitri\u00f5es profissionais","potentialAction":[{"@type":"SearchAction","target":{"@type":"EntryPoint","urlTemplate":"https:\/\/www.anfitriaoprime.com.br\/blog\/?s={search_term_string}"},"query-input":"required name=search_term_string"}],"inLanguage":"pt-BR"}]}},"acf":{"imagem":{"ID":2244,"id":2244,"title":"Dimens\u00f5es personalizadas 1920x550 px (20)","filename":"Dimensoes-personalizadas-1920x550-px-20.jpeg","filesize":763874,"url":"https:\/\/www.anfitriaoprime.com.br\/blog\/wp-content\/uploads\/2022\/02\/Dimensoes-personalizadas-1920x550-px-20.jpeg","link":"https:\/\/www.anfitriaoprime.com.br\/blog\/aluguel-de-temporada-em-caraiva\/dimensoes-personalizadas-1920x550-px-20-2\/","alt":"temporada em Trancoso","author":"1","description":"","caption":"Photo by Caico Gontijo on Unsplash","name":"dimensoes-personalizadas-1920x550-px-20-2","status":"inherit","uploaded_to":2243,"date":"2022-02-24 13:36:47","modified":"2022-03-02 22:26:31","menu_order":0,"mime_type":"image\/jpeg","type":"image","subtype":"jpeg","icon":"https:\/\/www.anfitriaoprime.com.br\/blog\/wp-includes\/images\/media\/default.png","width":1920,"height":550,"sizes":{"thumbnail":"https:\/\/www.anfitriaoprime.com.br\/blog\/wp-content\/uploads\/2022\/02\/Dimensoes-personalizadas-1920x550-px-20-150x150.jpeg","thumbnail-width":150,"thumbnail-height":150,"medium":"https:\/\/www.anfitriaoprime.com.br\/blog\/wp-content\/uploads\/2022\/02\/Dimensoes-personalizadas-1920x550-px-20-300x86.jpeg","medium-width":300,"medium-height":86,"medium_large":"https:\/\/www.anfitriaoprime.com.br\/blog\/wp-content\/uploads\/2022\/02\/Dimensoes-personalizadas-1920x550-px-20-768x220.jpeg","medium_large-width":648,"medium_large-height":186,"large":"https:\/\/www.anfitriaoprime.com.br\/blog\/wp-content\/uploads\/2022\/02\/Dimensoes-personalizadas-1920x550-px-20-1024x293.jpeg","large-width":648,"large-height":185,"1536x1536":"https:\/\/www.anfitriaoprime.com.br\/blog\/wp-content\/uploads\/2022\/02\/Dimensoes-personalizadas-1920x550-px-20-1536x440.jpeg","1536x1536-width":1536,"1536x1536-height":440,"2048x2048":"https:\/\/www.anfitriaoprime.com.br\/blog\/wp-content\/uploads\/2022\/02\/Dimensoes-personalizadas-1920x550-px-20.jpeg","2048x2048-width":1920,"2048x2048-height":550,"sparkling-featured":"https:\/\/www.anfitriaoprime.com.br\/blog\/wp-content\/uploads\/2022\/02\/Dimensoes-personalizadas-1920x550-px-20-750x410.jpeg","sparkling-featured-width":750,"sparkling-featured-height":410,"sparkling-featured-fullwidth":"https:\/\/www.anfitriaoprime.com.br\/blog\/wp-content\/uploads\/2022\/02\/Dimensoes-personalizadas-1920x550-px-20-1140x550.jpeg","sparkling-featured-fullwidth-width":1140,"sparkling-featured-fullwidth-height":550,"tab-small":"https:\/\/www.anfitriaoprime.com.br\/blog\/wp-content\/uploads\/2022\/02\/Dimensoes-personalizadas-1920x550-px-20-60x60.jpeg","tab-small-width":60,"tab-small-height":60,"crp_thumbnail":"https:\/\/www.anfitriaoprime.com.br\/blog\/wp-content\/uploads\/2022\/02\/Dimensoes-personalizadas-1920x550-px-20-150x150.jpeg","crp_thumbnail-width":150,"crp_thumbnail-height":150}},"titulo":"Divulgue o seu im\u00f3vel de temporada em Cara\u00edva\/BA com o Anfitri\u00e3o Prime","subtitulo":"<p><span style=\"font-weight: 400;\">Quer fazer aluguel de temporada em <\/span><b>Cara\u00edva <\/b>e n\u00e3o sabe como<span style=\"font-weight: 400;\">? Ent\u00e3o, conte com os servi\u00e7os do Anfitri\u00e3o Prime! Somos um gestor profissional de im\u00f3veis de temporada que oferece servi\u00e7os personalizados aos propriet\u00e1rios n\u00e3o querem se preocupar com nada durante todo o processo de loca\u00e7\u00e3o!\u00a0<\/span><\/p>\n<p><span style=\"font-weight: 400;\">Quer ver os im\u00f3veis que temos em nosso portf\u00f3lio? <a href=\"https:\/\/reservas.anfitriaoprime.com.br\/\">Acesse o nosso site de reservas e confira!<\/a><\/span><\/p>\n","titulo_secao_1":"O que oferecemos para voc\u00ea que quer trabalhar com aluguel de temporada em Cara\u00edva?\u00a0","conteudo_secao_1":"<p><span style=\"font-weight: 400;\">Primeiramente, \u00e9 bom que voc\u00ea saiba que o Anfitri\u00e3o Prime oferece uma ampla gama de servi\u00e7os profissionais para que voc\u00ea possa entrar no ramo de aluguel de temporada, tais como:\u00a0<\/span><\/p>\n<ul>\n<li style=\"font-weight: 400;\" aria-level=\"1\"><span style=\"font-weight: 400;\">Gest\u00e3o dos an\u00fancios de casas em mais de 30 sites de reservas, incluindo Airbnb, Vrbo, Booking.com e TripAdvisor;<\/span><\/li>\n<li style=\"font-weight: 400;\" aria-level=\"1\"><span style=\"font-weight: 400;\">Fotos profissionais dos im\u00f3veis;<\/span><\/li>\n<li style=\"font-weight: 400;\" aria-level=\"1\"><span style=\"font-weight: 400;\">Atendimento 24 horas para propriet\u00e1rios e h\u00f3spedes.\u00a0<\/span><\/li>\n<\/ul>\n<p><span style=\"font-weight: 400;\">Em outras palavras: nunca foi t\u00e3o f\u00e1cil anunciar em <\/span><b>Cara\u00edva\/BA<\/b><span style=\"font-weight: 400;\">. Com o Anfitri\u00e3o Prime voc\u00ea conta com os servi\u00e7os que uma imobili\u00e1ria digital em Cara\u00edva oferece, juntamente com todo o suporte necess\u00e1rio de uma equipe especializada na loca\u00e7\u00e3o de temporada. Assim, voc\u00ea n\u00e3o precisa se preocupar com nada durante todo o processo de loca\u00e7\u00e3o.<\/span><\/p>\n","titulo_secao_2":"O que fazemos por voc\u00ea que tem im\u00f3veis em Cara\u00edva\/BA?","imagem_secao_2":false,"conteudo_secao_2":"<figure id=\"attachment_2249\" class=\"thumbnail wp-caption alignnone\" style=\"width: 760px\"><img decoding=\"async\" loading=\"lazy\" class=\"wp-image-2249 size-full\" src=\"https:\/\/www.anfitriaoprime.com.br\/blog\/wp-content\/uploads\/2022\/02\/Dimensoes-personalizadas-750x410-px-9-2.jpeg\" alt=\"Cara\u00edva\" width=\"750\" height=\"410\" srcset=\"https:\/\/www.anfitriaoprime.com.br\/blog\/wp-content\/uploads\/2022\/02\/Dimensoes-personalizadas-750x410-px-9-2.jpeg 750w, https:\/\/www.anfitriaoprime.com.br\/blog\/wp-content\/uploads\/2022\/02\/Dimensoes-personalizadas-750x410-px-9-2-300x164.jpeg 300w\" sizes=\"(max-width: 750px) 100vw, 750px\" \/><figcaption class=\"caption wp-caption-text\">Praia de Ponta Do Corumbau a 10km de Cara\u00edva &#8211; Foto de buenasdicas no Pixabay<\/figcaption><\/figure>\n<p>Antes de mais nada, \u00e9 bom que voc\u00ea saiba que com os servi\u00e7os oferecidos pelo Anfitri\u00e3o Prime, \u00e9 poss\u00edvel ser um <b>Anfitri\u00e3o de Airbnb\u00a0<\/b>de excel\u00eancia. Aliamos a experi\u00eancia de mais de 30 anos com turismo dos nossos profissionais \u00e0 tecnologia de ponta, garantindo maiores ganhos com o aluguel de temporada para que tem im\u00f3veis em Cara\u00edva, e a melhor experi\u00eancia para os h\u00f3spedes. Confira alguns dos nossos servi\u00e7os:<\/p>\n<h3><b><img decoding=\"async\" class=\"emoji\" role=\"img\" draggable=\"false\" src=\"https:\/\/s.w.org\/images\/core\/emoji\/13.1.0\/svg\/1f4bb.svg\" alt=\"\ud83d\udcbb\" \/>\u00a0Anunciamos sua propriedade<\/b><\/h3>\n<p>Primeiramente, n\u00f3s criamos o an\u00fancio da sua propriedade e o publicamos em mais de 30 sites de reservas, como Airbnb, Booking, Vrbo (Alugue Temporada) e TripAdvisor.\u00a0 Em seguida, j\u00e1 ficamos respons\u00e1veis pela gest\u00e3o dele em cada uma das plataformas.<\/p>\n<h3><a href=\"https:\/\/www.anfitriaoprime.com.br\/blog\/foto-a-importancia-no-aluguel-de-temporada\/\"><b><img decoding=\"async\" class=\"emoji\" role=\"img\" draggable=\"false\" src=\"https:\/\/s.w.org\/images\/core\/emoji\/13.1.0\/svg\/1f4f7.svg\" alt=\"\ud83d\udcf7\" \/>\u00a0Fotos profissionais<\/b><\/a><\/h3>\n<p>As fotos profissionais do seu im\u00f3vel garantem uma melhor primeira impress\u00e3o aos h\u00f3spedes, o que aumenta as possibilidades de reservas.<\/p>\n<h3><b><img decoding=\"async\" class=\"emoji\" role=\"img\" draggable=\"false\" src=\"https:\/\/s.w.org\/images\/core\/emoji\/13.1.0\/svg\/1f4ac.svg\" alt=\"\ud83d\udcac\" \/>\u00a0Comunica\u00e7\u00e3o com os h\u00f3spedes<\/b><\/h3>\n<p>Um dos grandes problemas ao gerenciar um im\u00f3vel de temporada \u00e9 estar dispon\u00edvel para responder os h\u00f3spedes nas plataformas de reservas. Contudo, com o Anfitri\u00e3o Prime voc\u00ea n\u00e3o ter\u00e1 que se preocupar com isso, pois n\u00f3s temos uma equipe que est\u00e1 24\/7 dispon\u00edvel para atend\u00ea-los.<\/p>\n<h3><b><img decoding=\"async\" class=\"emoji\" role=\"img\" draggable=\"false\" src=\"https:\/\/s.w.org\/images\/core\/emoji\/13.1.0\/svg\/1f4c8.svg\" alt=\"\ud83d\udcc8\" \/>\u00a0<a href=\"https:\/\/www.anfitriaoprime.com.br\/blog\/valor-da-diaria-no-aluguel-de-temporada\/\">Defini\u00e7\u00e3o dos melhores pre\u00e7os de di\u00e1rias<\/a><\/b><\/h3>\n<p>Contamos com uma tecnologia de ponta que faz a precifica\u00e7\u00e3o inteligente do seu im\u00f3vel, pensando a longo prazo. Em outras palavras, ela leva em conta as varia\u00e7\u00f5es de pre\u00e7o que ocorrem durante o ano, como feriados, alta e baixa temporada. Al\u00e9m de outras situa\u00e7\u00f5es que podem fazer com que o valor da di\u00e1ria do seu im\u00f3vel varie.<\/p>\n<h3><b><img decoding=\"async\" class=\"emoji\" role=\"img\" draggable=\"false\" src=\"https:\/\/s.w.org\/images\/core\/emoji\/13.1.0\/svg\/2714.svg\" alt=\"\u2714\" \/>\u00a0Concierge, Limpeza e Manuten\u00e7\u00e3o\u00a0<\/b><\/h3>\n<p>Finalmente, para que voc\u00ea possa ser um Anfitri\u00e3o de Airbnb em Cara\u00edva completo, oferecemos servi\u00e7os adicionais. Atualmente, contamos com especialistas para serem <b>concierge<\/b>\u00a0do seu im\u00f3vel e serem respons\u00e1veis do check-in e check-out dos h\u00f3spedes. Al\u00e9m de outros profissionais para\u00a0<strong>limpeza, manuten\u00e7\u00e3o<\/strong>\u00a0e outros servi\u00e7os necess\u00e1rios para garantir uma experi\u00eancia perfeita aos h\u00f3spedes.<\/p>\n","titulo_secao_3":"Por que anunciar por temporada com a gente?","conteudo_secao_3":"<p>Como falamos anteriormente, o Anfitri\u00e3o Prime oferece um servi\u00e7o superior para propriet\u00e1rios que querem se tornar um Anfitri\u00e3o de Airbnb em Cara\u00edva ideal para h\u00f3spedes que buscam uma experi\u00eancia acolhedora e completa com o aluguel de temporada. Ent\u00e3o, se comparamos os servi\u00e7os do Anfitri\u00e3o Prime com os servi\u00e7os oferecidos por outros sites de reservas, voc\u00ea ter\u00e1 as seguintes vantagens:<\/p>\n","titulo_secao_6":"Saiba mais sobre Cara\u00edva","conteudo_secao_6":"<p>Cara\u00edva \u00e9 uma comunidade litor\u00e2nea e ribeirinha situada em Porto Seguro, na costa do descobrimento, no extremo sul do estado da Bahia, Nordeste do Brasil. A vila \u00e9 uma sensa\u00e7\u00e3o entre os turistas e quem aluga por temporada na regi\u00e3o disp\u00f5e de grandes chances de ter um calend\u00e1rio de reservas sempre ocupado, principalmente na alta temporada. O local \u00e9 simples, por\u00e9m \u00e9 justamente essa simplicidade que chama a aten\u00e7\u00e3o dos turistas.<\/p>\n<p><span style=\"font-weight: 400;\">Apesar da simplicidade, Cara\u00edva oferece v\u00e1rias atividades bem interessantes para os visitantes, dentre elas est\u00e3o:\u00a0<\/span><\/p>\n<p>&nbsp;<\/p>\n<h4><strong>Praia da Barra<\/strong><\/h4>\n<p><span style=\"font-weight: 400;\">Primeiramente, sugerimos a <em>Praia da Barra<\/em>, que \u00e9 considerada uma das melhores do Brasil. Pois nela os h\u00f3spedes poder\u00e3o curtir muito sol e tamb\u00e9m o encontro entre o mar e o Rio Cara\u00edva. <\/span><span style=\"font-weight: 400;\">Inclusive, os visitantes podem encontrar servi\u00e7os de aluguel de cadeiras e guarda-s\u00f3is no local.\u00a0<\/span><\/p>\n<p>&nbsp;<\/p>\n<h4><strong>Lagoa do Satu<\/strong><\/h4>\n<p><span style=\"font-weight: 400;\">Em seguida, recomendamos uma visita a <em>Lagoa do Satu<\/em>, que\u00a0\u00e9 uma grande piscina natural.\u00a0 Ela \u00e9 formada por \u00e1gua doce do rio e tem \u00e1guas cristalinas perfeitas para um banho.\u00a0<\/span><span style=\"font-weight: 400;\">Al\u00e9m disso, o visual desse ponto tur\u00edstico por si s\u00f3 j\u00e1 \u00e9 de tirar o f\u00f4lego.\u00a0<\/span><\/p>\n<p>&nbsp;<\/p>\n<h4><strong>Praia do Espelho e a Praia dos Amores<\/strong><\/h4>\n<p><span style=\"font-weight: 400;\">N\u00f3s tamb\u00e9m sugerimos que no seu roteiro estejam as praias do Espelho e dos Amores, pois elas ficam bem pertinho de Cara\u00edva e oferecem paisagens incr\u00edveis. Podemos citar as piscinas naturais, bem como as fal\u00e9sias de tirar o f\u00f4lego do local. <\/span><span style=\"font-weight: 400;\">Outra coisa bem interessante sobre essas praias \u00e9 que elas s\u00e3o interligadas por uma faixa de areia que s\u00f3 aparece quando a mar\u00e9 est\u00e1 baixa.\u00a0<\/span><\/p>\n<h3><\/h3>\n<h4><strong>Passeio de lancha\u00a0<\/strong><\/h4>\n<p><span style=\"font-weight: 400;\">Nesse mesmo sentido de oferecer atra\u00e7\u00f5es especiais aos seus h\u00f3spedes, voc\u00ea tamb\u00e9m pode sugerir que eles fa\u00e7am um bom passeio de lancha para conhecer os corais e at\u00e9 mesmo dar um mergulho. \u00c9 poss\u00edvel encontrar v\u00e1rias ag\u00eancias que oferecem o passeio com pre\u00e7os a partir de R$ 200,00 por pessoa. <\/span><span style=\"font-weight: 400;\">O tempo de trajeto vai depender muito do percurso escolhido, em contra partida \u00e9, sem sombra de d\u00favidas, uma \u00f3tima escolha para visitantes.\u00a0<\/span><\/p>\n<p>&nbsp;<\/p>\n<h2><strong>Onde comer em Cara\u00edva\u00a0<\/strong><\/h2>\n<p><span style=\"font-weight: 400;\">Juntamente com as sugest\u00f5es de passeios, voc\u00ea pode indicar aos seus h\u00f3spedes algumas <\/span><span style=\"font-weight: 400;\">op\u00e7\u00f5es gastron\u00f4micas<\/span><span style=\"font-weight: 400;\"> para todos os gostos e bolsos. E aqui n\u00f3s trouxemos algumas dicas para voc\u00ea tomar nota!\u00a0<\/span><\/p>\n<p><span style=\"font-weight: 400;\">Primeiramente, para quem deseja um lugar com comida boa e acess\u00edvel para almo\u00e7ar, a dica \u00e9 o<strong><em> Boteco do Par\u00e1<\/em><\/strong>. O local oferece mesas \u00e0 beira-rio e um card\u00e1pio bem amplo que inclui pratos como: moquecas, bob\u00f3 de camar\u00e3o, arroz de polvo e muito mais.\u00a0<\/span><\/p>\n<p><span style=\"font-weight: 400;\">Bem pertinho desse restaurante tamb\u00e9m fica o <strong><em>Patioba<\/em><\/strong>. Ele abre tanto para o almo\u00e7o como para o jantar e tamb\u00e9m oferece pratos interessantes com peixes. Destaque para o vermelho assado inteiro na brasa e que \u00e9 servido na folha de patioba, uma palmeira local.\u00a0<\/span><\/p>\n<p><span style=\"font-weight: 400;\">Com toda a certeza h\u00e1 muitas atra\u00e7\u00f5es e passeios para quem deseja alugar por temporada um im\u00f3vel <\/span>em<b> Cara\u00edva<\/b><span style=\"font-weight: 400;\">. Aproveite para se cadastrar e entre para o mercado de aluguel de temporada.\u00a0<\/span><\/p>\n<p>Quer ver os im\u00f3veis que temos em nosso portf\u00f3lio? <a href=\"https:\/\/reservas.anfitriaoprime.com.br\/\">Acesse o nosso site de reservas e confira!<\/a><\/p>\n"},"_links":{"self":[{"href":"https:\/\/www.anfitriaoprime.com.br\/blog\/wp-json\/wp\/v2\/pages\/2243"}],"collection":[{"href":"https:\/\/www.anfitriaoprime.com.br\/blog\/wp-json\/wp\/v2\/pages"}],"about":[{"href":"https:\/\/www.anfitriaoprime.com.br\/blog\/wp-json\/wp\/v2\/types\/page"}],"author":[{"embeddable":true,"href":"https:\/\/www.anfitriaoprime.com.br\/blog\/wp-json\/wp\/v2\/users\/1"}],"replies":[{"embeddable":true,"href":"https:\/\/www.anfitriaoprime.com.br\/blog\/wp-json\/wp\/v2\/comments?post=2243"}],"version-history":[{"count":13,"href":"https:\/\/www.anfitriaoprime.com.br\/blog\/wp-json\/wp\/v2\/pages\/2243\/revisions"}],"predecessor-version":[{"id":2967,"href":"https:\/\/www.anfitriaoprime.com.br\/blog\/wp-json\/wp\/v2\/pages\/2243\/revisions\/2967"}],"wp:featuredmedia":[{"embeddable":true,"href":"https:\/\/www.anfitriaoprime.com.br\/blog\/wp-json\/wp\/v2\/media\/2244"}],"wp:attachment":[{"href":"https:\/\/www.anfitriaoprime.com.br\/blog\/wp-json\/wp\/v2\/media?parent=2243"}],"curies":[{"name":"wp","href":"https:\/\/api.w.org\/{rel}","templated":true}]}}