{"id":2279,"date":"2022-02-24T14:11:31","date_gmt":"2022-02-24T17:11:31","guid":{"rendered":"https:\/\/www.anfitriaoprime.com.br\/blog\/?page_id=2279"},"modified":"2022-03-21T10:46:12","modified_gmt":"2022-03-21T13:46:12","slug":"aluguel-de-temporada-em-itacare","status":"publish","type":"page","link":"https:\/\/www.anfitriaoprime.com.br\/blog\/aluguel-de-temporada-em-itacare\/","title":{"rendered":"Itacar\u00e9\/BA &#8211; Casas, aptos e im\u00f3veis de temporada \u00e9 com o Anfitri\u00e3o Prime"},"content":{"rendered":"<p><span style=\"font-weight: 400;\">Quer fazer aluguel de temporada em Itacar\u00e9? O Anfitri\u00e3o Prime oferece servi\u00e7os completos para voc\u00ea fazer loca\u00e7\u00e3o por temporada! Com a gente voc\u00ea consegue anunciar em mais de 30 sites de reserva simultaneamente, mas sem ter que se preocupar com nada. N\u00f3s atuamos em todas as etapas por voc\u00ea!\u00a0<\/span><\/p>\n<h2><strong>O que fazemos por voc\u00ea que quer fazer aluguel de temporada em Itacar\u00e9?<\/strong><\/h2>\n<p><span style=\"font-weight: 400;\">O Anfitri\u00e3o Prime conta com v\u00e1rios profissionais do turismo e que s\u00e3o especializados no aluguel de temporada. Temos profissionais capacitados para atuar em todas as etapas da loca\u00e7\u00e3o por temporada para que voc\u00ea n\u00e3o precise se preocupar com nada. Entre os nossos servi\u00e7os ofertados em Itacar\u00e9 est\u00e3o:\u00a0<\/span><\/p>\n<ul>\n<li style=\"font-weight: 400;\" aria-level=\"1\"><span style=\"font-weight: 400;\">Criar e gerenciar an\u00fancios em mais de 30 sites de reserva, incluindo Airbnb, Booking e TripAdvisor;\u00a0<\/span><\/li>\n<li style=\"font-weight: 400;\" aria-level=\"1\"><span style=\"font-weight: 400;\">Fotografias profissionais dos im\u00f3veis;<\/span><\/li>\n<li style=\"font-weight: 400;\" aria-level=\"1\"><span style=\"font-weight: 400;\">Atender os h\u00f3spedes tanto na negocia\u00e7\u00e3o, quanto no check-in e check-out.<\/span><\/li>\n<\/ul>\n<p><span style=\"font-weight: 400;\">N\u00e3o perca mais tempo, se voc\u00ea quer trabalhar com loca\u00e7\u00e3o por temporada em Itacar\u00e9, fa\u00e7a o seu cadastro agora mesmo. Leva menos de 15 minutos!<\/span><\/p>\n<h2><strong>Conhe\u00e7a mais os nossos servi\u00e7os\u00a0<\/strong><\/h2>\n<p>Antes de mais nada, \u00e9 bom que voc\u00ea saiba que com os servi\u00e7os oferecidos pelo Anfitri\u00e3o Prime, \u00e9 poss\u00edvel ser um\u00a0<b>Anfitri\u00e3o de Airbnb\u00a0<\/b>de excel\u00eancia. Aliamos a experi\u00eancia de mais de 30 anos com turismo dos nossos profissionais \u00e0 tecnologia de ponta, garantindo maiores ganhos com o aluguel de temporada para que tem im\u00f3veis em Itacar\u00e9, e a melhor experi\u00eancia para os h\u00f3spedes. Confira alguns dos nossos servi\u00e7os:<\/p>\n<h3><b><img decoding=\"async\" class=\"emoji\" role=\"img\" draggable=\"false\" src=\"https:\/\/s.w.org\/images\/core\/emoji\/13.1.0\/svg\/1f4bb.svg\" alt=\"\ud83d\udcbb\" \/>\u00a0Anunciamos sua propriedade<\/b><\/h3>\n<p>Primeiramente, n\u00f3s criamos o an\u00fancio da sua propriedade e o publicamos em mais de 30 sites de reservas, como Airbnb, Booking, Vrbo (Alugue Temporada) e TripAdvisor.\u00a0 Em seguida, j\u00e1 ficamos respons\u00e1veis pela gest\u00e3o dele em cada uma das plataformas.<\/p>\n<h3><a href=\"https:\/\/www.anfitriaoprime.com.br\/blog\/foto-a-importancia-no-aluguel-de-temporada\/\"><b><img decoding=\"async\" loading=\"lazy\" class=\"emoji alignnone\" role=\"img\" draggable=\"false\" src=\"https:\/\/s.w.org\/images\/core\/emoji\/13.1.0\/svg\/1f4f7.svg\" alt=\"aluguel de temporada em Itacar\u00e9\" width=\"150\" height=\"150\" \/>\u00a0Fotos profissionais<\/b><\/a><\/h3>\n<p>As fotos profissionais do seu im\u00f3vel garantem uma melhor primeira impress\u00e3o aos h\u00f3spedes, o que aumenta as possibilidades de reservas.<\/p>\n<h3><b><img decoding=\"async\" class=\"emoji\" role=\"img\" draggable=\"false\" src=\"https:\/\/s.w.org\/images\/core\/emoji\/13.1.0\/svg\/1f4ac.svg\" alt=\"\ud83d\udcac\" \/>\u00a0Comunica\u00e7\u00e3o com os h\u00f3spedes<\/b><\/h3>\n<p>Um dos grandes problemas ao gerenciar um im\u00f3vel de temporada \u00e9 estar dispon\u00edvel para responder os h\u00f3spedes nas plataformas de reservas. Contudo, com o Anfitri\u00e3o Prime voc\u00ea n\u00e3o ter\u00e1 que se preocupar com isso, pois n\u00f3s temos uma equipe que est\u00e1 24\/7 dispon\u00edvel para atend\u00ea-los.<\/p>\n<h3><b><img decoding=\"async\" class=\"emoji\" role=\"img\" draggable=\"false\" src=\"https:\/\/s.w.org\/images\/core\/emoji\/13.1.0\/svg\/1f4c8.svg\" alt=\"\ud83d\udcc8\" \/>\u00a0<a href=\"https:\/\/www.anfitriaoprime.com.br\/blog\/valor-da-diaria-no-aluguel-de-temporada\/\">Defini\u00e7\u00e3o dos melhores pre\u00e7os de di\u00e1rias<\/a><\/b><\/h3>\n<p>Contamos com uma tecnologia de ponta que faz a precifica\u00e7\u00e3o inteligente do seu im\u00f3vel, pensando a longo prazo. Em outras palavras, ela leva em conta as varia\u00e7\u00f5es de pre\u00e7o que ocorrem durante o ano, como feriados, alta e baixa temporada. Al\u00e9m de outras situa\u00e7\u00f5es que podem fazer com que o valor da di\u00e1ria do seu im\u00f3vel varie.<\/p>\n<h3><b><img decoding=\"async\" class=\"emoji\" role=\"img\" draggable=\"false\" src=\"https:\/\/s.w.org\/images\/core\/emoji\/13.1.0\/svg\/2714.svg\" alt=\"\u2714\" \/>\u00a0Concierge, Limpeza e Manuten\u00e7\u00e3o\u00a0<\/b><\/h3>\n<p>Finalmente, para que voc\u00ea possa ser um Anfitri\u00e3o de Airbnb em Itacar\u00e9 completo, oferecemos servi\u00e7os complementares. Atualmente, contamos com especialistas para serem <b>concierge<\/b>\u00a0do seu im\u00f3vel e serem respons\u00e1veis do check-in e check-out dos h\u00f3spedes. Al\u00e9m de outros profissionais para\u00a0<strong>limpeza, manuten\u00e7\u00e3o<\/strong>\u00a0e outros servi\u00e7os necess\u00e1rios para garantir uma experi\u00eancia perfeita aos h\u00f3spedes.<\/p>\n<h2><strong>Sobre Itacar\u00e9\u00a0<\/strong><\/h2>\n<p><span style=\"font-weight: 400;\">Itacar\u00e9 \u00e9 uma pequena cidade localizada no litoral do estado da Bahia, na Costa do Cacau, ao sul de Salvador. A primeira vista, a cidade pode parecer igual a outras cidades interioranas, com casas coloridas e vest\u00edgios da \u00e9poca colonial, mas o viajantes n\u00e3o deve parar nesta primeira impress\u00e3o. Logo ap\u00f3s conhecer mais sobre o local, ele perceber\u00e1 que Itacar\u00e9 tem de tudo um pouco e \u00e9 um local encantador. <\/span><\/p>\n<p><span style=\"font-weight: 400;\">Sendo esse um dos principais motivos para que a cidade tenha uma alta procura por im\u00f3veis de temporada. Isso, sem falar, na exuberante Mata Atl\u00e2ntica da regi\u00e3o \u00a0e v\u00e1rias atividades incr\u00edveis para os turistas.\u00a0<\/span><\/p>\n<h3><strong>Dicas de roteiro em Itacar\u00e9\u00a0<\/strong><\/h3>\n<p><span style=\"font-weight: 400;\">\u00c9 poss\u00edvel encontrar op\u00e7\u00f5es de atra\u00e7\u00f5es e passeios para todos os tipos de viajantes. E abaixo n\u00f3s listamos alguns que voc\u00ea pode indicar para seus h\u00f3spedes.\u00a0<\/span><\/p>\n<h3><\/h3>\n<h4><strong>Praias urbanas<\/strong><\/h4>\n<p><span style=\"font-weight: 400;\">A praias urbanas s\u00e3o excelentes para os visitantes que est\u00e3o em busca de facilidade para se locomover. Elas s\u00e3o de f\u00e1cil acesso, e, por isso, tamb\u00e9m s\u00e3o mais movimentadas.\u00a0<\/span><span style=\"font-weight: 400;\">Os cen\u00e1rios s\u00e3o deslumbrantes e os visitantes poder\u00e3o usufruir de uma boa infraestrutura local.\u00a0<\/span><\/p>\n<h3><\/h3>\n<h4><strong>Praias Rurais\u00a0<\/strong><\/h4>\n<p><span style=\"font-weight: 400;\">Se os seus h\u00f3spedes querem mais tranquilidade, voc\u00ea pode recomendar as praias rurais. Elas s\u00e3o mais preservadas e um pouco mais longe, mas \u00e9 justamente por isso que s\u00e3o menos movimentadas.\u00a0<\/span><span style=\"font-weight: 400;\">O bacana \u00e9 que existem op\u00e7\u00f5es de praias que voc\u00ea pode acessar a carro ou a p\u00e9.\u00a0<\/span><\/p>\n<h3><\/h3>\n<h3><strong>Trilhas<\/strong><\/h3>\n<p><span style=\"font-weight: 400;\">Sem sombra de d\u00favidas Itacar\u00e9 tem uma beleza \u00fanica. Isso porque ela une montanhas, Mata Atl\u00e2ntica e praias.\u00a0<\/span><span style=\"font-weight: 400;\">Por isso, vale a pena indicar para os h\u00f3spedes mais aventureiros uma das trilhas da regi\u00e3o. As mais famosas s\u00e3o a <strong>Trilha das Quatro Praias<\/strong> e a <strong>Trilha da Prainha<\/strong>.<\/span><\/p>\n<p>&nbsp;<\/p>\n<h4><strong>Cachoeiras<\/strong><\/h4>\n<p><span style=\"font-weight: 400;\">Por conta da Mata Atl\u00e2ntica que cerca o destino, seus h\u00f3spedes tamb\u00e9m poder\u00e3o tomar banho de cachoeiras em uma das v\u00e1rias quedas d\u2019\u00e1gua da regi\u00e3o. A mais famosa de todas \u00e9 a <strong>Cachoeira do Tiju\u00edpe<\/strong>, que tem uma entrada bem acess\u00edvel, apenas R$ 14.\u00a0<\/span><span style=\"font-weight: 400;\">Mas al\u00e9m delas tamb\u00e9m existem outras, algumas, inclusive, com entrada gratuita.\u00a0<\/span><\/p>\n<p>&nbsp;<\/p>\n<h2><span style=\"font-weight: 400;\">Onde comer em Itacar\u00e9\u00a0<\/span><\/h2>\n<p><span style=\"font-weight: 400;\">Uma coisa \u00e9 certa, Itacar\u00e9 \u00e9 um destino onde voc\u00ea <\/span><a href=\"https:\/\/www.tripadvisor.com.br\/Restaurants-g667504-Itacare_State_of_Bahia.html\"><span style=\"font-weight: 400;\">co<\/span><\/a><span style=\"font-weight: 400;\">m<\/span><a href=\"https:\/\/www.tripadvisor.com.br\/Restaurants-g667504-Itacare_State_of_Bahia.html\"><span style=\"font-weight: 400;\">e bem<\/span><\/a><span style=\"font-weight: 400;\">! A regi\u00e3o \u00e9 repleta de restaurantes, inclusive de alta gastronomia.<\/span><\/p>\n<p>Primeiramente, indicamos o <span style=\"font-weight: 400;\"><strong>Tia Deth<\/strong>, que \u00e9 um dos mais famosos da regi\u00e3o. Isso porque a especialidade do local s\u00e3o as moquecas. Al\u00e9m disso, outro destaque do card\u00e1pio \u00e9 a farofa de banana-da-terra.\u00a0<\/span><span style=\"font-weight: 400;\">Seus h\u00f3spedes ir\u00e3o se deliciar com a grande variedade de pratos com frutos do mar do local.\u00a0<\/span><\/p>\n<p><span style=\"font-weight: 400;\">O <strong>Restaurante Lua Cheia<\/strong> tamb\u00e9m \u00e9 um dos hits da cidade. O card\u00e1pio tem alguns cl\u00e1ssicos da comida baiana, mas tamb\u00e9m alguns pratos bem criativos.\u00a0\u00a0<\/span><span style=\"font-weight: 400;\">Seus h\u00f3spedes v\u00e3o ter diversas op\u00e7\u00f5es, tais como: arroz de coco, feijoada branca de frutos do mar, camar\u00e3o frito na tapioca e muito mais.\u00a0<\/span><\/p>\n<p><span style=\"font-weight: 400;\">Com o Anfitri\u00e3o Prime fica ainda mais f\u00e1cil atrair h\u00f3spedes para casas em Itacar\u00e9. Deixa que a gente cuida de tudo para voc\u00ea!<\/span><\/p>\n","protected":false},"excerpt":{"rendered":"<p>Quer fazer aluguel de temporada em Itacar\u00e9? O Anfitri\u00e3o Prime oferece servi\u00e7os completos para voc\u00ea fazer loca\u00e7\u00e3o por temporada! Com a gente voc\u00ea consegue anunciar em mais de 30 sites de reserva simultaneamente, mas sem ter que se preocupar com nada. N\u00f3s atuamos em todas as etapas por voc\u00ea!\u00a0 O que fazemos por voc\u00ea que [&hellip;]<\/p>\n","protected":false},"author":1,"featured_media":2281,"parent":0,"menu_order":0,"comment_status":"closed","ping_status":"closed","template":"page-lp.php","meta":[],"yoast_head":"<!-- This site is optimized with the Yoast SEO plugin v21.1 - https:\/\/yoast.com\/wordpress\/plugins\/seo\/ -->\n<title>Aluguel de temporada em Itacar\u00e9? O Anfitri\u00e3o Prime te ajuda - Saiba mais!<\/title>\n<meta name=\"description\" content=\"Com o Anfitri\u00e3o Prime voc\u00ea anuncia seu aluguel de temporada em Itacar\u00e9 com mais facilidade. H\u00e1 v\u00e1rios servi\u00e7os dispon\u00edveis para te auxiliar!\" \/>\n<meta name=\"robots\" content=\"index, follow, max-snippet:-1, max-image-preview:large, max-video-preview:-1\" \/>\n<link rel=\"canonical\" href=\"https:\/\/www.anfitriaoprime.com.br\/blog\/aluguel-de-temporada-em-itacare\/\" \/>\n<meta property=\"og:locale\" content=\"pt_BR\" \/>\n<meta property=\"og:type\" content=\"article\" \/>\n<meta property=\"og:title\" content=\"Aluguel de temporada em Itacar\u00e9? O Anfitri\u00e3o Prime te ajuda - Saiba mais!\" \/>\n<meta property=\"og:description\" content=\"Com o Anfitri\u00e3o Prime voc\u00ea anuncia seu aluguel de temporada em Itacar\u00e9 com mais facilidade. H\u00e1 v\u00e1rios servi\u00e7os dispon\u00edveis para te auxiliar!\" \/>\n<meta property=\"og:url\" content=\"https:\/\/www.anfitriaoprime.com.br\/blog\/aluguel-de-temporada-em-itacare\/\" \/>\n<meta property=\"og:site_name\" content=\"Blog Anfitri\u00e3o Prime: Ganhe dinheiro com aluguel de temporada.\" \/>\n<meta property=\"article:modified_time\" content=\"2022-03-21T13:46:12+00:00\" \/>\n<meta property=\"og:image\" content=\"https:\/\/www.anfitriaoprime.com.br\/blog\/wp-content\/uploads\/2022\/02\/Dimensoes-personalizadas-1920x550-px-24-1.jpeg\" \/>\n\t<meta property=\"og:image:width\" content=\"1920\" \/>\n\t<meta property=\"og:image:height\" content=\"550\" \/>\n\t<meta property=\"og:image:type\" content=\"image\/jpeg\" \/>\n<meta name=\"twitter:card\" content=\"summary_large_image\" \/>\n<meta name=\"twitter:label1\" content=\"Est. tempo de leitura\" \/>\n\t<meta name=\"twitter:data1\" content=\"7 minutos\" \/>\n<script type=\"application\/ld+json\" class=\"yoast-schema-graph\">{\"@context\":\"https:\/\/schema.org\",\"@graph\":[{\"@type\":\"WebPage\",\"@id\":\"https:\/\/www.anfitriaoprime.com.br\/blog\/aluguel-de-temporada-em-itacare\/\",\"url\":\"https:\/\/www.anfitriaoprime.com.br\/blog\/aluguel-de-temporada-em-itacare\/\",\"name\":\"Aluguel de temporada em Itacar\u00e9? O Anfitri\u00e3o Prime te ajuda - Saiba mais!\",\"isPartOf\":{\"@id\":\"https:\/\/www.anfitriaoprime.com.br\/blog\/#website\"},\"datePublished\":\"2022-02-24T17:11:31+00:00\",\"dateModified\":\"2022-03-21T13:46:12+00:00\",\"description\":\"Com o Anfitri\u00e3o Prime voc\u00ea anuncia seu aluguel de temporada em Itacar\u00e9 com mais facilidade. H\u00e1 v\u00e1rios servi\u00e7os dispon\u00edveis para te auxiliar!\",\"breadcrumb\":{\"@id\":\"https:\/\/www.anfitriaoprime.com.br\/blog\/aluguel-de-temporada-em-itacare\/#breadcrumb\"},\"inLanguage\":\"pt-BR\",\"potentialAction\":[{\"@type\":\"ReadAction\",\"target\":[\"https:\/\/www.anfitriaoprime.com.br\/blog\/aluguel-de-temporada-em-itacare\/\"]}]},{\"@type\":\"BreadcrumbList\",\"@id\":\"https:\/\/www.anfitriaoprime.com.br\/blog\/aluguel-de-temporada-em-itacare\/#breadcrumb\",\"itemListElement\":[{\"@type\":\"ListItem\",\"position\":1,\"name\":\"In\u00edcio\",\"item\":\"https:\/\/www.anfitriaoprime.com.br\/blog\/\"},{\"@type\":\"ListItem\",\"position\":2,\"name\":\"Itacar\u00e9\/BA &#8211; Casas, aptos e im\u00f3veis de temporada \u00e9 com o Anfitri\u00e3o Prime\"}]},{\"@type\":\"WebSite\",\"@id\":\"https:\/\/www.anfitriaoprime.com.br\/blog\/#website\",\"url\":\"https:\/\/www.anfitriaoprime.com.br\/blog\/\",\"name\":\"Blog Anfitri\u00e3o Prime - Gest\u00e3o de propriedade para aluguel de temporada\",\"description\":\"No blog do Anfitri\u00e3o Prime voc\u00ea encontra dicas e informa\u00e7\u00f5es sobre o mercado de aluguel de temporada escrito por anfitri\u00f5es profissionais\",\"potentialAction\":[{\"@type\":\"SearchAction\",\"target\":{\"@type\":\"EntryPoint\",\"urlTemplate\":\"https:\/\/www.anfitriaoprime.com.br\/blog\/?s={search_term_string}\"},\"query-input\":\"required name=search_term_string\"}],\"inLanguage\":\"pt-BR\"}]}<\/script>\n<!-- \/ Yoast SEO plugin. -->","yoast_head_json":{"title":"Aluguel de temporada em Itacar\u00e9? O Anfitri\u00e3o Prime te ajuda - Saiba mais!","description":"Com o Anfitri\u00e3o Prime voc\u00ea anuncia seu aluguel de temporada em Itacar\u00e9 com mais facilidade. H\u00e1 v\u00e1rios servi\u00e7os dispon\u00edveis para te auxiliar!","robots":{"index":"index","follow":"follow","max-snippet":"max-snippet:-1","max-image-preview":"max-image-preview:large","max-video-preview":"max-video-preview:-1"},"canonical":"https:\/\/www.anfitriaoprime.com.br\/blog\/aluguel-de-temporada-em-itacare\/","og_locale":"pt_BR","og_type":"article","og_title":"Aluguel de temporada em Itacar\u00e9? O Anfitri\u00e3o Prime te ajuda - Saiba mais!","og_description":"Com o Anfitri\u00e3o Prime voc\u00ea anuncia seu aluguel de temporada em Itacar\u00e9 com mais facilidade. H\u00e1 v\u00e1rios servi\u00e7os dispon\u00edveis para te auxiliar!","og_url":"https:\/\/www.anfitriaoprime.com.br\/blog\/aluguel-de-temporada-em-itacare\/","og_site_name":"Blog Anfitri\u00e3o Prime: Ganhe dinheiro com aluguel de temporada.","article_modified_time":"2022-03-21T13:46:12+00:00","og_image":[{"width":1920,"height":550,"url":"https:\/\/www.anfitriaoprime.com.br\/blog\/wp-content\/uploads\/2022\/02\/Dimensoes-personalizadas-1920x550-px-24-1.jpeg","type":"image\/jpeg"}],"twitter_card":"summary_large_image","twitter_misc":{"Est. tempo de leitura":"7 minutos"},"schema":{"@context":"https:\/\/schema.org","@graph":[{"@type":"WebPage","@id":"https:\/\/www.anfitriaoprime.com.br\/blog\/aluguel-de-temporada-em-itacare\/","url":"https:\/\/www.anfitriaoprime.com.br\/blog\/aluguel-de-temporada-em-itacare\/","name":"Aluguel de temporada em Itacar\u00e9? O Anfitri\u00e3o Prime te ajuda - Saiba mais!","isPartOf":{"@id":"https:\/\/www.anfitriaoprime.com.br\/blog\/#website"},"datePublished":"2022-02-24T17:11:31+00:00","dateModified":"2022-03-21T13:46:12+00:00","description":"Com o Anfitri\u00e3o Prime voc\u00ea anuncia seu aluguel de temporada em Itacar\u00e9 com mais facilidade. H\u00e1 v\u00e1rios servi\u00e7os dispon\u00edveis para te auxiliar!","breadcrumb":{"@id":"https:\/\/www.anfitriaoprime.com.br\/blog\/aluguel-de-temporada-em-itacare\/#breadcrumb"},"inLanguage":"pt-BR","potentialAction":[{"@type":"ReadAction","target":["https:\/\/www.anfitriaoprime.com.br\/blog\/aluguel-de-temporada-em-itacare\/"]}]},{"@type":"BreadcrumbList","@id":"https:\/\/www.anfitriaoprime.com.br\/blog\/aluguel-de-temporada-em-itacare\/#breadcrumb","itemListElement":[{"@type":"ListItem","position":1,"name":"In\u00edcio","item":"https:\/\/www.anfitriaoprime.com.br\/blog\/"},{"@type":"ListItem","position":2,"name":"Itacar\u00e9\/BA &#8211; Casas, aptos e im\u00f3veis de temporada \u00e9 com o Anfitri\u00e3o Prime"}]},{"@type":"WebSite","@id":"https:\/\/www.anfitriaoprime.com.br\/blog\/#website","url":"https:\/\/www.anfitriaoprime.com.br\/blog\/","name":"Blog Anfitri\u00e3o Prime - Gest\u00e3o de propriedade para aluguel de temporada","description":"No blog do Anfitri\u00e3o Prime voc\u00ea encontra dicas e informa\u00e7\u00f5es sobre o mercado de aluguel de temporada escrito por anfitri\u00f5es profissionais","potentialAction":[{"@type":"SearchAction","target":{"@type":"EntryPoint","urlTemplate":"https:\/\/www.anfitriaoprime.com.br\/blog\/?s={search_term_string}"},"query-input":"required name=search_term_string"}],"inLanguage":"pt-BR"}]}},"acf":{"imagem":{"ID":2281,"id":2281,"title":"Dimens\u00f5es personalizadas 1920x550 px (24)","filename":"Dimensoes-personalizadas-1920x550-px-24-1.jpeg","filesize":1066882,"url":"https:\/\/www.anfitriaoprime.com.br\/blog\/wp-content\/uploads\/2022\/02\/Dimensoes-personalizadas-1920x550-px-24-1.jpeg","link":"https:\/\/www.anfitriaoprime.com.br\/blog\/aluguel-de-temporada-em-itacare\/dimensoes-personalizadas-1920x550-px-24-2\/","alt":"aluguel de temporada em Itacar\u00e9","author":"1","description":"","caption":"Imagem de gustavoboulhosa por Pixabay ","name":"dimensoes-personalizadas-1920x550-px-24-2","status":"inherit","uploaded_to":2279,"date":"2022-02-24 16:42:58","modified":"2022-03-21 13:43:42","menu_order":0,"mime_type":"image\/jpeg","type":"image","subtype":"jpeg","icon":"https:\/\/www.anfitriaoprime.com.br\/blog\/wp-includes\/images\/media\/default.png","width":1920,"height":550,"sizes":{"thumbnail":"https:\/\/www.anfitriaoprime.com.br\/blog\/wp-content\/uploads\/2022\/02\/Dimensoes-personalizadas-1920x550-px-24-1-150x150.jpeg","thumbnail-width":150,"thumbnail-height":150,"medium":"https:\/\/www.anfitriaoprime.com.br\/blog\/wp-content\/uploads\/2022\/02\/Dimensoes-personalizadas-1920x550-px-24-1-300x86.jpeg","medium-width":300,"medium-height":86,"medium_large":"https:\/\/www.anfitriaoprime.com.br\/blog\/wp-content\/uploads\/2022\/02\/Dimensoes-personalizadas-1920x550-px-24-1-768x220.jpeg","medium_large-width":648,"medium_large-height":186,"large":"https:\/\/www.anfitriaoprime.com.br\/blog\/wp-content\/uploads\/2022\/02\/Dimensoes-personalizadas-1920x550-px-24-1-1024x293.jpeg","large-width":648,"large-height":185,"1536x1536":"https:\/\/www.anfitriaoprime.com.br\/blog\/wp-content\/uploads\/2022\/02\/Dimensoes-personalizadas-1920x550-px-24-1-1536x440.jpeg","1536x1536-width":1536,"1536x1536-height":440,"2048x2048":"https:\/\/www.anfitriaoprime.com.br\/blog\/wp-content\/uploads\/2022\/02\/Dimensoes-personalizadas-1920x550-px-24-1.jpeg","2048x2048-width":1920,"2048x2048-height":550,"sparkling-featured":"https:\/\/www.anfitriaoprime.com.br\/blog\/wp-content\/uploads\/2022\/02\/Dimensoes-personalizadas-1920x550-px-24-1-750x410.jpeg","sparkling-featured-width":750,"sparkling-featured-height":410,"sparkling-featured-fullwidth":"https:\/\/www.anfitriaoprime.com.br\/blog\/wp-content\/uploads\/2022\/02\/Dimensoes-personalizadas-1920x550-px-24-1-1140x550.jpeg","sparkling-featured-fullwidth-width":1140,"sparkling-featured-fullwidth-height":550,"tab-small":"https:\/\/www.anfitriaoprime.com.br\/blog\/wp-content\/uploads\/2022\/02\/Dimensoes-personalizadas-1920x550-px-24-1-60x60.jpeg","tab-small-width":60,"tab-small-height":60,"crp_thumbnail":"https:\/\/www.anfitriaoprime.com.br\/blog\/wp-content\/uploads\/2022\/02\/Dimensoes-personalizadas-1920x550-px-24-1-150x150.jpeg","crp_thumbnail-width":150,"crp_thumbnail-height":150}},"titulo":"Itacar\u00e9\/BA - Casas, aptos e im\u00f3veis de temporada \u00e9 com o Anfitri\u00e3o Prime ","subtitulo":"<p><span style=\"font-weight: 400;\">Quer fazer aluguel de temporada em Itacar\u00e9? O Anfitri\u00e3o Prime oferece servi\u00e7os completos para voc\u00ea fazer loca\u00e7\u00e3o por temporada! Com a gente voc\u00ea consegue anunciar em mais de 30 sites de reserva simultaneamente, mas sem ter que se preocupar com nada. N\u00f3s atuamos em todas as etapas por voc\u00ea!\u00a0<\/span><\/p>\n<p>Quer ver os im\u00f3veis que temos em nosso portf\u00f3lio? <a href=\"https:\/\/reservas.anfitriaoprime.com.br\/\">Acesse o nosso site de reservas e confira!<\/a><\/p>\n","titulo_secao_1":"O que fazemos por voc\u00ea que quer fazer aluguel de temporada em Itacar\u00e9?","conteudo_secao_1":"<p><span style=\"font-weight: 400;\">O Anfitri\u00e3o Prime conta com v\u00e1rios profissionais do turismo e que s\u00e3o especializados no aluguel de temporada. Temos profissionais capacitados para atuar em todas as etapas da loca\u00e7\u00e3o por temporada para que voc\u00ea n\u00e3o precise se preocupar com nada. Entre os nossos servi\u00e7os ofertados em Itacar\u00e9 est\u00e3o:\u00a0<\/span><\/p>\n<ul>\n<li style=\"font-weight: 400;\" aria-level=\"1\"><span style=\"font-weight: 400;\">Criar e gerenciar an\u00fancios em mais de 30 sites de reserva, incluindo Airbnb, Booking e TripAdvisor;\u00a0<\/span><\/li>\n<li style=\"font-weight: 400;\" aria-level=\"1\"><span style=\"font-weight: 400;\">Fotografias profissionais dos im\u00f3veis;<\/span><\/li>\n<li style=\"font-weight: 400;\" aria-level=\"1\"><span style=\"font-weight: 400;\">Atender os h\u00f3spedes tanto na negocia\u00e7\u00e3o, quanto no check-in e check-out.<\/span><\/li>\n<\/ul>\n<p><span style=\"font-weight: 400;\">N\u00e3o perca mais tempo, se voc\u00ea quer trabalhar com loca\u00e7\u00e3o por temporada em Itacar\u00e9, fa\u00e7a o seu cadastro agora mesmo. Leva menos de 15 minutos!<\/span><\/p>\n","titulo_secao_2":"Conhe\u00e7a mais os nossos servi\u00e7os\u00a0","imagem_secao_2":false,"conteudo_secao_2":"<figure id=\"attachment_2288\" class=\"thumbnail wp-caption alignleft\" style=\"width: 760px\"><img decoding=\"async\" loading=\"lazy\" class=\"wp-image-2288 size-full\" src=\"https:\/\/www.anfitriaoprime.com.br\/blog\/wp-content\/uploads\/2022\/02\/Dimensoes-personalizadas-750x410-px-11-1.jpeg\" alt=\"Itacar\u00e9\" width=\"750\" height=\"410\" srcset=\"https:\/\/www.anfitriaoprime.com.br\/blog\/wp-content\/uploads\/2022\/02\/Dimensoes-personalizadas-750x410-px-11-1.jpeg 750w, https:\/\/www.anfitriaoprime.com.br\/blog\/wp-content\/uploads\/2022\/02\/Dimensoes-personalizadas-750x410-px-11-1-300x164.jpeg 300w\" sizes=\"(max-width: 750px) 100vw, 750px\" \/><figcaption class=\"caption wp-caption-text\">Imagem de 361338 por Pixabay<\/figcaption><\/figure>\n<p>Antes de mais nada, \u00e9 bom que voc\u00ea saiba que com os servi\u00e7os oferecidos pelo Anfitri\u00e3o Prime, \u00e9 poss\u00edvel ser um\u00a0<b>Anfitri\u00e3o de Airbnb\u00a0<\/b>de excel\u00eancia. Aliamos a experi\u00eancia de mais de 30 anos com turismo dos nossos profissionais \u00e0 tecnologia de ponta, garantindo maiores ganhos com o aluguel de temporada para que tem im\u00f3veis em Itacar\u00e9, e a melhor experi\u00eancia para os h\u00f3spedes. Confira alguns dos nossos servi\u00e7os:<\/p>\n<h3><b><img decoding=\"async\" class=\"emoji\" role=\"img\" draggable=\"false\" src=\"https:\/\/s.w.org\/images\/core\/emoji\/13.1.0\/svg\/1f4bb.svg\" alt=\"\ud83d\udcbb\" \/>\u00a0Anunciamos sua propriedade<\/b><\/h3>\n<p>Primeiramente, n\u00f3s criamos o an\u00fancio da sua propriedade e o publicamos em mais de 30 sites de reservas, como Airbnb, Booking, Vrbo (Alugue Temporada) e TripAdvisor.\u00a0 Em seguida, j\u00e1 ficamos respons\u00e1veis pela gest\u00e3o dele em cada uma das plataformas.<\/p>\n<h3><a href=\"https:\/\/www.anfitriaoprime.com.br\/blog\/foto-a-importancia-no-aluguel-de-temporada\/\"><b><img decoding=\"async\" class=\"emoji\" role=\"img\" draggable=\"false\" src=\"https:\/\/s.w.org\/images\/core\/emoji\/13.1.0\/svg\/1f4f7.svg\" alt=\"\ud83d\udcf7\" \/>\u00a0Fotos profissionais<\/b><\/a><\/h3>\n<p>As fotos profissionais do seu im\u00f3vel garantem uma melhor primeira impress\u00e3o aos h\u00f3spedes, o que aumenta as possibilidades de reservas.<\/p>\n<h3><b><img decoding=\"async\" class=\"emoji\" role=\"img\" draggable=\"false\" src=\"https:\/\/s.w.org\/images\/core\/emoji\/13.1.0\/svg\/1f4ac.svg\" alt=\"\ud83d\udcac\" \/>\u00a0Comunica\u00e7\u00e3o com os h\u00f3spedes<\/b><\/h3>\n<p>Um dos grandes problemas ao gerenciar um im\u00f3vel de temporada \u00e9 estar dispon\u00edvel para responder os h\u00f3spedes nas plataformas de reservas. Contudo, com o Anfitri\u00e3o Prime voc\u00ea n\u00e3o ter\u00e1 que se preocupar com isso, pois n\u00f3s temos uma equipe que est\u00e1 24\/7 dispon\u00edvel para atend\u00ea-los.<\/p>\n<h3><b><img decoding=\"async\" class=\"emoji\" role=\"img\" draggable=\"false\" src=\"https:\/\/s.w.org\/images\/core\/emoji\/13.1.0\/svg\/1f4c8.svg\" alt=\"\ud83d\udcc8\" \/>\u00a0<a href=\"https:\/\/www.anfitriaoprime.com.br\/blog\/valor-da-diaria-no-aluguel-de-temporada\/\">Defini\u00e7\u00e3o dos melhores pre\u00e7os de di\u00e1rias<\/a><\/b><\/h3>\n<p>Contamos com uma tecnologia de ponta que faz a precifica\u00e7\u00e3o inteligente do seu im\u00f3vel, pensando a longo prazo. Em outras palavras, ela leva em conta as varia\u00e7\u00f5es de pre\u00e7o que ocorrem durante o ano, como feriados, alta e baixa temporada. Al\u00e9m de outras situa\u00e7\u00f5es que podem fazer com que o valor da di\u00e1ria do seu im\u00f3vel varie.<\/p>\n<h3><b><img decoding=\"async\" class=\"emoji\" role=\"img\" draggable=\"false\" src=\"https:\/\/s.w.org\/images\/core\/emoji\/13.1.0\/svg\/2714.svg\" alt=\"\u2714\" \/>\u00a0Concierge, Limpeza e Manuten\u00e7\u00e3o\u00a0<\/b><\/h3>\n<p>Finalmente, para que voc\u00ea possa ser um Anfitri\u00e3o de Airbnb em Itacar\u00e9 completo, oferecemos servi\u00e7os complementares. Atualmente, contamos com especialistas para serem <b>concierge<\/b>\u00a0do seu im\u00f3vel e serem respons\u00e1veis do check-in e check-out dos h\u00f3spedes. Al\u00e9m de outros profissionais para\u00a0<strong>limpeza, manuten\u00e7\u00e3o<\/strong>\u00a0e outros servi\u00e7os necess\u00e1rios para garantir uma experi\u00eancia perfeita aos h\u00f3spedes.<\/p>\n","titulo_secao_3":"Por que anunciar por temporada com a gente?","conteudo_secao_3":"<p>O Anfitri\u00e3o Prime oferece um servi\u00e7o superior para propriet\u00e1rios que querem se tornar um Anfitri\u00e3o de Airbnb em Itacar\u00e9 ideal para h\u00f3spedes que procuram muito al\u00e9m de um lugar para dormir; h\u00f3spedes que buscam uma experi\u00eancia acolhedora e completa com o aluguel de temporada. Ent\u00e3o, se comparamos os servi\u00e7os do Anfitri\u00e3o Prime com os servi\u00e7os oferecidos por outros sites de reservas, voc\u00ea ter\u00e1 as seguintes vantagens:<\/p>\n","titulo_secao_6":"","conteudo_secao_6":"<h2><strong>Sobre Itacar\u00e9\u00a0<\/strong><\/h2>\n<p><span style=\"font-weight: 400;\">Itacar\u00e9 \u00e9 uma pequena cidade localizada no litoral do estado da Bahia, na Costa do Cacau, ao sul de Salvador. A primeira vista, a cidade pode parecer igual a outras cidades interioranas, com casas coloridas e vest\u00edgios da \u00e9poca colonial, mas o viajantes n\u00e3o deve parar nesta primeira impress\u00e3o. Logo ap\u00f3s conhecer mais sobre o local, ele perceber\u00e1 que Itacar\u00e9 tem de tudo um pouco e \u00e9 um local encantador. <\/span><\/p>\n<p><span style=\"font-weight: 400;\">Sendo esse um dos principais motivos para que a cidade tenha uma alta procura por im\u00f3veis de temporada. Isso, sem falar, na exuberante Mata Atl\u00e2ntica da regi\u00e3o \u00a0e v\u00e1rias atividades incr\u00edveis para os turistas.\u00a0<\/span><\/p>\n<h3><strong>Dicas de roteiro em Itacar\u00e9\u00a0<\/strong><\/h3>\n<p><span style=\"font-weight: 400;\">\u00c9 poss\u00edvel encontrar op\u00e7\u00f5es de atra\u00e7\u00f5es e passeios para todos os tipos de viajantes. E abaixo n\u00f3s listamos alguns que voc\u00ea pode indicar para seus h\u00f3spedes.\u00a0<\/span><\/p>\n<h3><\/h3>\n<h4><strong>Praias urbanas<\/strong><\/h4>\n<p><span style=\"font-weight: 400;\">A praias urbanas s\u00e3o excelentes para os visitantes que est\u00e3o em busca de facilidade para se locomover. Elas s\u00e3o de f\u00e1cil acesso, e, por isso, tamb\u00e9m s\u00e3o mais movimentadas.\u00a0<\/span><span style=\"font-weight: 400;\">Os cen\u00e1rios s\u00e3o deslumbrantes e os visitantes poder\u00e3o usufruir de uma boa infraestrutura local.\u00a0<\/span><\/p>\n<h3><\/h3>\n<h4><strong>Praias Rurais\u00a0<\/strong><\/h4>\n<p><span style=\"font-weight: 400;\">Se os seus h\u00f3spedes querem mais tranquilidade, voc\u00ea pode recomendar as praias rurais. Elas s\u00e3o mais preservadas e um pouco mais longe, mas \u00e9 justamente por isso que s\u00e3o menos movimentadas.\u00a0<\/span><span style=\"font-weight: 400;\">O bacana \u00e9 que existem op\u00e7\u00f5es de praias que voc\u00ea pode acessar a carro ou a p\u00e9.\u00a0<\/span><\/p>\n<h3><\/h3>\n<h3><strong>Trilhas<\/strong><\/h3>\n<p><span style=\"font-weight: 400;\">Sem sombra de d\u00favidas Itacar\u00e9 tem uma beleza \u00fanica. Isso porque ela une montanhas, Mata Atl\u00e2ntica e praias.\u00a0<\/span><span style=\"font-weight: 400;\">Por isso, vale a pena indicar para os h\u00f3spedes mais aventureiros uma das trilhas da regi\u00e3o. As mais famosas s\u00e3o a <strong>Trilha das Quatro Praias<\/strong> e a <strong>Trilha da Prainha<\/strong>.<\/span><\/p>\n<p>&nbsp;<\/p>\n<h4><strong>Cachoeiras<\/strong><\/h4>\n<p><span style=\"font-weight: 400;\">Por conta da Mata Atl\u00e2ntica que cerca o destino, seus h\u00f3spedes tamb\u00e9m poder\u00e3o tomar banho de cachoeiras em uma das v\u00e1rias quedas d\u2019\u00e1gua da regi\u00e3o. A mais famosa de todas \u00e9 a <strong>Cachoeira do Tiju\u00edpe<\/strong>, que tem uma entrada bem acess\u00edvel, apenas R$ 14.\u00a0<\/span><span style=\"font-weight: 400;\">Mas al\u00e9m delas tamb\u00e9m existem outras, algumas, inclusive, com entrada gratuita.\u00a0<\/span><\/p>\n<p>&nbsp;<\/p>\n<h2><span style=\"font-weight: 400;\">Onde comer em Itacar\u00e9\u00a0<\/span><\/h2>\n<p><span style=\"font-weight: 400;\">Uma coisa \u00e9 certa, Itacar\u00e9 \u00e9 um destino onde voc\u00ea <\/span><a href=\"https:\/\/www.tripadvisor.com.br\/Restaurants-g667504-Itacare_State_of_Bahia.html\"><span style=\"font-weight: 400;\">co<\/span><\/a><span style=\"font-weight: 400;\">m<\/span><a href=\"https:\/\/www.tripadvisor.com.br\/Restaurants-g667504-Itacare_State_of_Bahia.html\"><span style=\"font-weight: 400;\">e bem<\/span><\/a><span style=\"font-weight: 400;\">! A regi\u00e3o \u00e9 repleta de restaurantes, inclusive de alta gastronomia.<\/span><\/p>\n<p>Primeiramente, indicamos o <span style=\"font-weight: 400;\"><strong>Tia Deth<\/strong>, que \u00e9 um dos mais famosos da regi\u00e3o. Isso porque a especialidade do local s\u00e3o as moquecas. Al\u00e9m disso, outro destaque do card\u00e1pio \u00e9 a farofa de banana-da-terra.\u00a0<\/span><span style=\"font-weight: 400;\">Seus h\u00f3spedes ir\u00e3o se deliciar com a grande variedade de pratos com frutos do mar do local.\u00a0<\/span><\/p>\n<p><span style=\"font-weight: 400;\">O <strong>Restaurante Lua Cheia<\/strong> tamb\u00e9m \u00e9 um dos hits da cidade. O card\u00e1pio tem alguns cl\u00e1ssicos da comida baiana, mas tamb\u00e9m alguns pratos bem criativos.\u00a0\u00a0<\/span><span style=\"font-weight: 400;\">Seus h\u00f3spedes v\u00e3o ter diversas op\u00e7\u00f5es, tais como: arroz de coco, feijoada branca de frutos do mar, camar\u00e3o frito na tapioca e muito mais.\u00a0<\/span><\/p>\n<p><span style=\"font-weight: 400;\">Com o Anfitri\u00e3o Prime fica ainda mais f\u00e1cil atrair h\u00f3spedes para casas em Itacar\u00e9. Deixa que a gente cuida de tudo para voc\u00ea! Quer ver os im\u00f3veis que temos em nosso portf\u00f3lio? <a href=\"https:\/\/reservas.anfitriaoprime.com.br\/\">Acesse o nosso site de reservas e confira!<\/a><\/span><\/p>\n"},"_links":{"self":[{"href":"https:\/\/www.anfitriaoprime.com.br\/blog\/wp-json\/wp\/v2\/pages\/2279"}],"collection":[{"href":"https:\/\/www.anfitriaoprime.com.br\/blog\/wp-json\/wp\/v2\/pages"}],"about":[{"href":"https:\/\/www.anfitriaoprime.com.br\/blog\/wp-json\/wp\/v2\/types\/page"}],"author":[{"embeddable":true,"href":"https:\/\/www.anfitriaoprime.com.br\/blog\/wp-json\/wp\/v2\/users\/1"}],"replies":[{"embeddable":true,"href":"https:\/\/www.anfitriaoprime.com.br\/blog\/wp-json\/wp\/v2\/comments?post=2279"}],"version-history":[{"count":9,"href":"https:\/\/www.anfitriaoprime.com.br\/blog\/wp-json\/wp\/v2\/pages\/2279\/revisions"}],"predecessor-version":[{"id":2989,"href":"https:\/\/www.anfitriaoprime.com.br\/blog\/wp-json\/wp\/v2\/pages\/2279\/revisions\/2989"}],"wp:featuredmedia":[{"embeddable":true,"href":"https:\/\/www.anfitriaoprime.com.br\/blog\/wp-json\/wp\/v2\/media\/2281"}],"wp:attachment":[{"href":"https:\/\/www.anfitriaoprime.com.br\/blog\/wp-json\/wp\/v2\/media?parent=2279"}],"curies":[{"name":"wp","href":"https:\/\/api.w.org\/{rel}","templated":true}]}}