{"id":2412,"date":"2022-03-02T11:27:56","date_gmt":"2022-03-02T14:27:56","guid":{"rendered":"https:\/\/www.anfitriaoprime.com.br\/blog\/?page_id=2412"},"modified":"2022-03-03T11:57:16","modified_gmt":"2022-03-03T14:57:16","slug":"casa-para-alugar-em-porto-de-pedras-al","status":"publish","type":"page","link":"https:\/\/www.anfitriaoprime.com.br\/blog\/casa-para-alugar-em-porto-de-pedras-al\/","title":{"rendered":"Voc\u00ea tem casa para alugar em Porto de Pedras\/AL? O Anfitri\u00e3o Prime pode te ajudar com o aluguel de temporada dela!"},"content":{"rendered":"<p><span style=\"font-weight: 400;\">O Anfitri\u00e3o Prime \u00e9 uma imobili\u00e1ria digital que ir\u00e1 te ajudar com o aluguel de temporada da sua casa para alugar em Porto de Pedras\/AL. Oferecemos uma ampla gama de servi\u00e7os e uma plataforma completa para voc\u00ea atuar com aluguel de temporada sem dores de cabe\u00e7a.<\/span><\/p>\n<h2><strong>O Anfitri\u00e3o Prime te ajuda com a loca\u00e7\u00e3o por temporada da sua casa para alugar em Porto de Pedras\/AL<\/strong><\/h2>\n<p><span style=\"font-weight: 400;\">De antem\u00e3o, \u00e9 bom que voc\u00ea saiba que com o Anfitri\u00e3o Prime voc\u00ea pode rentabilizar essa casa para alugar em <strong>Porto de Pedras\/AL<\/strong> atrav\u00e9s da loca\u00e7\u00e3o por temporada. Isso porque n\u00f3s temos v\u00e1rios servi\u00e7os que ir\u00e3o te ajudar com isso de forma profissional e sem nenhuma dor de cabe\u00e7a. Entre as coisas que oferecemos podemos citar as seguintes:\u00a0<\/span><\/p>\n<ul>\n<li style=\"font-weight: 400;\" aria-level=\"1\"><span style=\"font-weight: 400;\">Atendimento ao cliente 24 horas, 7 dias por semana;<\/span><\/li>\n<li style=\"font-weight: 400;\" aria-level=\"1\"><span style=\"font-weight: 400;\">Fotos profissionais<\/span><\/li>\n<li style=\"font-weight: 400;\" aria-level=\"1\"><span style=\"font-weight: 400;\">Cria\u00e7\u00e3o e gest\u00e3o de an\u00fancio em mais de 30 sites de reservas, incluindo Airbnb, Booking.com e TripAdvisor;<\/span><\/li>\n<\/ul>\n<p><span style=\"font-weight: 400;\">Atrav\u00e9s do formul\u00e1rio ao lado voc\u00ea cadastra o seu im\u00f3vel em menos de 15 minutos e j\u00e1 pode come\u00e7ar a ganhar dinheiro com aluguel por temporada. N\u00e3o perca mais tempo, venha fazer parte da nossa imobili\u00e1ria digital.<\/span><\/p>\n<h2>O que fazemos por voc\u00ea que tem casa para alugar em Porto de Pedras?<\/h2>\n<p>Antes de mais nada, \u00e9 importante mencionar que com os servi\u00e7os oferecidos pelo Anfitri\u00e3o Prime, voc\u00ea pode ser um <b>Anfitri\u00e3o de Airbnb\u00a0<\/b>de excel\u00eancia. Sobretudo porque aliamos a experi\u00eancia de mais de 30 anos com turismo dos nossos profissionais \u00e0 tecnologia de ponta, garantindo maiores ganhos com o aluguel de temporada para que tem im\u00f3veis na regi\u00e3o. Al\u00e9m de tamb\u00e9m oferecermos a melhor experi\u00eancia para os h\u00f3spedes. Confira alguns dos nossos servi\u00e7os:<\/p>\n<h3><b><img decoding=\"async\" class=\"emoji\" role=\"img\" draggable=\"false\" src=\"https:\/\/s.w.org\/images\/core\/emoji\/13.1.0\/svg\/1f4bb.svg\" alt=\"\ud83d\udcbb\" \/>\u00a0Anunciamos sua propriedade<\/b><\/h3>\n<p>Primeiramente, n\u00f3s criamos o an\u00fancio da sua propriedade e o publicamos em mais de 30 sites de reservas, como Airbnb, Booking, VRBO (Alugue Temporada) e TripAdvisor.\u00a0 Em seguida, j\u00e1 ficamos respons\u00e1veis pela gest\u00e3o dele em cada uma das plataformas.<\/p>\n<h3><a href=\"https:\/\/www.anfitriaoprime.com.br\/blog\/foto-a-importancia-no-aluguel-de-temporada\/\"><b><img decoding=\"async\" class=\"emoji\" role=\"img\" draggable=\"false\" src=\"https:\/\/s.w.org\/images\/core\/emoji\/13.1.0\/svg\/1f4f7.svg\" alt=\"\ud83d\udcf7\" \/>\u00a0Fotos profissionais<\/b><\/a><\/h3>\n<p>As fotos profissionais do seu im\u00f3vel garantem uma melhor primeira impress\u00e3o aos h\u00f3spedes, o que aumenta as possibilidades de reservas.<\/p>\n<h3><b><img decoding=\"async\" class=\"emoji\" role=\"img\" draggable=\"false\" src=\"https:\/\/s.w.org\/images\/core\/emoji\/13.1.0\/svg\/1f4ac.svg\" alt=\"\ud83d\udcac\" \/>\u00a0Comunica\u00e7\u00e3o com os h\u00f3spedes<\/b><\/h3>\n<p>Um dos grandes problemas ao gerenciar um im\u00f3vel de temporada \u00e9 estar dispon\u00edvel para responder os h\u00f3spedes nas plataformas de reservas. Contudo, com o Anfitri\u00e3o Prime voc\u00ea n\u00e3o ter\u00e1 que se preocupar com isso, pois n\u00f3s temos uma equipe que est\u00e1 24\/7 dispon\u00edvel para atend\u00ea-los.<\/p>\n<h3><b><img decoding=\"async\" class=\"emoji\" role=\"img\" draggable=\"false\" src=\"https:\/\/s.w.org\/images\/core\/emoji\/13.1.0\/svg\/1f4c8.svg\" alt=\"\ud83d\udcc8\" \/>\u00a0<a href=\"https:\/\/www.anfitriaoprime.com.br\/blog\/valor-da-diaria-no-aluguel-de-temporada\/\">Defini\u00e7\u00e3o dos melhores pre\u00e7os de di\u00e1rias<\/a><\/b><\/h3>\n<p>Contamos com uma tecnologia de ponta que faz a precifica\u00e7\u00e3o inteligente do seu im\u00f3vel, pensando a longo prazo. Em outras palavras, ela leva em conta as varia\u00e7\u00f5es de pre\u00e7o que ocorrem durante o ano, como feriados, alta e baixa temporadas. Al\u00e9m de outras situa\u00e7\u00f5es que podem fazer com que o valor da di\u00e1ria do seu im\u00f3vel varie.<\/p>\n<h3><b><img decoding=\"async\" class=\"emoji\" role=\"img\" draggable=\"false\" src=\"https:\/\/s.w.org\/images\/core\/emoji\/13.1.0\/svg\/2714.svg\" alt=\"\u2714\" \/>\u00a0Concierge, Limpeza e Manuten\u00e7\u00e3o\u00a0<\/b><\/h3>\n<p>Finalmente, para que voc\u00ea possa ser um Anfitri\u00e3o de Airbnb em Porto de Pedras\/AL completo, oferecemos servi\u00e7os complementares. Atualmente, contamos com especialistas para serem <b>concierge<\/b>\u00a0do seu im\u00f3vel e serem respons\u00e1veis do check-in e check-out dos h\u00f3spedes. Al\u00e9m de outros profissionais para\u00a0<strong>limpeza, manuten\u00e7\u00e3o<\/strong>\u00a0e outros servi\u00e7os necess\u00e1rios para garantir uma experi\u00eancia perfeita aos h\u00f3spedes.<\/p>\n<h2>Por que voc\u00ea deve fazer loca\u00e7\u00e3o por temporada com a sua casa para alugar em Porto de Pedras?<\/h2>\n<p>O Anfitri\u00e3o Prime oferece um servi\u00e7o superior para propriet\u00e1rios que querem se tornar um Anfitri\u00e3o de Airbnb ideal para h\u00f3spedes que procuram muito al\u00e9m de um lugar para dormir; h\u00f3spedes que buscam uma experi\u00eancia acolhedora e completa com o aluguel de temporada. Ent\u00e3o, se comparamos os servi\u00e7os do Anfitri\u00e3o Prime com os servi\u00e7os oferecidos por outros sites de reservas, voc\u00ea ter\u00e1 as seguintes vantagens:<\/p>\n<figure id=\"attachment_2418\" class=\"thumbnail wp-caption alignnone\" style=\"width: 310px\"><img decoding=\"async\" loading=\"lazy\" class=\"size-medium wp-image-2418\" src=\"https:\/\/www.anfitriaoprime.com.br\/blog\/wp-content\/uploads\/2022\/03\/Dimensoes-personalizadas-750x410-px-19-300x164.jpeg\" alt=\"casa para alugar em Porto de Pedras\/AL\" width=\"300\" height=\"164\" srcset=\"https:\/\/www.anfitriaoprime.com.br\/blog\/wp-content\/uploads\/2022\/03\/Dimensoes-personalizadas-750x410-px-19-300x164.jpeg 300w, https:\/\/www.anfitriaoprime.com.br\/blog\/wp-content\/uploads\/2022\/03\/Dimensoes-personalizadas-750x410-px-19.jpeg 750w\" sizes=\"(max-width: 300px) 100vw, 300px\" \/><figcaption class=\"caption wp-caption-text\">Imagem de kadufernandiz no Pixabay<\/figcaption><\/figure>\n<h2><strong>Saiba mais sobre Porto de Pedras\/AL<\/strong><\/h2>\n<p>Se voc\u00ea tem uma casa para alugar em Porto de Pedras, ou um apartamento, uma kitnet ou qualquer outro tipo de acomoda\u00e7\u00e3o \u00e9 super importante que conhe\u00e7a mais sobre a regi\u00e3o. Em outras palavras, \u00e9 essencial saber que o munic\u00edpio de Porto de Pedras possui uma grande variedade de atrativos tur\u00edsticos. Desde bel\u00edssimas praias, at\u00e9 trilhas ecol\u00f3gicas. O charme r\u00fastico do cen\u00e1rio que contorna a regi\u00e3o, faz dela uma das mais encantadoras da Costa dos Corais, entre Macei\u00f3 e Recife.<\/p>\n<div class=\"foto-capa-cidade\"><\/div>\n<p><span style=\"font-weight: 400;\">E para te ajudar a divulgar suas casas em Porto de Pedras de maneira mais atrativa para os h\u00f3spedes em potencial, n\u00f3s separamos algumas dicas de roteiro. Confira:\u00a0<\/span><\/p>\n<p>&nbsp;<\/p>\n<h3><strong>Dicas de roteiro em Porto de Pedras<\/strong><\/h3>\n<p><span style=\"font-weight: 400;\">Porto de Pedras \u00e9 um destino muito procurado por turistas que amam sol e praia. Ent\u00e3o, vale a pena ressaltar alguns dos seguintes pontos tur\u00edsticos e atra\u00e7\u00f5es:\u00a0<\/span><\/p>\n<p>&nbsp;<\/p>\n<h4><strong><em>Piscinas Naturais da Praia do Patacho<\/em><\/strong><\/h4>\n<p><span style=\"font-weight: 400;\">Vamos come\u00e7ar falando sobre as belas <em>Piscinas Naturais da Praia do Patacho.<\/em> O local \u00e9 um espet\u00e1culo da natureza com \u00e1guas cristalinas e corais. Logo, o<\/span><span style=\"font-weight: 400;\">s h\u00f3spedes do seu im\u00f3vel <\/span>em <b>Porto de Pedras<\/b><span style=\"font-weight: 400;\"> poder\u00e3o passear de jangada pela regi\u00e3o e ainda desfrutar de todo o conforto que os turistas sempre buscam.\u00a0<\/span><\/p>\n<p>&nbsp;<\/p>\n<h4><em><strong>Farol do Porto de Pedras\u00a0<\/strong><\/em><\/h4>\n<p><span style=\"font-weight: 400;\">Mais uma das dicas de roteiro para seus h\u00f3spedes \u00e9 o <em>Farol do Porto de Pedras<\/em>. Ele tem 90 metros de altura e foi inaugurado em 1933.\u00a0<\/span><span style=\"font-weight: 400;\">A vista \u00e9 simplesmente deslumbrante e perfeita para as fotos de viagem.<\/span><\/p>\n<p>&nbsp;<\/p>\n<h4><em><strong>Praia do Patacho<\/strong><\/em><\/h4>\n<p><span style=\"font-weight: 400;\">Como comentamos l\u00e1 no come\u00e7o, uma casa para alugar em<\/span>\u00a0<b>Porto de Pedras<\/b><span style=\"font-weight: 400;\"> \u00e9 muito procurada, principalmente pelo fato de a regi\u00e3o ter sol o ano todo. Por isso, n\u00e3o poder\u00edamos deixar de falar da Praia de Patacho, que \u00e9 a mais famosa da regi\u00e3o.\u00a0<\/span><span style=\"font-weight: 400;\">Inclusive, sua orla \u00e9 considerada uma das mais bonitas do Brasil. Apesar de n\u00e3o possuir uma ampla infraestrutura, ela \u00e9 perfeita para quem procura um cantinho para relaxar.\u00a0<\/span><\/p>\n<p>&nbsp;<\/p>\n<h3><strong>Onde comer<\/strong><\/h3>\n<p><span style=\"font-weight: 400;\">Definitivamente, os visitantes que fizerem loca\u00e7\u00e3o de temporada em Porto de Pedras tamb\u00e9m v\u00e3o querer conhecer bons lugares para comer. Por isso, tamb\u00e9m listamos algumas recomenda\u00e7\u00f5es gastron\u00f4micas.\u00a0<\/span><\/p>\n<p><span style=\"font-weight: 400;\">Come\u00e7ando pelo famoso <em><strong>Caf\u00e9 e Emp\u00f3rio Jardim Secreto<\/strong><\/em>.\u00a0 Ele fica pertinho da <em><strong>Associa\u00e7\u00e3o Peixe Boi<\/strong><\/em> e traz v\u00e1rias op\u00e7\u00f5es de bolos para aquele lanche de fim de tarde. Vale destacar aqui o <em>bolo de doce de leite com recheio de banana e morango.\u00a0<\/em><\/span><\/p>\n<p><span style=\"font-weight: 400;\">Em seguida, para os h\u00f3spedes que quiserem uma vibe mais pub, a dica \u00e9 o bar <strong>NaCasa de Boa<\/strong>. O local fica aberto at\u00e9 tarde da noite, o que \u00e9 ideal para quem busca uma atividade noturna.\u00a0<\/span><span style=\"font-weight: 400;\">O card\u00e1pio \u00e9 mais enxuto, entretanto oferece op\u00e7\u00f5es bem interessantes, como a <em>Casquinha de Aratu.<\/em> Isso sem contar nos drinks!\u00a0\u00a0<\/span><\/p>\n<p><span style=\"font-weight: 400;\">Enfim, voc\u00ea pode usar todas as dicas de roteiro acima para atrair ainda mais h\u00f3spedes para a sua casa para alugar em Porto de Pedras<\/span><span style=\"font-weight: 400;\">. Aproveite e se cadastre agora mesmo no Anfitri\u00e3o Prime atrav\u00e9s do formul\u00e1rio ao lado.\u00a0<\/span><\/p>\n","protected":false},"excerpt":{"rendered":"<p>O Anfitri\u00e3o Prime \u00e9 uma imobili\u00e1ria digital que ir\u00e1 te ajudar com o aluguel de temporada da sua casa para alugar em Porto de Pedras\/AL. Oferecemos uma ampla gama de servi\u00e7os e uma plataforma completa para voc\u00ea atuar com aluguel de temporada sem dores de cabe\u00e7a. O Anfitri\u00e3o Prime te ajuda com a loca\u00e7\u00e3o por [&hellip;]<\/p>\n","protected":false},"author":1,"featured_media":2414,"parent":0,"menu_order":0,"comment_status":"closed","ping_status":"closed","template":"page-lp.php","meta":[],"yoast_head":"<!-- This site is optimized with the Yoast SEO plugin v21.1 - https:\/\/yoast.com\/wordpress\/plugins\/seo\/ -->\n<title>Voc\u00ea tem casa para alugar em Porto de Pedras? N\u00f3s podemos te ajudar!<\/title>\n<meta name=\"description\" content=\"N\u00f3s podemos ajudar voc\u00ea que tem casa para alugar em Porto de Pedras e pensar em uma estrat\u00e9gia a longo prazo para o seu aluguel de temporada!\" \/>\n<meta name=\"robots\" content=\"index, follow, max-snippet:-1, max-image-preview:large, max-video-preview:-1\" \/>\n<link rel=\"canonical\" href=\"https:\/\/www.anfitriaoprime.com.br\/blog\/casa-para-alugar-em-porto-de-pedras-al\/\" \/>\n<meta property=\"og:locale\" content=\"pt_BR\" \/>\n<meta property=\"og:type\" content=\"article\" \/>\n<meta property=\"og:title\" content=\"Voc\u00ea tem casa para alugar em Porto de Pedras? N\u00f3s podemos te ajudar!\" \/>\n<meta property=\"og:description\" content=\"N\u00f3s podemos ajudar voc\u00ea que tem casa para alugar em Porto de Pedras e pensar em uma estrat\u00e9gia a longo prazo para o seu aluguel de temporada!\" \/>\n<meta property=\"og:url\" content=\"https:\/\/www.anfitriaoprime.com.br\/blog\/casa-para-alugar-em-porto-de-pedras-al\/\" \/>\n<meta property=\"og:site_name\" content=\"Blog Anfitri\u00e3o Prime: Ganhe dinheiro com aluguel de temporada.\" \/>\n<meta property=\"article:modified_time\" content=\"2022-03-03T14:57:16+00:00\" \/>\n<meta property=\"og:image\" content=\"https:\/\/www.anfitriaoprime.com.br\/blog\/wp-content\/uploads\/2022\/03\/Dimensoes-personalizadas-1920x550-px-35-1.jpeg\" \/>\n\t<meta property=\"og:image:width\" content=\"1920\" \/>\n\t<meta property=\"og:image:height\" content=\"550\" \/>\n\t<meta property=\"og:image:type\" content=\"image\/jpeg\" \/>\n<meta name=\"twitter:card\" content=\"summary_large_image\" \/>\n<meta name=\"twitter:label1\" content=\"Est. tempo de leitura\" \/>\n\t<meta name=\"twitter:data1\" content=\"8 minutos\" \/>\n<script type=\"application\/ld+json\" class=\"yoast-schema-graph\">{\"@context\":\"https:\/\/schema.org\",\"@graph\":[{\"@type\":\"WebPage\",\"@id\":\"https:\/\/www.anfitriaoprime.com.br\/blog\/casa-para-alugar-em-porto-de-pedras-al\/\",\"url\":\"https:\/\/www.anfitriaoprime.com.br\/blog\/casa-para-alugar-em-porto-de-pedras-al\/\",\"name\":\"Voc\u00ea tem casa para alugar em Porto de Pedras? N\u00f3s podemos te ajudar!\",\"isPartOf\":{\"@id\":\"https:\/\/www.anfitriaoprime.com.br\/blog\/#website\"},\"datePublished\":\"2022-03-02T14:27:56+00:00\",\"dateModified\":\"2022-03-03T14:57:16+00:00\",\"description\":\"N\u00f3s podemos ajudar voc\u00ea que tem casa para alugar em Porto de Pedras e pensar em uma estrat\u00e9gia a longo prazo para o seu aluguel de temporada!\",\"breadcrumb\":{\"@id\":\"https:\/\/www.anfitriaoprime.com.br\/blog\/casa-para-alugar-em-porto-de-pedras-al\/#breadcrumb\"},\"inLanguage\":\"pt-BR\",\"potentialAction\":[{\"@type\":\"ReadAction\",\"target\":[\"https:\/\/www.anfitriaoprime.com.br\/blog\/casa-para-alugar-em-porto-de-pedras-al\/\"]}]},{\"@type\":\"BreadcrumbList\",\"@id\":\"https:\/\/www.anfitriaoprime.com.br\/blog\/casa-para-alugar-em-porto-de-pedras-al\/#breadcrumb\",\"itemListElement\":[{\"@type\":\"ListItem\",\"position\":1,\"name\":\"In\u00edcio\",\"item\":\"https:\/\/www.anfitriaoprime.com.br\/blog\/\"},{\"@type\":\"ListItem\",\"position\":2,\"name\":\"Voc\u00ea tem casa para alugar em Porto de Pedras\/AL? O Anfitri\u00e3o Prime pode te ajudar com o aluguel de temporada dela!\"}]},{\"@type\":\"WebSite\",\"@id\":\"https:\/\/www.anfitriaoprime.com.br\/blog\/#website\",\"url\":\"https:\/\/www.anfitriaoprime.com.br\/blog\/\",\"name\":\"Blog Anfitri\u00e3o Prime - Gest\u00e3o de propriedade para aluguel de temporada\",\"description\":\"No blog do Anfitri\u00e3o Prime voc\u00ea encontra dicas e informa\u00e7\u00f5es sobre o mercado de aluguel de temporada escrito por anfitri\u00f5es profissionais\",\"potentialAction\":[{\"@type\":\"SearchAction\",\"target\":{\"@type\":\"EntryPoint\",\"urlTemplate\":\"https:\/\/www.anfitriaoprime.com.br\/blog\/?s={search_term_string}\"},\"query-input\":\"required name=search_term_string\"}],\"inLanguage\":\"pt-BR\"}]}<\/script>\n<!-- \/ Yoast SEO plugin. -->","yoast_head_json":{"title":"Voc\u00ea tem casa para alugar em Porto de Pedras? N\u00f3s podemos te ajudar!","description":"N\u00f3s podemos ajudar voc\u00ea que tem casa para alugar em Porto de Pedras e pensar em uma estrat\u00e9gia a longo prazo para o seu aluguel de temporada!","robots":{"index":"index","follow":"follow","max-snippet":"max-snippet:-1","max-image-preview":"max-image-preview:large","max-video-preview":"max-video-preview:-1"},"canonical":"https:\/\/www.anfitriaoprime.com.br\/blog\/casa-para-alugar-em-porto-de-pedras-al\/","og_locale":"pt_BR","og_type":"article","og_title":"Voc\u00ea tem casa para alugar em Porto de Pedras? N\u00f3s podemos te ajudar!","og_description":"N\u00f3s podemos ajudar voc\u00ea que tem casa para alugar em Porto de Pedras e pensar em uma estrat\u00e9gia a longo prazo para o seu aluguel de temporada!","og_url":"https:\/\/www.anfitriaoprime.com.br\/blog\/casa-para-alugar-em-porto-de-pedras-al\/","og_site_name":"Blog Anfitri\u00e3o Prime: Ganhe dinheiro com aluguel de temporada.","article_modified_time":"2022-03-03T14:57:16+00:00","og_image":[{"width":1920,"height":550,"url":"https:\/\/www.anfitriaoprime.com.br\/blog\/wp-content\/uploads\/2022\/03\/Dimensoes-personalizadas-1920x550-px-35-1.jpeg","type":"image\/jpeg"}],"twitter_card":"summary_large_image","twitter_misc":{"Est. tempo de leitura":"8 minutos"},"schema":{"@context":"https:\/\/schema.org","@graph":[{"@type":"WebPage","@id":"https:\/\/www.anfitriaoprime.com.br\/blog\/casa-para-alugar-em-porto-de-pedras-al\/","url":"https:\/\/www.anfitriaoprime.com.br\/blog\/casa-para-alugar-em-porto-de-pedras-al\/","name":"Voc\u00ea tem casa para alugar em Porto de Pedras? N\u00f3s podemos te ajudar!","isPartOf":{"@id":"https:\/\/www.anfitriaoprime.com.br\/blog\/#website"},"datePublished":"2022-03-02T14:27:56+00:00","dateModified":"2022-03-03T14:57:16+00:00","description":"N\u00f3s podemos ajudar voc\u00ea que tem casa para alugar em Porto de Pedras e pensar em uma estrat\u00e9gia a longo prazo para o seu aluguel de temporada!","breadcrumb":{"@id":"https:\/\/www.anfitriaoprime.com.br\/blog\/casa-para-alugar-em-porto-de-pedras-al\/#breadcrumb"},"inLanguage":"pt-BR","potentialAction":[{"@type":"ReadAction","target":["https:\/\/www.anfitriaoprime.com.br\/blog\/casa-para-alugar-em-porto-de-pedras-al\/"]}]},{"@type":"BreadcrumbList","@id":"https:\/\/www.anfitriaoprime.com.br\/blog\/casa-para-alugar-em-porto-de-pedras-al\/#breadcrumb","itemListElement":[{"@type":"ListItem","position":1,"name":"In\u00edcio","item":"https:\/\/www.anfitriaoprime.com.br\/blog\/"},{"@type":"ListItem","position":2,"name":"Voc\u00ea tem casa para alugar em Porto de Pedras\/AL? O Anfitri\u00e3o Prime pode te ajudar com o aluguel de temporada dela!"}]},{"@type":"WebSite","@id":"https:\/\/www.anfitriaoprime.com.br\/blog\/#website","url":"https:\/\/www.anfitriaoprime.com.br\/blog\/","name":"Blog Anfitri\u00e3o Prime - Gest\u00e3o de propriedade para aluguel de temporada","description":"No blog do Anfitri\u00e3o Prime voc\u00ea encontra dicas e informa\u00e7\u00f5es sobre o mercado de aluguel de temporada escrito por anfitri\u00f5es profissionais","potentialAction":[{"@type":"SearchAction","target":{"@type":"EntryPoint","urlTemplate":"https:\/\/www.anfitriaoprime.com.br\/blog\/?s={search_term_string}"},"query-input":"required name=search_term_string"}],"inLanguage":"pt-BR"}]}},"acf":{"imagem":{"ID":2414,"id":2414,"title":"Dimens\u00f5es personalizadas 1920x550 px (35)","filename":"Dimensoes-personalizadas-1920x550-px-35-1.jpeg","filesize":772206,"url":"https:\/\/www.anfitriaoprime.com.br\/blog\/wp-content\/uploads\/2022\/03\/Dimensoes-personalizadas-1920x550-px-35-1.jpeg","link":"https:\/\/www.anfitriaoprime.com.br\/blog\/casa-para-alugar-em-porto-de-pedras-al\/dimensoes-personalizadas-1920x550-px-35-2\/","alt":"casa para alugar em Porto de Pedras","author":"1","description":"","caption":"Photo by Matheus Augusto Candido on Unsplash","name":"dimensoes-personalizadas-1920x550-px-35-2","status":"inherit","uploaded_to":2412,"date":"2022-03-02 13:27:49","modified":"2022-03-02 13:28:10","menu_order":0,"mime_type":"image\/jpeg","type":"image","subtype":"jpeg","icon":"https:\/\/www.anfitriaoprime.com.br\/blog\/wp-includes\/images\/media\/default.png","width":1920,"height":550,"sizes":{"thumbnail":"https:\/\/www.anfitriaoprime.com.br\/blog\/wp-content\/uploads\/2022\/03\/Dimensoes-personalizadas-1920x550-px-35-1-150x150.jpeg","thumbnail-width":150,"thumbnail-height":150,"medium":"https:\/\/www.anfitriaoprime.com.br\/blog\/wp-content\/uploads\/2022\/03\/Dimensoes-personalizadas-1920x550-px-35-1-300x86.jpeg","medium-width":300,"medium-height":86,"medium_large":"https:\/\/www.anfitriaoprime.com.br\/blog\/wp-content\/uploads\/2022\/03\/Dimensoes-personalizadas-1920x550-px-35-1-768x220.jpeg","medium_large-width":648,"medium_large-height":186,"large":"https:\/\/www.anfitriaoprime.com.br\/blog\/wp-content\/uploads\/2022\/03\/Dimensoes-personalizadas-1920x550-px-35-1-1024x293.jpeg","large-width":648,"large-height":185,"1536x1536":"https:\/\/www.anfitriaoprime.com.br\/blog\/wp-content\/uploads\/2022\/03\/Dimensoes-personalizadas-1920x550-px-35-1-1536x440.jpeg","1536x1536-width":1536,"1536x1536-height":440,"2048x2048":"https:\/\/www.anfitriaoprime.com.br\/blog\/wp-content\/uploads\/2022\/03\/Dimensoes-personalizadas-1920x550-px-35-1.jpeg","2048x2048-width":1920,"2048x2048-height":550,"sparkling-featured":"https:\/\/www.anfitriaoprime.com.br\/blog\/wp-content\/uploads\/2022\/03\/Dimensoes-personalizadas-1920x550-px-35-1-750x410.jpeg","sparkling-featured-width":750,"sparkling-featured-height":410,"sparkling-featured-fullwidth":"https:\/\/www.anfitriaoprime.com.br\/blog\/wp-content\/uploads\/2022\/03\/Dimensoes-personalizadas-1920x550-px-35-1-1140x550.jpeg","sparkling-featured-fullwidth-width":1140,"sparkling-featured-fullwidth-height":550,"tab-small":"https:\/\/www.anfitriaoprime.com.br\/blog\/wp-content\/uploads\/2022\/03\/Dimensoes-personalizadas-1920x550-px-35-1-60x60.jpeg","tab-small-width":60,"tab-small-height":60,"crp_thumbnail":"https:\/\/www.anfitriaoprime.com.br\/blog\/wp-content\/uploads\/2022\/03\/Dimensoes-personalizadas-1920x550-px-35-1-150x150.jpeg","crp_thumbnail-width":150,"crp_thumbnail-height":150}},"titulo":"Voc\u00ea tem casa para alugar em Porto de Pedras\/AL? O Anfitri\u00e3o Prime pode te ajudar com o aluguel de temporada dela!","subtitulo":"<p><span style=\"font-weight: 400;\">O Anfitri\u00e3o Prime \u00e9 uma imobili\u00e1ria digital que ir\u00e1 te ajudar com o aluguel de temporada da sua casa para alugar em Porto de Pedras\/AL. Oferecemos uma ampla gama de servi\u00e7os e uma plataforma completa para voc\u00ea atuar com aluguel de temporada sem dores de cabe\u00e7a. Quer ver os im\u00f3veis que temos em nosso portf\u00f3lio? <a href=\"https:\/\/reservas.anfitriaoprime.com.br\/\">Acesse o nosso site de reservas e confira!<\/a><\/span><\/p>\n","titulo_secao_1":"O Anfitri\u00e3o Prime te ajuda com a loca\u00e7\u00e3o por temporada da sua casa para alugar em Porto de Pedras\/AL ","conteudo_secao_1":"<p><span style=\"font-weight: 400;\">De antem\u00e3o, \u00e9 bom que voc\u00ea saiba que com o Anfitri\u00e3o Prime voc\u00ea pode rentabilizar essa casa para alugar em <strong>Porto de Pedras\/AL<\/strong> atrav\u00e9s da loca\u00e7\u00e3o por temporada. Isso porque n\u00f3s temos v\u00e1rios servi\u00e7os que ir\u00e3o te ajudar com isso de forma profissional e sem nenhuma dor de cabe\u00e7a. Entre as coisas que oferecemos podemos citar as seguintes:\u00a0<\/span><\/p>\n<ul>\n<li style=\"font-weight: 400;\" aria-level=\"1\"><span style=\"font-weight: 400;\">Atendimento ao cliente 24 horas, 7 dias por semana;<\/span><\/li>\n<li style=\"font-weight: 400;\" aria-level=\"1\"><span style=\"font-weight: 400;\">Fotos profissionais<\/span><\/li>\n<li style=\"font-weight: 400;\" aria-level=\"1\"><span style=\"font-weight: 400;\">Cria\u00e7\u00e3o e gest\u00e3o de an\u00fancio em mais de 30 sites de reservas, incluindo Airbnb, Booking.com e TripAdvisor;<\/span><\/li>\n<\/ul>\n<p><span style=\"font-weight: 400;\">Atrav\u00e9s do formul\u00e1rio ao lado voc\u00ea cadastra o seu im\u00f3vel em menos de 15 minutos e j\u00e1 pode come\u00e7ar a ganhar dinheiro com aluguel por temporada. N\u00e3o perca mais tempo, venha fazer parte da nossa imobili\u00e1ria digital.<\/span><\/p>\n","titulo_secao_2":"O que fazemos por voc\u00ea que tem casa para alugar em Porto de Pedras?","imagem_secao_2":false,"conteudo_secao_2":"<figure id=\"attachment_2418\" class=\"thumbnail wp-caption alignleft\" style=\"width: 760px\"><img decoding=\"async\" loading=\"lazy\" class=\"wp-image-2418 size-full\" src=\"https:\/\/www.anfitriaoprime.com.br\/blog\/wp-content\/uploads\/2022\/03\/Dimensoes-personalizadas-750x410-px-19.jpeg\" alt=\"casa para alugar em Porto de Pedras\/AL\" width=\"750\" height=\"410\" srcset=\"https:\/\/www.anfitriaoprime.com.br\/blog\/wp-content\/uploads\/2022\/03\/Dimensoes-personalizadas-750x410-px-19.jpeg 750w, https:\/\/www.anfitriaoprime.com.br\/blog\/wp-content\/uploads\/2022\/03\/Dimensoes-personalizadas-750x410-px-19-300x164.jpeg 300w\" sizes=\"(max-width: 750px) 100vw, 750px\" \/><figcaption class=\"caption wp-caption-text\">Imagem de kadufernandiz no Pixabay<\/figcaption><\/figure>\n<p>Antes de mais nada, \u00e9 importante mencionar que com os servi\u00e7os oferecidos pelo Anfitri\u00e3o Prime, voc\u00ea pode ser um <b>Anfitri\u00e3o de Airbnb\u00a0<\/b>de excel\u00eancia. Sobretudo porque aliamos a experi\u00eancia de mais de 30 anos com turismo dos nossos profissionais \u00e0 tecnologia de ponta, garantindo maiores ganhos com o aluguel de temporada para que tem im\u00f3veis na regi\u00e3o. Al\u00e9m de tamb\u00e9m oferecermos a melhor experi\u00eancia para os h\u00f3spedes. Confira alguns dos nossos servi\u00e7os:<\/p>\n<h3><b><img decoding=\"async\" class=\"emoji\" role=\"img\" draggable=\"false\" src=\"https:\/\/s.w.org\/images\/core\/emoji\/13.1.0\/svg\/1f4bb.svg\" alt=\"\ud83d\udcbb\" \/>\u00a0Anunciamos sua propriedade<\/b><\/h3>\n<p>Primeiramente, n\u00f3s criamos o an\u00fancio da sua propriedade e o publicamos em mais de 30 sites de reservas, como Airbnb, Booking, VRBO (Alugue Temporada) e TripAdvisor.\u00a0 Em seguida, j\u00e1 ficamos respons\u00e1veis pela gest\u00e3o dele em cada uma das plataformas.<\/p>\n<h3><a href=\"https:\/\/www.anfitriaoprime.com.br\/blog\/foto-a-importancia-no-aluguel-de-temporada\/\"><b><img decoding=\"async\" class=\"emoji\" role=\"img\" draggable=\"false\" src=\"https:\/\/s.w.org\/images\/core\/emoji\/13.1.0\/svg\/1f4f7.svg\" alt=\"\ud83d\udcf7\" \/>\u00a0Fotos profissionais<\/b><\/a><\/h3>\n<p>As fotos profissionais do seu im\u00f3vel garantem uma melhor primeira impress\u00e3o aos h\u00f3spedes, o que aumenta as possibilidades de reservas.<\/p>\n<h3><b><img decoding=\"async\" class=\"emoji\" role=\"img\" draggable=\"false\" src=\"https:\/\/s.w.org\/images\/core\/emoji\/13.1.0\/svg\/1f4ac.svg\" alt=\"\ud83d\udcac\" \/>\u00a0Comunica\u00e7\u00e3o com os h\u00f3spedes<\/b><\/h3>\n<p>Um dos grandes problemas ao gerenciar um im\u00f3vel de temporada \u00e9 estar dispon\u00edvel para responder os h\u00f3spedes nas plataformas de reservas. Contudo, com o Anfitri\u00e3o Prime voc\u00ea n\u00e3o ter\u00e1 que se preocupar com isso, pois n\u00f3s temos uma equipe que est\u00e1 24\/7 dispon\u00edvel para atend\u00ea-los.<\/p>\n<h3><b><img decoding=\"async\" class=\"emoji\" role=\"img\" draggable=\"false\" src=\"https:\/\/s.w.org\/images\/core\/emoji\/13.1.0\/svg\/1f4c8.svg\" alt=\"\ud83d\udcc8\" \/>\u00a0<a href=\"https:\/\/www.anfitriaoprime.com.br\/blog\/valor-da-diaria-no-aluguel-de-temporada\/\">Defini\u00e7\u00e3o dos melhores pre\u00e7os de di\u00e1rias<\/a><\/b><\/h3>\n<p>Contamos com uma tecnologia de ponta que faz a precifica\u00e7\u00e3o inteligente do seu im\u00f3vel, pensando a longo prazo. Em outras palavras, ela leva em conta as varia\u00e7\u00f5es de pre\u00e7o que ocorrem durante o ano, como feriados, alta e baixa temporadas. Al\u00e9m de outras situa\u00e7\u00f5es que podem fazer com que o valor da di\u00e1ria do seu im\u00f3vel varie.<\/p>\n<h3><b><img decoding=\"async\" class=\"emoji\" role=\"img\" draggable=\"false\" src=\"https:\/\/s.w.org\/images\/core\/emoji\/13.1.0\/svg\/2714.svg\" alt=\"\u2714\" \/>\u00a0Concierge, Limpeza e Manuten\u00e7\u00e3o\u00a0<\/b><\/h3>\n<p>Finalmente, para que voc\u00ea possa ser um Anfitri\u00e3o de Airbnb em Porto de Pedras\/AL completo, oferecemos servi\u00e7os complementares. Atualmente, contamos com especialistas para serem <b>concierge<\/b>\u00a0do seu im\u00f3vel e serem respons\u00e1veis do check-in e check-out dos h\u00f3spedes. Al\u00e9m de outros profissionais para\u00a0<strong>limpeza, manuten\u00e7\u00e3o<\/strong>\u00a0e outros servi\u00e7os necess\u00e1rios para garantir uma experi\u00eancia perfeita aos h\u00f3spedes.<\/p>\n","titulo_secao_3":"Por que voc\u00ea deve fazer loca\u00e7\u00e3o por temporada com a sua casa para alugar em Porto de Pedras?\u00a0","conteudo_secao_3":"<p>O Anfitri\u00e3o Prime oferece um servi\u00e7o superior para propriet\u00e1rios que querem se tornar um Anfitri\u00e3o de Airbnb ideal para h\u00f3spedes que procuram muito al\u00e9m de um lugar para dormir; h\u00f3spedes que buscam uma experi\u00eancia acolhedora e completa com o aluguel de temporada. Ent\u00e3o, se comparamos os servi\u00e7os do Anfitri\u00e3o Prime com os servi\u00e7os oferecidos por outros sites de reservas, voc\u00ea ter\u00e1 as seguintes vantagens:<\/p>\n","titulo_secao_6":"Saiba mais sobre Porto de Pedras\/AL","conteudo_secao_6":"<p>Se voc\u00ea tem uma casa para alugar em Porto de Pedras, ou um apartamento, uma kitnet ou qualquer outro tipo de acomoda\u00e7\u00e3o \u00e9 super importante que conhe\u00e7a mais sobre a regi\u00e3o. Em outras palavras, \u00e9 essencial saber que o munic\u00edpio de Porto de Pedras possui uma grande variedade de atrativos tur\u00edsticos. Desde bel\u00edssimas praias, at\u00e9 trilhas ecol\u00f3gicas. O charme r\u00fastico do cen\u00e1rio que contorna a regi\u00e3o, faz dela uma das mais encantadoras da Costa dos Corais, entre Macei\u00f3 e Recife.<\/p>\n<div class=\"foto-capa-cidade\"><\/div>\n<p><span style=\"font-weight: 400;\">E para te ajudar a divulgar suas casas em Porto de Pedras de maneira mais atrativa para os h\u00f3spedes em potencial, n\u00f3s separamos algumas dicas de roteiro. Confira:\u00a0<\/span><\/p>\n<p>&nbsp;<\/p>\n<h3><strong>Dicas de roteiro em Porto de Pedras<\/strong><\/h3>\n<p><span style=\"font-weight: 400;\">Porto de Pedras \u00e9 um destino muito procurado por turistas que amam sol e praia. Ent\u00e3o, vale a pena ressaltar alguns dos seguintes pontos tur\u00edsticos e atra\u00e7\u00f5es:\u00a0<\/span><\/p>\n<p>&nbsp;<\/p>\n<h4><strong><em>Piscinas Naturais da Praia do Patacho<\/em><\/strong><\/h4>\n<p><span style=\"font-weight: 400;\">Vamos come\u00e7ar falando sobre as belas <em>Piscinas Naturais da Praia do Patacho.<\/em> O local \u00e9 um espet\u00e1culo da natureza com \u00e1guas cristalinas e corais. Logo, o<\/span><span style=\"font-weight: 400;\">s h\u00f3spedes do seu im\u00f3vel <\/span>em <b>Porto de Pedras<\/b><span style=\"font-weight: 400;\"> poder\u00e3o passear de jangada pela regi\u00e3o e ainda desfrutar de todo o conforto que os turistas sempre buscam.\u00a0<\/span><\/p>\n<p>&nbsp;<\/p>\n<h4><em><strong>Farol do Porto de Pedras\u00a0<\/strong><\/em><\/h4>\n<p><span style=\"font-weight: 400;\">Mais uma das dicas de roteiro para seus h\u00f3spedes \u00e9 o <em>Farol do Porto de Pedras<\/em>. Ele tem 90 metros de altura e foi inaugurado em 1933.\u00a0<\/span><span style=\"font-weight: 400;\">A vista \u00e9 simplesmente deslumbrante e perfeita para as fotos de viagem.<\/span><\/p>\n<p>&nbsp;<\/p>\n<h4><em><strong>Praia do Patacho<\/strong><\/em><\/h4>\n<p><span style=\"font-weight: 400;\">Como comentamos l\u00e1 no come\u00e7o, uma casa para alugar em<\/span>\u00a0<b>Porto de Pedras<\/b><span style=\"font-weight: 400;\"> \u00e9 muito procurada, principalmente pelo fato de a regi\u00e3o ter sol o ano todo. Por isso, n\u00e3o poder\u00edamos deixar de falar da Praia de Patacho, que \u00e9 a mais famosa da regi\u00e3o.\u00a0<\/span><span style=\"font-weight: 400;\">Inclusive, sua orla \u00e9 considerada uma das mais bonitas do Brasil. Apesar de n\u00e3o possuir uma ampla infraestrutura, ela \u00e9 perfeita para quem procura um cantinho para relaxar.\u00a0<\/span><\/p>\n<p>&nbsp;<\/p>\n<h3><strong>Onde comer<\/strong><\/h3>\n<p><span style=\"font-weight: 400;\">Definitivamente, os visitantes que fizerem loca\u00e7\u00e3o de temporada em Porto de Pedras tamb\u00e9m v\u00e3o querer conhecer bons lugares para comer. Por isso, tamb\u00e9m listamos algumas recomenda\u00e7\u00f5es gastron\u00f4micas.\u00a0<\/span><\/p>\n<p><span style=\"font-weight: 400;\">Come\u00e7ando pelo famoso <em><strong>Caf\u00e9 e Emp\u00f3rio Jardim Secreto<\/strong><\/em>.\u00a0 Ele fica pertinho da <em><strong>Associa\u00e7\u00e3o Peixe Boi<\/strong><\/em> e traz v\u00e1rias op\u00e7\u00f5es de bolos para aquele lanche de fim de tarde. Vale destacar aqui o <em>bolo de doce de leite com recheio de banana e morango.\u00a0<\/em><\/span><\/p>\n<p><span style=\"font-weight: 400;\">Em seguida, para os h\u00f3spedes que quiserem uma vibe mais pub, a dica \u00e9 o bar <strong>NaCasa de Boa<\/strong>. O local fica aberto at\u00e9 tarde da noite, o que \u00e9 ideal para quem busca uma atividade noturna.\u00a0<\/span><span style=\"font-weight: 400;\">O card\u00e1pio \u00e9 mais enxuto, entretanto oferece op\u00e7\u00f5es bem interessantes, como a <em>Casquinha de Aratu.<\/em> Isso sem contar nos drinks!\u00a0\u00a0<\/span><\/p>\n<p><span style=\"font-weight: 400;\">Enfim, voc\u00ea pode usar todas as dicas de roteiro acima para atrair ainda mais h\u00f3spedes para a sua casa para alugar em Porto de Pedras<\/span><span style=\"font-weight: 400;\">. Aproveite e se cadastre agora mesmo no Anfitri\u00e3o Prime atrav\u00e9s do formul\u00e1rio ao lado.\u00a0<\/span><\/p>\n<p>Quer ver os im\u00f3veis que temos em nosso portf\u00f3lio? <a href=\"https:\/\/reservas.anfitriaoprime.com.br\/\">Acesse o nosso site de reservas e confira!<\/a><\/p>\n"},"_links":{"self":[{"href":"https:\/\/www.anfitriaoprime.com.br\/blog\/wp-json\/wp\/v2\/pages\/2412"}],"collection":[{"href":"https:\/\/www.anfitriaoprime.com.br\/blog\/wp-json\/wp\/v2\/pages"}],"about":[{"href":"https:\/\/www.anfitriaoprime.com.br\/blog\/wp-json\/wp\/v2\/types\/page"}],"author":[{"embeddable":true,"href":"https:\/\/www.anfitriaoprime.com.br\/blog\/wp-json\/wp\/v2\/users\/1"}],"replies":[{"embeddable":true,"href":"https:\/\/www.anfitriaoprime.com.br\/blog\/wp-json\/wp\/v2\/comments?post=2412"}],"version-history":[{"count":7,"href":"https:\/\/www.anfitriaoprime.com.br\/blog\/wp-json\/wp\/v2\/pages\/2412\/revisions"}],"predecessor-version":[{"id":2489,"href":"https:\/\/www.anfitriaoprime.com.br\/blog\/wp-json\/wp\/v2\/pages\/2412\/revisions\/2489"}],"wp:featuredmedia":[{"embeddable":true,"href":"https:\/\/www.anfitriaoprime.com.br\/blog\/wp-json\/wp\/v2\/media\/2414"}],"wp:attachment":[{"href":"https:\/\/www.anfitriaoprime.com.br\/blog\/wp-json\/wp\/v2\/media?parent=2412"}],"curies":[{"name":"wp","href":"https:\/\/api.w.org\/{rel}","templated":true}]}}