{"id":2583,"date":"2022-03-03T19:13:52","date_gmt":"2022-03-03T22:13:52","guid":{"rendered":"https:\/\/www.anfitriaoprime.com.br\/blog\/?page_id=2583"},"modified":"2022-03-18T11:26:26","modified_gmt":"2022-03-18T14:26:26","slug":"aluguel-de-temporada-em-betim","status":"publish","type":"page","link":"https:\/\/www.anfitriaoprime.com.br\/blog\/aluguel-de-temporada-em-betim\/","title":{"rendered":"Fa\u00e7a aluguel de temporada em Betim com o Anfitri\u00e3o Prime &#8211; Saiba mais!"},"content":{"rendered":"<p><span style=\"font-weight: 400;\">No Anfitri\u00e3o Prime voc\u00ea pode trabalhar com aluguel de temporada em Betim &#8211; MG<\/span><b>\u00a0<\/b><span style=\"font-weight: 400;\">com mais facilidade e sem burocracia. Oferecemos uma ampla variedade de servi\u00e7os personalizados aos propriet\u00e1rios que querem rentabilizar o seu aluguel sem preocupa\u00e7\u00f5es.\u00a0\u00a0<\/span><\/p>\n<p><a href=\"https:\/\/reservas.anfitriaoprime.com.br\/\"><span style=\"font-weight: 400;\">Acesse o nosso site de reservas e conhe\u00e7a o nosso portf\u00f3lio de im\u00f3veis distribu\u00eddos em todo o Brasil.<\/span><\/a><\/p>\n<h2><strong>Quem somos e o que oferecemos para o aluguel de temporada em Betim? <\/strong><\/h2>\n<p><span style=\"font-weight: 400;\">Antes de mais nada, \u00e9 bom que voc\u00ea saiba que o Anfitri\u00e3o Prime \u00e9 muito mais que uma imobili\u00e1ria digital ou um site de reservas comum. N\u00f3s somos um gestor profissional de im\u00f3veis de temporada e oferecemos diversos servi\u00e7os para que propriet\u00e1rios possam fazer parte de uma das vertentes do turismo que mais cresce no Brasil. Entre os servi\u00e7os oferecidos por n\u00f3s est\u00e3o:\u00a0<\/span><\/p>\n<ul>\n<li style=\"font-weight: 400;\" aria-level=\"1\"><span style=\"font-weight: 400;\">Cria\u00e7\u00e3o e Gest\u00e3o de an\u00fancios em mais de 30 sites de reservas, incluindo Airbnb, Booking e TripAdvisor;<\/span><\/li>\n<li style=\"font-weight: 400;\" aria-level=\"1\"><span style=\"font-weight: 400;\">Atendimento 24 horas para h\u00f3spedes e propriet\u00e1rios;\u00a0<\/span><\/li>\n<li style=\"font-weight: 400;\" aria-level=\"1\"><span style=\"font-weight: 400;\">Gest\u00e3o de calend\u00e1rio;<\/span><\/li>\n<li style=\"font-weight: 400;\" aria-level=\"1\"><span style=\"font-weight: 400;\">Defini\u00e7\u00e3o do valor das di\u00e1rias;<\/span><\/li>\n<li style=\"font-weight: 400;\" aria-level=\"1\"><span style=\"font-weight: 400;\">Fotos profissionais.<\/span><\/li>\n<\/ul>\n<p><span style=\"font-weight: 400;\">Com o Anfitri\u00e3o Prime voc\u00ea n\u00e3o precisa se preocupar com nada em rela\u00e7\u00e3o ao aluguel de temporada. Nossa equipe est\u00e1 sempre \u00e0 disposi\u00e7\u00e3o para voc\u00ea e para os seus h\u00f3spedes. Cadastre-se atrav\u00e9s do formul\u00e1rio ao lado. \u00c9 r\u00e1pido e pode te garantir maiores ganhos a longo prazo.\u00a0<\/span><\/p>\n<h2>Saiba mais sobre os nossos servi\u00e7os<\/h2>\n<p>Antes de mais nada, \u00e9 bom pontuar que com os servi\u00e7os oferecidos pelo Anfitri\u00e3o Prime, voc\u00ea pode se tornar um excelente <b>Anfitri\u00e3o de Airbnb em Betim<\/b>. Aliamos a experi\u00eancia de mais de 30 anos com turismo dos nossos profissionais \u00e0 tecnologia de ponta, garantindo maiores ganhos com o aluguel de temporada para os propriet\u00e1rios e a melhor experi\u00eancia para os h\u00f3spedes. Confira alguns dos nossos servi\u00e7os:<\/p>\n<h3><b><img decoding=\"async\" class=\"emoji\" role=\"img\" draggable=\"false\" src=\"https:\/\/s.w.org\/images\/core\/emoji\/13.1.0\/svg\/1f4bb.svg\" alt=\"\ud83d\udcbb\" \/>\u00a0Anunciamos sua propriedade<\/b><\/h3>\n<p>Primeiramente, n\u00f3s criamos o an\u00fancio da sua propriedade e o publicamos em mais de 30 sites de reservas, como Airbnb, Booking, VRBO (Alugue Temporada) e TripAdvisor.\u00a0 Em seguida, j\u00e1 ficamos respons\u00e1veis pela gest\u00e3o dele em cada uma das plataformas.<\/p>\n<h3><a href=\"https:\/\/www.anfitriaoprime.com.br\/blog\/foto-a-importancia-no-aluguel-de-temporada\/\"><b><img decoding=\"async\" class=\"emoji\" role=\"img\" draggable=\"false\" src=\"https:\/\/s.w.org\/images\/core\/emoji\/13.1.0\/svg\/1f4f7.svg\" alt=\"\ud83d\udcf7\" \/>\u00a0Fotos profissionais<\/b><\/a><\/h3>\n<p>As fotos profissionais do seu im\u00f3vel garantem uma melhor primeira impress\u00e3o aos h\u00f3spedes, o que aumenta as possibilidades de reservas.<\/p>\n<h3><b><img decoding=\"async\" class=\"emoji\" role=\"img\" draggable=\"false\" src=\"https:\/\/s.w.org\/images\/core\/emoji\/13.1.0\/svg\/1f4ac.svg\" alt=\"\ud83d\udcac\" \/>\u00a0Comunica\u00e7\u00e3o com os h\u00f3spedes<\/b><\/h3>\n<p>Um dos grandes problemas ao gerenciar um im\u00f3vel de temporada \u00e9 estar dispon\u00edvel para responder os h\u00f3spedes nas plataformas de reservas. Contudo, com o Anfitri\u00e3o Prime voc\u00ea n\u00e3o ter\u00e1 que se preocupar com isso, pois n\u00f3s temos uma equipe que est\u00e1 24\/7 dispon\u00edvel para atend\u00ea-los.<\/p>\n<h3><b><img decoding=\"async\" loading=\"lazy\" class=\"emoji alignnone\" role=\"img\" draggable=\"false\" src=\"https:\/\/s.w.org\/images\/core\/emoji\/13.1.0\/svg\/1f4c8.svg\" alt=\"aluguel de temporada em Betim\" width=\"150\" height=\"150\" \/>\u00a0<a href=\"https:\/\/www.anfitriaoprime.com.br\/blog\/valor-da-diaria-no-aluguel-de-temporada\/\">Defini\u00e7\u00e3o dos melhores pre\u00e7os de di\u00e1rias<\/a><\/b><\/h3>\n<p>Contamos com uma tecnologia de ponta que faz a precifica\u00e7\u00e3o inteligente do seu im\u00f3vel, pensando a longo prazo. Em outras palavras, ela leva em conta as varia\u00e7\u00f5es de pre\u00e7o que ocorrem durante o ano, como feriados, alta e baixa temporadas. Al\u00e9m de outras situa\u00e7\u00f5es que podem fazer com que o valor da di\u00e1ria do seu im\u00f3vel varie.<\/p>\n<h3><b><img decoding=\"async\" loading=\"lazy\" class=\"emoji alignnone\" role=\"img\" draggable=\"false\" src=\"https:\/\/s.w.org\/images\/core\/emoji\/13.1.0\/svg\/2714.svg\" alt=\"aluguel de temporada em Betim\" width=\"150\" height=\"150\" \/>\u00a0Concierge, Limpeza e Manuten\u00e7\u00e3o\u00a0<\/b><\/h3>\n<p>Finalmente, para que voc\u00ea possa ser um Anfitri\u00e3o de Airbnb completo, oferecemos servi\u00e7os complementares. Atualmente, contamos com especialistas para serem\u00a0<b>concierge<\/b>\u00a0do seu im\u00f3vel e serem respons\u00e1veis do check-in e check-out dos h\u00f3spedes. Al\u00e9m de outros profissionais para\u00a0<strong>limpeza, manuten\u00e7\u00e3o<\/strong>\u00a0e outros servi\u00e7os necess\u00e1rios para garantir uma experi\u00eancia perfeita aos h\u00f3spedes.<\/p>\n<h2><strong>Quais as vantagens de fazer\u00a0aluguel de temporada em Betim com a gente?<\/strong><\/h2>\n<p>O Anfitri\u00e3o Prime oferece um servi\u00e7o superior para propriet\u00e1rios que querem se tornar um Anfitri\u00e3o de Airbnb ideal para h\u00f3spedes que buscam\u00a0uma experi\u00eancia acolhedora e completa com o aluguel de temporada. Ent\u00e3o, se comparamos os servi\u00e7os do Anfitri\u00e3o Prime com os servi\u00e7os oferecidos por outros sites de reservas, voc\u00ea ter\u00e1 as seguintes vantagens:<\/p>\n<figure id=\"attachment_2578\" class=\"thumbnail wp-caption alignnone\" style=\"width: 310px\"><img decoding=\"async\" loading=\"lazy\" class=\"wp-image-2578 size-medium\" src=\"https:\/\/www.anfitriaoprime.com.br\/blog\/wp-content\/uploads\/2022\/03\/Dimensoes-personalizadas-750x410-px-27-300x164.jpeg\" alt=\"aluguel de temporada em betim\" width=\"300\" height=\"164\" srcset=\"https:\/\/www.anfitriaoprime.com.br\/blog\/wp-content\/uploads\/2022\/03\/Dimensoes-personalizadas-750x410-px-27-300x164.jpeg 300w, https:\/\/www.anfitriaoprime.com.br\/blog\/wp-content\/uploads\/2022\/03\/Dimensoes-personalizadas-750x410-px-27.jpeg 750w\" sizes=\"(max-width: 300px) 100vw, 300px\" \/><figcaption class=\"caption wp-caption-text\">Photo by Thaynara Pellerin on Unsplash<\/figcaption><\/figure>\n<p>&nbsp;<\/p>\n<h3><em><strong>Dicas do que fazer em Betim\u00a0<\/strong><\/em><\/h3>\n<p><span style=\"font-weight: 400;\">Betim<\/span><span style=\"font-weight: 400;\"> \u00e9 um munic\u00edpio da regi\u00e3o metropolitana de BH e \u00e9 considerado um polo industrial. Contudo, apesar disso, ele tamb\u00e9m atrai v\u00e1rios turistas anualmente, principalmente por conta da sua loca\u00e7\u00e3o. Ent\u00e3o, se v<\/span><span style=\"font-weight: 400;\">oc\u00ea quer atrair mais h\u00f3spedes para o seu aluguel de temporada em Betim &#8211; MG<\/span><span style=\"font-weight: 400;\">, aproveite as dicas abaixo para fazer excelentes recomenda\u00e7\u00f5es para os visitantes.\u00a0<\/span><\/p>\n<p>&nbsp;<\/p>\n<h4><em><strong>Museu Municipal Paulo Ara\u00fajo Moreira Gontijo<\/strong><\/em><\/h4>\n<p><span style=\"font-weight: 400;\">Primeiramente, indicamos o Museu Municipal Paulo Ara\u00fajo Moreira Gontijo para os viajantes que gostam de conhecer a hist\u00f3ria do destino onde est\u00e3o se hospedando. O local possui v\u00e1rias exposi\u00e7\u00f5es permanentes e abriga diversos tipos de apresenta\u00e7\u00f5es culturais.\u00a0<\/span><span style=\"font-weight: 400;\">Entretanto, vale a pena ficar de olho na agenda do museu para saber as exposi\u00e7\u00f5es dispon\u00edveis quando for indicar aos seus h\u00f3spedes.\u00a0<\/span><\/p>\n<p>&nbsp;<\/p>\n<h4><em><strong>Conjunto Arquitet\u00f4nico da Col\u00f4nia Santa Isabel<\/strong><\/em><\/h4>\n<p><span style=\"font-weight: 400;\">Sob o mesmo ponto de vista de passeios hist\u00f3ricos, os h\u00f3spedes poder\u00e3o gostar de conhecer o Conjunto Arquitet\u00f4nico da Col\u00f4nia Santa Isabel. Ele foi constru\u00eddo entre 1922 e 1931, a princ\u00edpio, para abrigar pessoas com hansen\u00edase. Atualmente, e<\/span><span style=\"font-weight: 400;\">le abriga uma s\u00e9rie de outros pontos tur\u00edsticos famosos de Betim, como, por exemplo, o Cine-Teatro Gl\u00f3ria.\u00a0<\/span><\/p>\n<p>&nbsp;<\/p>\n<h4><strong><em>Alambique e Parque Ecol\u00f3gico Vale Verde<\/em><\/strong><\/h4>\n<p><span style=\"font-weight: 400;\">Em seguida, sugerimos a visita\u00e7\u00e3o do Alambique e Parque Ecol\u00f3gico Vale Verde. Essa \u00e9 uma \u00f3tima op\u00e7\u00e3o de passeio, principalmente para os turistas que gostam de mais contato com a natureza.\u00a0<\/span><span style=\"font-weight: 400;\">O local foi criado como um projeto de preserva\u00e7\u00e3o a natureza. Por isso, os h\u00f3spedes poder\u00e3o curtir a fauna e flora local, al\u00e9m de ter acesso a uma ampla estrutura de lazer.\u00a0<\/span><\/p>\n<p>&nbsp;<\/p>\n<h4><em><strong>Esta\u00e7\u00e3o Ferrovi\u00e1ria Capela Nova<\/strong><\/em><\/h4>\n<p><span style=\"font-weight: 400;\">Mais uma parada que pode ser interessante para os h\u00f3spedes \u00e9 a Esta\u00e7\u00e3o Ferrovi\u00e1ria Capela Nova. Ela foi criada em 1910 e tombada como Patrim\u00f4nio Hist\u00f3rico-Cultural Municipal gra\u00e7as a sua grande import\u00e2ncia hist\u00f3rica, sendo uma das principais paradas de trem de quem viajava pela regi\u00e3o.\u00a0<\/span><\/p>\n<p>&nbsp;<\/p>\n<h3><strong>Onde comer em Betim\u00a0<\/strong><\/h3>\n<p><span style=\"font-weight: 400;\">Com toda a certeza os visitantes tamb\u00e9m v\u00e3o querer provar mais da culin\u00e1ria mineira. E existem alguns lugares bem bacanas para recomendas.\u00a0<\/span><\/p>\n<p><span style=\"font-weight: 400;\">Come\u00e7ando pelo <strong>Porteira Velha,<\/strong> que oferece v\u00e1rios pratos da culin\u00e1ria mineira, bem como churrasco. Por ser um restaurante a quilo, \u00e9 uma \u00f3tima op\u00e7\u00e3o para os visitantes que desejam comer bem, mas sem gastar muito.\u00a0<\/span><\/p>\n<p><span style=\"font-weight: 400;\">Para quem busca um lanche r\u00e1pido, principalmente para fazer durante os passeios, a dica \u00e9 a pastelaria do <strong>Z\u00e9 da Vitamina<\/strong>. O local \u00e9 simples mas oferece um dos melhores pasteis da regi\u00e3o.<\/span><\/p>\n<p><span style=\"font-weight: 400;\">Aproveite essas dicas para se cadastrar no Anfitri\u00e3o Prime e atrair mais h\u00f3spedes para o seu aluguel de temporada em Betim &#8211; MG<\/span><span style=\"font-weight: 400;\">. Enfim, que tal acessar <a href=\"https:\/\/reservas.anfitriaoprime.com.br\/\">o nosso site de reservas e conhecer o nosso portf\u00f3lio de im\u00f3veis distribu\u00eddos em todo o Brasil.<\/a><\/span><\/p>\n","protected":false},"excerpt":{"rendered":"<p>No Anfitri\u00e3o Prime voc\u00ea pode trabalhar com aluguel de temporada em Betim &#8211; MG\u00a0com mais facilidade e sem burocracia. Oferecemos uma ampla variedade de servi\u00e7os personalizados aos propriet\u00e1rios que querem rentabilizar o seu aluguel sem preocupa\u00e7\u00f5es.\u00a0\u00a0 Acesse o nosso site de reservas e conhe\u00e7a o nosso portf\u00f3lio de im\u00f3veis distribu\u00eddos em todo o Brasil. Quem [&hellip;]<\/p>\n","protected":false},"author":1,"featured_media":2572,"parent":0,"menu_order":0,"comment_status":"closed","ping_status":"closed","template":"page-lp.php","meta":[],"yoast_head":"<!-- This site is optimized with the Yoast SEO plugin v21.1 - https:\/\/yoast.com\/wordpress\/plugins\/seo\/ -->\n<title>Fa\u00e7a aluguel de temporada em Betim com o Anfitri\u00e3o Prime - Saiba mais!<\/title>\n<meta name=\"description\" content=\"Quer fazer aluguel de temporada em Betim e n\u00e3o sabe como? O Anfitri\u00e3o Prime \u00e9 um gestor profissional de im\u00f3veis e te ajuda em todo o processo!\" \/>\n<meta name=\"robots\" content=\"index, follow, max-snippet:-1, max-image-preview:large, max-video-preview:-1\" \/>\n<link rel=\"canonical\" href=\"https:\/\/www.anfitriaoprime.com.br\/blog\/aluguel-de-temporada-em-betim\/\" \/>\n<meta property=\"og:locale\" content=\"pt_BR\" \/>\n<meta property=\"og:type\" content=\"article\" \/>\n<meta property=\"og:title\" content=\"Fa\u00e7a aluguel de temporada em Betim com o Anfitri\u00e3o Prime - Saiba mais!\" \/>\n<meta property=\"og:description\" content=\"Quer fazer aluguel de temporada em Betim e n\u00e3o sabe como? O Anfitri\u00e3o Prime \u00e9 um gestor profissional de im\u00f3veis e te ajuda em todo o processo!\" \/>\n<meta property=\"og:url\" content=\"https:\/\/www.anfitriaoprime.com.br\/blog\/aluguel-de-temporada-em-betim\/\" \/>\n<meta property=\"og:site_name\" content=\"Blog Anfitri\u00e3o Prime: Ganhe dinheiro com aluguel de temporada.\" \/>\n<meta property=\"article:modified_time\" content=\"2022-03-18T14:26:26+00:00\" \/>\n<meta property=\"og:image\" content=\"https:\/\/www.anfitriaoprime.com.br\/blog\/wp-content\/uploads\/2022\/03\/Dimensoes-personalizadas-1920x550-px-43.jpeg\" \/>\n\t<meta property=\"og:image:width\" content=\"1920\" \/>\n\t<meta property=\"og:image:height\" content=\"550\" \/>\n\t<meta property=\"og:image:type\" content=\"image\/jpeg\" \/>\n<meta name=\"twitter:card\" content=\"summary_large_image\" \/>\n<meta name=\"twitter:label1\" content=\"Est. tempo de leitura\" \/>\n\t<meta name=\"twitter:data1\" content=\"7 minutos\" \/>\n<script type=\"application\/ld+json\" class=\"yoast-schema-graph\">{\"@context\":\"https:\/\/schema.org\",\"@graph\":[{\"@type\":\"WebPage\",\"@id\":\"https:\/\/www.anfitriaoprime.com.br\/blog\/aluguel-de-temporada-em-betim\/\",\"url\":\"https:\/\/www.anfitriaoprime.com.br\/blog\/aluguel-de-temporada-em-betim\/\",\"name\":\"Fa\u00e7a aluguel de temporada em Betim com o Anfitri\u00e3o Prime - Saiba mais!\",\"isPartOf\":{\"@id\":\"https:\/\/www.anfitriaoprime.com.br\/blog\/#website\"},\"datePublished\":\"2022-03-03T22:13:52+00:00\",\"dateModified\":\"2022-03-18T14:26:26+00:00\",\"description\":\"Quer fazer aluguel de temporada em Betim e n\u00e3o sabe como? O Anfitri\u00e3o Prime \u00e9 um gestor profissional de im\u00f3veis e te ajuda em todo o processo!\",\"breadcrumb\":{\"@id\":\"https:\/\/www.anfitriaoprime.com.br\/blog\/aluguel-de-temporada-em-betim\/#breadcrumb\"},\"inLanguage\":\"pt-BR\",\"potentialAction\":[{\"@type\":\"ReadAction\",\"target\":[\"https:\/\/www.anfitriaoprime.com.br\/blog\/aluguel-de-temporada-em-betim\/\"]}]},{\"@type\":\"BreadcrumbList\",\"@id\":\"https:\/\/www.anfitriaoprime.com.br\/blog\/aluguel-de-temporada-em-betim\/#breadcrumb\",\"itemListElement\":[{\"@type\":\"ListItem\",\"position\":1,\"name\":\"In\u00edcio\",\"item\":\"https:\/\/www.anfitriaoprime.com.br\/blog\/\"},{\"@type\":\"ListItem\",\"position\":2,\"name\":\"Fa\u00e7a aluguel de temporada em Betim com o Anfitri\u00e3o Prime &#8211; Saiba mais!\"}]},{\"@type\":\"WebSite\",\"@id\":\"https:\/\/www.anfitriaoprime.com.br\/blog\/#website\",\"url\":\"https:\/\/www.anfitriaoprime.com.br\/blog\/\",\"name\":\"Blog Anfitri\u00e3o Prime - Gest\u00e3o de propriedade para aluguel de temporada\",\"description\":\"No blog do Anfitri\u00e3o Prime voc\u00ea encontra dicas e informa\u00e7\u00f5es sobre o mercado de aluguel de temporada escrito por anfitri\u00f5es profissionais\",\"potentialAction\":[{\"@type\":\"SearchAction\",\"target\":{\"@type\":\"EntryPoint\",\"urlTemplate\":\"https:\/\/www.anfitriaoprime.com.br\/blog\/?s={search_term_string}\"},\"query-input\":\"required name=search_term_string\"}],\"inLanguage\":\"pt-BR\"}]}<\/script>\n<!-- \/ Yoast SEO plugin. -->","yoast_head_json":{"title":"Fa\u00e7a aluguel de temporada em Betim com o Anfitri\u00e3o Prime - Saiba mais!","description":"Quer fazer aluguel de temporada em Betim e n\u00e3o sabe como? O Anfitri\u00e3o Prime \u00e9 um gestor profissional de im\u00f3veis e te ajuda em todo o processo!","robots":{"index":"index","follow":"follow","max-snippet":"max-snippet:-1","max-image-preview":"max-image-preview:large","max-video-preview":"max-video-preview:-1"},"canonical":"https:\/\/www.anfitriaoprime.com.br\/blog\/aluguel-de-temporada-em-betim\/","og_locale":"pt_BR","og_type":"article","og_title":"Fa\u00e7a aluguel de temporada em Betim com o Anfitri\u00e3o Prime - Saiba mais!","og_description":"Quer fazer aluguel de temporada em Betim e n\u00e3o sabe como? O Anfitri\u00e3o Prime \u00e9 um gestor profissional de im\u00f3veis e te ajuda em todo o processo!","og_url":"https:\/\/www.anfitriaoprime.com.br\/blog\/aluguel-de-temporada-em-betim\/","og_site_name":"Blog Anfitri\u00e3o Prime: Ganhe dinheiro com aluguel de temporada.","article_modified_time":"2022-03-18T14:26:26+00:00","og_image":[{"width":1920,"height":550,"url":"https:\/\/www.anfitriaoprime.com.br\/blog\/wp-content\/uploads\/2022\/03\/Dimensoes-personalizadas-1920x550-px-43.jpeg","type":"image\/jpeg"}],"twitter_card":"summary_large_image","twitter_misc":{"Est. tempo de leitura":"7 minutos"},"schema":{"@context":"https:\/\/schema.org","@graph":[{"@type":"WebPage","@id":"https:\/\/www.anfitriaoprime.com.br\/blog\/aluguel-de-temporada-em-betim\/","url":"https:\/\/www.anfitriaoprime.com.br\/blog\/aluguel-de-temporada-em-betim\/","name":"Fa\u00e7a aluguel de temporada em Betim com o Anfitri\u00e3o Prime - Saiba mais!","isPartOf":{"@id":"https:\/\/www.anfitriaoprime.com.br\/blog\/#website"},"datePublished":"2022-03-03T22:13:52+00:00","dateModified":"2022-03-18T14:26:26+00:00","description":"Quer fazer aluguel de temporada em Betim e n\u00e3o sabe como? O Anfitri\u00e3o Prime \u00e9 um gestor profissional de im\u00f3veis e te ajuda em todo o processo!","breadcrumb":{"@id":"https:\/\/www.anfitriaoprime.com.br\/blog\/aluguel-de-temporada-em-betim\/#breadcrumb"},"inLanguage":"pt-BR","potentialAction":[{"@type":"ReadAction","target":["https:\/\/www.anfitriaoprime.com.br\/blog\/aluguel-de-temporada-em-betim\/"]}]},{"@type":"BreadcrumbList","@id":"https:\/\/www.anfitriaoprime.com.br\/blog\/aluguel-de-temporada-em-betim\/#breadcrumb","itemListElement":[{"@type":"ListItem","position":1,"name":"In\u00edcio","item":"https:\/\/www.anfitriaoprime.com.br\/blog\/"},{"@type":"ListItem","position":2,"name":"Fa\u00e7a aluguel de temporada em Betim com o Anfitri\u00e3o Prime &#8211; Saiba mais!"}]},{"@type":"WebSite","@id":"https:\/\/www.anfitriaoprime.com.br\/blog\/#website","url":"https:\/\/www.anfitriaoprime.com.br\/blog\/","name":"Blog Anfitri\u00e3o Prime - Gest\u00e3o de propriedade para aluguel de temporada","description":"No blog do Anfitri\u00e3o Prime voc\u00ea encontra dicas e informa\u00e7\u00f5es sobre o mercado de aluguel de temporada escrito por anfitri\u00f5es profissionais","potentialAction":[{"@type":"SearchAction","target":{"@type":"EntryPoint","urlTemplate":"https:\/\/www.anfitriaoprime.com.br\/blog\/?s={search_term_string}"},"query-input":"required name=search_term_string"}],"inLanguage":"pt-BR"}]}},"acf":{"imagem":{"ID":2572,"id":2572,"title":"Dimens\u00f5es personalizadas 1920x550 px (43)","filename":"Dimensoes-personalizadas-1920x550-px-43.jpeg","filesize":1265961,"url":"https:\/\/www.anfitriaoprime.com.br\/blog\/wp-content\/uploads\/2022\/03\/Dimensoes-personalizadas-1920x550-px-43.jpeg","link":"https:\/\/www.anfitriaoprime.com.br\/blog\/aluguel-de-temporada-em-bh\/dimensoes-personalizadas-1920x550-px-43\/","alt":"aluguel de temporada em BH","author":"1","description":"","caption":"Photo by fpcamp on Unsplash","name":"dimensoes-personalizadas-1920x550-px-43","status":"inherit","uploaded_to":2571,"date":"2022-03-03 20:44:59","modified":"2022-03-21 21:22:18","menu_order":0,"mime_type":"image\/jpeg","type":"image","subtype":"jpeg","icon":"https:\/\/www.anfitriaoprime.com.br\/blog\/wp-includes\/images\/media\/default.png","width":1920,"height":550,"sizes":{"thumbnail":"https:\/\/www.anfitriaoprime.com.br\/blog\/wp-content\/uploads\/2022\/03\/Dimensoes-personalizadas-1920x550-px-43.jpeg","thumbnail-width":150,"thumbnail-height":43,"medium":"https:\/\/www.anfitriaoprime.com.br\/blog\/wp-content\/uploads\/2022\/03\/Dimensoes-personalizadas-1920x550-px-43-300x86.jpeg","medium-width":300,"medium-height":86,"medium_large":"https:\/\/www.anfitriaoprime.com.br\/blog\/wp-content\/uploads\/2022\/03\/Dimensoes-personalizadas-1920x550-px-43.jpeg","medium_large-width":648,"medium_large-height":186,"large":"https:\/\/www.anfitriaoprime.com.br\/blog\/wp-content\/uploads\/2022\/03\/Dimensoes-personalizadas-1920x550-px-43.jpeg","large-width":648,"large-height":186,"1536x1536":"https:\/\/www.anfitriaoprime.com.br\/blog\/wp-content\/uploads\/2022\/03\/Dimensoes-personalizadas-1920x550-px-43.jpeg","1536x1536-width":1536,"1536x1536-height":440,"2048x2048":"https:\/\/www.anfitriaoprime.com.br\/blog\/wp-content\/uploads\/2022\/03\/Dimensoes-personalizadas-1920x550-px-43.jpeg","2048x2048-width":1920,"2048x2048-height":550,"sparkling-featured":"https:\/\/www.anfitriaoprime.com.br\/blog\/wp-content\/uploads\/2022\/03\/Dimensoes-personalizadas-1920x550-px-43.jpeg","sparkling-featured-width":750,"sparkling-featured-height":215,"sparkling-featured-fullwidth":"https:\/\/www.anfitriaoprime.com.br\/blog\/wp-content\/uploads\/2022\/03\/Dimensoes-personalizadas-1920x550-px-43.jpeg","sparkling-featured-fullwidth-width":1140,"sparkling-featured-fullwidth-height":327,"tab-small":"https:\/\/www.anfitriaoprime.com.br\/blog\/wp-content\/uploads\/2022\/03\/Dimensoes-personalizadas-1920x550-px-43.jpeg","tab-small-width":60,"tab-small-height":17,"crp_thumbnail":"https:\/\/www.anfitriaoprime.com.br\/blog\/wp-content\/uploads\/2022\/03\/Dimensoes-personalizadas-1920x550-px-43.jpeg","crp_thumbnail-width":150,"crp_thumbnail-height":43}},"titulo":"Fa\u00e7a aluguel de temporada em Betim com o Anfitri\u00e3o Prime - Saiba mais!","subtitulo":"<p><span style=\"font-weight: 400;\">No Anfitri\u00e3o Prime voc\u00ea pode trabalhar com aluguel de temporada em <strong>Betim<\/strong> <strong>&#8211; MG<\/strong><\/span><strong>\u00a0<\/strong><span style=\"font-weight: 400;\">com mais facilidade e sem burocracia. Oferecemos uma ampla variedade de servi\u00e7os personalizados aos propriet\u00e1rios que querem rentabilizar o seu aluguel sem preocupa\u00e7\u00f5es.\u00a0\u00a0<\/span><\/p>\n<p><a href=\"https:\/\/reservas.anfitriaoprime.com.br\/\"><span style=\"font-weight: 400;\">Acesse o nosso site de reservas e conhe\u00e7a o nosso portf\u00f3lio de im\u00f3veis distribu\u00eddos em todo o Brasil.<\/span><\/a><\/p>\n","titulo_secao_1":"Quem somos e o que oferecemos para o aluguel de temporada em Betim?","conteudo_secao_1":"<p><span style=\"font-weight: 400;\">Antes de mais nada, \u00e9 bom que voc\u00ea saiba que o Anfitri\u00e3o Prime \u00e9 muito mais que uma imobili\u00e1ria digital ou um site de reservas comum. N\u00f3s somos um gestor profissional de im\u00f3veis de temporada e oferecemos diversos servi\u00e7os para que propriet\u00e1rios possam fazer parte de uma das vertentes do turismo que mais cresce no Brasil. Entre os servi\u00e7os oferecidos por n\u00f3s est\u00e3o:\u00a0<\/span><\/p>\n<ul>\n<li style=\"font-weight: 400;\" aria-level=\"1\"><span style=\"font-weight: 400;\">Cria\u00e7\u00e3o e Gest\u00e3o de an\u00fancios em mais de 30 sites de reservas, incluindo Airbnb, Booking e TripAdvisor;<\/span><\/li>\n<li style=\"font-weight: 400;\" aria-level=\"1\"><span style=\"font-weight: 400;\">Atendimento 24 horas para h\u00f3spedes e propriet\u00e1rios;\u00a0<\/span><\/li>\n<li style=\"font-weight: 400;\" aria-level=\"1\"><span style=\"font-weight: 400;\">Gest\u00e3o de calend\u00e1rio;<\/span><\/li>\n<li style=\"font-weight: 400;\" aria-level=\"1\"><span style=\"font-weight: 400;\">Defini\u00e7\u00e3o do valor das di\u00e1rias;<\/span><\/li>\n<li style=\"font-weight: 400;\" aria-level=\"1\"><span style=\"font-weight: 400;\">Fotos profissionais.<\/span><\/li>\n<\/ul>\n<p><span style=\"font-weight: 400;\">Com o Anfitri\u00e3o Prime voc\u00ea n\u00e3o precisa se preocupar com nada em rela\u00e7\u00e3o ao aluguel de temporada. Nossa equipe est\u00e1 sempre \u00e0 disposi\u00e7\u00e3o para voc\u00ea e para os seus h\u00f3spedes. Cadastre-se atrav\u00e9s do formul\u00e1rio ao lado. \u00c9 r\u00e1pido e pode te garantir maiores ganhos a longo prazo.\u00a0<\/span><\/p>\n","titulo_secao_2":"Saiba mais sobre os nossos servi\u00e7os","imagem_secao_2":false,"conteudo_secao_2":"<p>Antes de mais nada, \u00e9 bom pontuar que com os servi\u00e7os oferecidos pelo Anfitri\u00e3o Prime, voc\u00ea pode se tornar um excelente <b>Anfitri\u00e3o de Airbnb em Betim<\/b>. Aliamos a experi\u00eancia de mais de 30 anos com turismo dos nossos profissionais \u00e0 tecnologia de ponta, garantindo maiores ganhos com o aluguel de temporada para os propriet\u00e1rios e a melhor experi\u00eancia para os h\u00f3spedes. Confira alguns dos nossos servi\u00e7os:<\/p>\n<h3><b><img decoding=\"async\" class=\"emoji\" role=\"img\" draggable=\"false\" src=\"https:\/\/s.w.org\/images\/core\/emoji\/13.1.0\/svg\/1f4bb.svg\" alt=\"\ud83d\udcbb\" \/>\u00a0Anunciamos sua propriedade<\/b><\/h3>\n<p>Primeiramente, n\u00f3s criamos o an\u00fancio da sua propriedade e o publicamos em mais de 30 sites de reservas, como Airbnb, Booking, VRBO (Alugue Temporada) e TripAdvisor.\u00a0 Em seguida, j\u00e1 ficamos respons\u00e1veis pela gest\u00e3o dele em cada uma das plataformas.<\/p>\n<h3><a href=\"https:\/\/www.anfitriaoprime.com.br\/blog\/foto-a-importancia-no-aluguel-de-temporada\/\"><b><img decoding=\"async\" class=\"emoji\" role=\"img\" draggable=\"false\" src=\"https:\/\/s.w.org\/images\/core\/emoji\/13.1.0\/svg\/1f4f7.svg\" alt=\"\ud83d\udcf7\" \/>\u00a0Fotos profissionais<\/b><\/a><\/h3>\n<p>As fotos profissionais do seu im\u00f3vel garantem uma melhor primeira impress\u00e3o aos h\u00f3spedes, o que aumenta as possibilidades de reservas.<\/p>\n<h3><b><img decoding=\"async\" class=\"emoji\" role=\"img\" draggable=\"false\" src=\"https:\/\/s.w.org\/images\/core\/emoji\/13.1.0\/svg\/1f4ac.svg\" alt=\"\ud83d\udcac\" \/>\u00a0Comunica\u00e7\u00e3o com os h\u00f3spedes<\/b><\/h3>\n<p>Um dos grandes problemas ao gerenciar um im\u00f3vel de temporada \u00e9 estar dispon\u00edvel para responder os h\u00f3spedes nas plataformas de reservas. Contudo, com o Anfitri\u00e3o Prime voc\u00ea n\u00e3o ter\u00e1 que se preocupar com isso, pois n\u00f3s temos uma equipe que est\u00e1 24\/7 dispon\u00edvel para atend\u00ea-los.<\/p>\n<h3><b><img decoding=\"async\" loading=\"lazy\" class=\"emoji alignnone\" role=\"img\" draggable=\"false\" src=\"https:\/\/s.w.org\/images\/core\/emoji\/13.1.0\/svg\/1f4c8.svg\" alt=\"aluguel de temporada em Betim\" width=\"150\" height=\"150\" \/>\u00a0<a href=\"https:\/\/www.anfitriaoprime.com.br\/blog\/valor-da-diaria-no-aluguel-de-temporada\/\">Defini\u00e7\u00e3o dos melhores pre\u00e7os de di\u00e1rias<\/a><\/b><\/h3>\n<p>Contamos com uma tecnologia de ponta que faz a precifica\u00e7\u00e3o inteligente do seu im\u00f3vel, pensando a longo prazo. Em outras palavras, ela leva em conta as varia\u00e7\u00f5es de pre\u00e7o que ocorrem durante o ano, como feriados, alta e baixa temporadas. Al\u00e9m de outras situa\u00e7\u00f5es que podem fazer com que o valor da di\u00e1ria do seu im\u00f3vel varie.<\/p>\n<h3><b><img decoding=\"async\" loading=\"lazy\" class=\"emoji alignnone\" role=\"img\" draggable=\"false\" src=\"https:\/\/s.w.org\/images\/core\/emoji\/13.1.0\/svg\/2714.svg\" alt=\"aluguel de temporada em Betim\" width=\"150\" height=\"150\" \/>\u00a0Concierge, Limpeza e Manuten\u00e7\u00e3o\u00a0<\/b><\/h3>\n<p>Finalmente, para que voc\u00ea possa ser um Anfitri\u00e3o de Airbnb completo, oferecemos servi\u00e7os complementares. Atualmente, contamos com especialistas para serem\u00a0<b>concierge<\/b>\u00a0do seu im\u00f3vel e serem respons\u00e1veis do check-in e check-out dos h\u00f3spedes. Al\u00e9m de outros profissionais para\u00a0<strong>limpeza, manuten\u00e7\u00e3o<\/strong>\u00a0e outros servi\u00e7os necess\u00e1rios para garantir uma experi\u00eancia perfeita aos h\u00f3spedes.<\/p>\n","titulo_secao_3":"Quais as vantagens de alugar com a gente?","conteudo_secao_3":"<p>Se comparamos os servi\u00e7os do Anfitri\u00e3o Prime com os servi\u00e7os oferecidos por outros sites de reservas, voc\u00ea ter\u00e1 as seguintes vantagens:<\/p>\n","titulo_secao_6":"Dicas do que fazer em Betim\u00a0","conteudo_secao_6":"<figure class=\"thumbnail wp-caption alignnone\" style=\"width: 810px\"><img decoding=\"async\" loading=\"lazy\" src=\"https:\/\/www.betim.mg.gov.br\/fotos\/2\/9b32d01c9c93ce940bf6aeffeef9d16a.jpg\" alt=\"imobili\u00e1ria em Betim\" width=\"800\" height=\"531\" \/><figcaption class=\"caption wp-caption-text\">Foto da Prefeitura de Betim<\/figcaption><\/figure>\n<p><span style=\"font-weight: 400;\">Betim<\/span><span style=\"font-weight: 400;\"> \u00e9 um munic\u00edpio da regi\u00e3o metropolitana de BH e \u00e9 considerado um polo industrial. Contudo, apesar disso, ele tamb\u00e9m atrai v\u00e1rios turistas anualmente, principalmente por conta da sua loca\u00e7\u00e3o. Ent\u00e3o, se v<\/span><span style=\"font-weight: 400;\">oc\u00ea quer atrair mais h\u00f3spedes para o seu aluguel de temporada em Betim &#8211; MG<\/span><span style=\"font-weight: 400;\">, aproveite as dicas abaixo para fazer excelentes recomenda\u00e7\u00f5es para os visitantes.\u00a0<\/span><\/p>\n<p>&nbsp;<\/p>\n<h4><em><strong>Museu Municipal Paulo Ara\u00fajo Moreira Gontijo<\/strong><\/em><\/h4>\n<p><span style=\"font-weight: 400;\">Primeiramente, indicamos o Museu Municipal Paulo Ara\u00fajo Moreira Gontijo para os viajantes que gostam de conhecer a hist\u00f3ria do destino onde est\u00e3o se hospedando. O local possui v\u00e1rias exposi\u00e7\u00f5es permanentes e abriga diversos tipos de apresenta\u00e7\u00f5es culturais.\u00a0<\/span><span style=\"font-weight: 400;\">Entretanto, vale a pena ficar de olho na agenda do museu para saber as exposi\u00e7\u00f5es dispon\u00edveis quando for indicar aos seus h\u00f3spedes.\u00a0<\/span><\/p>\n<p>&nbsp;<\/p>\n<h4><em><strong>Conjunto Arquitet\u00f4nico da Col\u00f4nia Santa Isabel<\/strong><\/em><\/h4>\n<p><span style=\"font-weight: 400;\">Sob o mesmo ponto de vista de passeios hist\u00f3ricos, os h\u00f3spedes poder\u00e3o gostar de conhecer o Conjunto Arquitet\u00f4nico da Col\u00f4nia Santa Isabel. Ele foi constru\u00eddo entre 1922 e 1931, a princ\u00edpio, para abrigar pessoas com hansen\u00edase. Atualmente, e<\/span><span style=\"font-weight: 400;\">le abriga uma s\u00e9rie de outros pontos tur\u00edsticos famosos de Betim, como, por exemplo, o Cine-Teatro Gl\u00f3ria.\u00a0<\/span><\/p>\n<p>&nbsp;<\/p>\n<h4><strong><em>Alambique e Parque Ecol\u00f3gico Vale Verde<\/em><\/strong><\/h4>\n<p><span style=\"font-weight: 400;\">Em seguida, sugerimos a visita\u00e7\u00e3o do Alambique e Parque Ecol\u00f3gico Vale Verde. Essa \u00e9 uma \u00f3tima op\u00e7\u00e3o de passeio, principalmente para os turistas que gostam de mais contato com a natureza.\u00a0<\/span><span style=\"font-weight: 400;\">O local foi criado como um projeto de preserva\u00e7\u00e3o a natureza. Por isso, os h\u00f3spedes poder\u00e3o curtir a fauna e flora local, al\u00e9m de ter acesso a uma ampla estrutura de lazer.\u00a0<\/span><\/p>\n<p>&nbsp;<\/p>\n<h4><em><strong>Esta\u00e7\u00e3o Ferrovi\u00e1ria Capela Nova<\/strong><\/em><\/h4>\n<p><span style=\"font-weight: 400;\">Mais uma parada que pode ser interessante para os h\u00f3spedes \u00e9 a Esta\u00e7\u00e3o Ferrovi\u00e1ria Capela Nova. Ela foi criada em 1910 e tombada como Patrim\u00f4nio Hist\u00f3rico-Cultural Municipal gra\u00e7as a sua grande import\u00e2ncia hist\u00f3rica, sendo uma das principais paradas de trem de quem viajava pela regi\u00e3o.\u00a0<\/span><\/p>\n<p>&nbsp;<\/p>\n<h3><strong>Onde comer em Betim\u00a0<\/strong><\/h3>\n<p><span style=\"font-weight: 400;\">Com toda a certeza os visitantes tamb\u00e9m v\u00e3o querer provar mais da culin\u00e1ria mineira. E existem alguns lugares bem bacanas para recomendas.\u00a0<\/span><\/p>\n<p><span style=\"font-weight: 400;\">Come\u00e7ando pelo <strong>Porteira Velha,<\/strong> que oferece v\u00e1rios pratos da culin\u00e1ria mineira, bem como churrasco. Por ser um restaurante a quilo, \u00e9 uma \u00f3tima op\u00e7\u00e3o para os visitantes que desejam comer bem, mas sem gastar muito.\u00a0<\/span><\/p>\n<p><span style=\"font-weight: 400;\">Para quem busca um lanche r\u00e1pido, principalmente para fazer durante os passeios, a dica \u00e9 a pastelaria do <strong>Z\u00e9 da Vitamina<\/strong>. O local \u00e9 simples mas oferece um dos melhores pasteis da regi\u00e3o.<\/span><\/p>\n<p><span style=\"font-weight: 400;\">Aproveite essas dicas para se cadastrar no Anfitri\u00e3o Prime e atrair mais h\u00f3spedes para o seu aluguel de temporada em Betim &#8211; MG<\/span><span style=\"font-weight: 400;\">. Enfim, que tal acessar <a href=\"https:\/\/reservas.anfitriaoprime.com.br\/\">o nosso site de reservas e conhecer o nosso portf\u00f3lio de im\u00f3veis distribu\u00eddos em todo o Brasil.<\/a><\/span><\/p>\n<p>&nbsp;<\/p>\n"},"_links":{"self":[{"href":"https:\/\/www.anfitriaoprime.com.br\/blog\/wp-json\/wp\/v2\/pages\/2583"}],"collection":[{"href":"https:\/\/www.anfitriaoprime.com.br\/blog\/wp-json\/wp\/v2\/pages"}],"about":[{"href":"https:\/\/www.anfitriaoprime.com.br\/blog\/wp-json\/wp\/v2\/types\/page"}],"author":[{"embeddable":true,"href":"https:\/\/www.anfitriaoprime.com.br\/blog\/wp-json\/wp\/v2\/users\/1"}],"replies":[{"embeddable":true,"href":"https:\/\/www.anfitriaoprime.com.br\/blog\/wp-json\/wp\/v2\/comments?post=2583"}],"version-history":[{"count":11,"href":"https:\/\/www.anfitriaoprime.com.br\/blog\/wp-json\/wp\/v2\/pages\/2583\/revisions"}],"predecessor-version":[{"id":2979,"href":"https:\/\/www.anfitriaoprime.com.br\/blog\/wp-json\/wp\/v2\/pages\/2583\/revisions\/2979"}],"wp:featuredmedia":[{"embeddable":true,"href":"https:\/\/www.anfitriaoprime.com.br\/blog\/wp-json\/wp\/v2\/media\/2572"}],"wp:attachment":[{"href":"https:\/\/www.anfitriaoprime.com.br\/blog\/wp-json\/wp\/v2\/media?parent=2583"}],"curies":[{"name":"wp","href":"https:\/\/api.w.org\/{rel}","templated":true}]}}