{"id":3080,"date":"2022-03-23T19:48:38","date_gmt":"2022-03-23T22:48:38","guid":{"rendered":"https:\/\/www.anfitriaoprime.com.br\/blog\/?page_id=3080"},"modified":"2022-03-23T19:48:38","modified_gmt":"2022-03-23T22:48:38","slug":"aluguel-de-temporada-em-sao-luis","status":"publish","type":"page","link":"https:\/\/www.anfitriaoprime.com.br\/blog\/aluguel-de-temporada-em-sao-luis\/","title":{"rendered":"Quer fazer aluguel de temporada em S\u00e3o Lu\u00eds? Fale com o Anfitri\u00e3o Prime!"},"content":{"rendered":"<p><span style=\"font-weight: 400;\">Gerenciamos todo o seu aluguel de temporada em S\u00e3o Lu\u00eds. Atuamos desde a cria\u00e7\u00e3o do an\u00fancio at\u00e9 a manuten\u00e7\u00e3o do im\u00f3vel. Tudo para que voc\u00ea n\u00e3o precise se preocupar com nada.\u00a0<\/span><\/p>\n<p><a href=\"https:\/\/reservas.anfitriaoprime.com.br\/\"><b>Clique aqui e conhe\u00e7a o nosso portf\u00f3lio com mais de 1.000 im\u00f3veis distribu\u00eddos em todo o Brasil!<\/b><\/a><\/p>\n<h2><b>Como o Anfitri\u00e3o Prime funciona?\u00a0<\/b><\/h2>\n<p><span style=\"font-weight: 400;\">Somos muito mais do que uma imobili\u00e1ria digital ou um site de reservas comum. N\u00f3s gerenciamos todo o seu aluguel de temporada em <\/span><b>S\u00e3o Lu\u00eds &#8211; MA <\/b><span style=\"font-weight: 400;\">atrav\u00e9s de servi\u00e7os personalizados e humanizados.\u00a0<\/span><\/p>\n<p><span style=\"font-weight: 400;\">Com sede em S\u00e3o Paulo, cuidamos de im\u00f3veis de temporada de todo o Brasil atrav\u00e9s de uma plataforma que unifica todos os processos e uma equipe de especialistas dedicada a cada uma das etapas.\u00a0<\/span><\/p>\n<p><span style=\"font-weight: 400;\">Desde a <\/span><b>cria\u00e7\u00e3o do an\u00fancio<\/b><span style=\"font-weight: 400;\">, at\u00e9 a <\/span><b>manuten\u00e7\u00e3o do im\u00f3vel<\/b><span style=\"font-weight: 400;\">. Cuidamos de tudo para que voc\u00ea n\u00e3o precise se preocupar com nada.\u00a0<\/span><\/p>\n<h2>Conhe\u00e7a os nossos servi\u00e7os para o seu aluguel de temporada em S\u00e3o Lu\u00eds &#8211; MA<\/h2>\n<p>N\u00f3s aliamos a experi\u00eancia de mais de 30 anos com turismo dos nossos profissionais \u00e0 tecnologia de ponta, garantindo, assim, maiores ganhos com o aluguel de temporada em S\u00e3o Lu\u00eds (Maranh\u00e3). Al\u00e9m de tamb\u00e9m oferecermos a melhor experi\u00eancia para os h\u00f3spedes. Confira os nossos servi\u00e7os:<\/p>\n<h3><b><img decoding=\"async\" loading=\"lazy\" class=\"emoji alignnone\" role=\"img\" draggable=\"false\" src=\"https:\/\/s.w.org\/images\/core\/emoji\/13.1.0\/svg\/1f4bb.svg\" alt=\"aluguel de temporada em Fortaleza\" width=\"150\" height=\"150\" \/>\u00a0Anunciamos sua propriedade<\/b><\/h3>\n<p>Primeiramente, n\u00f3s criamos o an\u00fancio da sua propriedade e o publicamos em mais de 30 sites de reservas, como Airbnb, Booking, VRBO (Alugue Temporada) e TripAdvisor.\u00a0 Em seguida, j\u00e1 ficamos respons\u00e1veis pela gest\u00e3o dele em cada uma das plataformas.<\/p>\n<h3><a href=\"https:\/\/www.anfitriaoprime.com.br\/blog\/foto-a-importancia-no-aluguel-de-temporada\/\"><b><img decoding=\"async\" class=\"emoji\" role=\"img\" draggable=\"false\" src=\"https:\/\/s.w.org\/images\/core\/emoji\/13.1.0\/svg\/1f4f7.svg\" alt=\"\ud83d\udcf7\" \/>\u00a0Fotos profissionais<\/b><\/a><\/h3>\n<p>As fotos profissionais do seu im\u00f3vel garantem uma melhor primeira impress\u00e3o aos h\u00f3spedes, o que aumenta as possibilidades de reservas.<\/p>\n<h3><b><img decoding=\"async\" class=\"emoji\" role=\"img\" draggable=\"false\" src=\"https:\/\/s.w.org\/images\/core\/emoji\/13.1.0\/svg\/1f4ac.svg\" alt=\"\ud83d\udcac\" \/>\u00a0Comunica\u00e7\u00e3o com os h\u00f3spedes<\/b><\/h3>\n<p>Um dos grandes problemas ao gerenciar um im\u00f3vel de temporada \u00e9 estar dispon\u00edvel para responder os h\u00f3spedes nas plataformas de reservas. Contudo, com o Anfitri\u00e3o Prime voc\u00ea n\u00e3o ter\u00e1 que se preocupar com isso, pois n\u00f3s temos uma equipe que est\u00e1 24\/7 dispon\u00edvel para atend\u00ea-los.<\/p>\n<h3><b><img decoding=\"async\" class=\"emoji\" role=\"img\" draggable=\"false\" src=\"https:\/\/s.w.org\/images\/core\/emoji\/13.1.0\/svg\/1f4c8.svg\" alt=\"\ud83d\udcc8\" \/>\u00a0<a href=\"https:\/\/www.anfitriaoprime.com.br\/blog\/valor-da-diaria-no-aluguel-de-temporada\/\">Defini\u00e7\u00e3o dos melhores pre\u00e7os de di\u00e1rias<\/a><\/b><\/h3>\n<p>Contamos com uma tecnologia de ponta que faz a precifica\u00e7\u00e3o inteligente do seu im\u00f3vel, pensando a longo prazo. Em outras palavras, ela leva em conta as varia\u00e7\u00f5es de pre\u00e7o que ocorrem durante o ano, como feriados, alta e baixa temporadas. Al\u00e9m de outras situa\u00e7\u00f5es que podem fazer com que o valor da di\u00e1ria do seu im\u00f3vel varie.<\/p>\n<h3><strong><img decoding=\"async\" loading=\"lazy\" class=\"emoji alignnone\" role=\"img\" draggable=\"false\" src=\"https:\/\/s.w.org\/images\/core\/emoji\/13.1.0\/svg\/1f5d3.svg\" alt=\"aluguel de temporada em Fortaleza\" width=\"150\" height=\"150\" \/>\u00a0Gest\u00e3o do calend\u00e1rio\u00a0<\/strong><\/h3>\n<p>N\u00f3s tamb\u00e9m contamos com uma ferramenta que faz a gest\u00e3o unificada do seu calend\u00e1rio para evitar o overbooking. Al\u00e9m disso, voc\u00ea tamb\u00e9m pode continuar utilizando o im\u00f3vel quando desejar, basta apenas nos informar com anteced\u00eancia para que possamos fazer o bloqueio do calend\u00e1rio para os h\u00f3spedes.<\/p>\n<h3><b><img decoding=\"async\" class=\"emoji\" role=\"img\" draggable=\"false\" src=\"https:\/\/s.w.org\/images\/core\/emoji\/13.1.0\/svg\/2714.svg\" alt=\"\u2714\" \/>\u00a0Concierge, Limpeza e Manuten\u00e7\u00e3o\u00a0<\/b><\/h3>\n<p>Finalmente, para que voc\u00ea possa alugar casas em S\u00e3o Lu\u00eds com tranquilidade, tamb\u00e9m oferecemos servi\u00e7os complementares. Atualmente, contamos com especialistas para serem <b>concierge<\/b>\u00a0do seu im\u00f3vel e serem respons\u00e1veis do check-in e check-out dos h\u00f3spedes. Al\u00e9m de outros profissionais para\u00a0<strong>limpeza, manuten\u00e7\u00e3o<\/strong>\u00a0e outros servi\u00e7os necess\u00e1rios para garantir uma experi\u00eancia perfeita aos seus h\u00f3spedes.<\/p>\n<h2><strong>Quais as vantagens de fazer aluguel de temporada em S\u00e3o Lu\u00eds pelo Anfitri\u00e3o Prime?\u00a0<\/strong><\/h2>\n<p><span style=\"font-weight: 400;\">N\u00f3s oferecemos tudo o que voc\u00ea precisa para alugar casas em S\u00e3o Lu\u00eds. Oferecemos uma plataforma completa, com diversos recursos, <\/span><span style=\"font-weight: 400;\">e uma equipe especializada para dar todo o suporte que voc\u00ea e os seus h\u00f3spedes precisam.\u00a0\u00a0<\/span><\/p>\n<p>Al\u00e9m disso tudo, voc\u00ea tamb\u00e9m ter\u00e1 as seguintes vantagens ao fazer aluguel de temporada em S\u00e3o Lu\u00eds com a gente, confira:<\/p>\n<figure id=\"attachment_3082\" class=\"thumbnail wp-caption alignnone\" style=\"width: 310px\"><img decoding=\"async\" loading=\"lazy\" class=\"size-medium wp-image-3082\" src=\"https:\/\/www.anfitriaoprime.com.br\/blog\/wp-content\/uploads\/2022\/03\/Dimensoes-personalizadas-750x410-px-14-300x164.jpeg\" alt=\"aluguel de temporada em S\u00e3o Lu\u00eds\" width=\"300\" height=\"164\" srcset=\"https:\/\/www.anfitriaoprime.com.br\/blog\/wp-content\/uploads\/2022\/03\/Dimensoes-personalizadas-750x410-px-14-300x164.jpeg 300w, https:\/\/www.anfitriaoprime.com.br\/blog\/wp-content\/uploads\/2022\/03\/Dimensoes-personalizadas-750x410-px-14.jpeg 750w\" sizes=\"(max-width: 300px) 100vw, 300px\" \/><figcaption class=\"caption wp-caption-text\">Superintend\u00eancia Federal do Maranh\u00e3o, em S\u00e3o Lu\u00eds &#8211; Foto dispon\u00edvel no Pixabay<\/figcaption><\/figure>\n<p>&nbsp;<\/p>\n<h3><strong>Sobre S\u00e3o Lu\u00eds\u00a0<\/strong><\/h3>\n<p><span style=\"font-weight: 400;\">Antes de tudo, \u00e9 claro que S\u00e3o Lu\u00eds<\/span><span style=\"font-weight: 400;\"> \u00e9 um dos destinos mais procurados do Maranh\u00e3o. Al\u00e9m de uma grande riqueza hist\u00f3rica, o destino tamb\u00e9m conta com outros diferenciais que atraem muitos turistas.\u00a0<\/span><\/p>\n<p>Logo, se<span style=\"font-weight: 400;\"> voc\u00ea quer atrair mais h\u00f3spedes para o seu aluguel de temporada em <strong>S<\/strong><\/span><b>\u00e3o Lu\u00eds<\/b>,<span style=\"font-weight: 400;\"> aproveite para conferir essas incr\u00edveis dicas de roteiro que separamos.<\/span><\/p>\n<h3><\/h3>\n<h4><em><strong>Bumba-meu-boi\u00a0<\/strong><\/em><\/h4>\n<p><span style=\"font-weight: 400;\">Sem sombra de d\u00favidas a \u00e9poca mais aguardada por quem faz aluguel de temporada em S\u00e3o Lu\u00eds \u00e9 maio, junho e julho. Visto que nessa \u00e9poca h\u00e1 uma grande demanda de turistas por conta do Bumba-meu-boi. <\/span><span style=\"font-weight: 400;\">Os ensaios come\u00e7am em maio e se encarra em julho, com a \u201cmorte dos bois\u201d. \u00c9 uma festa que com toda a certeza os h\u00f3spedes v\u00e3o querer conferi.\u00a0<\/span><\/p>\n<p>&nbsp;<\/p>\n<h4><em><strong>Casa da Festa (Centro de Cultura Popular Domingos Vieira Filho)<\/strong><\/em><\/h4>\n<p><span style=\"font-weight: 400;\">Falando de cultura, n\u00e3o d\u00e1 para deixar de fora a Casa da Festa (Centro de Cultura Popular Domingos Vieira Filho). No local os turistas poder\u00e3o conferir diversas salas trazendo a hist\u00f3ria da regi\u00e3o e tamb\u00e9m das festas t\u00edpicas.\u00a0<\/span><\/p>\n<p>&nbsp;<\/p>\n<h4><em><strong>Casa das Tulhas<\/strong><\/em><\/h4>\n<p><span style=\"font-weight: 400;\">Em seguida, recomende que os seus h\u00f3spedes conhe\u00e7am a Casa das Tulhas. Esse \u00e9 o mercad\u00e3o da regi\u00e3o que, assim como outras constru\u00e7\u00f5es do g\u00eanero, abriga uma grande variedade de lojas de todos os tipos.\u00a0<\/span><span style=\"font-weight: 400;\">Entretanto, o grande destaque fica para as barracas que vendem bebidas alco\u00f3licas de produ\u00e7\u00e3o local. Destaque para a famosa <em>Tiquira<\/em>, que nada mais \u00e9 que uma cacha\u00e7a de cor bem chamativa (roxa).\u00a0<\/span><span style=\"font-weight: 400;\">Mas existem v\u00e1rias outras op\u00e7\u00f5es para quem n\u00e3o quiser arriscar uma cacha\u00e7a logo de cara.\u00a0<\/span><\/p>\n<p>&nbsp;<\/p>\n<h3><strong>Onde comer em S\u00e3o Lu\u00eds\u00a0<\/strong><\/h3>\n<p>&nbsp;<\/p>\n<p><span style=\"font-weight: 400;\">Com toda a certeza os seus visitantes v\u00e3o querer um pouco mais sobre a culin\u00e1ria local durante a viagem. Por isso, separamos algumas dicas bem interessantes.<\/span><\/p>\n<p><span style=\"font-weight: 400;\">Come\u00e7ando pelo restaurante <strong>Flor de Vinagreira<\/strong>. O card\u00e1pio traz uma grande variedade de entradas e pratos principais interessantes, como, por exemplo, o fil\u00e9 de pescada com arroz de cux\u00e1, um tempero local..\u00a0<\/span><\/p>\n<p><span style=\"font-weight: 400;\">Outra excelente dica para quem deseja conhecer mais sobre a culin\u00e1ria local \u00e9 o<strong> Cafofinho da Tia Dica<\/strong>. O local \u00e9 super aconchegante e os h\u00f3spedes poder\u00e3o encontrar v\u00e1rios pratos de frutos do mar.\u00a0<\/span><\/p>\n<p><span style=\"font-weight: 400;\">Ent\u00e3o, viu como existem v\u00e1rios passeios e locais para chamar a aten\u00e7\u00e3o de mais h\u00f3spedes interessados em <\/span><b>im\u00f3veis em S\u00e3o Lu\u00eds<\/b><span style=\"font-weight: 400;\">? Aproveite para se cadastrar hoje mesmo e comece a anunciar.\u00a0<\/span><\/p>\n<p><a href=\"https:\/\/reservas.anfitriaoprime.com.br\/\"><b>Clique aqui e conhe\u00e7a o nosso portf\u00f3lio com mais de 1.000 im\u00f3veis distribu\u00eddos em todo o Brasil!<\/b><\/a><\/p>\n","protected":false},"excerpt":{"rendered":"<p>Gerenciamos todo o seu aluguel de temporada em S\u00e3o Lu\u00eds. Atuamos desde a cria\u00e7\u00e3o do an\u00fancio at\u00e9 a manuten\u00e7\u00e3o do im\u00f3vel. Tudo para que voc\u00ea n\u00e3o precise se preocupar com nada.\u00a0 Clique aqui e conhe\u00e7a o nosso portf\u00f3lio com mais de 1.000 im\u00f3veis distribu\u00eddos em todo o Brasil! Como o Anfitri\u00e3o Prime funciona?\u00a0 Somos muito [&hellip;]<\/p>\n","protected":false},"author":1,"featured_media":3081,"parent":0,"menu_order":0,"comment_status":"closed","ping_status":"closed","template":"page-lp.php","meta":[],"yoast_head":"<!-- This site is optimized with the Yoast SEO plugin v21.1 - https:\/\/yoast.com\/wordpress\/plugins\/seo\/ -->\n<title>Quer fazer aluguel de temporada em S\u00e3o Lu\u00eds - MA? Fale conosco!<\/title>\n<meta name=\"description\" content=\"Gerenciamos todo o seu aluguel de temporada em S\u00e3o Lu\u00eds. Atuamos desde a cria\u00e7\u00e3o do an\u00fancio at\u00e9 a manuten\u00e7\u00e3o do im\u00f3vel. Saiba mais aqui!\" \/>\n<meta name=\"robots\" content=\"index, follow, max-snippet:-1, max-image-preview:large, max-video-preview:-1\" \/>\n<link rel=\"canonical\" href=\"https:\/\/www.anfitriaoprime.com.br\/blog\/aluguel-de-temporada-em-sao-luis\/\" \/>\n<meta property=\"og:locale\" content=\"pt_BR\" \/>\n<meta property=\"og:type\" content=\"article\" \/>\n<meta property=\"og:title\" content=\"Quer fazer aluguel de temporada em S\u00e3o Lu\u00eds - MA? Fale conosco!\" \/>\n<meta property=\"og:description\" content=\"Gerenciamos todo o seu aluguel de temporada em S\u00e3o Lu\u00eds. Atuamos desde a cria\u00e7\u00e3o do an\u00fancio at\u00e9 a manuten\u00e7\u00e3o do im\u00f3vel. Saiba mais aqui!\" \/>\n<meta property=\"og:url\" content=\"https:\/\/www.anfitriaoprime.com.br\/blog\/aluguel-de-temporada-em-sao-luis\/\" \/>\n<meta property=\"og:site_name\" content=\"Blog Anfitri\u00e3o Prime: Ganhe dinheiro com aluguel de temporada.\" \/>\n<meta property=\"og:image\" content=\"https:\/\/www.anfitriaoprime.com.br\/blog\/wp-content\/uploads\/2022\/03\/Dimensoes-personalizadas-1920x550-px-16.jpeg\" \/>\n\t<meta property=\"og:image:width\" content=\"1920\" \/>\n\t<meta property=\"og:image:height\" content=\"550\" \/>\n\t<meta property=\"og:image:type\" content=\"image\/jpeg\" \/>\n<meta name=\"twitter:card\" content=\"summary_large_image\" \/>\n<meta name=\"twitter:label1\" content=\"Est. tempo de leitura\" \/>\n\t<meta name=\"twitter:data1\" content=\"6 minutos\" \/>\n<script type=\"application\/ld+json\" class=\"yoast-schema-graph\">{\"@context\":\"https:\/\/schema.org\",\"@graph\":[{\"@type\":\"WebPage\",\"@id\":\"https:\/\/www.anfitriaoprime.com.br\/blog\/aluguel-de-temporada-em-sao-luis\/\",\"url\":\"https:\/\/www.anfitriaoprime.com.br\/blog\/aluguel-de-temporada-em-sao-luis\/\",\"name\":\"Quer fazer aluguel de temporada em S\u00e3o Lu\u00eds - MA? Fale conosco!\",\"isPartOf\":{\"@id\":\"https:\/\/www.anfitriaoprime.com.br\/blog\/#website\"},\"datePublished\":\"2022-03-23T22:48:38+00:00\",\"dateModified\":\"2022-03-23T22:48:38+00:00\",\"description\":\"Gerenciamos todo o seu aluguel de temporada em S\u00e3o Lu\u00eds. Atuamos desde a cria\u00e7\u00e3o do an\u00fancio at\u00e9 a manuten\u00e7\u00e3o do im\u00f3vel. Saiba mais aqui!\",\"breadcrumb\":{\"@id\":\"https:\/\/www.anfitriaoprime.com.br\/blog\/aluguel-de-temporada-em-sao-luis\/#breadcrumb\"},\"inLanguage\":\"pt-BR\",\"potentialAction\":[{\"@type\":\"ReadAction\",\"target\":[\"https:\/\/www.anfitriaoprime.com.br\/blog\/aluguel-de-temporada-em-sao-luis\/\"]}]},{\"@type\":\"BreadcrumbList\",\"@id\":\"https:\/\/www.anfitriaoprime.com.br\/blog\/aluguel-de-temporada-em-sao-luis\/#breadcrumb\",\"itemListElement\":[{\"@type\":\"ListItem\",\"position\":1,\"name\":\"In\u00edcio\",\"item\":\"https:\/\/www.anfitriaoprime.com.br\/blog\/\"},{\"@type\":\"ListItem\",\"position\":2,\"name\":\"Quer fazer aluguel de temporada em S\u00e3o Lu\u00eds? Fale com o Anfitri\u00e3o Prime!\"}]},{\"@type\":\"WebSite\",\"@id\":\"https:\/\/www.anfitriaoprime.com.br\/blog\/#website\",\"url\":\"https:\/\/www.anfitriaoprime.com.br\/blog\/\",\"name\":\"Blog Anfitri\u00e3o Prime - Gest\u00e3o de propriedade para aluguel de temporada\",\"description\":\"No blog do Anfitri\u00e3o Prime voc\u00ea encontra dicas e informa\u00e7\u00f5es sobre o mercado de aluguel de temporada escrito por anfitri\u00f5es profissionais\",\"potentialAction\":[{\"@type\":\"SearchAction\",\"target\":{\"@type\":\"EntryPoint\",\"urlTemplate\":\"https:\/\/www.anfitriaoprime.com.br\/blog\/?s={search_term_string}\"},\"query-input\":\"required name=search_term_string\"}],\"inLanguage\":\"pt-BR\"}]}<\/script>\n<!-- \/ Yoast SEO plugin. -->","yoast_head_json":{"title":"Quer fazer aluguel de temporada em S\u00e3o Lu\u00eds - MA? Fale conosco!","description":"Gerenciamos todo o seu aluguel de temporada em S\u00e3o Lu\u00eds. Atuamos desde a cria\u00e7\u00e3o do an\u00fancio at\u00e9 a manuten\u00e7\u00e3o do im\u00f3vel. Saiba mais aqui!","robots":{"index":"index","follow":"follow","max-snippet":"max-snippet:-1","max-image-preview":"max-image-preview:large","max-video-preview":"max-video-preview:-1"},"canonical":"https:\/\/www.anfitriaoprime.com.br\/blog\/aluguel-de-temporada-em-sao-luis\/","og_locale":"pt_BR","og_type":"article","og_title":"Quer fazer aluguel de temporada em S\u00e3o Lu\u00eds - MA? Fale conosco!","og_description":"Gerenciamos todo o seu aluguel de temporada em S\u00e3o Lu\u00eds. Atuamos desde a cria\u00e7\u00e3o do an\u00fancio at\u00e9 a manuten\u00e7\u00e3o do im\u00f3vel. Saiba mais aqui!","og_url":"https:\/\/www.anfitriaoprime.com.br\/blog\/aluguel-de-temporada-em-sao-luis\/","og_site_name":"Blog Anfitri\u00e3o Prime: Ganhe dinheiro com aluguel de temporada.","og_image":[{"width":1920,"height":550,"url":"https:\/\/www.anfitriaoprime.com.br\/blog\/wp-content\/uploads\/2022\/03\/Dimensoes-personalizadas-1920x550-px-16.jpeg","type":"image\/jpeg"}],"twitter_card":"summary_large_image","twitter_misc":{"Est. tempo de leitura":"6 minutos"},"schema":{"@context":"https:\/\/schema.org","@graph":[{"@type":"WebPage","@id":"https:\/\/www.anfitriaoprime.com.br\/blog\/aluguel-de-temporada-em-sao-luis\/","url":"https:\/\/www.anfitriaoprime.com.br\/blog\/aluguel-de-temporada-em-sao-luis\/","name":"Quer fazer aluguel de temporada em S\u00e3o Lu\u00eds - MA? Fale conosco!","isPartOf":{"@id":"https:\/\/www.anfitriaoprime.com.br\/blog\/#website"},"datePublished":"2022-03-23T22:48:38+00:00","dateModified":"2022-03-23T22:48:38+00:00","description":"Gerenciamos todo o seu aluguel de temporada em S\u00e3o Lu\u00eds. Atuamos desde a cria\u00e7\u00e3o do an\u00fancio at\u00e9 a manuten\u00e7\u00e3o do im\u00f3vel. Saiba mais aqui!","breadcrumb":{"@id":"https:\/\/www.anfitriaoprime.com.br\/blog\/aluguel-de-temporada-em-sao-luis\/#breadcrumb"},"inLanguage":"pt-BR","potentialAction":[{"@type":"ReadAction","target":["https:\/\/www.anfitriaoprime.com.br\/blog\/aluguel-de-temporada-em-sao-luis\/"]}]},{"@type":"BreadcrumbList","@id":"https:\/\/www.anfitriaoprime.com.br\/blog\/aluguel-de-temporada-em-sao-luis\/#breadcrumb","itemListElement":[{"@type":"ListItem","position":1,"name":"In\u00edcio","item":"https:\/\/www.anfitriaoprime.com.br\/blog\/"},{"@type":"ListItem","position":2,"name":"Quer fazer aluguel de temporada em S\u00e3o Lu\u00eds? Fale com o Anfitri\u00e3o Prime!"}]},{"@type":"WebSite","@id":"https:\/\/www.anfitriaoprime.com.br\/blog\/#website","url":"https:\/\/www.anfitriaoprime.com.br\/blog\/","name":"Blog Anfitri\u00e3o Prime - Gest\u00e3o de propriedade para aluguel de temporada","description":"No blog do Anfitri\u00e3o Prime voc\u00ea encontra dicas e informa\u00e7\u00f5es sobre o mercado de aluguel de temporada escrito por anfitri\u00f5es profissionais","potentialAction":[{"@type":"SearchAction","target":{"@type":"EntryPoint","urlTemplate":"https:\/\/www.anfitriaoprime.com.br\/blog\/?s={search_term_string}"},"query-input":"required name=search_term_string"}],"inLanguage":"pt-BR"}]}},"acf":{"imagem":{"ID":3081,"id":3081,"title":"Dimens\u00f5es personalizadas 1920x550 px (16)","filename":"Dimensoes-personalizadas-1920x550-px-16.jpeg","filesize":1135566,"url":"https:\/\/www.anfitriaoprime.com.br\/blog\/wp-content\/uploads\/2022\/03\/Dimensoes-personalizadas-1920x550-px-16.jpeg","link":"https:\/\/www.anfitriaoprime.com.br\/blog\/aluguel-de-temporada-em-sao-luis\/dimensoes-personalizadas-1920x550-px-16-2\/","alt":"aluguel de temporada em S\u00e3o Lu\u00eds","author":"1","description":"","caption":"Foto de rauryson no Pixabay ","name":"dimensoes-personalizadas-1920x550-px-16-2","status":"inherit","uploaded_to":3080,"date":"2022-03-23 22:24:23","modified":"2022-03-23 22:25:18","menu_order":0,"mime_type":"image\/jpeg","type":"image","subtype":"jpeg","icon":"https:\/\/www.anfitriaoprime.com.br\/blog\/wp-includes\/images\/media\/default.png","width":1920,"height":550,"sizes":{"thumbnail":"https:\/\/www.anfitriaoprime.com.br\/blog\/wp-content\/uploads\/2022\/03\/Dimensoes-personalizadas-1920x550-px-16-150x150.jpeg","thumbnail-width":150,"thumbnail-height":150,"medium":"https:\/\/www.anfitriaoprime.com.br\/blog\/wp-content\/uploads\/2022\/03\/Dimensoes-personalizadas-1920x550-px-16-300x86.jpeg","medium-width":300,"medium-height":86,"medium_large":"https:\/\/www.anfitriaoprime.com.br\/blog\/wp-content\/uploads\/2022\/03\/Dimensoes-personalizadas-1920x550-px-16-768x220.jpeg","medium_large-width":648,"medium_large-height":186,"large":"https:\/\/www.anfitriaoprime.com.br\/blog\/wp-content\/uploads\/2022\/03\/Dimensoes-personalizadas-1920x550-px-16-1024x293.jpeg","large-width":648,"large-height":185,"1536x1536":"https:\/\/www.anfitriaoprime.com.br\/blog\/wp-content\/uploads\/2022\/03\/Dimensoes-personalizadas-1920x550-px-16.jpeg","1536x1536-width":1536,"1536x1536-height":440,"2048x2048":"https:\/\/www.anfitriaoprime.com.br\/blog\/wp-content\/uploads\/2022\/03\/Dimensoes-personalizadas-1920x550-px-16.jpeg","2048x2048-width":1920,"2048x2048-height":550,"sparkling-featured":"https:\/\/www.anfitriaoprime.com.br\/blog\/wp-content\/uploads\/2022\/03\/Dimensoes-personalizadas-1920x550-px-16.jpeg","sparkling-featured-width":750,"sparkling-featured-height":215,"sparkling-featured-fullwidth":"https:\/\/www.anfitriaoprime.com.br\/blog\/wp-content\/uploads\/2022\/03\/Dimensoes-personalizadas-1920x550-px-16.jpeg","sparkling-featured-fullwidth-width":1140,"sparkling-featured-fullwidth-height":327,"tab-small":"https:\/\/www.anfitriaoprime.com.br\/blog\/wp-content\/uploads\/2022\/03\/Dimensoes-personalizadas-1920x550-px-16.jpeg","tab-small-width":60,"tab-small-height":17,"crp_thumbnail":"https:\/\/www.anfitriaoprime.com.br\/blog\/wp-content\/uploads\/2022\/03\/Dimensoes-personalizadas-1920x550-px-16.jpeg","crp_thumbnail-width":150,"crp_thumbnail-height":43}},"titulo":"Quer fazer aluguel de temporada em S\u00e3o Lu\u00eds? Fale com o Anfitri\u00e3o Prime!","subtitulo":"<p><span style=\"font-weight: 400;\">Gerenciamos todo o seu aluguel de temporada em S\u00e3o Lu\u00eds. Atuamos desde a cria\u00e7\u00e3o do an\u00fancio at\u00e9 a manuten\u00e7\u00e3o do im\u00f3vel. Tudo para que voc\u00ea n\u00e3o precise se preocupar com nada.\u00a0<\/span><\/p>\n<p><a href=\"https:\/\/reservas.anfitriaoprime.com.br\/\"><b>Clique aqui e conhe\u00e7a o nosso portf\u00f3lio com mais de 1.000 im\u00f3veis distribu\u00eddos em todo o Brasil!<\/b><\/a><\/p>\n","titulo_secao_1":"Como o Anfitri\u00e3o Prime funciona?\u00a0","conteudo_secao_1":"<p><span style=\"font-weight: 400;\">Somos muito mais do que uma imobili\u00e1ria digital ou um site de reservas comum. N\u00f3s gerenciamos todo o seu aluguel de temporada em <\/span><b>S\u00e3o Lu\u00eds &#8211; MA <\/b><span style=\"font-weight: 400;\">atrav\u00e9s de servi\u00e7os personalizados e humanizados.\u00a0<\/span><\/p>\n<p><span style=\"font-weight: 400;\">Com sede em S\u00e3o Paulo, cuidamos de im\u00f3veis de temporada de todo o Brasil atrav\u00e9s de uma plataforma que unifica todos os processos e uma equipe de especialistas dedicada a cada uma das etapas.\u00a0<\/span><\/p>\n<p><span style=\"font-weight: 400;\">Desde a <\/span><b>cria\u00e7\u00e3o do an\u00fancio<\/b><span style=\"font-weight: 400;\">, at\u00e9 a <\/span><b>manuten\u00e7\u00e3o do im\u00f3vel<\/b><span style=\"font-weight: 400;\">. Cuidamos de tudo para que voc\u00ea n\u00e3o precise se preocupar com nada.\u00a0<\/span><\/p>\n","titulo_secao_2":"Conhe\u00e7a os nossos servi\u00e7os para o seu aluguel de temporada em S\u00e3o Lu\u00eds - MA","imagem_secao_2":false,"conteudo_secao_2":"<p>N\u00f3s aliamos a experi\u00eancia de mais de 30 anos com turismo dos nossos profissionais \u00e0 tecnologia de ponta, garantindo, assim, maiores ganhos com o aluguel de temporada em S\u00e3o Lu\u00eds (Maranh\u00e3). Al\u00e9m de tamb\u00e9m oferecermos a melhor experi\u00eancia para os h\u00f3spedes. Confira os nossos servi\u00e7os:<\/p>\n<h3><b><img decoding=\"async\" loading=\"lazy\" class=\"emoji alignnone\" role=\"img\" draggable=\"false\" src=\"https:\/\/s.w.org\/images\/core\/emoji\/13.1.0\/svg\/1f4bb.svg\" alt=\"aluguel de temporada em Fortaleza\" width=\"150\" height=\"150\" \/>\u00a0Anunciamos sua propriedade<\/b><\/h3>\n<p>Primeiramente, n\u00f3s criamos o an\u00fancio da sua propriedade e o publicamos em mais de 30 sites de reservas, como Airbnb, Booking, VRBO (Alugue Temporada) e TripAdvisor.\u00a0 Em seguida, j\u00e1 ficamos respons\u00e1veis pela gest\u00e3o dele em cada uma das plataformas.<\/p>\n<h3><a href=\"https:\/\/www.anfitriaoprime.com.br\/blog\/foto-a-importancia-no-aluguel-de-temporada\/\"><b><img decoding=\"async\" class=\"emoji\" role=\"img\" draggable=\"false\" src=\"https:\/\/s.w.org\/images\/core\/emoji\/13.1.0\/svg\/1f4f7.svg\" alt=\"\ud83d\udcf7\" \/>\u00a0Fotos profissionais<\/b><\/a><\/h3>\n<p>As fotos profissionais do seu im\u00f3vel garantem uma melhor primeira impress\u00e3o aos h\u00f3spedes, o que aumenta as possibilidades de reservas.<\/p>\n<h3><b><img decoding=\"async\" class=\"emoji\" role=\"img\" draggable=\"false\" src=\"https:\/\/s.w.org\/images\/core\/emoji\/13.1.0\/svg\/1f4ac.svg\" alt=\"\ud83d\udcac\" \/>\u00a0Comunica\u00e7\u00e3o com os h\u00f3spedes<\/b><\/h3>\n<p>Um dos grandes problemas ao gerenciar um im\u00f3vel de temporada \u00e9 estar dispon\u00edvel para responder os h\u00f3spedes nas plataformas de reservas. Contudo, com o Anfitri\u00e3o Prime voc\u00ea n\u00e3o ter\u00e1 que se preocupar com isso, pois n\u00f3s temos uma equipe que est\u00e1 24\/7 dispon\u00edvel para atend\u00ea-los.<\/p>\n<h3><b><img decoding=\"async\" class=\"emoji\" role=\"img\" draggable=\"false\" src=\"https:\/\/s.w.org\/images\/core\/emoji\/13.1.0\/svg\/1f4c8.svg\" alt=\"\ud83d\udcc8\" \/>\u00a0<a href=\"https:\/\/www.anfitriaoprime.com.br\/blog\/valor-da-diaria-no-aluguel-de-temporada\/\">Defini\u00e7\u00e3o dos melhores pre\u00e7os de di\u00e1rias<\/a><\/b><\/h3>\n<p>Contamos com uma tecnologia de ponta que faz a precifica\u00e7\u00e3o inteligente do seu im\u00f3vel, pensando a longo prazo. Em outras palavras, ela leva em conta as varia\u00e7\u00f5es de pre\u00e7o que ocorrem durante o ano, como feriados, alta e baixa temporadas. Al\u00e9m de outras situa\u00e7\u00f5es que podem fazer com que o valor da di\u00e1ria do seu im\u00f3vel varie.<\/p>\n<h3><strong><img decoding=\"async\" loading=\"lazy\" class=\"emoji alignnone\" role=\"img\" draggable=\"false\" src=\"https:\/\/s.w.org\/images\/core\/emoji\/13.1.0\/svg\/1f5d3.svg\" alt=\"aluguel de temporada em Fortaleza\" width=\"150\" height=\"150\" \/>\u00a0Gest\u00e3o do calend\u00e1rio\u00a0<\/strong><\/h3>\n<p>N\u00f3s tamb\u00e9m contamos com uma ferramenta que faz a gest\u00e3o unificada do seu calend\u00e1rio para evitar o overbooking. Al\u00e9m disso, voc\u00ea tamb\u00e9m pode continuar utilizando o im\u00f3vel quando desejar, basta apenas nos informar com anteced\u00eancia para que possamos fazer o bloqueio do calend\u00e1rio para os h\u00f3spedes.<\/p>\n<h3><b><img decoding=\"async\" class=\"emoji\" role=\"img\" draggable=\"false\" src=\"https:\/\/s.w.org\/images\/core\/emoji\/13.1.0\/svg\/2714.svg\" alt=\"\u2714\" \/>\u00a0Concierge, Limpeza e Manuten\u00e7\u00e3o\u00a0<\/b><\/h3>\n<p>Finalmente, para que voc\u00ea possa alugar casas em S\u00e3o Lu\u00eds com tranquilidade, tamb\u00e9m oferecemos servi\u00e7os complementares. Atualmente, contamos com especialistas para serem <b>concierge<\/b>\u00a0do seu im\u00f3vel e serem respons\u00e1veis do check-in e check-out dos h\u00f3spedes. Al\u00e9m de outros profissionais para\u00a0<strong>limpeza, manuten\u00e7\u00e3o<\/strong>\u00a0e outros servi\u00e7os necess\u00e1rios para garantir uma experi\u00eancia perfeita aos seus h\u00f3spedes.<\/p>\n","titulo_secao_3":"Quais as vantagens de fazer aluguel de temporada em S\u00e3o Lu\u00eds pelo Anfitri\u00e3o Prime?\u00a0","conteudo_secao_3":"<p><span style=\"font-weight: 400;\">N\u00f3s oferecemos tudo o que voc\u00ea precisa para alugar casas em S\u00e3o Lu\u00eds. Oferecemos uma plataforma completa, com diversos recursos, <\/span><span style=\"font-weight: 400;\">e uma equipe especializada para dar todo o suporte que voc\u00ea e os seus h\u00f3spedes precisam.\u00a0\u00a0<\/span><\/p>\n<p>Al\u00e9m disso tudo, voc\u00ea tamb\u00e9m ter\u00e1 as seguintes vantagens ao fazer aluguel de temporada em S\u00e3o Lu\u00eds com a gente, confira:<\/p>\n","titulo_secao_6":"Sobre S\u00e3o Lu\u00eds\u00a0","conteudo_secao_6":"<figure id=\"attachment_3082\" class=\"thumbnail wp-caption alignnone\" style=\"width: 760px\"><img decoding=\"async\" loading=\"lazy\" class=\"wp-image-3082 size-full\" src=\"https:\/\/www.anfitriaoprime.com.br\/blog\/wp-content\/uploads\/2022\/03\/Dimensoes-personalizadas-750x410-px-14.jpeg\" alt=\"\" width=\"750\" height=\"410\" srcset=\"https:\/\/www.anfitriaoprime.com.br\/blog\/wp-content\/uploads\/2022\/03\/Dimensoes-personalizadas-750x410-px-14.jpeg 750w, https:\/\/www.anfitriaoprime.com.br\/blog\/wp-content\/uploads\/2022\/03\/Dimensoes-personalizadas-750x410-px-14-300x164.jpeg 300w\" sizes=\"(max-width: 750px) 100vw, 750px\" \/><figcaption class=\"caption wp-caption-text\">Superintend\u00eancia Federal do Maranh\u00e3o, em S\u00e3o Lu\u00eds &#8211; Foto dispon\u00edvel no Pixabay<\/figcaption><\/figure>\n<p><span style=\"font-weight: 400;\">Antes de tudo, \u00e9 claro que S\u00e3o Lu\u00eds<\/span><span style=\"font-weight: 400;\"> \u00e9 um dos destinos mais procurados do Maranh\u00e3o. Al\u00e9m de uma grande riqueza hist\u00f3rica, o destino tamb\u00e9m conta com outros diferenciais que atraem muitos turistas.\u00a0<\/span><\/p>\n<p>Logo, se<span style=\"font-weight: 400;\"> voc\u00ea quer atrair mais h\u00f3spedes para o seu aluguel de temporada em <strong>S<\/strong><\/span><b>\u00e3o Lu\u00eds<\/b>,<span style=\"font-weight: 400;\"> aproveite para conferir essas incr\u00edveis dicas de roteiro que separamos.<\/span><\/p>\n<h3><\/h3>\n<h4><em><strong>Bumba-meu-boi\u00a0<\/strong><\/em><\/h4>\n<p><span style=\"font-weight: 400;\">Sem sombra de d\u00favidas a \u00e9poca mais aguardada por quem faz aluguel de temporada em S\u00e3o Lu\u00eds \u00e9 maio, junho e julho. Visto que nessa \u00e9poca h\u00e1 uma grande demanda de turistas por conta do Bumba-meu-boi. <\/span><span style=\"font-weight: 400;\">Os ensaios come\u00e7am em maio e se encarra em julho, com a \u201cmorte dos bois\u201d. \u00c9 uma festa que com toda a certeza os h\u00f3spedes v\u00e3o querer conferi.\u00a0<\/span><\/p>\n<p>&nbsp;<\/p>\n<h4><em><strong>Casa da Festa (Centro de Cultura Popular Domingos Vieira Filho)<\/strong><\/em><\/h4>\n<p><span style=\"font-weight: 400;\">Falando de cultura, n\u00e3o d\u00e1 para deixar de fora a Casa da Festa (Centro de Cultura Popular Domingos Vieira Filho). No local os turistas poder\u00e3o conferir diversas salas trazendo a hist\u00f3ria da regi\u00e3o e tamb\u00e9m das festas t\u00edpicas.\u00a0<\/span><\/p>\n<p>&nbsp;<\/p>\n<h4><em><strong>Casa das Tulhas<\/strong><\/em><\/h4>\n<p><span style=\"font-weight: 400;\">Em seguida, recomende que os seus h\u00f3spedes conhe\u00e7am a Casa das Tulhas. Esse \u00e9 o mercad\u00e3o da regi\u00e3o que, assim como outras constru\u00e7\u00f5es do g\u00eanero, abriga uma grande variedade de lojas de todos os tipos.\u00a0<\/span><span style=\"font-weight: 400;\">Entretanto, o grande destaque fica para as barracas que vendem bebidas alco\u00f3licas de produ\u00e7\u00e3o local. Destaque para a famosa <em>Tiquira<\/em>, que nada mais \u00e9 que uma cacha\u00e7a de cor bem chamativa (roxa).\u00a0<\/span><span style=\"font-weight: 400;\">Mas existem v\u00e1rias outras op\u00e7\u00f5es para quem n\u00e3o quiser arriscar uma cacha\u00e7a logo de cara.\u00a0<\/span><\/p>\n<p>&nbsp;<\/p>\n<h3><strong>Onde comer em S\u00e3o Lu\u00eds\u00a0<\/strong><\/h3>\n<p>&nbsp;<\/p>\n<p><span style=\"font-weight: 400;\">Com toda a certeza os seus visitantes v\u00e3o querer um pouco mais sobre a culin\u00e1ria local durante a viagem. Por isso, separamos algumas dicas bem interessantes.<\/span><\/p>\n<p><span style=\"font-weight: 400;\">Come\u00e7ando pelo restaurante <strong>Flor de Vinagreira<\/strong>. O card\u00e1pio traz uma grande variedade de entradas e pratos principais interessantes, como, por exemplo, o fil\u00e9 de pescada com arroz de cux\u00e1, um tempero local..\u00a0<\/span><\/p>\n<p><span style=\"font-weight: 400;\">Outra excelente dica para quem deseja conhecer mais sobre a culin\u00e1ria local \u00e9 o<strong> Cafofinho da Tia Dica<\/strong>. O local \u00e9 super aconchegante e os h\u00f3spedes poder\u00e3o encontrar v\u00e1rios pratos de frutos do mar.\u00a0<\/span><\/p>\n<p><span style=\"font-weight: 400;\">Ent\u00e3o, viu como existem v\u00e1rios passeios e locais para chamar a aten\u00e7\u00e3o de mais h\u00f3spedes interessados em <\/span><b>im\u00f3veis em S\u00e3o Lu\u00eds<\/b><span style=\"font-weight: 400;\">? Aproveite para se cadastrar hoje mesmo e comece a anunciar.\u00a0<\/span><\/p>\n<p><a href=\"https:\/\/reservas.anfitriaoprime.com.br\/\"><b>Clique aqui e conhe\u00e7a o nosso portf\u00f3lio com mais de 1.000 im\u00f3veis distribu\u00eddos em todo o Brasil!<\/b><\/a><\/p>\n"},"_links":{"self":[{"href":"https:\/\/www.anfitriaoprime.com.br\/blog\/wp-json\/wp\/v2\/pages\/3080"}],"collection":[{"href":"https:\/\/www.anfitriaoprime.com.br\/blog\/wp-json\/wp\/v2\/pages"}],"about":[{"href":"https:\/\/www.anfitriaoprime.com.br\/blog\/wp-json\/wp\/v2\/types\/page"}],"author":[{"embeddable":true,"href":"https:\/\/www.anfitriaoprime.com.br\/blog\/wp-json\/wp\/v2\/users\/1"}],"replies":[{"embeddable":true,"href":"https:\/\/www.anfitriaoprime.com.br\/blog\/wp-json\/wp\/v2\/comments?post=3080"}],"version-history":[{"count":2,"href":"https:\/\/www.anfitriaoprime.com.br\/blog\/wp-json\/wp\/v2\/pages\/3080\/revisions"}],"predecessor-version":[{"id":3084,"href":"https:\/\/www.anfitriaoprime.com.br\/blog\/wp-json\/wp\/v2\/pages\/3080\/revisions\/3084"}],"wp:featuredmedia":[{"embeddable":true,"href":"https:\/\/www.anfitriaoprime.com.br\/blog\/wp-json\/wp\/v2\/media\/3081"}],"wp:attachment":[{"href":"https:\/\/www.anfitriaoprime.com.br\/blog\/wp-json\/wp\/v2\/media?parent=3080"}],"curies":[{"name":"wp","href":"https:\/\/api.w.org\/{rel}","templated":true}]}}