{"id":3087,"date":"2022-03-23T20:23:44","date_gmt":"2022-03-23T23:23:44","guid":{"rendered":"https:\/\/www.anfitriaoprime.com.br\/blog\/?page_id=3087"},"modified":"2022-03-23T20:23:44","modified_gmt":"2022-03-23T23:23:44","slug":"aluguel-de-temporada-em-teresopolis","status":"publish","type":"page","link":"https:\/\/www.anfitriaoprime.com.br\/blog\/aluguel-de-temporada-em-teresopolis\/","title":{"rendered":"Fa\u00e7a aluguel de temporada em Teres\u00f3polis com o Anfitri\u00e3o Prime"},"content":{"rendered":"<p><span style=\"font-weight: 400;\">Quer fazer aluguel de temporada em <\/span><b>Teres\u00f3polis &#8211; RJ <\/b><span style=\"font-weight: 400;\">e n\u00e3o sabe como? O Anfitri\u00e3o Prime pode te ajudar! N\u00f3s gerenciamos todo o processo de loca\u00e7\u00e3o: desde a cria\u00e7\u00e3o do an\u00fancio, at\u00e9 a manuten\u00e7\u00e3o do im\u00f3vel. Tudo para que voc\u00ea n\u00e3o precise se preocupar com nada.\u00a0<\/span><\/p>\n<p><a href=\"https:\/\/reservas.anfitriaoprime.com.br\/\"><b>Clique aqui e conhe\u00e7a o nosso portf\u00f3lio com mais de 1.000 im\u00f3veis em todo o Brasil.<\/b><\/a><\/p>\n<h2><strong>Quais os servi\u00e7os profissionais que o Anfitri\u00e3o Prime oferece?\u00a0<\/strong><\/h2>\n<p><span style=\"font-weight: 400;\">Temos anos de experi\u00eancia dentro do mercado de aluguel de temporada, e oferecemos v\u00e1rios servi\u00e7os de loca\u00e7\u00e3o de casas em Teres\u00f3polis, tais como:\u00a0<\/span><\/p>\n<ul>\n<li style=\"font-weight: 400;\" aria-level=\"1\"><span style=\"font-weight: 400;\">Cria\u00e7\u00e3o e gest\u00e3o de an\u00fancios em mais de 30 sites de reservas, incluindo Airbnb, Booking e TripAdvisor;<\/span><\/li>\n<li style=\"font-weight: 400;\" aria-level=\"1\"><span style=\"font-weight: 400;\">Fotos profissionais dos seus im\u00f3veis;\u00a0<\/span><\/li>\n<li style=\"font-weight: 400;\" aria-level=\"1\"><span style=\"font-weight: 400;\">Atendimento 24h para propriet\u00e1rios e h\u00f3spedes;\u00a0<\/span><\/li>\n<\/ul>\n<p><span style=\"font-weight: 400;\">Com o Anfitri\u00e3o Prime voc\u00ea n\u00e3o precisa mais esquentar a cabe\u00e7a na hora de fazer aluguel de temporada em <\/span><b>Teres\u00f3polis<\/b><span style=\"font-weight: 400;\">. Aqui voc\u00ea encontra tudo o que precisa para atender h\u00f3spedes de todo o Brasil.\u00a0<\/span><\/p>\n<p><span style=\"font-weight: 400;\">Ent\u00e3o aproveite para cadastrar o seu im\u00f3vel agora mesmo atrav\u00e9s do formul\u00e1rio ao lado. Leva menos de 15 minutos.<\/span><\/p>\n<h2>Conhe\u00e7a os nossos servi\u00e7os para o seu aluguel de temporada em Teres\u00f3polis<\/h2>\n<p>N\u00f3s aliamos a experi\u00eancia de mais de 30 anos com turismo dos nossos profissionais \u00e0 tecnologia de ponta, garantindo, assim, maiores ganhos com o aluguel de temporada em Teres\u00f3polis. Al\u00e9m de tamb\u00e9m oferecermos a melhor experi\u00eancia para os h\u00f3spedes. Confira os nossos servi\u00e7os:<\/p>\n<h3><b><img decoding=\"async\" loading=\"lazy\" class=\"emoji alignnone\" role=\"img\" draggable=\"false\" src=\"https:\/\/s.w.org\/images\/core\/emoji\/13.1.0\/svg\/1f4bb.svg\" alt=\"aluguel de temporada em Fortaleza\" width=\"150\" height=\"150\" \/>\u00a0Anunciamos sua propriedade<\/b><\/h3>\n<p>Primeiramente, n\u00f3s criamos o an\u00fancio da sua propriedade e o publicamos em mais de 30 sites de reservas, como Airbnb, Booking, VRBO (Alugue Temporada) e TripAdvisor.\u00a0 Em seguida, j\u00e1 ficamos respons\u00e1veis pela gest\u00e3o dele em cada uma das plataformas.<\/p>\n<h3><a href=\"https:\/\/www.anfitriaoprime.com.br\/blog\/foto-a-importancia-no-aluguel-de-temporada\/\"><b><img decoding=\"async\" class=\"emoji\" role=\"img\" draggable=\"false\" src=\"https:\/\/s.w.org\/images\/core\/emoji\/13.1.0\/svg\/1f4f7.svg\" alt=\"\ud83d\udcf7\" \/>\u00a0Fotos profissionais<\/b><\/a><\/h3>\n<p>As fotos profissionais do seu im\u00f3vel garantem uma melhor primeira impress\u00e3o aos h\u00f3spedes, o que aumenta as possibilidades de reservas.<\/p>\n<h3><b><img decoding=\"async\" class=\"emoji\" role=\"img\" draggable=\"false\" src=\"https:\/\/s.w.org\/images\/core\/emoji\/13.1.0\/svg\/1f4ac.svg\" alt=\"\ud83d\udcac\" \/>\u00a0Comunica\u00e7\u00e3o com os h\u00f3spedes<\/b><\/h3>\n<p>Um dos grandes problemas ao gerenciar um im\u00f3vel de temporada \u00e9 estar dispon\u00edvel para responder os h\u00f3spedes nas plataformas de reservas. Contudo, com o Anfitri\u00e3o Prime voc\u00ea n\u00e3o ter\u00e1 que se preocupar com isso, pois n\u00f3s temos uma equipe que est\u00e1 24\/7 dispon\u00edvel para atend\u00ea-los.<\/p>\n<h3><b><img decoding=\"async\" class=\"emoji\" role=\"img\" draggable=\"false\" src=\"https:\/\/s.w.org\/images\/core\/emoji\/13.1.0\/svg\/1f4c8.svg\" alt=\"\ud83d\udcc8\" \/>\u00a0<a href=\"https:\/\/www.anfitriaoprime.com.br\/blog\/valor-da-diaria-no-aluguel-de-temporada\/\">Defini\u00e7\u00e3o dos melhores pre\u00e7os de di\u00e1rias<\/a><\/b><\/h3>\n<p>Contamos com uma tecnologia de ponta que faz a precifica\u00e7\u00e3o inteligente do seu im\u00f3vel, pensando a longo prazo. Em outras palavras, ela leva em conta as varia\u00e7\u00f5es de pre\u00e7o que ocorrem durante o ano, como feriados, alta e baixa temporadas. Al\u00e9m de outras situa\u00e7\u00f5es que podem fazer com que o valor da di\u00e1ria do seu im\u00f3vel varie.<\/p>\n<h3><strong><img decoding=\"async\" loading=\"lazy\" class=\"emoji alignnone\" role=\"img\" draggable=\"false\" src=\"https:\/\/s.w.org\/images\/core\/emoji\/13.1.0\/svg\/1f5d3.svg\" alt=\"aluguel de temporada em Fortaleza\" width=\"150\" height=\"150\" \/>\u00a0Gest\u00e3o do calend\u00e1rio\u00a0<\/strong><\/h3>\n<p>N\u00f3s tamb\u00e9m contamos com uma ferramenta que faz a gest\u00e3o unificada do seu calend\u00e1rio para evitar o overbooking. Al\u00e9m disso, voc\u00ea tamb\u00e9m pode continuar utilizando o im\u00f3vel quando desejar, basta apenas nos informar com anteced\u00eancia para que possamos fazer o bloqueio do calend\u00e1rio para os h\u00f3spedes.<\/p>\n<h3><b><img decoding=\"async\" class=\"emoji\" role=\"img\" draggable=\"false\" src=\"https:\/\/s.w.org\/images\/core\/emoji\/13.1.0\/svg\/2714.svg\" alt=\"\u2714\" \/>\u00a0Concierge, Limpeza e Manuten\u00e7\u00e3o\u00a0<\/b><\/h3>\n<p>Finalmente, para que voc\u00ea possa alugar casas em Teres\u00f3polis com tranquilidade, tamb\u00e9m oferecemos servi\u00e7os complementares. Atualmente, contamos com especialistas para serem <b>concierge<\/b>\u00a0do seu im\u00f3vel e serem respons\u00e1veis do check-in e check-out dos h\u00f3spedes. Al\u00e9m de outros profissionais para\u00a0<strong>limpeza, manuten\u00e7\u00e3o<\/strong>\u00a0e outros servi\u00e7os necess\u00e1rios para garantir uma experi\u00eancia perfeita aos seus h\u00f3spedes.<\/p>\n<h2>Quais as vantagens de fazer aluguel de temporada em Teres\u00f3polis com a gente?<\/h2>\n<p>Como falamos anteriormente, n\u00f3s oferecemos um servi\u00e7o personalizado e humanizado para os propriet\u00e1rios que querem oferecer uma experi\u00eancia acolhedora e completa aos seus h\u00f3spedes. Com a gente voc\u00ea n\u00e3o precisa se preocupar com nada al\u00e9m de disponibilizar um lugar confort\u00e1vel para o seu h\u00f3spede.<\/p>\n<p>Mas, se comparamos os servi\u00e7os do Anfitri\u00e3o Prime com os servi\u00e7os oferecidos por outros sites de reservas, voc\u00ea ter\u00e1 as seguintes vantagens:<\/p>\n<figure id=\"attachment_3093\" class=\"thumbnail wp-caption alignnone\" style=\"width: 310px\"><img decoding=\"async\" loading=\"lazy\" class=\"wp-image-3093 size-medium\" src=\"https:\/\/www.anfitriaoprime.com.br\/blog\/wp-content\/uploads\/2022\/03\/Dimensoes-personalizadas-750x410-px-15-300x164.jpeg\" alt=\"aluguel de temporada em Teres\u00f3polis\" width=\"300\" height=\"164\" srcset=\"https:\/\/www.anfitriaoprime.com.br\/blog\/wp-content\/uploads\/2022\/03\/Dimensoes-personalizadas-750x410-px-15-300x164.jpeg 300w, https:\/\/www.anfitriaoprime.com.br\/blog\/wp-content\/uploads\/2022\/03\/Dimensoes-personalizadas-750x410-px-15.jpeg 750w\" sizes=\"(max-width: 300px) 100vw, 300px\" \/><figcaption class=\"caption wp-caption-text\">Dedo de Deus | Foto de Felipe Ferreira no Unsplash<\/figcaption><\/figure>\n<h3><strong>Sobre Teres\u00f3polis\u00a0<\/strong><\/h3>\n<p><span style=\"font-weight: 400;\">\u00c0 primeira vista Teres\u00f3polis<\/span><span style=\"font-weight: 400;\"> \u00e9 s\u00f3 mais um destino com clima ameno e perfeito para interessados em conhecer a serra. Entretanto, a cidade tamb\u00e9m \u00e9 conhecida por ser cen\u00e1rio de v\u00e1rias novelas.\u00a0<\/span><\/p>\n<p><span style=\"font-weight: 400;\">N\u00e3o \u00e9 \u00e0 toa que h\u00e1 uma boa demanda por casas em Teres\u00f3polis, praticamente o ano todo.\u00a0\u00a0<\/span><\/p>\n<h3><strong>Dicas de roteiro em Teres\u00f3polis\u00a0<\/strong><\/h3>\n<p><span style=\"font-weight: 400;\">Ent\u00e3o, se voc\u00ea quer atrair mais h\u00f3spedes para o seu aluguel de temporada em Teres\u00f3polis<\/span><span style=\"font-weight: 400;\">, mas n\u00e3o sabe o que divulgar de atrativos para eles, d\u00e1 uma olhada nessas dicas de roteiro que n\u00f3s separamos.\u00a0<\/span><\/p>\n<h3><\/h3>\n<h4><em><strong>Dedo de Deus<\/strong><\/em><\/h4>\n<p><span style=\"font-weight: 400;\">Primeiramente, \u00e9 claro que n\u00e3o poder\u00edamos deixar de indicar o Dedo de Deus, que \u00e9 um pico famoso na regi\u00e3o e parada obrigat\u00f3ria para os turistas. Ele tem 1.600 metros de altura e tem esse nome justamente por conta do seu formato, que parece muito com uma m\u00e3o apontado para o c\u00e9u.\u00a0<\/span><span style=\"font-weight: 400;\">Para os visitantes que querem tirar uma bela foto desse cart\u00e3o postal, vale indicar uma ida at\u00e9 o Mirante do Soberbo em Teres\u00f3polis.<\/span><\/p>\n<h3><\/h3>\n<h4><em><strong>Cachoeira dos Frades\u00a0<\/strong><\/em><\/h4>\n<p><span style=\"font-weight: 400;\">Em seguida, mas ainda para os visitantes que querem ter mais contato com a natureza, vale indicar a Cachoeira dos Frades. Ela fica no Vale dos Frases, localizado entre as cidades de Nova Friburgo e Teres\u00f3polis. Al\u00e9m disso, d<\/span><span style=\"font-weight: 400;\">\u00e1 para tomar um delicioso banho de cachoeira e ainda curtir a fauna e flora locais.\u00a0<\/span><\/p>\n<h3><\/h3>\n<h4><em><strong>Feirinha do Alto<\/strong><\/em><\/h4>\n<p><span style=\"font-weight: 400;\">A Feirinha do Alto tamb\u00e9m \u00e9 parada obrigat\u00f3ria para os turistas. Visto que nesse local os h\u00f3spedes poder\u00e3o encontrar uma grande variedade de produtos e lembrancinhas para levarem de recorda\u00e7\u00e3o.\u00a0<\/span><span style=\"font-weight: 400;\">Al\u00e9m disso, o local tamb\u00e9m conta com op\u00e7\u00f5es gastron\u00f4micas, roupas, decora\u00e7\u00e3o e at\u00e9 mesmo m\u00f3veis,\u00a0<\/span><\/p>\n<h3><\/h3>\n<h4><em><strong>Parque Nacional da Serra dos \u00d3rg\u00e3os<\/strong><\/em><\/h4>\n<p><span style=\"font-weight: 400;\">Finalmente, recomendamos uma visita ao Parque Nacional da Serra dos \u00d3rg\u00e3os. O local abriga diversos outros pontos tur\u00edsticos da regi\u00e3o, como o pr\u00f3prio Dedo de Deus, e ainda conta com trilhas incr\u00edveis para quem gosta de ecoturismo.<\/span><\/p>\n<p>&nbsp;<\/p>\n<h3><strong>Onde comer em Teres\u00f3polis<\/strong><\/h3>\n<p>&nbsp;<\/p>\n<p><span style=\"font-weight: 400;\">Nesse mesmo sentido de conhecer lugar novos, \u00e9 claro que os visitantes do seu aluguel de temporada em Teres\u00f3polis tamb\u00e9m v\u00e3o querer conhecer alguns dos principais <em>points<\/em> gastron\u00f4micos do local. E n\u00f3s tamb\u00e9m separamos alguns. Confira!<\/span><\/p>\n<p><span style=\"font-weight: 400;\">Ent\u00e3o, come\u00e7amos indicando o <strong>Vila St. Gallen.<\/strong>\u00a0O local \u00e9 super famoso na cidade pois conta com v\u00e1rios ambientes gastron\u00f4micos onde \u00e9 poss\u00edvel degustar cervejas de alta qualidade, bem como experimentar deliciosos pratos.\u00a0<\/span><\/p>\n<p><span style=\"font-weight: 400;\">Em seguida, outra excelente recomenda\u00e7\u00e3o para fazer aos seus h\u00f3spedes \u00e9 o <strong>Viva It\u00e1lia<\/strong>. E como o pr\u00f3prio nome sugere, o espa\u00e7o conta com diversos locais para voc\u00ea apreciar diferentes tipos de del\u00edcias italianas, desde <em>gelatos<\/em> at\u00e9 massas.\u00a0<\/span><\/p>\n<p><span style=\"font-weight: 400;\">Viu como tem v\u00e1rios atrativos superinteressantes para atrair mais h\u00f3spedes<\/span><span style=\"font-weight: 400;\">? Aproveite para se cadastrar no Anfitri\u00e3o Prime e tenha todo o suporte que voc\u00ea precisa para atuar com loca\u00e7\u00e3o por temporada.\u00a0<\/span><\/p>\n<p><a href=\"https:\/\/reservas.anfitriaoprime.com.br\/\"><b>Clique aqui e conhe\u00e7a o nosso portf\u00f3lio com mais de 1.000 im\u00f3veis em todo o Brasil.<\/b><\/a><\/p>\n","protected":false},"excerpt":{"rendered":"<p>Quer fazer aluguel de temporada em Teres\u00f3polis &#8211; RJ e n\u00e3o sabe como? O Anfitri\u00e3o Prime pode te ajudar! N\u00f3s gerenciamos todo o processo de loca\u00e7\u00e3o: desde a cria\u00e7\u00e3o do an\u00fancio, at\u00e9 a manuten\u00e7\u00e3o do im\u00f3vel. Tudo para que voc\u00ea n\u00e3o precise se preocupar com nada.\u00a0 Clique aqui e conhe\u00e7a o nosso portf\u00f3lio com mais [&hellip;]<\/p>\n","protected":false},"author":1,"featured_media":3088,"parent":0,"menu_order":0,"comment_status":"closed","ping_status":"closed","template":"page-lp.php","meta":[],"yoast_head":"<!-- This site is optimized with the Yoast SEO plugin v21.1 - https:\/\/yoast.com\/wordpress\/plugins\/seo\/ -->\n<title>Fa\u00e7a aluguel de temporada em Teres\u00f3polis com o Anfitri\u00e3o Prime<\/title>\n<meta name=\"description\" content=\"Gerenciamos todo o seu aluguel de temporada em Teres\u00f3polis: desde a cria\u00e7\u00e3o do an\u00fancio, at\u00e9 a manuten\u00e7\u00e3o e limpeza do im\u00f3vel. Fale conosco!\" \/>\n<meta name=\"robots\" content=\"index, follow, max-snippet:-1, max-image-preview:large, max-video-preview:-1\" \/>\n<link rel=\"canonical\" href=\"https:\/\/www.anfitriaoprime.com.br\/blog\/aluguel-de-temporada-em-teresopolis\/\" \/>\n<meta property=\"og:locale\" content=\"pt_BR\" \/>\n<meta property=\"og:type\" content=\"article\" \/>\n<meta property=\"og:title\" content=\"Fa\u00e7a aluguel de temporada em Teres\u00f3polis com o Anfitri\u00e3o Prime\" \/>\n<meta property=\"og:description\" content=\"Gerenciamos todo o seu aluguel de temporada em Teres\u00f3polis: desde a cria\u00e7\u00e3o do an\u00fancio, at\u00e9 a manuten\u00e7\u00e3o e limpeza do im\u00f3vel. Fale conosco!\" \/>\n<meta property=\"og:url\" content=\"https:\/\/www.anfitriaoprime.com.br\/blog\/aluguel-de-temporada-em-teresopolis\/\" \/>\n<meta property=\"og:site_name\" content=\"Blog Anfitri\u00e3o Prime: Ganhe dinheiro com aluguel de temporada.\" \/>\n<meta property=\"og:image\" content=\"https:\/\/www.anfitriaoprime.com.br\/blog\/wp-content\/uploads\/2022\/03\/Dimensoes-personalizadas-1920x550-px-17.jpeg\" \/>\n\t<meta property=\"og:image:width\" content=\"1920\" \/>\n\t<meta property=\"og:image:height\" content=\"550\" \/>\n\t<meta property=\"og:image:type\" content=\"image\/jpeg\" \/>\n<meta name=\"twitter:card\" content=\"summary_large_image\" \/>\n<meta name=\"twitter:label1\" content=\"Est. tempo de leitura\" \/>\n\t<meta name=\"twitter:data1\" content=\"6 minutos\" \/>\n<script type=\"application\/ld+json\" class=\"yoast-schema-graph\">{\"@context\":\"https:\/\/schema.org\",\"@graph\":[{\"@type\":\"WebPage\",\"@id\":\"https:\/\/www.anfitriaoprime.com.br\/blog\/aluguel-de-temporada-em-teresopolis\/\",\"url\":\"https:\/\/www.anfitriaoprime.com.br\/blog\/aluguel-de-temporada-em-teresopolis\/\",\"name\":\"Fa\u00e7a aluguel de temporada em Teres\u00f3polis com o Anfitri\u00e3o Prime\",\"isPartOf\":{\"@id\":\"https:\/\/www.anfitriaoprime.com.br\/blog\/#website\"},\"datePublished\":\"2022-03-23T23:23:44+00:00\",\"dateModified\":\"2022-03-23T23:23:44+00:00\",\"description\":\"Gerenciamos todo o seu aluguel de temporada em Teres\u00f3polis: desde a cria\u00e7\u00e3o do an\u00fancio, at\u00e9 a manuten\u00e7\u00e3o e limpeza do im\u00f3vel. Fale conosco!\",\"breadcrumb\":{\"@id\":\"https:\/\/www.anfitriaoprime.com.br\/blog\/aluguel-de-temporada-em-teresopolis\/#breadcrumb\"},\"inLanguage\":\"pt-BR\",\"potentialAction\":[{\"@type\":\"ReadAction\",\"target\":[\"https:\/\/www.anfitriaoprime.com.br\/blog\/aluguel-de-temporada-em-teresopolis\/\"]}]},{\"@type\":\"BreadcrumbList\",\"@id\":\"https:\/\/www.anfitriaoprime.com.br\/blog\/aluguel-de-temporada-em-teresopolis\/#breadcrumb\",\"itemListElement\":[{\"@type\":\"ListItem\",\"position\":1,\"name\":\"In\u00edcio\",\"item\":\"https:\/\/www.anfitriaoprime.com.br\/blog\/\"},{\"@type\":\"ListItem\",\"position\":2,\"name\":\"Fa\u00e7a aluguel de temporada em Teres\u00f3polis com o Anfitri\u00e3o Prime\"}]},{\"@type\":\"WebSite\",\"@id\":\"https:\/\/www.anfitriaoprime.com.br\/blog\/#website\",\"url\":\"https:\/\/www.anfitriaoprime.com.br\/blog\/\",\"name\":\"Blog Anfitri\u00e3o Prime - Gest\u00e3o de propriedade para aluguel de temporada\",\"description\":\"No blog do Anfitri\u00e3o Prime voc\u00ea encontra dicas e informa\u00e7\u00f5es sobre o mercado de aluguel de temporada escrito por anfitri\u00f5es profissionais\",\"potentialAction\":[{\"@type\":\"SearchAction\",\"target\":{\"@type\":\"EntryPoint\",\"urlTemplate\":\"https:\/\/www.anfitriaoprime.com.br\/blog\/?s={search_term_string}\"},\"query-input\":\"required name=search_term_string\"}],\"inLanguage\":\"pt-BR\"}]}<\/script>\n<!-- \/ Yoast SEO plugin. -->","yoast_head_json":{"title":"Fa\u00e7a aluguel de temporada em Teres\u00f3polis com o Anfitri\u00e3o Prime","description":"Gerenciamos todo o seu aluguel de temporada em Teres\u00f3polis: desde a cria\u00e7\u00e3o do an\u00fancio, at\u00e9 a manuten\u00e7\u00e3o e limpeza do im\u00f3vel. Fale conosco!","robots":{"index":"index","follow":"follow","max-snippet":"max-snippet:-1","max-image-preview":"max-image-preview:large","max-video-preview":"max-video-preview:-1"},"canonical":"https:\/\/www.anfitriaoprime.com.br\/blog\/aluguel-de-temporada-em-teresopolis\/","og_locale":"pt_BR","og_type":"article","og_title":"Fa\u00e7a aluguel de temporada em Teres\u00f3polis com o Anfitri\u00e3o Prime","og_description":"Gerenciamos todo o seu aluguel de temporada em Teres\u00f3polis: desde a cria\u00e7\u00e3o do an\u00fancio, at\u00e9 a manuten\u00e7\u00e3o e limpeza do im\u00f3vel. Fale conosco!","og_url":"https:\/\/www.anfitriaoprime.com.br\/blog\/aluguel-de-temporada-em-teresopolis\/","og_site_name":"Blog Anfitri\u00e3o Prime: Ganhe dinheiro com aluguel de temporada.","og_image":[{"width":1920,"height":550,"url":"https:\/\/www.anfitriaoprime.com.br\/blog\/wp-content\/uploads\/2022\/03\/Dimensoes-personalizadas-1920x550-px-17.jpeg","type":"image\/jpeg"}],"twitter_card":"summary_large_image","twitter_misc":{"Est. tempo de leitura":"6 minutos"},"schema":{"@context":"https:\/\/schema.org","@graph":[{"@type":"WebPage","@id":"https:\/\/www.anfitriaoprime.com.br\/blog\/aluguel-de-temporada-em-teresopolis\/","url":"https:\/\/www.anfitriaoprime.com.br\/blog\/aluguel-de-temporada-em-teresopolis\/","name":"Fa\u00e7a aluguel de temporada em Teres\u00f3polis com o Anfitri\u00e3o Prime","isPartOf":{"@id":"https:\/\/www.anfitriaoprime.com.br\/blog\/#website"},"datePublished":"2022-03-23T23:23:44+00:00","dateModified":"2022-03-23T23:23:44+00:00","description":"Gerenciamos todo o seu aluguel de temporada em Teres\u00f3polis: desde a cria\u00e7\u00e3o do an\u00fancio, at\u00e9 a manuten\u00e7\u00e3o e limpeza do im\u00f3vel. Fale conosco!","breadcrumb":{"@id":"https:\/\/www.anfitriaoprime.com.br\/blog\/aluguel-de-temporada-em-teresopolis\/#breadcrumb"},"inLanguage":"pt-BR","potentialAction":[{"@type":"ReadAction","target":["https:\/\/www.anfitriaoprime.com.br\/blog\/aluguel-de-temporada-em-teresopolis\/"]}]},{"@type":"BreadcrumbList","@id":"https:\/\/www.anfitriaoprime.com.br\/blog\/aluguel-de-temporada-em-teresopolis\/#breadcrumb","itemListElement":[{"@type":"ListItem","position":1,"name":"In\u00edcio","item":"https:\/\/www.anfitriaoprime.com.br\/blog\/"},{"@type":"ListItem","position":2,"name":"Fa\u00e7a aluguel de temporada em Teres\u00f3polis com o Anfitri\u00e3o Prime"}]},{"@type":"WebSite","@id":"https:\/\/www.anfitriaoprime.com.br\/blog\/#website","url":"https:\/\/www.anfitriaoprime.com.br\/blog\/","name":"Blog Anfitri\u00e3o Prime - Gest\u00e3o de propriedade para aluguel de temporada","description":"No blog do Anfitri\u00e3o Prime voc\u00ea encontra dicas e informa\u00e7\u00f5es sobre o mercado de aluguel de temporada escrito por anfitri\u00f5es profissionais","potentialAction":[{"@type":"SearchAction","target":{"@type":"EntryPoint","urlTemplate":"https:\/\/www.anfitriaoprime.com.br\/blog\/?s={search_term_string}"},"query-input":"required name=search_term_string"}],"inLanguage":"pt-BR"}]}},"acf":{"imagem":{"ID":3090,"id":3090,"title":"Dimens\u00f5es personalizadas 1920x550 px (18)","filename":"Dimensoes-personalizadas-1920x550-px-18.jpeg","filesize":1030850,"url":"https:\/\/www.anfitriaoprime.com.br\/blog\/wp-content\/uploads\/2022\/03\/Dimensoes-personalizadas-1920x550-px-18.jpeg","link":"https:\/\/www.anfitriaoprime.com.br\/blog\/aluguel-de-temporada-em-teresopolis\/dimensoes-personalizadas-1920x550-px-18-2\/","alt":"","author":"1","description":"","caption":"","name":"dimensoes-personalizadas-1920x550-px-18-2","status":"inherit","uploaded_to":3087,"date":"2022-03-23 23:07:43","modified":"2022-03-23 23:07:43","menu_order":0,"mime_type":"image\/jpeg","type":"image","subtype":"jpeg","icon":"https:\/\/www.anfitriaoprime.com.br\/blog\/wp-includes\/images\/media\/default.png","width":1920,"height":550,"sizes":{"thumbnail":"https:\/\/www.anfitriaoprime.com.br\/blog\/wp-content\/uploads\/2022\/03\/Dimensoes-personalizadas-1920x550-px-18-150x150.jpeg","thumbnail-width":150,"thumbnail-height":150,"medium":"https:\/\/www.anfitriaoprime.com.br\/blog\/wp-content\/uploads\/2022\/03\/Dimensoes-personalizadas-1920x550-px-18-300x86.jpeg","medium-width":300,"medium-height":86,"medium_large":"https:\/\/www.anfitriaoprime.com.br\/blog\/wp-content\/uploads\/2022\/03\/Dimensoes-personalizadas-1920x550-px-18-768x220.jpeg","medium_large-width":648,"medium_large-height":186,"large":"https:\/\/www.anfitriaoprime.com.br\/blog\/wp-content\/uploads\/2022\/03\/Dimensoes-personalizadas-1920x550-px-18-1024x293.jpeg","large-width":648,"large-height":185,"1536x1536":"https:\/\/www.anfitriaoprime.com.br\/blog\/wp-content\/uploads\/2022\/03\/Dimensoes-personalizadas-1920x550-px-18-1536x440.jpeg","1536x1536-width":1536,"1536x1536-height":440,"2048x2048":"https:\/\/www.anfitriaoprime.com.br\/blog\/wp-content\/uploads\/2022\/03\/Dimensoes-personalizadas-1920x550-px-18.jpeg","2048x2048-width":1920,"2048x2048-height":550,"sparkling-featured":"https:\/\/www.anfitriaoprime.com.br\/blog\/wp-content\/uploads\/2022\/03\/Dimensoes-personalizadas-1920x550-px-18-750x410.jpeg","sparkling-featured-width":750,"sparkling-featured-height":410,"sparkling-featured-fullwidth":"https:\/\/www.anfitriaoprime.com.br\/blog\/wp-content\/uploads\/2022\/03\/Dimensoes-personalizadas-1920x550-px-18.jpeg","sparkling-featured-fullwidth-width":1140,"sparkling-featured-fullwidth-height":327,"tab-small":"https:\/\/www.anfitriaoprime.com.br\/blog\/wp-content\/uploads\/2022\/03\/Dimensoes-personalizadas-1920x550-px-18.jpeg","tab-small-width":60,"tab-small-height":17,"crp_thumbnail":"https:\/\/www.anfitriaoprime.com.br\/blog\/wp-content\/uploads\/2022\/03\/Dimensoes-personalizadas-1920x550-px-18.jpeg","crp_thumbnail-width":150,"crp_thumbnail-height":43}},"titulo":"Fa\u00e7a aluguel de temporada em Teres\u00f3polis com o Anfitri\u00e3o Prime ","subtitulo":"<p><span style=\"font-weight: 400;\">Quer fazer aluguel de temporada em <\/span><b>Teres\u00f3polis &#8211; RJ <\/b><span style=\"font-weight: 400;\">e n\u00e3o sabe como? O Anfitri\u00e3o Prime pode te ajudar! N\u00f3s gerenciamos todo o processo de loca\u00e7\u00e3o: desde a cria\u00e7\u00e3o do an\u00fancio, at\u00e9 a manuten\u00e7\u00e3o do im\u00f3vel. Tudo para que voc\u00ea n\u00e3o precise se preocupar com nada.\u00a0<\/span><\/p>\n<p><a href=\"https:\/\/reservas.anfitriaoprime.com.br\/\"><b>Clique aqui e conhe\u00e7a o nosso portf\u00f3lio com mais de 1.000 im\u00f3veis em todo o Brasil.<\/b><\/a><\/p>\n","titulo_secao_1":"Quais os servi\u00e7os profissionais que o Anfitri\u00e3o Prime oferece?\u00a0","conteudo_secao_1":"<p><span style=\"font-weight: 400;\">Temos anos de experi\u00eancia dentro do mercado de aluguel de temporada, e oferecemos v\u00e1rios servi\u00e7os de loca\u00e7\u00e3o de casas em Teres\u00f3polis, tais como:\u00a0<\/span><\/p>\n<ul>\n<li style=\"font-weight: 400;\" aria-level=\"1\"><span style=\"font-weight: 400;\">Cria\u00e7\u00e3o e gest\u00e3o de an\u00fancios em mais de 30 sites de reservas, incluindo Airbnb, Booking e TripAdvisor;<\/span><\/li>\n<li style=\"font-weight: 400;\" aria-level=\"1\"><span style=\"font-weight: 400;\">Fotos profissionais dos seus im\u00f3veis;\u00a0<\/span><\/li>\n<li style=\"font-weight: 400;\" aria-level=\"1\"><span style=\"font-weight: 400;\">Atendimento 24h para propriet\u00e1rios e h\u00f3spedes;\u00a0<\/span><\/li>\n<\/ul>\n<p><span style=\"font-weight: 400;\">Com o Anfitri\u00e3o Prime voc\u00ea n\u00e3o precisa mais esquentar a cabe\u00e7a na hora de fazer aluguel de temporada em <\/span><b>Teres\u00f3polis<\/b><span style=\"font-weight: 400;\">. Aqui voc\u00ea encontra tudo o que precisa para atender h\u00f3spedes de todo o Brasil.\u00a0<\/span><\/p>\n<p><span style=\"font-weight: 400;\">Ent\u00e3o aproveite para cadastrar o seu im\u00f3vel agora mesmo atrav\u00e9s do formul\u00e1rio ao lado. Leva menos de 15 minutos.<\/span><\/p>\n","titulo_secao_2":"Conhe\u00e7a os nossos servi\u00e7os para o seu aluguel de temporada em Teres\u00f3polis\u00a0\u00a0","imagem_secao_2":false,"conteudo_secao_2":"<p>N\u00f3s aliamos a experi\u00eancia de mais de 30 anos com turismo dos nossos profissionais \u00e0 tecnologia de ponta, garantindo, assim, maiores ganhos com o aluguel de temporada em Teres\u00f3polis. Al\u00e9m de tamb\u00e9m oferecermos a melhor experi\u00eancia para os h\u00f3spedes. Confira os nossos servi\u00e7os:<\/p>\n<h3><b><img decoding=\"async\" loading=\"lazy\" class=\"emoji alignnone\" role=\"img\" draggable=\"false\" src=\"https:\/\/s.w.org\/images\/core\/emoji\/13.1.0\/svg\/1f4bb.svg\" alt=\"aluguel de temporada em Fortaleza\" width=\"150\" height=\"150\" \/>\u00a0Anunciamos sua propriedade<\/b><\/h3>\n<p>Primeiramente, n\u00f3s criamos o an\u00fancio da sua propriedade e o publicamos em mais de 30 sites de reservas, como Airbnb, Booking, VRBO (Alugue Temporada) e TripAdvisor.\u00a0 Em seguida, j\u00e1 ficamos respons\u00e1veis pela gest\u00e3o dele em cada uma das plataformas.<\/p>\n<h3><a href=\"https:\/\/www.anfitriaoprime.com.br\/blog\/foto-a-importancia-no-aluguel-de-temporada\/\"><b><img decoding=\"async\" class=\"emoji\" role=\"img\" draggable=\"false\" src=\"https:\/\/s.w.org\/images\/core\/emoji\/13.1.0\/svg\/1f4f7.svg\" alt=\"\ud83d\udcf7\" \/>\u00a0Fotos profissionais<\/b><\/a><\/h3>\n<p>As fotos profissionais do seu im\u00f3vel garantem uma melhor primeira impress\u00e3o aos h\u00f3spedes, o que aumenta as possibilidades de reservas.<\/p>\n<h3><b><img decoding=\"async\" class=\"emoji\" role=\"img\" draggable=\"false\" src=\"https:\/\/s.w.org\/images\/core\/emoji\/13.1.0\/svg\/1f4ac.svg\" alt=\"\ud83d\udcac\" \/>\u00a0Comunica\u00e7\u00e3o com os h\u00f3spedes<\/b><\/h3>\n<p>Um dos grandes problemas ao gerenciar um im\u00f3vel de temporada \u00e9 estar dispon\u00edvel para responder os h\u00f3spedes nas plataformas de reservas. Contudo, com o Anfitri\u00e3o Prime voc\u00ea n\u00e3o ter\u00e1 que se preocupar com isso, pois n\u00f3s temos uma equipe que est\u00e1 24\/7 dispon\u00edvel para atend\u00ea-los.<\/p>\n<h3><b><img decoding=\"async\" class=\"emoji\" role=\"img\" draggable=\"false\" src=\"https:\/\/s.w.org\/images\/core\/emoji\/13.1.0\/svg\/1f4c8.svg\" alt=\"\ud83d\udcc8\" \/>\u00a0<a href=\"https:\/\/www.anfitriaoprime.com.br\/blog\/valor-da-diaria-no-aluguel-de-temporada\/\">Defini\u00e7\u00e3o dos melhores pre\u00e7os de di\u00e1rias<\/a><\/b><\/h3>\n<p>Contamos com uma tecnologia de ponta que faz a precifica\u00e7\u00e3o inteligente do seu im\u00f3vel, pensando a longo prazo. Em outras palavras, ela leva em conta as varia\u00e7\u00f5es de pre\u00e7o que ocorrem durante o ano, como feriados, alta e baixa temporadas. Al\u00e9m de outras situa\u00e7\u00f5es que podem fazer com que o valor da di\u00e1ria do seu im\u00f3vel varie.<\/p>\n<h3><strong><img decoding=\"async\" loading=\"lazy\" class=\"emoji alignnone\" role=\"img\" draggable=\"false\" src=\"https:\/\/s.w.org\/images\/core\/emoji\/13.1.0\/svg\/1f5d3.svg\" alt=\"aluguel de temporada em Fortaleza\" width=\"150\" height=\"150\" \/>\u00a0Gest\u00e3o do calend\u00e1rio\u00a0<\/strong><\/h3>\n<p>N\u00f3s tamb\u00e9m contamos com uma ferramenta que faz a gest\u00e3o unificada do seu calend\u00e1rio para evitar o overbooking. Al\u00e9m disso, voc\u00ea tamb\u00e9m pode continuar utilizando o im\u00f3vel quando desejar, basta apenas nos informar com anteced\u00eancia para que possamos fazer o bloqueio do calend\u00e1rio para os h\u00f3spedes.<\/p>\n<h3><b><img decoding=\"async\" class=\"emoji\" role=\"img\" draggable=\"false\" src=\"https:\/\/s.w.org\/images\/core\/emoji\/13.1.0\/svg\/2714.svg\" alt=\"\u2714\" \/>\u00a0Concierge, Limpeza e Manuten\u00e7\u00e3o\u00a0<\/b><\/h3>\n<p>Finalmente, para que voc\u00ea possa alugar casas em Teres\u00f3polis com tranquilidade, tamb\u00e9m oferecemos servi\u00e7os complementares. Atualmente, contamos com especialistas para serem <b>concierge<\/b>\u00a0do seu im\u00f3vel e serem respons\u00e1veis do check-in e check-out dos h\u00f3spedes. Al\u00e9m de outros profissionais para\u00a0<strong>limpeza, manuten\u00e7\u00e3o<\/strong>\u00a0e outros servi\u00e7os necess\u00e1rios para garantir uma experi\u00eancia perfeita aos seus h\u00f3spedes.<\/p>\n","titulo_secao_3":"Quais as vantagens de fazer aluguel de temporada em Teres\u00f3polis com a gente?","conteudo_secao_3":"<p>Como falamos anteriormente, n\u00f3s oferecemos um servi\u00e7o personalizado e humanizado para os propriet\u00e1rios que querem oferecer uma experi\u00eancia acolhedora e completa aos seus h\u00f3spedes. Com a gente voc\u00ea n\u00e3o precisa se preocupar com nada al\u00e9m de disponibilizar um lugar confort\u00e1vel para o seu h\u00f3spede.<\/p>\n<p>Mas, se comparamos os servi\u00e7os do Anfitri\u00e3o Prime com os servi\u00e7os oferecidos por outros sites de reservas, voc\u00ea ter\u00e1 as seguintes vantagens:<\/p>\n","titulo_secao_6":"Sobre Teres\u00f3polis\u00a0","conteudo_secao_6":"<figure id=\"attachment_3093\" class=\"thumbnail wp-caption alignnone\" style=\"width: 760px\"><img decoding=\"async\" loading=\"lazy\" class=\"wp-image-3093 size-full\" src=\"https:\/\/www.anfitriaoprime.com.br\/blog\/wp-content\/uploads\/2022\/03\/Dimensoes-personalizadas-750x410-px-15.jpeg\" alt=\"aluguel de temporada em Teres\u00f3polis\" width=\"750\" height=\"410\" srcset=\"https:\/\/www.anfitriaoprime.com.br\/blog\/wp-content\/uploads\/2022\/03\/Dimensoes-personalizadas-750x410-px-15.jpeg 750w, https:\/\/www.anfitriaoprime.com.br\/blog\/wp-content\/uploads\/2022\/03\/Dimensoes-personalizadas-750x410-px-15-300x164.jpeg 300w\" sizes=\"(max-width: 750px) 100vw, 750px\" \/><figcaption class=\"caption wp-caption-text\">Dedo de Deus | Foto de Felipe Ferreira no Unsplash<\/figcaption><\/figure>\n<p><span style=\"font-weight: 400;\">\u00c0 primeira vista Teres\u00f3polis<\/span><span style=\"font-weight: 400;\"> \u00e9 s\u00f3 mais um destino com clima ameno e perfeito para interessados em conhecer a serra. Entretanto, a cidade tamb\u00e9m \u00e9 conhecida por ser cen\u00e1rio de v\u00e1rias novelas.\u00a0<\/span><\/p>\n<p><span style=\"font-weight: 400;\">N\u00e3o \u00e9 \u00e0 toa que h\u00e1 uma boa demanda por casas em Teres\u00f3polis, praticamente o ano todo.\u00a0\u00a0<\/span><\/p>\n<h3><strong>Dicas de roteiro em Teres\u00f3polis\u00a0<\/strong><\/h3>\n<p><span style=\"font-weight: 400;\">Ent\u00e3o, se voc\u00ea quer atrair mais h\u00f3spedes para o seu aluguel de temporada em Teres\u00f3polis<\/span><span style=\"font-weight: 400;\">, mas n\u00e3o sabe o que divulgar de atrativos para eles, d\u00e1 uma olhada nessas dicas de roteiro que n\u00f3s separamos.\u00a0<\/span><\/p>\n<h3><\/h3>\n<h4><em><strong>Dedo de Deus<\/strong><\/em><\/h4>\n<p><span style=\"font-weight: 400;\">Primeiramente, \u00e9 claro que n\u00e3o poder\u00edamos deixar de indicar o Dedo de Deus, que \u00e9 um pico famoso na regi\u00e3o e parada obrigat\u00f3ria para os turistas. Ele tem 1.600 metros de altura e tem esse nome justamente por conta do seu formato, que parece muito com uma m\u00e3o apontado para o c\u00e9u.\u00a0<\/span><span style=\"font-weight: 400;\">Para os visitantes que querem tirar uma bela foto desse cart\u00e3o postal, vale indicar uma ida at\u00e9 o Mirante do Soberbo em Teres\u00f3polis.<\/span><\/p>\n<h3><\/h3>\n<h4><em><strong>Cachoeira dos Frades\u00a0<\/strong><\/em><\/h4>\n<p><span style=\"font-weight: 400;\">Em seguida, mas ainda para os visitantes que querem ter mais contato com a natureza, vale indicar a Cachoeira dos Frades. Ela fica no Vale dos Frases, localizado entre as cidades de Nova Friburgo e Teres\u00f3polis. Al\u00e9m disso, d<\/span><span style=\"font-weight: 400;\">\u00e1 para tomar um delicioso banho de cachoeira e ainda curtir a fauna e flora locais.\u00a0<\/span><\/p>\n<h3><\/h3>\n<h4><em><strong>Feirinha do Alto<\/strong><\/em><\/h4>\n<p><span style=\"font-weight: 400;\">A Feirinha do Alto tamb\u00e9m \u00e9 parada obrigat\u00f3ria para os turistas. Visto que nesse local os h\u00f3spedes poder\u00e3o encontrar uma grande variedade de produtos e lembrancinhas para levarem de recorda\u00e7\u00e3o.\u00a0<\/span><span style=\"font-weight: 400;\">Al\u00e9m disso, o local tamb\u00e9m conta com op\u00e7\u00f5es gastron\u00f4micas, roupas, decora\u00e7\u00e3o e at\u00e9 mesmo m\u00f3veis,\u00a0<\/span><\/p>\n<h3><\/h3>\n<h4><em><strong>Parque Nacional da Serra dos \u00d3rg\u00e3os<\/strong><\/em><\/h4>\n<p><span style=\"font-weight: 400;\">Finalmente, recomendamos uma visita ao Parque Nacional da Serra dos \u00d3rg\u00e3os. O local abriga diversos outros pontos tur\u00edsticos da regi\u00e3o, como o pr\u00f3prio Dedo de Deus, e ainda conta com trilhas incr\u00edveis para quem gosta de ecoturismo.<\/span><\/p>\n<p>&nbsp;<\/p>\n<h3><strong>Onde comer em Teres\u00f3polis<\/strong><\/h3>\n<p>&nbsp;<\/p>\n<p><span style=\"font-weight: 400;\">Nesse mesmo sentido de conhecer lugar novos, \u00e9 claro que os visitantes do seu aluguel de temporada em Teres\u00f3polis tamb\u00e9m v\u00e3o querer conhecer alguns dos principais <em>points<\/em> gastron\u00f4micos do local. E n\u00f3s tamb\u00e9m separamos alguns. Confira!<\/span><\/p>\n<p><span style=\"font-weight: 400;\">Ent\u00e3o, come\u00e7amos indicando o <strong>Vila St. Gallen.<\/strong>\u00a0O local \u00e9 super famoso na cidade pois conta com v\u00e1rios ambientes gastron\u00f4micos onde \u00e9 poss\u00edvel degustar cervejas de alta qualidade, bem como experimentar deliciosos pratos.\u00a0<\/span><\/p>\n<p><span style=\"font-weight: 400;\">Em seguida, outra excelente recomenda\u00e7\u00e3o para fazer aos seus h\u00f3spedes \u00e9 o <strong>Viva It\u00e1lia<\/strong>. E como o pr\u00f3prio nome sugere, o espa\u00e7o conta com diversos locais para voc\u00ea apreciar diferentes tipos de del\u00edcias italianas, desde <em>gelatos<\/em> at\u00e9 massas.\u00a0<\/span><\/p>\n<p><span style=\"font-weight: 400;\">Viu como tem v\u00e1rios atrativos superinteressantes para atrair mais h\u00f3spedes<\/span><span style=\"font-weight: 400;\">? Aproveite para se cadastrar no Anfitri\u00e3o Prime e tenha todo o suporte que voc\u00ea precisa para atuar com loca\u00e7\u00e3o por temporada.\u00a0<\/span><\/p>\n<p><a href=\"https:\/\/reservas.anfitriaoprime.com.br\/\"><b>Clique aqui e conhe\u00e7a o nosso portf\u00f3lio com mais de 1.000 im\u00f3veis em todo o Brasil.<\/b><\/a><\/p>\n"},"_links":{"self":[{"href":"https:\/\/www.anfitriaoprime.com.br\/blog\/wp-json\/wp\/v2\/pages\/3087"}],"collection":[{"href":"https:\/\/www.anfitriaoprime.com.br\/blog\/wp-json\/wp\/v2\/pages"}],"about":[{"href":"https:\/\/www.anfitriaoprime.com.br\/blog\/wp-json\/wp\/v2\/types\/page"}],"author":[{"embeddable":true,"href":"https:\/\/www.anfitriaoprime.com.br\/blog\/wp-json\/wp\/v2\/users\/1"}],"replies":[{"embeddable":true,"href":"https:\/\/www.anfitriaoprime.com.br\/blog\/wp-json\/wp\/v2\/comments?post=3087"}],"version-history":[{"count":4,"href":"https:\/\/www.anfitriaoprime.com.br\/blog\/wp-json\/wp\/v2\/pages\/3087\/revisions"}],"predecessor-version":[{"id":3094,"href":"https:\/\/www.anfitriaoprime.com.br\/blog\/wp-json\/wp\/v2\/pages\/3087\/revisions\/3094"}],"wp:featuredmedia":[{"embeddable":true,"href":"https:\/\/www.anfitriaoprime.com.br\/blog\/wp-json\/wp\/v2\/media\/3088"}],"wp:attachment":[{"href":"https:\/\/www.anfitriaoprime.com.br\/blog\/wp-json\/wp\/v2\/media?parent=3087"}],"curies":[{"name":"wp","href":"https:\/\/api.w.org\/{rel}","templated":true}]}}