{"id":3150,"date":"2022-03-24T17:28:55","date_gmt":"2022-03-24T20:28:55","guid":{"rendered":"https:\/\/www.anfitriaoprime.com.br\/blog\/?page_id=3150"},"modified":"2024-08-07T19:15:43","modified_gmt":"2024-08-07T22:15:43","slug":"imoveis-em-maceio","status":"publish","type":"page","link":"https:\/\/www.anfitriaoprime.com.br\/blog\/imoveis-em-maceio\/","title":{"rendered":"Saiba como anunciar im\u00f3veis em Macei\u00f3 atrav\u00e9s do aluguel de temporada com a gente!"},"content":{"rendered":"<p><span style=\"font-weight: 400;\">O Anfitri\u00e3o Prime \u00e9 mais que uma imobili\u00e1ria digital, ou um site de reservas comum. N\u00f3s oferecemos tudo o que voc\u00ea precisa para anunciar <\/span>im\u00f3veis em<b> Macei\u00f3<\/b><span style=\"font-weight: 400;\">. Contamos com uma plataforma completa que atende tanto propriet\u00e1rios como h\u00f3spedes.\u00a0<\/span><\/p>\n<p><a href=\"https:\/\/reservas.anfitriaoprime.com.br\/\"><b>Conhe\u00e7a o nosso portf\u00f3lio com mais de 1.000 im\u00f3veis distribu\u00eddos em todo o Brasil.<\/b><\/a><\/p>\n<h2><strong>Quais os servi\u00e7os profissionais de loca\u00e7\u00e3o por temporada que o Anfitri\u00e3o Prime oferece?\u00a0<\/strong><\/h2>\n<p><span style=\"font-weight: 400;\">Aqui no Anfitri\u00e3o Prime voc\u00ea encontra uma grande variedade de servi\u00e7os para facilitar o aluguel de temporada das suas casas em Macei\u00f3. Damos suporte em todas as etapas da loca\u00e7\u00e3o.\u00a0<\/span><\/p>\n<p><span style=\"font-weight: 400;\">Confira abaixo alguns dos servi\u00e7os que oferecemos:\u00a0\u00a0<\/span><\/p>\n<ul>\n<li style=\"font-weight: 400;\" aria-level=\"1\"><span style=\"font-weight: 400;\">Atendimento 24 horas para propriet\u00e1rios e h\u00f3spedes;\u00a0<\/span><\/li>\n<li style=\"font-weight: 400;\" aria-level=\"1\"><span style=\"font-weight: 400;\">Fotos profissionais;<\/span><\/li>\n<li style=\"font-weight: 400;\" aria-level=\"1\"><span style=\"font-weight: 400;\">Cria\u00e7\u00e3o do an\u00fancio e gest\u00e3o em mais de 30 plataformas de reserva, tais como Airbnb, Booking e Tripadvisor;<\/span><\/li>\n<li style=\"font-weight: 400;\" aria-level=\"1\"><span style=\"font-weight: 400;\">Manuten\u00e7\u00e3o, lavanderia e limpeza.\u00a0<\/span><\/li>\n<\/ul>\n<p><span style=\"font-weight: 400;\">Com o Anfitri\u00e3o Prime voc\u00ea n\u00e3o precisa se preocupar com nada na hora de alugar por temporada. N\u00f3s fazemos tudo por voc\u00ea! Ent\u00e3o, n\u00e3o perca mais tempo e cadastre-se atrav\u00e9s do formul\u00e1rio ao lado, \u00e9 r\u00e1pido e f\u00e1cil!<\/span><\/p>\n<h2>Conhe\u00e7a os nossos servi\u00e7os para im\u00f3veis em Macei\u00f3<\/h2>\n<p>N\u00f3s aliamos a experi\u00eancia de mais de 30 anos com turismo dos nossos profissionais \u00e0 tecnologia de ponta, garantindo, assim, maiores ganhos com o aluguel de temporada em Macei\u00f3. Al\u00e9m de tamb\u00e9m oferecermos a melhor experi\u00eancia para os h\u00f3spedes. Confira os nossos servi\u00e7os:<\/p>\n<h3><b><img decoding=\"async\" loading=\"lazy\" class=\"emoji alignnone\" role=\"img\" draggable=\"false\" src=\"https:\/\/s.w.org\/images\/core\/emoji\/13.1.0\/svg\/1f4bb.svg\" alt=\"aluguel de temporada em Fortaleza\" width=\"150\" height=\"150\" \/>\u00a0Anunciamos sua propriedade<\/b><\/h3>\n<p>Primeiramente, n\u00f3s criamos o an\u00fancio da sua propriedade e o publicamos em mais de 30 sites de reservas, como Airbnb, Booking, VRBO (Alugue Temporada) e TripAdvisor.\u00a0 Em seguida, j\u00e1 ficamos respons\u00e1veis pela gest\u00e3o dele em cada uma das plataformas.<\/p>\n<h3><a href=\"https:\/\/www.anfitriaoprime.com.br\/blog\/foto-a-importancia-no-aluguel-de-temporada\/\"><b><img decoding=\"async\" class=\"emoji\" role=\"img\" draggable=\"false\" src=\"https:\/\/s.w.org\/images\/core\/emoji\/13.1.0\/svg\/1f4f7.svg\" alt=\"\ud83d\udcf7\" \/>\u00a0Fotos profissionais<\/b><\/a><\/h3>\n<p>As fotos profissionais do seu im\u00f3vel garantem uma melhor primeira impress\u00e3o aos h\u00f3spedes, o que aumenta as possibilidades de reservas.<\/p>\n<h3><b><img decoding=\"async\" class=\"emoji\" role=\"img\" draggable=\"false\" src=\"https:\/\/s.w.org\/images\/core\/emoji\/13.1.0\/svg\/1f4ac.svg\" alt=\"\ud83d\udcac\" \/>\u00a0Comunica\u00e7\u00e3o com os h\u00f3spedes<\/b><\/h3>\n<p>Um dos grandes problemas ao gerenciar um im\u00f3vel de temporada \u00e9 estar dispon\u00edvel para responder os h\u00f3spedes nas plataformas de reservas. Contudo, com o Anfitri\u00e3o Prime voc\u00ea n\u00e3o ter\u00e1 que se preocupar com isso, pois n\u00f3s temos uma equipe que est\u00e1 24\/7 dispon\u00edvel para atend\u00ea-los.<\/p>\n<h3><b><img decoding=\"async\" class=\"emoji\" role=\"img\" draggable=\"false\" src=\"https:\/\/s.w.org\/images\/core\/emoji\/13.1.0\/svg\/1f4c8.svg\" alt=\"\ud83d\udcc8\" \/>\u00a0<a href=\"https:\/\/www.anfitriaoprime.com.br\/blog\/valor-da-diaria-no-aluguel-de-temporada\/\">Defini\u00e7\u00e3o dos melhores pre\u00e7os de di\u00e1rias<\/a><\/b><\/h3>\n<p>Contamos com uma tecnologia de ponta que faz a precifica\u00e7\u00e3o inteligente do seu im\u00f3vel, pensando a longo prazo. Em outras palavras, ela leva em conta as varia\u00e7\u00f5es de pre\u00e7o que ocorrem durante o ano, como feriados, alta e baixa temporadas. Al\u00e9m de outras situa\u00e7\u00f5es que podem fazer com que o valor da di\u00e1ria do seu im\u00f3vel varie.<\/p>\n<h3><strong><img decoding=\"async\" loading=\"lazy\" class=\"emoji alignnone\" role=\"img\" draggable=\"false\" src=\"https:\/\/s.w.org\/images\/core\/emoji\/13.1.0\/svg\/1f5d3.svg\" alt=\"aluguel de temporada em Fortaleza\" width=\"150\" height=\"150\" \/>\u00a0Gest\u00e3o do calend\u00e1rio\u00a0<\/strong><\/h3>\n<p>N\u00f3s tamb\u00e9m contamos com uma ferramenta que faz a gest\u00e3o unificada do seu calend\u00e1rio para evitar o overbooking. Al\u00e9m disso, voc\u00ea tamb\u00e9m pode continuar utilizando o im\u00f3vel quando desejar, basta apenas nos informar com anteced\u00eancia para que possamos fazer o bloqueio do calend\u00e1rio para os h\u00f3spedes.<\/p>\n<h3><b><img decoding=\"async\" class=\"emoji\" role=\"img\" draggable=\"false\" src=\"https:\/\/s.w.org\/images\/core\/emoji\/13.1.0\/svg\/2714.svg\" alt=\"\u2714\" \/>\u00a0Concierge, Limpeza e Manuten\u00e7\u00e3o\u00a0<\/b><\/h3>\n<p>Finalmente, para que voc\u00ea possa alugar casas em Macei\u00f3 com tranquilidade, tamb\u00e9m oferecemos servi\u00e7os complementares. Atualmente, contamos com especialistas para serem <b>concierge<\/b>\u00a0do seu im\u00f3vel e serem respons\u00e1veis do check-in e check-out dos h\u00f3spedes. Al\u00e9m de outros profissionais para\u00a0<strong>limpeza, manuten\u00e7\u00e3o<\/strong>\u00a0e outros servi\u00e7os necess\u00e1rios para garantir uma experi\u00eancia perfeita aos seus h\u00f3spedes.<\/p>\n<p>&nbsp;<\/p>\n<h2>Quais as vantagens trazer os seus im\u00f3veis em Macei\u00f3 com a gente?<\/h2>\n<p>N\u00f3s oferecemos tudo o que voc\u00ea precisa para alugar casas em Macei\u00f3. Oferecemos uma plataforma completa, com diversos recursos, e uma equipe especializada para dar todo o suporte que voc\u00ea e os seus h\u00f3spedes precisam.<\/p>\n<p>Al\u00e9m disso tudo, voc\u00ea tamb\u00e9m ter\u00e1 as seguintes vantagens ao fazer aluguel de temporada com a gente, confira:<\/p>\n<figure id=\"attachment_3156\" class=\"thumbnail wp-caption alignnone\" style=\"width: 310px\"><img decoding=\"async\" loading=\"lazy\" class=\"size-medium wp-image-3156\" src=\"https:\/\/www.anfitriaoprime.com.br\/blog\/wp-content\/uploads\/2022\/03\/Dimensoes-personalizadas-750x410-px-22-1-300x164.jpeg\" alt=\"im\u00f3veis em Macei\u00f3\" width=\"300\" height=\"164\" srcset=\"https:\/\/www.anfitriaoprime.com.br\/blog\/wp-content\/uploads\/2022\/03\/Dimensoes-personalizadas-750x410-px-22-1-300x164.jpeg 300w, https:\/\/www.anfitriaoprime.com.br\/blog\/wp-content\/uploads\/2022\/03\/Dimensoes-personalizadas-750x410-px-22-1.jpeg 750w\" sizes=\"(max-width: 300px) 100vw, 300px\" \/><figcaption class=\"caption wp-caption-text\">Associa\u00e7\u00e3o comercial de Macei\u00f3 | Foto de Andr\u00e9 Magalh\u00e3es no Unsplash<\/figcaption><\/figure>\n<h3><strong>Sobre Macei\u00f3\u00a0<\/strong><\/h3>\n<p><span style=\"font-weight: 400;\">\u00c0 primeira vista \u00e9 claro que a capital de Alagoas \u00e9 conhecida por conta das suas lindas praias e piscinas naturais de tirar o f\u00f4lego. Mas, tem muito mais coisas que tamb\u00e9m chamam a aten\u00e7\u00e3o dos viajantes por conta da sua ampla infraestrutura tur\u00edstica.\u00a0<\/span><\/p>\n<p><span style=\"font-weight: 400;\">Logo,\u00a0<\/span><span style=\"font-weight: 400;\">Macei\u00f3 com toda a certeza tem muito a oferecer. Entretanto, existem algumas atra\u00e7\u00f5es e pontos tur\u00edsticos que n\u00e3o podem faltar no roteiro dos seus h\u00f3spedes, que s\u00e3o as seguintes:\u00a0\u00a0<\/span><\/p>\n<p>&nbsp;<\/p>\n<h4><em><strong>Praia do Gunga\u00a0<\/strong><\/em><\/h4>\n<p><span style=\"font-weight: 400;\">Primeiramente, indicamos um passeio pela Praia do Gunga, que \u00e9 parada obrigat\u00f3ria entre todos os turistas que viajam at\u00e9 Macei\u00f3. Os seus visitantes poder\u00e3o apreciar uma vista de tirar o f\u00f4lego com as belas \u00e1guas cristalinas. Inclusive, esse local \u00e9 perfeito para quem deseja mergulhar e conhecer mais da fauna mar\u00edtima.\u00a0<\/span><\/p>\n<p>&nbsp;<\/p>\n<h4><em><strong>Maragogi<\/strong><\/em><\/h4>\n<p><span style=\"font-weight: 400;\">Outra parada que n\u00e3o pode faltar no roteiro \u00e9 Maragogi. O local \u00e9 um dos queridinhos entre os turistas, e n\u00e3o \u00e9 \u00e0 toa. No local os visitantes poder\u00e3o conhecer as famosas piscinas naturais da regi\u00e3o, com todo o luxo e conforto.\u00a0<\/span><\/p>\n<p>&nbsp;<\/p>\n<h4><em><strong>Costa de Corais\u00a0<\/strong><\/em><\/h4>\n<p><span style=\"font-weight: 400;\">A Costa de Corais \u00e9 um verdadeiro espet\u00e1culo da natureza. Isso porque ela fica na segunda maior reserva de corais do mundo, que \u00e9 o Parque Marinho Municipal. Al\u00e9m disso, no local os visitantes tamb\u00e9m poder\u00e3o conhecer mais sobre a fauna marinha da regi\u00e3o.\u00a0<\/span><\/p>\n<p>&nbsp;<\/p>\n<h4><em><strong>S\u00e3o Miguel dos Milagres\u00a0<\/strong><\/em><\/h4>\n<p><span style=\"font-weight: 400;\">Finalmente, uma das principais dicas para voc\u00ea dar aos h\u00f3spedes interessados em se hospedar em <\/span>im\u00f3veis em<b> Macei\u00f3<\/b><span style=\"font-weight: 400;\"> e dar um pulinho em S\u00e3o Miguel dos Milagres. Pois o local se destaca tamb\u00e9m pela beleza natural e pelas \u00e1guas mornas perfeitas para banhos.\u00a0<\/span><\/p>\n<p>&nbsp;<\/p>\n<h3><strong>Onde comer em Macei\u00f3?\u00a0<\/strong><\/h3>\n<p><span style=\"font-weight: 400;\">Nesse sentido de conhecer lugares novos, os seus futuros h\u00f3spedes tamb\u00e9m v\u00e3o querer <\/span><span style=\"font-weight: 400;\">conhecer um pouco sobre a culin\u00e1ria local. Por isso, separamos duas recomenda\u00e7\u00f5es para voc\u00ea fazer a eles.\u00a0<\/span><\/p>\n<p><span style=\"font-weight: 400;\">Primeiramente, indicamos uma visita ao restaurante <strong>Imperador dos Camar\u00f5es<\/strong>. Esse restaurante \u00e9 super famoso na regi\u00e3o por conta do prato chamado de chiclete de camar\u00e3o, que leva azeite de dend\u00ea, molho com cinco tipos de queijo e ainda \u00e9 gratinado no forno. Uma verdadeira tenta\u00e7\u00e3o.\u00a0<\/span><\/p>\n<p><span style=\"font-weight: 400;\">Em seguida, outra excelente dica \u00e9 o Bodega do Sert\u00e3o, que vai fazer os seus h\u00f3spedes mergulharem de cabe\u00e7a na culin\u00e1ria nordestina. O local oferece um amplo buf\u00ea com v\u00e1rias op\u00e7\u00f5es deliciosas. Logo, vale muito a pena.\u00a0<\/span><\/p>\n<p><span style=\"font-weight: 400;\">Ent\u00e3o, viu como tem muitos diferenciais para chamar a aten\u00e7\u00e3o de mais h\u00f3spedes para suas casas em Macei\u00f3? Aproveite para come\u00e7ar a anunciar hoje mesmo, basta se cadastrar atrav\u00e9s do formul\u00e1rio ao lado.\u00a0<\/span><\/p>\n<p><a href=\"https:\/\/reservas.anfitriaoprime.com.br\/\"><b>E, finalmente, clique aqui para conhecer o nosso portf\u00f3lio com mais de 1.000 im\u00f3veis distribu\u00eddos em todo o Brasil.<\/b><\/a><\/p>\n","protected":false},"excerpt":{"rendered":"<p>O Anfitri\u00e3o Prime \u00e9 mais que uma imobili\u00e1ria digital, ou um site de reservas comum. N\u00f3s oferecemos tudo o que voc\u00ea precisa para anunciar im\u00f3veis em Macei\u00f3. Contamos com uma plataforma completa que atende tanto propriet\u00e1rios como h\u00f3spedes.\u00a0 Conhe\u00e7a o nosso portf\u00f3lio com mais de 1.000 im\u00f3veis distribu\u00eddos em todo o Brasil. Quais os servi\u00e7os [&hellip;]<\/p>\n","protected":false},"author":1,"featured_media":3154,"parent":0,"menu_order":0,"comment_status":"closed","ping_status":"closed","template":"","meta":[],"yoast_head":"<!-- This site is optimized with the Yoast SEO plugin v21.1 - https:\/\/yoast.com\/wordpress\/plugins\/seo\/ -->\n<title>Im\u00f3veis em Macei\u00f3: fa\u00e7a aluguel de temporada e rentabilize.<\/title>\n<meta name=\"description\" content=\"N\u00f3s gerenciamos im\u00f3veis em Macei\u00f3 atrav\u00e9s de ferramentas e uma equipe especializada em aluguel de temporada. Entre em contato com a gente!\" \/>\n<meta name=\"robots\" content=\"index, follow, max-snippet:-1, max-image-preview:large, max-video-preview:-1\" \/>\n<link rel=\"canonical\" href=\"https:\/\/www.anfitriaoprime.com.br\/blog\/imoveis-em-maceio\/\" \/>\n<meta property=\"og:locale\" content=\"pt_BR\" \/>\n<meta property=\"og:type\" content=\"article\" \/>\n<meta property=\"og:title\" content=\"Im\u00f3veis em Macei\u00f3: fa\u00e7a aluguel de temporada e rentabilize.\" \/>\n<meta property=\"og:description\" content=\"N\u00f3s gerenciamos im\u00f3veis em Macei\u00f3 atrav\u00e9s de ferramentas e uma equipe especializada em aluguel de temporada. Entre em contato com a gente!\" \/>\n<meta property=\"og:url\" content=\"https:\/\/www.anfitriaoprime.com.br\/blog\/imoveis-em-maceio\/\" \/>\n<meta property=\"og:site_name\" content=\"Blog Anfitri\u00e3o Prime: Ganhe dinheiro com aluguel de temporada.\" \/>\n<meta property=\"article:modified_time\" content=\"2024-08-07T22:15:43+00:00\" \/>\n<meta property=\"og:image\" content=\"https:\/\/www.anfitriaoprime.com.br\/blog\/wp-content\/uploads\/2022\/03\/Dimensoes-personalizadas-1920x550-px-27.jpeg\" \/>\n\t<meta property=\"og:image:width\" content=\"1920\" \/>\n\t<meta property=\"og:image:height\" content=\"550\" \/>\n\t<meta property=\"og:image:type\" content=\"image\/jpeg\" \/>\n<meta name=\"twitter:card\" content=\"summary_large_image\" \/>\n<meta name=\"twitter:label1\" content=\"Est. tempo de leitura\" \/>\n\t<meta name=\"twitter:data1\" content=\"8 minutos\" \/>\n<script type=\"application\/ld+json\" class=\"yoast-schema-graph\">{\"@context\":\"https:\/\/schema.org\",\"@graph\":[{\"@type\":\"WebPage\",\"@id\":\"https:\/\/www.anfitriaoprime.com.br\/blog\/imoveis-em-maceio\/\",\"url\":\"https:\/\/www.anfitriaoprime.com.br\/blog\/imoveis-em-maceio\/\",\"name\":\"Im\u00f3veis em Macei\u00f3: fa\u00e7a aluguel de temporada e rentabilize.\",\"isPartOf\":{\"@id\":\"https:\/\/www.anfitriaoprime.com.br\/blog\/#website\"},\"datePublished\":\"2022-03-24T20:28:55+00:00\",\"dateModified\":\"2024-08-07T22:15:43+00:00\",\"description\":\"N\u00f3s gerenciamos im\u00f3veis em Macei\u00f3 atrav\u00e9s de ferramentas e uma equipe especializada em aluguel de temporada. Entre em contato com a gente!\",\"breadcrumb\":{\"@id\":\"https:\/\/www.anfitriaoprime.com.br\/blog\/imoveis-em-maceio\/#breadcrumb\"},\"inLanguage\":\"pt-BR\",\"potentialAction\":[{\"@type\":\"ReadAction\",\"target\":[\"https:\/\/www.anfitriaoprime.com.br\/blog\/imoveis-em-maceio\/\"]}]},{\"@type\":\"BreadcrumbList\",\"@id\":\"https:\/\/www.anfitriaoprime.com.br\/blog\/imoveis-em-maceio\/#breadcrumb\",\"itemListElement\":[{\"@type\":\"ListItem\",\"position\":1,\"name\":\"In\u00edcio\",\"item\":\"https:\/\/www.anfitriaoprime.com.br\/blog\/\"},{\"@type\":\"ListItem\",\"position\":2,\"name\":\"Saiba como anunciar im\u00f3veis em Macei\u00f3 atrav\u00e9s do aluguel de temporada com a gente!\"}]},{\"@type\":\"WebSite\",\"@id\":\"https:\/\/www.anfitriaoprime.com.br\/blog\/#website\",\"url\":\"https:\/\/www.anfitriaoprime.com.br\/blog\/\",\"name\":\"Blog Anfitri\u00e3o Prime - Gest\u00e3o de propriedade para aluguel de temporada\",\"description\":\"No blog do Anfitri\u00e3o Prime voc\u00ea encontra dicas e informa\u00e7\u00f5es sobre o mercado de aluguel de temporada escrito por anfitri\u00f5es profissionais\",\"potentialAction\":[{\"@type\":\"SearchAction\",\"target\":{\"@type\":\"EntryPoint\",\"urlTemplate\":\"https:\/\/www.anfitriaoprime.com.br\/blog\/?s={search_term_string}\"},\"query-input\":\"required name=search_term_string\"}],\"inLanguage\":\"pt-BR\"}]}<\/script>\n<!-- \/ Yoast SEO plugin. -->","yoast_head_json":{"title":"Im\u00f3veis em Macei\u00f3: fa\u00e7a aluguel de temporada e rentabilize.","description":"N\u00f3s gerenciamos im\u00f3veis em Macei\u00f3 atrav\u00e9s de ferramentas e uma equipe especializada em aluguel de temporada. Entre em contato com a gente!","robots":{"index":"index","follow":"follow","max-snippet":"max-snippet:-1","max-image-preview":"max-image-preview:large","max-video-preview":"max-video-preview:-1"},"canonical":"https:\/\/www.anfitriaoprime.com.br\/blog\/imoveis-em-maceio\/","og_locale":"pt_BR","og_type":"article","og_title":"Im\u00f3veis em Macei\u00f3: fa\u00e7a aluguel de temporada e rentabilize.","og_description":"N\u00f3s gerenciamos im\u00f3veis em Macei\u00f3 atrav\u00e9s de ferramentas e uma equipe especializada em aluguel de temporada. Entre em contato com a gente!","og_url":"https:\/\/www.anfitriaoprime.com.br\/blog\/imoveis-em-maceio\/","og_site_name":"Blog Anfitri\u00e3o Prime: Ganhe dinheiro com aluguel de temporada.","article_modified_time":"2024-08-07T22:15:43+00:00","og_image":[{"width":1920,"height":550,"url":"https:\/\/www.anfitriaoprime.com.br\/blog\/wp-content\/uploads\/2022\/03\/Dimensoes-personalizadas-1920x550-px-27.jpeg","type":"image\/jpeg"}],"twitter_card":"summary_large_image","twitter_misc":{"Est. tempo de leitura":"8 minutos"},"schema":{"@context":"https:\/\/schema.org","@graph":[{"@type":"WebPage","@id":"https:\/\/www.anfitriaoprime.com.br\/blog\/imoveis-em-maceio\/","url":"https:\/\/www.anfitriaoprime.com.br\/blog\/imoveis-em-maceio\/","name":"Im\u00f3veis em Macei\u00f3: fa\u00e7a aluguel de temporada e rentabilize.","isPartOf":{"@id":"https:\/\/www.anfitriaoprime.com.br\/blog\/#website"},"datePublished":"2022-03-24T20:28:55+00:00","dateModified":"2024-08-07T22:15:43+00:00","description":"N\u00f3s gerenciamos im\u00f3veis em Macei\u00f3 atrav\u00e9s de ferramentas e uma equipe especializada em aluguel de temporada. Entre em contato com a gente!","breadcrumb":{"@id":"https:\/\/www.anfitriaoprime.com.br\/blog\/imoveis-em-maceio\/#breadcrumb"},"inLanguage":"pt-BR","potentialAction":[{"@type":"ReadAction","target":["https:\/\/www.anfitriaoprime.com.br\/blog\/imoveis-em-maceio\/"]}]},{"@type":"BreadcrumbList","@id":"https:\/\/www.anfitriaoprime.com.br\/blog\/imoveis-em-maceio\/#breadcrumb","itemListElement":[{"@type":"ListItem","position":1,"name":"In\u00edcio","item":"https:\/\/www.anfitriaoprime.com.br\/blog\/"},{"@type":"ListItem","position":2,"name":"Saiba como anunciar im\u00f3veis em Macei\u00f3 atrav\u00e9s do aluguel de temporada com a gente!"}]},{"@type":"WebSite","@id":"https:\/\/www.anfitriaoprime.com.br\/blog\/#website","url":"https:\/\/www.anfitriaoprime.com.br\/blog\/","name":"Blog Anfitri\u00e3o Prime - Gest\u00e3o de propriedade para aluguel de temporada","description":"No blog do Anfitri\u00e3o Prime voc\u00ea encontra dicas e informa\u00e7\u00f5es sobre o mercado de aluguel de temporada escrito por anfitri\u00f5es profissionais","potentialAction":[{"@type":"SearchAction","target":{"@type":"EntryPoint","urlTemplate":"https:\/\/www.anfitriaoprime.com.br\/blog\/?s={search_term_string}"},"query-input":"required name=search_term_string"}],"inLanguage":"pt-BR"}]}},"acf":{"imagem":{"ID":3154,"id":3154,"title":"Dimens\u00f5es personalizadas 1920x550 px (27)","filename":"Dimensoes-personalizadas-1920x550-px-27.jpeg","filesize":1046640,"url":"https:\/\/www.anfitriaoprime.com.br\/blog\/wp-content\/uploads\/2022\/03\/Dimensoes-personalizadas-1920x550-px-27.jpeg","link":"https:\/\/www.anfitriaoprime.com.br\/blog\/imoveis-em-maceio\/dimensoes-personalizadas-1920x550-px-27-2\/","alt":"im\u00f3veis em Macei\u00f3","author":"1","description":"","caption":"Foto do ckturistando no Unsplash","name":"dimensoes-personalizadas-1920x550-px-27-2","status":"inherit","uploaded_to":3150,"date":"2022-03-24 20:08:08","modified":"2022-03-24 20:08:37","menu_order":0,"mime_type":"image\/jpeg","type":"image","subtype":"jpeg","icon":"https:\/\/www.anfitriaoprime.com.br\/blog\/wp-includes\/images\/media\/default.png","width":1920,"height":550,"sizes":{"thumbnail":"https:\/\/www.anfitriaoprime.com.br\/blog\/wp-content\/uploads\/2022\/03\/Dimensoes-personalizadas-1920x550-px-27-150x150.jpeg","thumbnail-width":150,"thumbnail-height":150,"medium":"https:\/\/www.anfitriaoprime.com.br\/blog\/wp-content\/uploads\/2022\/03\/Dimensoes-personalizadas-1920x550-px-27-300x86.jpeg","medium-width":300,"medium-height":86,"medium_large":"https:\/\/www.anfitriaoprime.com.br\/blog\/wp-content\/uploads\/2022\/03\/Dimensoes-personalizadas-1920x550-px-27-768x220.jpeg","medium_large-width":648,"medium_large-height":186,"large":"https:\/\/www.anfitriaoprime.com.br\/blog\/wp-content\/uploads\/2022\/03\/Dimensoes-personalizadas-1920x550-px-27-1024x293.jpeg","large-width":648,"large-height":185,"1536x1536":"https:\/\/www.anfitriaoprime.com.br\/blog\/wp-content\/uploads\/2022\/03\/Dimensoes-personalizadas-1920x550-px-27-1536x440.jpeg","1536x1536-width":1536,"1536x1536-height":440,"2048x2048":"https:\/\/www.anfitriaoprime.com.br\/blog\/wp-content\/uploads\/2022\/03\/Dimensoes-personalizadas-1920x550-px-27.jpeg","2048x2048-width":1920,"2048x2048-height":550,"sparkling-featured":"https:\/\/www.anfitriaoprime.com.br\/blog\/wp-content\/uploads\/2022\/03\/Dimensoes-personalizadas-1920x550-px-27-750x410.jpeg","sparkling-featured-width":750,"sparkling-featured-height":410,"sparkling-featured-fullwidth":"https:\/\/www.anfitriaoprime.com.br\/blog\/wp-content\/uploads\/2022\/03\/Dimensoes-personalizadas-1920x550-px-27-1140x550.jpeg","sparkling-featured-fullwidth-width":1140,"sparkling-featured-fullwidth-height":550,"tab-small":"https:\/\/www.anfitriaoprime.com.br\/blog\/wp-content\/uploads\/2022\/03\/Dimensoes-personalizadas-1920x550-px-27-60x60.jpeg","tab-small-width":60,"tab-small-height":60,"crp_thumbnail":"https:\/\/www.anfitriaoprime.com.br\/blog\/wp-content\/uploads\/2022\/03\/Dimensoes-personalizadas-1920x550-px-27-150x150.jpeg","crp_thumbnail-width":150,"crp_thumbnail-height":150}},"titulo":"Saiba como anunciar im\u00f3veis em Macei\u00f3 atrav\u00e9s do aluguel de temporada com a gente!","subtitulo":"<p><span style=\"font-weight: 400;\">O Anfitri\u00e3o Prime \u00e9 mais que uma imobili\u00e1ria digital, ou um site de reservas comum. N\u00f3s oferecemos tudo o que voc\u00ea precisa para anunciar <\/span>im\u00f3veis em<b> Macei\u00f3<\/b><span style=\"font-weight: 400;\">. Contamos com uma plataforma completa que atende tanto propriet\u00e1rios como h\u00f3spedes.\u00a0<\/span><\/p>\n<p><a href=\"https:\/\/reservas.anfitriaoprime.com.br\/\"><b>Conhe\u00e7a o nosso portf\u00f3lio com mais de 1.000 im\u00f3veis distribu\u00eddos em todo o Brasil.<\/b><\/a><\/p>\n","titulo_secao_1":"Quais os servi\u00e7os profissionais de loca\u00e7\u00e3o por temporada que o Anfitri\u00e3o Prime oferece?\u00a0","conteudo_secao_1":"<p><span style=\"font-weight: 400;\">Aqui no Anfitri\u00e3o Prime voc\u00ea encontra uma grande variedade de servi\u00e7os para facilitar o aluguel de temporada das suas casas em Macei\u00f3. Damos suporte em todas as etapas da loca\u00e7\u00e3o.\u00a0<\/span><\/p>\n<p><span style=\"font-weight: 400;\">Confira abaixo alguns dos servi\u00e7os que oferecemos:\u00a0\u00a0<\/span><\/p>\n<ul>\n<li style=\"font-weight: 400;\" aria-level=\"1\"><span style=\"font-weight: 400;\">Atendimento 24 horas para propriet\u00e1rios e h\u00f3spedes;\u00a0<\/span><\/li>\n<li style=\"font-weight: 400;\" aria-level=\"1\"><span style=\"font-weight: 400;\">Fotos profissionais;<\/span><\/li>\n<li style=\"font-weight: 400;\" aria-level=\"1\"><span style=\"font-weight: 400;\">Cria\u00e7\u00e3o do an\u00fancio e gest\u00e3o em mais de 30 plataformas de reserva, tais como Airbnb, Booking e Tripadvisor;<\/span><\/li>\n<li style=\"font-weight: 400;\" aria-level=\"1\"><span style=\"font-weight: 400;\">Manuten\u00e7\u00e3o, lavanderia e limpeza.\u00a0<\/span><\/li>\n<\/ul>\n<p><span style=\"font-weight: 400;\">Com o Anfitri\u00e3o Prime voc\u00ea n\u00e3o precisa se preocupar com nada na hora de alugar por temporada. N\u00f3s fazemos tudo por voc\u00ea!\u00a0<\/span><span style=\"font-weight: 400;\">Ent\u00e3o, n\u00e3o perca mais tempo e cadastre-se atrav\u00e9s do formul\u00e1rio ao lado, \u00e9 r\u00e1pido e f\u00e1cil!\u00a0<\/span><\/p>\n","titulo_secao_2":"Conhe\u00e7a os nossos servi\u00e7os para im\u00f3veis em Macei\u00f3\u00a0","imagem_secao_2":false,"conteudo_secao_2":"<p>N\u00f3s aliamos a experi\u00eancia de mais de 30 anos com turismo dos nossos profissionais \u00e0 tecnologia de ponta, garantindo, assim, maiores ganhos com o aluguel de temporada em Macei\u00f3. Al\u00e9m de tamb\u00e9m oferecermos a melhor experi\u00eancia para os h\u00f3spedes. Confira os nossos servi\u00e7os:<\/p>\n<h3><b><img decoding=\"async\" loading=\"lazy\" class=\"emoji alignnone\" role=\"img\" draggable=\"false\" src=\"https:\/\/s.w.org\/images\/core\/emoji\/13.1.0\/svg\/1f4bb.svg\" alt=\"aluguel de temporada em Fortaleza\" width=\"150\" height=\"150\" \/>\u00a0Anunciamos sua propriedade<\/b><\/h3>\n<p>Primeiramente, n\u00f3s criamos o an\u00fancio da sua propriedade e o publicamos em mais de 30 sites de reservas, como Airbnb, Booking, VRBO (Alugue Temporada) e TripAdvisor.\u00a0 Em seguida, j\u00e1 ficamos respons\u00e1veis pela gest\u00e3o dele em cada uma das plataformas.<\/p>\n<h3><a href=\"https:\/\/www.anfitriaoprime.com.br\/blog\/foto-a-importancia-no-aluguel-de-temporada\/\"><b><img decoding=\"async\" class=\"emoji\" role=\"img\" draggable=\"false\" src=\"https:\/\/s.w.org\/images\/core\/emoji\/13.1.0\/svg\/1f4f7.svg\" alt=\"\ud83d\udcf7\" \/>\u00a0Fotos profissionais<\/b><\/a><\/h3>\n<p>As fotos profissionais do seu im\u00f3vel garantem uma melhor primeira impress\u00e3o aos h\u00f3spedes, o que aumenta as possibilidades de reservas.<\/p>\n<h3><b><img decoding=\"async\" class=\"emoji\" role=\"img\" draggable=\"false\" src=\"https:\/\/s.w.org\/images\/core\/emoji\/13.1.0\/svg\/1f4ac.svg\" alt=\"\ud83d\udcac\" \/>\u00a0Comunica\u00e7\u00e3o com os h\u00f3spedes<\/b><\/h3>\n<p>Um dos grandes problemas ao gerenciar um im\u00f3vel de temporada \u00e9 estar dispon\u00edvel para responder os h\u00f3spedes nas plataformas de reservas. Contudo, com o Anfitri\u00e3o Prime voc\u00ea n\u00e3o ter\u00e1 que se preocupar com isso, pois n\u00f3s temos uma equipe que est\u00e1 24\/7 dispon\u00edvel para atend\u00ea-los.<\/p>\n<h3><b><img decoding=\"async\" class=\"emoji\" role=\"img\" draggable=\"false\" src=\"https:\/\/s.w.org\/images\/core\/emoji\/13.1.0\/svg\/1f4c8.svg\" alt=\"\ud83d\udcc8\" \/>\u00a0<a href=\"https:\/\/www.anfitriaoprime.com.br\/blog\/valor-da-diaria-no-aluguel-de-temporada\/\">Defini\u00e7\u00e3o dos melhores pre\u00e7os de di\u00e1rias<\/a><\/b><\/h3>\n<p>Contamos com uma tecnologia de ponta que faz a precifica\u00e7\u00e3o inteligente do seu im\u00f3vel, pensando a longo prazo. Em outras palavras, ela leva em conta as varia\u00e7\u00f5es de pre\u00e7o que ocorrem durante o ano, como feriados, alta e baixa temporadas. Al\u00e9m de outras situa\u00e7\u00f5es que podem fazer com que o valor da di\u00e1ria do seu im\u00f3vel varie.<\/p>\n<h3><strong><img decoding=\"async\" loading=\"lazy\" class=\"emoji alignnone\" role=\"img\" draggable=\"false\" src=\"https:\/\/s.w.org\/images\/core\/emoji\/13.1.0\/svg\/1f5d3.svg\" alt=\"aluguel de temporada em Fortaleza\" width=\"150\" height=\"150\" \/>\u00a0Gest\u00e3o do calend\u00e1rio\u00a0<\/strong><\/h3>\n<p>N\u00f3s tamb\u00e9m contamos com uma ferramenta que faz a gest\u00e3o unificada do seu calend\u00e1rio para evitar o overbooking. Al\u00e9m disso, voc\u00ea tamb\u00e9m pode continuar utilizando o im\u00f3vel quando desejar, basta apenas nos informar com anteced\u00eancia para que possamos fazer o bloqueio do calend\u00e1rio para os h\u00f3spedes.<\/p>\n<h3><b><img decoding=\"async\" class=\"emoji\" role=\"img\" draggable=\"false\" src=\"https:\/\/s.w.org\/images\/core\/emoji\/13.1.0\/svg\/2714.svg\" alt=\"\u2714\" \/>\u00a0Concierge, Limpeza e Manuten\u00e7\u00e3o\u00a0<\/b><\/h3>\n<p>Finalmente, para que voc\u00ea possa alugar casas em Macei\u00f3 com tranquilidade, tamb\u00e9m oferecemos servi\u00e7os complementares. Atualmente, contamos com especialistas para serem <b>concierge<\/b>\u00a0do seu im\u00f3vel e serem respons\u00e1veis do check-in e check-out dos h\u00f3spedes. Al\u00e9m de outros profissionais para\u00a0<strong>limpeza, manuten\u00e7\u00e3o<\/strong>\u00a0e outros servi\u00e7os necess\u00e1rios para garantir uma experi\u00eancia perfeita aos seus h\u00f3spedes.<\/p>\n","titulo_secao_3":"Quais as vantagens trazer os seus im\u00f3veis em Macei\u00f3 com a gente?\u00a0","conteudo_secao_3":"<p>N\u00f3s oferecemos tudo o que voc\u00ea precisa para alugar casas em Macei\u00f3. Oferecemos uma plataforma completa, com diversos recursos, e uma equipe especializada para dar todo o suporte que voc\u00ea e os seus h\u00f3spedes precisam.<\/p>\n<p>Al\u00e9m disso tudo, voc\u00ea tamb\u00e9m ter\u00e1 as seguintes vantagens ao fazer aluguel de temporada com a gente, confira:<\/p>\n","titulo_secao_6":"Sobre Macei\u00f3\u00a0","conteudo_secao_6":"<figure id=\"attachment_3156\" class=\"thumbnail wp-caption alignnone\" style=\"width: 760px\"><img decoding=\"async\" loading=\"lazy\" class=\"wp-image-3156 size-full\" src=\"https:\/\/www.anfitriaoprime.com.br\/blog\/wp-content\/uploads\/2022\/03\/Dimensoes-personalizadas-750x410-px-22-1.jpeg\" alt=\"im\u00f3veis em Macei\u00f3\" width=\"750\" height=\"410\" srcset=\"https:\/\/www.anfitriaoprime.com.br\/blog\/wp-content\/uploads\/2022\/03\/Dimensoes-personalizadas-750x410-px-22-1.jpeg 750w, https:\/\/www.anfitriaoprime.com.br\/blog\/wp-content\/uploads\/2022\/03\/Dimensoes-personalizadas-750x410-px-22-1-300x164.jpeg 300w\" sizes=\"(max-width: 750px) 100vw, 750px\" \/><figcaption class=\"caption wp-caption-text\">Associa\u00e7\u00e3o comercial de Macei\u00f3 | Foto de Andr\u00e9 Magalh\u00e3es no Unsplash<\/figcaption><\/figure>\n<p><span style=\"font-weight: 400;\">\u00c0 primeira vista \u00e9 claro que a capital de Alagoas \u00e9 conhecida por conta das suas lindas praias e piscinas naturais de tirar o f\u00f4lego. Mas, tem muito mais coisas que tamb\u00e9m chamam a aten\u00e7\u00e3o dos viajantes por conta da sua ampla infraestrutura tur\u00edstica.\u00a0<\/span><\/p>\n<p><span style=\"font-weight: 400;\">Logo,\u00a0<\/span><span style=\"font-weight: 400;\">Macei\u00f3 com toda a certeza tem muito a oferecer. Entretanto, existem algumas atra\u00e7\u00f5es e pontos tur\u00edsticos que n\u00e3o podem faltar no roteiro dos seus h\u00f3spedes, que s\u00e3o as seguintes:\u00a0\u00a0<\/span><\/p>\n<p>&nbsp;<\/p>\n<h4><em><strong>Praia do Gunga\u00a0<\/strong><\/em><\/h4>\n<p><span style=\"font-weight: 400;\">Primeiramente, indicamos um passeio pela Praia do Gunga, que \u00e9 parada obrigat\u00f3ria entre todos os turistas que viajam at\u00e9 Macei\u00f3. Os seus visitantes poder\u00e3o apreciar uma vista de tirar o f\u00f4lego com as belas \u00e1guas cristalinas. Inclusive, esse local \u00e9 perfeito para quem deseja mergulhar e conhecer mais da fauna mar\u00edtima.\u00a0<\/span><\/p>\n<p>&nbsp;<\/p>\n<h4><em><strong>Maragogi<\/strong><\/em><\/h4>\n<p><span style=\"font-weight: 400;\">Outra parada que n\u00e3o pode faltar no roteiro \u00e9 Maragogi. O local \u00e9 um dos queridinhos entre os turistas, e n\u00e3o \u00e9 \u00e0 toa. No local os visitantes poder\u00e3o conhecer as famosas piscinas naturais da regi\u00e3o, com todo o luxo e conforto.\u00a0<\/span><\/p>\n<p>&nbsp;<\/p>\n<h4><em><strong>Costa de Corais\u00a0<\/strong><\/em><\/h4>\n<p><span style=\"font-weight: 400;\">A Costa de Corais \u00e9 um verdadeiro espet\u00e1culo da natureza. Isso porque ela fica na segunda maior reserva de corais do mundo, que \u00e9 o Parque Marinho Municipal. Al\u00e9m disso, no local os visitantes tamb\u00e9m poder\u00e3o conhecer mais sobre a fauna marinha da regi\u00e3o.\u00a0<\/span><\/p>\n<p>&nbsp;<\/p>\n<h4><em><strong>S\u00e3o Miguel dos Milagres\u00a0<\/strong><\/em><\/h4>\n<p><span style=\"font-weight: 400;\">Finalmente, uma das principais dicas para voc\u00ea dar aos h\u00f3spedes interessados em se hospedar em <\/span>im\u00f3veis em<b> Macei\u00f3<\/b><span style=\"font-weight: 400;\"> e dar um pulinho em S\u00e3o Miguel dos Milagres. Pois o local se destaca tamb\u00e9m pela beleza natural e pelas \u00e1guas mornas perfeitas para banhos.\u00a0<\/span><\/p>\n<p>&nbsp;<\/p>\n<h3><strong>Onde comer em Macei\u00f3?\u00a0<\/strong><\/h3>\n<p><span style=\"font-weight: 400;\">Nesse sentido de conhecer lugares novos, os seus futuros h\u00f3spedes tamb\u00e9m v\u00e3o querer <\/span><span style=\"font-weight: 400;\">conhecer um pouco sobre a culin\u00e1ria local. Por isso, separamos duas recomenda\u00e7\u00f5es para voc\u00ea fazer a eles.\u00a0<\/span><\/p>\n<p><span style=\"font-weight: 400;\">Primeiramente, indicamos uma visita ao restaurante <strong>Imperador dos Camar\u00f5es<\/strong>. Esse restaurante \u00e9 super famoso na regi\u00e3o por conta do prato chamado de chiclete de camar\u00e3o, que leva azeite de dend\u00ea, molho com cinco tipos de queijo e ainda \u00e9 gratinado no forno. Uma verdadeira tenta\u00e7\u00e3o.\u00a0<\/span><\/p>\n<p><span style=\"font-weight: 400;\">Em seguida, outra excelente dica \u00e9 o <strong>Bodega do Sert\u00e3o<\/strong>, que vai fazer os seus h\u00f3spedes mergulharem de cabe\u00e7a na culin\u00e1ria nordestina. O local oferece um amplo buf\u00ea com v\u00e1rias op\u00e7\u00f5es deliciosas. Logo, vale muito a pena.\u00a0<\/span><\/p>\n<p><span style=\"font-weight: 400;\">Ent\u00e3o, viu como tem muitos diferenciais para chamar a aten\u00e7\u00e3o de mais h\u00f3spedes para suas casas em Macei\u00f3? Aproveite para come\u00e7ar a anunciar hoje mesmo, basta se cadastrar atrav\u00e9s do formul\u00e1rio ao lado.\u00a0<\/span><\/p>\n<p><a href=\"https:\/\/reservas.anfitriaoprime.com.br\/\"><b>E, finalmente, clique aqui para conhecer o nosso portf\u00f3lio com mais de 1.000 im\u00f3veis distribu\u00eddos em todo o Brasil.<\/b><\/a><\/p>\n"},"_links":{"self":[{"href":"https:\/\/www.anfitriaoprime.com.br\/blog\/wp-json\/wp\/v2\/pages\/3150"}],"collection":[{"href":"https:\/\/www.anfitriaoprime.com.br\/blog\/wp-json\/wp\/v2\/pages"}],"about":[{"href":"https:\/\/www.anfitriaoprime.com.br\/blog\/wp-json\/wp\/v2\/types\/page"}],"author":[{"embeddable":true,"href":"https:\/\/www.anfitriaoprime.com.br\/blog\/wp-json\/wp\/v2\/users\/1"}],"replies":[{"embeddable":true,"href":"https:\/\/www.anfitriaoprime.com.br\/blog\/wp-json\/wp\/v2\/comments?post=3150"}],"version-history":[{"count":6,"href":"https:\/\/www.anfitriaoprime.com.br\/blog\/wp-json\/wp\/v2\/pages\/3150\/revisions"}],"predecessor-version":[{"id":6335,"href":"https:\/\/www.anfitriaoprime.com.br\/blog\/wp-json\/wp\/v2\/pages\/3150\/revisions\/6335"}],"wp:featuredmedia":[{"embeddable":true,"href":"https:\/\/www.anfitriaoprime.com.br\/blog\/wp-json\/wp\/v2\/media\/3154"}],"wp:attachment":[{"href":"https:\/\/www.anfitriaoprime.com.br\/blog\/wp-json\/wp\/v2\/media?parent=3150"}],"curies":[{"name":"wp","href":"https:\/\/api.w.org\/{rel}","templated":true}]}}