{"id":3160,"date":"2022-03-24T18:30:30","date_gmt":"2022-03-24T21:30:30","guid":{"rendered":"https:\/\/www.anfitriaoprime.com.br\/blog\/?page_id=3160"},"modified":"2022-03-24T18:30:30","modified_gmt":"2022-03-24T21:30:30","slug":"aluguel-de-temporada-em-natal","status":"publish","type":"page","link":"https:\/\/www.anfitriaoprime.com.br\/blog\/aluguel-de-temporada-em-natal\/","title":{"rendered":"Fa\u00e7a aluguel de temporada em Natal com o Anfitri\u00e3o Prime &#8211; Saiba mais!\u00a0"},"content":{"rendered":"<p><span style=\"font-weight: 400;\"><span style=\"vertical-align: inherit;\"><span style=\"vertical-align: inherit;\">Gerenciamos todo o seu aluguel de temporada em Natal: desde a cria\u00e7\u00e3o do an\u00fancio, at\u00e9 a manuten\u00e7\u00e3o do im\u00f3vel. Fale conosco e descomplique a loca\u00e7\u00e3o de temporada!\u00a0<\/span><\/span><\/span><\/p>\n<p><a href=\"https:\/\/reservas.anfitriaoprime.com.br\/\"><span style=\"font-weight: 400;\"><span style=\"vertical-align: inherit;\"><span style=\"vertical-align: inherit;\">Conhe\u00e7a o nosso portf\u00f3lio com mais de 1.000 im\u00f3veis de temporada distribu\u00eddos em todo o Brasil.<\/span><\/span><\/span><\/a><\/p>\n<h2><strong><span style=\"vertical-align: inherit;\"><span style=\"vertical-align: inherit;\">Como o Anfitri\u00e3o Prime funciona\u00a0<\/span><\/span><\/strong><\/h2>\n<p><span style=\"font-weight: 400;\"><span style=\"vertical-align: inherit;\"><span style=\"vertical-align: inherit;\">O Anfitri\u00e3o Prime \u00e9 muito mais que uma imobili\u00e1ria digital ou um site de reservas comum. N\u00f3s gerenciamos todas as etapas do seu aluguel de temporada em Natal para que voc\u00ea n\u00e3o precise se preocupar com nada. Assim, fica ainda mais f\u00e1cil anunciar casas em Natal ou em qualquer lugar do Brasil.\u00a0 <\/span><\/span><\/span><span style=\"font-weight: 400;\"><span style=\"vertical-align: inherit;\"><span style=\"vertical-align: inherit;\">Confira abaixo alguns dos servi\u00e7os ofertados:\u00a0<\/span><\/span><\/span><\/p>\n<ul>\n<li style=\"font-weight: 400;\" aria-level=\"1\"><span style=\"font-weight: 400;\"><span style=\"vertical-align: inherit;\"><span style=\"vertical-align: inherit;\">Atendimento 24 horas para h\u00f3spedes e propriet\u00e1rios;<\/span><\/span><\/span><\/li>\n<li style=\"font-weight: 400;\" aria-level=\"1\"><span style=\"font-weight: 400;\"><span style=\"vertical-align: inherit;\"><span style=\"vertical-align: inherit;\">Criamos e gerenciamos\u00a0 an\u00fancios para nossos clientes em mais de 30 plataformas de reservas, tais como Airbnb, Booking e TripAdvisor;<\/span><\/span><\/span><\/li>\n<li style=\"font-weight: 400;\" aria-level=\"1\"><span style=\"font-weight: 400;\"><span style=\"vertical-align: inherit;\"><span style=\"vertical-align: inherit;\">Fotos profissionais dos <\/span><\/span><\/span><span style=\"vertical-align: inherit;\"><span style=\"vertical-align: inherit;\">im\u00f3veis em<\/span><\/span><b><span style=\"vertical-align: inherit;\"><span style=\"vertical-align: inherit;\"> Natal<\/span><\/span><\/b><span style=\"font-weight: 400;\"><span style=\"vertical-align: inherit;\"><span style=\"vertical-align: inherit;\"> e muito mais.\u00a0<\/span><\/span><\/span><\/li>\n<\/ul>\n<p><span style=\"font-weight: 400;\"><span style=\"vertical-align: inherit;\"><span style=\"vertical-align: inherit;\">Com o Anfitri\u00e3o Prime voc\u00ea tem uma equipe de profissionais a sua disposi\u00e7\u00e3o para dar suporte em todas as etapas do aluguel. Ent\u00e3o, aproveite para fazer o seu cadastro agora mesmo.<\/span><\/span><\/span><\/p>\n<h2><span style=\"vertical-align: inherit;\"><span style=\"vertical-align: inherit;\">Conhe\u00e7a os nossos servi\u00e7os para o seu aluguel de temporada em Natal &#8211; RN\u00a0<\/span><\/span><\/h2>\n<p><span style=\"vertical-align: inherit;\"><span style=\"vertical-align: inherit;\">N\u00f3s aliamos a experi\u00eancia de mais de 30 anos com turismo dos nossos profissionais \u00e0 tecnologia de ponta, garantindo, assim, maiores ganhos com o aluguel de temporada em Natal &#8211; RN. Al\u00e9m de tamb\u00e9m oferecermos a melhor experi\u00eancia para os h\u00f3spedes. Confira os nossos servi\u00e7os:<\/span><\/span><\/p>\n<h3><b><img decoding=\"async\" loading=\"lazy\" class=\"emoji alignnone\" role=\"img\" draggable=\"false\" src=\"https:\/\/s.w.org\/images\/core\/emoji\/13.1.0\/svg\/1f4bb.svg\" alt=\"aluguel de temporada em Fortaleza\" width=\"150\" height=\"150\" \/><span style=\"vertical-align: inherit;\"><span style=\"vertical-align: inherit;\">\u00a0Anunciamos sua propriedade<\/span><\/span><\/b><\/h3>\n<p><span style=\"vertical-align: inherit;\"><span style=\"vertical-align: inherit;\">Primeiramente, n\u00f3s criamos o an\u00fancio da sua propriedade e o publicamos em mais de 30 sites de reservas, como Airbnb, Booking, VRBO (Alugue Temporada) e TripAdvisor.\u00a0 Em seguida, j\u00e1 ficamos respons\u00e1veis pela gest\u00e3o dele em cada uma das plataformas.<\/span><\/span><\/p>\n<h3><a href=\"https:\/\/www.anfitriaoprime.com.br\/blog\/foto-a-importancia-no-aluguel-de-temporada\/\"><b><img decoding=\"async\" class=\"emoji\" role=\"img\" draggable=\"false\" src=\"https:\/\/s.w.org\/images\/core\/emoji\/13.1.0\/svg\/1f4f7.svg\" alt=\"\ud83d\udcf7\" \/><span style=\"vertical-align: inherit;\"><span style=\"vertical-align: inherit;\">\u00a0Fotos profissionais<\/span><\/span><\/b><\/a><\/h3>\n<p><span style=\"vertical-align: inherit;\"><span style=\"vertical-align: inherit;\">As fotos profissionais do seu im\u00f3vel garantem uma melhor primeira impress\u00e3o aos h\u00f3spedes, o que aumenta as possibilidades de reservas.<\/span><\/span><\/p>\n<h3><b><img decoding=\"async\" class=\"emoji\" role=\"img\" draggable=\"false\" src=\"https:\/\/s.w.org\/images\/core\/emoji\/13.1.0\/svg\/1f4ac.svg\" alt=\"\ud83d\udcac\" \/><span style=\"vertical-align: inherit;\"><span style=\"vertical-align: inherit;\">\u00a0Comunica\u00e7\u00e3o com os h\u00f3spedes<\/span><\/span><\/b><\/h3>\n<p><span style=\"vertical-align: inherit;\"><span style=\"vertical-align: inherit;\">Um dos grandes problemas ao gerenciar um im\u00f3vel de temporada \u00e9 estar dispon\u00edvel para responder os h\u00f3spedes nas plataformas de reservas. Contudo, com o Anfitri\u00e3o Prime voc\u00ea n\u00e3o ter\u00e1 que se preocupar com isso, pois n\u00f3s temos uma equipe que est\u00e1 24\/7 dispon\u00edvel para atend\u00ea-los.<\/span><\/span><\/p>\n<h3><b><img decoding=\"async\" class=\"emoji\" role=\"img\" draggable=\"false\" src=\"https:\/\/s.w.org\/images\/core\/emoji\/13.1.0\/svg\/1f4c8.svg\" alt=\"\ud83d\udcc8\" \/>\u00a0<a href=\"https:\/\/www.anfitriaoprime.com.br\/blog\/valor-da-diaria-no-aluguel-de-temporada\/\"><span style=\"vertical-align: inherit;\"><span style=\"vertical-align: inherit;\">Defini\u00e7\u00e3o dos melhores pre\u00e7os de di\u00e1rias<\/span><\/span><\/a><\/b><\/h3>\n<p><span style=\"vertical-align: inherit;\"><span style=\"vertical-align: inherit;\">Contamos com uma tecnologia de ponta que faz a precifica\u00e7\u00e3o inteligente do seu im\u00f3vel, pensando a longo prazo. Em outras palavras, ela leva em conta as varia\u00e7\u00f5es de pre\u00e7o que ocorrem durante o ano, como feriados, alta e baixa temporadas. Al\u00e9m de outras situa\u00e7\u00f5es que podem fazer com que o valor da di\u00e1ria do seu im\u00f3vel varie.<\/span><\/span><\/p>\n<h3><strong><img decoding=\"async\" loading=\"lazy\" class=\"emoji alignnone\" role=\"img\" draggable=\"false\" src=\"https:\/\/s.w.org\/images\/core\/emoji\/13.1.0\/svg\/1f5d3.svg\" alt=\"aluguel de temporada em Fortaleza\" width=\"150\" height=\"150\" \/><span style=\"vertical-align: inherit;\"><span style=\"vertical-align: inherit;\">\u00a0Gest\u00e3o do calend\u00e1rio\u00a0<\/span><\/span><\/strong><\/h3>\n<p><span style=\"vertical-align: inherit;\"><span style=\"vertical-align: inherit;\">N\u00f3s tamb\u00e9m contamos com uma ferramenta que faz a gest\u00e3o unificada do seu calend\u00e1rio para evitar o overbooking. Al\u00e9m disso, voc\u00ea tamb\u00e9m pode continuar utilizando o im\u00f3vel quando desejar, basta apenas nos informar com anteced\u00eancia para que possamos fazer o bloqueio do calend\u00e1rio para os h\u00f3spedes.<\/span><\/span><\/p>\n<h3><b><img decoding=\"async\" class=\"emoji\" role=\"img\" draggable=\"false\" src=\"https:\/\/s.w.org\/images\/core\/emoji\/13.1.0\/svg\/2714.svg\" alt=\"\u2714\" \/><span style=\"vertical-align: inherit;\"><span style=\"vertical-align: inherit;\">\u00a0Concierge, Limpeza e Manuten\u00e7\u00e3o\u00a0<\/span><\/span><\/b><\/h3>\n<p><span style=\"vertical-align: inherit;\"><span style=\"vertical-align: inherit;\">Finalmente, para que voc\u00ea possa alugar casas em Natal &#8211; RN com tranquilidade, tamb\u00e9m oferecemos servi\u00e7os complementares. Atualmente, contamos com especialistas para serem <\/span><\/span><b><span style=\"vertical-align: inherit;\"><span style=\"vertical-align: inherit;\">concierge<\/span><\/span><\/b><span style=\"vertical-align: inherit;\"><span style=\"vertical-align: inherit;\">\u00a0do seu im\u00f3vel e serem respons\u00e1veis do check-in e check-out dos h\u00f3spedes. Al\u00e9m de outros profissionais para\u00a0<\/span><\/span><strong><span style=\"vertical-align: inherit;\"><span style=\"vertical-align: inherit;\">limpeza, manuten\u00e7\u00e3o<\/span><\/span><\/strong><span style=\"vertical-align: inherit;\"><span style=\"vertical-align: inherit;\">\u00a0e outros servi\u00e7os necess\u00e1rios para garantir uma experi\u00eancia perfeita aos seus h\u00f3spedes.<\/span><\/span><\/p>\n<h2><span style=\"vertical-align: inherit;\"><span style=\"vertical-align: inherit;\">Quais as vantagens de fazer aluguel de temporada em Natal pelo Anfitri\u00e3o Prime?\u00a0<\/span><\/span><\/h2>\n<p><span style=\"vertical-align: inherit;\"><span style=\"vertical-align: inherit;\">N\u00f3s oferecemos tudo o que voc\u00ea precisa para alugar casas em Natal. Oferecemos uma plataforma completa, com diversos recursos, e uma equipe especializada para dar todo o suporte que voc\u00ea e os seus h\u00f3spedes precisam.\u00a0\u00a0<\/span><\/span><\/p>\n<p><span style=\"vertical-align: inherit;\"><span style=\"vertical-align: inherit;\">Al\u00e9m disso tudo, voc\u00ea tamb\u00e9m ter\u00e1 as seguintes vantagens, confira:<\/span><\/span><\/p>\n<figure id=\"attachment_3165\" class=\"thumbnail wp-caption alignnone\" style=\"width: 310px\"><img decoding=\"async\" loading=\"lazy\" class=\"size-medium wp-image-3165\" src=\"https:\/\/www.anfitriaoprime.com.br\/blog\/wp-content\/uploads\/2022\/03\/Dimensoes-personalizadas-750x410-px-23-1-300x164.jpeg\" alt=\"aluguel de temporada em Natal\" width=\"300\" height=\"164\" srcset=\"https:\/\/www.anfitriaoprime.com.br\/blog\/wp-content\/uploads\/2022\/03\/Dimensoes-personalizadas-750x410-px-23-1-300x164.jpeg 300w, https:\/\/www.anfitriaoprime.com.br\/blog\/wp-content\/uploads\/2022\/03\/Dimensoes-personalizadas-750x410-px-23-1.jpeg 750w\" sizes=\"(max-width: 300px) 100vw, 300px\" \/><figcaption class=\"caption wp-caption-text\"><span style=\"vertical-align: inherit;\"><span style=\"vertical-align: inherit;\">Foto do Pedro Menezes no Unsplash<\/span><\/span><\/figcaption><\/figure>\n<p>&nbsp;<\/p>\n<h3><strong><span style=\"vertical-align: inherit;\"><span style=\"vertical-align: inherit;\">Sobre Natal\u00a0<\/span><\/span><\/strong><\/h3>\n<p><span style=\"font-weight: 400;\"><span style=\"vertical-align: inherit;\"><span style=\"vertical-align: inherit;\">A cidade de Natal \u00e9 conhecida pelas suas belezas naturais, mas, principalmente, pelas dunas de areia que s\u00e3o cart\u00e3o postal. Al\u00e9m disso, a ampla infraestrutura tur\u00edstica tamb\u00e9m atrai aten\u00e7\u00e3o de milhares de visitantes todos os anos.\u00a0<\/span><\/span><\/span><\/p>\n<p><span style=\"vertical-align: inherit;\"><span style=\"vertical-align: inherit;\">Logo, h<\/span><\/span><span style=\"font-weight: 400;\"><span style=\"vertical-align: inherit;\"><span style=\"vertical-align: inherit;\">\u00e1 uma grande gama de passeios que voc\u00ea pode indicar para os turistas interessados no seu aluguel de temporada em<\/span><\/span><\/span><b><span style=\"vertical-align: inherit;\"><span style=\"vertical-align: inherit;\">\u00a0Natal<\/span><\/span><\/b><span style=\"font-weight: 400;\"><span style=\"vertical-align: inherit;\"><span style=\"vertical-align: inherit;\">. Por isso, abaixo n\u00f3s listamos alguns dos principais. Confira:\u00a0<\/span><\/span><\/span><\/p>\n<p>&nbsp;<\/p>\n<h4><em><strong><span style=\"vertical-align: inherit;\"><span style=\"vertical-align: inherit;\">Fa\u00e7a o passeio de buggy\u00a0<\/span><\/span><\/strong><\/em><\/h4>\n<p><span style=\"font-weight: 400;\"><span style=\"vertical-align: inherit;\"><span style=\"vertical-align: inherit;\">Sem sombra de d\u00favidas esse \u00e9 um dos passeios mais queridinhos de Natal. Durante ele os visitantes poder\u00e3o visitar 9 praias, 4 parques de dunas e 3 lagoas. Al\u00e9m disso, eles poder\u00e3o escolher entre fazer o passeio compartilhado ou com ve\u00edculo exclusivo para o grupo.\u00a0<\/span><\/span><\/span><\/p>\n<p>&nbsp;<\/p>\n<h4><em><strong><span style=\"vertical-align: inherit;\"><span style=\"vertical-align: inherit;\">Mergulho\u00a0<\/span><\/span><\/strong><\/em><\/h4>\n<p><span style=\"font-weight: 400;\"><span style=\"vertical-align: inherit;\"><span style=\"vertical-align: inherit;\">Outro excelente passeio que \u00e9 sucesso entre os turistas \u00e9 o mergulho. Em algumas praias da regi\u00e3o, \u00e9 poss\u00edvel fazer o mergulho de lancha ou com a tradicional embarca\u00e7\u00e3o catamar\u00e3.\u00a0<\/span><\/span><\/span><span style=\"font-weight: 400;\"><span style=\"vertical-align: inherit;\"><span style=\"vertical-align: inherit;\">Al\u00e9m disso, \u00e9 poss\u00edvel encontrar op\u00e7\u00f5es tanto para quem j\u00e1 tem experi\u00eancia mergulhando, como para quem nunca fez essa atividade na vida.\u00a0<\/span><\/span><\/span><\/p>\n<p>&nbsp;<\/p>\n<h4><em><strong><span style=\"vertical-align: inherit;\"><span style=\"vertical-align: inherit;\">Conhecer o maior cajueiro do mundo<\/span><\/span><\/strong><\/em><\/h4>\n<p><span style=\"font-weight: 400;\"><span style=\"vertical-align: inherit;\"><span style=\"vertical-align: inherit;\">Mais uma das dicas para quem deseja curtir ao m\u00e1ximo a experi\u00eancia em Natal, \u00e9 visitar o maior cajueiro do mundo. E detalhe, se o visitante for na \u00e9poca de colheita, poder\u00e1 saborear um maravilhoso caju direto da fonte.<\/span><\/span><\/span><\/p>\n<p>&nbsp;<\/p>\n<h4><em><strong><span style=\"vertical-align: inherit;\"><span style=\"vertical-align: inherit;\">Forte dos Reis Magos<\/span><\/span><\/strong><\/em><\/h4>\n<p><span style=\"font-weight: 400;\"><span style=\"vertical-align: inherit;\"><span style=\"vertical-align: inherit;\">Al\u00e9m disso, tamb\u00e9m vale a pena indicar para os visitantes ir at\u00e9 o Forte dos Reis Magos, que \u00e9 considerado o ponto tur\u00edstico mais importante de Natal.\u00a0<\/span><\/span><\/span><\/p>\n<p>&nbsp;<\/p>\n<h3><strong><span style=\"vertical-align: inherit;\"><span style=\"vertical-align: inherit;\">Onde comer em Natal?\u00a0<\/span><\/span><\/strong><\/h3>\n<p><span style=\"font-weight: 400;\"><span style=\"vertical-align: inherit;\"><span style=\"vertical-align: inherit;\">Nesse sentido de conhecer lugares novos, os seus h\u00f3spedes, com toda a certeza, tamb\u00e9m v\u00e3o querer conhecer mais sobre a culin\u00e1ria local. Por isso, n\u00f3s separamos duas dicas para voc\u00ea recomendar \u00e0 eles, confira:\u00a0\u00a0<\/span><\/span><\/span><\/p>\n<p><span style=\"font-weight: 400;\"><span style=\"vertical-align: inherit;\"><span style=\"vertical-align: inherit;\">Primeiramente, recomendamos o <strong>Camar\u00f5es Potiguar<\/strong>. Como o pr\u00f3prio nome sugere, o local \u00e9 especializado em pratos a base de frutos do mar. Al\u00e9m disso, ele se destaca pelo uso de ingredientes tradicionais e frescos.\u00a0<\/span><\/span><\/span><\/p>\n<p><span style=\"font-weight: 400;\"><span style=\"vertical-align: inherit;\"><span style=\"vertical-align: inherit;\">Em seguida, recomendamos o restaurante <strong>Nau Frutos do Mar.<\/strong> O grande diferencial do local s\u00e3o os pratos como moquecas, camar\u00f5es, lagosta, bacalhau, <em>paella<\/em> que podem ser divididos em at\u00e9 tr\u00eas pessoas.\u00a0<\/span><\/span><\/span><\/p>\n<p><span style=\"font-weight: 400;\"><span style=\"vertical-align: inherit;\"><span style=\"vertical-align: inherit;\">Ent\u00e3o, viu como tem muita coisa para chamar a aten\u00e7\u00e3o de mais visitantes para seus <\/span><\/span><\/span><b><span style=\"vertical-align: inherit;\"><span style=\"vertical-align: inherit;\">im\u00f3veis em Natal<\/span><\/span><\/b><span style=\"font-weight: 400;\"><span style=\"vertical-align: inherit;\"><span style=\"vertical-align: inherit;\">? Aproveite para se cadastrar e comece a anunciar agora mesmo.\u00a0\u00a0<\/span><\/span><\/span><\/p>\n<p><a href=\"https:\/\/reservas.anfitriaoprime.com.br\/\"><span style=\"font-weight: 400;\"><span style=\"vertical-align: inherit;\">Conhe\u00e7a o nosso portf\u00f3lio com mais de 1.000 im\u00f3veis de temporada distribu\u00eddos em todo o Brasil.<\/span><\/span><\/a><\/p>\n","protected":false},"excerpt":{"rendered":"<p>Gerenciamos todo o seu aluguel de temporada em Natal: desde a cria\u00e7\u00e3o do an\u00fancio, at\u00e9 a manuten\u00e7\u00e3o do im\u00f3vel. Fale conosco e descomplique a loca\u00e7\u00e3o de temporada!\u00a0 Conhe\u00e7a o nosso portf\u00f3lio com mais de 1.000 im\u00f3veis de temporada distribu\u00eddos em todo o Brasil. Como o Anfitri\u00e3o Prime funciona\u00a0 O Anfitri\u00e3o Prime \u00e9 muito mais que [&hellip;]<\/p>\n","protected":false},"author":1,"featured_media":3163,"parent":0,"menu_order":0,"comment_status":"closed","ping_status":"closed","template":"page-lp.php","meta":[],"yoast_head":"<!-- This site is optimized with the Yoast SEO plugin v21.1 - https:\/\/yoast.com\/wordpress\/plugins\/seo\/ -->\n<title>Fa\u00e7a aluguel de temporada em Natal com o Anfitri\u00e3o Prime - Saiba mais!<\/title>\n<meta name=\"description\" content=\"Gerenciamos todo o seu aluguel de temporada em Natal: desde a cria\u00e7\u00e3o do an\u00fancio, at\u00e9 a manuten\u00e7\u00e3o do im\u00f3vel. Fale conosco e descomplique!\" \/>\n<meta name=\"robots\" content=\"index, follow, max-snippet:-1, max-image-preview:large, max-video-preview:-1\" \/>\n<link rel=\"canonical\" href=\"https:\/\/www.anfitriaoprime.com.br\/blog\/aluguel-de-temporada-em-natal\/\" \/>\n<meta property=\"og:locale\" content=\"pt_BR\" \/>\n<meta property=\"og:type\" content=\"article\" \/>\n<meta property=\"og:title\" content=\"Fa\u00e7a aluguel de temporada em Natal com o Anfitri\u00e3o Prime - Saiba mais!\" \/>\n<meta property=\"og:description\" content=\"Gerenciamos todo o seu aluguel de temporada em Natal: desde a cria\u00e7\u00e3o do an\u00fancio, at\u00e9 a manuten\u00e7\u00e3o do im\u00f3vel. Fale conosco e descomplique!\" \/>\n<meta property=\"og:url\" content=\"https:\/\/www.anfitriaoprime.com.br\/blog\/aluguel-de-temporada-em-natal\/\" \/>\n<meta property=\"og:site_name\" content=\"Blog Anfitri\u00e3o Prime: Ganhe dinheiro com aluguel de temporada.\" \/>\n<meta property=\"og:image\" content=\"https:\/\/www.anfitriaoprime.com.br\/blog\/wp-content\/uploads\/2022\/03\/Dimensoes-personalizadas-1920x550-px-28.jpeg\" \/>\n\t<meta property=\"og:image:width\" content=\"1920\" \/>\n\t<meta property=\"og:image:height\" content=\"550\" \/>\n\t<meta property=\"og:image:type\" content=\"image\/jpeg\" \/>\n<meta name=\"twitter:card\" content=\"summary_large_image\" \/>\n<meta name=\"twitter:label1\" content=\"Est. tempo de leitura\" \/>\n\t<meta name=\"twitter:data1\" content=\"7 minutos\" \/>\n<script type=\"application\/ld+json\" class=\"yoast-schema-graph\">{\"@context\":\"https:\/\/schema.org\",\"@graph\":[{\"@type\":\"WebPage\",\"@id\":\"https:\/\/www.anfitriaoprime.com.br\/blog\/aluguel-de-temporada-em-natal\/\",\"url\":\"https:\/\/www.anfitriaoprime.com.br\/blog\/aluguel-de-temporada-em-natal\/\",\"name\":\"Fa\u00e7a aluguel de temporada em Natal com o Anfitri\u00e3o Prime - Saiba mais!\",\"isPartOf\":{\"@id\":\"https:\/\/www.anfitriaoprime.com.br\/blog\/#website\"},\"datePublished\":\"2022-03-24T21:30:30+00:00\",\"dateModified\":\"2022-03-24T21:30:30+00:00\",\"description\":\"Gerenciamos todo o seu aluguel de temporada em Natal: desde a cria\u00e7\u00e3o do an\u00fancio, at\u00e9 a manuten\u00e7\u00e3o do im\u00f3vel. Fale conosco e descomplique!\",\"breadcrumb\":{\"@id\":\"https:\/\/www.anfitriaoprime.com.br\/blog\/aluguel-de-temporada-em-natal\/#breadcrumb\"},\"inLanguage\":\"pt-BR\",\"potentialAction\":[{\"@type\":\"ReadAction\",\"target\":[\"https:\/\/www.anfitriaoprime.com.br\/blog\/aluguel-de-temporada-em-natal\/\"]}]},{\"@type\":\"BreadcrumbList\",\"@id\":\"https:\/\/www.anfitriaoprime.com.br\/blog\/aluguel-de-temporada-em-natal\/#breadcrumb\",\"itemListElement\":[{\"@type\":\"ListItem\",\"position\":1,\"name\":\"In\u00edcio\",\"item\":\"https:\/\/www.anfitriaoprime.com.br\/blog\/\"},{\"@type\":\"ListItem\",\"position\":2,\"name\":\"Fa\u00e7a aluguel de temporada em Natal com o Anfitri\u00e3o Prime &#8211; Saiba mais!\u00a0\"}]},{\"@type\":\"WebSite\",\"@id\":\"https:\/\/www.anfitriaoprime.com.br\/blog\/#website\",\"url\":\"https:\/\/www.anfitriaoprime.com.br\/blog\/\",\"name\":\"Blog Anfitri\u00e3o Prime - Gest\u00e3o de propriedade para aluguel de temporada\",\"description\":\"No blog do Anfitri\u00e3o Prime voc\u00ea encontra dicas e informa\u00e7\u00f5es sobre o mercado de aluguel de temporada escrito por anfitri\u00f5es profissionais\",\"potentialAction\":[{\"@type\":\"SearchAction\",\"target\":{\"@type\":\"EntryPoint\",\"urlTemplate\":\"https:\/\/www.anfitriaoprime.com.br\/blog\/?s={search_term_string}\"},\"query-input\":\"required name=search_term_string\"}],\"inLanguage\":\"pt-BR\"}]}<\/script>\n<!-- \/ Yoast SEO plugin. -->","yoast_head_json":{"title":"Fa\u00e7a aluguel de temporada em Natal com o Anfitri\u00e3o Prime - Saiba mais!","description":"Gerenciamos todo o seu aluguel de temporada em Natal: desde a cria\u00e7\u00e3o do an\u00fancio, at\u00e9 a manuten\u00e7\u00e3o do im\u00f3vel. Fale conosco e descomplique!","robots":{"index":"index","follow":"follow","max-snippet":"max-snippet:-1","max-image-preview":"max-image-preview:large","max-video-preview":"max-video-preview:-1"},"canonical":"https:\/\/www.anfitriaoprime.com.br\/blog\/aluguel-de-temporada-em-natal\/","og_locale":"pt_BR","og_type":"article","og_title":"Fa\u00e7a aluguel de temporada em Natal com o Anfitri\u00e3o Prime - Saiba mais!","og_description":"Gerenciamos todo o seu aluguel de temporada em Natal: desde a cria\u00e7\u00e3o do an\u00fancio, at\u00e9 a manuten\u00e7\u00e3o do im\u00f3vel. Fale conosco e descomplique!","og_url":"https:\/\/www.anfitriaoprime.com.br\/blog\/aluguel-de-temporada-em-natal\/","og_site_name":"Blog Anfitri\u00e3o Prime: Ganhe dinheiro com aluguel de temporada.","og_image":[{"width":1920,"height":550,"url":"https:\/\/www.anfitriaoprime.com.br\/blog\/wp-content\/uploads\/2022\/03\/Dimensoes-personalizadas-1920x550-px-28.jpeg","type":"image\/jpeg"}],"twitter_card":"summary_large_image","twitter_misc":{"Est. tempo de leitura":"7 minutos"},"schema":{"@context":"https:\/\/schema.org","@graph":[{"@type":"WebPage","@id":"https:\/\/www.anfitriaoprime.com.br\/blog\/aluguel-de-temporada-em-natal\/","url":"https:\/\/www.anfitriaoprime.com.br\/blog\/aluguel-de-temporada-em-natal\/","name":"Fa\u00e7a aluguel de temporada em Natal com o Anfitri\u00e3o Prime - Saiba mais!","isPartOf":{"@id":"https:\/\/www.anfitriaoprime.com.br\/blog\/#website"},"datePublished":"2022-03-24T21:30:30+00:00","dateModified":"2022-03-24T21:30:30+00:00","description":"Gerenciamos todo o seu aluguel de temporada em Natal: desde a cria\u00e7\u00e3o do an\u00fancio, at\u00e9 a manuten\u00e7\u00e3o do im\u00f3vel. Fale conosco e descomplique!","breadcrumb":{"@id":"https:\/\/www.anfitriaoprime.com.br\/blog\/aluguel-de-temporada-em-natal\/#breadcrumb"},"inLanguage":"pt-BR","potentialAction":[{"@type":"ReadAction","target":["https:\/\/www.anfitriaoprime.com.br\/blog\/aluguel-de-temporada-em-natal\/"]}]},{"@type":"BreadcrumbList","@id":"https:\/\/www.anfitriaoprime.com.br\/blog\/aluguel-de-temporada-em-natal\/#breadcrumb","itemListElement":[{"@type":"ListItem","position":1,"name":"In\u00edcio","item":"https:\/\/www.anfitriaoprime.com.br\/blog\/"},{"@type":"ListItem","position":2,"name":"Fa\u00e7a aluguel de temporada em Natal com o Anfitri\u00e3o Prime &#8211; Saiba mais!\u00a0"}]},{"@type":"WebSite","@id":"https:\/\/www.anfitriaoprime.com.br\/blog\/#website","url":"https:\/\/www.anfitriaoprime.com.br\/blog\/","name":"Blog Anfitri\u00e3o Prime - Gest\u00e3o de propriedade para aluguel de temporada","description":"No blog do Anfitri\u00e3o Prime voc\u00ea encontra dicas e informa\u00e7\u00f5es sobre o mercado de aluguel de temporada escrito por anfitri\u00f5es profissionais","potentialAction":[{"@type":"SearchAction","target":{"@type":"EntryPoint","urlTemplate":"https:\/\/www.anfitriaoprime.com.br\/blog\/?s={search_term_string}"},"query-input":"required name=search_term_string"}],"inLanguage":"pt-BR"}]}},"acf":{"imagem":{"ID":3163,"id":3163,"title":"Dimens\u00f5es personalizadas 1920x550 px (28)","filename":"Dimensoes-personalizadas-1920x550-px-28.jpeg","filesize":1401699,"url":"https:\/\/www.anfitriaoprime.com.br\/blog\/wp-content\/uploads\/2022\/03\/Dimensoes-personalizadas-1920x550-px-28.jpeg","link":"https:\/\/www.anfitriaoprime.com.br\/blog\/aluguel-de-temporada-em-natal\/dimensoes-personalizadas-1920x550-px-28-3\/","alt":"aluguel de temporada em Natal","author":"1","description":"","caption":"Foto do Pedro Menezes no Unsplash","name":"dimensoes-personalizadas-1920x550-px-28-3","status":"inherit","uploaded_to":3160,"date":"2022-03-24 21:19:42","modified":"2022-03-24 21:23:58","menu_order":0,"mime_type":"image\/jpeg","type":"image","subtype":"jpeg","icon":"https:\/\/www.anfitriaoprime.com.br\/blog\/wp-includes\/images\/media\/default.png","width":1920,"height":550,"sizes":{"thumbnail":"https:\/\/www.anfitriaoprime.com.br\/blog\/wp-content\/uploads\/2022\/03\/Dimensoes-personalizadas-1920x550-px-28-150x150.jpeg","thumbnail-width":150,"thumbnail-height":150,"medium":"https:\/\/www.anfitriaoprime.com.br\/blog\/wp-content\/uploads\/2022\/03\/Dimensoes-personalizadas-1920x550-px-28-300x86.jpeg","medium-width":300,"medium-height":86,"medium_large":"https:\/\/www.anfitriaoprime.com.br\/blog\/wp-content\/uploads\/2022\/03\/Dimensoes-personalizadas-1920x550-px-28-768x220.jpeg","medium_large-width":648,"medium_large-height":186,"large":"https:\/\/www.anfitriaoprime.com.br\/blog\/wp-content\/uploads\/2022\/03\/Dimensoes-personalizadas-1920x550-px-28-1024x293.jpeg","large-width":648,"large-height":185,"1536x1536":"https:\/\/www.anfitriaoprime.com.br\/blog\/wp-content\/uploads\/2022\/03\/Dimensoes-personalizadas-1920x550-px-28-1536x440.jpeg","1536x1536-width":1536,"1536x1536-height":440,"2048x2048":"https:\/\/www.anfitriaoprime.com.br\/blog\/wp-content\/uploads\/2022\/03\/Dimensoes-personalizadas-1920x550-px-28.jpeg","2048x2048-width":1920,"2048x2048-height":550,"sparkling-featured":"https:\/\/www.anfitriaoprime.com.br\/blog\/wp-content\/uploads\/2022\/03\/Dimensoes-personalizadas-1920x550-px-28-750x410.jpeg","sparkling-featured-width":750,"sparkling-featured-height":410,"sparkling-featured-fullwidth":"https:\/\/www.anfitriaoprime.com.br\/blog\/wp-content\/uploads\/2022\/03\/Dimensoes-personalizadas-1920x550-px-28-1140x550.jpeg","sparkling-featured-fullwidth-width":1140,"sparkling-featured-fullwidth-height":550,"tab-small":"https:\/\/www.anfitriaoprime.com.br\/blog\/wp-content\/uploads\/2022\/03\/Dimensoes-personalizadas-1920x550-px-28-60x60.jpeg","tab-small-width":60,"tab-small-height":60,"crp_thumbnail":"https:\/\/www.anfitriaoprime.com.br\/blog\/wp-content\/uploads\/2022\/03\/Dimensoes-personalizadas-1920x550-px-28-150x150.jpeg","crp_thumbnail-width":150,"crp_thumbnail-height":150}},"titulo":"Fa\u00e7a aluguel de temporada em Natal com o Anfitri\u00e3o Prime - Saiba mais!\u00a0","subtitulo":"<p><span style=\"font-weight: 400;\">Gerenciamos todo o seu aluguel de temporada em Natal: desde a cria\u00e7\u00e3o do an\u00fancio, at\u00e9 a manuten\u00e7\u00e3o do im\u00f3vel. Fale conosco e descomplique a loca\u00e7\u00e3o de temporada!\u00a0<\/span><\/p>\n<p><strong><a href=\"https:\/\/reservas.anfitriaoprime.com.br\/\">Conhe\u00e7a o nosso portf\u00f3lio com mais de 1.000 im\u00f3veis de temporada distribu\u00eddos em todo o Brasil.<\/a><\/strong><\/p>\n","titulo_secao_1":"Como o Anfitri\u00e3o Prime funciona\u00a0","conteudo_secao_1":"<p><span style=\"font-weight: 400;\">O Anfitri\u00e3o Prime \u00e9 muito mais que uma imobili\u00e1ria digital ou um site de reservas comum. N\u00f3s gerenciamos todas as etapas do seu aluguel de temporada em Natal para que voc\u00ea n\u00e3o precise se preocupar com nada. Assim, fica ainda mais f\u00e1cil anunciar casas em Natal ou em qualquer lugar do Brasil.\u00a0 <\/span><span style=\"font-weight: 400;\">Confira abaixo alguns dos servi\u00e7os ofertados:\u00a0<\/span><\/p>\n<ul>\n<li style=\"font-weight: 400;\" aria-level=\"1\"><span style=\"font-weight: 400;\">Atendimento 24 horas para h\u00f3spedes e propriet\u00e1rios;<\/span><\/li>\n<li style=\"font-weight: 400;\" aria-level=\"1\"><span style=\"font-weight: 400;\">Criamos e gerenciamos\u00a0 an\u00fancios para nossos clientes em mais de 30 plataformas de reservas, tais como Airbnb, Booking e TripAdvisor;<\/span><\/li>\n<li style=\"font-weight: 400;\" aria-level=\"1\"><span style=\"font-weight: 400;\">Fotos profissionais dos <\/span>im\u00f3veis em<b> Natal<\/b><span style=\"font-weight: 400;\"> e muito mais.\u00a0<\/span><\/li>\n<\/ul>\n<p><span style=\"font-weight: 400;\">Com o Anfitri\u00e3o Prime voc\u00ea tem uma equipe de profissionais a sua disposi\u00e7\u00e3o para dar suporte em todas as etapas do aluguel. Ent\u00e3o, aproveite para fazer o seu cadastro agora mesmo.<\/span><\/p>\n","titulo_secao_2":"Conhe\u00e7a os nossos servi\u00e7os para o seu aluguel de temporada em Natal - RN\u00a0","imagem_secao_2":false,"conteudo_secao_2":"<p>N\u00f3s aliamos a experi\u00eancia de mais de 30 anos com turismo dos nossos profissionais \u00e0 tecnologia de ponta, garantindo, assim, maiores ganhos com o aluguel de temporada em Natal &#8211; RN. Al\u00e9m de tamb\u00e9m oferecermos a melhor experi\u00eancia para os h\u00f3spedes. Confira os nossos servi\u00e7os:<\/p>\n<h3><b><img decoding=\"async\" loading=\"lazy\" class=\"emoji alignnone\" role=\"img\" draggable=\"false\" src=\"https:\/\/s.w.org\/images\/core\/emoji\/13.1.0\/svg\/1f4bb.svg\" alt=\"aluguel de temporada em Fortaleza\" width=\"150\" height=\"150\" \/>\u00a0Anunciamos sua propriedade<\/b><\/h3>\n<p>Primeiramente, n\u00f3s criamos o an\u00fancio da sua propriedade e o publicamos em mais de 30 sites de reservas, como Airbnb, Booking, VRBO (Alugue Temporada) e TripAdvisor.\u00a0 Em seguida, j\u00e1 ficamos respons\u00e1veis pela gest\u00e3o dele em cada uma das plataformas.<\/p>\n<h3><a href=\"https:\/\/www.anfitriaoprime.com.br\/blog\/foto-a-importancia-no-aluguel-de-temporada\/\"><b><img decoding=\"async\" class=\"emoji\" role=\"img\" draggable=\"false\" src=\"https:\/\/s.w.org\/images\/core\/emoji\/13.1.0\/svg\/1f4f7.svg\" alt=\"\ud83d\udcf7\" \/>\u00a0Fotos profissionais<\/b><\/a><\/h3>\n<p>As fotos profissionais do seu im\u00f3vel garantem uma melhor primeira impress\u00e3o aos h\u00f3spedes, o que aumenta as possibilidades de reservas.<\/p>\n<h3><b><img decoding=\"async\" class=\"emoji\" role=\"img\" draggable=\"false\" src=\"https:\/\/s.w.org\/images\/core\/emoji\/13.1.0\/svg\/1f4ac.svg\" alt=\"\ud83d\udcac\" \/>\u00a0Comunica\u00e7\u00e3o com os h\u00f3spedes<\/b><\/h3>\n<p>Um dos grandes problemas ao gerenciar um im\u00f3vel de temporada \u00e9 estar dispon\u00edvel para responder os h\u00f3spedes nas plataformas de reservas. Contudo, com o Anfitri\u00e3o Prime voc\u00ea n\u00e3o ter\u00e1 que se preocupar com isso, pois n\u00f3s temos uma equipe que est\u00e1 24\/7 dispon\u00edvel para atend\u00ea-los.<\/p>\n<h3><b><img decoding=\"async\" class=\"emoji\" role=\"img\" draggable=\"false\" src=\"https:\/\/s.w.org\/images\/core\/emoji\/13.1.0\/svg\/1f4c8.svg\" alt=\"\ud83d\udcc8\" \/>\u00a0<a href=\"https:\/\/www.anfitriaoprime.com.br\/blog\/valor-da-diaria-no-aluguel-de-temporada\/\">Defini\u00e7\u00e3o dos melhores pre\u00e7os de di\u00e1rias<\/a><\/b><\/h3>\n<p>Contamos com uma tecnologia de ponta que faz a precifica\u00e7\u00e3o inteligente do seu im\u00f3vel, pensando a longo prazo. Em outras palavras, ela leva em conta as varia\u00e7\u00f5es de pre\u00e7o que ocorrem durante o ano, como feriados, alta e baixa temporadas. Al\u00e9m de outras situa\u00e7\u00f5es que podem fazer com que o valor da di\u00e1ria do seu im\u00f3vel varie.<\/p>\n<h3><strong><img decoding=\"async\" loading=\"lazy\" class=\"emoji alignnone\" role=\"img\" draggable=\"false\" src=\"https:\/\/s.w.org\/images\/core\/emoji\/13.1.0\/svg\/1f5d3.svg\" alt=\"aluguel de temporada em Fortaleza\" width=\"150\" height=\"150\" \/>\u00a0Gest\u00e3o do calend\u00e1rio\u00a0<\/strong><\/h3>\n<p>N\u00f3s tamb\u00e9m contamos com uma ferramenta que faz a gest\u00e3o unificada do seu calend\u00e1rio para evitar o overbooking. Al\u00e9m disso, voc\u00ea tamb\u00e9m pode continuar utilizando o im\u00f3vel quando desejar, basta apenas nos informar com anteced\u00eancia para que possamos fazer o bloqueio do calend\u00e1rio para os h\u00f3spedes.<\/p>\n<h3><b><img decoding=\"async\" class=\"emoji\" role=\"img\" draggable=\"false\" src=\"https:\/\/s.w.org\/images\/core\/emoji\/13.1.0\/svg\/2714.svg\" alt=\"\u2714\" \/>\u00a0Concierge, Limpeza e Manuten\u00e7\u00e3o\u00a0<\/b><\/h3>\n<p>Finalmente, para que voc\u00ea possa alugar casas em Natal &#8211; RN com tranquilidade, tamb\u00e9m oferecemos servi\u00e7os complementares. Atualmente, contamos com especialistas para serem <b>concierge<\/b>\u00a0do seu im\u00f3vel e serem respons\u00e1veis do check-in e check-out dos h\u00f3spedes. Al\u00e9m de outros profissionais para\u00a0<strong>limpeza, manuten\u00e7\u00e3o<\/strong>\u00a0e outros servi\u00e7os necess\u00e1rios para garantir uma experi\u00eancia perfeita aos seus h\u00f3spedes.<\/p>\n","titulo_secao_3":"Quais as vantagens de fazer aluguel de temporada em Natal pelo Anfitri\u00e3o Prime?\u00a0","conteudo_secao_3":"<p>N\u00f3s oferecemos tudo o que voc\u00ea precisa para alugar casas em Natal. Oferecemos uma plataforma completa, com diversos recursos, e uma equipe especializada para dar todo o suporte que voc\u00ea e os seus h\u00f3spedes precisam.<\/p>\n<p>Al\u00e9m disso tudo, voc\u00ea tamb\u00e9m ter\u00e1 as seguintes vantagens, confira:<\/p>\n","titulo_secao_6":"Sobre Natal\u00a0","conteudo_secao_6":"<figure id=\"attachment_3165\" class=\"thumbnail wp-caption alignnone\" style=\"width: 760px\"><img decoding=\"async\" loading=\"lazy\" class=\"wp-image-3165 size-full\" src=\"https:\/\/www.anfitriaoprime.com.br\/blog\/wp-content\/uploads\/2022\/03\/Dimensoes-personalizadas-750x410-px-23-1.jpeg\" alt=\"aluguel de temporada em Natal\" width=\"750\" height=\"410\" srcset=\"https:\/\/www.anfitriaoprime.com.br\/blog\/wp-content\/uploads\/2022\/03\/Dimensoes-personalizadas-750x410-px-23-1.jpeg 750w, https:\/\/www.anfitriaoprime.com.br\/blog\/wp-content\/uploads\/2022\/03\/Dimensoes-personalizadas-750x410-px-23-1-300x164.jpeg 300w\" sizes=\"(max-width: 750px) 100vw, 750px\" \/><figcaption class=\"caption wp-caption-text\">Foto do Pedro Menezes no Unsplash<\/figcaption><\/figure>\n<p><span style=\"font-weight: 400;\"><span style=\"vertical-align: inherit;\">\u00a0cidade de Natal \u00e9 conhecida pelas suas belezas naturais, mas, principalmente, pelas dunas de areia que s\u00e3o cart\u00e3o postal. Al\u00e9m disso, a ampla infraestrutura tur\u00edstica tamb\u00e9m atrai aten\u00e7\u00e3o de milhares de visitantes todos os anos.\u00a0<\/span><\/span><\/p>\n<p><span style=\"vertical-align: inherit;\">Logo, h<\/span><span style=\"font-weight: 400;\"><span style=\"vertical-align: inherit;\">\u00e1 uma grande gama de passeios que voc\u00ea pode indicar para os turistas interessados no seu aluguel de temporada em<\/span><\/span><b><span style=\"vertical-align: inherit;\">\u00a0Natal<\/span><\/b><span style=\"font-weight: 400;\"><span style=\"vertical-align: inherit;\">. Por isso, abaixo n\u00f3s listamos alguns dos principais. Confira:\u00a0<\/span><\/span><\/p>\n<p>&nbsp;<\/p>\n<h4><em><strong><span style=\"vertical-align: inherit;\">Fa\u00e7a o passeio de buggy\u00a0<\/span><\/strong><\/em><\/h4>\n<p><span style=\"font-weight: 400;\"><span style=\"vertical-align: inherit;\">Sem sombra de d\u00favidas esse \u00e9 um dos passeios mais queridinhos de Natal. Durante ele os visitantes poder\u00e3o visitar 9 praias, 4 parques de dunas e 3 lagoas. Al\u00e9m disso, eles poder\u00e3o escolher entre fazer o passeio compartilhado ou com ve\u00edculo exclusivo para o grupo.\u00a0<\/span><\/span><\/p>\n<p>&nbsp;<\/p>\n<h4><em><strong><span style=\"vertical-align: inherit;\">Mergulho\u00a0<\/span><\/strong><\/em><\/h4>\n<p><span style=\"font-weight: 400;\"><span style=\"vertical-align: inherit;\">Outro excelente passeio que \u00e9 sucesso entre os turistas \u00e9 o mergulho. Em algumas praias da regi\u00e3o, \u00e9 poss\u00edvel fazer o mergulho de lancha ou com a tradicional embarca\u00e7\u00e3o catamar\u00e3.\u00a0<\/span><\/span><span style=\"font-weight: 400;\"><span style=\"vertical-align: inherit;\">Al\u00e9m disso, \u00e9 poss\u00edvel encontrar op\u00e7\u00f5es tanto para quem j\u00e1 tem experi\u00eancia mergulhando, como para quem nunca fez essa atividade na vida.\u00a0<\/span><\/span><\/p>\n<p>&nbsp;<\/p>\n<h4><em><strong><span style=\"vertical-align: inherit;\">Conhecer o maior cajueiro do mundo<\/span><\/strong><\/em><\/h4>\n<p><span style=\"font-weight: 400;\"><span style=\"vertical-align: inherit;\">Mais uma das dicas para quem deseja curtir ao m\u00e1ximo a experi\u00eancia em Natal, \u00e9 visitar o maior cajueiro do mundo. E detalhe, se o visitante for na \u00e9poca de colheita, poder\u00e1 saborear um maravilhoso caju direto da fonte.<\/span><\/span><\/p>\n<p>&nbsp;<\/p>\n<h4><em><strong><span style=\"vertical-align: inherit;\">Forte dos Reis Magos<\/span><\/strong><\/em><\/h4>\n<p><span style=\"font-weight: 400;\"><span style=\"vertical-align: inherit;\">Al\u00e9m disso, tamb\u00e9m vale a pena indicar para os visitantes ir at\u00e9 o Forte dos Reis Magos, que \u00e9 considerado o ponto tur\u00edstico mais importante de Natal.\u00a0<\/span><\/span><\/p>\n<p>&nbsp;<\/p>\n<h3><strong><span style=\"vertical-align: inherit;\">Onde comer em Natal?\u00a0<\/span><\/strong><\/h3>\n<p><span style=\"font-weight: 400;\"><span style=\"vertical-align: inherit;\">Nesse sentido de conhecer lugares novos, os seus h\u00f3spedes, com toda a certeza, tamb\u00e9m v\u00e3o querer conhecer mais sobre a culin\u00e1ria local. Por isso, n\u00f3s separamos duas dicas para voc\u00ea recomendar \u00e0 eles, confira:\u00a0\u00a0<\/span><\/span><\/p>\n<p><span style=\"font-weight: 400;\"><span style=\"vertical-align: inherit;\">Primeiramente, recomendamos o <strong>Camar\u00f5es Potiguar<\/strong>. Como o pr\u00f3prio nome sugere, o local \u00e9 especializado em pratos a base de frutos do mar. Al\u00e9m disso, ele se destaca pelo uso de ingredientes tradicionais e frescos.\u00a0<\/span><\/span><\/p>\n<p><span style=\"font-weight: 400;\"><span style=\"vertical-align: inherit;\">Em seguida, recomendamos o restaurante <strong>Nau Frutos do Mar.<\/strong> O grande diferencial do local s\u00e3o os pratos como moquecas, camar\u00f5es, lagosta, bacalhau, <em>paella<\/em> que podem ser divididos em at\u00e9 tr\u00eas pessoas.\u00a0<\/span><\/span><\/p>\n<p><span style=\"font-weight: 400;\"><span style=\"vertical-align: inherit;\">Ent\u00e3o, viu como tem muita coisa para chamar a aten\u00e7\u00e3o de mais visitantes para seus <\/span><\/span><b><span style=\"vertical-align: inherit;\">im\u00f3veis em Natal<\/span><\/b><span style=\"font-weight: 400;\"><span style=\"vertical-align: inherit;\">? Aproveite para se cadastrar e comece a anunciar agora mesmo.\u00a0\u00a0<\/span><\/span><\/p>\n<p><a href=\"https:\/\/reservas.anfitriaoprime.com.br\/\"><span style=\"font-weight: 400;\"><span style=\"vertical-align: inherit;\">Conhe\u00e7a o nosso portf\u00f3lio com mais de 1.000 im\u00f3veis de temporada distribu\u00eddos em todo o Brasil.<\/span><\/span><\/a><\/p>\n"},"_links":{"self":[{"href":"https:\/\/www.anfitriaoprime.com.br\/blog\/wp-json\/wp\/v2\/pages\/3160"}],"collection":[{"href":"https:\/\/www.anfitriaoprime.com.br\/blog\/wp-json\/wp\/v2\/pages"}],"about":[{"href":"https:\/\/www.anfitriaoprime.com.br\/blog\/wp-json\/wp\/v2\/types\/page"}],"author":[{"embeddable":true,"href":"https:\/\/www.anfitriaoprime.com.br\/blog\/wp-json\/wp\/v2\/users\/1"}],"replies":[{"embeddable":true,"href":"https:\/\/www.anfitriaoprime.com.br\/blog\/wp-json\/wp\/v2\/comments?post=3160"}],"version-history":[{"count":4,"href":"https:\/\/www.anfitriaoprime.com.br\/blog\/wp-json\/wp\/v2\/pages\/3160\/revisions"}],"predecessor-version":[{"id":3166,"href":"https:\/\/www.anfitriaoprime.com.br\/blog\/wp-json\/wp\/v2\/pages\/3160\/revisions\/3166"}],"wp:featuredmedia":[{"embeddable":true,"href":"https:\/\/www.anfitriaoprime.com.br\/blog\/wp-json\/wp\/v2\/media\/3163"}],"wp:attachment":[{"href":"https:\/\/www.anfitriaoprime.com.br\/blog\/wp-json\/wp\/v2\/media?parent=3160"}],"curies":[{"name":"wp","href":"https:\/\/api.w.org\/{rel}","templated":true}]}}