{"id":3169,"date":"2022-03-24T18:56:06","date_gmt":"2022-03-24T21:56:06","guid":{"rendered":"https:\/\/www.anfitriaoprime.com.br\/blog\/?page_id=3169"},"modified":"2022-03-24T18:56:06","modified_gmt":"2022-03-24T21:56:06","slug":"imoveis-em-olinda","status":"publish","type":"page","link":"https:\/\/www.anfitriaoprime.com.br\/blog\/imoveis-em-olinda\/","title":{"rendered":"Veja como anunciar im\u00f3veis em Olinda com o Anfitri\u00e3o Prime\u00a0"},"content":{"rendered":"<p><span style=\"font-weight: 400;\">Aproveite para anunciar im\u00f3veis em <\/span><b>Olinda<\/b><span style=\"font-weight: 400;\"> com o Anfitri\u00e3o Prime. Um gestor de propriedades de temporada que oferece uma grande gama de servi\u00e7os voltados para propriet\u00e1rios que desejam entrar no mercado de loca\u00e7\u00e3o por temporada sem burocracia.\u00a0<\/span><\/p>\n<p><strong><a href=\"https:\/\/reservas.anfitriaoprime.com.br\/\">Clique aqui e conhe\u00e7a o nosso portf\u00f3lio com mais de 1.000 im\u00f3veis de temporada distribu\u00eddos em todo o Brasil.\u00a0<\/a><\/strong><\/p>\n<h2><strong>Conhe\u00e7a os servi\u00e7os profissionais de loca\u00e7\u00e3o por temporada que o Anfitri\u00e3o Prime oferece<\/strong><\/h2>\n<p><span style=\"font-weight: 400;\">Aqui no Anfitri\u00e3o Prime voc\u00ea encontra uma ampla gama de servi\u00e7os profissionais de aluguel de temporada para anunciar seus im\u00f3veis em<\/span><b> Olinda<\/b><span style=\"font-weight: 400;\">. Assim fica muito mais f\u00e1cil atrair mais visitantes. Confira alguns dos servi\u00e7os oferecidos:\u00a0<\/span><\/p>\n<ul>\n<li style=\"font-weight: 400;\" aria-level=\"1\"><span style=\"font-weight: 400;\">Atendemos os seus h\u00f3spedes do check-in e check-out;<\/span><\/li>\n<li style=\"font-weight: 400;\" aria-level=\"1\"><span style=\"font-weight: 400;\">Fazemos fotos profissionais dos seus im\u00f3veis em <\/span><b>Olinda<\/b><span style=\"font-weight: 400;\">;\u00a0<\/span><\/li>\n<li style=\"font-weight: 400;\" aria-level=\"1\"><span style=\"font-weight: 400;\">Criamos seus an\u00fancios e fazemos a gest\u00e3o em mais de 30 plataformas de reserva, incluindo Airbnb, Booking e TripAdvisor.\u00a0<\/span><\/li>\n<\/ul>\n<p><span style=\"font-weight: 400;\">Alugar por temporada demanda tempo e planejamento. Por isso, o ideal \u00e9 contar com o Anfitri\u00e3o Prime para cuidar de todos os detalhes por voc\u00ea, desde os an\u00fancios at\u00e9 o check-out dos h\u00f3spedes.\u00a0<\/span><\/p>\n<p>&nbsp;<\/p>\n<h2>Conhe\u00e7a os nossos servi\u00e7os para o seu aluguel de temporada em Olinda<\/h2>\n<p>N\u00f3s aliamos a experi\u00eancia de mais de 30 anos com turismo dos nossos profissionais \u00e0 tecnologia de ponta, garantindo, assim, maiores ganhos com o aluguel de temporada em Olinda. Al\u00e9m de tamb\u00e9m oferecermos a melhor experi\u00eancia para os h\u00f3spedes. Confira os nossos servi\u00e7os:<\/p>\n<h3><b><img decoding=\"async\" loading=\"lazy\" class=\"emoji alignnone\" role=\"img\" draggable=\"false\" src=\"https:\/\/s.w.org\/images\/core\/emoji\/13.1.0\/svg\/1f4bb.svg\" alt=\"aluguel de temporada em Fortaleza\" width=\"150\" height=\"150\" \/>\u00a0Anunciamos sua propriedade<\/b><\/h3>\n<p>Primeiramente, n\u00f3s criamos o an\u00fancio da sua propriedade e o publicamos em mais de 30 sites de reservas, como Airbnb, Booking, VRBO (Alugue Temporada) e TripAdvisor.\u00a0 Em seguida, j\u00e1 ficamos respons\u00e1veis pela gest\u00e3o dele em cada uma das plataformas.<\/p>\n<h3><a href=\"https:\/\/www.anfitriaoprime.com.br\/blog\/foto-a-importancia-no-aluguel-de-temporada\/\"><b><img decoding=\"async\" class=\"emoji\" role=\"img\" draggable=\"false\" src=\"https:\/\/s.w.org\/images\/core\/emoji\/13.1.0\/svg\/1f4f7.svg\" alt=\"\ud83d\udcf7\" \/>\u00a0Fotos profissionais<\/b><\/a><\/h3>\n<p>As fotos profissionais do seu im\u00f3vel garantem uma melhor primeira impress\u00e3o aos h\u00f3spedes, o que aumenta as possibilidades de reservas.<\/p>\n<h3><b><img decoding=\"async\" class=\"emoji\" role=\"img\" draggable=\"false\" src=\"https:\/\/s.w.org\/images\/core\/emoji\/13.1.0\/svg\/1f4ac.svg\" alt=\"\ud83d\udcac\" \/>\u00a0Comunica\u00e7\u00e3o com os h\u00f3spedes<\/b><\/h3>\n<p>Um dos grandes problemas ao gerenciar um im\u00f3vel de temporada \u00e9 estar dispon\u00edvel para responder os h\u00f3spedes nas plataformas de reservas. Contudo, com o Anfitri\u00e3o Prime voc\u00ea n\u00e3o ter\u00e1 que se preocupar com isso, pois n\u00f3s temos uma equipe que est\u00e1 24\/7 dispon\u00edvel para atend\u00ea-los.<\/p>\n<h3><b><img decoding=\"async\" class=\"emoji\" role=\"img\" draggable=\"false\" src=\"https:\/\/s.w.org\/images\/core\/emoji\/13.1.0\/svg\/1f4c8.svg\" alt=\"\ud83d\udcc8\" \/>\u00a0<a href=\"https:\/\/www.anfitriaoprime.com.br\/blog\/valor-da-diaria-no-aluguel-de-temporada\/\">Defini\u00e7\u00e3o dos melhores pre\u00e7os de di\u00e1rias<\/a><\/b><\/h3>\n<p>Contamos com uma tecnologia de ponta que faz a precifica\u00e7\u00e3o inteligente do seu im\u00f3vel, pensando a longo prazo. Em outras palavras, ela leva em conta as varia\u00e7\u00f5es de pre\u00e7o que ocorrem durante o ano, como feriados, alta e baixa temporadas. Al\u00e9m de outras situa\u00e7\u00f5es que podem fazer com que o valor da di\u00e1ria do seu im\u00f3vel varie.<\/p>\n<h3><strong><img decoding=\"async\" loading=\"lazy\" class=\"emoji alignnone\" role=\"img\" draggable=\"false\" src=\"https:\/\/s.w.org\/images\/core\/emoji\/13.1.0\/svg\/1f5d3.svg\" alt=\"aluguel de temporada em Fortaleza\" width=\"150\" height=\"150\" \/>\u00a0Gest\u00e3o do calend\u00e1rio\u00a0<\/strong><\/h3>\n<p>N\u00f3s tamb\u00e9m contamos com uma ferramenta que faz a gest\u00e3o unificada do seu calend\u00e1rio para evitar o overbooking. Al\u00e9m disso, voc\u00ea tamb\u00e9m pode continuar utilizando o im\u00f3vel quando desejar, basta apenas nos informar com anteced\u00eancia para que possamos fazer o bloqueio do calend\u00e1rio para os h\u00f3spedes.<\/p>\n<h3><b><img decoding=\"async\" class=\"emoji\" role=\"img\" draggable=\"false\" src=\"https:\/\/s.w.org\/images\/core\/emoji\/13.1.0\/svg\/2714.svg\" alt=\"\u2714\" \/>\u00a0Concierge, Limpeza e Manuten\u00e7\u00e3o\u00a0<\/b><\/h3>\n<p>Finalmente, para que voc\u00ea possa alugar casas em Olinda com tranquilidade, tamb\u00e9m oferecemos servi\u00e7os complementares. Atualmente, contamos com especialistas para serem <b>concierge<\/b>\u00a0do seu im\u00f3vel e serem respons\u00e1veis do check-in e check-out dos h\u00f3spedes. Al\u00e9m de outros profissionais para\u00a0<strong>limpeza, manuten\u00e7\u00e3o<\/strong>\u00a0e outros servi\u00e7os necess\u00e1rios para garantir uma experi\u00eancia perfeita aos seus h\u00f3spedes.<\/p>\n<p>&nbsp;<\/p>\n<h2>Quais as vantagens de fazer aluguel de temporada com a gente?<\/h2>\n<p>N\u00f3s oferecemos tudo o que voc\u00ea precisa para alugar im\u00f3veis em Olinda. Oferecemos uma plataforma completa, com diversos recursos, e uma equipe especializada para dar todo o suporte que voc\u00ea e os seus h\u00f3spedes precisam.<\/p>\n<p>Al\u00e9m disso tudo, voc\u00ea tamb\u00e9m ter\u00e1 as seguintes vantagens, confira:<\/p>\n<figure id=\"attachment_3172\" class=\"thumbnail wp-caption alignnone\" style=\"width: 310px\"><img decoding=\"async\" loading=\"lazy\" class=\"size-medium wp-image-3172\" src=\"https:\/\/www.anfitriaoprime.com.br\/blog\/wp-content\/uploads\/2022\/03\/Dimensoes-personalizadas-750x410-px-24-1-300x164.jpeg\" alt=\"im\u00f3veis em Olinda\" width=\"300\" height=\"164\" srcset=\"https:\/\/www.anfitriaoprime.com.br\/blog\/wp-content\/uploads\/2022\/03\/Dimensoes-personalizadas-750x410-px-24-1-300x164.jpeg 300w, https:\/\/www.anfitriaoprime.com.br\/blog\/wp-content\/uploads\/2022\/03\/Dimensoes-personalizadas-750x410-px-24-1.jpeg 750w\" sizes=\"(max-width: 300px) 100vw, 300px\" \/><figcaption class=\"caption wp-caption-text\">Foto do Datingjungle no Unsplash<\/figcaption><\/figure>\n<h3><strong>Sobre Olinda\u00a0<\/strong><\/h3>\n<p><span style=\"font-weight: 400;\">Distante cerca de 6 km de Recife, Olinda \u00e9, sem d\u00favidas, um destino que \u00e9 considerado Patrim\u00f4nio da Humanidade. Al\u00e9m de lindas praias, o local abriga pontos tur\u00edsticos que trazem em sua ess\u00eancia a hist\u00f3ria do nosso Brasil.\u00a0<\/span><\/p>\n<p><span style=\"font-weight: 400;\">Logo, o<\/span><span style=\"font-weight: 400;\"> visitante poder\u00e1 encontrar v\u00e1rias atividades interessantes para incluir no roteiro, mas n\u00f3s listamos algumas que s\u00e3o indispens\u00e1veis, confira:\u00a0<\/span><\/p>\n<p>&nbsp;<\/p>\n<h4><em><strong>Praias<\/strong><\/em><\/h4>\n<p><span style=\"font-weight: 400;\">\u00a0Primeiramente, \u00e9 claro que voc\u00ea n\u00e3o pode deixar de recomendar algumas das melhores praias de Olinda para os h\u00f3spedes. Come\u00e7ando pela Praia do Farol, que, al\u00e9m de trazer um cen\u00e1rio perfeito para quem ama sol, tamb\u00e9m abriga um dos principais pontos tur\u00edsticos da regi\u00e3o. Em seguida vem a <\/span><span style=\"font-weight: 400;\">Praia dos Milagres, que \u00e9 sucesso entre os turistas.<\/span><\/p>\n<p>&nbsp;<\/p>\n<h4><em><strong>Mercado Eufr\u00e1sio Barbosa<\/strong><\/em><\/h4>\n<p><span style=\"font-weight: 400;\">Para os visitantes que desejam garantir souvenires da cidade, a nossa dica \u00e9 o Mercado Eufr\u00e1sio Barbosa. O local tem de tudo, desde lojinhas com artesanatos t\u00edpicos, at\u00e9 caf\u00e9s deliciosos para fazer um lanche r\u00e1pido durante o passeio.\u00a0<\/span><\/p>\n<p>&nbsp;<\/p>\n<h4><strong>Rua XV de Novembro<\/strong><\/h4>\n<p><span style=\"font-weight: 400;\">A Rua XV de Novembro \u00e9 um dos principais cart\u00f5es postais da cidade. Isso porque, \u00e9 nela que voc\u00ea pode tirar a tradicional foto com as casinhas coloridas de fundo. Al\u00e9m disso, ela \u00e9 a via de acesso para v\u00e1rios outros pontos tur\u00edsticos, como, por exemplo, a Igreja S\u00e3o Sebasti\u00e3o.\u00a0<\/span><\/p>\n<p>&nbsp;<\/p>\n<h4><em><strong>Mosteiro de S\u00e3o Bento<\/strong><\/em><\/h4>\n<p><span style=\"font-weight: 400;\">Outro ponto tur\u00edstico super bacana para os visitantes \u00e9 o Mosteiro de S\u00e3o Bento. O local \u00e9 considerado a institui\u00e7\u00e3o religiosa mais rica de Olinda e tem uma arquitetura super tradicional.\u00a0<\/span><span style=\"font-weight: 400;\">Mas, vale a pena lembrar os h\u00f3spedes do hor\u00e1rio de funcionamento para que eles n\u00e3o percam a viagem.\u00a0<\/span><\/p>\n<p>&nbsp;<\/p>\n<h3><strong>Onde comer em Olinda\u00a0<\/strong><\/h3>\n<p>&nbsp;<\/p>\n<p><span style=\"font-weight: 400;\">Com toda a certeza os visitantes que ficam em i<\/span>m\u00f3veis em<b> Olinda<\/b><span style=\"font-weight: 400;\"> tamb\u00e9m v\u00e3o querer conhecer mais sobre a culin\u00e1ria local. Por isso, n\u00f3s trouxemos dois lugares bem bacanas para voc\u00ea recomendar para os h\u00f3spedes.<\/span><\/p>\n<p><span style=\"font-weight: 400;\">A primeira dica \u00e9 o restaurante <strong>Oficina do Sabor<\/strong>.\u00a0 Ele traz um amplo card\u00e1pio com comidas tipicamente pernambucanas e tem um visual simples, mas aconchegante. Dentre os pratos que s\u00e3o estrelas do local est\u00e3o o camar\u00e3o e lagostim ao molho de maracuj\u00e1 e arroz de coco, bem como o gratinado de macaxeira com charque.<\/span><\/p>\n<p><span style=\"font-weight: 400;\">Mais uma das recomenda\u00e7\u00f5es para fazer aos visitantes \u00e9 o <strong>Patu\u00e1<\/strong>. Al\u00e9m de oferecer uma vista linda de Recife, o local tamb\u00e9m tem pratos deliciosos e tipicamente pernambucanos, que levam, principalmente, leite de coco.\u00a0<\/span><\/p>\n<p><span style=\"font-weight: 400;\">Viu como existem v\u00e1rios atrativos para chamar a aten\u00e7\u00e3o dos visitantes? Ent\u00e3o, n\u00e3o perca mais tempo e cadastre-se agora mesmo atrav\u00e9s do formul\u00e1rio ao lado.\u00a0<\/span><\/p>\n<p><strong><a href=\"https:\/\/reservas.anfitriaoprime.com.br\/\">Clique aqui e conhe\u00e7a o nosso portf\u00f3lio com mais de 1.000 im\u00f3veis de temporada distribu\u00eddos em todo o Brasil.\u00a0<\/a><\/strong><\/p>\n","protected":false},"excerpt":{"rendered":"<p>Aproveite para anunciar im\u00f3veis em Olinda com o Anfitri\u00e3o Prime. Um gestor de propriedades de temporada que oferece uma grande gama de servi\u00e7os voltados para propriet\u00e1rios que desejam entrar no mercado de loca\u00e7\u00e3o por temporada sem burocracia.\u00a0 Clique aqui e conhe\u00e7a o nosso portf\u00f3lio com mais de 1.000 im\u00f3veis de temporada distribu\u00eddos em todo o [&hellip;]<\/p>\n","protected":false},"author":1,"featured_media":3170,"parent":0,"menu_order":0,"comment_status":"closed","ping_status":"closed","template":"page-lp.php","meta":[],"yoast_head":"<!-- This site is optimized with the Yoast SEO plugin v21.1 - https:\/\/yoast.com\/wordpress\/plugins\/seo\/ -->\n<title>Saiba como anunciar im\u00f3veis em Olinda com o Anfitri\u00e3o Prime<\/title>\n<meta name=\"description\" content=\"Gerenciamos im\u00f3veis em Olinda atrav\u00e9s de profissionais especializados em aluguel de temporada. Fale conosco e descomplique agora mesmo!\" \/>\n<meta name=\"robots\" content=\"index, follow, max-snippet:-1, max-image-preview:large, max-video-preview:-1\" \/>\n<link rel=\"canonical\" href=\"https:\/\/www.anfitriaoprime.com.br\/blog\/imoveis-em-olinda\/\" \/>\n<meta property=\"og:locale\" content=\"pt_BR\" \/>\n<meta property=\"og:type\" content=\"article\" \/>\n<meta property=\"og:title\" content=\"Saiba como anunciar im\u00f3veis em Olinda com o Anfitri\u00e3o Prime\" \/>\n<meta property=\"og:description\" content=\"Gerenciamos im\u00f3veis em Olinda atrav\u00e9s de profissionais especializados em aluguel de temporada. Fale conosco e descomplique agora mesmo!\" \/>\n<meta property=\"og:url\" content=\"https:\/\/www.anfitriaoprime.com.br\/blog\/imoveis-em-olinda\/\" \/>\n<meta property=\"og:site_name\" content=\"Blog Anfitri\u00e3o Prime: Ganhe dinheiro com aluguel de temporada.\" \/>\n<meta property=\"og:image\" content=\"https:\/\/www.anfitriaoprime.com.br\/blog\/wp-content\/uploads\/2022\/03\/Dimensoes-personalizadas-1920x550-px-29.jpeg\" \/>\n\t<meta property=\"og:image:width\" content=\"1920\" \/>\n\t<meta property=\"og:image:height\" content=\"550\" \/>\n\t<meta property=\"og:image:type\" content=\"image\/jpeg\" \/>\n<meta name=\"twitter:card\" content=\"summary_large_image\" \/>\n<meta name=\"twitter:label1\" content=\"Est. tempo de leitura\" \/>\n\t<meta name=\"twitter:data1\" content=\"6 minutos\" \/>\n<script type=\"application\/ld+json\" class=\"yoast-schema-graph\">{\"@context\":\"https:\/\/schema.org\",\"@graph\":[{\"@type\":\"WebPage\",\"@id\":\"https:\/\/www.anfitriaoprime.com.br\/blog\/imoveis-em-olinda\/\",\"url\":\"https:\/\/www.anfitriaoprime.com.br\/blog\/imoveis-em-olinda\/\",\"name\":\"Saiba como anunciar im\u00f3veis em Olinda com o Anfitri\u00e3o Prime\",\"isPartOf\":{\"@id\":\"https:\/\/www.anfitriaoprime.com.br\/blog\/#website\"},\"datePublished\":\"2022-03-24T21:56:06+00:00\",\"dateModified\":\"2022-03-24T21:56:06+00:00\",\"description\":\"Gerenciamos im\u00f3veis em Olinda atrav\u00e9s de profissionais especializados em aluguel de temporada. Fale conosco e descomplique agora mesmo!\",\"breadcrumb\":{\"@id\":\"https:\/\/www.anfitriaoprime.com.br\/blog\/imoveis-em-olinda\/#breadcrumb\"},\"inLanguage\":\"pt-BR\",\"potentialAction\":[{\"@type\":\"ReadAction\",\"target\":[\"https:\/\/www.anfitriaoprime.com.br\/blog\/imoveis-em-olinda\/\"]}]},{\"@type\":\"BreadcrumbList\",\"@id\":\"https:\/\/www.anfitriaoprime.com.br\/blog\/imoveis-em-olinda\/#breadcrumb\",\"itemListElement\":[{\"@type\":\"ListItem\",\"position\":1,\"name\":\"In\u00edcio\",\"item\":\"https:\/\/www.anfitriaoprime.com.br\/blog\/\"},{\"@type\":\"ListItem\",\"position\":2,\"name\":\"Veja como anunciar im\u00f3veis em Olinda com o Anfitri\u00e3o Prime\u00a0\"}]},{\"@type\":\"WebSite\",\"@id\":\"https:\/\/www.anfitriaoprime.com.br\/blog\/#website\",\"url\":\"https:\/\/www.anfitriaoprime.com.br\/blog\/\",\"name\":\"Blog Anfitri\u00e3o Prime - Gest\u00e3o de propriedade para aluguel de temporada\",\"description\":\"No blog do Anfitri\u00e3o Prime voc\u00ea encontra dicas e informa\u00e7\u00f5es sobre o mercado de aluguel de temporada escrito por anfitri\u00f5es profissionais\",\"potentialAction\":[{\"@type\":\"SearchAction\",\"target\":{\"@type\":\"EntryPoint\",\"urlTemplate\":\"https:\/\/www.anfitriaoprime.com.br\/blog\/?s={search_term_string}\"},\"query-input\":\"required name=search_term_string\"}],\"inLanguage\":\"pt-BR\"}]}<\/script>\n<!-- \/ Yoast SEO plugin. -->","yoast_head_json":{"title":"Saiba como anunciar im\u00f3veis em Olinda com o Anfitri\u00e3o Prime","description":"Gerenciamos im\u00f3veis em Olinda atrav\u00e9s de profissionais especializados em aluguel de temporada. Fale conosco e descomplique agora mesmo!","robots":{"index":"index","follow":"follow","max-snippet":"max-snippet:-1","max-image-preview":"max-image-preview:large","max-video-preview":"max-video-preview:-1"},"canonical":"https:\/\/www.anfitriaoprime.com.br\/blog\/imoveis-em-olinda\/","og_locale":"pt_BR","og_type":"article","og_title":"Saiba como anunciar im\u00f3veis em Olinda com o Anfitri\u00e3o Prime","og_description":"Gerenciamos im\u00f3veis em Olinda atrav\u00e9s de profissionais especializados em aluguel de temporada. Fale conosco e descomplique agora mesmo!","og_url":"https:\/\/www.anfitriaoprime.com.br\/blog\/imoveis-em-olinda\/","og_site_name":"Blog Anfitri\u00e3o Prime: Ganhe dinheiro com aluguel de temporada.","og_image":[{"width":1920,"height":550,"url":"https:\/\/www.anfitriaoprime.com.br\/blog\/wp-content\/uploads\/2022\/03\/Dimensoes-personalizadas-1920x550-px-29.jpeg","type":"image\/jpeg"}],"twitter_card":"summary_large_image","twitter_misc":{"Est. tempo de leitura":"6 minutos"},"schema":{"@context":"https:\/\/schema.org","@graph":[{"@type":"WebPage","@id":"https:\/\/www.anfitriaoprime.com.br\/blog\/imoveis-em-olinda\/","url":"https:\/\/www.anfitriaoprime.com.br\/blog\/imoveis-em-olinda\/","name":"Saiba como anunciar im\u00f3veis em Olinda com o Anfitri\u00e3o Prime","isPartOf":{"@id":"https:\/\/www.anfitriaoprime.com.br\/blog\/#website"},"datePublished":"2022-03-24T21:56:06+00:00","dateModified":"2022-03-24T21:56:06+00:00","description":"Gerenciamos im\u00f3veis em Olinda atrav\u00e9s de profissionais especializados em aluguel de temporada. Fale conosco e descomplique agora mesmo!","breadcrumb":{"@id":"https:\/\/www.anfitriaoprime.com.br\/blog\/imoveis-em-olinda\/#breadcrumb"},"inLanguage":"pt-BR","potentialAction":[{"@type":"ReadAction","target":["https:\/\/www.anfitriaoprime.com.br\/blog\/imoveis-em-olinda\/"]}]},{"@type":"BreadcrumbList","@id":"https:\/\/www.anfitriaoprime.com.br\/blog\/imoveis-em-olinda\/#breadcrumb","itemListElement":[{"@type":"ListItem","position":1,"name":"In\u00edcio","item":"https:\/\/www.anfitriaoprime.com.br\/blog\/"},{"@type":"ListItem","position":2,"name":"Veja como anunciar im\u00f3veis em Olinda com o Anfitri\u00e3o Prime\u00a0"}]},{"@type":"WebSite","@id":"https:\/\/www.anfitriaoprime.com.br\/blog\/#website","url":"https:\/\/www.anfitriaoprime.com.br\/blog\/","name":"Blog Anfitri\u00e3o Prime - Gest\u00e3o de propriedade para aluguel de temporada","description":"No blog do Anfitri\u00e3o Prime voc\u00ea encontra dicas e informa\u00e7\u00f5es sobre o mercado de aluguel de temporada escrito por anfitri\u00f5es profissionais","potentialAction":[{"@type":"SearchAction","target":{"@type":"EntryPoint","urlTemplate":"https:\/\/www.anfitriaoprime.com.br\/blog\/?s={search_term_string}"},"query-input":"required name=search_term_string"}],"inLanguage":"pt-BR"}]}},"acf":{"imagem":{"ID":3170,"id":3170,"title":"Dimens\u00f5es personalizadas 1920x550 px (29)","filename":"Dimensoes-personalizadas-1920x550-px-29.jpeg","filesize":1107234,"url":"https:\/\/www.anfitriaoprime.com.br\/blog\/wp-content\/uploads\/2022\/03\/Dimensoes-personalizadas-1920x550-px-29.jpeg","link":"https:\/\/www.anfitriaoprime.com.br\/blog\/imoveis-em-olinda\/dimensoes-personalizadas-1920x550-px-29\/","alt":"im\u00f3veis em Olinda","author":"1","description":"","caption":"Foto de Nat Belfort no Unsplash","name":"dimensoes-personalizadas-1920x550-px-29","status":"inherit","uploaded_to":3169,"date":"2022-03-24 21:47:29","modified":"2022-03-24 21:48:05","menu_order":0,"mime_type":"image\/jpeg","type":"image","subtype":"jpeg","icon":"https:\/\/www.anfitriaoprime.com.br\/blog\/wp-includes\/images\/media\/default.png","width":1920,"height":550,"sizes":{"thumbnail":"https:\/\/www.anfitriaoprime.com.br\/blog\/wp-content\/uploads\/2022\/03\/Dimensoes-personalizadas-1920x550-px-29.jpeg","thumbnail-width":150,"thumbnail-height":43,"medium":"https:\/\/www.anfitriaoprime.com.br\/blog\/wp-content\/uploads\/2022\/03\/Dimensoes-personalizadas-1920x550-px-29-300x86.jpeg","medium-width":300,"medium-height":86,"medium_large":"https:\/\/www.anfitriaoprime.com.br\/blog\/wp-content\/uploads\/2022\/03\/Dimensoes-personalizadas-1920x550-px-29.jpeg","medium_large-width":648,"medium_large-height":186,"large":"https:\/\/www.anfitriaoprime.com.br\/blog\/wp-content\/uploads\/2022\/03\/Dimensoes-personalizadas-1920x550-px-29.jpeg","large-width":648,"large-height":186,"1536x1536":"https:\/\/www.anfitriaoprime.com.br\/blog\/wp-content\/uploads\/2022\/03\/Dimensoes-personalizadas-1920x550-px-29.jpeg","1536x1536-width":1536,"1536x1536-height":440,"2048x2048":"https:\/\/www.anfitriaoprime.com.br\/blog\/wp-content\/uploads\/2022\/03\/Dimensoes-personalizadas-1920x550-px-29.jpeg","2048x2048-width":1920,"2048x2048-height":550,"sparkling-featured":"https:\/\/www.anfitriaoprime.com.br\/blog\/wp-content\/uploads\/2022\/03\/Dimensoes-personalizadas-1920x550-px-29.jpeg","sparkling-featured-width":750,"sparkling-featured-height":215,"sparkling-featured-fullwidth":"https:\/\/www.anfitriaoprime.com.br\/blog\/wp-content\/uploads\/2022\/03\/Dimensoes-personalizadas-1920x550-px-29.jpeg","sparkling-featured-fullwidth-width":1140,"sparkling-featured-fullwidth-height":327,"tab-small":"https:\/\/www.anfitriaoprime.com.br\/blog\/wp-content\/uploads\/2022\/03\/Dimensoes-personalizadas-1920x550-px-29.jpeg","tab-small-width":60,"tab-small-height":17,"crp_thumbnail":"https:\/\/www.anfitriaoprime.com.br\/blog\/wp-content\/uploads\/2022\/03\/Dimensoes-personalizadas-1920x550-px-29.jpeg","crp_thumbnail-width":150,"crp_thumbnail-height":43}},"titulo":"Veja como anunciar im\u00f3veis em Olinda com o Anfitri\u00e3o Prime\u00a0","subtitulo":"<p><span style=\"font-weight: 400;\">Aproveite para anunciar im\u00f3veis em <\/span><b>Olinda<\/b><span style=\"font-weight: 400;\"> com o Anfitri\u00e3o Prime. Um gestor de propriedades de temporada que oferece uma grande gama de servi\u00e7os voltados para propriet\u00e1rios que desejam entrar no mercado de loca\u00e7\u00e3o por temporada sem burocracia.\u00a0<\/span><\/p>\n<p><strong><a href=\"https:\/\/reservas.anfitriaoprime.com.br\/\">Clique aqui e conhe\u00e7a o nosso portf\u00f3lio com mais de 1.000 im\u00f3veis de temporada distribu\u00eddos em todo o Brasil.\u00a0<\/a><\/strong><\/p>\n","titulo_secao_1":"Conhe\u00e7a os servi\u00e7os profissionais de loca\u00e7\u00e3o por temporada que o Anfitri\u00e3o Prime oferece","conteudo_secao_1":"<p><span style=\"font-weight: 400;\">Aqui no Anfitri\u00e3o Prime voc\u00ea encontra uma ampla gama de servi\u00e7os profissionais de aluguel de temporada para anunciar seus im\u00f3veis em<\/span><b> Olinda<\/b><span style=\"font-weight: 400;\">. Assim fica muito mais f\u00e1cil atrair mais visitantes. Confira alguns dos servi\u00e7os oferecidos:\u00a0<\/span><\/p>\n<ul>\n<li style=\"font-weight: 400;\" aria-level=\"1\"><span style=\"font-weight: 400;\">Atendemos os seus h\u00f3spedes do check-in e check-out;<\/span><\/li>\n<li style=\"font-weight: 400;\" aria-level=\"1\"><span style=\"font-weight: 400;\">Fazemos fotos profissionais dos seus im\u00f3veis em <\/span><b>Olinda<\/b><span style=\"font-weight: 400;\">;\u00a0<\/span><\/li>\n<li style=\"font-weight: 400;\" aria-level=\"1\"><span style=\"font-weight: 400;\">Criamos seus an\u00fancios e fazemos a gest\u00e3o em mais de 30 plataformas de reserva, incluindo Airbnb, Booking e TripAdvisor.\u00a0<\/span><\/li>\n<\/ul>\n<p><span style=\"font-weight: 400;\">Alugar por temporada demanda tempo e planejamento. Por isso, o ideal \u00e9 contar com o Anfitri\u00e3o Prime para cuidar de todos os detalhes por voc\u00ea, desde os an\u00fancios at\u00e9 o check-out dos h\u00f3spedes.\u00a0<\/span><\/p>\n","titulo_secao_2":"Conhe\u00e7a os nossos servi\u00e7os para o seu aluguel de temporada em Olinda","imagem_secao_2":false,"conteudo_secao_2":"<p>N\u00f3s aliamos a experi\u00eancia de mais de 30 anos com turismo dos nossos profissionais \u00e0 tecnologia de ponta, garantindo, assim, maiores ganhos com o aluguel de temporada em Olinda. Al\u00e9m de tamb\u00e9m oferecermos a melhor experi\u00eancia para os h\u00f3spedes. Confira os nossos servi\u00e7os:<\/p>\n<h3><b><img decoding=\"async\" loading=\"lazy\" class=\"emoji alignnone\" role=\"img\" draggable=\"false\" src=\"https:\/\/s.w.org\/images\/core\/emoji\/13.1.0\/svg\/1f4bb.svg\" alt=\"aluguel de temporada em Fortaleza\" width=\"150\" height=\"150\" \/>\u00a0Anunciamos sua propriedade<\/b><\/h3>\n<p>Primeiramente, n\u00f3s criamos o an\u00fancio da sua propriedade e o publicamos em mais de 30 sites de reservas, como Airbnb, Booking, VRBO (Alugue Temporada) e TripAdvisor.\u00a0 Em seguida, j\u00e1 ficamos respons\u00e1veis pela gest\u00e3o dele em cada uma das plataformas.<\/p>\n<h3><a href=\"https:\/\/www.anfitriaoprime.com.br\/blog\/foto-a-importancia-no-aluguel-de-temporada\/\"><b><img decoding=\"async\" class=\"emoji\" role=\"img\" draggable=\"false\" src=\"https:\/\/s.w.org\/images\/core\/emoji\/13.1.0\/svg\/1f4f7.svg\" alt=\"\ud83d\udcf7\" \/>\u00a0Fotos profissionais<\/b><\/a><\/h3>\n<p>As fotos profissionais do seu im\u00f3vel garantem uma melhor primeira impress\u00e3o aos h\u00f3spedes, o que aumenta as possibilidades de reservas.<\/p>\n<h3><b><img decoding=\"async\" class=\"emoji\" role=\"img\" draggable=\"false\" src=\"https:\/\/s.w.org\/images\/core\/emoji\/13.1.0\/svg\/1f4ac.svg\" alt=\"\ud83d\udcac\" \/>\u00a0Comunica\u00e7\u00e3o com os h\u00f3spedes<\/b><\/h3>\n<p>Um dos grandes problemas ao gerenciar um im\u00f3vel de temporada \u00e9 estar dispon\u00edvel para responder os h\u00f3spedes nas plataformas de reservas. Contudo, com o Anfitri\u00e3o Prime voc\u00ea n\u00e3o ter\u00e1 que se preocupar com isso, pois n\u00f3s temos uma equipe que est\u00e1 24\/7 dispon\u00edvel para atend\u00ea-los.<\/p>\n<h3><b><img decoding=\"async\" class=\"emoji\" role=\"img\" draggable=\"false\" src=\"https:\/\/s.w.org\/images\/core\/emoji\/13.1.0\/svg\/1f4c8.svg\" alt=\"\ud83d\udcc8\" \/>\u00a0<a href=\"https:\/\/www.anfitriaoprime.com.br\/blog\/valor-da-diaria-no-aluguel-de-temporada\/\">Defini\u00e7\u00e3o dos melhores pre\u00e7os de di\u00e1rias<\/a><\/b><\/h3>\n<p>Contamos com uma tecnologia de ponta que faz a precifica\u00e7\u00e3o inteligente do seu im\u00f3vel, pensando a longo prazo. Em outras palavras, ela leva em conta as varia\u00e7\u00f5es de pre\u00e7o que ocorrem durante o ano, como feriados, alta e baixa temporadas. Al\u00e9m de outras situa\u00e7\u00f5es que podem fazer com que o valor da di\u00e1ria do seu im\u00f3vel varie.<\/p>\n<h3><strong><img decoding=\"async\" loading=\"lazy\" class=\"emoji alignnone\" role=\"img\" draggable=\"false\" src=\"https:\/\/s.w.org\/images\/core\/emoji\/13.1.0\/svg\/1f5d3.svg\" alt=\"aluguel de temporada em Fortaleza\" width=\"150\" height=\"150\" \/>\u00a0Gest\u00e3o do calend\u00e1rio\u00a0<\/strong><\/h3>\n<p>N\u00f3s tamb\u00e9m contamos com uma ferramenta que faz a gest\u00e3o unificada do seu calend\u00e1rio para evitar o overbooking. Al\u00e9m disso, voc\u00ea tamb\u00e9m pode continuar utilizando o im\u00f3vel quando desejar, basta apenas nos informar com anteced\u00eancia para que possamos fazer o bloqueio do calend\u00e1rio para os h\u00f3spedes.<\/p>\n<h3><b><img decoding=\"async\" class=\"emoji\" role=\"img\" draggable=\"false\" src=\"https:\/\/s.w.org\/images\/core\/emoji\/13.1.0\/svg\/2714.svg\" alt=\"\u2714\" \/>\u00a0Concierge, Limpeza e Manuten\u00e7\u00e3o\u00a0<\/b><\/h3>\n<p>Finalmente, para que voc\u00ea possa alugar casas em Olinda com tranquilidade, tamb\u00e9m oferecemos servi\u00e7os complementares. Atualmente, contamos com especialistas para serem <b>concierge<\/b>\u00a0do seu im\u00f3vel e serem respons\u00e1veis do check-in e check-out dos h\u00f3spedes. Al\u00e9m de outros profissionais para\u00a0<strong>limpeza, manuten\u00e7\u00e3o<\/strong>\u00a0e outros servi\u00e7os necess\u00e1rios para garantir uma experi\u00eancia perfeita aos seus h\u00f3spedes.<\/p>\n","titulo_secao_3":"Quais as vantagens de fazer aluguel de temporada com a gente?\u00a0","conteudo_secao_3":"<p>N\u00f3s oferecemos tudo o que voc\u00ea precisa para alugar im\u00f3veis em Olinda. Oferecemos uma plataforma completa, com diversos recursos, e uma equipe especializada para dar todo o suporte que voc\u00ea e os seus h\u00f3spedes precisam.<\/p>\n<p>Al\u00e9m disso tudo, voc\u00ea tamb\u00e9m ter\u00e1 as seguintes vantagens, confira:<\/p>\n","titulo_secao_6":"Sobre Olinda\u00a0","conteudo_secao_6":"<figure id=\"attachment_3172\" class=\"thumbnail wp-caption alignnone\" style=\"width: 760px\"><img decoding=\"async\" loading=\"lazy\" class=\"wp-image-3172 size-full\" src=\"https:\/\/www.anfitriaoprime.com.br\/blog\/wp-content\/uploads\/2022\/03\/Dimensoes-personalizadas-750x410-px-24-1.jpeg\" alt=\"im\u00f3veis em Olinda\" width=\"750\" height=\"410\" srcset=\"https:\/\/www.anfitriaoprime.com.br\/blog\/wp-content\/uploads\/2022\/03\/Dimensoes-personalizadas-750x410-px-24-1.jpeg 750w, https:\/\/www.anfitriaoprime.com.br\/blog\/wp-content\/uploads\/2022\/03\/Dimensoes-personalizadas-750x410-px-24-1-300x164.jpeg 300w\" sizes=\"(max-width: 750px) 100vw, 750px\" \/><figcaption class=\"caption wp-caption-text\">Foto do Datingjungle no Unsplash<\/figcaption><\/figure>\n<p><span style=\"font-weight: 400;\">Distante cerca de 6 km de Recife, Olinda \u00e9, sem d\u00favidas, um destino que \u00e9 considerado Patrim\u00f4nio da Humanidade. Al\u00e9m de lindas praias, o local abriga pontos tur\u00edsticos que trazem em sua ess\u00eancia a hist\u00f3ria do nosso Brasil.\u00a0<\/span><\/p>\n<p><span style=\"font-weight: 400;\">Logo, o<\/span><span style=\"font-weight: 400;\"> visitante poder\u00e1 encontrar v\u00e1rias atividades interessantes para incluir no roteiro, mas n\u00f3s listamos algumas que s\u00e3o indispens\u00e1veis, confira:\u00a0<\/span><\/p>\n<p>&nbsp;<\/p>\n<h4><em><strong>Praias<\/strong><\/em><\/h4>\n<p><span style=\"font-weight: 400;\">\u00a0Primeiramente, \u00e9 claro que voc\u00ea n\u00e3o pode deixar de recomendar algumas das melhores praias de Olinda para os h\u00f3spedes. Come\u00e7ando pela Praia do Farol, que, al\u00e9m de trazer um cen\u00e1rio perfeito para quem ama sol, tamb\u00e9m abriga um dos principais pontos tur\u00edsticos da regi\u00e3o. Em seguida vem a <\/span><span style=\"font-weight: 400;\">Praia dos Milagres, que \u00e9 sucesso entre os turistas.<\/span><\/p>\n<p>&nbsp;<\/p>\n<h4><em><strong>Mercado Eufr\u00e1sio Barbosa<\/strong><\/em><\/h4>\n<p><span style=\"font-weight: 400;\">Para os visitantes que desejam garantir souvenires da cidade, a nossa dica \u00e9 o Mercado Eufr\u00e1sio Barbosa. O local tem de tudo, desde lojinhas com artesanatos t\u00edpicos, at\u00e9 caf\u00e9s deliciosos para fazer um lanche r\u00e1pido durante o passeio.\u00a0<\/span><\/p>\n<p>&nbsp;<\/p>\n<h4><strong>Rua XV de Novembro<\/strong><\/h4>\n<p><span style=\"font-weight: 400;\">A Rua XV de Novembro \u00e9 um dos principais cart\u00f5es postais da cidade. Isso porque, \u00e9 nela que voc\u00ea pode tirar a tradicional foto com as casinhas coloridas de fundo. Al\u00e9m disso, ela \u00e9 a via de acesso para v\u00e1rios outros pontos tur\u00edsticos, como, por exemplo, a Igreja S\u00e3o Sebasti\u00e3o.\u00a0<\/span><\/p>\n<p>&nbsp;<\/p>\n<h4><em><strong>Mosteiro de S\u00e3o Bento<\/strong><\/em><\/h4>\n<p><span style=\"font-weight: 400;\">Outro ponto tur\u00edstico super bacana para os visitantes \u00e9 o Mosteiro de S\u00e3o Bento. O local \u00e9 considerado a institui\u00e7\u00e3o religiosa mais rica de Olinda e tem uma arquitetura super tradicional.\u00a0<\/span><span style=\"font-weight: 400;\">Mas, vale a pena lembrar os h\u00f3spedes do hor\u00e1rio de funcionamento para que eles n\u00e3o percam a viagem.\u00a0<\/span><\/p>\n<p>&nbsp;<\/p>\n<h3><strong>Onde comer em Olinda\u00a0<\/strong><\/h3>\n<p>&nbsp;<\/p>\n<p><span style=\"font-weight: 400;\">Com toda a certeza os visitantes que ficam em i<\/span>m\u00f3veis em<b> Olinda<\/b><span style=\"font-weight: 400;\"> tamb\u00e9m v\u00e3o querer conhecer mais sobre a culin\u00e1ria local. Por isso, n\u00f3s trouxemos dois lugares bem bacanas para voc\u00ea recomendar para os h\u00f3spedes.<\/span><\/p>\n<p><span style=\"font-weight: 400;\">A primeira dica \u00e9 o restaurante <strong>Oficina do Sabor<\/strong>.\u00a0 Ele traz um amplo card\u00e1pio com comidas tipicamente pernambucanas e tem um visual simples, mas aconchegante. Dentre os pratos que s\u00e3o estrelas do local est\u00e3o o camar\u00e3o e lagostim ao molho de maracuj\u00e1 e arroz de coco, bem como o gratinado de macaxeira com charque.<\/span><\/p>\n<p><span style=\"font-weight: 400;\">Mais uma das recomenda\u00e7\u00f5es para fazer aos visitantes \u00e9 o <strong>Patu\u00e1<\/strong>. Al\u00e9m de oferecer uma vista linda de Recife, o local tamb\u00e9m tem pratos deliciosos e tipicamente pernambucanos, que levam, principalmente, leite de coco.\u00a0<\/span><\/p>\n<p><span style=\"font-weight: 400;\">Viu como existem v\u00e1rios atrativos para chamar a aten\u00e7\u00e3o dos visitantes? Ent\u00e3o, n\u00e3o perca mais tempo e cadastre-se agora mesmo atrav\u00e9s do formul\u00e1rio ao lado.\u00a0<\/span><\/p>\n<p><strong><a href=\"https:\/\/reservas.anfitriaoprime.com.br\/\">Clique aqui e conhe\u00e7a o nosso portf\u00f3lio com mais de 1.000 im\u00f3veis de temporada distribu\u00eddos em todo o Brasil.\u00a0<\/a><\/strong><\/p>\n"},"_links":{"self":[{"href":"https:\/\/www.anfitriaoprime.com.br\/blog\/wp-json\/wp\/v2\/pages\/3169"}],"collection":[{"href":"https:\/\/www.anfitriaoprime.com.br\/blog\/wp-json\/wp\/v2\/pages"}],"about":[{"href":"https:\/\/www.anfitriaoprime.com.br\/blog\/wp-json\/wp\/v2\/types\/page"}],"author":[{"embeddable":true,"href":"https:\/\/www.anfitriaoprime.com.br\/blog\/wp-json\/wp\/v2\/users\/1"}],"replies":[{"embeddable":true,"href":"https:\/\/www.anfitriaoprime.com.br\/blog\/wp-json\/wp\/v2\/comments?post=3169"}],"version-history":[{"count":2,"href":"https:\/\/www.anfitriaoprime.com.br\/blog\/wp-json\/wp\/v2\/pages\/3169\/revisions"}],"predecessor-version":[{"id":3173,"href":"https:\/\/www.anfitriaoprime.com.br\/blog\/wp-json\/wp\/v2\/pages\/3169\/revisions\/3173"}],"wp:featuredmedia":[{"embeddable":true,"href":"https:\/\/www.anfitriaoprime.com.br\/blog\/wp-json\/wp\/v2\/media\/3170"}],"wp:attachment":[{"href":"https:\/\/www.anfitriaoprime.com.br\/blog\/wp-json\/wp\/v2\/media?parent=3169"}],"curies":[{"name":"wp","href":"https:\/\/api.w.org\/{rel}","templated":true}]}}