{"id":3273,"date":"2022-03-30T18:50:59","date_gmt":"2022-03-30T21:50:59","guid":{"rendered":"https:\/\/www.anfitriaoprime.com.br\/blog\/?page_id=3273"},"modified":"2022-03-30T18:50:59","modified_gmt":"2022-03-30T21:50:59","slug":"locacao-de-temporada-em-itu","status":"publish","type":"page","link":"https:\/\/www.anfitriaoprime.com.br\/blog\/locacao-de-temporada-em-itu\/","title":{"rendered":"Descomplique a loca\u00e7\u00e3o de temporada em Itu com o Anfitri\u00e3o Prime"},"content":{"rendered":"<p><span style=\"font-weight: 400;\">Com a gest\u00e3o profissional do Anfitri\u00e3o Prime voc\u00ea descomplica a loca\u00e7\u00e3o de temporada em Itu. N\u00f3s fazemos de tudo por voc\u00ea, desde a cria\u00e7\u00e3o do an\u00fancio, at\u00e9 a manuten\u00e7\u00e3o do im\u00f3vel. Tudo para que voc\u00ea n\u00e3o precise se preocupar com nada.\u00a0<\/span><\/p>\n<p><a href=\"https:\/\/reservas.anfitriaoprime.com.br\/\"><b>Clique aqui e conhe\u00e7a o nosso portf\u00f3lio com mais de 1.000 im\u00f3veis em todo o Brasil!\u00a0<\/b><\/a><\/p>\n<p>&nbsp;<\/p>\n<h2><b>Saiba como gerenciamos todas as etapas da loca\u00e7\u00e3o de temporada em Itu<\/b><\/h2>\n<p><span style=\"font-weight: 400;\">O Anfitri\u00e3o Prime \u00e9 mais do que uma imobili\u00e1ria digital ou um site de reservas comum. N\u00f3s somos um gestor profissional de loca\u00e7\u00e3o de temporada em Itu e em todo o Brasil. Atrav\u00e9s de servi\u00e7os personalizados, n\u00f3s atuamos desde a <strong>cria\u00e7\u00e3o do an\u00fancio<\/strong>, passando pela <strong>gest\u00e3o de calend\u00e1rio<\/strong> e <strong>precifica\u00e7\u00e3o de di\u00e1rias<\/strong>, at\u00e9 a <strong>manuten\u00e7\u00e3o<\/strong> do im\u00f3vel.\u00a0<\/span><\/p>\n<p><span style=\"font-weight: 400;\">Com sede em S\u00e3o Paulo, n\u00f3s contamos com profissionais de todas as regi\u00f5es, assim atendemos da melhor forma poss\u00edvel os nossos anfitri\u00f5es e h\u00f3spedes. Cadastre-se atrav\u00e9s do formul\u00e1rio ao lado e siga os pr\u00f3ximos passos. \u00c9 r\u00e1pido e f\u00e1cil!\u00a0<\/span><\/p>\n<h2>Conhe\u00e7a os nossos servi\u00e7os<\/h2>\n<p>Antes de mais nada, \u00e9 bom que voc\u00ea saiba que n\u00f3s aliamos a experi\u00eancia de mais de 30 anos com turismo dos nossos profissionais \u00e0 tecnologia de ponta, garantindo, assim, maiores ganhos com a loca\u00e7\u00e3o de temporada em Itu. Al\u00e9m de tamb\u00e9m oferecermos a melhor experi\u00eancia para os h\u00f3spedes. Confira os nossos servi\u00e7os:<\/p>\n<h3><b><img decoding=\"async\" loading=\"lazy\" class=\"emoji alignnone\" role=\"img\" draggable=\"false\" src=\"https:\/\/s.w.org\/images\/core\/emoji\/13.1.0\/svg\/1f4bb.svg\" alt=\"aluguel de temporada em Fortaleza\" width=\"150\" height=\"150\" \/>\u00a0Anunciamos sua propriedade<\/b><\/h3>\n<p>Primeiramente, n\u00f3s criamos o an\u00fancio da sua propriedade e o publicamos em mais de 30 sites de reservas, como Airbnb, Booking, VRBO (Alugue Temporada) e TripAdvisor.\u00a0 Em seguida, j\u00e1 ficamos respons\u00e1veis pela gest\u00e3o dele em cada uma das plataformas.<\/p>\n<h3><a href=\"https:\/\/www.anfitriaoprime.com.br\/blog\/foto-a-importancia-no-aluguel-de-temporada\/\"><b><img decoding=\"async\" class=\"emoji\" role=\"img\" draggable=\"false\" src=\"https:\/\/s.w.org\/images\/core\/emoji\/13.1.0\/svg\/1f4f7.svg\" alt=\"\ud83d\udcf7\" \/>\u00a0Fotos profissionais<\/b><\/a><\/h3>\n<p>As fotos profissionais do seu im\u00f3vel garantem uma melhor primeira impress\u00e3o aos h\u00f3spedes, o que aumenta as possibilidades de reservas.<\/p>\n<h3><b><img decoding=\"async\" class=\"emoji\" role=\"img\" draggable=\"false\" src=\"https:\/\/s.w.org\/images\/core\/emoji\/13.1.0\/svg\/1f4ac.svg\" alt=\"\ud83d\udcac\" \/>\u00a0Comunica\u00e7\u00e3o com os h\u00f3spedes<\/b><\/h3>\n<p>Um dos grandes problemas ao gerenciar um im\u00f3vel de temporada \u00e9 estar dispon\u00edvel para responder os h\u00f3spedes nas plataformas de reservas. Contudo, com o Anfitri\u00e3o Prime voc\u00ea n\u00e3o ter\u00e1 que se preocupar com isso, pois n\u00f3s temos uma equipe que est\u00e1 24\/7 dispon\u00edvel para atend\u00ea-los.<\/p>\n<h3><b><img decoding=\"async\" class=\"emoji\" role=\"img\" draggable=\"false\" src=\"https:\/\/s.w.org\/images\/core\/emoji\/13.1.0\/svg\/1f4c8.svg\" alt=\"\ud83d\udcc8\" \/>\u00a0<a href=\"https:\/\/www.anfitriaoprime.com.br\/blog\/valor-da-diaria-no-aluguel-de-temporada\/\">Defini\u00e7\u00e3o dos melhores pre\u00e7os de di\u00e1rias<\/a><\/b><\/h3>\n<p>Contamos com uma tecnologia de ponta que faz a precifica\u00e7\u00e3o inteligente do seu im\u00f3vel, pensando a longo prazo. Em outras palavras, ela leva em conta as varia\u00e7\u00f5es de pre\u00e7o que ocorrem durante o ano, como feriados, alta e baixa temporadas. Al\u00e9m de outras situa\u00e7\u00f5es que podem fazer com que o valor da di\u00e1ria do seu im\u00f3vel varie.<\/p>\n<h3><strong><img decoding=\"async\" loading=\"lazy\" class=\"emoji alignnone\" role=\"img\" draggable=\"false\" src=\"https:\/\/s.w.org\/images\/core\/emoji\/13.1.0\/svg\/1f5d3.svg\" alt=\"aluguel de temporada em Fortaleza\" width=\"150\" height=\"150\" \/>\u00a0Gest\u00e3o do calend\u00e1rio\u00a0<\/strong><\/h3>\n<p>N\u00f3s tamb\u00e9m contamos com uma ferramenta que faz a gest\u00e3o unificada do seu calend\u00e1rio para evitar o overbooking. Al\u00e9m disso, voc\u00ea tamb\u00e9m pode continuar utilizando o im\u00f3vel quando desejar, basta apenas nos informar com anteced\u00eancia para que possamos fazer o bloqueio do calend\u00e1rio para os h\u00f3spedes.<\/p>\n<h3><b><img decoding=\"async\" class=\"emoji\" role=\"img\" draggable=\"false\" src=\"https:\/\/s.w.org\/images\/core\/emoji\/13.1.0\/svg\/2714.svg\" alt=\"\u2714\" \/>\u00a0Concierge, Limpeza e Manuten\u00e7\u00e3o\u00a0<\/b><\/h3>\n<p>Finalmente, para que voc\u00ea possa alugar casas em Itu &#8211; SP com tranquilidade, tamb\u00e9m oferecemos servi\u00e7os complementares. Atualmente, contamos com especialistas para serem <b>concierge<\/b>\u00a0do seu im\u00f3vel e serem respons\u00e1veis do check-in e check-out dos h\u00f3spedes. Al\u00e9m de outros profissionais para\u00a0<strong>limpeza, manuten\u00e7\u00e3o<\/strong>\u00a0e outros servi\u00e7os necess\u00e1rios para garantir uma experi\u00eancia perfeita aos seus h\u00f3spedes.<\/p>\n<h3><b>Quais os benef\u00edcios de anunciar no Anfitri\u00e3o Prime?<\/b><\/h3>\n<p><span style=\"font-weight: 400;\">Al\u00e9m de todos os servi\u00e7os mencionados anteriormente, fazendo loca\u00e7\u00e3o de temporada em Itu com a gente voc\u00ea ter\u00e1 os seguintes benef\u00edcios:\u00a0\u00a0<\/span><\/p>\n<figure id=\"attachment_3276\" class=\"thumbnail wp-caption alignnone\" style=\"width: 310px\"><img decoding=\"async\" loading=\"lazy\" class=\"wp-image-3276 size-medium\" src=\"https:\/\/www.anfitriaoprime.com.br\/blog\/wp-content\/uploads\/2022\/03\/Dimensoes-personalizadas-750x410-px-8-300x164.jpeg\" alt=\"loca\u00e7\u00e3o de temporada em Itu\" width=\"300\" height=\"164\" srcset=\"https:\/\/www.anfitriaoprime.com.br\/blog\/wp-content\/uploads\/2022\/03\/Dimensoes-personalizadas-750x410-px-8-300x164.jpeg 300w, https:\/\/www.anfitriaoprime.com.br\/blog\/wp-content\/uploads\/2022\/03\/Dimensoes-personalizadas-750x410-px-8.jpeg 750w\" sizes=\"(max-width: 300px) 100vw, 300px\" \/><figcaption class=\"caption wp-caption-text\">Pra\u00e7a dos Exageros | Foto do Facebook da prefeitura de Itu<\/figcaption><\/figure>\n<h3><b>Sobre Itu<\/b><\/h3>\n<p><span style=\"font-weight: 400;\">Itu <\/span><span style=\"font-weight: 400;\">\u00e9 um dos munic\u00edpios de S\u00e3o Paulo mais antigos e possui v\u00e1rios atrativos tur\u00edsticos que podem ser explorados pelos propriet\u00e1rios de im\u00f3veis na regi\u00e3o.\u00a0<\/span><span style=\"font-weight: 400;\">A cidade se tornou famosa gra\u00e7as ao humorista Simpl\u00edcio que sempre enalteceu como tudo na cidade \u00e9 grande. <\/span><span style=\"font-weight: 400;\">Al\u00e9m disso, ela possui uma grande riqueza arquitet\u00f4nica e cultural.\u00a0<\/span><\/p>\n<p><span style=\"font-weight: 400;\">Sem sombra de d\u00favidas, um dos pontos tur\u00edsticos mais famosos do destino \u00e9 a<strong> Pra\u00e7a dos Exageros<\/strong>.\u00a0 No local os turistas podem se divertir com as esculturas gigantes.\u00a0\u00a0<\/span><span style=\"font-weight: 400;\">Fato curioso \u00e9 que at\u00e9 mesmo grandes marcas entraram na brincadeira. Em Itu, por exemplo, \u00e9 poss\u00edvel encontrar caixas de autoatendimento gigantes de bancos e garrafas gigantes de refrigerantes expostas.\u00a0<\/span><\/p>\n<p><span style=\"font-weight: 400;\">Al\u00e9m disso, Itu tamb\u00e9m abriga v\u00e1rios pontos tur\u00edsticos de relev\u00e2ncia hist\u00f3rica, como, por exemplo, a<strong> Casa Imperial<\/strong>, que recebeu a fam\u00edlia real 1884.<\/span><\/p>\n<p>&nbsp;<\/p>\n<h3><b>Dicas extras sobre Itu\u00a0<\/b><\/h3>\n<p><span style=\"font-weight: 400;\">Para quem come\u00e7ar a investir em loca\u00e7\u00e3o de temporada em Itu \u00e9 importante saber os principais pontos tur\u00edsticos para indicar aos h\u00f3spedes, confira:\u00a0\u00a0<\/span><\/p>\n<p>&nbsp;<\/p>\n<h4><strong>Cidade da Crian\u00e7a<\/strong><\/h4>\n<p><span style=\"font-weight: 400;\">Primeiramente, se os seus h\u00f3spedes est\u00e3o viajando com crian\u00e7as, ent\u00e3o recomende uma visita a Cidade da Crian\u00e7a, pois \u00e9 uma parada obrigat\u00f3ria! O local \u00e9 um parque p\u00fablico super bem cuidado e conservado que oferece v\u00e1rias atra\u00e7\u00f5es para os pequenos.\u00a0<\/span><\/p>\n<p>&nbsp;<\/p>\n<h4><strong>Fazenda hist\u00f3rica de caf\u00e9 de Itu\u00a0<\/strong><\/h4>\n<p><span style=\"font-weight: 400;\">Por outro lado, se os seus h\u00f3spedes quem se aprofundar mais na hist\u00f3ria do Brasil durante a viagem, nossa dica \u00e9 fazer o passeio pela fazenda hist\u00f3rica de caf\u00e9 de Itu. L\u00e1 \u00e9 poss\u00edvel contratar <\/span><span style=\"font-weight: 400;\">pacotes de excurs\u00e3o com essa experi\u00eancia que incluem visita\u00e7\u00e3o, alimenta\u00e7\u00e3o e atividades no local que abriga at\u00e9 mesmo uma senzala.\u00a0<\/span><\/p>\n<p>&nbsp;<\/p>\n<h4><strong>Museu do Quartel<\/strong><\/h4>\n<p><span style=\"font-weight: 400;\">Finalmente, mas n\u00e3o menos importante, outro excelente passeio para incluir no seu roteiro \u00e9 uma visita ao Museu do Quartel. O pr\u00e9dio hist\u00f3rico traz uma arquitetura t\u00edpica da \u00e9poca dos Bar\u00f5es de Caf\u00e9, al\u00e9m de uma grande variedade de itens hist\u00f3ricos.\u00a0<\/span><\/p>\n<p>&nbsp;<\/p>\n<h3><b>Onde comer\u00a0<\/b><\/h3>\n<p>Nesse sentido de conhecer lugares novos, os seus h\u00f3spedes tamb\u00e9m v\u00e3o querer novas op\u00e7\u00f5es de onde comer durante a hospedagem em Itu. Por isso, trouxemos as seguintes sugest\u00f5es.<\/p>\n<p><span style=\"font-weight: 400;\">Primeiramente, recomendamos uma passada pelo <strong>Bar do Alem\u00e3o de Itu<\/strong>, o local oferece pratos de culin\u00e1ria brasileira, italiana e internacional. Al\u00e9m disso, tamb\u00e9m traz boas op\u00e7\u00f5es de pratos da cozinha alem\u00e3 contempor\u00e2nea.\u00a0<\/span><\/p>\n<p><span style=\"font-weight: 400;\">Outra excelente dica gastron\u00f4mica para quem for visitar Itu \u00e9 ir at\u00e9 o <strong>Restaurante Von Strude<\/strong>l. Como o pr\u00f3prio nome sugere, o local conta com v\u00e1rios pratos da culin\u00e1ria alem\u00e3, com destaque para o famoso joelho de porco.\u00a0<\/span><\/p>\n<p><span style=\"font-weight: 400;\">Ent\u00e3o, viu como Itu tem um grande potencial para quem deseja alugar por temporada? Aproveite para cadastrar o seu im\u00f3vel no Anfitri\u00e3o Prime agora mesmo.\u00a0<\/span><\/p>\n<p><a href=\"https:\/\/reservas.anfitriaoprime.com.br\/\"><b>Clique aqui e conhe\u00e7a o nosso portf\u00f3lio com mais de 1.000 im\u00f3veis em todo o Brasil!\u00a0<\/b><\/a><\/p>\n","protected":false},"excerpt":{"rendered":"<p>Com a gest\u00e3o profissional do Anfitri\u00e3o Prime voc\u00ea descomplica a loca\u00e7\u00e3o de temporada em Itu. N\u00f3s fazemos de tudo por voc\u00ea, desde a cria\u00e7\u00e3o do an\u00fancio, at\u00e9 a manuten\u00e7\u00e3o do im\u00f3vel. Tudo para que voc\u00ea n\u00e3o precise se preocupar com nada.\u00a0 Clique aqui e conhe\u00e7a o nosso portf\u00f3lio com mais de 1.000 im\u00f3veis em todo [&hellip;]<\/p>\n","protected":false},"author":1,"featured_media":3274,"parent":0,"menu_order":0,"comment_status":"closed","ping_status":"closed","template":"page-lp.php","meta":[],"yoast_head":"<!-- This site is optimized with the Yoast SEO plugin v21.1 - https:\/\/yoast.com\/wordpress\/plugins\/seo\/ -->\n<title>Descomplique a loca\u00e7\u00e3o de temporada em Itu com o Anfitri\u00e3o Prime<\/title>\n<meta name=\"description\" content=\"Descomplique a loca\u00e7\u00e3o de temporada em Itu com o Anfitri\u00e3o Prime. Fazemos desde a cria\u00e7\u00e3o do an\u00fancio, at\u00e9 a manuten\u00e7\u00e3o do im\u00f3vel.\" \/>\n<meta name=\"robots\" content=\"index, follow, max-snippet:-1, max-image-preview:large, max-video-preview:-1\" \/>\n<link rel=\"canonical\" href=\"https:\/\/www.anfitriaoprime.com.br\/blog\/locacao-de-temporada-em-itu\/\" \/>\n<meta property=\"og:locale\" content=\"pt_BR\" \/>\n<meta property=\"og:type\" content=\"article\" \/>\n<meta property=\"og:title\" content=\"Descomplique a loca\u00e7\u00e3o de temporada em Itu com o Anfitri\u00e3o Prime\" \/>\n<meta property=\"og:description\" content=\"Descomplique a loca\u00e7\u00e3o de temporada em Itu com o Anfitri\u00e3o Prime. Fazemos desde a cria\u00e7\u00e3o do an\u00fancio, at\u00e9 a manuten\u00e7\u00e3o do im\u00f3vel.\" \/>\n<meta property=\"og:url\" content=\"https:\/\/www.anfitriaoprime.com.br\/blog\/locacao-de-temporada-em-itu\/\" \/>\n<meta property=\"og:site_name\" content=\"Blog Anfitri\u00e3o Prime: Ganhe dinheiro com aluguel de temporada.\" \/>\n<meta property=\"og:image\" content=\"https:\/\/www.anfitriaoprime.com.br\/blog\/wp-content\/uploads\/2022\/03\/Dimensoes-personalizadas-1920x550-px-8-1.jpeg\" \/>\n\t<meta property=\"og:image:width\" content=\"1920\" \/>\n\t<meta property=\"og:image:height\" content=\"550\" \/>\n\t<meta property=\"og:image:type\" content=\"image\/jpeg\" \/>\n<meta name=\"twitter:card\" content=\"summary_large_image\" \/>\n<meta name=\"twitter:label1\" content=\"Est. tempo de leitura\" \/>\n\t<meta name=\"twitter:data1\" content=\"6 minutos\" \/>\n<script type=\"application\/ld+json\" class=\"yoast-schema-graph\">{\"@context\":\"https:\/\/schema.org\",\"@graph\":[{\"@type\":\"WebPage\",\"@id\":\"https:\/\/www.anfitriaoprime.com.br\/blog\/locacao-de-temporada-em-itu\/\",\"url\":\"https:\/\/www.anfitriaoprime.com.br\/blog\/locacao-de-temporada-em-itu\/\",\"name\":\"Descomplique a loca\u00e7\u00e3o de temporada em Itu com o Anfitri\u00e3o Prime\",\"isPartOf\":{\"@id\":\"https:\/\/www.anfitriaoprime.com.br\/blog\/#website\"},\"datePublished\":\"2022-03-30T21:50:59+00:00\",\"dateModified\":\"2022-03-30T21:50:59+00:00\",\"description\":\"Descomplique a loca\u00e7\u00e3o de temporada em Itu com o Anfitri\u00e3o Prime. Fazemos desde a cria\u00e7\u00e3o do an\u00fancio, at\u00e9 a manuten\u00e7\u00e3o do im\u00f3vel.\",\"breadcrumb\":{\"@id\":\"https:\/\/www.anfitriaoprime.com.br\/blog\/locacao-de-temporada-em-itu\/#breadcrumb\"},\"inLanguage\":\"pt-BR\",\"potentialAction\":[{\"@type\":\"ReadAction\",\"target\":[\"https:\/\/www.anfitriaoprime.com.br\/blog\/locacao-de-temporada-em-itu\/\"]}]},{\"@type\":\"BreadcrumbList\",\"@id\":\"https:\/\/www.anfitriaoprime.com.br\/blog\/locacao-de-temporada-em-itu\/#breadcrumb\",\"itemListElement\":[{\"@type\":\"ListItem\",\"position\":1,\"name\":\"In\u00edcio\",\"item\":\"https:\/\/www.anfitriaoprime.com.br\/blog\/\"},{\"@type\":\"ListItem\",\"position\":2,\"name\":\"Descomplique a loca\u00e7\u00e3o de temporada em Itu com o Anfitri\u00e3o Prime\"}]},{\"@type\":\"WebSite\",\"@id\":\"https:\/\/www.anfitriaoprime.com.br\/blog\/#website\",\"url\":\"https:\/\/www.anfitriaoprime.com.br\/blog\/\",\"name\":\"Blog Anfitri\u00e3o Prime - Gest\u00e3o de propriedade para aluguel de temporada\",\"description\":\"No blog do Anfitri\u00e3o Prime voc\u00ea encontra dicas e informa\u00e7\u00f5es sobre o mercado de aluguel de temporada escrito por anfitri\u00f5es profissionais\",\"potentialAction\":[{\"@type\":\"SearchAction\",\"target\":{\"@type\":\"EntryPoint\",\"urlTemplate\":\"https:\/\/www.anfitriaoprime.com.br\/blog\/?s={search_term_string}\"},\"query-input\":\"required name=search_term_string\"}],\"inLanguage\":\"pt-BR\"}]}<\/script>\n<!-- \/ Yoast SEO plugin. -->","yoast_head_json":{"title":"Descomplique a loca\u00e7\u00e3o de temporada em Itu com o Anfitri\u00e3o Prime","description":"Descomplique a loca\u00e7\u00e3o de temporada em Itu com o Anfitri\u00e3o Prime. Fazemos desde a cria\u00e7\u00e3o do an\u00fancio, at\u00e9 a manuten\u00e7\u00e3o do im\u00f3vel.","robots":{"index":"index","follow":"follow","max-snippet":"max-snippet:-1","max-image-preview":"max-image-preview:large","max-video-preview":"max-video-preview:-1"},"canonical":"https:\/\/www.anfitriaoprime.com.br\/blog\/locacao-de-temporada-em-itu\/","og_locale":"pt_BR","og_type":"article","og_title":"Descomplique a loca\u00e7\u00e3o de temporada em Itu com o Anfitri\u00e3o Prime","og_description":"Descomplique a loca\u00e7\u00e3o de temporada em Itu com o Anfitri\u00e3o Prime. Fazemos desde a cria\u00e7\u00e3o do an\u00fancio, at\u00e9 a manuten\u00e7\u00e3o do im\u00f3vel.","og_url":"https:\/\/www.anfitriaoprime.com.br\/blog\/locacao-de-temporada-em-itu\/","og_site_name":"Blog Anfitri\u00e3o Prime: Ganhe dinheiro com aluguel de temporada.","og_image":[{"width":1920,"height":550,"url":"https:\/\/www.anfitriaoprime.com.br\/blog\/wp-content\/uploads\/2022\/03\/Dimensoes-personalizadas-1920x550-px-8-1.jpeg","type":"image\/jpeg"}],"twitter_card":"summary_large_image","twitter_misc":{"Est. tempo de leitura":"6 minutos"},"schema":{"@context":"https:\/\/schema.org","@graph":[{"@type":"WebPage","@id":"https:\/\/www.anfitriaoprime.com.br\/blog\/locacao-de-temporada-em-itu\/","url":"https:\/\/www.anfitriaoprime.com.br\/blog\/locacao-de-temporada-em-itu\/","name":"Descomplique a loca\u00e7\u00e3o de temporada em Itu com o Anfitri\u00e3o Prime","isPartOf":{"@id":"https:\/\/www.anfitriaoprime.com.br\/blog\/#website"},"datePublished":"2022-03-30T21:50:59+00:00","dateModified":"2022-03-30T21:50:59+00:00","description":"Descomplique a loca\u00e7\u00e3o de temporada em Itu com o Anfitri\u00e3o Prime. Fazemos desde a cria\u00e7\u00e3o do an\u00fancio, at\u00e9 a manuten\u00e7\u00e3o do im\u00f3vel.","breadcrumb":{"@id":"https:\/\/www.anfitriaoprime.com.br\/blog\/locacao-de-temporada-em-itu\/#breadcrumb"},"inLanguage":"pt-BR","potentialAction":[{"@type":"ReadAction","target":["https:\/\/www.anfitriaoprime.com.br\/blog\/locacao-de-temporada-em-itu\/"]}]},{"@type":"BreadcrumbList","@id":"https:\/\/www.anfitriaoprime.com.br\/blog\/locacao-de-temporada-em-itu\/#breadcrumb","itemListElement":[{"@type":"ListItem","position":1,"name":"In\u00edcio","item":"https:\/\/www.anfitriaoprime.com.br\/blog\/"},{"@type":"ListItem","position":2,"name":"Descomplique a loca\u00e7\u00e3o de temporada em Itu com o Anfitri\u00e3o Prime"}]},{"@type":"WebSite","@id":"https:\/\/www.anfitriaoprime.com.br\/blog\/#website","url":"https:\/\/www.anfitriaoprime.com.br\/blog\/","name":"Blog Anfitri\u00e3o Prime - Gest\u00e3o de propriedade para aluguel de temporada","description":"No blog do Anfitri\u00e3o Prime voc\u00ea encontra dicas e informa\u00e7\u00f5es sobre o mercado de aluguel de temporada escrito por anfitri\u00f5es profissionais","potentialAction":[{"@type":"SearchAction","target":{"@type":"EntryPoint","urlTemplate":"https:\/\/www.anfitriaoprime.com.br\/blog\/?s={search_term_string}"},"query-input":"required name=search_term_string"}],"inLanguage":"pt-BR"}]}},"acf":{"imagem":{"ID":3274,"id":3274,"title":"Dimens\u00f5es personalizadas 1920x550 px (8)","filename":"Dimensoes-personalizadas-1920x550-px-8-1.jpeg","filesize":1174463,"url":"https:\/\/www.anfitriaoprime.com.br\/blog\/wp-content\/uploads\/2022\/03\/Dimensoes-personalizadas-1920x550-px-8-1.jpeg","link":"https:\/\/www.anfitriaoprime.com.br\/blog\/locacao-de-temporada-em-itu\/dimensoes-personalizadas-1920x550-px-8-8\/","alt":"loca\u00e7\u00e3o de temporada em Itu","author":"1","description":"","caption":"Foto do Facebook da prefeitura de Itu","name":"dimensoes-personalizadas-1920x550-px-8-8","status":"inherit","uploaded_to":3273,"date":"2022-03-30 21:35:39","modified":"2022-03-30 21:35:57","menu_order":0,"mime_type":"image\/jpeg","type":"image","subtype":"jpeg","icon":"https:\/\/www.anfitriaoprime.com.br\/blog\/wp-includes\/images\/media\/default.png","width":1920,"height":550,"sizes":{"thumbnail":"https:\/\/www.anfitriaoprime.com.br\/blog\/wp-content\/uploads\/2022\/03\/Dimensoes-personalizadas-1920x550-px-8-1-150x150.jpeg","thumbnail-width":150,"thumbnail-height":150,"medium":"https:\/\/www.anfitriaoprime.com.br\/blog\/wp-content\/uploads\/2022\/03\/Dimensoes-personalizadas-1920x550-px-8-1-300x86.jpeg","medium-width":300,"medium-height":86,"medium_large":"https:\/\/www.anfitriaoprime.com.br\/blog\/wp-content\/uploads\/2022\/03\/Dimensoes-personalizadas-1920x550-px-8-1-768x220.jpeg","medium_large-width":648,"medium_large-height":186,"large":"https:\/\/www.anfitriaoprime.com.br\/blog\/wp-content\/uploads\/2022\/03\/Dimensoes-personalizadas-1920x550-px-8-1-1024x293.jpeg","large-width":648,"large-height":185,"1536x1536":"https:\/\/www.anfitriaoprime.com.br\/blog\/wp-content\/uploads\/2022\/03\/Dimensoes-personalizadas-1920x550-px-8-1-1536x440.jpeg","1536x1536-width":1536,"1536x1536-height":440,"2048x2048":"https:\/\/www.anfitriaoprime.com.br\/blog\/wp-content\/uploads\/2022\/03\/Dimensoes-personalizadas-1920x550-px-8-1.jpeg","2048x2048-width":1920,"2048x2048-height":550,"sparkling-featured":"https:\/\/www.anfitriaoprime.com.br\/blog\/wp-content\/uploads\/2022\/03\/Dimensoes-personalizadas-1920x550-px-8-1-750x410.jpeg","sparkling-featured-width":750,"sparkling-featured-height":410,"sparkling-featured-fullwidth":"https:\/\/www.anfitriaoprime.com.br\/blog\/wp-content\/uploads\/2022\/03\/Dimensoes-personalizadas-1920x550-px-8-1-1140x550.jpeg","sparkling-featured-fullwidth-width":1140,"sparkling-featured-fullwidth-height":550,"tab-small":"https:\/\/www.anfitriaoprime.com.br\/blog\/wp-content\/uploads\/2022\/03\/Dimensoes-personalizadas-1920x550-px-8-1-60x60.jpeg","tab-small-width":60,"tab-small-height":60,"crp_thumbnail":"https:\/\/www.anfitriaoprime.com.br\/blog\/wp-content\/uploads\/2022\/03\/Dimensoes-personalizadas-1920x550-px-8-1-150x150.jpeg","crp_thumbnail-width":150,"crp_thumbnail-height":150}},"titulo":"Descomplique a loca\u00e7\u00e3o de temporada em Itu com o Anfitri\u00e3o Prime","subtitulo":"<p><span style=\"font-weight: 400;\">Com a gest\u00e3o profissional do Anfitri\u00e3o Prime voc\u00ea descomplica a loca\u00e7\u00e3o de temporada em Itu. N\u00f3s fazemos de tudo por voc\u00ea, desde a cria\u00e7\u00e3o do an\u00fancio, at\u00e9 a manuten\u00e7\u00e3o do im\u00f3vel. Tudo para que voc\u00ea n\u00e3o precise se preocupar com nada.\u00a0<\/span><\/p>\n<p><a href=\"https:\/\/reservas.anfitriaoprime.com.br\/\"><b>Clique aqui e conhe\u00e7a o nosso portf\u00f3lio com mais de 1.000 im\u00f3veis em todo o Brasil!\u00a0<\/b><\/a><\/p>\n","titulo_secao_1":"Saiba como gerenciamos todas as etapas da loca\u00e7\u00e3o de temporada em Itu","conteudo_secao_1":"<p><span style=\"font-weight: 400;\">O Anfitri\u00e3o Prime \u00e9 mais do que uma imobili\u00e1ria digital ou um site de reservas comum. N\u00f3s somos um gestor profissional de loca\u00e7\u00e3o de temporada em Itu e em todo o Brasil. Atrav\u00e9s de servi\u00e7os personalizados, n\u00f3s atuamos desde a <strong>cria\u00e7\u00e3o do an\u00fancio<\/strong>, passando pela <strong>gest\u00e3o de calend\u00e1rio<\/strong> e <strong>precifica\u00e7\u00e3o de di\u00e1rias<\/strong>, at\u00e9 a <strong>manuten\u00e7\u00e3o<\/strong> do im\u00f3vel.\u00a0<\/span><\/p>\n<p><span style=\"font-weight: 400;\">Com sede em S\u00e3o Paulo, n\u00f3s contamos com profissionais de todas as regi\u00f5es, assim atendemos da melhor forma poss\u00edvel os nossos anfitri\u00f5es e h\u00f3spedes. Cadastre-se atrav\u00e9s do formul\u00e1rio ao lado e siga os pr\u00f3ximos passos. \u00c9 r\u00e1pido e f\u00e1cil!\u00a0<\/span><\/p>\n<p>&nbsp;<\/p>\n","titulo_secao_2":"Conhe\u00e7a os nossos servi\u00e7os\u00a0","imagem_secao_2":false,"conteudo_secao_2":"<p>Antes de mais nada, \u00e9 bom que voc\u00ea saiba que n\u00f3s aliamos a experi\u00eancia de mais de 30 anos com turismo dos nossos profissionais \u00e0 tecnologia de ponta, garantindo, assim, maiores ganhos com a loca\u00e7\u00e3o de temporada em Itu. Al\u00e9m de tamb\u00e9m oferecermos a melhor experi\u00eancia para os h\u00f3spedes. Confira os nossos servi\u00e7os:<\/p>\n<h3><b><img decoding=\"async\" loading=\"lazy\" class=\"emoji alignnone\" role=\"img\" draggable=\"false\" src=\"https:\/\/s.w.org\/images\/core\/emoji\/13.1.0\/svg\/1f4bb.svg\" alt=\"aluguel de temporada em Fortaleza\" width=\"150\" height=\"150\" \/>\u00a0Anunciamos sua propriedade<\/b><\/h3>\n<p>Primeiramente, n\u00f3s criamos o an\u00fancio da sua propriedade e o publicamos em mais de 30 sites de reservas, como Airbnb, Booking, VRBO (Alugue Temporada) e TripAdvisor.\u00a0 Em seguida, j\u00e1 ficamos respons\u00e1veis pela gest\u00e3o dele em cada uma das plataformas.<\/p>\n<h3><a href=\"https:\/\/www.anfitriaoprime.com.br\/blog\/foto-a-importancia-no-aluguel-de-temporada\/\"><b><img decoding=\"async\" class=\"emoji\" role=\"img\" draggable=\"false\" src=\"https:\/\/s.w.org\/images\/core\/emoji\/13.1.0\/svg\/1f4f7.svg\" alt=\"\ud83d\udcf7\" \/>\u00a0Fotos profissionais<\/b><\/a><\/h3>\n<p>As fotos profissionais do seu im\u00f3vel garantem uma melhor primeira impress\u00e3o aos h\u00f3spedes, o que aumenta as possibilidades de reservas.<\/p>\n<h3><b><img decoding=\"async\" class=\"emoji\" role=\"img\" draggable=\"false\" src=\"https:\/\/s.w.org\/images\/core\/emoji\/13.1.0\/svg\/1f4ac.svg\" alt=\"\ud83d\udcac\" \/>\u00a0Comunica\u00e7\u00e3o com os h\u00f3spedes<\/b><\/h3>\n<p>Um dos grandes problemas ao gerenciar um im\u00f3vel de temporada \u00e9 estar dispon\u00edvel para responder os h\u00f3spedes nas plataformas de reservas. Contudo, com o Anfitri\u00e3o Prime voc\u00ea n\u00e3o ter\u00e1 que se preocupar com isso, pois n\u00f3s temos uma equipe que est\u00e1 24\/7 dispon\u00edvel para atend\u00ea-los.<\/p>\n<h3><b><img decoding=\"async\" class=\"emoji\" role=\"img\" draggable=\"false\" src=\"https:\/\/s.w.org\/images\/core\/emoji\/13.1.0\/svg\/1f4c8.svg\" alt=\"\ud83d\udcc8\" \/>\u00a0<a href=\"https:\/\/www.anfitriaoprime.com.br\/blog\/valor-da-diaria-no-aluguel-de-temporada\/\">Defini\u00e7\u00e3o dos melhores pre\u00e7os de di\u00e1rias<\/a><\/b><\/h3>\n<p>Contamos com uma tecnologia de ponta que faz a precifica\u00e7\u00e3o inteligente do seu im\u00f3vel, pensando a longo prazo. Em outras palavras, ela leva em conta as varia\u00e7\u00f5es de pre\u00e7o que ocorrem durante o ano, como feriados, alta e baixa temporadas. Al\u00e9m de outras situa\u00e7\u00f5es que podem fazer com que o valor da di\u00e1ria do seu im\u00f3vel varie.<\/p>\n<h3><strong><img decoding=\"async\" loading=\"lazy\" class=\"emoji alignnone\" role=\"img\" draggable=\"false\" src=\"https:\/\/s.w.org\/images\/core\/emoji\/13.1.0\/svg\/1f5d3.svg\" alt=\"aluguel de temporada em Fortaleza\" width=\"150\" height=\"150\" \/>\u00a0Gest\u00e3o do calend\u00e1rio\u00a0<\/strong><\/h3>\n<p>N\u00f3s tamb\u00e9m contamos com uma ferramenta que faz a gest\u00e3o unificada do seu calend\u00e1rio para evitar o overbooking. Al\u00e9m disso, voc\u00ea tamb\u00e9m pode continuar utilizando o im\u00f3vel quando desejar, basta apenas nos informar com anteced\u00eancia para que possamos fazer o bloqueio do calend\u00e1rio para os h\u00f3spedes.<\/p>\n<h3><b><img decoding=\"async\" class=\"emoji\" role=\"img\" draggable=\"false\" src=\"https:\/\/s.w.org\/images\/core\/emoji\/13.1.0\/svg\/2714.svg\" alt=\"\u2714\" \/>\u00a0Concierge, Limpeza e Manuten\u00e7\u00e3o\u00a0<\/b><\/h3>\n<p>Finalmente, para que voc\u00ea possa alugar casas em Itu &#8211; SP com tranquilidade, tamb\u00e9m oferecemos servi\u00e7os complementares. Atualmente, contamos com especialistas para serem <b>concierge<\/b>\u00a0do seu im\u00f3vel e serem respons\u00e1veis do check-in e check-out dos h\u00f3spedes. Al\u00e9m de outros profissionais para\u00a0<strong>limpeza, manuten\u00e7\u00e3o<\/strong>\u00a0e outros servi\u00e7os necess\u00e1rios para garantir uma experi\u00eancia perfeita aos seus h\u00f3spedes.<\/p>\n","titulo_secao_3":"Quais os benef\u00edcios de anunciar no Anfitri\u00e3o Prime?","conteudo_secao_3":"<p><span style=\"font-weight: 400;\">Al\u00e9m de todos os servi\u00e7os mencionados anteriormente, fazendo loca\u00e7\u00e3o de temporada em Itu com a gente voc\u00ea ter\u00e1 os seguintes benef\u00edcios:\u00a0\u00a0<\/span><\/p>\n","titulo_secao_6":"Sobre Itu","conteudo_secao_6":"<figure id=\"attachment_3276\" class=\"thumbnail wp-caption alignnone\" style=\"width: 760px\"><img decoding=\"async\" loading=\"lazy\" class=\"wp-image-3276 size-full\" src=\"https:\/\/www.anfitriaoprime.com.br\/blog\/wp-content\/uploads\/2022\/03\/Dimensoes-personalizadas-750x410-px-8.jpeg\" alt=\"loca\u00e7\u00e3o de temporada em Itu\" width=\"750\" height=\"410\" srcset=\"https:\/\/www.anfitriaoprime.com.br\/blog\/wp-content\/uploads\/2022\/03\/Dimensoes-personalizadas-750x410-px-8.jpeg 750w, https:\/\/www.anfitriaoprime.com.br\/blog\/wp-content\/uploads\/2022\/03\/Dimensoes-personalizadas-750x410-px-8-300x164.jpeg 300w\" sizes=\"(max-width: 750px) 100vw, 750px\" \/><figcaption class=\"caption wp-caption-text\">Foto do Facebook da prefeitura de Itu<\/figcaption><\/figure>\n<p><span style=\"font-weight: 400;\">Itu <\/span><span style=\"font-weight: 400;\">\u00e9 um dos munic\u00edpios de S\u00e3o Paulo mais antigos e possui v\u00e1rios atrativos tur\u00edsticos que podem ser explorados pelos propriet\u00e1rios de im\u00f3veis na regi\u00e3o.\u00a0<\/span><span style=\"font-weight: 400;\">A cidade se tornou famosa gra\u00e7as ao humorista Simpl\u00edcio que sempre enalteceu como tudo na cidade \u00e9 grande. <\/span><span style=\"font-weight: 400;\">Al\u00e9m disso, ela possui uma grande riqueza arquitet\u00f4nica e cultural.\u00a0<\/span><\/p>\n<p><span style=\"font-weight: 400;\">Sem sombra de d\u00favidas, um dos pontos tur\u00edsticos mais famosos do destino \u00e9 a<strong> Pra\u00e7a dos Exageros<\/strong>.\u00a0 No local os turistas podem se divertir com as esculturas gigantes.\u00a0\u00a0<\/span><span style=\"font-weight: 400;\">Fato curioso \u00e9 que at\u00e9 mesmo grandes marcas entraram na brincadeira. Em Itu, por exemplo, \u00e9 poss\u00edvel encontrar caixas de autoatendimento gigantes de bancos e garrafas gigantes de refrigerantes expostas.\u00a0<\/span><\/p>\n<p><span style=\"font-weight: 400;\">Al\u00e9m disso, Itu tamb\u00e9m abriga v\u00e1rios pontos tur\u00edsticos de relev\u00e2ncia hist\u00f3rica, como, por exemplo, a<strong> Casa Imperial<\/strong>, que recebeu a fam\u00edlia real 1884.<\/span><\/p>\n<p>&nbsp;<\/p>\n<h3><b>Dicas extras sobre Itu\u00a0<\/b><\/h3>\n<p><span style=\"font-weight: 400;\">Para quem come\u00e7ar a investir em loca\u00e7\u00e3o de temporada em Itu \u00e9 importante saber os principais pontos tur\u00edsticos para indicar aos h\u00f3spedes, confira:\u00a0\u00a0<\/span><\/p>\n<p>&nbsp;<\/p>\n<h4><strong>Cidade da Crian\u00e7a<\/strong><\/h4>\n<p><span style=\"font-weight: 400;\">Primeiramente, se os seus h\u00f3spedes est\u00e3o viajando com crian\u00e7as, ent\u00e3o recomende uma visita a Cidade da Crian\u00e7a, pois \u00e9 uma parada obrigat\u00f3ria! O local \u00e9 um parque p\u00fablico super bem cuidado e conservado que oferece v\u00e1rias atra\u00e7\u00f5es para os pequenos.\u00a0<\/span><\/p>\n<p>&nbsp;<\/p>\n<h4><strong>Fazenda hist\u00f3rica de caf\u00e9 de Itu\u00a0<\/strong><\/h4>\n<p><span style=\"font-weight: 400;\">Por outro lado, se os seus h\u00f3spedes quem se aprofundar mais na hist\u00f3ria do Brasil durante a viagem, nossa dica \u00e9 fazer o passeio pela fazenda hist\u00f3rica de caf\u00e9 de Itu. L\u00e1 \u00e9 poss\u00edvel contratar <\/span><span style=\"font-weight: 400;\">pacotes de excurs\u00e3o com essa experi\u00eancia que incluem visita\u00e7\u00e3o, alimenta\u00e7\u00e3o e atividades no local que abriga at\u00e9 mesmo uma senzala.\u00a0<\/span><\/p>\n<p>&nbsp;<\/p>\n<h4><strong>Museu do Quartel<\/strong><\/h4>\n<p><span style=\"font-weight: 400;\">Finalmente, mas n\u00e3o menos importante, outro excelente passeio para incluir no seu roteiro \u00e9 uma visita ao Museu do Quartel. O pr\u00e9dio hist\u00f3rico traz uma arquitetura t\u00edpica da \u00e9poca dos Bar\u00f5es de Caf\u00e9, al\u00e9m de uma grande variedade de itens hist\u00f3ricos.\u00a0<\/span><\/p>\n<p>&nbsp;<\/p>\n<h3><b>Onde comer\u00a0<\/b><\/h3>\n<p>Nesse sentido de conhecer lugares novos, os seus h\u00f3spedes tamb\u00e9m v\u00e3o querer novas op\u00e7\u00f5es de onde comer durante a hospedagem em Itu. Por isso, trouxemos as seguintes sugest\u00f5es.<\/p>\n<p><span style=\"font-weight: 400;\">Primeiramente, recomendamos uma passada pelo <strong>Bar do Alem\u00e3o de Itu<\/strong>, o local oferece pratos de culin\u00e1ria brasileira, italiana e internacional. Al\u00e9m disso, tamb\u00e9m traz boas op\u00e7\u00f5es de pratos da cozinha alem\u00e3 contempor\u00e2nea.\u00a0<\/span><\/p>\n<p><span style=\"font-weight: 400;\">Outra excelente dica gastron\u00f4mica para quem for visitar Itu \u00e9 ir at\u00e9 o <strong>Restaurante Von Strude<\/strong>l. Como o pr\u00f3prio nome sugere, o local conta com v\u00e1rios pratos da culin\u00e1ria alem\u00e3, com destaque para o famoso joelho de porco.\u00a0<\/span><\/p>\n<p><span style=\"font-weight: 400;\">Ent\u00e3o, viu como Itu tem um grande potencial para quem deseja alugar por temporada? Aproveite para cadastrar o seu im\u00f3vel no Anfitri\u00e3o Prime agora mesmo.\u00a0<\/span><\/p>\n<p><a href=\"https:\/\/reservas.anfitriaoprime.com.br\/\"><b>Clique aqui e conhe\u00e7a o nosso portf\u00f3lio com mais de 1.000 im\u00f3veis em todo o Brasil!\u00a0<\/b><\/a><\/p>\n"},"_links":{"self":[{"href":"https:\/\/www.anfitriaoprime.com.br\/blog\/wp-json\/wp\/v2\/pages\/3273"}],"collection":[{"href":"https:\/\/www.anfitriaoprime.com.br\/blog\/wp-json\/wp\/v2\/pages"}],"about":[{"href":"https:\/\/www.anfitriaoprime.com.br\/blog\/wp-json\/wp\/v2\/types\/page"}],"author":[{"embeddable":true,"href":"https:\/\/www.anfitriaoprime.com.br\/blog\/wp-json\/wp\/v2\/users\/1"}],"replies":[{"embeddable":true,"href":"https:\/\/www.anfitriaoprime.com.br\/blog\/wp-json\/wp\/v2\/comments?post=3273"}],"version-history":[{"count":2,"href":"https:\/\/www.anfitriaoprime.com.br\/blog\/wp-json\/wp\/v2\/pages\/3273\/revisions"}],"predecessor-version":[{"id":3277,"href":"https:\/\/www.anfitriaoprime.com.br\/blog\/wp-json\/wp\/v2\/pages\/3273\/revisions\/3277"}],"wp:featuredmedia":[{"embeddable":true,"href":"https:\/\/www.anfitriaoprime.com.br\/blog\/wp-json\/wp\/v2\/media\/3274"}],"wp:attachment":[{"href":"https:\/\/www.anfitriaoprime.com.br\/blog\/wp-json\/wp\/v2\/media?parent=3273"}],"curies":[{"name":"wp","href":"https:\/\/api.w.org\/{rel}","templated":true}]}}