{"id":3446,"date":"2022-04-06T18:35:26","date_gmt":"2022-04-06T21:35:26","guid":{"rendered":"https:\/\/www.anfitriaoprime.com.br\/blog\/?page_id=3446"},"modified":"2022-04-06T18:35:26","modified_gmt":"2022-04-06T21:35:26","slug":"aluguel-de-temporada-uberlandia","status":"publish","type":"page","link":"https:\/\/www.anfitriaoprime.com.br\/blog\/aluguel-de-temporada-uberlandia\/","title":{"rendered":"Invista em aluguel de temporada em Uberl\u00e2ndia com o Anfitri\u00e3o Prime"},"content":{"rendered":"<p><span style=\"font-weight: 400;\">Se voc\u00ea deseja investir em aluguel de temporada em Uberl\u00e2ndia, precisa conhecer os servi\u00e7os personalizados do <\/span><b>Anfitri\u00e3o Prime<\/b><span style=\"font-weight: 400;\">. Al\u00e9m de contar com uma plataforma que integra o seu an\u00fancio em mais de 30 sites de reservas, contamos com profissionais altamente qualificados para te auxiliar em todas as etapas de loca\u00e7\u00e3o.\u00a0<\/span><\/p>\n<p><a href=\"https:\/\/reservas.anfitriaoprime.com.br\/\"><b>Clique aqui para conhecer o nosso portf\u00f3lio com mais de 1.000 im\u00f3veis de temporada distribu\u00eddos em todo o Brasil.\u00a0<\/b><\/a><\/p>\n<h2><strong>Como gerenciamos o seu aluguel de temporada em Uberl\u00e2ndia\u00a0<\/strong><\/h2>\n<p><span style=\"font-weight: 400;\">Toda a parte burocr\u00e1tica e gest\u00e3o de <\/span><b>loca\u00e7\u00e3o de temporada<\/b><span style=\"font-weight: 400;\"> \u00e9 realizada pelo Anfitri\u00e3o Prime. Por meio de ferramentas sofisticadas e profissionais capacitados, o processo de aluguel de temporada em <\/span><b>Uberl\u00e2ndia<\/b><span style=\"font-weight: 400;\"> se torna muito simples.\u00a0<\/span><\/p>\n<p><span style=\"font-weight: 400;\">Conhe\u00e7a as vantagens em utilizar o servi\u00e7o:<\/span><\/p>\n<ul>\n<li style=\"font-weight: 400;\" aria-level=\"1\"><span style=\"font-weight: 400;\">Gest\u00e3o do calend\u00e1rio de reservas;<\/span><\/li>\n<li style=\"font-weight: 400;\" aria-level=\"1\"><span style=\"font-weight: 400;\">Estudo de pre\u00e7os de di\u00e1rias;\u00a0<\/span><\/li>\n<li style=\"font-weight: 400;\" aria-level=\"1\"><span style=\"font-weight: 400;\">\u00c9 realizada toda a gest\u00e3o do <\/span><b>an\u00fancio<\/b><span style=\"font-weight: 400;\"> dos <\/span><b>im\u00f3veis<\/b><span style=\"font-weight: 400;\">.<\/span><\/li>\n<\/ul>\n<p><span style=\"font-weight: 400;\">A equipe do <\/span><b>Anfitri\u00e3o Prime<\/b><span style=\"font-weight: 400;\">, al\u00e9m de realizar toda a parte burocr\u00e1tica da <\/span><b>loca\u00e7\u00e3o de temporada<\/b><span style=\"font-weight: 400;\">, faz a divulga\u00e7\u00e3o dos im\u00f3veis em mais de 30 sites de reservas, ou seja, conta com um amplo trabalho de exposi\u00e7\u00e3o e marketing.<\/span><\/p>\n<h2>Conhe\u00e7a os nossos servi\u00e7os<\/h2>\n<p>Aliamos a experi\u00eancia com turismo dos nossos profissionais \u00e0 uma tecnologia de ponta, garantindo, assim, maiores ganhos com o aluguel de temporada em Uberl\u00e2ndia. Confira os nossos servi\u00e7os:<\/p>\n<p>&nbsp;<\/p>\n<h3><b><img decoding=\"async\" loading=\"lazy\" class=\"emoji alignnone\" role=\"img\" draggable=\"false\" src=\"https:\/\/s.w.org\/images\/core\/emoji\/13.1.0\/svg\/1f4bb.svg\" alt=\"aluguel de temporada em Fortaleza\" width=\"150\" height=\"150\" \/>\u00a0Anunciamos sua propriedade<\/b><\/h3>\n<p>Primeiramente, criamos o an\u00fancio e o publicamos em mais de 30 sites de reservas, como Airbnb, Booking, VRBO (Alugue Temporada) e TripAdvisor.\u00a0 Em seguida, j\u00e1 ficamos respons\u00e1veis pela gest\u00e3o dele em cada uma das plataformas.<\/p>\n<p>&nbsp;<\/p>\n<h3><a href=\"https:\/\/www.anfitriaoprime.com.br\/blog\/foto-a-importancia-no-aluguel-de-temporada\/\"><b><img decoding=\"async\" class=\"emoji\" role=\"img\" draggable=\"false\" src=\"https:\/\/s.w.org\/images\/core\/emoji\/13.1.0\/svg\/1f4f7.svg\" alt=\"\ud83d\udcf7\" \/>\u00a0Fotos profissionais<\/b><\/a><\/h3>\n<p>As fotos profissionais garantem uma melhor primeira impress\u00e3o aos h\u00f3spedes, o que aumenta as possibilidades de reservas.<\/p>\n<p>&nbsp;<\/p>\n<h3><b><img decoding=\"async\" class=\"emoji\" role=\"img\" draggable=\"false\" src=\"https:\/\/s.w.org\/images\/core\/emoji\/13.1.0\/svg\/1f4ac.svg\" alt=\"\ud83d\udcac\" \/>\u00a0Comunica\u00e7\u00e3o com os h\u00f3spedes<\/b><\/h3>\n<p>Um dos grandes problemas ao gerenciar um im\u00f3vel de temporada \u00e9 estar dispon\u00edvel para responder os h\u00f3spedes nas plataformas de reservas. Contudo, com o Anfitri\u00e3o Prime voc\u00ea n\u00e3o ter\u00e1 que se preocupar com isso, pois n\u00f3s temos uma equipe que est\u00e1 24\/7 dispon\u00edvel para isso.<\/p>\n<p>&nbsp;<\/p>\n<h3><b><img decoding=\"async\" class=\"emoji\" role=\"img\" draggable=\"false\" src=\"https:\/\/s.w.org\/images\/core\/emoji\/13.1.0\/svg\/1f4c8.svg\" alt=\"\ud83d\udcc8\" \/>\u00a0<a href=\"https:\/\/www.anfitriaoprime.com.br\/blog\/valor-da-diaria-no-aluguel-de-temporada\/\">Defini\u00e7\u00e3o dos melhores pre\u00e7os de di\u00e1rias<\/a><\/b><\/h3>\n<p>Contamos com uma tecnologia de ponta que faz a precifica\u00e7\u00e3o inteligente do seu im\u00f3vel, pensando a longo prazo. Em outras palavras, ela leva em conta as varia\u00e7\u00f5es de pre\u00e7o que ocorrem durante o ano, como feriados, alta e baixa temporadas. Al\u00e9m de outras situa\u00e7\u00f5es que podem fazer com que o valor da di\u00e1ria do seu im\u00f3vel varie.<\/p>\n<p>&nbsp;<\/p>\n<h3><strong><img decoding=\"async\" loading=\"lazy\" class=\"emoji alignnone\" role=\"img\" draggable=\"false\" src=\"https:\/\/s.w.org\/images\/core\/emoji\/13.1.0\/svg\/1f5d3.svg\" alt=\"aluguel de temporada em Fortaleza\" width=\"150\" height=\"150\" \/>\u00a0Gest\u00e3o do calend\u00e1rio\u00a0<\/strong><\/h3>\n<p>N\u00f3s tamb\u00e9m contamos com uma ferramenta que faz a gest\u00e3o unificada do seu calend\u00e1rio para evitar o overbooking. Al\u00e9m disso, voc\u00ea tamb\u00e9m pode continuar utilizando o im\u00f3vel quando desejar, basta apenas nos informar com anteced\u00eancia para que possamos fazer o bloqueio do calend\u00e1rio para os h\u00f3spedes.<\/p>\n<p>&nbsp;<\/p>\n<h3><b><img decoding=\"async\" class=\"emoji\" role=\"img\" draggable=\"false\" src=\"https:\/\/s.w.org\/images\/core\/emoji\/13.1.0\/svg\/2714.svg\" alt=\"\u2714\" \/>\u00a0Concierge, Limpeza e Manuten\u00e7\u00e3o\u00a0<\/b><\/h3>\n<p>Finalmente, para que voc\u00ea possa alugar casas em Uberl\u00e2ndia com tranquilidade, tamb\u00e9m oferecemos servi\u00e7os complementares. Atualmente, contamos com especialistas para serem <b>concierge<\/b>\u00a0do seu im\u00f3vel e serem respons\u00e1veis do check-in e check-out dos h\u00f3spedes. Al\u00e9m de outros profissionais para\u00a0<strong>limpeza, manuten\u00e7\u00e3o<\/strong>\u00a0e outros servi\u00e7os necess\u00e1rios para garantir uma experi\u00eancia perfeita aos seus h\u00f3spedes.<\/p>\n<h2>Por que anunciar seu im\u00f3vel com a gente?<\/h2>\n<p>Ent\u00e3o, se comparamos os servi\u00e7os do Anfitri\u00e3o Prime com os servi\u00e7os oferecidos por outros sites de reservas, voc\u00ea ter\u00e1 as seguintes vantagens:<\/p>\n<figure id=\"attachment_3450\" class=\"thumbnail wp-caption alignnone\" style=\"width: 310px\"><img decoding=\"async\" loading=\"lazy\" class=\"wp-image-3450 size-medium\" src=\"https:\/\/www.anfitriaoprime.com.br\/blog\/wp-content\/uploads\/2022\/04\/Dimensoes-personalizadas-750x410-px-13-300x164.jpeg\" alt=\"aluguel de temporada em Uberl\u00e2ndia\" width=\"300\" height=\"164\" srcset=\"https:\/\/www.anfitriaoprime.com.br\/blog\/wp-content\/uploads\/2022\/04\/Dimensoes-personalizadas-750x410-px-13-300x164.jpeg 300w, https:\/\/www.anfitriaoprime.com.br\/blog\/wp-content\/uploads\/2022\/04\/Dimensoes-personalizadas-750x410-px-13.jpeg 750w\" sizes=\"(max-width: 300px) 100vw, 300px\" \/><figcaption class=\"caption wp-caption-text\">Foto por Will<\/figcaption><\/figure>\n<p>&nbsp;<\/p>\n<h3><strong>Sobre Uberl\u00e2ndia\u00a0<\/strong><\/h3>\n<p><span style=\"font-weight: 400;\">Localizada no sudeste de <strong>Minas Gerais<\/strong> e conhecida como a <strong>Capital da Log\u00edstica<\/strong>, <\/span><b>Uberl\u00e2ndia<\/b><span style=\"font-weight: 400;\"> \u00e9 a cidade com maior n\u00famero de habitantes do tri\u00e2ngulo mineiro e tamb\u00e9m a quarta maior do interior do Brasil em popula\u00e7\u00e3o.<\/span><\/p>\n<p><span style=\"font-weight: 400;\">O munic\u00edpio possui muitos pontos tur\u00edsticos, tanto naturais, quanto arquitet\u00f4nicos, al\u00e9m de uma grande diversidade cultural. H\u00e1 muitas op\u00e7\u00f5es de <\/span><b>loca\u00e7\u00e3o de temporada<\/b><span style=\"font-weight: 400;\"> em <\/span><b>Uberl\u00e2ndia<\/b><span style=\"font-weight: 400;\">, principalmente para neg\u00f3cios.\u00a0\u00a0<\/span><\/p>\n<h3><\/h3>\n<h4><strong>Parque da G\u00e1vea<\/strong><\/h4>\n<p><span style=\"font-weight: 400;\">Esse \u00e9 um dos principais parques de <\/span><b>Uberl\u00e2ndia <\/b><strong>e<\/strong><span style=\"font-weight: 400;\"><strong>\u00a0p<\/strong>ossui mais de 180 metros quadrados. Com quase 3km de pista para caminhada, abriga tamb\u00e9m um orquid\u00e1rio, esta\u00e7\u00e3o de gin\u00e1stica e um museu de ci\u00eancias.<\/span><\/p>\n<p><span style=\"font-weight: 400;\">Com uma das melhores estruturas de <\/span><b>Uberl\u00e2ndia<\/b><span style=\"font-weight: 400;\"> e ao lado do parque, o G<em>\u00e1vea Paradiso<\/em> \u00e9 um condom\u00ednio completo, ideal para <\/span><b>loca\u00e7\u00e3o de temporada<\/b><span style=\"font-weight: 400;\">, com muitas op\u00e7\u00f5es de lazer, como um campo de futebol society, quadras de diversos esportes e at\u00e9 um campo de minigolfe.\u00a0<\/span><\/p>\n<h3><\/h3>\n<h4><strong>Zool\u00f3gico Municipal<\/strong><\/h4>\n<p><span style=\"font-weight: 400;\">S\u00e3o cerca de 300 mil metros quadrados destinados \u00e0 preserva\u00e7\u00e3o da nossa fauna, com mais de 200 animais de 50 diferentes esp\u00e9cies. Com o intuito de conservar e educar, o local \u00e9 outra boa op\u00e7\u00e3o de lazer para toda a fam\u00edlia.<\/span><\/p>\n<p><span style=\"font-weight: 400;\">A 15 minutos do zool\u00f3gico, o <em>Alphaville <\/em><\/span><em>Uberl\u00e2ndia<\/em><span style=\"font-weight: 400;\"><em> 2<\/em> \u00e9 um dos condom\u00ednios de casas de alto padr\u00e3o mais luxuosos da cidade, com muita \u00e1rea verde e uma \u00f3tima localiza\u00e7\u00e3o, al\u00e9m de possuir uma estrutura de lazer completa.<\/span><\/p>\n<h3><\/h3>\n<h4><strong>Arena Bali<\/strong><\/h4>\n<p><span style=\"font-weight: 400;\">A Arena Bali \u00e9 um peda\u00e7o de praia dentro de <\/span><b>Uberl\u00e2ndia<\/b><span style=\"font-weight: 400;\">, destinado a esportes como v\u00f4lei de praia, futev\u00f4lei e beach tennis. No total, s\u00e3o 8 quadras de areia e possui tamb\u00e9m um bar, ideal para as confraterniza\u00e7\u00f5es depois dos jogos.<\/span><\/p>\n<p><span style=\"font-weight: 400;\">Uma caminhada de 15 minutos \u00e9 suficiente para chegar at\u00e9 o condom\u00ednio <em>Golden Village<\/em>, outra boa op\u00e7\u00e3o para <\/span><b>loca\u00e7\u00e3o de temporada<\/b><span style=\"font-weight: 400;\">, o qual possui academia, quadra de t\u00eanis e poliesportiva, al\u00e9m de um espa\u00e7o gourmet com capacidade para 250 pessoas.<\/span><\/p>\n<h3><\/h3>\n<h4><strong>Mercado Municipal<\/strong><\/h4>\n<p><span style=\"font-weight: 400;\">Com quase 100 anos de hist\u00f3ria, o Mercado Municipal de <\/span><b>Uberl\u00e2ndia<\/b><span style=\"font-weight: 400;\"> fica no centro da cidade mineira e, al\u00e9m da diversidade gastron\u00f4mica, possui uma galeria de arte e um espa\u00e7o para apresenta\u00e7\u00f5es teatrais.<\/span><\/p>\n<p><span style=\"font-weight: 400;\">O <em>Residencial L\u00eddice Boulevard<\/em> fica a 1km do Mercado Municipal e \u00e9 composto por apartamentos de alto padr\u00e3o, com op\u00e7\u00f5es de varanda gourmet, muito conforto e \u00f3tima estrutura de seguran\u00e7a.<\/span><\/p>\n<h3><\/h3>\n<h4><strong>Cachoeira do Sucupira<\/strong><\/h4>\n<p><span style=\"font-weight: 400;\">Na zona rural de <\/span><b>Uberl\u00e2ndia<\/b><span style=\"font-weight: 400;\"> est\u00e1 um dos pontos tur\u00edsticos mais visitados da regi\u00e3o, a <strong>Cachoeira do Sucupira<\/strong>, uma bela queda d\u2019\u00e1gua cercada de verde, al\u00e9m de ter uma linda praia natural de cascalhos e pedras.<\/span><\/p>\n<p><span style=\"font-weight: 400;\">Um dos condom\u00ednios mais pr\u00f3ximos, localizado a 20 minutos da Cachoeira do Sucupira, \u00e9 o <em>Boulevard Residence<\/em>, uma excelente op\u00e7\u00e3o de <\/span><b>loca\u00e7\u00e3o de temporada<\/b><span style=\"font-weight: 400;\">, com piscina aquecida, churrasqueira e playground.\u00a0<\/span><\/p>\n<p>Ent\u00e3o, viu como h\u00e1 v\u00e1rias coisas que podem atrair mais h\u00f3spedes para o seu aluguel de temporada em Uberl\u00e2ndia? E se voc\u00ea tem um im\u00f3vel em algum desses condom\u00ednio e precisa de ajuda com a gest\u00e3o dele: fale conosco, n\u00f3s podemos te ajudar!<\/p>\n","protected":false},"excerpt":{"rendered":"<p>Se voc\u00ea deseja investir em aluguel de temporada em Uberl\u00e2ndia, precisa conhecer os servi\u00e7os personalizados do Anfitri\u00e3o Prime. Al\u00e9m de contar com uma plataforma que integra o seu an\u00fancio em mais de 30 sites de reservas, contamos com profissionais altamente qualificados para te auxiliar em todas as etapas de loca\u00e7\u00e3o.\u00a0 Clique aqui para conhecer o [&hellip;]<\/p>\n","protected":false},"author":1,"featured_media":3447,"parent":0,"menu_order":0,"comment_status":"closed","ping_status":"closed","template":"page-lp.php","meta":[],"yoast_head":"<!-- This site is optimized with the Yoast SEO plugin v21.1 - https:\/\/yoast.com\/wordpress\/plugins\/seo\/ -->\n<title>Invista em aluguel de temporada em Uberl\u00e2ndia com o Anfitri\u00e3o Prime<\/title>\n<meta name=\"description\" content=\"Conhe\u00e7a os nossos servi\u00e7os de gest\u00e3o de aluguel de temporada em Uberl\u00e2ndia e se livre de todas as burocracias. Saiba mais!\" \/>\n<meta name=\"robots\" content=\"index, follow, max-snippet:-1, max-image-preview:large, max-video-preview:-1\" \/>\n<link rel=\"canonical\" href=\"https:\/\/www.anfitriaoprime.com.br\/blog\/aluguel-de-temporada-uberlandia\/\" \/>\n<meta property=\"og:locale\" content=\"pt_BR\" \/>\n<meta property=\"og:type\" content=\"article\" \/>\n<meta property=\"og:title\" content=\"Invista em aluguel de temporada em Uberl\u00e2ndia com o Anfitri\u00e3o Prime\" \/>\n<meta property=\"og:description\" content=\"Conhe\u00e7a os nossos servi\u00e7os de gest\u00e3o de aluguel de temporada em Uberl\u00e2ndia e se livre de todas as burocracias. Saiba mais!\" \/>\n<meta property=\"og:url\" content=\"https:\/\/www.anfitriaoprime.com.br\/blog\/aluguel-de-temporada-uberlandia\/\" \/>\n<meta property=\"og:site_name\" content=\"Blog Anfitri\u00e3o Prime: Ganhe dinheiro com aluguel de temporada.\" \/>\n<meta property=\"og:image\" content=\"https:\/\/www.anfitriaoprime.com.br\/blog\/wp-content\/uploads\/2022\/04\/1920-13.jpeg\" \/>\n\t<meta property=\"og:image:width\" content=\"1920\" \/>\n\t<meta property=\"og:image:height\" content=\"550\" \/>\n\t<meta property=\"og:image:type\" content=\"image\/jpeg\" \/>\n<meta name=\"twitter:card\" content=\"summary_large_image\" \/>\n<meta name=\"twitter:label1\" content=\"Est. tempo de leitura\" \/>\n\t<meta name=\"twitter:data1\" content=\"6 minutos\" \/>\n<script type=\"application\/ld+json\" class=\"yoast-schema-graph\">{\"@context\":\"https:\/\/schema.org\",\"@graph\":[{\"@type\":\"WebPage\",\"@id\":\"https:\/\/www.anfitriaoprime.com.br\/blog\/aluguel-de-temporada-uberlandia\/\",\"url\":\"https:\/\/www.anfitriaoprime.com.br\/blog\/aluguel-de-temporada-uberlandia\/\",\"name\":\"Invista em aluguel de temporada em Uberl\u00e2ndia com o Anfitri\u00e3o Prime\",\"isPartOf\":{\"@id\":\"https:\/\/www.anfitriaoprime.com.br\/blog\/#website\"},\"datePublished\":\"2022-04-06T21:35:26+00:00\",\"dateModified\":\"2022-04-06T21:35:26+00:00\",\"description\":\"Conhe\u00e7a os nossos servi\u00e7os de gest\u00e3o de aluguel de temporada em Uberl\u00e2ndia e se livre de todas as burocracias. Saiba mais!\",\"breadcrumb\":{\"@id\":\"https:\/\/www.anfitriaoprime.com.br\/blog\/aluguel-de-temporada-uberlandia\/#breadcrumb\"},\"inLanguage\":\"pt-BR\",\"potentialAction\":[{\"@type\":\"ReadAction\",\"target\":[\"https:\/\/www.anfitriaoprime.com.br\/blog\/aluguel-de-temporada-uberlandia\/\"]}]},{\"@type\":\"BreadcrumbList\",\"@id\":\"https:\/\/www.anfitriaoprime.com.br\/blog\/aluguel-de-temporada-uberlandia\/#breadcrumb\",\"itemListElement\":[{\"@type\":\"ListItem\",\"position\":1,\"name\":\"In\u00edcio\",\"item\":\"https:\/\/www.anfitriaoprime.com.br\/blog\/\"},{\"@type\":\"ListItem\",\"position\":2,\"name\":\"Invista em aluguel de temporada em Uberl\u00e2ndia com o Anfitri\u00e3o Prime\"}]},{\"@type\":\"WebSite\",\"@id\":\"https:\/\/www.anfitriaoprime.com.br\/blog\/#website\",\"url\":\"https:\/\/www.anfitriaoprime.com.br\/blog\/\",\"name\":\"Blog Anfitri\u00e3o Prime - Gest\u00e3o de propriedade para aluguel de temporada\",\"description\":\"No blog do Anfitri\u00e3o Prime voc\u00ea encontra dicas e informa\u00e7\u00f5es sobre o mercado de aluguel de temporada escrito por anfitri\u00f5es profissionais\",\"potentialAction\":[{\"@type\":\"SearchAction\",\"target\":{\"@type\":\"EntryPoint\",\"urlTemplate\":\"https:\/\/www.anfitriaoprime.com.br\/blog\/?s={search_term_string}\"},\"query-input\":\"required name=search_term_string\"}],\"inLanguage\":\"pt-BR\"}]}<\/script>\n<!-- \/ Yoast SEO plugin. -->","yoast_head_json":{"title":"Invista em aluguel de temporada em Uberl\u00e2ndia com o Anfitri\u00e3o Prime","description":"Conhe\u00e7a os nossos servi\u00e7os de gest\u00e3o de aluguel de temporada em Uberl\u00e2ndia e se livre de todas as burocracias. Saiba mais!","robots":{"index":"index","follow":"follow","max-snippet":"max-snippet:-1","max-image-preview":"max-image-preview:large","max-video-preview":"max-video-preview:-1"},"canonical":"https:\/\/www.anfitriaoprime.com.br\/blog\/aluguel-de-temporada-uberlandia\/","og_locale":"pt_BR","og_type":"article","og_title":"Invista em aluguel de temporada em Uberl\u00e2ndia com o Anfitri\u00e3o Prime","og_description":"Conhe\u00e7a os nossos servi\u00e7os de gest\u00e3o de aluguel de temporada em Uberl\u00e2ndia e se livre de todas as burocracias. Saiba mais!","og_url":"https:\/\/www.anfitriaoprime.com.br\/blog\/aluguel-de-temporada-uberlandia\/","og_site_name":"Blog Anfitri\u00e3o Prime: Ganhe dinheiro com aluguel de temporada.","og_image":[{"width":1920,"height":550,"url":"https:\/\/www.anfitriaoprime.com.br\/blog\/wp-content\/uploads\/2022\/04\/1920-13.jpeg","type":"image\/jpeg"}],"twitter_card":"summary_large_image","twitter_misc":{"Est. tempo de leitura":"6 minutos"},"schema":{"@context":"https:\/\/schema.org","@graph":[{"@type":"WebPage","@id":"https:\/\/www.anfitriaoprime.com.br\/blog\/aluguel-de-temporada-uberlandia\/","url":"https:\/\/www.anfitriaoprime.com.br\/blog\/aluguel-de-temporada-uberlandia\/","name":"Invista em aluguel de temporada em Uberl\u00e2ndia com o Anfitri\u00e3o Prime","isPartOf":{"@id":"https:\/\/www.anfitriaoprime.com.br\/blog\/#website"},"datePublished":"2022-04-06T21:35:26+00:00","dateModified":"2022-04-06T21:35:26+00:00","description":"Conhe\u00e7a os nossos servi\u00e7os de gest\u00e3o de aluguel de temporada em Uberl\u00e2ndia e se livre de todas as burocracias. Saiba mais!","breadcrumb":{"@id":"https:\/\/www.anfitriaoprime.com.br\/blog\/aluguel-de-temporada-uberlandia\/#breadcrumb"},"inLanguage":"pt-BR","potentialAction":[{"@type":"ReadAction","target":["https:\/\/www.anfitriaoprime.com.br\/blog\/aluguel-de-temporada-uberlandia\/"]}]},{"@type":"BreadcrumbList","@id":"https:\/\/www.anfitriaoprime.com.br\/blog\/aluguel-de-temporada-uberlandia\/#breadcrumb","itemListElement":[{"@type":"ListItem","position":1,"name":"In\u00edcio","item":"https:\/\/www.anfitriaoprime.com.br\/blog\/"},{"@type":"ListItem","position":2,"name":"Invista em aluguel de temporada em Uberl\u00e2ndia com o Anfitri\u00e3o Prime"}]},{"@type":"WebSite","@id":"https:\/\/www.anfitriaoprime.com.br\/blog\/#website","url":"https:\/\/www.anfitriaoprime.com.br\/blog\/","name":"Blog Anfitri\u00e3o Prime - Gest\u00e3o de propriedade para aluguel de temporada","description":"No blog do Anfitri\u00e3o Prime voc\u00ea encontra dicas e informa\u00e7\u00f5es sobre o mercado de aluguel de temporada escrito por anfitri\u00f5es profissionais","potentialAction":[{"@type":"SearchAction","target":{"@type":"EntryPoint","urlTemplate":"https:\/\/www.anfitriaoprime.com.br\/blog\/?s={search_term_string}"},"query-input":"required name=search_term_string"}],"inLanguage":"pt-BR"}]}},"acf":{"imagem":{"ID":3447,"id":3447,"title":"1920 (13)","filename":"1920-13.jpeg","filesize":931001,"url":"https:\/\/www.anfitriaoprime.com.br\/blog\/wp-content\/uploads\/2022\/04\/1920-13.jpeg","link":"https:\/\/www.anfitriaoprime.com.br\/blog\/aluguel-de-temporada-uberlandia\/1920-13\/","alt":"Condom\u00ednio Porto de Ibi\u00fana","author":"1","description":"","caption":"Foto Wikipedia","name":"1920-13","status":"inherit","uploaded_to":3446,"date":"2022-04-06 21:08:32","modified":"2022-05-03 14:23:54","menu_order":0,"mime_type":"image\/jpeg","type":"image","subtype":"jpeg","icon":"https:\/\/www.anfitriaoprime.com.br\/blog\/wp-includes\/images\/media\/default.png","width":1920,"height":550,"sizes":{"thumbnail":"https:\/\/www.anfitriaoprime.com.br\/blog\/wp-content\/uploads\/2022\/04\/1920-13-150x150.jpeg","thumbnail-width":150,"thumbnail-height":150,"medium":"https:\/\/www.anfitriaoprime.com.br\/blog\/wp-content\/uploads\/2022\/04\/1920-13-300x86.jpeg","medium-width":300,"medium-height":86,"medium_large":"https:\/\/www.anfitriaoprime.com.br\/blog\/wp-content\/uploads\/2022\/04\/1920-13-768x220.jpeg","medium_large-width":648,"medium_large-height":186,"large":"https:\/\/www.anfitriaoprime.com.br\/blog\/wp-content\/uploads\/2022\/04\/1920-13-1024x293.jpeg","large-width":648,"large-height":185,"1536x1536":"https:\/\/www.anfitriaoprime.com.br\/blog\/wp-content\/uploads\/2022\/04\/1920-13-1536x440.jpeg","1536x1536-width":1536,"1536x1536-height":440,"2048x2048":"https:\/\/www.anfitriaoprime.com.br\/blog\/wp-content\/uploads\/2022\/04\/1920-13.jpeg","2048x2048-width":1920,"2048x2048-height":550,"sparkling-featured":"https:\/\/www.anfitriaoprime.com.br\/blog\/wp-content\/uploads\/2022\/04\/1920-13-750x410.jpeg","sparkling-featured-width":750,"sparkling-featured-height":410,"sparkling-featured-fullwidth":"https:\/\/www.anfitriaoprime.com.br\/blog\/wp-content\/uploads\/2022\/04\/1920-13.jpeg","sparkling-featured-fullwidth-width":1140,"sparkling-featured-fullwidth-height":327,"tab-small":"https:\/\/www.anfitriaoprime.com.br\/blog\/wp-content\/uploads\/2022\/04\/1920-13.jpeg","tab-small-width":60,"tab-small-height":17,"crp_thumbnail":"https:\/\/www.anfitriaoprime.com.br\/blog\/wp-content\/uploads\/2022\/04\/1920-13.jpeg","crp_thumbnail-width":150,"crp_thumbnail-height":43}},"titulo":"Invista em aluguel de temporada em Uberl\u00e2ndia com o Anfitri\u00e3o Prime ","subtitulo":"<p><span style=\"font-weight: 400;\">Se voc\u00ea deseja investir em aluguel de temporada em Uberl\u00e2ndia, precisa conhecer os servi\u00e7os personalizados do <\/span><b>Anfitri\u00e3o Prime<\/b><span style=\"font-weight: 400;\">. Al\u00e9m de contar com uma plataforma que integra o seu an\u00fancio em mais de 30 sites de reservas, contamos com profissionais altamente qualificados para te auxiliar em todas as etapas de loca\u00e7\u00e3o.\u00a0<\/span><\/p>\n<p><a href=\"https:\/\/reservas.anfitriaoprime.com.br\/\"><b>Clique aqui para conhecer o nosso portf\u00f3lio com mais de 1.000 im\u00f3veis de temporada distribu\u00eddos em todo o Brasil.\u00a0<\/b><\/a><\/p>\n","titulo_secao_1":"Como gerenciamos o seu aluguel de temporada em Uberl\u00e2ndia\u00a0","conteudo_secao_1":"<p><span style=\"font-weight: 400;\">Toda a parte burocr\u00e1tica e gest\u00e3o de <\/span><b>loca\u00e7\u00e3o de temporada<\/b><span style=\"font-weight: 400;\"> \u00e9 realizada pelo Anfitri\u00e3o Prime. Por meio de ferramentas sofisticadas e profissionais capacitados, o processo de aluguel de temporada em <\/span><b>Uberl\u00e2ndia<\/b><span style=\"font-weight: 400;\"> se torna muito simples.\u00a0<\/span><\/p>\n<p><span style=\"font-weight: 400;\">Conhe\u00e7a as vantagens em utilizar o servi\u00e7o:<\/span><\/p>\n<ul>\n<li style=\"font-weight: 400;\" aria-level=\"1\"><span style=\"font-weight: 400;\">Gest\u00e3o do calend\u00e1rio de reservas;<\/span><\/li>\n<li style=\"font-weight: 400;\" aria-level=\"1\"><span style=\"font-weight: 400;\">Estudo de pre\u00e7os de di\u00e1rias;\u00a0<\/span><\/li>\n<li style=\"font-weight: 400;\" aria-level=\"1\"><span style=\"font-weight: 400;\">\u00c9 realizada toda a gest\u00e3o do <\/span><b>an\u00fancio<\/b><span style=\"font-weight: 400;\"> dos <\/span><b>im\u00f3veis<\/b><span style=\"font-weight: 400;\">.<\/span><\/li>\n<\/ul>\n<p><span style=\"font-weight: 400;\">A equipe do <\/span><b>Anfitri\u00e3o Prime<\/b><span style=\"font-weight: 400;\">, al\u00e9m de realizar toda a parte burocr\u00e1tica da <\/span><b>loca\u00e7\u00e3o de temporada<\/b><span style=\"font-weight: 400;\">, faz a divulga\u00e7\u00e3o dos im\u00f3veis em mais de 30 sites de reservas, ou seja, conta com um amplo trabalho de exposi\u00e7\u00e3o e marketing.<\/span><\/p>\n","titulo_secao_2":"Conhe\u00e7a os nossos servi\u00e7os\u00a0","imagem_secao_2":false,"conteudo_secao_2":"<p>Aliamos a experi\u00eancia com turismo dos nossos profissionais \u00e0 uma tecnologia de ponta, garantindo, assim, maiores ganhos com o aluguel de temporada em Uberl\u00e2ndia. Confira os nossos servi\u00e7os:<\/p>\n<p>&nbsp;<\/p>\n<h3><b><img decoding=\"async\" loading=\"lazy\" class=\"emoji alignnone\" role=\"img\" draggable=\"false\" src=\"https:\/\/s.w.org\/images\/core\/emoji\/13.1.0\/svg\/1f4bb.svg\" alt=\"aluguel de temporada em Fortaleza\" width=\"150\" height=\"150\" \/>\u00a0Anunciamos sua propriedade<\/b><\/h3>\n<p>Primeiramente, criamos o an\u00fancio e o publicamos em mais de 30 sites de reservas, como Airbnb, Booking, VRBO (Alugue Temporada) e TripAdvisor.\u00a0 Em seguida, j\u00e1 ficamos respons\u00e1veis pela gest\u00e3o dele em cada uma das plataformas.<\/p>\n<p>&nbsp;<\/p>\n<h3><a href=\"https:\/\/www.anfitriaoprime.com.br\/blog\/foto-a-importancia-no-aluguel-de-temporada\/\"><b><img decoding=\"async\" class=\"emoji\" role=\"img\" draggable=\"false\" src=\"https:\/\/s.w.org\/images\/core\/emoji\/13.1.0\/svg\/1f4f7.svg\" alt=\"\ud83d\udcf7\" \/>\u00a0Fotos profissionais<\/b><\/a><\/h3>\n<p>As fotos profissionais garantem uma melhor primeira impress\u00e3o aos h\u00f3spedes, o que aumenta as possibilidades de reservas.<\/p>\n<p>&nbsp;<\/p>\n<h3><b><img decoding=\"async\" class=\"emoji\" role=\"img\" draggable=\"false\" src=\"https:\/\/s.w.org\/images\/core\/emoji\/13.1.0\/svg\/1f4ac.svg\" alt=\"\ud83d\udcac\" \/>\u00a0Comunica\u00e7\u00e3o com os h\u00f3spedes<\/b><\/h3>\n<p>Um dos grandes problemas ao gerenciar um im\u00f3vel de temporada \u00e9 estar dispon\u00edvel para responder os h\u00f3spedes nas plataformas de reservas. Contudo, com o Anfitri\u00e3o Prime voc\u00ea n\u00e3o ter\u00e1 que se preocupar com isso, pois n\u00f3s temos uma equipe que est\u00e1 24\/7 dispon\u00edvel para isso.<\/p>\n<p>&nbsp;<\/p>\n<h3><b><img decoding=\"async\" class=\"emoji\" role=\"img\" draggable=\"false\" src=\"https:\/\/s.w.org\/images\/core\/emoji\/13.1.0\/svg\/1f4c8.svg\" alt=\"\ud83d\udcc8\" \/>\u00a0<a href=\"https:\/\/www.anfitriaoprime.com.br\/blog\/valor-da-diaria-no-aluguel-de-temporada\/\">Defini\u00e7\u00e3o dos melhores pre\u00e7os de di\u00e1rias<\/a><\/b><\/h3>\n<p>Contamos com uma tecnologia de ponta que faz a precifica\u00e7\u00e3o inteligente do seu im\u00f3vel, pensando a longo prazo. Em outras palavras, ela leva em conta as varia\u00e7\u00f5es de pre\u00e7o que ocorrem durante o ano, como feriados, alta e baixa temporadas. Al\u00e9m de outras situa\u00e7\u00f5es que podem fazer com que o valor da di\u00e1ria do seu im\u00f3vel varie.<\/p>\n<p>&nbsp;<\/p>\n<h3><strong><img decoding=\"async\" loading=\"lazy\" class=\"emoji alignnone\" role=\"img\" draggable=\"false\" src=\"https:\/\/s.w.org\/images\/core\/emoji\/13.1.0\/svg\/1f5d3.svg\" alt=\"aluguel de temporada em Fortaleza\" width=\"150\" height=\"150\" \/>\u00a0Gest\u00e3o do calend\u00e1rio\u00a0<\/strong><\/h3>\n<p>N\u00f3s tamb\u00e9m contamos com uma ferramenta que faz a gest\u00e3o unificada do seu calend\u00e1rio para evitar o overbooking. Al\u00e9m disso, voc\u00ea tamb\u00e9m pode continuar utilizando o im\u00f3vel quando desejar, basta apenas nos informar com anteced\u00eancia para que possamos fazer o bloqueio do calend\u00e1rio para os h\u00f3spedes.<\/p>\n<p>&nbsp;<\/p>\n<h3><b><img decoding=\"async\" class=\"emoji\" role=\"img\" draggable=\"false\" src=\"https:\/\/s.w.org\/images\/core\/emoji\/13.1.0\/svg\/2714.svg\" alt=\"\u2714\" \/>\u00a0Concierge, Limpeza e Manuten\u00e7\u00e3o\u00a0<\/b><\/h3>\n<p>Finalmente, para que voc\u00ea possa alugar casas em Uberl\u00e2ndia com tranquilidade, tamb\u00e9m oferecemos servi\u00e7os complementares. Atualmente, contamos com especialistas para serem <b>concierge<\/b>\u00a0do seu im\u00f3vel e serem respons\u00e1veis do check-in e check-out dos h\u00f3spedes. Al\u00e9m de outros profissionais para\u00a0<strong>limpeza, manuten\u00e7\u00e3o<\/strong>\u00a0e outros servi\u00e7os necess\u00e1rios para garantir uma experi\u00eancia perfeita aos seus h\u00f3spedes.<\/p>\n","titulo_secao_3":"Por que anunciar seu im\u00f3vel com a gente?","conteudo_secao_3":"<p>Ent\u00e3o, se comparamos os servi\u00e7os do Anfitri\u00e3o Prime com os servi\u00e7os oferecidos por outros sites de reservas, voc\u00ea ter\u00e1 as seguintes vantagens:<\/p>\n","titulo_secao_6":"Sobre Uberl\u00e2ndia\u00a0","conteudo_secao_6":"<figure id=\"attachment_3450\" class=\"thumbnail wp-caption alignnone\" style=\"width: 760px\"><img decoding=\"async\" loading=\"lazy\" class=\"wp-image-3450 size-full\" src=\"https:\/\/www.anfitriaoprime.com.br\/blog\/wp-content\/uploads\/2022\/04\/Dimensoes-personalizadas-750x410-px-13.jpeg\" alt=\"aluguel de temporada em Uberl\u00e2ndia\" width=\"750\" height=\"410\" srcset=\"https:\/\/www.anfitriaoprime.com.br\/blog\/wp-content\/uploads\/2022\/04\/Dimensoes-personalizadas-750x410-px-13.jpeg 750w, https:\/\/www.anfitriaoprime.com.br\/blog\/wp-content\/uploads\/2022\/04\/Dimensoes-personalizadas-750x410-px-13-300x164.jpeg 300w\" sizes=\"(max-width: 750px) 100vw, 750px\" \/><figcaption class=\"caption wp-caption-text\">Foto de Will7<\/figcaption><\/figure>\n<p><span style=\"font-weight: 400;\">Localizada no sudeste de <strong>Minas Gerais<\/strong> e conhecida como a <strong>Capital da Log\u00edstica<\/strong>, <\/span><b>Uberl\u00e2ndia<\/b><span style=\"font-weight: 400;\"> \u00e9 a cidade com maior n\u00famero de habitantes do tri\u00e2ngulo mineiro e tamb\u00e9m a quarta maior do interior do Brasil em popula\u00e7\u00e3o.<\/span><\/p>\n<p><span style=\"font-weight: 400;\">O munic\u00edpio possui muitos pontos tur\u00edsticos, tanto naturais, quanto arquitet\u00f4nicos, al\u00e9m de uma grande diversidade cultural. H\u00e1 muitas op\u00e7\u00f5es de <\/span><b>loca\u00e7\u00e3o de temporada<\/b><span style=\"font-weight: 400;\"> em <\/span><b>Uberl\u00e2ndia<\/b><span style=\"font-weight: 400;\">, principalmente para neg\u00f3cios.\u00a0\u00a0<\/span><\/p>\n<h3><\/h3>\n<h4><strong>Parque da G\u00e1vea<\/strong><\/h4>\n<p><span style=\"font-weight: 400;\">Esse \u00e9 um dos principais parques de <\/span><b>Uberl\u00e2ndia <\/b><strong>e<\/strong><span style=\"font-weight: 400;\"><strong>\u00a0p<\/strong>ossui mais de 180 metros quadrados. Com quase 3km de pista para caminhada, abriga tamb\u00e9m um orquid\u00e1rio, esta\u00e7\u00e3o de gin\u00e1stica e um museu de ci\u00eancias.<\/span><\/p>\n<p><span style=\"font-weight: 400;\">Com uma das melhores estruturas de <\/span><b>Uberl\u00e2ndia<\/b><span style=\"font-weight: 400;\"> e ao lado do parque, o G<em>\u00e1vea Paradiso<\/em> \u00e9 um condom\u00ednio completo, ideal para <\/span><b>loca\u00e7\u00e3o de temporada<\/b><span style=\"font-weight: 400;\">, com muitas op\u00e7\u00f5es de lazer, como um campo de futebol society, quadras de diversos esportes e at\u00e9 um campo de minigolfe.\u00a0<\/span><\/p>\n<h3><\/h3>\n<h4><strong>Zool\u00f3gico Municipal<\/strong><\/h4>\n<p><span style=\"font-weight: 400;\">S\u00e3o cerca de 300 mil metros quadrados destinados \u00e0 preserva\u00e7\u00e3o da nossa fauna, com mais de 200 animais de 50 diferentes esp\u00e9cies. Com o intuito de conservar e educar, o local \u00e9 outra boa op\u00e7\u00e3o de lazer para toda a fam\u00edlia.<\/span><\/p>\n<p><span style=\"font-weight: 400;\">A 15 minutos do zool\u00f3gico, o <em>Alphaville <\/em><\/span><em>Uberl\u00e2ndia<\/em><span style=\"font-weight: 400;\"><em> 2<\/em> \u00e9 um dos condom\u00ednios de casas de alto padr\u00e3o mais luxuosos da cidade, com muita \u00e1rea verde e uma \u00f3tima localiza\u00e7\u00e3o, al\u00e9m de possuir uma estrutura de lazer completa.<\/span><\/p>\n<h3><\/h3>\n<h4><strong>Arena Bali<\/strong><\/h4>\n<p><span style=\"font-weight: 400;\">A Arena Bali \u00e9 um peda\u00e7o de praia dentro de <\/span><b>Uberl\u00e2ndia<\/b><span style=\"font-weight: 400;\">, destinado a esportes como v\u00f4lei de praia, futev\u00f4lei e beach tennis. No total, s\u00e3o 8 quadras de areia e possui tamb\u00e9m um bar, ideal para as confraterniza\u00e7\u00f5es depois dos jogos.<\/span><\/p>\n<p><span style=\"font-weight: 400;\">Uma caminhada de 15 minutos \u00e9 suficiente para chegar at\u00e9 o condom\u00ednio <em>Golden Village<\/em>, outra boa op\u00e7\u00e3o para <\/span><b>loca\u00e7\u00e3o de temporada<\/b><span style=\"font-weight: 400;\">, o qual possui academia, quadra de t\u00eanis e poliesportiva, al\u00e9m de um espa\u00e7o gourmet com capacidade para 250 pessoas.<\/span><\/p>\n<h3><\/h3>\n<h4><strong>Mercado Municipal<\/strong><\/h4>\n<p><span style=\"font-weight: 400;\">Com quase 100 anos de hist\u00f3ria, o Mercado Municipal de <\/span><b>Uberl\u00e2ndia<\/b><span style=\"font-weight: 400;\"> fica no centro da cidade mineira e, al\u00e9m da diversidade gastron\u00f4mica, possui uma galeria de arte e um espa\u00e7o para apresenta\u00e7\u00f5es teatrais.<\/span><\/p>\n<p><span style=\"font-weight: 400;\">O <em>Residencial L\u00eddice Boulevard<\/em> fica a 1km do Mercado Municipal e \u00e9 composto por apartamentos de alto padr\u00e3o, com op\u00e7\u00f5es de varanda gourmet, muito conforto e \u00f3tima estrutura de seguran\u00e7a.<\/span><\/p>\n<h3><\/h3>\n<h4><strong>Cachoeira do Sucupira<\/strong><\/h4>\n<p><span style=\"font-weight: 400;\">Na zona rural de <\/span><b>Uberl\u00e2ndia<\/b><span style=\"font-weight: 400;\"> est\u00e1 um dos pontos tur\u00edsticos mais visitados da regi\u00e3o, a <strong>Cachoeira do Sucupira<\/strong>, uma bela queda d\u2019\u00e1gua cercada de verde, al\u00e9m de ter uma linda praia natural de cascalhos e pedras.<\/span><\/p>\n<p><span style=\"font-weight: 400;\">Um dos condom\u00ednios mais pr\u00f3ximos, localizado a 20 minutos da Cachoeira do Sucupira, \u00e9 o <em>Boulevard Residence<\/em>, uma excelente op\u00e7\u00e3o de <\/span><b>loca\u00e7\u00e3o de temporada<\/b><span style=\"font-weight: 400;\">, com piscina aquecida, churrasqueira e playground.\u00a0<\/span><\/p>\n<p>Ent\u00e3o, viu como h\u00e1 v\u00e1rias coisas que podem atrair mais h\u00f3spedes para o seu aluguel de temporada em Uberl\u00e2ndia? E se voc\u00ea tem um im\u00f3vel em algum desses condom\u00ednio e precisa de ajuda com a gest\u00e3o dele: fale conosco, n\u00f3s podemos te ajudar!<\/p>\n<p><a href=\"https:\/\/reservas.anfitriaoprime.com.br\/\"><b>Clique aqui para conhecer o nosso portf\u00f3lio com mais de 1.000 im\u00f3veis de temporada distribu\u00eddos em todo o Brasil.\u00a0<\/b><\/a><\/p>\n"},"_links":{"self":[{"href":"https:\/\/www.anfitriaoprime.com.br\/blog\/wp-json\/wp\/v2\/pages\/3446"}],"collection":[{"href":"https:\/\/www.anfitriaoprime.com.br\/blog\/wp-json\/wp\/v2\/pages"}],"about":[{"href":"https:\/\/www.anfitriaoprime.com.br\/blog\/wp-json\/wp\/v2\/types\/page"}],"author":[{"embeddable":true,"href":"https:\/\/www.anfitriaoprime.com.br\/blog\/wp-json\/wp\/v2\/users\/1"}],"replies":[{"embeddable":true,"href":"https:\/\/www.anfitriaoprime.com.br\/blog\/wp-json\/wp\/v2\/comments?post=3446"}],"version-history":[{"count":4,"href":"https:\/\/www.anfitriaoprime.com.br\/blog\/wp-json\/wp\/v2\/pages\/3446\/revisions"}],"predecessor-version":[{"id":3452,"href":"https:\/\/www.anfitriaoprime.com.br\/blog\/wp-json\/wp\/v2\/pages\/3446\/revisions\/3452"}],"wp:featuredmedia":[{"embeddable":true,"href":"https:\/\/www.anfitriaoprime.com.br\/blog\/wp-json\/wp\/v2\/media\/3447"}],"wp:attachment":[{"href":"https:\/\/www.anfitriaoprime.com.br\/blog\/wp-json\/wp\/v2\/media?parent=3446"}],"curies":[{"name":"wp","href":"https:\/\/api.w.org\/{rel}","templated":true}]}}