{"id":3474,"date":"2022-04-08T14:18:15","date_gmt":"2022-04-08T17:18:15","guid":{"rendered":"https:\/\/www.anfitriaoprime.com.br\/blog\/?page_id=3474"},"modified":"2022-04-08T14:18:15","modified_gmt":"2022-04-08T17:18:15","slug":"aluguel-de-temporada-em-bombinhas","status":"publish","type":"page","link":"https:\/\/www.anfitriaoprime.com.br\/blog\/aluguel-de-temporada-em-bombinhas\/","title":{"rendered":"Fa\u00e7a a gest\u00e3o do seu aluguel de temporada em Bombinhas com o Anfitri\u00e3o Prime"},"content":{"rendered":"<p><span style=\"font-weight: 400;\">Gerenciamos todo o seu aluguel de temporada em Bombinhas para te livrar das burocracias e preocupa\u00e7\u00f5es atrav\u00e9s das melhores ferramentas e servi\u00e7os personalizados.\u00a0<\/span><\/p>\n<p><a href=\"https:\/\/reservas.anfitriaoprime.com.br\/\"><b>Clique aqui para conhecer o nosso portf\u00f3lio de im\u00f3veis.\u00a0<\/b><\/a><\/p>\n<h2><strong>Como gerenciamos o seu aluguel de temporada em Bombinhas\u00a0<\/strong><\/h2>\n<p><span style=\"font-weight: 400;\">O <\/span><b>Anfitri\u00e3o Prime<\/b><span style=\"font-weight: 400;\"> \u00e9 muito mais do que uma imobili\u00e1ria digital ou um site de reservas comum, pois n\u00e3o oferece apenas o suporte para divulgar im\u00f3veis em <\/span><b>Bombinhas<\/b><span style=\"font-weight: 400;\">. N\u00f3s gerenciamos profissionalmente e por completo atrav\u00e9s de servi\u00e7os personalizados e humanizados.\u00a0<\/span><\/p>\n<p><span style=\"font-weight: 400;\">Assim, realizamos todas as burocracias pelo cliente e <em>descomplicamos a gest\u00e3o de aluguel de temporada em Bombinhas<\/em>.\u00a0<\/span><\/p>\n<p><span style=\"font-weight: 400;\">Ent\u00e3o, n\u00e3o perca a oportunidade de garantir toda a gest\u00e3o profissional que n\u00f3s oferecemos. Para isso, basta se cadastrar atrav\u00e9s do formul\u00e1rio ao lado, escolher o plano que melhor te atende e pronto.\u00a0<\/span><\/p>\n<p><span style=\"font-weight: 400;\">\u00c9 r\u00e1pido e pode te garantir at\u00e9 100% a mais de ganhos se comparamos com a loca\u00e7\u00e3o por conta pr\u00f3pria.\u00a0\u00a0<\/span><\/p>\n<h2>Conhe\u00e7a os nossos servi\u00e7os<\/h2>\n<p>Antes de mais nada, com os servi\u00e7os oferecidos pelo Anfitri\u00e3o Prime voc\u00ea pode ser um excelente Anfitri\u00e3o de Airbnb em<b> Bombinhas<\/b>. Visto que aliamos a experi\u00eancia de mais de 30 anos com turismo dos nossos profissionais \u00e0 tecnologia de ponta, garantindo maiores ganhos com o aluguel de temporada para propriet\u00e1rios e a melhor experi\u00eancia para os h\u00f3spedes. Confira os nossos servi\u00e7os:<\/p>\n<h3><b><img decoding=\"async\" class=\"emoji\" role=\"img\" draggable=\"false\" src=\"https:\/\/s.w.org\/images\/core\/emoji\/13.1.0\/svg\/1f4bb.svg\" alt=\"\ud83d\udcbb\" \/>\u00a0Anunciamos sua propriedade<\/b><\/h3>\n<p>Primeiramente, n\u00f3s criamos o an\u00fancio da sua propriedade e o publicamos em mais de 30 sites de reservas, como Airbnb, Booking, VRBO (Alugue Temporada) e TripAdvisor.\u00a0 Em seguida, ficamos respons\u00e1veis pela gest\u00e3o dele em cada uma das plataformas.<\/p>\n<h3><a href=\"https:\/\/www.anfitriaoprime.com.br\/blog\/foto-a-importancia-no-aluguel-de-temporada\/\"><b><img decoding=\"async\" loading=\"lazy\" class=\"emoji alignnone\" role=\"img\" draggable=\"false\" src=\"https:\/\/s.w.org\/images\/core\/emoji\/13.1.0\/svg\/1f4f7.svg\" alt=\"aluguel de temporada em Monte Verde\" width=\"150\" height=\"150\" \/>\u00a0Fotos profissionais<\/b><\/a><\/h3>\n<p>As fotos profissionais do seu im\u00f3vel garantem uma melhor primeira impress\u00e3o aos h\u00f3spedes, o que aumenta as possibilidades de reservas.<\/p>\n<h3><b><img decoding=\"async\" class=\"emoji\" role=\"img\" draggable=\"false\" src=\"https:\/\/s.w.org\/images\/core\/emoji\/13.1.0\/svg\/1f4ac.svg\" alt=\"\ud83d\udcac\" \/>\u00a0Comunica\u00e7\u00e3o com os h\u00f3spedes<\/b><\/h3>\n<p>Um dos grandes problemas ao gerenciar um im\u00f3vel de temporada \u00e9 estar dispon\u00edvel para responder os h\u00f3spedes nas plataformas de reservas. Contudo, com o Anfitri\u00e3o Prime voc\u00ea n\u00e3o ter\u00e1 que se preocupar com isso, pois n\u00f3s temos uma equipe que est\u00e1 24\/7 dispon\u00edvel para atend\u00ea-los.<\/p>\n<h3><b><img decoding=\"async\" loading=\"lazy\" class=\"emoji alignnone\" role=\"img\" draggable=\"false\" src=\"https:\/\/s.w.org\/images\/core\/emoji\/13.1.0\/svg\/1f4c8.svg\" alt=\"aluguel de temporada em Monte Verde\" width=\"150\" height=\"150\" \/>\u00a0<a href=\"https:\/\/www.anfitriaoprime.com.br\/blog\/valor-da-diaria-no-aluguel-de-temporada\/\">Defini\u00e7\u00e3o dos melhores pre\u00e7os de di\u00e1rias<\/a><\/b><\/h3>\n<p>Contamos com uma tecnologia de ponta que faz a precifica\u00e7\u00e3o inteligente do seu im\u00f3vel, pensando a longo prazo. Em outras palavras, ela leva em conta as varia\u00e7\u00f5es de pre\u00e7o que ocorrem durante o ano, como feriados, alta e baixa temporada. Al\u00e9m de outras situa\u00e7\u00f5es que podem fazer com que o valor da di\u00e1ria do seu im\u00f3vel varie.<\/p>\n<h3><strong><img decoding=\"async\" class=\"emoji\" role=\"img\" draggable=\"false\" src=\"https:\/\/s.w.org\/images\/core\/emoji\/13.1.0\/svg\/1f5d3.svg\" alt=\"\ud83d\uddd3\ufe0f\" \/>\u00a0Gest\u00e3o do calend\u00e1rio\u00a0<\/strong><\/h3>\n<p>N\u00f3s tamb\u00e9m contamos com uma ferramenta que faz a gest\u00e3o unificada do seu calend\u00e1rio para evitar o overbooking. Al\u00e9m disso, voc\u00ea tamb\u00e9m pode continuar utilizando o seu im\u00f3vel quando desejar, basta apenas nos informar com anteced\u00eancia para que possamos fazer o bloqueio do calend\u00e1rio para os h\u00f3spedes.<\/p>\n<h3><b><img decoding=\"async\" class=\"emoji\" role=\"img\" draggable=\"false\" src=\"https:\/\/s.w.org\/images\/core\/emoji\/13.1.0\/svg\/2714.svg\" alt=\"\u2714\" \/>\u00a0Concierge, Limpeza e Manuten\u00e7\u00e3o\u00a0<\/b><\/h3>\n<p>Finalmente, para que voc\u00ea possa alugar o seu aluguel de temporada em Bombinhas tranquilamente, oferecemos servi\u00e7os complementares como de <b>concierge<\/b>\u00a0do seu im\u00f3vel. Al\u00e9m de servi\u00e7os para\u00a0<strong>limpeza, manuten\u00e7\u00e3o<\/strong>\u00a0e outras coisas necess\u00e1rias para garantir uma experi\u00eancia perfeita aos h\u00f3spedes.<\/p>\n<h2>Por que anunciar seu im\u00f3vel com a gente?<\/h2>\n<p>Ent\u00e3o, se comparamos os servi\u00e7os do Anfitri\u00e3o Prime com os servi\u00e7os oferecidos por outros sites de reservas, voc\u00ea ter\u00e1 as seguintes vantagens:<\/p>\n<p>&nbsp;<\/p>\n<figure id=\"attachment_3482\" class=\"thumbnail wp-caption alignnone\" style=\"width: 310px\"><img decoding=\"async\" loading=\"lazy\" class=\"size-medium wp-image-3482\" src=\"https:\/\/www.anfitriaoprime.com.br\/blog\/wp-content\/uploads\/2022\/04\/Dimensoes-personalizadas-750x410-px-16-1-300x164.jpeg\" alt=\"aluguel de temporada em Bombinhas\" width=\"300\" height=\"164\" srcset=\"https:\/\/www.anfitriaoprime.com.br\/blog\/wp-content\/uploads\/2022\/04\/Dimensoes-personalizadas-750x410-px-16-1-300x164.jpeg 300w, https:\/\/www.anfitriaoprime.com.br\/blog\/wp-content\/uploads\/2022\/04\/Dimensoes-personalizadas-750x410-px-16-1.jpeg 750w\" sizes=\"(max-width: 300px) 100vw, 300px\" \/><figcaption class=\"caption wp-caption-text\">Foto do Bruno Possani no Unsplash<\/figcaption><\/figure>\n<h3><strong>Sobre Bombinhas<\/strong><\/h3>\n<p><span style=\"font-weight: 400;\">A cidade de <\/span><b>Bombinhas<\/b><span style=\"font-weight: 400;\"> fica no litoral catarinense e \u00e9 conhecida como a capital do mergulho ecol\u00f3gico. No in\u00edcio da d\u00e9cada de 1990 tornou-se independente de <em>Porto Belo<\/em> e possui mais de 30 praias, sendo uma regi\u00e3o de encontro de duas correntes mar\u00edtimas.<\/span><\/p>\n<p><span style=\"font-weight: 400;\">Al\u00e9m disso, h\u00e1 diversas outras atra\u00e7\u00f5es na cidade, como passeios e mergulhos ecol\u00f3gicos, o que faz o munic\u00edpio ser muito procurado para <\/span><b>loca\u00e7\u00e3o de temporada<\/b><span style=\"font-weight: 400;\">. Por isso, vamos listar alguns lugares que n\u00e3o podem deixar de serem visitados pelos os seus h\u00f3spedes.<\/span><\/p>\n<h3><\/h3>\n<h4><strong>Praia do Ribeiro<\/strong><\/h4>\n<p><span style=\"font-weight: 400;\">Primeiramente, \u00e9 claro que n\u00e3o poder\u00edamos deixar de indicar a Praia do Ribeiro, que est\u00e1 localizada entre as praias de Bombas e <\/span><b>Bombinhas. <\/b>Ela <span style=\"font-weight: 400;\">possui pouco mais de 100 metros de extens\u00e3o, apesar disso \u00e9 muito procurada por turistas, conta conta das suas \u00e1guas cristalinas e calmas, sendo visitada por tartarugas em algumas \u00e9pocas do ano.<\/span><\/p>\n<p><span style=\"font-weight: 400;\">Um \u00f3timo local para <\/span>aluguel de temporada em<b> Bombinhas <\/b><span style=\"font-weight: 400;\">\u00e9 o <em>Residencial Atol das Roca<\/em>s, que fica a 10 minutos de caminhada da Praia do Ribeiro e a 1 quarteir\u00e3o da praia de <\/span>Bombinhas<span style=\"font-weight: 400;\">, sendo uma excelente localiza\u00e7\u00e3o.<\/span><\/p>\n<h3><\/h3>\n<h4><strong>Praia da Concei\u00e7\u00e3o<\/strong><\/h4>\n<p><span style=\"font-weight: 400;\">Em seguida, recomendamos uma visita a Praia da Concei\u00e7\u00e3o, um local que possui areias com propriedades terap\u00eauticas e muitas piscinas naturais. Logo, a Praia da Concei\u00e7\u00e3o \u00e9 uma boa op\u00e7\u00e3o para visitar com a fam\u00edlia e ainda possui infraestrutura de servi\u00e7os e \u00e1gua com \u00f3tima qualidade.<\/span><\/p>\n<p><span style=\"font-weight: 400;\">O <em>Residencial Praia da Concei\u00e7\u00e3o<\/em>, \u00e9 um condom\u00ednio de alto padr\u00e3o que fica \u00e0 beira-mar e conta com natureza em todo seu entorno, muita seguran\u00e7a e op\u00e7\u00f5es de lazer.<\/span><\/p>\n<h3><\/h3>\n<h4><strong>Mirante Eco 360\u00ba<\/strong><\/h4>\n<p><span style=\"font-weight: 400;\">Do topo do mirante \u00e9 poss\u00edvel ver toda a cidade de <\/span><b>Bombinhas<\/b><span style=\"font-weight: 400;\"> e suas belezas naturais. Nesse local, est\u00e1 o <strong>Museu de Hist\u00f3ria Natural Charles Darwin<\/strong>, o qual possui aqu\u00e1rios tem\u00e1ticos e exposi\u00e7\u00f5es sobre a natureza e sua evolu\u00e7\u00e3o.<\/span><\/p>\n<p><span style=\"font-weight: 400;\">A pouco mais de 2,5km do Mirante Eco 360\u00ba, est\u00e1 localizado o <em>Edif\u00edcio Village Canto Grande<\/em>, mais uma op\u00e7\u00e3o para <\/span>loca\u00e7\u00e3o de temporada<span style=\"font-weight: 400;\"> em <\/span><b>Bombinhas <\/b>por se tratar de<span style=\"font-weight: 400;\"> um residencial com apartamentos muito aconchegantes.<\/span><\/p>\n<h3><\/h3>\n<h4><strong>Praia da Lagoinha<\/strong><\/h4>\n<p><span style=\"font-weight: 400;\">Em seguida, recomendamos uma outra pequena praia muito procurada, que \u00e9 a Praia da Lagoinha. Ela tem \u00e1gua rasa e cristalina, e tamb\u00e9m \u00e9 muito visitada por praticantes de mergulho livre e diversas esp\u00e9cies de peixes e tartarugas.<\/span><\/p>\n<p><span style=\"font-weight: 400;\">Localizado a apenas 150 metros da Praia da Lagoinha, o <em>Residencial Green House<\/em> \u00e9 mais um condom\u00ednio de alto padr\u00e3o muito requisitado em <\/span><b>Bombinhas<\/b><span style=\"font-weight: 400;\">. Com uma vista privilegiada do mar, o local \u00e9 muito tranquilo, ideal para <\/span>loca\u00e7\u00e3o de temporada<span style=\"font-weight: 400;\">.<\/span><\/p>\n<h3><\/h3>\n<h4><strong>Morro das Antenas<\/strong><\/h4>\n<p><span style=\"font-weight: 400;\">Finalmente, mas n\u00e3o menos importante, o Morro das Antes est\u00e1 localizado bem no centro da cidade de <\/span><b>Bombinhas<\/b><span style=\"font-weight: 400;\">\u00a0e \u00e9 um mirante natural, com vista diretamente para a praia de <em>Porto Belo<\/em>. Por isso e muito muito mais, \u00e9 o local ideal para quem gosta de caminhadas e trilhas.<\/span><\/p>\n<p><span style=\"font-weight: 400;\">O luxuoso condom\u00ednio<em> Acqua Di Zimbros<\/em> est\u00e1 a cerca de 5 minutos, de carro, do Morro das Antenas. Com uma localiza\u00e7\u00e3o privilegiada, o local possui infraestrutura e \u00e1rea de lazer completos, al\u00e9m de contar com vigil\u00e2ncia 24h.<\/span><\/p>\n<p>&nbsp;<\/p>\n<h3><strong>O momento \u00e9 agora para fazer aluguel de temporada em\u00a0Bombinhas pelo Anfitri\u00e3o Prime<\/strong><\/h3>\n<p><span style=\"font-weight: 400;\">Desfrute de todas as ferramentas e servi\u00e7os especializados do <\/span><b>Anfitri\u00e3o Prime<\/b><span style=\"font-weight: 400;\">, transformando o sistema de <\/span><b>loca\u00e7\u00e3o de temporada<\/b><span style=\"font-weight: 400;\"> em algo r\u00e1pido e f\u00e1cil, pois os profissionais da empresa s\u00e3o treinados para gerir da melhor forma os seus <\/span><b>im\u00f3veis<\/b><span style=\"font-weight: 400;\"> em <\/span><b>Bombinhas<\/b><span style=\"font-weight: 400;\">. Cadastre-se!\u00a0<\/span><\/p>\n<p><a href=\"https:\/\/reservas.anfitriaoprime.com.br\/\"><b>Clique aqui para conhecer o nosso portf\u00f3lio com mais de 1.000 im\u00f3veis de temporada distribu\u00eddos em todo o Brasil.\u00a0<\/b><\/a><\/p>\n","protected":false},"excerpt":{"rendered":"<p>Gerenciamos todo o seu aluguel de temporada em Bombinhas para te livrar das burocracias e preocupa\u00e7\u00f5es atrav\u00e9s das melhores ferramentas e servi\u00e7os personalizados.\u00a0 Clique aqui para conhecer o nosso portf\u00f3lio de im\u00f3veis.\u00a0 Como gerenciamos o seu aluguel de temporada em Bombinhas\u00a0 O Anfitri\u00e3o Prime \u00e9 muito mais do que uma imobili\u00e1ria digital ou um site [&hellip;]<\/p>\n","protected":false},"author":1,"featured_media":3475,"parent":0,"menu_order":0,"comment_status":"closed","ping_status":"closed","template":"page-lp.php","meta":[],"yoast_head":"<!-- This site is optimized with the Yoast SEO plugin v21.1 - https:\/\/yoast.com\/wordpress\/plugins\/seo\/ -->\n<title>Fa\u00e7a aluguel de temporada em Bombinhas com o Anfitri\u00e3o Prime<\/title>\n<meta name=\"description\" content=\"Gerenciamos todo o seu aluguel de temporada em Bombinhas para te livrar das burocracias e preocupa\u00e7\u00f5es. Conhe\u00e7a os nossos servi\u00e7os!\" \/>\n<meta name=\"robots\" content=\"index, follow, max-snippet:-1, max-image-preview:large, max-video-preview:-1\" \/>\n<link rel=\"canonical\" href=\"https:\/\/www.anfitriaoprime.com.br\/blog\/aluguel-de-temporada-em-bombinhas\/\" \/>\n<meta property=\"og:locale\" content=\"pt_BR\" \/>\n<meta property=\"og:type\" content=\"article\" \/>\n<meta property=\"og:title\" content=\"Fa\u00e7a aluguel de temporada em Bombinhas com o Anfitri\u00e3o Prime\" \/>\n<meta property=\"og:description\" content=\"Gerenciamos todo o seu aluguel de temporada em Bombinhas para te livrar das burocracias e preocupa\u00e7\u00f5es. Conhe\u00e7a os nossos servi\u00e7os!\" \/>\n<meta property=\"og:url\" content=\"https:\/\/www.anfitriaoprime.com.br\/blog\/aluguel-de-temporada-em-bombinhas\/\" \/>\n<meta property=\"og:site_name\" content=\"Blog Anfitri\u00e3o Prime: Ganhe dinheiro com aluguel de temporada.\" \/>\n<meta property=\"og:image\" content=\"https:\/\/www.anfitriaoprime.com.br\/blog\/wp-content\/uploads\/2022\/04\/1920-17.jpeg\" \/>\n\t<meta property=\"og:image:width\" content=\"1920\" \/>\n\t<meta property=\"og:image:height\" content=\"550\" \/>\n\t<meta property=\"og:image:type\" content=\"image\/jpeg\" \/>\n<meta name=\"twitter:card\" content=\"summary_large_image\" \/>\n<meta name=\"twitter:label1\" content=\"Est. tempo de leitura\" \/>\n\t<meta name=\"twitter:data1\" content=\"8 minutos\" \/>\n<script type=\"application\/ld+json\" class=\"yoast-schema-graph\">{\"@context\":\"https:\/\/schema.org\",\"@graph\":[{\"@type\":\"WebPage\",\"@id\":\"https:\/\/www.anfitriaoprime.com.br\/blog\/aluguel-de-temporada-em-bombinhas\/\",\"url\":\"https:\/\/www.anfitriaoprime.com.br\/blog\/aluguel-de-temporada-em-bombinhas\/\",\"name\":\"Fa\u00e7a aluguel de temporada em Bombinhas com o Anfitri\u00e3o Prime\",\"isPartOf\":{\"@id\":\"https:\/\/www.anfitriaoprime.com.br\/blog\/#website\"},\"datePublished\":\"2022-04-08T17:18:15+00:00\",\"dateModified\":\"2022-04-08T17:18:15+00:00\",\"description\":\"Gerenciamos todo o seu aluguel de temporada em Bombinhas para te livrar das burocracias e preocupa\u00e7\u00f5es. Conhe\u00e7a os nossos servi\u00e7os!\",\"breadcrumb\":{\"@id\":\"https:\/\/www.anfitriaoprime.com.br\/blog\/aluguel-de-temporada-em-bombinhas\/#breadcrumb\"},\"inLanguage\":\"pt-BR\",\"potentialAction\":[{\"@type\":\"ReadAction\",\"target\":[\"https:\/\/www.anfitriaoprime.com.br\/blog\/aluguel-de-temporada-em-bombinhas\/\"]}]},{\"@type\":\"BreadcrumbList\",\"@id\":\"https:\/\/www.anfitriaoprime.com.br\/blog\/aluguel-de-temporada-em-bombinhas\/#breadcrumb\",\"itemListElement\":[{\"@type\":\"ListItem\",\"position\":1,\"name\":\"In\u00edcio\",\"item\":\"https:\/\/www.anfitriaoprime.com.br\/blog\/\"},{\"@type\":\"ListItem\",\"position\":2,\"name\":\"Fa\u00e7a a gest\u00e3o do seu aluguel de temporada em Bombinhas com o Anfitri\u00e3o Prime\"}]},{\"@type\":\"WebSite\",\"@id\":\"https:\/\/www.anfitriaoprime.com.br\/blog\/#website\",\"url\":\"https:\/\/www.anfitriaoprime.com.br\/blog\/\",\"name\":\"Blog Anfitri\u00e3o Prime - Gest\u00e3o de propriedade para aluguel de temporada\",\"description\":\"No blog do Anfitri\u00e3o Prime voc\u00ea encontra dicas e informa\u00e7\u00f5es sobre o mercado de aluguel de temporada escrito por anfitri\u00f5es profissionais\",\"potentialAction\":[{\"@type\":\"SearchAction\",\"target\":{\"@type\":\"EntryPoint\",\"urlTemplate\":\"https:\/\/www.anfitriaoprime.com.br\/blog\/?s={search_term_string}\"},\"query-input\":\"required name=search_term_string\"}],\"inLanguage\":\"pt-BR\"}]}<\/script>\n<!-- \/ Yoast SEO plugin. -->","yoast_head_json":{"title":"Fa\u00e7a aluguel de temporada em Bombinhas com o Anfitri\u00e3o Prime","description":"Gerenciamos todo o seu aluguel de temporada em Bombinhas para te livrar das burocracias e preocupa\u00e7\u00f5es. Conhe\u00e7a os nossos servi\u00e7os!","robots":{"index":"index","follow":"follow","max-snippet":"max-snippet:-1","max-image-preview":"max-image-preview:large","max-video-preview":"max-video-preview:-1"},"canonical":"https:\/\/www.anfitriaoprime.com.br\/blog\/aluguel-de-temporada-em-bombinhas\/","og_locale":"pt_BR","og_type":"article","og_title":"Fa\u00e7a aluguel de temporada em Bombinhas com o Anfitri\u00e3o Prime","og_description":"Gerenciamos todo o seu aluguel de temporada em Bombinhas para te livrar das burocracias e preocupa\u00e7\u00f5es. Conhe\u00e7a os nossos servi\u00e7os!","og_url":"https:\/\/www.anfitriaoprime.com.br\/blog\/aluguel-de-temporada-em-bombinhas\/","og_site_name":"Blog Anfitri\u00e3o Prime: Ganhe dinheiro com aluguel de temporada.","og_image":[{"width":1920,"height":550,"url":"https:\/\/www.anfitriaoprime.com.br\/blog\/wp-content\/uploads\/2022\/04\/1920-17.jpeg","type":"image\/jpeg"}],"twitter_card":"summary_large_image","twitter_misc":{"Est. tempo de leitura":"8 minutos"},"schema":{"@context":"https:\/\/schema.org","@graph":[{"@type":"WebPage","@id":"https:\/\/www.anfitriaoprime.com.br\/blog\/aluguel-de-temporada-em-bombinhas\/","url":"https:\/\/www.anfitriaoprime.com.br\/blog\/aluguel-de-temporada-em-bombinhas\/","name":"Fa\u00e7a aluguel de temporada em Bombinhas com o Anfitri\u00e3o Prime","isPartOf":{"@id":"https:\/\/www.anfitriaoprime.com.br\/blog\/#website"},"datePublished":"2022-04-08T17:18:15+00:00","dateModified":"2022-04-08T17:18:15+00:00","description":"Gerenciamos todo o seu aluguel de temporada em Bombinhas para te livrar das burocracias e preocupa\u00e7\u00f5es. Conhe\u00e7a os nossos servi\u00e7os!","breadcrumb":{"@id":"https:\/\/www.anfitriaoprime.com.br\/blog\/aluguel-de-temporada-em-bombinhas\/#breadcrumb"},"inLanguage":"pt-BR","potentialAction":[{"@type":"ReadAction","target":["https:\/\/www.anfitriaoprime.com.br\/blog\/aluguel-de-temporada-em-bombinhas\/"]}]},{"@type":"BreadcrumbList","@id":"https:\/\/www.anfitriaoprime.com.br\/blog\/aluguel-de-temporada-em-bombinhas\/#breadcrumb","itemListElement":[{"@type":"ListItem","position":1,"name":"In\u00edcio","item":"https:\/\/www.anfitriaoprime.com.br\/blog\/"},{"@type":"ListItem","position":2,"name":"Fa\u00e7a a gest\u00e3o do seu aluguel de temporada em Bombinhas com o Anfitri\u00e3o Prime"}]},{"@type":"WebSite","@id":"https:\/\/www.anfitriaoprime.com.br\/blog\/#website","url":"https:\/\/www.anfitriaoprime.com.br\/blog\/","name":"Blog Anfitri\u00e3o Prime - Gest\u00e3o de propriedade para aluguel de temporada","description":"No blog do Anfitri\u00e3o Prime voc\u00ea encontra dicas e informa\u00e7\u00f5es sobre o mercado de aluguel de temporada escrito por anfitri\u00f5es profissionais","potentialAction":[{"@type":"SearchAction","target":{"@type":"EntryPoint","urlTemplate":"https:\/\/www.anfitriaoprime.com.br\/blog\/?s={search_term_string}"},"query-input":"required name=search_term_string"}],"inLanguage":"pt-BR"}]}},"acf":{"imagem":{"ID":3475,"id":3475,"title":"Photo by Adolfo Neto on Unsplash","filename":"1920-17.jpeg","filesize":629454,"url":"https:\/\/www.anfitriaoprime.com.br\/blog\/wp-content\/uploads\/2022\/04\/1920-17.jpeg","link":"https:\/\/www.anfitriaoprime.com.br\/blog\/aluguel-de-temporada-em-bombinhas\/1920-17\/","alt":"aluguel de temporada em Bombinhas","author":"1","description":"","caption":"Photo by Adolfo Neto on Unsplash","name":"1920-17","status":"inherit","uploaded_to":3474,"date":"2022-04-08 15:32:43","modified":"2022-04-08 15:33:03","menu_order":0,"mime_type":"image\/jpeg","type":"image","subtype":"jpeg","icon":"https:\/\/www.anfitriaoprime.com.br\/blog\/wp-includes\/images\/media\/default.png","width":1920,"height":550,"sizes":{"thumbnail":"https:\/\/www.anfitriaoprime.com.br\/blog\/wp-content\/uploads\/2022\/04\/1920-17-150x150.jpeg","thumbnail-width":150,"thumbnail-height":150,"medium":"https:\/\/www.anfitriaoprime.com.br\/blog\/wp-content\/uploads\/2022\/04\/1920-17-300x86.jpeg","medium-width":300,"medium-height":86,"medium_large":"https:\/\/www.anfitriaoprime.com.br\/blog\/wp-content\/uploads\/2022\/04\/1920-17-768x220.jpeg","medium_large-width":648,"medium_large-height":186,"large":"https:\/\/www.anfitriaoprime.com.br\/blog\/wp-content\/uploads\/2022\/04\/1920-17-1024x293.jpeg","large-width":648,"large-height":185,"1536x1536":"https:\/\/www.anfitriaoprime.com.br\/blog\/wp-content\/uploads\/2022\/04\/1920-17-1536x440.jpeg","1536x1536-width":1536,"1536x1536-height":440,"2048x2048":"https:\/\/www.anfitriaoprime.com.br\/blog\/wp-content\/uploads\/2022\/04\/1920-17.jpeg","2048x2048-width":1920,"2048x2048-height":550,"sparkling-featured":"https:\/\/www.anfitriaoprime.com.br\/blog\/wp-content\/uploads\/2022\/04\/1920-17-750x410.jpeg","sparkling-featured-width":750,"sparkling-featured-height":410,"sparkling-featured-fullwidth":"https:\/\/www.anfitriaoprime.com.br\/blog\/wp-content\/uploads\/2022\/04\/1920-17-1140x550.jpeg","sparkling-featured-fullwidth-width":1140,"sparkling-featured-fullwidth-height":550,"tab-small":"https:\/\/www.anfitriaoprime.com.br\/blog\/wp-content\/uploads\/2022\/04\/1920-17-60x60.jpeg","tab-small-width":60,"tab-small-height":60,"crp_thumbnail":"https:\/\/www.anfitriaoprime.com.br\/blog\/wp-content\/uploads\/2022\/04\/1920-17-150x150.jpeg","crp_thumbnail-width":150,"crp_thumbnail-height":150}},"titulo":"Fa\u00e7a a gest\u00e3o do seu aluguel de temporada em Bombinhas com o Anfitri\u00e3o Prime ","subtitulo":"<p><span style=\"font-weight: 400;\">Gerenciamos todo o seu aluguel de temporada em Bombinhas para te livrar das burocracias e preocupa\u00e7\u00f5es atrav\u00e9s das melhores ferramentas e servi\u00e7os personalizados.\u00a0<\/span><\/p>\n<p><a href=\"https:\/\/reservas.anfitriaoprime.com.br\/\"><b>Clique aqui para conhecer o nosso portf\u00f3lio de im\u00f3veis.\u00a0<\/b><\/a><\/p>\n","titulo_secao_1":"Como gerenciamos o seu aluguel de temporada em Bombinhas\u00a0","conteudo_secao_1":"<p><span style=\"font-weight: 400;\">O <\/span><b>Anfitri\u00e3o Prime<\/b><span style=\"font-weight: 400;\"> \u00e9 muito mais do que uma imobili\u00e1ria digital ou um site de reservas comum, pois n\u00e3o oferece apenas o suporte para divulgar im\u00f3veis em <\/span><b>Bombinhas<\/b><span style=\"font-weight: 400;\">. N\u00f3s gerenciamos profissionalmente e por completo atrav\u00e9s de servi\u00e7os personalizados e humanizados.\u00a0<\/span><\/p>\n<p><span style=\"font-weight: 400;\">Assim, realizamos todas as burocracias pelo cliente e <em>descomplicamos a gest\u00e3o de aluguel de temporada em Bombinhas<\/em>.\u00a0<\/span><\/p>\n<p><span style=\"font-weight: 400;\">Ent\u00e3o, n\u00e3o perca a oportunidade de garantir toda a gest\u00e3o profissional que n\u00f3s oferecemos. Para isso, basta se cadastrar atrav\u00e9s do formul\u00e1rio ao lado, escolher o plano que melhor te atende e pronto.\u00a0<\/span><\/p>\n<p><span style=\"font-weight: 400;\">\u00c9 r\u00e1pido e pode te garantir at\u00e9 100% a mais de ganhos se comparamos com a loca\u00e7\u00e3o por conta pr\u00f3pria.\u00a0\u00a0<\/span><\/p>\n","titulo_secao_2":"Conhe\u00e7a os nossos servi\u00e7os","imagem_secao_2":false,"conteudo_secao_2":"<p>Antes de mais nada, com os servi\u00e7os oferecidos pelo Anfitri\u00e3o Prime voc\u00ea pode ser um excelente Anfitri\u00e3o de Airbnb em<b> Bombinhas<\/b>. Visto que aliamos a experi\u00eancia de mais de 30 anos com turismo dos nossos profissionais \u00e0 tecnologia de ponta, garantindo maiores ganhos com o aluguel de temporada para propriet\u00e1rios e a melhor experi\u00eancia para os h\u00f3spedes. Confira os nossos servi\u00e7os:<\/p>\n<p>&nbsp;<\/p>\n<h3><b><img decoding=\"async\" class=\"emoji\" role=\"img\" draggable=\"false\" src=\"https:\/\/s.w.org\/images\/core\/emoji\/13.1.0\/svg\/1f4bb.svg\" alt=\"\ud83d\udcbb\" \/>\u00a0Anunciamos sua propriedade<\/b><\/h3>\n<p>Primeiramente, n\u00f3s criamos o an\u00fancio da sua propriedade e o publicamos em mais de 30 sites de reservas, como Airbnb, Booking, VRBO (Alugue Temporada) e TripAdvisor.\u00a0 Em seguida, ficamos respons\u00e1veis pela gest\u00e3o dele em cada uma das plataformas.<\/p>\n<p>&nbsp;<\/p>\n<h3><a href=\"https:\/\/www.anfitriaoprime.com.br\/blog\/foto-a-importancia-no-aluguel-de-temporada\/\"><b><img decoding=\"async\" loading=\"lazy\" class=\"emoji alignnone\" role=\"img\" draggable=\"false\" src=\"https:\/\/s.w.org\/images\/core\/emoji\/13.1.0\/svg\/1f4f7.svg\" alt=\"aluguel de temporada em Monte Verde\" width=\"150\" height=\"150\" \/>\u00a0Fotos profissionais<\/b><\/a><\/h3>\n<p>As fotos profissionais do seu im\u00f3vel garantem uma melhor primeira impress\u00e3o aos h\u00f3spedes, o que aumenta as possibilidades de reservas.<\/p>\n<p>&nbsp;<\/p>\n<h3><b><img decoding=\"async\" class=\"emoji\" role=\"img\" draggable=\"false\" src=\"https:\/\/s.w.org\/images\/core\/emoji\/13.1.0\/svg\/1f4ac.svg\" alt=\"\ud83d\udcac\" \/>\u00a0Comunica\u00e7\u00e3o com os h\u00f3spedes<\/b><\/h3>\n<p>Um dos grandes problemas ao gerenciar um im\u00f3vel de temporada \u00e9 estar dispon\u00edvel para responder os h\u00f3spedes nas plataformas de reservas. Contudo, com o Anfitri\u00e3o Prime voc\u00ea n\u00e3o ter\u00e1 que se preocupar com isso, pois n\u00f3s temos uma equipe que est\u00e1 24\/7 dispon\u00edvel para atend\u00ea-los.<\/p>\n<p>&nbsp;<\/p>\n<h3><b><img decoding=\"async\" loading=\"lazy\" class=\"emoji alignnone\" role=\"img\" draggable=\"false\" src=\"https:\/\/s.w.org\/images\/core\/emoji\/13.1.0\/svg\/1f4c8.svg\" alt=\"aluguel de temporada em Monte Verde\" width=\"150\" height=\"150\" \/>\u00a0<a href=\"https:\/\/www.anfitriaoprime.com.br\/blog\/valor-da-diaria-no-aluguel-de-temporada\/\">Defini\u00e7\u00e3o dos melhores pre\u00e7os de di\u00e1rias<\/a><\/b><\/h3>\n<p>Contamos com uma tecnologia de ponta que faz a precifica\u00e7\u00e3o inteligente do seu im\u00f3vel, pensando a longo prazo. Em outras palavras, ela leva em conta as varia\u00e7\u00f5es de pre\u00e7o que ocorrem durante o ano, como feriados, alta e baixa temporada. Al\u00e9m de outras situa\u00e7\u00f5es que podem fazer com que o valor da di\u00e1ria do seu im\u00f3vel varie.<\/p>\n<p>&nbsp;<\/p>\n<h3><strong><img decoding=\"async\" class=\"emoji\" role=\"img\" draggable=\"false\" src=\"https:\/\/s.w.org\/images\/core\/emoji\/13.1.0\/svg\/1f5d3.svg\" alt=\"\ud83d\uddd3\ufe0f\" \/>\u00a0Gest\u00e3o do calend\u00e1rio\u00a0<\/strong><\/h3>\n<p>N\u00f3s tamb\u00e9m contamos com uma ferramenta que faz a gest\u00e3o unificada do seu calend\u00e1rio para evitar o overbooking. Al\u00e9m disso, voc\u00ea tamb\u00e9m pode continuar utilizando o seu im\u00f3vel quando desejar, basta apenas nos informar com anteced\u00eancia para que possamos fazer o bloqueio do calend\u00e1rio para os h\u00f3spedes.<\/p>\n<p>&nbsp;<\/p>\n<h3><b><img decoding=\"async\" class=\"emoji\" role=\"img\" draggable=\"false\" src=\"https:\/\/s.w.org\/images\/core\/emoji\/13.1.0\/svg\/2714.svg\" alt=\"\u2714\" \/>\u00a0Concierge, Limpeza e Manuten\u00e7\u00e3o\u00a0<\/b><\/h3>\n<p>Finalmente, para que voc\u00ea possa alugar o seu aluguel de temporada em Bombinhas tranquilamente, oferecemos servi\u00e7os complementares como de <b>concierge<\/b>\u00a0do seu im\u00f3vel. Al\u00e9m de servi\u00e7os para\u00a0<strong>limpeza, manuten\u00e7\u00e3o<\/strong>\u00a0e outras coisas necess\u00e1rias para garantir uma experi\u00eancia perfeita aos h\u00f3spedes.<\/p>\n","titulo_secao_3":"Por que anunciar seu im\u00f3vel com a gente?","conteudo_secao_3":"<p>Ent\u00e3o, se comparamos os servi\u00e7os do Anfitri\u00e3o Prime com os servi\u00e7os oferecidos por outros sites de reservas, voc\u00ea ter\u00e1 as seguintes vantagens:<\/p>\n","titulo_secao_6":"Sobre Bombinhas","conteudo_secao_6":"<figure id=\"attachment_3482\" class=\"thumbnail wp-caption alignnone\" style=\"width: 760px\"><img decoding=\"async\" loading=\"lazy\" class=\"wp-image-3482 size-full\" src=\"https:\/\/www.anfitriaoprime.com.br\/blog\/wp-content\/uploads\/2022\/04\/Dimensoes-personalizadas-750x410-px-16-1.jpeg\" alt=\"aluguel de temporada em Bombinhas\" width=\"750\" height=\"410\" srcset=\"https:\/\/www.anfitriaoprime.com.br\/blog\/wp-content\/uploads\/2022\/04\/Dimensoes-personalizadas-750x410-px-16-1.jpeg 750w, https:\/\/www.anfitriaoprime.com.br\/blog\/wp-content\/uploads\/2022\/04\/Dimensoes-personalizadas-750x410-px-16-1-300x164.jpeg 300w\" sizes=\"(max-width: 750px) 100vw, 750px\" \/><figcaption class=\"caption wp-caption-text\">Foto do Bruno Possani no Unsplash<\/figcaption><\/figure>\n<p><span style=\"font-weight: 400;\">A cidade de <\/span><b>Bombinhas<\/b><span style=\"font-weight: 400;\"> fica no litoral catarinense e \u00e9 conhecida como a capital do mergulho ecol\u00f3gico. No in\u00edcio da d\u00e9cada de 1990 tornou-se independente de <em>Porto Belo<\/em> e possui mais de 30 praias, sendo uma regi\u00e3o de encontro de duas correntes mar\u00edtimas.<\/span><\/p>\n<p><span style=\"font-weight: 400;\">Al\u00e9m disso, h\u00e1 diversas outras atra\u00e7\u00f5es na cidade, como passeios e mergulhos ecol\u00f3gicos, o que faz o munic\u00edpio ser muito procurado para <\/span><b>loca\u00e7\u00e3o de temporada<\/b><span style=\"font-weight: 400;\">. Por isso, vamos listar alguns lugares que n\u00e3o podem deixar de serem visitados pelos os seus h\u00f3spedes.<\/span><\/p>\n<h3><\/h3>\n<h4><strong>Praia do Ribeiro<\/strong><\/h4>\n<p><span style=\"font-weight: 400;\">Primeiramente, \u00e9 claro que n\u00e3o poder\u00edamos deixar de indicar a Praia do Ribeiro, que est\u00e1 localizada entre as praias de Bombas e <\/span><b>Bombinhas. <\/b>Ela <span style=\"font-weight: 400;\">possui pouco mais de 100 metros de extens\u00e3o, apesar disso \u00e9 muito procurada por turistas, conta conta das suas \u00e1guas cristalinas e calmas, sendo visitada por tartarugas em algumas \u00e9pocas do ano.<\/span><\/p>\n<p><span style=\"font-weight: 400;\">Um \u00f3timo local para <\/span>aluguel de temporada em<b> Bombinhas <\/b><span style=\"font-weight: 400;\">\u00e9 o <em>Residencial Atol das Roca<\/em>s, que fica a 10 minutos de caminhada da Praia do Ribeiro e a 1 quarteir\u00e3o da praia de <\/span>Bombinhas<span style=\"font-weight: 400;\">, sendo uma excelente localiza\u00e7\u00e3o.<\/span><\/p>\n<h3><\/h3>\n<h4><strong>Praia da Concei\u00e7\u00e3o<\/strong><\/h4>\n<p><span style=\"font-weight: 400;\">Em seguida, recomendamos uma visita a Praia da Concei\u00e7\u00e3o, um local que possui areias com propriedades terap\u00eauticas e muitas piscinas naturais. Logo, a Praia da Concei\u00e7\u00e3o \u00e9 uma boa op\u00e7\u00e3o para visitar com a fam\u00edlia e ainda possui infraestrutura de servi\u00e7os e \u00e1gua com \u00f3tima qualidade.<\/span><\/p>\n<p><span style=\"font-weight: 400;\">O <em>Residencial Praia da Concei\u00e7\u00e3o<\/em>, \u00e9 um condom\u00ednio de alto padr\u00e3o que fica \u00e0 beira-mar e conta com natureza em todo seu entorno, muita seguran\u00e7a e op\u00e7\u00f5es de lazer.<\/span><\/p>\n<h3><\/h3>\n<h4><strong>Mirante Eco 360\u00ba<\/strong><\/h4>\n<p><span style=\"font-weight: 400;\">Do topo do mirante \u00e9 poss\u00edvel ver toda a cidade de <\/span><b>Bombinhas<\/b><span style=\"font-weight: 400;\"> e suas belezas naturais. Nesse local, est\u00e1 o <strong>Museu de Hist\u00f3ria Natural Charles Darwin<\/strong>, o qual possui aqu\u00e1rios tem\u00e1ticos e exposi\u00e7\u00f5es sobre a natureza e sua evolu\u00e7\u00e3o.<\/span><\/p>\n<p><span style=\"font-weight: 400;\">A pouco mais de 2,5km do Mirante Eco 360\u00ba, est\u00e1 localizado o <em>Edif\u00edcio Village Canto Grande<\/em>, mais uma op\u00e7\u00e3o para <\/span>loca\u00e7\u00e3o de temporada<span style=\"font-weight: 400;\"> em <\/span><b>Bombinhas <\/b>por se tratar de<span style=\"font-weight: 400;\"> um residencial com apartamentos muito aconchegantes.<\/span><\/p>\n<h3><\/h3>\n<h4><strong>Praia da Lagoinha<\/strong><\/h4>\n<p><span style=\"font-weight: 400;\">Em seguida, recomendamos uma outra pequena praia muito procurada, que \u00e9 a Praia da Lagoinha. Ela tem \u00e1gua rasa e cristalina, e tamb\u00e9m \u00e9 muito visitada por praticantes de mergulho livre e diversas esp\u00e9cies de peixes e tartarugas.<\/span><\/p>\n<p><span style=\"font-weight: 400;\">Localizado a apenas 150 metros da Praia da Lagoinha, o <em>Residencial Green House<\/em> \u00e9 mais um condom\u00ednio de alto padr\u00e3o muito requisitado em <\/span><b>Bombinhas<\/b><span style=\"font-weight: 400;\">. Com uma vista privilegiada do mar, o local \u00e9 muito tranquilo, ideal para <\/span>loca\u00e7\u00e3o de temporada<span style=\"font-weight: 400;\">.<\/span><\/p>\n<h3><\/h3>\n<h4><strong>Morro das Antenas<\/strong><\/h4>\n<p><span style=\"font-weight: 400;\">Finalmente, mas n\u00e3o menos importante, o Morro das Antes est\u00e1 localizado bem no centro da cidade de <\/span><b>Bombinhas<\/b><span style=\"font-weight: 400;\">\u00a0e \u00e9 um mirante natural, com vista diretamente para a praia de <em>Porto Belo<\/em>. Por isso e muito muito mais, \u00e9 o local ideal para quem gosta de caminhadas e trilhas.<\/span><\/p>\n<p><span style=\"font-weight: 400;\">O luxuoso condom\u00ednio<em> Acqua Di Zimbros<\/em> est\u00e1 a cerca de 5 minutos, de carro, do Morro das Antenas. Com uma localiza\u00e7\u00e3o privilegiada, o local possui infraestrutura e \u00e1rea de lazer completos, al\u00e9m de contar com vigil\u00e2ncia 24h.<\/span><\/p>\n<p>&nbsp;<\/p>\n<h3><strong>O momento \u00e9 agora para fazer aluguel de temporada em\u00a0Bombinhas pelo Anfitri\u00e3o Prime<\/strong><\/h3>\n<p><span style=\"font-weight: 400;\">Desfrute de todas as ferramentas e servi\u00e7os especializados do <\/span><b>Anfitri\u00e3o Prime<\/b><span style=\"font-weight: 400;\">, transformando o sistema de <\/span><b>loca\u00e7\u00e3o de temporada<\/b><span style=\"font-weight: 400;\"> em algo r\u00e1pido e f\u00e1cil, pois os profissionais da empresa s\u00e3o treinados para gerir da melhor forma os seus <\/span><b>im\u00f3veis<\/b><span style=\"font-weight: 400;\"> em <\/span><b>Bombinhas<\/b><span style=\"font-weight: 400;\">. Cadastre-se!\u00a0<\/span><\/p>\n<p><a href=\"https:\/\/reservas.anfitriaoprime.com.br\/\"><b>Clique aqui para conhecer o nosso portf\u00f3lio com mais de 1.000 im\u00f3veis de temporada distribu\u00eddos em todo o Brasil.\u00a0<\/b><\/a><\/p>\n"},"_links":{"self":[{"href":"https:\/\/www.anfitriaoprime.com.br\/blog\/wp-json\/wp\/v2\/pages\/3474"}],"collection":[{"href":"https:\/\/www.anfitriaoprime.com.br\/blog\/wp-json\/wp\/v2\/pages"}],"about":[{"href":"https:\/\/www.anfitriaoprime.com.br\/blog\/wp-json\/wp\/v2\/types\/page"}],"author":[{"embeddable":true,"href":"https:\/\/www.anfitriaoprime.com.br\/blog\/wp-json\/wp\/v2\/users\/1"}],"replies":[{"embeddable":true,"href":"https:\/\/www.anfitriaoprime.com.br\/blog\/wp-json\/wp\/v2\/comments?post=3474"}],"version-history":[{"count":7,"href":"https:\/\/www.anfitriaoprime.com.br\/blog\/wp-json\/wp\/v2\/pages\/3474\/revisions"}],"predecessor-version":[{"id":3484,"href":"https:\/\/www.anfitriaoprime.com.br\/blog\/wp-json\/wp\/v2\/pages\/3474\/revisions\/3484"}],"wp:featuredmedia":[{"embeddable":true,"href":"https:\/\/www.anfitriaoprime.com.br\/blog\/wp-json\/wp\/v2\/media\/3475"}],"wp:attachment":[{"href":"https:\/\/www.anfitriaoprime.com.br\/blog\/wp-json\/wp\/v2\/media?parent=3474"}],"curies":[{"name":"wp","href":"https:\/\/api.w.org\/{rel}","templated":true}]}}