{"id":3486,"date":"2022-04-08T15:13:27","date_gmt":"2022-04-08T18:13:27","guid":{"rendered":"https:\/\/www.anfitriaoprime.com.br\/blog\/?page_id=3486"},"modified":"2022-04-08T15:13:27","modified_gmt":"2022-04-08T18:13:27","slug":"aluguel-de-temporada-em-capitolio","status":"publish","type":"page","link":"https:\/\/www.anfitriaoprime.com.br\/blog\/aluguel-de-temporada-em-capitolio\/","title":{"rendered":"Aluguel de temporada em Capit\u00f3lio \u00e9 com o Anfitri\u00e3o Prime &#8211; Saiba mais!"},"content":{"rendered":"<p><span style=\"font-weight: 400;\">Gerenciamos todo o seu aluguel de temporada em Capit\u00f3lio para te livrar de todas as burocracias e preocupa\u00e7\u00f5es que voc\u00ea teria se alugasse por temporada por conta pr\u00f3pria. Conhe\u00e7a os nossos servi\u00e7os!<\/span><\/p>\n<p><a href=\"https:\/\/reservas.anfitriaoprime.com.br\/\"><b>Clique aqui para conhecer o nosso portf\u00f3lio com mais de 1.000 im\u00f3veis de temporada distribu\u00eddos em todas as regi\u00f5es do Brasil.\u00a0<\/b><\/a><\/p>\n<h2><strong>Como gerenciamos o seu aluguel de temporada em Capit\u00f3lio <\/strong><\/h2>\n<p><span style=\"font-weight: 400;\">Utilizando os servi\u00e7os profissionais do <\/span><b>Anfitri\u00e3o Prime<\/b><span style=\"font-weight: 400;\">, voc\u00ea n\u00e3o precisar\u00e1 se preocupar em nada referente a loca\u00e7\u00e3o de im\u00f3veis de aluguel de temporada em Capit\u00f3lio, pois toda a parte burocr\u00e1tica \u00e9 realizada por n\u00f3s.\u00a0\u00a0<\/span><\/p>\n<p><span style=\"font-weight: 400;\">Al\u00e9m disso, nossos profissionais est\u00e3o altamente capacitados para atuar em todas as etapas da loca\u00e7\u00e3o, desde a<strong> cria\u00e7\u00e3o do an\u00fanci<\/strong>o, at\u00e9 a <strong>manuten\u00e7\u00e3o<\/strong> do im\u00f3vel.<\/span><\/p>\n<p><span style=\"font-weight: 400;\">Ent\u00e3o, garanta j\u00e1 a nossa gest\u00e3o completa para o seu im\u00f3vel em <strong>Capit\u00f3lio<\/strong>. Para isso, basta se cadastrar atrav\u00e9s do formul\u00e1rio ao lado, escolher o plano que melhor se adequa \u00e0s suas necessidades e pronto. \u00c9 r\u00e1pido e pode te garantir at\u00e9 <strong>100% a mais de ganhos<\/strong> se comparamos com a loca\u00e7\u00e3o por conta pr\u00f3pria.<\/span><\/p>\n<p>&nbsp;<\/p>\n<h2>Conhe\u00e7a os nossos servi\u00e7os<\/h2>\n<p>Antes de mais nada, com os servi\u00e7os oferecidos pelo Anfitri\u00e3o Prime voc\u00ea pode ser um excelente Anfitri\u00e3o de Airbnb em<b> Capit\u00f3lio<\/b>. Visto que aliamos a experi\u00eancia de mais de 30 anos com turismo dos nossos profissionais \u00e0 tecnologia de ponta, garantindo maiores ganhos com o aluguel de temporada para propriet\u00e1rios e a melhor experi\u00eancia para os h\u00f3spedes. Confira os nossos servi\u00e7os:<\/p>\n<h3><b><img decoding=\"async\" class=\"emoji\" role=\"img\" draggable=\"false\" src=\"https:\/\/s.w.org\/images\/core\/emoji\/13.1.0\/svg\/1f4bb.svg\" alt=\"\ud83d\udcbb\" \/>\u00a0Anunciamos sua propriedade<\/b><\/h3>\n<p>Primeiramente, n\u00f3s criamos o an\u00fancio da sua propriedade e o publicamos em mais de 30 sites de reservas, como Airbnb, Booking, VRBO (Alugue Temporada) e TripAdvisor.\u00a0 Em seguida, ficamos respons\u00e1veis pela gest\u00e3o dele em cada uma das plataformas.<\/p>\n<h3><a href=\"https:\/\/www.anfitriaoprime.com.br\/blog\/foto-a-importancia-no-aluguel-de-temporada\/\"><b><img decoding=\"async\" loading=\"lazy\" class=\"emoji alignnone\" role=\"img\" draggable=\"false\" src=\"https:\/\/s.w.org\/images\/core\/emoji\/13.1.0\/svg\/1f4f7.svg\" alt=\"aluguel de temporada em Monte Verde\" width=\"150\" height=\"150\" \/>\u00a0Fotos profissionais<\/b><\/a><\/h3>\n<p>As fotos profissionais do seu im\u00f3vel garantem uma melhor primeira impress\u00e3o aos h\u00f3spedes, o que aumenta as possibilidades de reservas.<\/p>\n<h3><b><img decoding=\"async\" class=\"emoji\" role=\"img\" draggable=\"false\" src=\"https:\/\/s.w.org\/images\/core\/emoji\/13.1.0\/svg\/1f4ac.svg\" alt=\"\ud83d\udcac\" \/>\u00a0Comunica\u00e7\u00e3o com os h\u00f3spedes<\/b><\/h3>\n<p>Um dos grandes problemas ao gerenciar um im\u00f3vel de temporada \u00e9 estar dispon\u00edvel para responder os h\u00f3spedes nas plataformas de reservas. Contudo, com o Anfitri\u00e3o Prime voc\u00ea n\u00e3o ter\u00e1 que se preocupar com isso, pois n\u00f3s temos uma equipe que est\u00e1 24\/7 dispon\u00edvel para atend\u00ea-los.<\/p>\n<h3><b><img decoding=\"async\" loading=\"lazy\" class=\"emoji alignnone\" role=\"img\" draggable=\"false\" src=\"https:\/\/s.w.org\/images\/core\/emoji\/13.1.0\/svg\/1f4c8.svg\" alt=\"aluguel de temporada em Monte Verde\" width=\"150\" height=\"150\" \/>\u00a0<a href=\"https:\/\/www.anfitriaoprime.com.br\/blog\/valor-da-diaria-no-aluguel-de-temporada\/\">Defini\u00e7\u00e3o dos melhores pre\u00e7os de di\u00e1rias<\/a><\/b><\/h3>\n<p>Contamos com uma tecnologia de ponta que faz a precifica\u00e7\u00e3o inteligente do seu im\u00f3vel, pensando a longo prazo. Em outras palavras, ela leva em conta as varia\u00e7\u00f5es de pre\u00e7o que ocorrem durante o ano, como feriados, alta e baixa temporada. Al\u00e9m de outras situa\u00e7\u00f5es que podem fazer com que o valor da di\u00e1ria do seu im\u00f3vel varie.<\/p>\n<h3><strong><img decoding=\"async\" class=\"emoji\" role=\"img\" draggable=\"false\" src=\"https:\/\/s.w.org\/images\/core\/emoji\/13.1.0\/svg\/1f5d3.svg\" alt=\"\ud83d\uddd3\ufe0f\" \/>\u00a0Gest\u00e3o do calend\u00e1rio\u00a0<\/strong><\/h3>\n<p>N\u00f3s tamb\u00e9m contamos com uma ferramenta que faz a gest\u00e3o unificada do seu calend\u00e1rio para evitar o overbooking. Al\u00e9m disso, voc\u00ea tamb\u00e9m pode continuar utilizando o seu im\u00f3vel quando desejar, basta apenas nos informar com anteced\u00eancia para que possamos fazer o bloqueio do calend\u00e1rio para os h\u00f3spedes.<\/p>\n<h3><b><img decoding=\"async\" class=\"emoji\" role=\"img\" draggable=\"false\" src=\"https:\/\/s.w.org\/images\/core\/emoji\/13.1.0\/svg\/2714.svg\" alt=\"\u2714\" \/>\u00a0Concierge, Limpeza e Manuten\u00e7\u00e3o\u00a0<\/b><\/h3>\n<p>Finalmente, para que voc\u00ea possa alugar o seu aluguel de temporada em Capit\u00f3lio tranquilamente, oferecemos servi\u00e7os complementares como de <b>concierge<\/b>\u00a0do seu im\u00f3vel. Al\u00e9m de servi\u00e7os para\u00a0<strong>limpeza, manuten\u00e7\u00e3o<\/strong>\u00a0e outras coisas necess\u00e1rias para garantir uma experi\u00eancia perfeita aos h\u00f3spedes.<\/p>\n<p>&nbsp;<\/p>\n<h2>Por que anunciar seu im\u00f3vel com a gente?<\/h2>\n<p>Ent\u00e3o, se comparamos os servi\u00e7os do Anfitri\u00e3o Prime com os servi\u00e7os oferecidos por outros sites de reservas, voc\u00ea ter\u00e1 as seguintes vantagens:<\/p>\n<figure id=\"attachment_3490\" class=\"thumbnail wp-caption alignnone\" style=\"width: 310px\"><img decoding=\"async\" loading=\"lazy\" class=\"size-medium wp-image-3490\" src=\"https:\/\/www.anfitriaoprime.com.br\/blog\/wp-content\/uploads\/2022\/04\/Dimensoes-personalizadas-750x410-px-17-300x164.jpeg\" alt=\"aluguel de temporada em Capit\u00f3lio\" width=\"300\" height=\"164\" srcset=\"https:\/\/www.anfitriaoprime.com.br\/blog\/wp-content\/uploads\/2022\/04\/Dimensoes-personalizadas-750x410-px-17-300x164.jpeg 300w, https:\/\/www.anfitriaoprime.com.br\/blog\/wp-content\/uploads\/2022\/04\/Dimensoes-personalizadas-750x410-px-17.jpeg 750w\" sizes=\"(max-width: 300px) 100vw, 300px\" \/><figcaption class=\"caption wp-caption-text\">Foto do Jaime Dantas no Unsplash<\/figcaption><\/figure>\n<h3><strong>Sobre Capit\u00f3lio<\/strong><\/h3>\n<p><span style=\"font-weight: 400;\">Conhecida como a <em>Cidade Rainha dos Lagos<\/em>, <\/span><b>Capit\u00f3lio<\/b><span style=\"font-weight: 400;\"> \u00e9 uma pequena cidade mineira, com cerca de 9 mil habitantes. \u00c9 um destino bastante procurado por turistas, pois possui um para\u00edso natural cercado de \u00e1guas cristalinas e cachoeiras.<\/span><\/p>\n<p><span style=\"font-weight: 400;\">S\u00e3o necess\u00e1rios alguns dias de viagem para conhecer as melhores cachoeiras de <\/span><b>Capit\u00f3lio<\/b><span style=\"font-weight: 400;\">, portanto, \u00e9 importante escolher um bom local para <\/span><b>loca\u00e7\u00e3o de temporada<\/b><span style=\"font-weight: 400;\">, com boa localiza\u00e7\u00e3o para poder explorar a regi\u00e3o.<\/span><\/p>\n<p>Juntamente com isso, h\u00e1 outras atra\u00e7\u00f5es que podem (e ir\u00e3o) atrair h\u00f3spedes. Por isso, separamos algumas sugest\u00f5es de atra\u00e7\u00f5es e de locais onde se hospedar (e que s\u00e3o ideais para aluguel de temporada em Capit\u00f3lio), confira:<\/p>\n<h3><\/h3>\n<h4><strong>Cachoeira do Issara<\/strong><\/h4>\n<p><span style=\"font-weight: 400;\">Popularmente chamada de <strong>Cachoeira do Sabi\u00e1<\/strong>, possui uma queda d\u2019\u00e1gua de 60m. O local \u00e9 ideal para praticar esportes aqu\u00e1ticos e seu acesso \u00e9 realizado atrav\u00e9s de trilha, de barco e, tamb\u00e9m, de carro. Esse \u00faltimo \u00e9 percurso que foi aberto h\u00e1 pouco tempo.\u00a0<\/span><\/p>\n<p><span style=\"font-weight: 400;\">Esse trajeto pode ser feito em 20 minutos, para quem fizer <\/span>loca\u00e7\u00e3o de temporada<span style=\"font-weight: 400;\"> no <em>Condom\u00ednio N\u00e1utico\u00a0Brisas do Lago<\/em>. \u00c9 um dos melhores locais para se hospedar, cercado de \u00e1rea verde e com infraestrutura de primeiro mundo.<\/span><\/p>\n<h3><\/h3>\n<h4><strong>Orla da Prainha de Capit\u00f3lio<\/strong><\/h4>\n<p><span style=\"font-weight: 400;\">Em seguida, recomendamos um passeio pela Orla da Prainha de Capit\u00f3lio, um local simples, mas com uma vista maravilhosa da<em> Lagoa de <\/em><\/span><em>Capit\u00f3lio<\/em><span style=\"font-weight: 400;\">. Logo, \u00e9 uma atra\u00e7\u00e3o tradicional na cidade, ideal para realizar caminhadas, ou, simplesmente, contemplar a natureza. Por l\u00e1 h\u00e1 algumas op\u00e7\u00f5es de locais onde comer.<\/span><\/p>\n<p><span style=\"font-weight: 400;\">O<em> Residencial Vista da Serra<\/em> \u00e9 outra boa op\u00e7\u00e3o para <\/span>loca\u00e7\u00e3o de temporada<span style=\"font-weight: 400;\"> em <\/span><b>Capit\u00f3lio<\/b><span style=\"font-weight: 400;\">. Localizado a 2km do centro da cidade e pouco menos de 4km da Orla da Prainha de <\/span>Capit\u00f3lio<span style=\"font-weight: 400;\">, possui boa estrutura de seguran\u00e7a e lazer.<\/span><\/p>\n<h3><\/h3>\n<h4><strong>Marina Escarpas<\/strong><\/h4>\n<p><span style=\"font-weight: 400;\">Esse \u00e9, sem d\u00favidas, um parque completo e ideal <\/span><span style=\"font-weight: 400;\">para ir com a fam\u00edlia e passar um dia de lazer, al\u00e9m de poder fazer um passeio de lancha. O Marina Escarpas oferece atividades para diversos p\u00fablicos, al\u00e9m de ser cercado de cachoeiras e belas paisagens.<\/span><\/p>\n<p><span style=\"font-weight: 400;\">Pr\u00f3ximo da Marina Escarpas est\u00e1 o <em>Residencial Morada do Verde<\/em>, um condom\u00ednio de casas de alto padr\u00e3o<\/span><span style=\"font-weight: 400;\">, com lagos e cachoeiras, al\u00e9m de dispor de uma vasta op\u00e7\u00e3o de servi\u00e7os. Logo, \u00e9 um lugar perfeito para aluguel de temporada em Capit\u00f3lio.<\/span><\/p>\n<h3><\/h3>\n<h4><strong>Cachoeira Suta<\/strong><\/h4>\n<p><span style=\"font-weight: 400;\">Uma atra\u00e7\u00e3o n\u00e3o t\u00e3o popular em <\/span><b>Capit\u00f3lio<\/b><span style=\"font-weight: 400;\">, mas ideal para quem gosta de caminhada e trilhas sem aglomera\u00e7\u00f5es. A <em>Cachoeira do Suta<\/em> \u00e9 muito tranquila e \u00e9 cercada de mata fechada, possuindo uma grande variedade de esp\u00e9cies nativas.<\/span><\/p>\n<p><span style=\"font-weight: 400;\">Combinando com a Cachoeira Suta, h\u00e1 o <em>Condom\u00ednio Ilha<\/em>, um local reservado e sossegado, ideal para levar a fam\u00edlia e descansar. \u00c9 um local seguro, considerado um dos residenciais com maior \u00e1rea verde na regi\u00e3o<\/span><span style=\"font-weight: 400;\">.<\/span><\/p>\n<p>&nbsp;<\/p>\n<h4><strong>Cachoeira Chapad\u00e3o<\/strong><\/h4>\n<p><span style=\"font-weight: 400;\">Com um dif\u00edcil acesso, sendo apenas atrav\u00e9s de trilhas, a Cachoeira Chapad\u00e3o \u00e9 uma das mais bonitas em <\/span><b>Capit\u00f3lio<\/b><span style=\"font-weight: 400;\">, pois possui uma grande queda d\u2019\u00e1gua e diversas esp\u00e9cies de animais e plantas.<\/span><\/p>\n<p><span style=\"font-weight: 400;\">Um dos condom\u00ednios de alto padr\u00e3o em <\/span><b>Capit\u00f3lio<\/b><span style=\"font-weight: 400;\"> com mais op\u00e7\u00f5es de <\/span><b>loca\u00e7\u00e3o de temporada<\/b><span style=\"font-weight: 400;\">, \u00e9 o <em>Bela Vista do Funil<\/em>, um luxuoso complexo residencial, com op\u00e7\u00f5es de restaurante e com\u00e9rcios, al\u00e9m de vigil\u00e2ncia 24h.<\/span><\/p>\n<h3><strong>Fa\u00e7a j\u00e1 o an\u00fancio do seu aluguel de temporada em Capit\u00f3lio com o Anfitri\u00e3o Prime<\/strong><\/h3>\n<p><span style=\"font-weight: 400;\">Tenha acesso a todos os benef\u00edcios oferecidos pelo <\/span><b>Anfitri\u00e3o Prime<\/b><span style=\"font-weight: 400;\"> e garanta ainda hoje<\/span><span style=\"font-weight: 400;\">\u00a0todo o suporte necess\u00e1rio para desburocratizar os processos de <\/span><b>loca\u00e7\u00e3o de temporada<\/b><span style=\"font-weight: 400;\">. Cadastre-se atrav\u00e9s do formul\u00e1rio ao lado!\u00a0<\/span><\/p>\n","protected":false},"excerpt":{"rendered":"<p>Gerenciamos todo o seu aluguel de temporada em Capit\u00f3lio para te livrar de todas as burocracias e preocupa\u00e7\u00f5es que voc\u00ea teria se alugasse por temporada por conta pr\u00f3pria. Conhe\u00e7a os nossos servi\u00e7os! Clique aqui para conhecer o nosso portf\u00f3lio com mais de 1.000 im\u00f3veis de temporada distribu\u00eddos em todas as regi\u00f5es do Brasil.\u00a0 Como gerenciamos [&hellip;]<\/p>\n","protected":false},"author":1,"featured_media":3487,"parent":0,"menu_order":0,"comment_status":"closed","ping_status":"closed","template":"page-lp.php","meta":[],"yoast_head":"<!-- This site is optimized with the Yoast SEO plugin v21.1 - https:\/\/yoast.com\/wordpress\/plugins\/seo\/ -->\n<title>Aluguel de temporada em Capit\u00f3lio \u00e9 com o Anfitri\u00e3o Prime - Saiba mais!<\/title>\n<meta name=\"description\" content=\"Gerenciamos todo o seu aluguel de temporada em Capit\u00f3lio para te livrar de todas as burocracias e preocupa\u00e7\u00f5es. Conhe\u00e7a os nossos servi\u00e7os!\" \/>\n<meta name=\"robots\" content=\"index, follow, max-snippet:-1, max-image-preview:large, max-video-preview:-1\" \/>\n<link rel=\"canonical\" href=\"https:\/\/www.anfitriaoprime.com.br\/blog\/aluguel-de-temporada-em-capitolio\/\" \/>\n<meta property=\"og:locale\" content=\"pt_BR\" \/>\n<meta property=\"og:type\" content=\"article\" \/>\n<meta property=\"og:title\" content=\"Aluguel de temporada em Capit\u00f3lio \u00e9 com o Anfitri\u00e3o Prime - Saiba mais!\" \/>\n<meta property=\"og:description\" content=\"Gerenciamos todo o seu aluguel de temporada em Capit\u00f3lio para te livrar de todas as burocracias e preocupa\u00e7\u00f5es. Conhe\u00e7a os nossos servi\u00e7os!\" \/>\n<meta property=\"og:url\" content=\"https:\/\/www.anfitriaoprime.com.br\/blog\/aluguel-de-temporada-em-capitolio\/\" \/>\n<meta property=\"og:site_name\" content=\"Blog Anfitri\u00e3o Prime: Ganhe dinheiro com aluguel de temporada.\" \/>\n<meta property=\"og:image\" content=\"https:\/\/www.anfitriaoprime.com.br\/blog\/wp-content\/uploads\/2022\/04\/1920-18.jpeg\" \/>\n\t<meta property=\"og:image:width\" content=\"1920\" \/>\n\t<meta property=\"og:image:height\" content=\"550\" \/>\n\t<meta property=\"og:image:type\" content=\"image\/jpeg\" \/>\n<meta name=\"twitter:card\" content=\"summary_large_image\" \/>\n<meta name=\"twitter:label1\" content=\"Est. tempo de leitura\" \/>\n\t<meta name=\"twitter:data1\" content=\"8 minutos\" \/>\n<script type=\"application\/ld+json\" class=\"yoast-schema-graph\">{\"@context\":\"https:\/\/schema.org\",\"@graph\":[{\"@type\":\"WebPage\",\"@id\":\"https:\/\/www.anfitriaoprime.com.br\/blog\/aluguel-de-temporada-em-capitolio\/\",\"url\":\"https:\/\/www.anfitriaoprime.com.br\/blog\/aluguel-de-temporada-em-capitolio\/\",\"name\":\"Aluguel de temporada em Capit\u00f3lio \u00e9 com o Anfitri\u00e3o Prime - Saiba mais!\",\"isPartOf\":{\"@id\":\"https:\/\/www.anfitriaoprime.com.br\/blog\/#website\"},\"datePublished\":\"2022-04-08T18:13:27+00:00\",\"dateModified\":\"2022-04-08T18:13:27+00:00\",\"description\":\"Gerenciamos todo o seu aluguel de temporada em Capit\u00f3lio para te livrar de todas as burocracias e preocupa\u00e7\u00f5es. Conhe\u00e7a os nossos servi\u00e7os!\",\"breadcrumb\":{\"@id\":\"https:\/\/www.anfitriaoprime.com.br\/blog\/aluguel-de-temporada-em-capitolio\/#breadcrumb\"},\"inLanguage\":\"pt-BR\",\"potentialAction\":[{\"@type\":\"ReadAction\",\"target\":[\"https:\/\/www.anfitriaoprime.com.br\/blog\/aluguel-de-temporada-em-capitolio\/\"]}]},{\"@type\":\"BreadcrumbList\",\"@id\":\"https:\/\/www.anfitriaoprime.com.br\/blog\/aluguel-de-temporada-em-capitolio\/#breadcrumb\",\"itemListElement\":[{\"@type\":\"ListItem\",\"position\":1,\"name\":\"In\u00edcio\",\"item\":\"https:\/\/www.anfitriaoprime.com.br\/blog\/\"},{\"@type\":\"ListItem\",\"position\":2,\"name\":\"Aluguel de temporada em Capit\u00f3lio \u00e9 com o Anfitri\u00e3o Prime &#8211; Saiba mais!\"}]},{\"@type\":\"WebSite\",\"@id\":\"https:\/\/www.anfitriaoprime.com.br\/blog\/#website\",\"url\":\"https:\/\/www.anfitriaoprime.com.br\/blog\/\",\"name\":\"Blog Anfitri\u00e3o Prime - Gest\u00e3o de propriedade para aluguel de temporada\",\"description\":\"No blog do Anfitri\u00e3o Prime voc\u00ea encontra dicas e informa\u00e7\u00f5es sobre o mercado de aluguel de temporada escrito por anfitri\u00f5es profissionais\",\"potentialAction\":[{\"@type\":\"SearchAction\",\"target\":{\"@type\":\"EntryPoint\",\"urlTemplate\":\"https:\/\/www.anfitriaoprime.com.br\/blog\/?s={search_term_string}\"},\"query-input\":\"required name=search_term_string\"}],\"inLanguage\":\"pt-BR\"}]}<\/script>\n<!-- \/ Yoast SEO plugin. -->","yoast_head_json":{"title":"Aluguel de temporada em Capit\u00f3lio \u00e9 com o Anfitri\u00e3o Prime - Saiba mais!","description":"Gerenciamos todo o seu aluguel de temporada em Capit\u00f3lio para te livrar de todas as burocracias e preocupa\u00e7\u00f5es. Conhe\u00e7a os nossos servi\u00e7os!","robots":{"index":"index","follow":"follow","max-snippet":"max-snippet:-1","max-image-preview":"max-image-preview:large","max-video-preview":"max-video-preview:-1"},"canonical":"https:\/\/www.anfitriaoprime.com.br\/blog\/aluguel-de-temporada-em-capitolio\/","og_locale":"pt_BR","og_type":"article","og_title":"Aluguel de temporada em Capit\u00f3lio \u00e9 com o Anfitri\u00e3o Prime - Saiba mais!","og_description":"Gerenciamos todo o seu aluguel de temporada em Capit\u00f3lio para te livrar de todas as burocracias e preocupa\u00e7\u00f5es. Conhe\u00e7a os nossos servi\u00e7os!","og_url":"https:\/\/www.anfitriaoprime.com.br\/blog\/aluguel-de-temporada-em-capitolio\/","og_site_name":"Blog Anfitri\u00e3o Prime: Ganhe dinheiro com aluguel de temporada.","og_image":[{"width":1920,"height":550,"url":"https:\/\/www.anfitriaoprime.com.br\/blog\/wp-content\/uploads\/2022\/04\/1920-18.jpeg","type":"image\/jpeg"}],"twitter_card":"summary_large_image","twitter_misc":{"Est. tempo de leitura":"8 minutos"},"schema":{"@context":"https:\/\/schema.org","@graph":[{"@type":"WebPage","@id":"https:\/\/www.anfitriaoprime.com.br\/blog\/aluguel-de-temporada-em-capitolio\/","url":"https:\/\/www.anfitriaoprime.com.br\/blog\/aluguel-de-temporada-em-capitolio\/","name":"Aluguel de temporada em Capit\u00f3lio \u00e9 com o Anfitri\u00e3o Prime - Saiba mais!","isPartOf":{"@id":"https:\/\/www.anfitriaoprime.com.br\/blog\/#website"},"datePublished":"2022-04-08T18:13:27+00:00","dateModified":"2022-04-08T18:13:27+00:00","description":"Gerenciamos todo o seu aluguel de temporada em Capit\u00f3lio para te livrar de todas as burocracias e preocupa\u00e7\u00f5es. Conhe\u00e7a os nossos servi\u00e7os!","breadcrumb":{"@id":"https:\/\/www.anfitriaoprime.com.br\/blog\/aluguel-de-temporada-em-capitolio\/#breadcrumb"},"inLanguage":"pt-BR","potentialAction":[{"@type":"ReadAction","target":["https:\/\/www.anfitriaoprime.com.br\/blog\/aluguel-de-temporada-em-capitolio\/"]}]},{"@type":"BreadcrumbList","@id":"https:\/\/www.anfitriaoprime.com.br\/blog\/aluguel-de-temporada-em-capitolio\/#breadcrumb","itemListElement":[{"@type":"ListItem","position":1,"name":"In\u00edcio","item":"https:\/\/www.anfitriaoprime.com.br\/blog\/"},{"@type":"ListItem","position":2,"name":"Aluguel de temporada em Capit\u00f3lio \u00e9 com o Anfitri\u00e3o Prime &#8211; Saiba mais!"}]},{"@type":"WebSite","@id":"https:\/\/www.anfitriaoprime.com.br\/blog\/#website","url":"https:\/\/www.anfitriaoprime.com.br\/blog\/","name":"Blog Anfitri\u00e3o Prime - Gest\u00e3o de propriedade para aluguel de temporada","description":"No blog do Anfitri\u00e3o Prime voc\u00ea encontra dicas e informa\u00e7\u00f5es sobre o mercado de aluguel de temporada escrito por anfitri\u00f5es profissionais","potentialAction":[{"@type":"SearchAction","target":{"@type":"EntryPoint","urlTemplate":"https:\/\/www.anfitriaoprime.com.br\/blog\/?s={search_term_string}"},"query-input":"required name=search_term_string"}],"inLanguage":"pt-BR"}]}},"acf":{"imagem":{"ID":3487,"id":3487,"title":"Photo by Jaime Dantas on Unsplash","filename":"1920-18.jpeg","filesize":1117157,"url":"https:\/\/www.anfitriaoprime.com.br\/blog\/wp-content\/uploads\/2022\/04\/1920-18.jpeg","link":"https:\/\/www.anfitriaoprime.com.br\/blog\/aluguel-de-temporada-em-capitolio\/1920-18\/","alt":"aluguel de temporada em Capit\u00f3lio","author":"1","description":"","caption":"Photo by Jaime Dantas on Unsplash","name":"1920-18","status":"inherit","uploaded_to":3486,"date":"2022-04-08 17:52:52","modified":"2022-04-08 17:54:33","menu_order":0,"mime_type":"image\/jpeg","type":"image","subtype":"jpeg","icon":"https:\/\/www.anfitriaoprime.com.br\/blog\/wp-includes\/images\/media\/default.png","width":1920,"height":550,"sizes":{"thumbnail":"https:\/\/www.anfitriaoprime.com.br\/blog\/wp-content\/uploads\/2022\/04\/1920-18-150x150.jpeg","thumbnail-width":150,"thumbnail-height":150,"medium":"https:\/\/www.anfitriaoprime.com.br\/blog\/wp-content\/uploads\/2022\/04\/1920-18-300x86.jpeg","medium-width":300,"medium-height":86,"medium_large":"https:\/\/www.anfitriaoprime.com.br\/blog\/wp-content\/uploads\/2022\/04\/1920-18-768x220.jpeg","medium_large-width":648,"medium_large-height":186,"large":"https:\/\/www.anfitriaoprime.com.br\/blog\/wp-content\/uploads\/2022\/04\/1920-18-1024x293.jpeg","large-width":648,"large-height":185,"1536x1536":"https:\/\/www.anfitriaoprime.com.br\/blog\/wp-content\/uploads\/2022\/04\/1920-18-1536x440.jpeg","1536x1536-width":1536,"1536x1536-height":440,"2048x2048":"https:\/\/www.anfitriaoprime.com.br\/blog\/wp-content\/uploads\/2022\/04\/1920-18.jpeg","2048x2048-width":1920,"2048x2048-height":550,"sparkling-featured":"https:\/\/www.anfitriaoprime.com.br\/blog\/wp-content\/uploads\/2022\/04\/1920-18-750x410.jpeg","sparkling-featured-width":750,"sparkling-featured-height":410,"sparkling-featured-fullwidth":"https:\/\/www.anfitriaoprime.com.br\/blog\/wp-content\/uploads\/2022\/04\/1920-18.jpeg","sparkling-featured-fullwidth-width":1140,"sparkling-featured-fullwidth-height":327,"tab-small":"https:\/\/www.anfitriaoprime.com.br\/blog\/wp-content\/uploads\/2022\/04\/1920-18.jpeg","tab-small-width":60,"tab-small-height":17,"crp_thumbnail":"https:\/\/www.anfitriaoprime.com.br\/blog\/wp-content\/uploads\/2022\/04\/1920-18.jpeg","crp_thumbnail-width":150,"crp_thumbnail-height":43}},"titulo":"Aluguel de temporada em Capit\u00f3lio \u00e9 com o Anfitri\u00e3o Prime - Saiba mais!","subtitulo":"<p><span style=\"font-weight: 400;\">Gerenciamos todo o seu aluguel de temporada em Capit\u00f3lio para te livrar de todas as burocracias e preocupa\u00e7\u00f5es que voc\u00ea teria se alugasse por temporada por conta pr\u00f3pria. Conhe\u00e7a os nossos servi\u00e7os!<\/span><\/p>\n<p><a href=\"https:\/\/reservas.anfitriaoprime.com.br\/\"><b>Clique aqui para conhecer o nosso portf\u00f3lio com mais de 1.000 im\u00f3veis de temporada distribu\u00eddos em todas as regi\u00f5es do Brasil.\u00a0<\/b><\/a><\/p>\n<p>&nbsp;<\/p>\n<p>&nbsp;<\/p>\n","titulo_secao_1":"Como gerenciamos o seu aluguel de temporada em Capit\u00f3lio","conteudo_secao_1":"<p><span style=\"font-weight: 400;\">Utilizando os servi\u00e7os profissionais do <\/span><b>Anfitri\u00e3o Prime<\/b><span style=\"font-weight: 400;\">, voc\u00ea n\u00e3o precisar\u00e1 se preocupar em nada referente a loca\u00e7\u00e3o de im\u00f3veis de aluguel de temporada em Capit\u00f3lio, pois toda a parte burocr\u00e1tica \u00e9 realizada por n\u00f3s.\u00a0\u00a0<\/span><\/p>\n<p><span style=\"font-weight: 400;\">Al\u00e9m disso, nossos profissionais est\u00e3o altamente capacitados para atuar em todas as etapas da loca\u00e7\u00e3o, desde a<strong> cria\u00e7\u00e3o do an\u00fanci<\/strong>o, at\u00e9 a <strong>manuten\u00e7\u00e3o<\/strong> do im\u00f3vel.<\/span><\/p>\n<p><span style=\"font-weight: 400;\">Ent\u00e3o, garanta j\u00e1 a nossa gest\u00e3o completa para o seu im\u00f3vel em <strong>Capit\u00f3lio<\/strong>. Para isso, basta se cadastrar atrav\u00e9s do formul\u00e1rio ao lado, escolher o plano que melhor se adequa \u00e0s suas necessidades e pronto. \u00c9 r\u00e1pido e pode te garantir at\u00e9 <strong>100% a mais de ganhos<\/strong> se comparamos com a loca\u00e7\u00e3o por conta pr\u00f3pria.<\/span><\/p>\n","titulo_secao_2":"Conhe\u00e7a os nossos servi\u00e7os","imagem_secao_2":false,"conteudo_secao_2":"<p>Antes de mais nada, com os servi\u00e7os oferecidos pelo Anfitri\u00e3o Prime voc\u00ea pode ser um excelente Anfitri\u00e3o de Airbnb em<b> Capit\u00f3lio<\/b>. Visto que aliamos a experi\u00eancia de mais de 30 anos com turismo dos nossos profissionais \u00e0 tecnologia de ponta, garantindo maiores ganhos com o aluguel de temporada para propriet\u00e1rios e a melhor experi\u00eancia para os h\u00f3spedes. Confira os nossos servi\u00e7os:<\/p>\n<p>&nbsp;<\/p>\n<h3><b><img decoding=\"async\" class=\"emoji\" role=\"img\" draggable=\"false\" src=\"https:\/\/s.w.org\/images\/core\/emoji\/13.1.0\/svg\/1f4bb.svg\" alt=\"\ud83d\udcbb\" \/>\u00a0Anunciamos sua propriedade<\/b><\/h3>\n<p>Primeiramente, n\u00f3s criamos o an\u00fancio da sua propriedade e o publicamos em mais de 30 sites de reservas, como Airbnb, Booking, VRBO (Alugue Temporada) e TripAdvisor.\u00a0 Em seguida, ficamos respons\u00e1veis pela gest\u00e3o dele em cada uma das plataformas.<\/p>\n<p>&nbsp;<\/p>\n<h3><a href=\"https:\/\/www.anfitriaoprime.com.br\/blog\/foto-a-importancia-no-aluguel-de-temporada\/\"><b><img decoding=\"async\" loading=\"lazy\" class=\"emoji alignnone\" role=\"img\" draggable=\"false\" src=\"https:\/\/s.w.org\/images\/core\/emoji\/13.1.0\/svg\/1f4f7.svg\" alt=\"aluguel de temporada em Monte Verde\" width=\"150\" height=\"150\" \/>\u00a0Fotos profissionais<\/b><\/a><\/h3>\n<p>As fotos profissionais do seu im\u00f3vel garantem uma melhor primeira impress\u00e3o aos h\u00f3spedes, o que aumenta as possibilidades de reservas.<\/p>\n<p>&nbsp;<\/p>\n<h3><b><img decoding=\"async\" class=\"emoji\" role=\"img\" draggable=\"false\" src=\"https:\/\/s.w.org\/images\/core\/emoji\/13.1.0\/svg\/1f4ac.svg\" alt=\"\ud83d\udcac\" \/>\u00a0Comunica\u00e7\u00e3o com os h\u00f3spedes<\/b><\/h3>\n<p>Um dos grandes problemas ao gerenciar um im\u00f3vel de temporada \u00e9 estar dispon\u00edvel para responder os h\u00f3spedes nas plataformas de reservas. Contudo, com o Anfitri\u00e3o Prime voc\u00ea n\u00e3o ter\u00e1 que se preocupar com isso, pois n\u00f3s temos uma equipe que est\u00e1 24\/7 dispon\u00edvel para atend\u00ea-los.<\/p>\n<p>&nbsp;<\/p>\n<h3><b><img decoding=\"async\" loading=\"lazy\" class=\"emoji alignnone\" role=\"img\" draggable=\"false\" src=\"https:\/\/s.w.org\/images\/core\/emoji\/13.1.0\/svg\/1f4c8.svg\" alt=\"aluguel de temporada em Monte Verde\" width=\"150\" height=\"150\" \/>\u00a0<a href=\"https:\/\/www.anfitriaoprime.com.br\/blog\/valor-da-diaria-no-aluguel-de-temporada\/\">Defini\u00e7\u00e3o dos melhores pre\u00e7os de di\u00e1rias<\/a><\/b><\/h3>\n<p>Contamos com uma tecnologia de ponta que faz a precifica\u00e7\u00e3o inteligente do seu im\u00f3vel, pensando a longo prazo. Em outras palavras, ela leva em conta as varia\u00e7\u00f5es de pre\u00e7o que ocorrem durante o ano, como feriados, alta e baixa temporada. Al\u00e9m de outras situa\u00e7\u00f5es que podem fazer com que o valor da di\u00e1ria do seu im\u00f3vel varie.<\/p>\n<p>&nbsp;<\/p>\n<h3><strong><img decoding=\"async\" class=\"emoji\" role=\"img\" draggable=\"false\" src=\"https:\/\/s.w.org\/images\/core\/emoji\/13.1.0\/svg\/1f5d3.svg\" alt=\"\ud83d\uddd3\ufe0f\" \/>\u00a0Gest\u00e3o do calend\u00e1rio\u00a0<\/strong><\/h3>\n<p>N\u00f3s tamb\u00e9m contamos com uma ferramenta que faz a gest\u00e3o unificada do seu calend\u00e1rio para evitar o overbooking. Al\u00e9m disso, voc\u00ea tamb\u00e9m pode continuar utilizando o seu im\u00f3vel quando desejar, basta apenas nos informar com anteced\u00eancia para que possamos fazer o bloqueio do calend\u00e1rio para os h\u00f3spedes.<\/p>\n<p>&nbsp;<\/p>\n<h3><b><img decoding=\"async\" class=\"emoji\" role=\"img\" draggable=\"false\" src=\"https:\/\/s.w.org\/images\/core\/emoji\/13.1.0\/svg\/2714.svg\" alt=\"\u2714\" \/>\u00a0Concierge, Limpeza e Manuten\u00e7\u00e3o\u00a0<\/b><\/h3>\n<p>Finalmente, para que voc\u00ea possa alugar o seu aluguel de temporada em Capit\u00f3lio tranquilamente, oferecemos servi\u00e7os complementares como de <b>concierge<\/b>\u00a0do seu im\u00f3vel. Al\u00e9m de servi\u00e7os para\u00a0<strong>limpeza, manuten\u00e7\u00e3o<\/strong>\u00a0e outras coisas necess\u00e1rias para garantir uma experi\u00eancia perfeita aos h\u00f3spedes.<\/p>\n","titulo_secao_3":"Por que anunciar seu im\u00f3vel com a gente?","conteudo_secao_3":"<p>Ent\u00e3o, se comparamos os servi\u00e7os do Anfitri\u00e3o Prime com os servi\u00e7os oferecidos por outros sites de reservas, voc\u00ea ter\u00e1 as seguintes vantagens:<\/p>\n","titulo_secao_6":"Sobre Capit\u00f3lio","conteudo_secao_6":"<figure id=\"attachment_3490\" class=\"thumbnail wp-caption alignnone\" style=\"width: 760px\"><img decoding=\"async\" loading=\"lazy\" class=\"wp-image-3490 size-full\" src=\"https:\/\/www.anfitriaoprime.com.br\/blog\/wp-content\/uploads\/2022\/04\/Dimensoes-personalizadas-750x410-px-17.jpeg\" alt=\"aluguel de temporada em Capit\u00f3lio\" width=\"750\" height=\"410\" srcset=\"https:\/\/www.anfitriaoprime.com.br\/blog\/wp-content\/uploads\/2022\/04\/Dimensoes-personalizadas-750x410-px-17.jpeg 750w, https:\/\/www.anfitriaoprime.com.br\/blog\/wp-content\/uploads\/2022\/04\/Dimensoes-personalizadas-750x410-px-17-300x164.jpeg 300w\" sizes=\"(max-width: 750px) 100vw, 750px\" \/><figcaption class=\"caption wp-caption-text\">Foto do Jaime Dantas no Unsplash<\/figcaption><\/figure>\n<p><span style=\"font-weight: 400;\">Conhecida como a <em>Cidade Rainha dos Lagos<\/em>, <\/span><b>Capit\u00f3lio<\/b><span style=\"font-weight: 400;\"> \u00e9 uma pequena cidade mineira, com cerca de 9 mil habitantes. \u00c9 um destino bastante procurado por turistas, pois possui um para\u00edso natural cercado de \u00e1guas cristalinas e cachoeiras.<\/span><\/p>\n<p><span style=\"font-weight: 400;\">S\u00e3o necess\u00e1rios alguns dias de viagem para conhecer as melhores cachoeiras de <\/span><b>Capit\u00f3lio<\/b><span style=\"font-weight: 400;\">, portanto, \u00e9 importante escolher um bom local para <\/span><b>loca\u00e7\u00e3o de temporada<\/b><span style=\"font-weight: 400;\">, com boa localiza\u00e7\u00e3o para poder explorar a regi\u00e3o.<\/span><\/p>\n<p>Juntamente com isso, h\u00e1 outras atra\u00e7\u00f5es que podem (e ir\u00e3o) atrair h\u00f3spedes. Por isso, separamos algumas sugest\u00f5es de atra\u00e7\u00f5es e de locais onde se hospedar (e que s\u00e3o ideais para aluguel de temporada em Capit\u00f3lio), confira:<\/p>\n<h3><\/h3>\n<h4><strong>Cachoeira do Issara<\/strong><\/h4>\n<p><span style=\"font-weight: 400;\">Popularmente chamada de <strong>Cachoeira do Sabi\u00e1<\/strong>, possui uma queda d\u2019\u00e1gua de 60m. O local \u00e9 ideal para praticar esportes aqu\u00e1ticos e seu acesso \u00e9 realizado atrav\u00e9s de trilha, de barco e, tamb\u00e9m, de carro. Esse \u00faltimo \u00e9 percurso que foi aberto h\u00e1 pouco tempo.\u00a0<\/span><\/p>\n<p><span style=\"font-weight: 400;\">Esse trajeto pode ser feito em 20 minutos, para quem fizer <\/span>loca\u00e7\u00e3o de temporada<span style=\"font-weight: 400;\"> no <em>Condom\u00ednio N\u00e1utico\u00a0Brisas do Lago<\/em>. \u00c9 um dos melhores locais para se hospedar, cercado de \u00e1rea verde e com infraestrutura de primeiro mundo.<\/span><\/p>\n<h3><\/h3>\n<h4><strong>Orla da Prainha de Capit\u00f3lio<\/strong><\/h4>\n<p><span style=\"font-weight: 400;\">Em seguida, recomendamos um passeio pela Orla da Prainha de Capit\u00f3lio, um local simples, mas com uma vista maravilhosa da<em> Lagoa de <\/em><\/span><em>Capit\u00f3lio<\/em><span style=\"font-weight: 400;\">. Logo, \u00e9 uma atra\u00e7\u00e3o tradicional na cidade, ideal para realizar caminhadas, ou, simplesmente, contemplar a natureza. Por l\u00e1 h\u00e1 algumas op\u00e7\u00f5es de locais onde comer.<\/span><\/p>\n<p><span style=\"font-weight: 400;\">O<em> Residencial Vista da Serra<\/em> \u00e9 outra boa op\u00e7\u00e3o para <\/span>loca\u00e7\u00e3o de temporada<span style=\"font-weight: 400;\"> em <\/span><b>Capit\u00f3lio<\/b><span style=\"font-weight: 400;\">. Localizado a 2km do centro da cidade e pouco menos de 4km da Orla da Prainha de <\/span>Capit\u00f3lio<span style=\"font-weight: 400;\">, possui boa estrutura de seguran\u00e7a e lazer.<\/span><\/p>\n<h3><\/h3>\n<h4><strong>Marina Escarpas<\/strong><\/h4>\n<p><span style=\"font-weight: 400;\">Esse \u00e9, sem d\u00favidas, um parque completo e ideal <\/span><span style=\"font-weight: 400;\">para ir com a fam\u00edlia e passar um dia de lazer, al\u00e9m de poder fazer um passeio de lancha. O Marina Escarpas oferece atividades para diversos p\u00fablicos, al\u00e9m de ser cercado de cachoeiras e belas paisagens.<\/span><\/p>\n<p><span style=\"font-weight: 400;\">Pr\u00f3ximo da Marina Escarpas est\u00e1 o <em>Residencial Morada do Verde<\/em>, um condom\u00ednio de casas de alto padr\u00e3o<\/span><span style=\"font-weight: 400;\">, com lagos e cachoeiras, al\u00e9m de dispor de uma vasta op\u00e7\u00e3o de servi\u00e7os. Logo, \u00e9 um lugar perfeito para aluguel de temporada em Capit\u00f3lio.<\/span><\/p>\n<h3><\/h3>\n<h4><strong>Cachoeira Suta<\/strong><\/h4>\n<p><span style=\"font-weight: 400;\">Uma atra\u00e7\u00e3o n\u00e3o t\u00e3o popular em <\/span><b>Capit\u00f3lio<\/b><span style=\"font-weight: 400;\">, mas ideal para quem gosta de caminhada e trilhas sem aglomera\u00e7\u00f5es. A <em>Cachoeira do Suta<\/em> \u00e9 muito tranquila e \u00e9 cercada de mata fechada, possuindo uma grande variedade de esp\u00e9cies nativas.<\/span><\/p>\n<p><span style=\"font-weight: 400;\">Combinando com a Cachoeira Suta, h\u00e1 o <em>Condom\u00ednio Ilha<\/em>, um local reservado e sossegado, ideal para levar a fam\u00edlia e descansar. \u00c9 um local seguro, considerado um dos residenciais com maior \u00e1rea verde na regi\u00e3o<\/span><span style=\"font-weight: 400;\">.<\/span><\/p>\n<p>&nbsp;<\/p>\n<h4><strong>Cachoeira Chapad\u00e3o<\/strong><\/h4>\n<p><span style=\"font-weight: 400;\">Com um dif\u00edcil acesso, sendo apenas atrav\u00e9s de trilhas, a Cachoeira Chapad\u00e3o \u00e9 uma das mais bonitas em <\/span><b>Capit\u00f3lio<\/b><span style=\"font-weight: 400;\">, pois possui uma grande queda d\u2019\u00e1gua e diversas esp\u00e9cies de animais e plantas.<\/span><\/p>\n<p><span style=\"font-weight: 400;\">Um dos condom\u00ednios de alto padr\u00e3o em <\/span><b>Capit\u00f3lio<\/b><span style=\"font-weight: 400;\"> com mais op\u00e7\u00f5es de <\/span><b>loca\u00e7\u00e3o de temporada<\/b><span style=\"font-weight: 400;\">, \u00e9 o <em>Bela Vista do Funil<\/em>, um luxuoso complexo residencial, com op\u00e7\u00f5es de restaurante e com\u00e9rcios, al\u00e9m de vigil\u00e2ncia 24h.<\/span><\/p>\n<h3><strong>Fa\u00e7a j\u00e1 o an\u00fancio do seu aluguel de temporada em Capit\u00f3lio com o Anfitri\u00e3o Prime<\/strong><\/h3>\n<p><span style=\"font-weight: 400;\">Tenha acesso a todos os benef\u00edcios oferecidos pelo <\/span><b>Anfitri\u00e3o Prime<\/b><span style=\"font-weight: 400;\"> e garanta ainda hoje<\/span><span style=\"font-weight: 400;\">\u00a0todo o suporte necess\u00e1rio para desburocratizar os processos de <\/span><b>loca\u00e7\u00e3o de temporada<\/b><span style=\"font-weight: 400;\">. Cadastre-se atrav\u00e9s do formul\u00e1rio ao lado!\u00a0<\/span><\/p>\n<p><a href=\"https:\/\/reservas.anfitriaoprime.com.br\/\"><b>Clique aqui para conhecer o nosso portf\u00f3lio com mais de 1.000 im\u00f3veis de temporada distribu\u00eddos em todas as regi\u00f5es do Brasil.\u00a0<\/b><\/a><\/p>\n"},"_links":{"self":[{"href":"https:\/\/www.anfitriaoprime.com.br\/blog\/wp-json\/wp\/v2\/pages\/3486"}],"collection":[{"href":"https:\/\/www.anfitriaoprime.com.br\/blog\/wp-json\/wp\/v2\/pages"}],"about":[{"href":"https:\/\/www.anfitriaoprime.com.br\/blog\/wp-json\/wp\/v2\/types\/page"}],"author":[{"embeddable":true,"href":"https:\/\/www.anfitriaoprime.com.br\/blog\/wp-json\/wp\/v2\/users\/1"}],"replies":[{"embeddable":true,"href":"https:\/\/www.anfitriaoprime.com.br\/blog\/wp-json\/wp\/v2\/comments?post=3486"}],"version-history":[{"count":4,"href":"https:\/\/www.anfitriaoprime.com.br\/blog\/wp-json\/wp\/v2\/pages\/3486\/revisions"}],"predecessor-version":[{"id":3492,"href":"https:\/\/www.anfitriaoprime.com.br\/blog\/wp-json\/wp\/v2\/pages\/3486\/revisions\/3492"}],"wp:featuredmedia":[{"embeddable":true,"href":"https:\/\/www.anfitriaoprime.com.br\/blog\/wp-json\/wp\/v2\/media\/3487"}],"wp:attachment":[{"href":"https:\/\/www.anfitriaoprime.com.br\/blog\/wp-json\/wp\/v2\/media?parent=3486"}],"curies":[{"name":"wp","href":"https:\/\/api.w.org\/{rel}","templated":true}]}}