{"id":3913,"date":"2022-05-05T16:28:12","date_gmt":"2022-05-05T19:28:12","guid":{"rendered":"https:\/\/www.anfitriaoprime.com.br\/blog\/?page_id=3913"},"modified":"2022-05-05T16:28:12","modified_gmt":"2022-05-05T19:28:12","slug":"aluguel-de-temporada-em-louveira-sp","status":"publish","type":"page","link":"https:\/\/www.anfitriaoprime.com.br\/blog\/aluguel-de-temporada-em-louveira-sp\/","title":{"rendered":"Aluguel de temporada em Louveira &#8211; SP \u00e9 com o Anfitri\u00e3o Prime"},"content":{"rendered":"<p><span style=\"font-weight: 400;\">Anunciar o seu aluguel de temporada em <\/span><b>Louveira <\/b><span style=\"font-weight: 400;\">pode ser um processo demorado e trabalhoso, mas com o Anfitri\u00e3o Prime voc\u00ea n\u00e3o precisa se preocupar com nada: n\u00f3s fazemos tudo por voc\u00ea!\u00a0<\/span><\/p>\n<p><strong><a href=\"https:\/\/reservas.anfitriaoprime.com.br\/\">Clique aqui para conhecer o nosso portf\u00f3lio com mais de 1.000 im\u00f3veis de temporada em todo o Brasil.<\/a><\/strong><\/p>\n<h2><b>Como gerenciamos o seu aluguel de temporada em Louveira?<\/b><\/h2>\n<p><span style=\"font-weight: 400;\">Nossos servi\u00e7os profissionais s\u00e3o voltados para a divulga\u00e7\u00e3o e gest\u00e3o do ambiente perfeito para <\/span>aluguel de temporada em <b>Louveira<\/b><span style=\"font-weight: 400;\">. Alguns desses servi\u00e7os s\u00e3o:<\/span><\/p>\n<ul>\n<li style=\"font-weight: 400;\" aria-level=\"1\"><span style=\"font-weight: 400;\">Cria\u00e7\u00e3o do an\u00fancio da sua casa em Louveira, com fotografia profissional;<\/span><\/li>\n<li style=\"font-weight: 400;\" aria-level=\"1\"><span style=\"font-weight: 400;\">Divulga\u00e7\u00e3o e gest\u00e3o do an\u00fancio em mais de 30 sites de reservas, tais como TripAdvisor, Airbnb, Trivago, Booking, Expedia e VRBO;<\/span><\/li>\n<li style=\"font-weight: 400;\" aria-level=\"1\"><span style=\"font-weight: 400;\">Gest\u00e3o de manuten\u00e7\u00e3o do seu im\u00f3vel, com limpeza e consertos, para ofertar as melhores condi\u00e7\u00f5es de hospedagem ao cliente;<\/span><\/li>\n<li style=\"font-weight: 400;\" aria-level=\"1\"><span style=\"font-weight: 400;\">Atendimento ao cliente e ao h\u00f3spede, do primeiro contato ao checkout.<\/span><\/li>\n<\/ul>\n<p><span style=\"font-weight: 400;\">Como pode ver, \u00e9 s\u00f3 confiar seus im\u00f3veis nas nossas m\u00e3os que faremos o melhor servi\u00e7o de <\/span>aluguel de temporada em <b>Louveira<\/b><span style=\"font-weight: 400;\"> por voc\u00ea. Basta cadastrar!<\/span><\/p>\n<h2>Conhe\u00e7a os nossos servi\u00e7os<\/h2>\n<p>Aliamos a experi\u00eancia de mais de 30 anos com turismo dos nossos profissionais \u00e0 tecnologia de ponta, garantindo maiores ganhos com o aluguel de temporada para propriet\u00e1rios e a melhor experi\u00eancia para os h\u00f3spedes. Confira os nossos servi\u00e7os:<\/p>\n<h3><b><img decoding=\"async\" class=\"emoji\" role=\"img\" draggable=\"false\" src=\"https:\/\/s.w.org\/images\/core\/emoji\/13.1.0\/svg\/1f4bb.svg\" alt=\"\ud83d\udcbb\" \/>\u00a0Anunciamos sua propriedade<\/b><\/h3>\n<p>Primeiramente, n\u00f3s criamos o an\u00fancio da sua propriedade e o publicamos em mais de 30 sites de reservas, como Airbnb, Booking, VRBO (Alugue Temporada) e TripAdvisor.\u00a0 Em seguida, ficamos respons\u00e1veis pela gest\u00e3o dele em cada uma das plataformas.<\/p>\n<h3><a href=\"https:\/\/www.anfitriaoprime.com.br\/blog\/foto-a-importancia-no-aluguel-de-temporada\/\"><b><img decoding=\"async\" loading=\"lazy\" class=\"emoji alignnone\" role=\"img\" draggable=\"false\" src=\"https:\/\/s.w.org\/images\/core\/emoji\/13.1.0\/svg\/1f4f7.svg\" alt=\"aluguel de temporada em Monte Verde\" width=\"150\" height=\"150\" \/>\u00a0Fotos profissionais<\/b><\/a><\/h3>\n<p>As fotos profissionais do seu im\u00f3vel garantem uma melhor primeira impress\u00e3o aos h\u00f3spedes, o que aumenta as possibilidades de reservas.<\/p>\n<h3><b><img decoding=\"async\" class=\"emoji\" role=\"img\" draggable=\"false\" src=\"https:\/\/s.w.org\/images\/core\/emoji\/13.1.0\/svg\/1f4ac.svg\" alt=\"\ud83d\udcac\" \/>\u00a0Comunica\u00e7\u00e3o com os h\u00f3spedes<\/b><\/h3>\n<p>Um dos grandes problemas ao gerenciar um im\u00f3vel de temporada \u00e9 estar dispon\u00edvel para responder os h\u00f3spedes nas plataformas de reservas. Contudo, com o Anfitri\u00e3o Prime voc\u00ea n\u00e3o ter\u00e1 que se preocupar com isso, pois n\u00f3s temos uma equipe que est\u00e1 24\/7 dispon\u00edvel para atend\u00ea-los.<\/p>\n<h3><b><img decoding=\"async\" loading=\"lazy\" class=\"emoji alignnone\" role=\"img\" draggable=\"false\" src=\"https:\/\/s.w.org\/images\/core\/emoji\/13.1.0\/svg\/1f4c8.svg\" alt=\"aluguel de temporada em Monte Verde\" width=\"150\" height=\"150\" \/>\u00a0<a href=\"https:\/\/www.anfitriaoprime.com.br\/blog\/valor-da-diaria-no-aluguel-de-temporada\/\">Defini\u00e7\u00e3o dos melhores pre\u00e7os de di\u00e1rias<\/a><\/b><\/h3>\n<p>Contamos com uma tecnologia de ponta que faz a precifica\u00e7\u00e3o inteligente do seu im\u00f3vel, pensando a longo prazo. Em outras palavras, ela leva em conta as varia\u00e7\u00f5es de pre\u00e7o que ocorrem durante o ano, como feriados, alta e baixa temporada. Al\u00e9m de outras situa\u00e7\u00f5es que podem fazer com que o valor da di\u00e1ria do seu im\u00f3vel varie.<\/p>\n<h3><strong><img decoding=\"async\" class=\"emoji\" role=\"img\" draggable=\"false\" src=\"https:\/\/s.w.org\/images\/core\/emoji\/13.1.0\/svg\/1f5d3.svg\" alt=\"\ud83d\uddd3\ufe0f\" \/>\u00a0Gest\u00e3o do calend\u00e1rio\u00a0<\/strong><\/h3>\n<p>N\u00f3s tamb\u00e9m contamos com uma ferramenta que faz a gest\u00e3o unificada do seu calend\u00e1rio para evitar o overbooking. Al\u00e9m disso, voc\u00ea tamb\u00e9m pode continuar utilizando o seu im\u00f3vel quando desejar, basta apenas nos informar com anteced\u00eancia para que possamos fazer o bloqueio do calend\u00e1rio para os h\u00f3spedes.<\/p>\n<h3><b><img decoding=\"async\" class=\"emoji\" role=\"img\" draggable=\"false\" src=\"https:\/\/s.w.org\/images\/core\/emoji\/13.1.0\/svg\/2714.svg\" alt=\"\u2714\" \/>\u00a0Concierge, Limpeza e Manuten\u00e7\u00e3o\u00a0<\/b><\/h3>\n<p>Finalmente, para que voc\u00ea possa investir em aluguel de temporada tranquilamente, oferecemos servi\u00e7os complementares como de\u00a0<b>concierge<\/b>\u00a0do seu im\u00f3vel. Al\u00e9m de servi\u00e7os para\u00a0<strong>limpeza, manuten\u00e7\u00e3o<\/strong>\u00a0e outras coisas necess\u00e1rias para garantir uma experi\u00eancia perfeita aos h\u00f3spedes.<\/p>\n<h2>Por que anunciar seu im\u00f3vel com a gente?<\/h2>\n<p>Ent\u00e3o, se comparamos os servi\u00e7os do Anfitri\u00e3o Prime com os servi\u00e7os oferecidos por outros sites de reservas, voc\u00ea ter\u00e1 as seguintes vantagens:<\/p>\n<figure id=\"attachment_3921\" class=\"thumbnail wp-caption alignnone\" style=\"width: 310px\"><img decoding=\"async\" loading=\"lazy\" class=\"size-medium wp-image-3921\" src=\"https:\/\/www.anfitriaoprime.com.br\/blog\/wp-content\/uploads\/2022\/05\/Dimensoes-personalizadas-750x410-px-1-300x164.jpeg\" alt=\"aluguel de temporada em Louveira\" width=\"300\" height=\"164\" srcset=\"https:\/\/www.anfitriaoprime.com.br\/blog\/wp-content\/uploads\/2022\/05\/Dimensoes-personalizadas-750x410-px-1-300x164.jpeg 300w, https:\/\/www.anfitriaoprime.com.br\/blog\/wp-content\/uploads\/2022\/05\/Dimensoes-personalizadas-750x410-px-1.jpeg 750w\" sizes=\"(max-width: 300px) 100vw, 300px\" \/><figcaption class=\"caption wp-caption-text\">Louveira vista de cima &#8211; Divulga\u00e7\u00e3o<\/figcaption><\/figure>\n<h3><b>Sobre a cidade de\u00a0<\/b><b>Louveira: <\/b><\/h3>\n<p><span style=\"font-weight: 400;\">Louveira \u00e9 um munic\u00edpio do estado de S\u00e3o Paulo. Optar por um <\/span>aluguel de temporada em <b>Louveira <\/b><span style=\"font-weight: 400;\">apresenta vantagens devido \u00e0 infraestrutura e proximidade com outros munic\u00edpios.<\/span><\/p>\n<p><span style=\"font-weight: 400;\">A pequena cidade tem um IDH acima da m\u00e9dia nacional. Isso se deve a aspectos como a educa\u00e7\u00e3o, que superou as metas do Governo Federal; a seguran\u00e7a exemplar; o sistema de sa\u00fade, que tem amparo para atendimento \u00e0 popula\u00e7\u00e3o; entre outros.<\/span><\/p>\n<p><span style=\"font-weight: 400;\">Louveira \u00e9 tamb\u00e9m lar de muitos imigrantes italianos e seus descendentes, o que criou na cidade a difus\u00e3o das tradi\u00e7\u00f5es e culturas do pa\u00eds, que perduram aos dias de hoje.\u00a0<\/span><\/p>\n<h3><\/h3>\n<h3><b>Dicas do o que fazer em Louveira<\/b><\/h3>\n<p><span style=\"font-weight: 400;\">Existem v\u00e1rias atividades e lugares marcantes para os h\u00f3spedes do seu <\/span>aluguel de temporada em <b>Louveira<\/b><span style=\"font-weight: 400;\">. Por isso, reunimos algumas indica\u00e7\u00f5es que vale a pena fazer:<\/span><\/p>\n<p>&nbsp;<\/p>\n<h4><b>Instala\u00e7\u00f5es culturais<\/b><\/h4>\n<p><span style=\"font-weight: 400;\">Louveira conta com estruturas como o <strong>Ateli\u00ea Municipal<\/strong>, a <strong>Casa da Cultura<\/strong>, a<strong> Sala de Leitura Monteiro Lobato<\/strong>, a <strong>Galeria de Artes <\/strong>e ainda outras que oferecem atividades para todas as idades.<\/span><\/p>\n<p><span style=\"font-weight: 400;\">Al\u00e9m disso, h\u00e1 lugares para se visitar que s\u00e3o muito queridos entre os moradores.\u00a0<\/span><\/p>\n<h4><\/h4>\n<h4><b>As esta\u00e7\u00f5es centen\u00e1rias<\/b><\/h4>\n<p><span style=\"font-weight: 400;\">A <\/span><b>Esta\u00e7\u00e3o Ferrovi\u00e1ria de Louveira<\/b><span style=\"font-weight: 400;\"> \u00e9 um patrim\u00f4nio hist\u00f3rico de mais de 100 anos. Recentemente, passou por uma restaura\u00e7\u00e3o completa, o que d\u00e1 um ar de set de filme de \u00e9poca para quem a visita. Vale a pena passar l\u00e1.<\/span><\/p>\n<p><span style=\"font-weight: 400;\">Ao lado dela, existe a <\/span><b>Subesta\u00e7\u00e3o de Energia <\/b><span style=\"font-weight: 400;\">Francisco Monlevade, ainda mais linda, que possui um jardim ingl\u00eas elegante, galp\u00f5es de tijolos com arquitetura cl\u00e1ssica muito interessante, al\u00e9m de um raro e antigo maquin\u00e1rio norte-americano.\u00a0<\/span><\/p>\n<p>&nbsp;<\/p>\n<h4><b>Festivais anuais em Louveira<\/b><\/h4>\n<p><span style=\"font-weight: 400;\">J\u00e1 a <\/span><b>Festa da Abadia<\/b><span style=\"font-weight: 400;\">, organizada pela prefeitura, tem o intuito de acolher e celebrar a cultura italiana, parte integrante do bairro de Abadia, onde muito imigrantes escolheram morar. A Festa tem muita m\u00fasica, atividades recreativas e religiosas.<\/span><\/p>\n<p><span style=\"font-weight: 400;\">N\u00e3o por menos que essa festa \u00e9 bem famosa na regi\u00e3o e atrai muitas pessoas. S<\/span><span style=\"font-weight: 400;\">empre tem barracas com comidas t\u00edpica de todo o Brasil, apresenta\u00e7\u00f5es art\u00edsticas, feira de artesanato, leil\u00e3o e muito mais atividades para a fam\u00edlia.\u00a0<\/span><\/p>\n<p>&nbsp;<\/p>\n<h4><b>Capela de Nossa Senhora da Abadia<\/b><\/h4>\n<p><span style=\"font-weight: 400;\">A Capela de Nossa Senhora da Abadia em Louveira \u00e9 a igreja mais bonita da regi\u00e3o. Lugar comum entre os cat\u00f3licos, bem como palco de casamentos formosos, a arquitetura antiga e pintura s\u00e3o bem cuidadas e a regi\u00e3o \u00e9 arborizada.<\/span><\/p>\n<p>&nbsp;<\/p>\n<h3><b>Onde comer em Louveira<\/b><\/h3>\n<p><span style=\"font-weight: 400;\">Nesse sentido de conhecer lugares novos, os seus h\u00f3spedes tamb\u00e9m v\u00e3o querer sugest\u00f5es de onde comer. Por isso, tamb\u00e9m separamos algumas recomenda\u00e7\u00f5es, confira:\u00a0<\/span><\/p>\n<p><span style=\"font-weight: 400;\">Primeiramente, se o seu h\u00f3spede quer desfrutar de uma culin\u00e1ria italiana, Louveira tem restaurantes, rotisserias e at\u00e9 <\/span><i><span style=\"font-weight: 400;\">pizzerias<\/span><\/i><span style=\"font-weight: 400;\"> fundadas por italianos, como \u00e9 o caso do <\/span><b>Andolini<\/b><span style=\"font-weight: 400;\">, o <\/span><b>Tarantella <\/b><span style=\"font-weight: 400;\">e o <\/span><b>Tatto&#8217;s<\/b><span style=\"font-weight: 400;\">, que te levam numa viagem pelos sabores tradicionais.<\/span><\/p>\n<p><span style=\"font-weight: 400;\">Mas tamb\u00e9m tem comida tradicional nossa. O <\/span><b>Restaurante e Fazenda Luiz Gonzaga<\/b><span style=\"font-weight: 400;\"> traz um pouquinho do Nordeste at\u00e9 voc\u00ea, enquanto o <\/span><b>Gauchinho<\/b><span style=\"font-weight: 400;\"> resgata os t\u00edpicos sabores do Sul.\u00a0<\/span><\/p>\n<p><span style=\"font-weight: 400;\">Logo, n\u00e3o faltam atra\u00e7\u00f5es para o seu aluguel de temporada em\u00a0 <strong>L<\/strong><\/span><b>ouveira<\/b><span style=\"font-weight: 400;\">. Ent\u00e3o venha anunciar conosco!\u00a0<\/span><\/p>\n","protected":false},"excerpt":{"rendered":"<p>Anunciar o seu aluguel de temporada em Louveira pode ser um processo demorado e trabalhoso, mas com o Anfitri\u00e3o Prime voc\u00ea n\u00e3o precisa se preocupar com nada: n\u00f3s fazemos tudo por voc\u00ea!\u00a0 Clique aqui para conhecer o nosso portf\u00f3lio com mais de 1.000 im\u00f3veis de temporada em todo o Brasil. Como gerenciamos o seu aluguel [&hellip;]<\/p>\n","protected":false},"author":1,"featured_media":3917,"parent":0,"menu_order":0,"comment_status":"closed","ping_status":"closed","template":"page-lp.php","meta":[],"yoast_head":"<!-- This site is optimized with the Yoast SEO plugin v21.1 - https:\/\/yoast.com\/wordpress\/plugins\/seo\/ -->\n<title>Aluguel de temporada em Louveira - SP \u00e9 com o Anfitri\u00e3o Prime<\/title>\n<meta name=\"description\" content=\"O Anfitri\u00e3o Prime faz a gest\u00e3o completa de aluguel de temporada em Louveira para te livrar de todas burocracias. Saiba mais!\" \/>\n<meta name=\"robots\" content=\"index, follow, max-snippet:-1, max-image-preview:large, max-video-preview:-1\" \/>\n<link rel=\"canonical\" href=\"https:\/\/www.anfitriaoprime.com.br\/blog\/aluguel-de-temporada-em-louveira-sp\/\" \/>\n<meta property=\"og:locale\" content=\"pt_BR\" \/>\n<meta property=\"og:type\" content=\"article\" \/>\n<meta property=\"og:title\" content=\"Aluguel de temporada em Louveira - SP \u00e9 com o Anfitri\u00e3o Prime\" \/>\n<meta property=\"og:description\" content=\"O Anfitri\u00e3o Prime faz a gest\u00e3o completa de aluguel de temporada em Louveira para te livrar de todas burocracias. Saiba mais!\" \/>\n<meta property=\"og:url\" content=\"https:\/\/www.anfitriaoprime.com.br\/blog\/aluguel-de-temporada-em-louveira-sp\/\" \/>\n<meta property=\"og:site_name\" content=\"Blog Anfitri\u00e3o Prime: Ganhe dinheiro com aluguel de temporada.\" \/>\n<meta property=\"og:image\" content=\"https:\/\/www.anfitriaoprime.com.br\/blog\/wp-content\/uploads\/2022\/05\/1920-1.jpeg\" \/>\n\t<meta property=\"og:image:width\" content=\"1920\" \/>\n\t<meta property=\"og:image:height\" content=\"550\" \/>\n\t<meta property=\"og:image:type\" content=\"image\/jpeg\" \/>\n<meta name=\"twitter:card\" content=\"summary_large_image\" \/>\n<meta name=\"twitter:label1\" content=\"Est. tempo de leitura\" \/>\n\t<meta name=\"twitter:data1\" content=\"8 minutos\" \/>\n<script type=\"application\/ld+json\" class=\"yoast-schema-graph\">{\"@context\":\"https:\/\/schema.org\",\"@graph\":[{\"@type\":\"WebPage\",\"@id\":\"https:\/\/www.anfitriaoprime.com.br\/blog\/aluguel-de-temporada-em-louveira-sp\/\",\"url\":\"https:\/\/www.anfitriaoprime.com.br\/blog\/aluguel-de-temporada-em-louveira-sp\/\",\"name\":\"Aluguel de temporada em Louveira - SP \u00e9 com o Anfitri\u00e3o Prime\",\"isPartOf\":{\"@id\":\"https:\/\/www.anfitriaoprime.com.br\/blog\/#website\"},\"datePublished\":\"2022-05-05T19:28:12+00:00\",\"dateModified\":\"2022-05-05T19:28:12+00:00\",\"description\":\"O Anfitri\u00e3o Prime faz a gest\u00e3o completa de aluguel de temporada em Louveira para te livrar de todas burocracias. Saiba mais!\",\"breadcrumb\":{\"@id\":\"https:\/\/www.anfitriaoprime.com.br\/blog\/aluguel-de-temporada-em-louveira-sp\/#breadcrumb\"},\"inLanguage\":\"pt-BR\",\"potentialAction\":[{\"@type\":\"ReadAction\",\"target\":[\"https:\/\/www.anfitriaoprime.com.br\/blog\/aluguel-de-temporada-em-louveira-sp\/\"]}]},{\"@type\":\"BreadcrumbList\",\"@id\":\"https:\/\/www.anfitriaoprime.com.br\/blog\/aluguel-de-temporada-em-louveira-sp\/#breadcrumb\",\"itemListElement\":[{\"@type\":\"ListItem\",\"position\":1,\"name\":\"In\u00edcio\",\"item\":\"https:\/\/www.anfitriaoprime.com.br\/blog\/\"},{\"@type\":\"ListItem\",\"position\":2,\"name\":\"Aluguel de temporada em Louveira &#8211; SP \u00e9 com o Anfitri\u00e3o Prime\"}]},{\"@type\":\"WebSite\",\"@id\":\"https:\/\/www.anfitriaoprime.com.br\/blog\/#website\",\"url\":\"https:\/\/www.anfitriaoprime.com.br\/blog\/\",\"name\":\"Blog Anfitri\u00e3o Prime - Gest\u00e3o de propriedade para aluguel de temporada\",\"description\":\"No blog do Anfitri\u00e3o Prime voc\u00ea encontra dicas e informa\u00e7\u00f5es sobre o mercado de aluguel de temporada escrito por anfitri\u00f5es profissionais\",\"potentialAction\":[{\"@type\":\"SearchAction\",\"target\":{\"@type\":\"EntryPoint\",\"urlTemplate\":\"https:\/\/www.anfitriaoprime.com.br\/blog\/?s={search_term_string}\"},\"query-input\":\"required name=search_term_string\"}],\"inLanguage\":\"pt-BR\"}]}<\/script>\n<!-- \/ Yoast SEO plugin. -->","yoast_head_json":{"title":"Aluguel de temporada em Louveira - SP \u00e9 com o Anfitri\u00e3o Prime","description":"O Anfitri\u00e3o Prime faz a gest\u00e3o completa de aluguel de temporada em Louveira para te livrar de todas burocracias. Saiba mais!","robots":{"index":"index","follow":"follow","max-snippet":"max-snippet:-1","max-image-preview":"max-image-preview:large","max-video-preview":"max-video-preview:-1"},"canonical":"https:\/\/www.anfitriaoprime.com.br\/blog\/aluguel-de-temporada-em-louveira-sp\/","og_locale":"pt_BR","og_type":"article","og_title":"Aluguel de temporada em Louveira - SP \u00e9 com o Anfitri\u00e3o Prime","og_description":"O Anfitri\u00e3o Prime faz a gest\u00e3o completa de aluguel de temporada em Louveira para te livrar de todas burocracias. Saiba mais!","og_url":"https:\/\/www.anfitriaoprime.com.br\/blog\/aluguel-de-temporada-em-louveira-sp\/","og_site_name":"Blog Anfitri\u00e3o Prime: Ganhe dinheiro com aluguel de temporada.","og_image":[{"width":1920,"height":550,"url":"https:\/\/www.anfitriaoprime.com.br\/blog\/wp-content\/uploads\/2022\/05\/1920-1.jpeg","type":"image\/jpeg"}],"twitter_card":"summary_large_image","twitter_misc":{"Est. tempo de leitura":"8 minutos"},"schema":{"@context":"https:\/\/schema.org","@graph":[{"@type":"WebPage","@id":"https:\/\/www.anfitriaoprime.com.br\/blog\/aluguel-de-temporada-em-louveira-sp\/","url":"https:\/\/www.anfitriaoprime.com.br\/blog\/aluguel-de-temporada-em-louveira-sp\/","name":"Aluguel de temporada em Louveira - SP \u00e9 com o Anfitri\u00e3o Prime","isPartOf":{"@id":"https:\/\/www.anfitriaoprime.com.br\/blog\/#website"},"datePublished":"2022-05-05T19:28:12+00:00","dateModified":"2022-05-05T19:28:12+00:00","description":"O Anfitri\u00e3o Prime faz a gest\u00e3o completa de aluguel de temporada em Louveira para te livrar de todas burocracias. Saiba mais!","breadcrumb":{"@id":"https:\/\/www.anfitriaoprime.com.br\/blog\/aluguel-de-temporada-em-louveira-sp\/#breadcrumb"},"inLanguage":"pt-BR","potentialAction":[{"@type":"ReadAction","target":["https:\/\/www.anfitriaoprime.com.br\/blog\/aluguel-de-temporada-em-louveira-sp\/"]}]},{"@type":"BreadcrumbList","@id":"https:\/\/www.anfitriaoprime.com.br\/blog\/aluguel-de-temporada-em-louveira-sp\/#breadcrumb","itemListElement":[{"@type":"ListItem","position":1,"name":"In\u00edcio","item":"https:\/\/www.anfitriaoprime.com.br\/blog\/"},{"@type":"ListItem","position":2,"name":"Aluguel de temporada em Louveira &#8211; SP \u00e9 com o Anfitri\u00e3o Prime"}]},{"@type":"WebSite","@id":"https:\/\/www.anfitriaoprime.com.br\/blog\/#website","url":"https:\/\/www.anfitriaoprime.com.br\/blog\/","name":"Blog Anfitri\u00e3o Prime - Gest\u00e3o de propriedade para aluguel de temporada","description":"No blog do Anfitri\u00e3o Prime voc\u00ea encontra dicas e informa\u00e7\u00f5es sobre o mercado de aluguel de temporada escrito por anfitri\u00f5es profissionais","potentialAction":[{"@type":"SearchAction","target":{"@type":"EntryPoint","urlTemplate":"https:\/\/www.anfitriaoprime.com.br\/blog\/?s={search_term_string}"},"query-input":"required name=search_term_string"}],"inLanguage":"pt-BR"}]}},"acf":{"imagem":{"ID":3917,"id":3917,"title":"1920 (1)","filename":"1920-1.jpeg","filesize":1050698,"url":"https:\/\/www.anfitriaoprime.com.br\/blog\/wp-content\/uploads\/2022\/05\/1920-1.jpeg","link":"https:\/\/www.anfitriaoprime.com.br\/blog\/aluguel-de-temporada-em-louveira-sp\/1920-1-3\/","alt":"aluguel de temporada em Loveira","author":"1","description":"","caption":"","name":"1920-1-3","status":"inherit","uploaded_to":3913,"date":"2022-05-05 19:10:04","modified":"2022-05-05 19:11:17","menu_order":0,"mime_type":"image\/jpeg","type":"image","subtype":"jpeg","icon":"https:\/\/www.anfitriaoprime.com.br\/blog\/wp-includes\/images\/media\/default.png","width":1920,"height":550,"sizes":{"thumbnail":"https:\/\/www.anfitriaoprime.com.br\/blog\/wp-content\/uploads\/2022\/05\/1920-1.jpeg","thumbnail-width":150,"thumbnail-height":43,"medium":"https:\/\/www.anfitriaoprime.com.br\/blog\/wp-content\/uploads\/2022\/05\/1920-1.jpeg","medium-width":300,"medium-height":86,"medium_large":"https:\/\/www.anfitriaoprime.com.br\/blog\/wp-content\/uploads\/2022\/05\/1920-1.jpeg","medium_large-width":648,"medium_large-height":186,"large":"https:\/\/www.anfitriaoprime.com.br\/blog\/wp-content\/uploads\/2022\/05\/1920-1.jpeg","large-width":648,"large-height":186,"1536x1536":"https:\/\/www.anfitriaoprime.com.br\/blog\/wp-content\/uploads\/2022\/05\/1920-1.jpeg","1536x1536-width":1536,"1536x1536-height":440,"2048x2048":"https:\/\/www.anfitriaoprime.com.br\/blog\/wp-content\/uploads\/2022\/05\/1920-1.jpeg","2048x2048-width":1920,"2048x2048-height":550,"sparkling-featured":"https:\/\/www.anfitriaoprime.com.br\/blog\/wp-content\/uploads\/2022\/05\/1920-1.jpeg","sparkling-featured-width":750,"sparkling-featured-height":215,"sparkling-featured-fullwidth":"https:\/\/www.anfitriaoprime.com.br\/blog\/wp-content\/uploads\/2022\/05\/1920-1.jpeg","sparkling-featured-fullwidth-width":1140,"sparkling-featured-fullwidth-height":327,"tab-small":"https:\/\/www.anfitriaoprime.com.br\/blog\/wp-content\/uploads\/2022\/05\/1920-1.jpeg","tab-small-width":60,"tab-small-height":17,"crp_thumbnail":"https:\/\/www.anfitriaoprime.com.br\/blog\/wp-content\/uploads\/2022\/05\/1920-1.jpeg","crp_thumbnail-width":150,"crp_thumbnail-height":43}},"titulo":"Aluguel de temporada em Louveira - SP \u00e9 com o Anfitri\u00e3o Prime ","subtitulo":"<p><span style=\"font-weight: 400;\">Anunciar o seu aluguel de temporada em <\/span><b>Louveira <\/b><span style=\"font-weight: 400;\">pode ser um processo demorado e trabalhoso, mas com o Anfitri\u00e3o Prime voc\u00ea n\u00e3o precisa se preocupar com nada: n\u00f3s fazemos tudo por voc\u00ea!\u00a0<\/span><\/p>\n<p><strong><a href=\"https:\/\/reservas.anfitriaoprime.com.br\/\">Clique aqui para conhecer o nosso portf\u00f3lio com mais de 1.000 im\u00f3veis de temporada em todo o Brasil. <\/a><\/strong><\/p>\n","titulo_secao_1":"Como gerenciamos o seu aluguel de temporada em Louveira?","conteudo_secao_1":"<p><span style=\"font-weight: 400;\">Nossos servi\u00e7os profissionais s\u00e3o voltados para a divulga\u00e7\u00e3o e gest\u00e3o do ambiente perfeito para <\/span>aluguel de temporada em <b>Louveira<\/b><span style=\"font-weight: 400;\">. Alguns desses servi\u00e7os s\u00e3o:<\/span><\/p>\n<p><span style=\"font-weight: 400;\">&#8211; Cria\u00e7\u00e3o do an\u00fancio da sua casa em Louveira, com fotografia profissional;<br \/>\n&#8211; <\/span><span style=\"font-weight: 400;\">Divulga\u00e7\u00e3o e gest\u00e3o do an\u00fancio em mais de 30 sites de reservas, tais como TripAdvisor, Airbnb, Trivago, Booking, Expedia e VRBO;<br \/>\n<\/span><span style=\"font-weight: 400;\">&#8211; Gest\u00e3o de manuten\u00e7\u00e3o do seu im\u00f3vel, com limpeza e consertos, para ofertar as melhores condi\u00e7\u00f5es de hospedagem ao cliente;<br \/>\n<\/span>&#8211; Atendimento ao cliente e ao h\u00f3spede, do primeiro contato ao checkout.<\/p>\n<p><span style=\"font-weight: 400;\">Como pode ver, \u00e9 s\u00f3 confiar seus im\u00f3veis nas nossas m\u00e3os que faremos o melhor servi\u00e7o de <\/span>aluguel de temporada em <b>Louveira<\/b><span style=\"font-weight: 400;\"> por voc\u00ea. Basta cadastrar!<\/span><\/p>\n","titulo_secao_2":"Conhe\u00e7a os nossos servi\u00e7os","imagem_secao_2":false,"conteudo_secao_2":"<p>Aliamos a experi\u00eancia de mais de 30 anos com turismo dos nossos profissionais \u00e0 tecnologia de ponta, garantindo maiores ganhos com o aluguel de temporada para propriet\u00e1rios e a melhor experi\u00eancia para os h\u00f3spedes. Confira os nossos servi\u00e7os:<\/p>\n<h3><b><img decoding=\"async\" class=\"emoji\" role=\"img\" draggable=\"false\" src=\"https:\/\/s.w.org\/images\/core\/emoji\/13.1.0\/svg\/1f4bb.svg\" alt=\"\ud83d\udcbb\" \/>\u00a0Anunciamos sua propriedade<\/b><\/h3>\n<p>Primeiramente, n\u00f3s criamos o an\u00fancio da sua propriedade e o publicamos em mais de 30 sites de reservas, como Airbnb, Booking, VRBO (Alugue Temporada) e TripAdvisor.\u00a0 Em seguida, ficamos respons\u00e1veis pela gest\u00e3o dele em cada uma das plataformas.<\/p>\n<h3><a href=\"https:\/\/www.anfitriaoprime.com.br\/blog\/foto-a-importancia-no-aluguel-de-temporada\/\"><b><img decoding=\"async\" loading=\"lazy\" class=\"emoji alignnone\" role=\"img\" draggable=\"false\" src=\"https:\/\/s.w.org\/images\/core\/emoji\/13.1.0\/svg\/1f4f7.svg\" alt=\"aluguel de temporada em Monte Verde\" width=\"150\" height=\"150\" \/>\u00a0Fotos profissionais<\/b><\/a><\/h3>\n<p>As fotos profissionais do seu im\u00f3vel garantem uma melhor primeira impress\u00e3o aos h\u00f3spedes, o que aumenta as possibilidades de reservas.<\/p>\n<h3><b><img decoding=\"async\" class=\"emoji\" role=\"img\" draggable=\"false\" src=\"https:\/\/s.w.org\/images\/core\/emoji\/13.1.0\/svg\/1f4ac.svg\" alt=\"\ud83d\udcac\" \/>\u00a0Comunica\u00e7\u00e3o com os h\u00f3spedes<\/b><\/h3>\n<p>Um dos grandes problemas ao gerenciar um im\u00f3vel de temporada \u00e9 estar dispon\u00edvel para responder os h\u00f3spedes nas plataformas de reservas. Contudo, com o Anfitri\u00e3o Prime voc\u00ea n\u00e3o ter\u00e1 que se preocupar com isso, pois n\u00f3s temos uma equipe que est\u00e1 24\/7 dispon\u00edvel para atend\u00ea-los.<\/p>\n<h3><b><img decoding=\"async\" loading=\"lazy\" class=\"emoji alignnone\" role=\"img\" draggable=\"false\" src=\"https:\/\/s.w.org\/images\/core\/emoji\/13.1.0\/svg\/1f4c8.svg\" alt=\"aluguel de temporada em Monte Verde\" width=\"150\" height=\"150\" \/>\u00a0<a href=\"https:\/\/www.anfitriaoprime.com.br\/blog\/valor-da-diaria-no-aluguel-de-temporada\/\">Defini\u00e7\u00e3o dos melhores pre\u00e7os de di\u00e1rias<\/a><\/b><\/h3>\n<p>Contamos com uma tecnologia de ponta que faz a precifica\u00e7\u00e3o inteligente do seu im\u00f3vel, pensando a longo prazo. Em outras palavras, ela leva em conta as varia\u00e7\u00f5es de pre\u00e7o que ocorrem durante o ano, como feriados, alta e baixa temporada. Al\u00e9m de outras situa\u00e7\u00f5es que podem fazer com que o valor da di\u00e1ria do seu im\u00f3vel varie.<\/p>\n<h3><strong><img decoding=\"async\" class=\"emoji\" role=\"img\" draggable=\"false\" src=\"https:\/\/s.w.org\/images\/core\/emoji\/13.1.0\/svg\/1f5d3.svg\" alt=\"\ud83d\uddd3\ufe0f\" \/>\u00a0Gest\u00e3o do calend\u00e1rio\u00a0<\/strong><\/h3>\n<p>N\u00f3s tamb\u00e9m contamos com uma ferramenta que faz a gest\u00e3o unificada do seu calend\u00e1rio para evitar o overbooking. Al\u00e9m disso, voc\u00ea tamb\u00e9m pode continuar utilizando o seu im\u00f3vel quando desejar, basta apenas nos informar com anteced\u00eancia para que possamos fazer o bloqueio do calend\u00e1rio para os h\u00f3spedes.<\/p>\n<h3><b><img decoding=\"async\" class=\"emoji\" role=\"img\" draggable=\"false\" src=\"https:\/\/s.w.org\/images\/core\/emoji\/13.1.0\/svg\/2714.svg\" alt=\"\u2714\" \/>\u00a0Concierge, Limpeza e Manuten\u00e7\u00e3o\u00a0<\/b><\/h3>\n<p>Finalmente, para que voc\u00ea possa investir em aluguel de temporada tranquilamente, oferecemos servi\u00e7os complementares como de\u00a0<b>concierge<\/b>\u00a0do seu im\u00f3vel. Al\u00e9m de servi\u00e7os para\u00a0<strong>limpeza, manuten\u00e7\u00e3o<\/strong>\u00a0e outras coisas necess\u00e1rias para garantir uma experi\u00eancia perfeita aos h\u00f3spedes.<\/p>\n","titulo_secao_3":"Por que anunciar seu im\u00f3vel com a gente?","conteudo_secao_3":"<p>Ent\u00e3o, se comparamos os servi\u00e7os do Anfitri\u00e3o Prime com os servi\u00e7os oferecidos por outros sites de reservas, voc\u00ea ter\u00e1 as seguintes vantagens:<\/p>\n","titulo_secao_6":"Sobre a cidade de\u00a0Louveira:","conteudo_secao_6":"<figure id=\"attachment_3921\" class=\"thumbnail wp-caption alignnone\" style=\"width: 760px\"><img decoding=\"async\" loading=\"lazy\" class=\"wp-image-3921 size-full\" src=\"https:\/\/www.anfitriaoprime.com.br\/blog\/wp-content\/uploads\/2022\/05\/Dimensoes-personalizadas-750x410-px-1.jpeg\" alt=\"\" width=\"750\" height=\"410\" srcset=\"https:\/\/www.anfitriaoprime.com.br\/blog\/wp-content\/uploads\/2022\/05\/Dimensoes-personalizadas-750x410-px-1.jpeg 750w, https:\/\/www.anfitriaoprime.com.br\/blog\/wp-content\/uploads\/2022\/05\/Dimensoes-personalizadas-750x410-px-1-300x164.jpeg 300w\" sizes=\"(max-width: 750px) 100vw, 750px\" \/><figcaption class=\"caption wp-caption-text\">Louveira vista de cima &#8211; Divulga\u00e7\u00e3o<\/figcaption><\/figure>\n<p><span style=\"font-weight: 400;\">Louveira \u00e9 um munic\u00edpio do estado de S\u00e3o Paulo. Optar por um <\/span>aluguel de temporada em <b>Louveira <\/b><span style=\"font-weight: 400;\">apresenta vantagens devido \u00e0 infraestrutura e proximidade com outros munic\u00edpios.<\/span><\/p>\n<p><span style=\"font-weight: 400;\">A pequena cidade tem um IDH acima da m\u00e9dia nacional. Isso se deve a aspectos como a educa\u00e7\u00e3o, que superou as metas do Governo Federal; a seguran\u00e7a exemplar; o sistema de sa\u00fade, que tem amparo para atendimento \u00e0 popula\u00e7\u00e3o; entre outros.<\/span><\/p>\n<p><span style=\"font-weight: 400;\">Louveira \u00e9 tamb\u00e9m lar de muitos imigrantes italianos e seus descendentes, o que criou na cidade a difus\u00e3o das tradi\u00e7\u00f5es e culturas do pa\u00eds, que perduram aos dias de hoje.\u00a0<\/span><\/p>\n<h3><\/h3>\n<h3><b>Dicas do o que fazer em Louveira<\/b><\/h3>\n<p><span style=\"font-weight: 400;\">Existem v\u00e1rias atividades e lugares marcantes para os h\u00f3spedes do seu <\/span>aluguel de temporada em <b>Louveira<\/b><span style=\"font-weight: 400;\">. Por isso, reunimos algumas indica\u00e7\u00f5es que vale a pena fazer:<\/span><\/p>\n<p>&nbsp;<\/p>\n<h4><b>Instala\u00e7\u00f5es culturais<\/b><\/h4>\n<p><span style=\"font-weight: 400;\">Louveira conta com estruturas como o <strong>Ateli\u00ea Municipal<\/strong>, a <strong>Casa da Cultura<\/strong>, a<strong> Sala de Leitura Monteiro Lobato<\/strong>, a <strong>Galeria de Artes <\/strong>e ainda outras que oferecem atividades para todas as idades.<\/span><\/p>\n<p><span style=\"font-weight: 400;\">Al\u00e9m disso, h\u00e1 lugares para se visitar que s\u00e3o muito queridos entre os moradores.\u00a0<\/span><\/p>\n<h4><\/h4>\n<p>&nbsp;<\/p>\n<h4><b>As esta\u00e7\u00f5es centen\u00e1rias<\/b><\/h4>\n<p><span style=\"font-weight: 400;\">A <\/span><b>Esta\u00e7\u00e3o Ferrovi\u00e1ria de Louveira<\/b><span style=\"font-weight: 400;\"> \u00e9 um patrim\u00f4nio hist\u00f3rico de mais de 100 anos. Recentemente, passou por uma restaura\u00e7\u00e3o completa, o que d\u00e1 um ar de set de filme de \u00e9poca para quem a visita. Vale a pena passar l\u00e1.<\/span><\/p>\n<p><span style=\"font-weight: 400;\">Ao lado dela, existe a <\/span><b>Subesta\u00e7\u00e3o de Energia <\/b><span style=\"font-weight: 400;\">Francisco Monlevade, ainda mais linda, que possui um jardim ingl\u00eas elegante, galp\u00f5es de tijolos com arquitetura cl\u00e1ssica muito interessante, al\u00e9m de um raro e antigo maquin\u00e1rio norte-americano.\u00a0<\/span><\/p>\n<p>&nbsp;<\/p>\n<p>&nbsp;<\/p>\n<h4><b>Festivais anuais em Louveira<\/b><\/h4>\n<p><span style=\"font-weight: 400;\">J\u00e1 a <\/span><b>Festa da Abadia<\/b><span style=\"font-weight: 400;\">, organizada pela prefeitura, tem o intuito de acolher e celebrar a cultura italiana, parte integrante do bairro de Abadia, onde muito imigrantes escolheram morar. A Festa tem muita m\u00fasica, atividades recreativas e religiosas.<\/span><\/p>\n<p><span style=\"font-weight: 400;\">N\u00e3o por menos que essa festa \u00e9 bem famosa na regi\u00e3o e atrai muitas pessoas. S<\/span><span style=\"font-weight: 400;\">empre tem barracas com comidas t\u00edpica de todo o Brasil, apresenta\u00e7\u00f5es art\u00edsticas, feira de artesanato, leil\u00e3o e muito mais atividades para a fam\u00edlia.\u00a0<\/span><\/p>\n<p>&nbsp;<\/p>\n<h4><b>Capela de Nossa Senhora da Abadia<\/b><\/h4>\n<p><span style=\"font-weight: 400;\">A Capela de Nossa Senhora da Abadia em Louveira \u00e9 a igreja mais bonita da regi\u00e3o. Lugar comum entre os cat\u00f3licos, bem como palco de casamentos formosos, a arquitetura antiga e pintura s\u00e3o bem cuidadas e a regi\u00e3o \u00e9 arborizada.<\/span><\/p>\n<p>&nbsp;<\/p>\n<h3><b>Onde comer em Louveira<\/b><\/h3>\n<p><span style=\"font-weight: 400;\">Nesse sentido de conhecer lugares novos, os seus h\u00f3spedes tamb\u00e9m v\u00e3o querer sugest\u00f5es de onde comer. Por isso, tamb\u00e9m separamos algumas recomenda\u00e7\u00f5es, confira:\u00a0<\/span><\/p>\n<p><span style=\"font-weight: 400;\">Primeiramente, se o seu h\u00f3spede quer desfrutar de uma culin\u00e1ria italiana, Louveira tem restaurantes, rotisserias e at\u00e9 <\/span><i><span style=\"font-weight: 400;\">pizzerias<\/span><\/i><span style=\"font-weight: 400;\"> fundadas por italianos, como \u00e9 o caso do <\/span><b>Andolini<\/b><span style=\"font-weight: 400;\">, o <\/span><b>Tarantella <\/b><span style=\"font-weight: 400;\">e o <\/span><b>Tatto&#8217;s<\/b><span style=\"font-weight: 400;\">, que te levam numa viagem pelos sabores tradicionais.<\/span><\/p>\n<p><span style=\"font-weight: 400;\">Mas tamb\u00e9m tem comida tradicional nossa. O <\/span><b>Restaurante e Fazenda Luiz Gonzaga<\/b><span style=\"font-weight: 400;\"> traz um pouquinho do Nordeste at\u00e9 voc\u00ea, enquanto o <\/span><b>Gauchinho<\/b><span style=\"font-weight: 400;\"> resgata os t\u00edpicos sabores do Sul.\u00a0<\/span><\/p>\n<p><span style=\"font-weight: 400;\">Logo, n\u00e3o faltam atra\u00e7\u00f5es para o seu aluguel de temporada em\u00a0 <strong>L<\/strong><\/span><b>ouveira<\/b><span style=\"font-weight: 400;\">. Ent\u00e3o venha anunciar conosco! <strong><a href=\"https:\/\/reservas.anfitriaoprime.com.br\/\">Clique aqui para conhecer o nosso portf\u00f3lio com mais de 1.000 im\u00f3veis de temporada em todo o Brasil.<\/a><\/strong><\/span><\/p>\n"},"_links":{"self":[{"href":"https:\/\/www.anfitriaoprime.com.br\/blog\/wp-json\/wp\/v2\/pages\/3913"}],"collection":[{"href":"https:\/\/www.anfitriaoprime.com.br\/blog\/wp-json\/wp\/v2\/pages"}],"about":[{"href":"https:\/\/www.anfitriaoprime.com.br\/blog\/wp-json\/wp\/v2\/types\/page"}],"author":[{"embeddable":true,"href":"https:\/\/www.anfitriaoprime.com.br\/blog\/wp-json\/wp\/v2\/users\/1"}],"replies":[{"embeddable":true,"href":"https:\/\/www.anfitriaoprime.com.br\/blog\/wp-json\/wp\/v2\/comments?post=3913"}],"version-history":[{"count":9,"href":"https:\/\/www.anfitriaoprime.com.br\/blog\/wp-json\/wp\/v2\/pages\/3913\/revisions"}],"predecessor-version":[{"id":3926,"href":"https:\/\/www.anfitriaoprime.com.br\/blog\/wp-json\/wp\/v2\/pages\/3913\/revisions\/3926"}],"wp:featuredmedia":[{"embeddable":true,"href":"https:\/\/www.anfitriaoprime.com.br\/blog\/wp-json\/wp\/v2\/media\/3917"}],"wp:attachment":[{"href":"https:\/\/www.anfitriaoprime.com.br\/blog\/wp-json\/wp\/v2\/media?parent=3913"}],"curies":[{"name":"wp","href":"https:\/\/api.w.org\/{rel}","templated":true}]}}