{"id":4183,"date":"2022-05-20T10:08:29","date_gmt":"2022-05-20T13:08:29","guid":{"rendered":"https:\/\/www.anfitriaoprime.com.br\/blog\/?page_id=4183"},"modified":"2024-08-13T11:33:44","modified_gmt":"2024-08-13T14:33:44","slug":"aluguel-de-temporada-no-condominio-monte-belo","status":"publish","type":"page","link":"https:\/\/www.anfitriaoprime.com.br\/blog\/aluguel-de-temporada-no-condominio-monte-belo\/","title":{"rendered":"Tem um im\u00f3vel no Condom\u00ednio Monte Belo? Invista em aluguel de temporada!"},"content":{"rendered":"<p><span style=\"font-weight: 400;\">Pensando em anunciar por temporada o seu im\u00f3vel do <\/span><b>Condom\u00ednio Monte Belo<\/b><span style=\"font-weight: 400;\">? Ent\u00e3o aproveite para fazer o seu cadastro aqui no <\/span><b>Anfitri\u00e3o Prime<\/b><span style=\"font-weight: 400;\">. Oferecemos suporte em todas as etapas da loca\u00e7\u00e3o para que voc\u00ea n\u00e3o tenha que se preocupar com nada.\u00a0<\/span><\/p>\n<p><a href=\"https:\/\/reservas.anfitriaoprime.com.br\/\"><b>Clique aqui para conhecer o nosso portf\u00f3lio de im\u00f3veis de temporada!\u00a0<\/b><\/a><\/p>\n<h2><strong>Como o Anfitri\u00e3o Prime pode te ajudar com a gest\u00e3o do seu im\u00f3vel do Condom\u00ednio Monte Belo<\/strong><span style=\"font-weight: 400;\">\u00a0<\/span><\/h2>\n<p><span style=\"font-weight: 400;\">O Anfitri\u00e3o Prime \u00e9 mais do que uma imobili\u00e1ria digital ou um site de reservas comum. N\u00f3s somos um gestor profissional de im\u00f3veis de temporada e oferecemos uma s\u00e9rie de servi\u00e7os para descomplicar a loca\u00e7\u00e3o de im\u00f3veis do <\/span><b>Condom\u00ednio Monte Belo<\/b><span style=\"font-weight: 400;\">. Confira!\u00a0<\/span><\/p>\n<ul>\n<li style=\"font-weight: 400;\" aria-level=\"1\"><span style=\"font-weight: 400;\">Nosso time ir\u00e1 criar e gerenciar seus an\u00fancios em mais de 30 sites de reserva, dentre elas Airbnb, Trivago e TripAdvisor;\u00a0<\/span><\/li>\n<li style=\"font-weight: 400;\" aria-level=\"1\"><span style=\"font-weight: 400;\">Contamos com fot\u00f3grafos profissionais que ir\u00e3o tirar fotos das suas acomoda\u00e7\u00f5es para otimizar os an\u00fancios.\u00a0<\/span><\/li>\n<li style=\"font-weight: 400;\" aria-level=\"1\"><span style=\"font-weight: 400;\">Oferecemos atendimento 24 horas tanto para propriet\u00e1rios como para h\u00f3spedes!\u00a0<\/span><\/li>\n<\/ul>\n<p><span style=\"font-weight: 400;\">Al\u00e9m de todas essas vantagens, aqui no Anfitri\u00e3o Prime voc\u00ea tamb\u00e9m poder\u00e1 contratar a nossa gest\u00e3o de manuten\u00e7\u00e3o, lavanderia e limpeza. Assim voc\u00ea poder\u00e1 garantir que o seu im\u00f3vel esteja sempre pronto para receber os h\u00f3spedes.<\/span><\/p>\n<h2>Conhe\u00e7a os nossos servi\u00e7os<\/h2>\n<p>N\u00f3s aliamos a experi\u00eancia de mais de 30 anos com turismo dos nossos profissionais \u00e0 uma tecnologia de ponta, garantindo, assim, maiores ganhos com o aluguel de temporada em Alter do Ch\u00e3o. Al\u00e9m de tamb\u00e9m oferecermos a melhor experi\u00eancia para os h\u00f3spedes. Confira os nossos servi\u00e7os:<\/p>\n<p>&nbsp;<\/p>\n<h3><b><img decoding=\"async\" loading=\"lazy\" class=\"emoji alignnone\" role=\"img\" draggable=\"false\" src=\"https:\/\/s.w.org\/images\/core\/emoji\/13.1.0\/svg\/1f4bb.svg\" alt=\"aluguel de temporada no Condom\u00ednio Monte Belo\" width=\"150\" height=\"150\" \/>\u00a0Anunciamos sua propriedade<\/b><\/h3>\n<p>Primeiramente, n\u00f3s criamos o an\u00fancio da sua propriedade e o publicamos em mais de 30 sites de reservas, como Airbnb, Booking, VRBO (Alugue Temporada) e TripAdvisor.\u00a0 Em seguida, j\u00e1 ficamos respons\u00e1veis pela gest\u00e3o dele em cada uma das plataformas.<\/p>\n<p>&nbsp;<\/p>\n<h3><a href=\"https:\/\/www.anfitriaoprime.com.br\/blog\/foto-a-importancia-no-aluguel-de-temporada\/\"><b><img decoding=\"async\" loading=\"lazy\" class=\"emoji alignnone\" role=\"img\" draggable=\"false\" src=\"https:\/\/s.w.org\/images\/core\/emoji\/13.1.0\/svg\/1f4f7.svg\" alt=\"fotografia imobili\u00e1ria \u00e9 essencial para atrair h\u00f3spedes\" width=\"150\" height=\"150\" \/>\u00a0Fotos profissionais<\/b><\/a><\/h3>\n<p>As fotos profissionais do seu im\u00f3vel garantem uma melhor primeira impress\u00e3o aos h\u00f3spedes, o que aumenta as possibilidades de reservas.<\/p>\n<p>&nbsp;<\/p>\n<h3><b><img decoding=\"async\" loading=\"lazy\" class=\"emoji alignnone\" role=\"img\" draggable=\"false\" src=\"https:\/\/s.w.org\/images\/core\/emoji\/13.1.0\/svg\/1f4ac.svg\" alt=\"comunica\u00e7\u00e3o com os h\u00f3spedes\" width=\"150\" height=\"150\" \/>\u00a0Comunica\u00e7\u00e3o com os h\u00f3spedes<\/b><\/h3>\n<p>Um dos grandes problemas ao gerenciar um im\u00f3vel de temporada \u00e9 estar dispon\u00edvel para responder os h\u00f3spedes nas plataformas de reservas. Contudo, com o Anfitri\u00e3o Prime voc\u00ea n\u00e3o ter\u00e1 que se preocupar com isso, pois n\u00f3s temos uma equipe que est\u00e1 24\/7 dispon\u00edvel para atend\u00ea-los.<\/p>\n<p>&nbsp;<\/p>\n<h3><b><img decoding=\"async\" loading=\"lazy\" class=\"emoji alignnone\" role=\"img\" draggable=\"false\" src=\"https:\/\/s.w.org\/images\/core\/emoji\/13.1.0\/svg\/1f4c8.svg\" alt=\"Condom\u00ednio Monte Belo\" width=\"150\" height=\"150\" \/>\u00a0<a href=\"https:\/\/www.anfitriaoprime.com.br\/blog\/valor-da-diaria-no-aluguel-de-temporada\/\">Defini\u00e7\u00e3o dos melhores pre\u00e7os de di\u00e1rias<\/a><\/b><\/h3>\n<p>Contamos com uma tecnologia de ponta que faz a precifica\u00e7\u00e3o inteligente do seu im\u00f3vel, pensando a longo prazo. Em outras palavras, ela leva em conta as varia\u00e7\u00f5es de pre\u00e7o que ocorrem durante o ano, como feriados, alta e baixa temporadas. Al\u00e9m de outras situa\u00e7\u00f5es que podem fazer com que o valor da di\u00e1ria do seu im\u00f3vel varie.<\/p>\n<p>&nbsp;<\/p>\n<h3><strong><img decoding=\"async\" loading=\"lazy\" class=\"emoji alignnone\" role=\"img\" draggable=\"false\" src=\"https:\/\/s.w.org\/images\/core\/emoji\/13.1.0\/svg\/1f5d3.svg\" alt=\"aluguel de temporada no Condom\u00ednio Monte Belo\" width=\"150\" height=\"150\" \/>\u00a0Gest\u00e3o do calend\u00e1rio\u00a0<\/strong><\/h3>\n<p>N\u00f3s tamb\u00e9m contamos com uma ferramenta que faz a gest\u00e3o unificada do seu calend\u00e1rio para evitar o overbooking. Al\u00e9m disso, voc\u00ea tamb\u00e9m pode continuar utilizando o im\u00f3vel quando desejar, basta apenas nos informar com anteced\u00eancia para que possamos fazer o bloqueio do calend\u00e1rio para os h\u00f3spedes.<\/p>\n<p>&nbsp;<\/p>\n<h3><b><img decoding=\"async\" loading=\"lazy\" class=\"emoji alignnone\" role=\"img\" draggable=\"false\" src=\"https:\/\/s.w.org\/images\/core\/emoji\/13.1.0\/svg\/2714.svg\" alt=\"checklist\" width=\"150\" height=\"150\" \/>\u00a0Concierge, Limpeza e Manuten\u00e7\u00e3o\u00a0<\/b><\/h3>\n<p>Finalmente, para que voc\u00ea possa alugar casas em Alter do Ch\u00e3o com tranquilidade, tamb\u00e9m oferecemos servi\u00e7os complementares. Atualmente, contamos com especialistas para serem\u00a0<b>concierge<\/b>\u00a0do seu im\u00f3vel e serem respons\u00e1veis do check-in e check-out dos h\u00f3spedes. Al\u00e9m de outros profissionais para\u00a0<strong>limpeza, manuten\u00e7\u00e3o<\/strong>\u00a0e outros servi\u00e7os necess\u00e1rios para garantir uma experi\u00eancia perfeita aos seus h\u00f3spedes.<\/p>\n<h2>Por que anunciar seu im\u00f3vel com a gente?<\/h2>\n<p>Ent\u00e3o, se comparamos os servi\u00e7os do Anfitri\u00e3o Prime com os servi\u00e7os oferecidos por outros sites de reservas, voc\u00ea ter\u00e1 as seguintes vantagens:<\/p>\n<figure id=\"attachment_4187\" class=\"thumbnail wp-caption alignnone\" style=\"width: 310px\"><img decoding=\"async\" loading=\"lazy\" class=\"wp-image-4187 size-medium\" src=\"https:\/\/www.anfitriaoprime.com.br\/blog\/wp-content\/uploads\/2022\/05\/Dimensoes-personalizadas-750x410-px-37-300x164.jpeg\" alt=\"Condom\u00ednio Monte Belo \" width=\"300\" height=\"164\" srcset=\"https:\/\/www.anfitriaoprime.com.br\/blog\/wp-content\/uploads\/2022\/05\/Dimensoes-personalizadas-750x410-px-37-300x164.jpeg 300w, https:\/\/www.anfitriaoprime.com.br\/blog\/wp-content\/uploads\/2022\/05\/Dimensoes-personalizadas-750x410-px-37.jpeg 750w\" sizes=\"(max-width: 300px) 100vw, 300px\" \/><figcaption class=\"caption wp-caption-text\">Parque da Rocha Moutonn\u00e9e | Divulga\u00e7\u00e3o<\/figcaption><\/figure>\n<h2><strong>Quais os diferenciais do Condom\u00ednio Monte Belo?<\/strong><\/h2>\n<p><span style=\"font-weight: 400;\">Sabe por que os <\/span>im\u00f3veis do C<b>ondom\u00ednio Monte Belo<\/b><span style=\"font-weight: 400;\"> t\u00eam uma alta demanda de loca\u00e7\u00e3o por temporada? Por que esse residencial fica em uma localiza\u00e7\u00e3o excelente de Salto\/SP, permitindo que os visitantes tenham a tranquilidade que buscam, mas sem se isolar da cidade.\u00a0<\/span><span style=\"font-weight: 400;\">Al\u00e9m disso, esse condom\u00ednio tamb\u00e9m oferece uma ampla infraestrutura, incluindo:\u00a0<\/span><\/p>\n<ul>\n<li style=\"font-weight: 400;\" aria-level=\"1\"><span style=\"font-weight: 400;\">Academia<\/span><\/li>\n<li style=\"font-weight: 400;\" aria-level=\"1\"><span style=\"font-weight: 400;\">Cinema<\/span><\/li>\n<li style=\"font-weight: 400;\" aria-level=\"1\"><span style=\"font-weight: 400;\">Espa\u00e7o gourmet<\/span><\/li>\n<li style=\"font-weight: 400;\" aria-level=\"1\"><span style=\"font-weight: 400;\">Piscina<\/span><\/li>\n<li style=\"font-weight: 400;\" aria-level=\"1\"><span style=\"font-weight: 400;\">Espa\u00e7o para churrasco<\/span><\/li>\n<li style=\"font-weight: 400;\" aria-level=\"1\"><span style=\"font-weight: 400;\">Quadra de t\u00eanis<\/span><\/li>\n<li style=\"font-weight: 400;\" aria-level=\"1\"><span style=\"font-weight: 400;\">Quadra poliesportiva.<\/span><\/li>\n<\/ul>\n<p><span style=\"font-weight: 400;\">Al\u00e9m de tudo isso, esse residencial tamb\u00e9m tem uma excelente arboriza\u00e7\u00e3o. Os visitantes poder\u00e3o ter contato direto com a natureza e relaxar.\u00a0<\/span><\/p>\n<h3><strong>O que fazer em Salto?\u00a0<\/strong><\/h3>\n<p><span style=\"font-weight: 400;\">Ent\u00e3o, aproveite para conferir algumas dicas de roteiro incr\u00edveis para recomendar para seus visitantes. Confira!\u00a0<\/span><\/p>\n<h3><\/h3>\n<h4><strong>Parque da Rocha Moutonn\u00e9e<\/strong><\/h4>\n<p><span style=\"font-weight: 400;\">Quando o assunto \u00e9 turismo ecol\u00f3gico, o <strong>Parque da Rocha Moutonn\u00e9e<\/strong> \u00e9 sem sombra de d\u00favidas uma excelente dica de passeio para recomendar aos visitantes.\u00a0<\/span><span style=\"font-weight: 400;\">Isso porque, ele \u00e9 o primeiro parque ecol\u00f3gico e geo-hist\u00f3rico da Am\u00e9rica do Sul. Os turistas poder\u00e3o ver forma\u00e7\u00f5es rochosas \u00fanicas nesse espa\u00e7o. Al\u00e9m disso, o parque oferece uma \u00f3tima infraestrutura, com quiosques, atividades de lazer e did\u00e1ticas, e um grande lago. Logo, \u00e9 d<\/span><span style=\"font-weight: 400;\">ivers\u00e3o para toda a fam\u00edlia.\u00a0<\/span><\/p>\n<h3><\/h3>\n<h4><strong>Complexo Tur\u00edstico da Cachoeira<\/strong><\/h4>\n<p><span style=\"font-weight: 400;\">Em seguida, recomendamos aos seus h\u00f3spedes um passeio pelo <strong>Complexo Tur\u00edstico da Cachoeira<\/strong>. Dentro desse espa\u00e7o \u00e9 que se localiza a <strong>Cachoeira do Salto Grande,<\/strong> a maior queda d\u2019\u00e1gua existente no rio Tiet\u00ea.\u00a0<\/span><span style=\"font-weight: 400;\">Esse ponto tur\u00edstico tamb\u00e9m conta com um amplo acervo que conta a hist\u00f3ria da cidade por meio de itens, documentos e fotografias.\u00a0<\/span><\/p>\n<h3><\/h3>\n<h4><strong>Mirante da Ponte Estaiada<\/strong><\/h4>\n<p><span style=\"font-weight: 400;\">Finalmente, mas n\u00e3o menos importante, sugerimos um passeio pelo Mirante da Ponte Estaiada, visto que \u00e9 o tipo de lugar perfeito para quem ama tirar fotos magnificas da cidade. Isso porque, nele \u00e9 poss\u00edvel ter uma vista panor\u00e2mica da cidade.\u00a0<\/span><span style=\"font-weight: 400;\">Esse ponto tur\u00edstico foi inaugurado em 2016 e \u00e9 realmente impressionante. Por conta da altura de 12 andares, esse Mirante permite que os turistas possam vislumbrar toda a cidade do alto. Ent\u00e3o vale a pena indicar para seus h\u00f3spedes.\u00a0<\/span><\/p>\n<p><span style=\"font-weight: 400;\">Ent\u00e3o, viu como existem v\u00e1rios diferenciais que voc\u00ea pode usar para atrair mais h\u00f3spedes para o seu im\u00f3vel do <strong>Condom\u00ednio<\/strong> <\/span><b>Monte Belo? <\/b>Pois, <span style=\"font-weight: 400;\">aproveite e venha anunciar com o Anfitri\u00e3o Prime agora mesmo!\u00a0<\/span><\/p>\n","protected":false},"excerpt":{"rendered":"<p>Pensando em anunciar por temporada o seu im\u00f3vel do Condom\u00ednio Monte Belo? Ent\u00e3o aproveite para fazer o seu cadastro aqui no Anfitri\u00e3o Prime. Oferecemos suporte em todas as etapas da loca\u00e7\u00e3o para que voc\u00ea n\u00e3o tenha que se preocupar com nada.\u00a0 Clique aqui para conhecer o nosso portf\u00f3lio de im\u00f3veis de temporada!\u00a0 Como o Anfitri\u00e3o [&hellip;]<\/p>\n","protected":false},"author":1,"featured_media":4184,"parent":0,"menu_order":0,"comment_status":"closed","ping_status":"closed","template":"","meta":[],"yoast_head":"<!-- This site is optimized with the Yoast SEO plugin v21.1 - https:\/\/yoast.com\/wordpress\/plugins\/seo\/ -->\n<title>Tem casa no Condom\u00ednio Monte Belo? Invista em aluguel de temporada!<\/title>\n<meta name=\"description\" content=\"Se voc\u00ea tem um im\u00f3vel no Condom\u00ednio Monte Belo, precisa investir em loca\u00e7\u00e3o de temporada com o Anfitri\u00e3o Prime. Conhe\u00e7a os nossos servi\u00e7os!\" \/>\n<meta name=\"robots\" content=\"index, follow, max-snippet:-1, max-image-preview:large, max-video-preview:-1\" \/>\n<link rel=\"canonical\" href=\"https:\/\/www.anfitriaoprime.com.br\/blog\/aluguel-de-temporada-no-condominio-monte-belo\/\" \/>\n<meta property=\"og:locale\" content=\"pt_BR\" \/>\n<meta property=\"og:type\" content=\"article\" \/>\n<meta property=\"og:title\" content=\"Tem casa no Condom\u00ednio Monte Belo? Invista em aluguel de temporada!\" \/>\n<meta property=\"og:description\" content=\"Se voc\u00ea tem um im\u00f3vel no Condom\u00ednio Monte Belo, precisa investir em loca\u00e7\u00e3o de temporada com o Anfitri\u00e3o Prime. Conhe\u00e7a os nossos servi\u00e7os!\" \/>\n<meta property=\"og:url\" content=\"https:\/\/www.anfitriaoprime.com.br\/blog\/aluguel-de-temporada-no-condominio-monte-belo\/\" \/>\n<meta property=\"og:site_name\" content=\"Blog Anfitri\u00e3o Prime: Ganhe dinheiro com aluguel de temporada.\" \/>\n<meta property=\"article:modified_time\" content=\"2024-08-13T14:33:44+00:00\" \/>\n<meta property=\"og:image\" content=\"https:\/\/www.anfitriaoprime.com.br\/blog\/wp-content\/uploads\/2022\/05\/1920-39.jpeg\" \/>\n\t<meta property=\"og:image:width\" content=\"1920\" \/>\n\t<meta property=\"og:image:height\" content=\"550\" \/>\n\t<meta property=\"og:image:type\" content=\"image\/jpeg\" \/>\n<meta name=\"twitter:card\" content=\"summary_large_image\" \/>\n<meta name=\"twitter:label1\" content=\"Est. tempo de leitura\" \/>\n\t<meta name=\"twitter:data1\" content=\"7 minutos\" \/>\n<script type=\"application\/ld+json\" class=\"yoast-schema-graph\">{\"@context\":\"https:\/\/schema.org\",\"@graph\":[{\"@type\":\"WebPage\",\"@id\":\"https:\/\/www.anfitriaoprime.com.br\/blog\/aluguel-de-temporada-no-condominio-monte-belo\/\",\"url\":\"https:\/\/www.anfitriaoprime.com.br\/blog\/aluguel-de-temporada-no-condominio-monte-belo\/\",\"name\":\"Tem casa no Condom\u00ednio Monte Belo? Invista em aluguel de temporada!\",\"isPartOf\":{\"@id\":\"https:\/\/www.anfitriaoprime.com.br\/blog\/#website\"},\"datePublished\":\"2022-05-20T13:08:29+00:00\",\"dateModified\":\"2024-08-13T14:33:44+00:00\",\"description\":\"Se voc\u00ea tem um im\u00f3vel no Condom\u00ednio Monte Belo, precisa investir em loca\u00e7\u00e3o de temporada com o Anfitri\u00e3o Prime. Conhe\u00e7a os nossos servi\u00e7os!\",\"breadcrumb\":{\"@id\":\"https:\/\/www.anfitriaoprime.com.br\/blog\/aluguel-de-temporada-no-condominio-monte-belo\/#breadcrumb\"},\"inLanguage\":\"pt-BR\",\"potentialAction\":[{\"@type\":\"ReadAction\",\"target\":[\"https:\/\/www.anfitriaoprime.com.br\/blog\/aluguel-de-temporada-no-condominio-monte-belo\/\"]}]},{\"@type\":\"BreadcrumbList\",\"@id\":\"https:\/\/www.anfitriaoprime.com.br\/blog\/aluguel-de-temporada-no-condominio-monte-belo\/#breadcrumb\",\"itemListElement\":[{\"@type\":\"ListItem\",\"position\":1,\"name\":\"In\u00edcio\",\"item\":\"https:\/\/www.anfitriaoprime.com.br\/blog\/\"},{\"@type\":\"ListItem\",\"position\":2,\"name\":\"Tem um im\u00f3vel no Condom\u00ednio Monte Belo? Invista em aluguel de temporada!\"}]},{\"@type\":\"WebSite\",\"@id\":\"https:\/\/www.anfitriaoprime.com.br\/blog\/#website\",\"url\":\"https:\/\/www.anfitriaoprime.com.br\/blog\/\",\"name\":\"Blog Anfitri\u00e3o Prime - Gest\u00e3o de propriedade para aluguel de temporada\",\"description\":\"No blog do Anfitri\u00e3o Prime voc\u00ea encontra dicas e informa\u00e7\u00f5es sobre o mercado de aluguel de temporada escrito por anfitri\u00f5es profissionais\",\"potentialAction\":[{\"@type\":\"SearchAction\",\"target\":{\"@type\":\"EntryPoint\",\"urlTemplate\":\"https:\/\/www.anfitriaoprime.com.br\/blog\/?s={search_term_string}\"},\"query-input\":\"required name=search_term_string\"}],\"inLanguage\":\"pt-BR\"}]}<\/script>\n<!-- \/ Yoast SEO plugin. -->","yoast_head_json":{"title":"Tem casa no Condom\u00ednio Monte Belo? Invista em aluguel de temporada!","description":"Se voc\u00ea tem um im\u00f3vel no Condom\u00ednio Monte Belo, precisa investir em loca\u00e7\u00e3o de temporada com o Anfitri\u00e3o Prime. Conhe\u00e7a os nossos servi\u00e7os!","robots":{"index":"index","follow":"follow","max-snippet":"max-snippet:-1","max-image-preview":"max-image-preview:large","max-video-preview":"max-video-preview:-1"},"canonical":"https:\/\/www.anfitriaoprime.com.br\/blog\/aluguel-de-temporada-no-condominio-monte-belo\/","og_locale":"pt_BR","og_type":"article","og_title":"Tem casa no Condom\u00ednio Monte Belo? Invista em aluguel de temporada!","og_description":"Se voc\u00ea tem um im\u00f3vel no Condom\u00ednio Monte Belo, precisa investir em loca\u00e7\u00e3o de temporada com o Anfitri\u00e3o Prime. Conhe\u00e7a os nossos servi\u00e7os!","og_url":"https:\/\/www.anfitriaoprime.com.br\/blog\/aluguel-de-temporada-no-condominio-monte-belo\/","og_site_name":"Blog Anfitri\u00e3o Prime: Ganhe dinheiro com aluguel de temporada.","article_modified_time":"2024-08-13T14:33:44+00:00","og_image":[{"width":1920,"height":550,"url":"https:\/\/www.anfitriaoprime.com.br\/blog\/wp-content\/uploads\/2022\/05\/1920-39.jpeg","type":"image\/jpeg"}],"twitter_card":"summary_large_image","twitter_misc":{"Est. tempo de leitura":"7 minutos"},"schema":{"@context":"https:\/\/schema.org","@graph":[{"@type":"WebPage","@id":"https:\/\/www.anfitriaoprime.com.br\/blog\/aluguel-de-temporada-no-condominio-monte-belo\/","url":"https:\/\/www.anfitriaoprime.com.br\/blog\/aluguel-de-temporada-no-condominio-monte-belo\/","name":"Tem casa no Condom\u00ednio Monte Belo? Invista em aluguel de temporada!","isPartOf":{"@id":"https:\/\/www.anfitriaoprime.com.br\/blog\/#website"},"datePublished":"2022-05-20T13:08:29+00:00","dateModified":"2024-08-13T14:33:44+00:00","description":"Se voc\u00ea tem um im\u00f3vel no Condom\u00ednio Monte Belo, precisa investir em loca\u00e7\u00e3o de temporada com o Anfitri\u00e3o Prime. Conhe\u00e7a os nossos servi\u00e7os!","breadcrumb":{"@id":"https:\/\/www.anfitriaoprime.com.br\/blog\/aluguel-de-temporada-no-condominio-monte-belo\/#breadcrumb"},"inLanguage":"pt-BR","potentialAction":[{"@type":"ReadAction","target":["https:\/\/www.anfitriaoprime.com.br\/blog\/aluguel-de-temporada-no-condominio-monte-belo\/"]}]},{"@type":"BreadcrumbList","@id":"https:\/\/www.anfitriaoprime.com.br\/blog\/aluguel-de-temporada-no-condominio-monte-belo\/#breadcrumb","itemListElement":[{"@type":"ListItem","position":1,"name":"In\u00edcio","item":"https:\/\/www.anfitriaoprime.com.br\/blog\/"},{"@type":"ListItem","position":2,"name":"Tem um im\u00f3vel no Condom\u00ednio Monte Belo? Invista em aluguel de temporada!"}]},{"@type":"WebSite","@id":"https:\/\/www.anfitriaoprime.com.br\/blog\/#website","url":"https:\/\/www.anfitriaoprime.com.br\/blog\/","name":"Blog Anfitri\u00e3o Prime - Gest\u00e3o de propriedade para aluguel de temporada","description":"No blog do Anfitri\u00e3o Prime voc\u00ea encontra dicas e informa\u00e7\u00f5es sobre o mercado de aluguel de temporada escrito por anfitri\u00f5es profissionais","potentialAction":[{"@type":"SearchAction","target":{"@type":"EntryPoint","urlTemplate":"https:\/\/www.anfitriaoprime.com.br\/blog\/?s={search_term_string}"},"query-input":"required name=search_term_string"}],"inLanguage":"pt-BR"}]}},"acf":{"imagem":{"ID":4184,"id":4184,"title":"Foto do Governo do Estado de S\u00e3o Paulo","filename":"1920-39.jpeg","filesize":751917,"url":"https:\/\/www.anfitriaoprime.com.br\/blog\/wp-content\/uploads\/2022\/05\/1920-39.jpeg","link":"https:\/\/www.anfitriaoprime.com.br\/blog\/aluguel-de-temporada-no-condominio-monte-belo\/1920-39-2\/","alt":"Condom\u00ednio Monte Belo","author":"1","description":"","caption":"Foto do Governo do Estado de S\u00e3o Paulo","name":"1920-39-2","status":"inherit","uploaded_to":4183,"date":"2022-05-20 12:50:25","modified":"2022-05-20 12:50:51","menu_order":0,"mime_type":"image\/jpeg","type":"image","subtype":"jpeg","icon":"https:\/\/www.anfitriaoprime.com.br\/blog\/wp-includes\/images\/media\/default.png","width":1920,"height":550,"sizes":{"thumbnail":"https:\/\/www.anfitriaoprime.com.br\/blog\/wp-content\/uploads\/2022\/05\/1920-39-150x150.jpeg","thumbnail-width":150,"thumbnail-height":150,"medium":"https:\/\/www.anfitriaoprime.com.br\/blog\/wp-content\/uploads\/2022\/05\/1920-39-300x86.jpeg","medium-width":300,"medium-height":86,"medium_large":"https:\/\/www.anfitriaoprime.com.br\/blog\/wp-content\/uploads\/2022\/05\/1920-39-768x220.jpeg","medium_large-width":648,"medium_large-height":186,"large":"https:\/\/www.anfitriaoprime.com.br\/blog\/wp-content\/uploads\/2022\/05\/1920-39-1024x293.jpeg","large-width":648,"large-height":185,"1536x1536":"https:\/\/www.anfitriaoprime.com.br\/blog\/wp-content\/uploads\/2022\/05\/1920-39.jpeg","1536x1536-width":1536,"1536x1536-height":440,"2048x2048":"https:\/\/www.anfitriaoprime.com.br\/blog\/wp-content\/uploads\/2022\/05\/1920-39.jpeg","2048x2048-width":1920,"2048x2048-height":550,"sparkling-featured":"https:\/\/www.anfitriaoprime.com.br\/blog\/wp-content\/uploads\/2022\/05\/1920-39.jpeg","sparkling-featured-width":750,"sparkling-featured-height":215,"sparkling-featured-fullwidth":"https:\/\/www.anfitriaoprime.com.br\/blog\/wp-content\/uploads\/2022\/05\/1920-39.jpeg","sparkling-featured-fullwidth-width":1140,"sparkling-featured-fullwidth-height":327,"tab-small":"https:\/\/www.anfitriaoprime.com.br\/blog\/wp-content\/uploads\/2022\/05\/1920-39.jpeg","tab-small-width":60,"tab-small-height":17,"crp_thumbnail":"https:\/\/www.anfitriaoprime.com.br\/blog\/wp-content\/uploads\/2022\/05\/1920-39.jpeg","crp_thumbnail-width":150,"crp_thumbnail-height":43}},"titulo":"Tem um im\u00f3vel no Condom\u00ednio Monte Belo? Invista em aluguel de temporada! ","subtitulo":"<p><span style=\"font-weight: 400;\">Pensando em anunciar por temporada o seu im\u00f3vel do <\/span><b>Condom\u00ednio Monte Belo<\/b><span style=\"font-weight: 400;\">? Ent\u00e3o aproveite para fazer o seu cadastro aqui no <\/span><b>Anfitri\u00e3o Prime<\/b><span style=\"font-weight: 400;\">. Oferecemos suporte em todas as etapas da loca\u00e7\u00e3o para que voc\u00ea n\u00e3o tenha que se preocupar com nada.\u00a0<\/span><\/p>\n<p><a href=\"https:\/\/reservas.anfitriaoprime.com.br\/\"><b>Clique aqui para conhecer o nosso portf\u00f3lio de im\u00f3veis de temporada!\u00a0<\/b><\/a><\/p>\n","titulo_secao_1":"Como o Anfitri\u00e3o Prime pode te ajudar com a gest\u00e3o do seu im\u00f3vel do Condom\u00ednio Monte Belo","conteudo_secao_1":"<p><span style=\"font-weight: 400;\">O Anfitri\u00e3o Prime \u00e9 mais do que uma imobili\u00e1ria digital ou um site de reservas comum. N\u00f3s somos um gestor profissional de im\u00f3veis de temporada e oferecemos uma s\u00e9rie de servi\u00e7os para descomplicar a loca\u00e7\u00e3o de im\u00f3veis do <\/span><b>Condom\u00ednio Monte Belo<\/b><span style=\"font-weight: 400;\">. Confira!\u00a0<\/span><\/p>\n<ul>\n<li style=\"font-weight: 400;\" aria-level=\"1\"><span style=\"font-weight: 400;\">Nosso time ir\u00e1 criar e gerenciar seus an\u00fancios em mais de 30 sites de reserva, dentre elas Airbnb, Trivago e TripAdvisor;\u00a0<\/span><\/li>\n<li style=\"font-weight: 400;\" aria-level=\"1\"><span style=\"font-weight: 400;\">Contamos com fot\u00f3grafos profissionais que ir\u00e3o tirar fotos das suas acomoda\u00e7\u00f5es para otimizar os an\u00fancios.\u00a0<\/span><\/li>\n<li style=\"font-weight: 400;\" aria-level=\"1\"><span style=\"font-weight: 400;\">Oferecemos atendimento 24 horas tanto para propriet\u00e1rios como para h\u00f3spedes!\u00a0<\/span><\/li>\n<\/ul>\n<p><span style=\"font-weight: 400;\">Al\u00e9m de todas essas vantagens, aqui no Anfitri\u00e3o Prime voc\u00ea tamb\u00e9m poder\u00e1 contratar a nossa gest\u00e3o de manuten\u00e7\u00e3o, lavanderia e limpeza. Assim voc\u00ea poder\u00e1 garantir que o seu im\u00f3vel esteja sempre pronto para receber os h\u00f3spedes. <\/span><\/p>\n","titulo_secao_2":"Conhe\u00e7a os nossos servi\u00e7os\u00a0","imagem_secao_2":false,"conteudo_secao_2":"<p>N\u00f3s aliamos a experi\u00eancia de mais de 30 anos com turismo dos nossos profissionais \u00e0 uma tecnologia de ponta, garantindo, assim, maiores ganhos com o aluguel de temporada em Alter do Ch\u00e3o. Al\u00e9m de tamb\u00e9m oferecermos a melhor experi\u00eancia para os h\u00f3spedes. Confira os nossos servi\u00e7os:<\/p>\n<p>&nbsp;<\/p>\n<h3><b><img decoding=\"async\" loading=\"lazy\" class=\"emoji alignnone\" role=\"img\" draggable=\"false\" src=\"https:\/\/s.w.org\/images\/core\/emoji\/13.1.0\/svg\/1f4bb.svg\" alt=\"aluguel de temporada em Condom\u00ednio Monte Belo\" width=\"150\" height=\"150\" \/>\u00a0Anunciamos sua propriedade<\/b><\/h3>\n<p>Primeiramente, n\u00f3s criamos o an\u00fancio da sua propriedade e o publicamos em mais de 30 sites de reservas, como Airbnb, Booking, VRBO (Alugue Temporada) e TripAdvisor.\u00a0 Em seguida, j\u00e1 ficamos respons\u00e1veis pela gest\u00e3o dele em cada uma das plataformas.<\/p>\n<p>&nbsp;<\/p>\n<h3><a href=\"https:\/\/www.anfitriaoprime.com.br\/blog\/foto-a-importancia-no-aluguel-de-temporada\/\"><b><img decoding=\"async\" loading=\"lazy\" class=\"emoji alignnone\" role=\"img\" draggable=\"false\" src=\"https:\/\/s.w.org\/images\/core\/emoji\/13.1.0\/svg\/1f4f7.svg\" alt=\"fotografia imobili\u00e1ria\" width=\"150\" height=\"150\" \/>\u00a0Fotos profissionais<\/b><\/a><\/h3>\n<p>As fotos profissionais do seu im\u00f3vel garantem uma melhor primeira impress\u00e3o aos h\u00f3spedes, o que aumenta as possibilidades de reservas.<\/p>\n<p>&nbsp;<\/p>\n<h3><b><img decoding=\"async\" loading=\"lazy\" class=\"emoji alignnone\" role=\"img\" draggable=\"false\" src=\"https:\/\/s.w.org\/images\/core\/emoji\/13.1.0\/svg\/1f4ac.svg\" alt=\"falamos com os seus h\u00f3spedes\" width=\"150\" height=\"150\" \/>\u00a0Comunica\u00e7\u00e3o com os h\u00f3spedes<\/b><\/h3>\n<p>Um dos grandes problemas ao gerenciar um im\u00f3vel de temporada \u00e9 estar dispon\u00edvel para responder os h\u00f3spedes nas plataformas de reservas. Contudo, com o Anfitri\u00e3o Prime voc\u00ea n\u00e3o ter\u00e1 que se preocupar com isso, pois n\u00f3s temos uma equipe que est\u00e1 24\/7 dispon\u00edvel para atend\u00ea-los.<\/p>\n<p>&nbsp;<\/p>\n<h3><b><img decoding=\"async\" loading=\"lazy\" class=\"emoji alignnone\" role=\"img\" draggable=\"false\" src=\"https:\/\/s.w.org\/images\/core\/emoji\/13.1.0\/svg\/1f4c8.svg\" alt=\"Condom\u00ednio Monte Belo\" width=\"150\" height=\"150\" \/>\u00a0<a href=\"https:\/\/www.anfitriaoprime.com.br\/blog\/valor-da-diaria-no-aluguel-de-temporada\/\">Defini\u00e7\u00e3o dos melhores pre\u00e7os de di\u00e1rias<\/a><\/b><\/h3>\n<p>Contamos com uma tecnologia de ponta que faz a precifica\u00e7\u00e3o inteligente do seu im\u00f3vel, pensando a longo prazo. Em outras palavras, ela leva em conta as varia\u00e7\u00f5es de pre\u00e7o que ocorrem durante o ano, como feriados, alta e baixa temporadas. Al\u00e9m de outras situa\u00e7\u00f5es que podem fazer com que o valor da di\u00e1ria do seu im\u00f3vel varie.<\/p>\n<p>&nbsp;<\/p>\n<h3><strong><img decoding=\"async\" loading=\"lazy\" class=\"emoji alignnone\" role=\"img\" draggable=\"false\" src=\"https:\/\/s.w.org\/images\/core\/emoji\/13.1.0\/svg\/1f5d3.svg\" alt=\"aluguel de temporada no Condom\u00ednio Monte Belo\n\" width=\"150\" height=\"150\" \/>\u00a0Gest\u00e3o do calend\u00e1rio\u00a0<\/strong><\/h3>\n<p>N\u00f3s tamb\u00e9m contamos com uma ferramenta que faz a gest\u00e3o unificada do seu calend\u00e1rio para evitar o overbooking. Al\u00e9m disso, voc\u00ea tamb\u00e9m pode continuar utilizando o im\u00f3vel quando desejar, basta apenas nos informar com anteced\u00eancia para que possamos fazer o bloqueio do calend\u00e1rio para os h\u00f3spedes.<\/p>\n<p>&nbsp;<\/p>\n<h3><b><img decoding=\"async\" loading=\"lazy\" class=\"emoji alignnone\" role=\"img\" draggable=\"false\" src=\"https:\/\/s.w.org\/images\/core\/emoji\/13.1.0\/svg\/2714.svg\" alt=\"checklist\" width=\"150\" height=\"150\" \/>\u00a0Concierge, Limpeza e Manuten\u00e7\u00e3o\u00a0<\/b><\/h3>\n<p>Finalmente, para que voc\u00ea possa alugar casas em Alter do Ch\u00e3o com tranquilidade, tamb\u00e9m oferecemos servi\u00e7os complementares. Atualmente, contamos com especialistas para serem\u00a0<b>concierge<\/b>\u00a0do seu im\u00f3vel e serem respons\u00e1veis do check-in e check-out dos h\u00f3spedes. Al\u00e9m de outros profissionais para\u00a0<strong>limpeza, manuten\u00e7\u00e3o<\/strong>\u00a0e outros servi\u00e7os necess\u00e1rios para garantir uma experi\u00eancia perfeita aos seus h\u00f3spedes.<\/p>\n","titulo_secao_3":"Por que anunciar seu im\u00f3vel com a gente?","conteudo_secao_3":"<p>Ent\u00e3o, se comparamos os servi\u00e7os do Anfitri\u00e3o Prime com os servi\u00e7os oferecidos por outros sites de reservas, voc\u00ea ter\u00e1 as seguintes vantagens:<\/p>\n","titulo_secao_6":"Quais os diferenciais do Condom\u00ednio Monte Belo?","conteudo_secao_6":"<figure id=\"attachment_4187\" class=\"thumbnail wp-caption alignnone\" style=\"width: 760px\"><img decoding=\"async\" loading=\"lazy\" class=\"wp-image-4187 size-full\" src=\"https:\/\/www.anfitriaoprime.com.br\/blog\/wp-content\/uploads\/2022\/05\/Dimensoes-personalizadas-750x410-px-37.jpeg\" alt=\"Condom\u00ednio Monte Belo\" width=\"750\" height=\"410\" srcset=\"https:\/\/www.anfitriaoprime.com.br\/blog\/wp-content\/uploads\/2022\/05\/Dimensoes-personalizadas-750x410-px-37.jpeg 750w, https:\/\/www.anfitriaoprime.com.br\/blog\/wp-content\/uploads\/2022\/05\/Dimensoes-personalizadas-750x410-px-37-300x164.jpeg 300w\" sizes=\"(max-width: 750px) 100vw, 750px\" \/><figcaption class=\"caption wp-caption-text\">Parque da Rocha Moutonn\u00e9e | Divulga\u00e7\u00e3o<\/figcaption><\/figure>\n<p><span style=\"font-weight: 400;\">Sabe por que os <\/span>im\u00f3veis do C<b>ondom\u00ednio Monte Belo<\/b><span style=\"font-weight: 400;\"> t\u00eam uma alta demanda de loca\u00e7\u00e3o por temporada? Por que esse residencial fica em uma localiza\u00e7\u00e3o excelente de Salto\/SP, permitindo que os visitantes tenham a tranquilidade que buscam, mas sem se isolar da cidade.\u00a0<\/span><span style=\"font-weight: 400;\">Al\u00e9m disso, esse condom\u00ednio tamb\u00e9m oferece uma ampla infraestrutura, incluindo:\u00a0<\/span><\/p>\n<ul>\n<li style=\"font-weight: 400;\" aria-level=\"1\"><span style=\"font-weight: 400;\">Academia<\/span><\/li>\n<li style=\"font-weight: 400;\" aria-level=\"1\"><span style=\"font-weight: 400;\">Cinema<\/span><\/li>\n<li style=\"font-weight: 400;\" aria-level=\"1\"><span style=\"font-weight: 400;\">Espa\u00e7o gourmet<\/span><\/li>\n<li style=\"font-weight: 400;\" aria-level=\"1\"><span style=\"font-weight: 400;\">Piscina<\/span><\/li>\n<li style=\"font-weight: 400;\" aria-level=\"1\"><span style=\"font-weight: 400;\">Espa\u00e7o para churrasco<\/span><\/li>\n<li style=\"font-weight: 400;\" aria-level=\"1\"><span style=\"font-weight: 400;\">Quadra de t\u00eanis<\/span><\/li>\n<li style=\"font-weight: 400;\" aria-level=\"1\"><span style=\"font-weight: 400;\">Quadra poliesportiva.<\/span><\/li>\n<\/ul>\n<p><span style=\"font-weight: 400;\">Al\u00e9m de tudo isso, esse residencial tamb\u00e9m tem uma excelente arboriza\u00e7\u00e3o. Os visitantes poder\u00e3o ter contato direto com a natureza e relaxar.\u00a0<\/span><\/p>\n<h3><strong>O que fazer em Salto?\u00a0<\/strong><\/h3>\n<p><span style=\"font-weight: 400;\">Ent\u00e3o, aproveite para conferir algumas dicas de roteiro incr\u00edveis para recomendar para seus visitantes. Confira!\u00a0<\/span><\/p>\n<h3><\/h3>\n<h4><strong>Parque da Rocha Moutonn\u00e9e<\/strong><\/h4>\n<p><span style=\"font-weight: 400;\">Quando o assunto \u00e9 turismo ecol\u00f3gico, o <strong>Parque da Rocha Moutonn\u00e9e<\/strong> \u00e9 sem sombra de d\u00favidas uma excelente dica de passeio para recomendar aos visitantes.\u00a0<\/span><span style=\"font-weight: 400;\">Isso porque, ele \u00e9 o primeiro parque ecol\u00f3gico e geo-hist\u00f3rico da Am\u00e9rica do Sul. Os turistas poder\u00e3o ver forma\u00e7\u00f5es rochosas \u00fanicas nesse espa\u00e7o. Al\u00e9m disso, o parque oferece uma \u00f3tima infraestrutura, com quiosques, atividades de lazer e did\u00e1ticas, e um grande lago. Logo, \u00e9 d<\/span><span style=\"font-weight: 400;\">ivers\u00e3o para toda a fam\u00edlia.\u00a0<\/span><\/p>\n<h3><\/h3>\n<h4><strong>Complexo Tur\u00edstico da Cachoeira<\/strong><\/h4>\n<p><span style=\"font-weight: 400;\">Em seguida, recomendamos aos seus h\u00f3spedes um passeio pelo <strong>Complexo Tur\u00edstico da Cachoeira<\/strong>. Dentro desse espa\u00e7o \u00e9 que se localiza a <strong>Cachoeira do Salto Grande,<\/strong> a maior queda d\u2019\u00e1gua existente no rio Tiet\u00ea.\u00a0<\/span><span style=\"font-weight: 400;\">Esse ponto tur\u00edstico tamb\u00e9m conta com um amplo acervo que conta a hist\u00f3ria da cidade por meio de itens, documentos e fotografias.\u00a0<\/span><\/p>\n<h3><\/h3>\n<h4><strong>Mirante da Ponte Estaiada<\/strong><\/h4>\n<p><span style=\"font-weight: 400;\">Finalmente, mas n\u00e3o menos importante, sugerimos um passeio pelo <strong>Mirante da Ponte Estaiada<\/strong>, visto que \u00e9 o tipo de lugar perfeito para quem ama tirar fotos magnificas da cidade. Isso porque, nele \u00e9 poss\u00edvel ter uma vista panor\u00e2mica da cidade.\u00a0<\/span><span style=\"font-weight: 400;\">Esse ponto tur\u00edstico foi inaugurado em 2016 e \u00e9 realmente impressionante. Por conta da altura de 12 andares, esse Mirante permite que os turistas possam vislumbrar toda a cidade do alto. Ent\u00e3o vale a pena indicar para seus h\u00f3spedes.\u00a0<\/span><\/p>\n<p><span style=\"font-weight: 400;\">Ent\u00e3o, viu como existem v\u00e1rios diferenciais que voc\u00ea pode usar para atrair mais h\u00f3spedes para o seu im\u00f3vel do <strong>Condom\u00ednio<\/strong> <\/span><b>Monte Belo? <\/b>Pois, <span style=\"font-weight: 400;\">aproveite e venha anunciar com o Anfitri\u00e3o Prime agora mesmo! <a href=\"https:\/\/reservas.anfitriaoprime.com.br\/\"><b>Clique aqui para conhecer o nosso portf\u00f3lio de im\u00f3veis de temporada!\u00a0<\/b><\/a><\/span><\/p>\n"},"_links":{"self":[{"href":"https:\/\/www.anfitriaoprime.com.br\/blog\/wp-json\/wp\/v2\/pages\/4183"}],"collection":[{"href":"https:\/\/www.anfitriaoprime.com.br\/blog\/wp-json\/wp\/v2\/pages"}],"about":[{"href":"https:\/\/www.anfitriaoprime.com.br\/blog\/wp-json\/wp\/v2\/types\/page"}],"author":[{"embeddable":true,"href":"https:\/\/www.anfitriaoprime.com.br\/blog\/wp-json\/wp\/v2\/users\/1"}],"replies":[{"embeddable":true,"href":"https:\/\/www.anfitriaoprime.com.br\/blog\/wp-json\/wp\/v2\/comments?post=4183"}],"version-history":[{"count":6,"href":"https:\/\/www.anfitriaoprime.com.br\/blog\/wp-json\/wp\/v2\/pages\/4183\/revisions"}],"predecessor-version":[{"id":6468,"href":"https:\/\/www.anfitriaoprime.com.br\/blog\/wp-json\/wp\/v2\/pages\/4183\/revisions\/6468"}],"wp:featuredmedia":[{"embeddable":true,"href":"https:\/\/www.anfitriaoprime.com.br\/blog\/wp-json\/wp\/v2\/media\/4184"}],"wp:attachment":[{"href":"https:\/\/www.anfitriaoprime.com.br\/blog\/wp-json\/wp\/v2\/media?parent=4183"}],"curies":[{"name":"wp","href":"https:\/\/api.w.org\/{rel}","templated":true}]}}