{"id":4315,"date":"2022-05-25T16:09:42","date_gmt":"2022-05-25T19:09:42","guid":{"rendered":"https:\/\/www.anfitriaoprime.com.br\/blog\/?page_id=4315"},"modified":"2022-05-25T16:09:42","modified_gmt":"2022-05-25T19:09:42","slug":"aluguel-de-temporada-em-osasco","status":"publish","type":"page","link":"https:\/\/www.anfitriaoprime.com.br\/blog\/aluguel-de-temporada-em-osasco\/","title":{"rendered":"Como fazer aluguel de temporada em Osasco com o Anfitri\u00e3o Prime?"},"content":{"rendered":"<p><span style=\"font-weight: 400;\">Se voc\u00ea quer fazer aluguel de temporada em Osasco, mas sem ter que se preocupar com burocracia, o Anfitri\u00e3o Prime pode te ajudar. Somos um gestor de im\u00f3veis de temporada que oferece todos os servi\u00e7os de uma imobili\u00e1ria digital e muito mais.\u00a0<\/span><\/p>\n<p><strong><a href=\"https:\/\/reservas.anfitriaoprime.com.br\/\">Venha conhecer o nosso portf\u00f3lio com mais de 1000 im\u00f3veis espalhados pelo Brasil.\u00a0<\/a><\/strong><\/p>\n<h2><strong>Como o Anfitri\u00e3o Prime pode te ajudar com a gest\u00e3o do seu aluguel de temporada em Osasco?<\/strong><\/h2>\n<p><span style=\"font-weight: 400;\">O Anfitri\u00e3o Prime \u00e9 um gestor de im\u00f3veis que funciona de forma digital. Ao fazer o seu cadastro voc\u00ea ter\u00e1 acesso a todos os nossos servi\u00e7os, bem como uma equipe especializada \u00e0 sua disposi\u00e7\u00e3o.\u00a0<\/span><\/p>\n<p><span style=\"font-weight: 400;\">Ela te dar\u00e1 todo o suporte necess\u00e1rio e ir\u00e1 desenvolver o an\u00fancio do seu aluguel de temporada em Osasco. Al\u00e9m disso, fazemos a gest\u00e3o do an\u00fancio em mais de 30 sites de reserva, incluindo Airbnb, Booking e Trivago.\u00a0<\/span><span style=\"font-weight: 400;\">Nossos servi\u00e7os s\u00e3o totalmente personaliz\u00e1veis conforme as suas necessidades. E voc\u00ea ainda conta com um atendimento totalmente humanizado.\u00a0<\/span><\/p>\n<p><span style=\"font-weight: 400;\">Ent\u00e3o aproveite para preencher o formul\u00e1rio ao lado e venha fazer parte do Anfitri\u00e3o Prime. Leva menos de 15 minutos!\u00a0<\/span><\/p>\n<h2>Conhe\u00e7a os nossos servi\u00e7os<\/h2>\n<p>Aliamos a experi\u00eancia de mais de 30 anos com turismo dos nossos profissionais \u00e0 tecnologia de ponta, garantindo maiores ganhos com o aluguel de temporada para propriet\u00e1rios e a melhor experi\u00eancia para os h\u00f3spedes. Confira os nossos servi\u00e7os:<\/p>\n<h3><b><img decoding=\"async\" class=\"emoji\" role=\"img\" draggable=\"false\" src=\"https:\/\/s.w.org\/images\/core\/emoji\/13.1.0\/svg\/1f4bb.svg\" alt=\"\ud83d\udcbb\" \/>\u00a0Anunciamos sua propriedade<\/b><\/h3>\n<p>Primeiramente, n\u00f3s criamos o an\u00fancio da sua propriedade e o publicamos em mais de 30 sites de reservas, como Airbnb, Booking, VRBO (Alugue Temporada) e TripAdvisor.\u00a0 Em seguida, ficamos respons\u00e1veis pela gest\u00e3o dele em cada uma das plataformas.<\/p>\n<h3><a href=\"https:\/\/www.anfitriaoprime.com.br\/blog\/foto-a-importancia-no-aluguel-de-temporada\/\"><b><img decoding=\"async\" loading=\"lazy\" class=\"emoji alignnone\" role=\"img\" draggable=\"false\" src=\"https:\/\/s.w.org\/images\/core\/emoji\/13.1.0\/svg\/1f4f7.svg\" alt=\"aluguel de temporada em Monte Verde\" width=\"150\" height=\"150\" \/>\u00a0Fotos profissionais<\/b><\/a><\/h3>\n<p>As fotos profissionais do seu im\u00f3vel garantem uma melhor primeira impress\u00e3o aos h\u00f3spedes, o que aumenta as possibilidades de reservas.<\/p>\n<h3><b><img decoding=\"async\" class=\"emoji\" role=\"img\" draggable=\"false\" src=\"https:\/\/s.w.org\/images\/core\/emoji\/13.1.0\/svg\/1f4ac.svg\" alt=\"\ud83d\udcac\" \/>\u00a0Comunica\u00e7\u00e3o com os h\u00f3spedes<\/b><\/h3>\n<p>Um dos grandes problemas ao gerenciar um im\u00f3vel de temporada \u00e9 estar dispon\u00edvel para responder os h\u00f3spedes nas plataformas de reservas. Contudo, com o Anfitri\u00e3o Prime voc\u00ea n\u00e3o ter\u00e1 que se preocupar com isso, pois n\u00f3s temos uma equipe que est\u00e1 24\/7 dispon\u00edvel para atend\u00ea-los.<\/p>\n<h3><b><img decoding=\"async\" loading=\"lazy\" class=\"emoji alignnone\" role=\"img\" draggable=\"false\" src=\"https:\/\/s.w.org\/images\/core\/emoji\/13.1.0\/svg\/1f4c8.svg\" alt=\"aluguel de temporada em Monte Verde\" width=\"150\" height=\"150\" \/>\u00a0<a href=\"https:\/\/www.anfitriaoprime.com.br\/blog\/valor-da-diaria-no-aluguel-de-temporada\/\">Defini\u00e7\u00e3o dos melhores pre\u00e7os de di\u00e1rias<\/a><\/b><\/h3>\n<p>Contamos com uma tecnologia de ponta que faz a precifica\u00e7\u00e3o inteligente do seu im\u00f3vel, pensando a longo prazo. Em outras palavras, ela leva em conta as varia\u00e7\u00f5es de pre\u00e7o que ocorrem durante o ano, como feriados, alta e baixa temporada. Al\u00e9m de outras situa\u00e7\u00f5es que podem fazer com que o valor da di\u00e1ria do seu im\u00f3vel varie.<\/p>\n<h3><strong><img decoding=\"async\" class=\"emoji\" role=\"img\" draggable=\"false\" src=\"https:\/\/s.w.org\/images\/core\/emoji\/13.1.0\/svg\/1f5d3.svg\" alt=\"\ud83d\uddd3\ufe0f\" \/>\u00a0Gest\u00e3o do calend\u00e1rio\u00a0<\/strong><\/h3>\n<p>N\u00f3s tamb\u00e9m contamos com uma ferramenta que faz a gest\u00e3o unificada do seu calend\u00e1rio para evitar o overbooking. Al\u00e9m disso, voc\u00ea tamb\u00e9m pode continuar utilizando o seu im\u00f3vel quando desejar, basta apenas nos informar com anteced\u00eancia para que possamos fazer o bloqueio do calend\u00e1rio para os h\u00f3spedes.<\/p>\n<h3><b><img decoding=\"async\" class=\"emoji\" role=\"img\" draggable=\"false\" src=\"https:\/\/s.w.org\/images\/core\/emoji\/13.1.0\/svg\/2714.svg\" alt=\"\u2714\" \/>\u00a0Concierge, Limpeza e Manuten\u00e7\u00e3o\u00a0<\/b><\/h3>\n<p>Finalmente, para que voc\u00ea possa investir em aluguel de temporada tranquilamente, oferecemos servi\u00e7os complementares como de\u00a0<b>concierge<\/b>\u00a0do seu im\u00f3vel. Al\u00e9m de servi\u00e7os para\u00a0<strong>limpeza, manuten\u00e7\u00e3o<\/strong>\u00a0e outras coisas necess\u00e1rias para garantir uma experi\u00eancia perfeita aos h\u00f3spedes.<\/p>\n<h2>Por que anunciar seu im\u00f3vel com a gente?<\/h2>\n<p>Ent\u00e3o, se comparamos os servi\u00e7os do Anfitri\u00e3o Prime com os servi\u00e7os oferecidos por outros sites de reservas, voc\u00ea ter\u00e1 as seguintes vantagens:<\/p>\n<figure id=\"attachment_4318\" class=\"thumbnail wp-caption alignnone\" style=\"width: 310px\"><img decoding=\"async\" loading=\"lazy\" class=\"size-medium wp-image-4318\" src=\"https:\/\/www.anfitriaoprime.com.br\/blog\/wp-content\/uploads\/2022\/05\/Dimensoes-personalizadas-750x410-px-9-1-300x164.jpeg\" alt=\"aluguel de temporada em Osasco\" width=\"300\" height=\"164\" srcset=\"https:\/\/www.anfitriaoprime.com.br\/blog\/wp-content\/uploads\/2022\/05\/Dimensoes-personalizadas-750x410-px-9-1-300x164.jpeg 300w, https:\/\/www.anfitriaoprime.com.br\/blog\/wp-content\/uploads\/2022\/05\/Dimensoes-personalizadas-750x410-px-9-1.jpeg 750w\" sizes=\"(max-width: 300px) 100vw, 300px\" \/><figcaption class=\"caption wp-caption-text\">Foto de dom\u00ednio p\u00fablico<\/figcaption><\/figure>\n<p>&nbsp;<\/p>\n<h3><strong>Sobre Osasco\u00a0<\/strong><\/h3>\n<p><span style=\"font-weight: 400;\"><strong>Osasco<\/strong> \u00e9 uma cidade super tradicional do estado de S\u00e3o Paulo e recebeu esse nome por conta de uma esta\u00e7\u00e3o ferrovi\u00e1ria. O destino possui diversas atra\u00e7\u00f5es para todos os tipos de visitantes.\u00a0<\/span><span style=\"font-weight: 400;\">Desde quem deseja explorar mais a hist\u00f3ria local, at\u00e9 os amantes de arte.\u00a0<\/span><\/p>\n<p>E se <span style=\"font-weight: 400;\">voc\u00ea deseja atrair mais h\u00f3spedes interessados no seu aluguel de temporada em Osasco, \u00e9 preciso conhecer mais sobre as op\u00e7\u00f5es de roteiro na regi\u00e3o. Por isso, separamos algumas dicas para voc\u00ea recomendar aos visitantes, confira:\u00a0<\/span><\/p>\n<p>&nbsp;<\/p>\n<h4><strong>Ponte Met\u00e1lica<\/strong><\/h4>\n<p><span style=\"font-weight: 400;\">Primeiramente, \u00e9 claro que sugerimos um passeio para conhecer o principal cart\u00e3o postal da regi\u00e3o. A <strong>Ponte Met\u00e1lica<\/strong> foi inaugurada em 1992 e demorou dois anos para ser constru\u00edda.\u00a0<\/span><span style=\"font-weight: 400;\">Al\u00e9m de ser uma obra impressionante de engenharia, ela tamb\u00e9m \u00e9 uma homenagem a Reinaldo de Oliveira, um dos dentistas mais antigos de Osasco.<\/span><\/p>\n<h3><\/h3>\n<h4><strong>Cal\u00e7ad\u00e3o de Osasco\u00a0<\/strong><\/h4>\n<p><span style=\"font-weight: 400;\">Mais uma das dicas para recomendar aos turistas \u00e9 o Cal\u00e7ad\u00e3o de Osasco. O local \u00e9 considerado o segundo maior polo comercial da Am\u00e9rica Latina, perdendo apenas para a famosa 25 de mar\u00e7o. <\/span><span style=\"font-weight: 400;\">No local os visitantes poder\u00e3o encontrar praticamente de tudo, desde lembrancinhas da viagem, at\u00e9 eletr\u00f4nicos.\u00a0<\/span><\/p>\n<h3><\/h3>\n<h4><strong>Jardim das Flores<\/strong><\/h4>\n<p><span style=\"font-weight: 400;\">Outro ponto tur\u00edstico que sempre vale a pena recomendar para os visitantes \u00e9 o Jardim das Flores, que \u00e9 um dos apelidos do Parque Ecol\u00f3gico Dion\u00edsio Alvarez Mateos. O local tem 700 mil hectares de \u00e1rea e oferece diversas op\u00e7\u00f5es de atividades para todas as idades.\u00a0<\/span><span style=\"font-weight: 400;\">\u00c9 uma \u00f3tima alternativa para quem est\u00e1 passeando em fam\u00edlia.\u00a0<\/span><\/p>\n<h2><\/h2>\n<h3><strong>Onde comer em Osasco\u00a0<\/strong><\/h3>\n<p><span style=\"font-weight: 400;\">Com toda a certeza quem est\u00e1 em busca por aluguel de temporada em Osasco vai querer conhecer mais sobre as op\u00e7\u00f5es gastron\u00f4micas da regi\u00e3o. Por isso, separamos algumas dicas para voc\u00ea recomendar aos visitantes.\u00a0<\/span><\/p>\n<h3><\/h3>\n<h4><strong>Espeto do Romeu<\/strong><\/h4>\n<p><span style=\"font-weight: 400;\">Para quem gosta de uma boa comidinha brasileira popular, o <strong>Espeto do Romeu<\/strong> \u00e9 o melhor lugar. Nele os visitantes poder\u00e3o provar uma grande variedade de espetinhos.\u00a0<\/span><span style=\"font-weight: 400;\">Al\u00e9m disso, o local ainda conta com op\u00e7\u00f5es de lanches em mini baguetes. Logo, \u00e9 uma \u00f3tima alternativa para uma refei\u00e7\u00e3o mais r\u00e1pida e descontra\u00edda.\u00a0<\/span><\/p>\n<h3><\/h3>\n<h4><strong>Ibis Kitchen Osasco<\/strong><\/h4>\n<p><span style=\"font-weight: 400;\">Considerado um dos melhores restaurantes da regi\u00e3o, o <strong>Ibis Kitchen Osasco<\/strong> \u00e9 outra excelente alternativa para recomendar aos visitantes. O local conta com um amplo buffet com op\u00e7\u00f5es de pratos para todos os gostos. Al\u00e9m disso,\u00a0 e<\/span><span style=\"font-weight: 400;\">le tamb\u00e9m oferece op\u00e7\u00f5es de caf\u00e9 da manh\u00e3 e jantar. Ou seja, d\u00e1 pra ir comer no local a qualquer hora do dia.\u00a0<\/span><\/p>\n<h3><\/h3>\n<h4><strong>Saladenha<\/strong><\/h4>\n<p><span style=\"font-weight: 400;\">Para quem tem um estilo de vida mais saud\u00e1vel e n\u00e3o quer sair da rotina mesmo viajando, o <strong>Saladenha<\/strong> \u00e9 uma \u00f3tima indica\u00e7\u00e3o. O card\u00e1pio, que \u00e9 assinado pelo chef Edu Guedes, traz uma grande variedade de pratos super saud\u00e1veis.\u00a0<\/span><span style=\"font-weight: 400;\">S\u00e3o v\u00e1rias alternativas de saladas, sanduiches, wraps, sopas e muito mais para os visitantes escolherem.\u00a0<\/span><\/p>\n<p><span style=\"font-weight: 400;\">Ent\u00e3o, que tal aproveitar essas dicas para atrair mais h\u00f3spedes interessados nos seus im\u00f3veis para aluguel de temporada em Osasco? Fa\u00e7a o seu cadastro preenchendo o formul\u00e1rio ao lado e venha para o Anfitri\u00e3o Prime.\u00a0<\/span><\/p>\n","protected":false},"excerpt":{"rendered":"<p>Se voc\u00ea quer fazer aluguel de temporada em Osasco, mas sem ter que se preocupar com burocracia, o Anfitri\u00e3o Prime pode te ajudar. Somos um gestor de im\u00f3veis de temporada que oferece todos os servi\u00e7os de uma imobili\u00e1ria digital e muito mais.\u00a0 Venha conhecer o nosso portf\u00f3lio com mais de 1000 im\u00f3veis espalhados pelo Brasil.\u00a0 [&hellip;]<\/p>\n","protected":false},"author":1,"featured_media":4316,"parent":0,"menu_order":0,"comment_status":"closed","ping_status":"closed","template":"page-lp.php","meta":[],"yoast_head":"<!-- This site is optimized with the Yoast SEO plugin v21.1 - https:\/\/yoast.com\/wordpress\/plugins\/seo\/ -->\n<title>Como fazer aluguel de temporada em Osasco com o Anfitri\u00e3o Prime?<\/title>\n<meta name=\"description\" content=\"Quer trabalhar com aluguel de temporada em Osasco sem preocupa\u00e7\u00f5es? Com o Anfitri\u00e3o Prime voc\u00ea tem todo o suporte necess\u00e1rio para isso!\" \/>\n<meta name=\"robots\" content=\"index, follow, max-snippet:-1, max-image-preview:large, max-video-preview:-1\" \/>\n<link rel=\"canonical\" href=\"https:\/\/www.anfitriaoprime.com.br\/blog\/aluguel-de-temporada-em-osasco\/\" \/>\n<meta property=\"og:locale\" content=\"pt_BR\" \/>\n<meta property=\"og:type\" content=\"article\" \/>\n<meta property=\"og:title\" content=\"Como fazer aluguel de temporada em Osasco com o Anfitri\u00e3o Prime?\" \/>\n<meta property=\"og:description\" content=\"Quer trabalhar com aluguel de temporada em Osasco sem preocupa\u00e7\u00f5es? Com o Anfitri\u00e3o Prime voc\u00ea tem todo o suporte necess\u00e1rio para isso!\" \/>\n<meta property=\"og:url\" content=\"https:\/\/www.anfitriaoprime.com.br\/blog\/aluguel-de-temporada-em-osasco\/\" \/>\n<meta property=\"og:site_name\" content=\"Blog Anfitri\u00e3o Prime: Ganhe dinheiro com aluguel de temporada.\" \/>\n<meta property=\"og:image\" content=\"https:\/\/www.anfitriaoprime.com.br\/blog\/wp-content\/uploads\/2022\/05\/1920-10.jpeg\" \/>\n\t<meta property=\"og:image:width\" content=\"1920\" \/>\n\t<meta property=\"og:image:height\" content=\"550\" \/>\n\t<meta property=\"og:image:type\" content=\"image\/jpeg\" \/>\n<meta name=\"twitter:card\" content=\"summary_large_image\" \/>\n<meta name=\"twitter:label1\" content=\"Est. tempo de leitura\" \/>\n\t<meta name=\"twitter:data1\" content=\"8 minutos\" \/>\n<script type=\"application\/ld+json\" class=\"yoast-schema-graph\">{\"@context\":\"https:\/\/schema.org\",\"@graph\":[{\"@type\":\"WebPage\",\"@id\":\"https:\/\/www.anfitriaoprime.com.br\/blog\/aluguel-de-temporada-em-osasco\/\",\"url\":\"https:\/\/www.anfitriaoprime.com.br\/blog\/aluguel-de-temporada-em-osasco\/\",\"name\":\"Como fazer aluguel de temporada em Osasco com o Anfitri\u00e3o Prime?\",\"isPartOf\":{\"@id\":\"https:\/\/www.anfitriaoprime.com.br\/blog\/#website\"},\"datePublished\":\"2022-05-25T19:09:42+00:00\",\"dateModified\":\"2022-05-25T19:09:42+00:00\",\"description\":\"Quer trabalhar com aluguel de temporada em Osasco sem preocupa\u00e7\u00f5es? Com o Anfitri\u00e3o Prime voc\u00ea tem todo o suporte necess\u00e1rio para isso!\",\"breadcrumb\":{\"@id\":\"https:\/\/www.anfitriaoprime.com.br\/blog\/aluguel-de-temporada-em-osasco\/#breadcrumb\"},\"inLanguage\":\"pt-BR\",\"potentialAction\":[{\"@type\":\"ReadAction\",\"target\":[\"https:\/\/www.anfitriaoprime.com.br\/blog\/aluguel-de-temporada-em-osasco\/\"]}]},{\"@type\":\"BreadcrumbList\",\"@id\":\"https:\/\/www.anfitriaoprime.com.br\/blog\/aluguel-de-temporada-em-osasco\/#breadcrumb\",\"itemListElement\":[{\"@type\":\"ListItem\",\"position\":1,\"name\":\"In\u00edcio\",\"item\":\"https:\/\/www.anfitriaoprime.com.br\/blog\/\"},{\"@type\":\"ListItem\",\"position\":2,\"name\":\"Como fazer aluguel de temporada em Osasco com o Anfitri\u00e3o Prime?\"}]},{\"@type\":\"WebSite\",\"@id\":\"https:\/\/www.anfitriaoprime.com.br\/blog\/#website\",\"url\":\"https:\/\/www.anfitriaoprime.com.br\/blog\/\",\"name\":\"Blog Anfitri\u00e3o Prime - Gest\u00e3o de propriedade para aluguel de temporada\",\"description\":\"No blog do Anfitri\u00e3o Prime voc\u00ea encontra dicas e informa\u00e7\u00f5es sobre o mercado de aluguel de temporada escrito por anfitri\u00f5es profissionais\",\"potentialAction\":[{\"@type\":\"SearchAction\",\"target\":{\"@type\":\"EntryPoint\",\"urlTemplate\":\"https:\/\/www.anfitriaoprime.com.br\/blog\/?s={search_term_string}\"},\"query-input\":\"required name=search_term_string\"}],\"inLanguage\":\"pt-BR\"}]}<\/script>\n<!-- \/ Yoast SEO plugin. -->","yoast_head_json":{"title":"Como fazer aluguel de temporada em Osasco com o Anfitri\u00e3o Prime?","description":"Quer trabalhar com aluguel de temporada em Osasco sem preocupa\u00e7\u00f5es? Com o Anfitri\u00e3o Prime voc\u00ea tem todo o suporte necess\u00e1rio para isso!","robots":{"index":"index","follow":"follow","max-snippet":"max-snippet:-1","max-image-preview":"max-image-preview:large","max-video-preview":"max-video-preview:-1"},"canonical":"https:\/\/www.anfitriaoprime.com.br\/blog\/aluguel-de-temporada-em-osasco\/","og_locale":"pt_BR","og_type":"article","og_title":"Como fazer aluguel de temporada em Osasco com o Anfitri\u00e3o Prime?","og_description":"Quer trabalhar com aluguel de temporada em Osasco sem preocupa\u00e7\u00f5es? Com o Anfitri\u00e3o Prime voc\u00ea tem todo o suporte necess\u00e1rio para isso!","og_url":"https:\/\/www.anfitriaoprime.com.br\/blog\/aluguel-de-temporada-em-osasco\/","og_site_name":"Blog Anfitri\u00e3o Prime: Ganhe dinheiro com aluguel de temporada.","og_image":[{"width":1920,"height":550,"url":"https:\/\/www.anfitriaoprime.com.br\/blog\/wp-content\/uploads\/2022\/05\/1920-10.jpeg","type":"image\/jpeg"}],"twitter_card":"summary_large_image","twitter_misc":{"Est. tempo de leitura":"8 minutos"},"schema":{"@context":"https:\/\/schema.org","@graph":[{"@type":"WebPage","@id":"https:\/\/www.anfitriaoprime.com.br\/blog\/aluguel-de-temporada-em-osasco\/","url":"https:\/\/www.anfitriaoprime.com.br\/blog\/aluguel-de-temporada-em-osasco\/","name":"Como fazer aluguel de temporada em Osasco com o Anfitri\u00e3o Prime?","isPartOf":{"@id":"https:\/\/www.anfitriaoprime.com.br\/blog\/#website"},"datePublished":"2022-05-25T19:09:42+00:00","dateModified":"2022-05-25T19:09:42+00:00","description":"Quer trabalhar com aluguel de temporada em Osasco sem preocupa\u00e7\u00f5es? Com o Anfitri\u00e3o Prime voc\u00ea tem todo o suporte necess\u00e1rio para isso!","breadcrumb":{"@id":"https:\/\/www.anfitriaoprime.com.br\/blog\/aluguel-de-temporada-em-osasco\/#breadcrumb"},"inLanguage":"pt-BR","potentialAction":[{"@type":"ReadAction","target":["https:\/\/www.anfitriaoprime.com.br\/blog\/aluguel-de-temporada-em-osasco\/"]}]},{"@type":"BreadcrumbList","@id":"https:\/\/www.anfitriaoprime.com.br\/blog\/aluguel-de-temporada-em-osasco\/#breadcrumb","itemListElement":[{"@type":"ListItem","position":1,"name":"In\u00edcio","item":"https:\/\/www.anfitriaoprime.com.br\/blog\/"},{"@type":"ListItem","position":2,"name":"Como fazer aluguel de temporada em Osasco com o Anfitri\u00e3o Prime?"}]},{"@type":"WebSite","@id":"https:\/\/www.anfitriaoprime.com.br\/blog\/#website","url":"https:\/\/www.anfitriaoprime.com.br\/blog\/","name":"Blog Anfitri\u00e3o Prime - Gest\u00e3o de propriedade para aluguel de temporada","description":"No blog do Anfitri\u00e3o Prime voc\u00ea encontra dicas e informa\u00e7\u00f5es sobre o mercado de aluguel de temporada escrito por anfitri\u00f5es profissionais","potentialAction":[{"@type":"SearchAction","target":{"@type":"EntryPoint","urlTemplate":"https:\/\/www.anfitriaoprime.com.br\/blog\/?s={search_term_string}"},"query-input":"required name=search_term_string"}],"inLanguage":"pt-BR"}]}},"acf":{"imagem":{"ID":4316,"id":4316,"title":"Foto de dom\u00ednio p\u00fablico","filename":"1920-10.jpeg","filesize":976457,"url":"https:\/\/www.anfitriaoprime.com.br\/blog\/wp-content\/uploads\/2022\/05\/1920-10.jpeg","link":"https:\/\/www.anfitriaoprime.com.br\/blog\/aluguel-de-temporada-em-osasco\/1920-10-3\/","alt":"aluguel de temporada em Osasco","author":"1","description":"","caption":"Foto de dom\u00ednio p\u00fablico","name":"1920-10-3","status":"inherit","uploaded_to":4315,"date":"2022-05-25 18:58:42","modified":"2022-05-25 18:59:06","menu_order":0,"mime_type":"image\/jpeg","type":"image","subtype":"jpeg","icon":"https:\/\/www.anfitriaoprime.com.br\/blog\/wp-includes\/images\/media\/default.png","width":1920,"height":550,"sizes":{"thumbnail":"https:\/\/www.anfitriaoprime.com.br\/blog\/wp-content\/uploads\/2022\/05\/1920-10-150x150.jpeg","thumbnail-width":150,"thumbnail-height":150,"medium":"https:\/\/www.anfitriaoprime.com.br\/blog\/wp-content\/uploads\/2022\/05\/1920-10-300x86.jpeg","medium-width":300,"medium-height":86,"medium_large":"https:\/\/www.anfitriaoprime.com.br\/blog\/wp-content\/uploads\/2022\/05\/1920-10-768x220.jpeg","medium_large-width":648,"medium_large-height":186,"large":"https:\/\/www.anfitriaoprime.com.br\/blog\/wp-content\/uploads\/2022\/05\/1920-10-1024x293.jpeg","large-width":648,"large-height":185,"1536x1536":"https:\/\/www.anfitriaoprime.com.br\/blog\/wp-content\/uploads\/2022\/05\/1920-10-1536x440.jpeg","1536x1536-width":1536,"1536x1536-height":440,"2048x2048":"https:\/\/www.anfitriaoprime.com.br\/blog\/wp-content\/uploads\/2022\/05\/1920-10.jpeg","2048x2048-width":1920,"2048x2048-height":550,"sparkling-featured":"https:\/\/www.anfitriaoprime.com.br\/blog\/wp-content\/uploads\/2022\/05\/1920-10-750x410.jpeg","sparkling-featured-width":750,"sparkling-featured-height":410,"sparkling-featured-fullwidth":"https:\/\/www.anfitriaoprime.com.br\/blog\/wp-content\/uploads\/2022\/05\/1920-10.jpeg","sparkling-featured-fullwidth-width":1140,"sparkling-featured-fullwidth-height":327,"tab-small":"https:\/\/www.anfitriaoprime.com.br\/blog\/wp-content\/uploads\/2022\/05\/1920-10.jpeg","tab-small-width":60,"tab-small-height":17,"crp_thumbnail":"https:\/\/www.anfitriaoprime.com.br\/blog\/wp-content\/uploads\/2022\/05\/1920-10.jpeg","crp_thumbnail-width":150,"crp_thumbnail-height":43}},"titulo":"Como fazer aluguel de temporada em Osasco com o Anfitri\u00e3o Prime? ","subtitulo":"<p><span style=\"font-weight: 400;\">Se voc\u00ea quer fazer aluguel de temporada em Osasco, mas sem ter que se preocupar com burocracia, o Anfitri\u00e3o Prime pode te ajudar. Somos um gestor de im\u00f3veis de temporada que oferece todos os servi\u00e7os de uma imobili\u00e1ria digital e muito mais.\u00a0<\/span><\/p>\n<p><strong><a href=\"https:\/\/reservas.anfitriaoprime.com.br\/\">Venha conhecer o nosso portf\u00f3lio com mais de 1000 im\u00f3veis espalhados pelo Brasil.\u00a0<\/a><\/strong><\/p>\n","titulo_secao_1":"Como o Anfitri\u00e3o Prime pode te ajudar com a gest\u00e3o do seu aluguel de temporada em Osasco?","conteudo_secao_1":"<p><span style=\"font-weight: 400;\">O Anfitri\u00e3o Prime \u00e9 um gestor de im\u00f3veis que funciona de forma digital. Ao fazer o seu cadastro voc\u00ea ter\u00e1 acesso a todos os nossos servi\u00e7os, bem como uma equipe especializada \u00e0 sua disposi\u00e7\u00e3o.\u00a0<\/span><\/p>\n<p><span style=\"font-weight: 400;\">Ela te dar\u00e1 todo o suporte necess\u00e1rio e ir\u00e1 desenvolver o an\u00fancio do seu aluguel de temporada em Osasco. Al\u00e9m disso, fazemos a gest\u00e3o do an\u00fancio em mais de 30 sites de reserva, incluindo Airbnb, Booking e Trivago.\u00a0<\/span><span style=\"font-weight: 400;\">Nossos servi\u00e7os s\u00e3o totalmente personaliz\u00e1veis conforme as suas necessidades. E voc\u00ea ainda conta com um atendimento totalmente humanizado.\u00a0<\/span><\/p>\n<p><span style=\"font-weight: 400;\">Ent\u00e3o aproveite para preencher o formul\u00e1rio ao lado e venha fazer parte do Anfitri\u00e3o Prime. Leva menos de 15 minutos!\u00a0<\/span><\/p>\n","titulo_secao_2":"Conhe\u00e7a os nossos servi\u00e7os","imagem_secao_2":false,"conteudo_secao_2":"<p>Aliamos a experi\u00eancia de mais de 30 anos com turismo dos nossos profissionais \u00e0 tecnologia de ponta, garantindo maiores ganhos com o aluguel de temporada para propriet\u00e1rios e a melhor experi\u00eancia para os h\u00f3spedes. Confira os nossos servi\u00e7os:<\/p>\n<h3><b><img decoding=\"async\" class=\"emoji\" role=\"img\" draggable=\"false\" src=\"https:\/\/s.w.org\/images\/core\/emoji\/13.1.0\/svg\/1f4bb.svg\" alt=\"\ud83d\udcbb\" \/>\u00a0Anunciamos sua propriedade<\/b><\/h3>\n<p>Primeiramente, n\u00f3s criamos o an\u00fancio da sua propriedade e o publicamos em mais de 30 sites de reservas, como Airbnb, Booking, VRBO (Alugue Temporada) e TripAdvisor.\u00a0 Em seguida, ficamos respons\u00e1veis pela gest\u00e3o dele em cada uma das plataformas.<\/p>\n<h3><a href=\"https:\/\/www.anfitriaoprime.com.br\/blog\/foto-a-importancia-no-aluguel-de-temporada\/\"><b><img decoding=\"async\" loading=\"lazy\" class=\"emoji alignnone\" role=\"img\" draggable=\"false\" src=\"https:\/\/s.w.org\/images\/core\/emoji\/13.1.0\/svg\/1f4f7.svg\" alt=\"aluguel de temporada em Monte Verde\" width=\"150\" height=\"150\" \/>\u00a0Fotos profissionais<\/b><\/a><\/h3>\n<p>As fotos profissionais do seu im\u00f3vel garantem uma melhor primeira impress\u00e3o aos h\u00f3spedes, o que aumenta as possibilidades de reservas.<\/p>\n<h3><b><img decoding=\"async\" class=\"emoji\" role=\"img\" draggable=\"false\" src=\"https:\/\/s.w.org\/images\/core\/emoji\/13.1.0\/svg\/1f4ac.svg\" alt=\"\ud83d\udcac\" \/>\u00a0Comunica\u00e7\u00e3o com os h\u00f3spedes<\/b><\/h3>\n<p>Um dos grandes problemas ao gerenciar um im\u00f3vel de temporada \u00e9 estar dispon\u00edvel para responder os h\u00f3spedes nas plataformas de reservas. Contudo, com o Anfitri\u00e3o Prime voc\u00ea n\u00e3o ter\u00e1 que se preocupar com isso, pois n\u00f3s temos uma equipe que est\u00e1 24\/7 dispon\u00edvel para atend\u00ea-los.<\/p>\n<h3><b><img decoding=\"async\" loading=\"lazy\" class=\"emoji alignnone\" role=\"img\" draggable=\"false\" src=\"https:\/\/s.w.org\/images\/core\/emoji\/13.1.0\/svg\/1f4c8.svg\" alt=\"aluguel de temporada em Monte Verde\" width=\"150\" height=\"150\" \/>\u00a0<a href=\"https:\/\/www.anfitriaoprime.com.br\/blog\/valor-da-diaria-no-aluguel-de-temporada\/\">Defini\u00e7\u00e3o dos melhores pre\u00e7os de di\u00e1rias<\/a><\/b><\/h3>\n<p>Contamos com uma tecnologia de ponta que faz a precifica\u00e7\u00e3o inteligente do seu im\u00f3vel, pensando a longo prazo. Em outras palavras, ela leva em conta as varia\u00e7\u00f5es de pre\u00e7o que ocorrem durante o ano, como feriados, alta e baixa temporada. Al\u00e9m de outras situa\u00e7\u00f5es que podem fazer com que o valor da di\u00e1ria do seu im\u00f3vel varie.<\/p>\n<h3><strong><img decoding=\"async\" class=\"emoji\" role=\"img\" draggable=\"false\" src=\"https:\/\/s.w.org\/images\/core\/emoji\/13.1.0\/svg\/1f5d3.svg\" alt=\"\ud83d\uddd3\ufe0f\" \/>\u00a0Gest\u00e3o do calend\u00e1rio\u00a0<\/strong><\/h3>\n<p>N\u00f3s tamb\u00e9m contamos com uma ferramenta que faz a gest\u00e3o unificada do seu calend\u00e1rio para evitar o overbooking. Al\u00e9m disso, voc\u00ea tamb\u00e9m pode continuar utilizando o seu im\u00f3vel quando desejar, basta apenas nos informar com anteced\u00eancia para que possamos fazer o bloqueio do calend\u00e1rio para os h\u00f3spedes.<\/p>\n<h3><b><img decoding=\"async\" class=\"emoji\" role=\"img\" draggable=\"false\" src=\"https:\/\/s.w.org\/images\/core\/emoji\/13.1.0\/svg\/2714.svg\" alt=\"\u2714\" \/>\u00a0Concierge, Limpeza e Manuten\u00e7\u00e3o\u00a0<\/b><\/h3>\n<p>Finalmente, para que voc\u00ea possa investir em aluguel de temporada tranquilamente, oferecemos servi\u00e7os complementares como de\u00a0<b>concierge<\/b>\u00a0do seu im\u00f3vel. Al\u00e9m de servi\u00e7os para\u00a0<strong>limpeza, manuten\u00e7\u00e3o<\/strong>\u00a0e outras coisas necess\u00e1rias para garantir uma experi\u00eancia perfeita aos h\u00f3spedes.<\/p>\n","titulo_secao_3":"Por que anunciar seu im\u00f3vel com a gente?","conteudo_secao_3":"<p>Ent\u00e3o, se comparamos os servi\u00e7os do Anfitri\u00e3o Prime com os servi\u00e7os oferecidos por outros sites de reservas, voc\u00ea ter\u00e1 as seguintes vantagens:<\/p>\n","titulo_secao_6":"Sobre Osasco\u00a0","conteudo_secao_6":"<figure id=\"attachment_4318\" class=\"thumbnail wp-caption alignnone\" style=\"width: 760px\"><img decoding=\"async\" loading=\"lazy\" class=\"wp-image-4318 size-full\" src=\"https:\/\/www.anfitriaoprime.com.br\/blog\/wp-content\/uploads\/2022\/05\/Dimensoes-personalizadas-750x410-px-9-1.jpeg\" alt=\"aluguel de temporada em Osasco\" width=\"750\" height=\"410\" srcset=\"https:\/\/www.anfitriaoprime.com.br\/blog\/wp-content\/uploads\/2022\/05\/Dimensoes-personalizadas-750x410-px-9-1.jpeg 750w, https:\/\/www.anfitriaoprime.com.br\/blog\/wp-content\/uploads\/2022\/05\/Dimensoes-personalizadas-750x410-px-9-1-300x164.jpeg 300w\" sizes=\"(max-width: 750px) 100vw, 750px\" \/><figcaption class=\"caption wp-caption-text\">Foto de dom\u00ednio p\u00fablico<\/figcaption><\/figure>\n<p><span style=\"font-weight: 400;\"><strong>Osasco<\/strong> \u00e9 uma cidade super tradicional do estado de S\u00e3o Paulo e recebeu esse nome por conta de uma esta\u00e7\u00e3o ferrovi\u00e1ria. O destino possui diversas atra\u00e7\u00f5es para todos os tipos de visitantes.\u00a0<\/span><span style=\"font-weight: 400;\">Desde quem deseja explorar mais a hist\u00f3ria local, at\u00e9 os amantes de arte.\u00a0<\/span><\/p>\n<p>E se <span style=\"font-weight: 400;\">voc\u00ea deseja atrair mais h\u00f3spedes interessados no seu aluguel de temporada em Osasco, \u00e9 preciso conhecer mais sobre as op\u00e7\u00f5es de roteiro na regi\u00e3o. Por isso, separamos algumas dicas para voc\u00ea recomendar aos visitantes, confira:\u00a0<\/span><\/p>\n<p>&nbsp;<\/p>\n<h4><strong>Ponte Met\u00e1lica<\/strong><\/h4>\n<p><span style=\"font-weight: 400;\">Primeiramente, \u00e9 claro que sugerimos um passeio para conhecer o principal cart\u00e3o postal da regi\u00e3o. A <strong>Ponte Met\u00e1lica<\/strong> foi inaugurada em 1992 e demorou dois anos para ser constru\u00edda.\u00a0<\/span><span style=\"font-weight: 400;\">Al\u00e9m de ser uma obra impressionante de engenharia, ela tamb\u00e9m \u00e9 uma homenagem a Reinaldo de Oliveira, um dos dentistas mais antigos de Osasco.<\/span><\/p>\n<h3><\/h3>\n<h4><strong>Cal\u00e7ad\u00e3o de Osasco\u00a0<\/strong><\/h4>\n<p><span style=\"font-weight: 400;\">Mais uma das dicas para recomendar aos turistas \u00e9 o Cal\u00e7ad\u00e3o de Osasco. O local \u00e9 considerado o segundo maior polo comercial da Am\u00e9rica Latina, perdendo apenas para a famosa 25 de mar\u00e7o. <\/span><span style=\"font-weight: 400;\">No local os visitantes poder\u00e3o encontrar praticamente de tudo, desde lembrancinhas da viagem, at\u00e9 eletr\u00f4nicos.\u00a0<\/span><\/p>\n<h3><\/h3>\n<h4><strong>Jardim das Flores<\/strong><\/h4>\n<p><span style=\"font-weight: 400;\">Outro ponto tur\u00edstico que sempre vale a pena recomendar para os visitantes \u00e9 o Jardim das Flores, que \u00e9 um dos apelidos do Parque Ecol\u00f3gico Dion\u00edsio Alvarez Mateos. O local tem 700 mil hectares de \u00e1rea e oferece diversas op\u00e7\u00f5es de atividades para todas as idades.\u00a0<\/span><span style=\"font-weight: 400;\">\u00c9 uma \u00f3tima alternativa para quem est\u00e1 passeando em fam\u00edlia.\u00a0<\/span><\/p>\n<h2><\/h2>\n<h3><strong>Onde comer em Osasco\u00a0<\/strong><\/h3>\n<p><span style=\"font-weight: 400;\">Com toda a certeza quem est\u00e1 em busca por aluguel de temporada em Osasco vai querer conhecer mais sobre as op\u00e7\u00f5es gastron\u00f4micas da regi\u00e3o. Por isso, separamos algumas dicas para voc\u00ea recomendar aos visitantes.\u00a0<\/span><\/p>\n<h3><\/h3>\n<h4><strong>Espeto do Romeu<\/strong><\/h4>\n<p><span style=\"font-weight: 400;\">Para quem gosta de uma boa comidinha brasileira popular, o <strong>Espeto do Romeu<\/strong> \u00e9 o melhor lugar. Nele os visitantes poder\u00e3o provar uma grande variedade de espetinhos.\u00a0<\/span><span style=\"font-weight: 400;\">Al\u00e9m disso, o local ainda conta com op\u00e7\u00f5es de lanches em mini baguetes. Logo, \u00e9 uma \u00f3tima alternativa para uma refei\u00e7\u00e3o mais r\u00e1pida e descontra\u00edda.\u00a0<\/span><\/p>\n<h3><\/h3>\n<h4><strong>Ibis Kitchen Osasco<\/strong><\/h4>\n<p><span style=\"font-weight: 400;\">Considerado um dos melhores restaurantes da regi\u00e3o, o <strong>Ibis Kitchen Osasco<\/strong> \u00e9 outra excelente alternativa para recomendar aos visitantes. O local conta com um amplo buffet com op\u00e7\u00f5es de pratos para todos os gostos. Al\u00e9m disso,\u00a0 e<\/span><span style=\"font-weight: 400;\">le tamb\u00e9m oferece op\u00e7\u00f5es de caf\u00e9 da manh\u00e3 e jantar. Ou seja, d\u00e1 pra ir comer no local a qualquer hora do dia.\u00a0<\/span><\/p>\n<h3><\/h3>\n<h4><strong>Saladenha<\/strong><\/h4>\n<p><span style=\"font-weight: 400;\">Para quem tem um estilo de vida mais saud\u00e1vel e n\u00e3o quer sair da rotina mesmo viajando, o <strong>Saladenha<\/strong> \u00e9 uma \u00f3tima indica\u00e7\u00e3o. O card\u00e1pio, que \u00e9 assinado pelo chef Edu Guedes, traz uma grande variedade de pratos super saud\u00e1veis.\u00a0<\/span><span style=\"font-weight: 400;\">S\u00e3o v\u00e1rias alternativas de saladas, sanduiches, wraps, sopas e muito mais para os visitantes escolherem.\u00a0<\/span><\/p>\n<p><span style=\"font-weight: 400;\">Ent\u00e3o, que tal aproveitar essas dicas para atrair mais h\u00f3spedes interessados nos seus im\u00f3veis para aluguel de temporada em Osasco? Fa\u00e7a o seu cadastro preenchendo o formul\u00e1rio ao lado e venha para o Anfitri\u00e3o Prime. <strong><a href=\"https:\/\/reservas.anfitriaoprime.com.br\/\">Venha conhecer o nosso portf\u00f3lio com mais de 1000 im\u00f3veis espalhados pelo Brasil.\u00a0<\/a><\/strong><\/span><\/p>\n"},"_links":{"self":[{"href":"https:\/\/www.anfitriaoprime.com.br\/blog\/wp-json\/wp\/v2\/pages\/4315"}],"collection":[{"href":"https:\/\/www.anfitriaoprime.com.br\/blog\/wp-json\/wp\/v2\/pages"}],"about":[{"href":"https:\/\/www.anfitriaoprime.com.br\/blog\/wp-json\/wp\/v2\/types\/page"}],"author":[{"embeddable":true,"href":"https:\/\/www.anfitriaoprime.com.br\/blog\/wp-json\/wp\/v2\/users\/1"}],"replies":[{"embeddable":true,"href":"https:\/\/www.anfitriaoprime.com.br\/blog\/wp-json\/wp\/v2\/comments?post=4315"}],"version-history":[{"count":5,"href":"https:\/\/www.anfitriaoprime.com.br\/blog\/wp-json\/wp\/v2\/pages\/4315\/revisions"}],"predecessor-version":[{"id":4322,"href":"https:\/\/www.anfitriaoprime.com.br\/blog\/wp-json\/wp\/v2\/pages\/4315\/revisions\/4322"}],"wp:featuredmedia":[{"embeddable":true,"href":"https:\/\/www.anfitriaoprime.com.br\/blog\/wp-json\/wp\/v2\/media\/4316"}],"wp:attachment":[{"href":"https:\/\/www.anfitriaoprime.com.br\/blog\/wp-json\/wp\/v2\/media?parent=4315"}],"curies":[{"name":"wp","href":"https:\/\/api.w.org\/{rel}","templated":true}]}}