{"id":4512,"date":"2022-06-03T17:28:51","date_gmt":"2022-06-03T20:28:51","guid":{"rendered":"https:\/\/www.anfitriaoprime.com.br\/blog\/?page_id=4512"},"modified":"2024-08-13T15:03:02","modified_gmt":"2024-08-13T18:03:02","slug":"imoveis-em-feira-de-santana","status":"publish","type":"page","link":"https:\/\/www.anfitriaoprime.com.br\/blog\/imoveis-em-feira-de-santana\/","title":{"rendered":"Im\u00f3veis em Feira de Santana? Invista em aluguel de temporada com o Anfitri\u00e3o Prime!"},"content":{"rendered":"<p><span style=\"font-weight: 400;\">Aqui no Anfitri\u00e3o Prime voc\u00ea pode alugar um ou mais im\u00f3veis em <\/span><b>Feira de Santana<\/b><span style=\"font-weight: 400;\"> com mais tranquilidade e sem dores de cabe\u00e7a. Somos uma startup\u00a0 especializada em aluguel de temporada que ajuda propriet\u00e1rios em todas as etapas da loca\u00e7\u00e3o, desde a cria\u00e7\u00e3o de an\u00fancios at\u00e9 o check-out dos h\u00f3spedes.\u00a0<\/span><\/p>\n<p><strong><a href=\"https:\/\/reservas.anfitriaoprime.com.br\/\">Aproveite para conferir o nosso portf\u00f3lio com mais de 1.000 im\u00f3veis a disposi\u00e7\u00e3o em todo o Brasil.<\/a><\/strong><\/p>\n<h2>Como podemos te ajudar com a gest\u00e3o de im\u00f3veis em Feira de Santana<\/h2>\n<p><span style=\"font-weight: 400;\">O <strong>Anfitri\u00e3o Prime<\/strong> \u00e9 mais do que uma imobili\u00e1ria digital ou um site de reservas comum. Somos um gestor de aluguel de temporada em Feira de Santana e em todo o Brasil.\u00a0\u00a0<\/span><\/p>\n<p><span style=\"font-weight: 400;\">Oferecemos servi\u00e7os personalizados e humanizados para quem deseja alugar <\/span>im\u00f3veis em <b>Feira de Santana<\/b><span style=\"font-weight: 400;\"> sem dores de cabe\u00e7a. Ao se cadastrar, voc\u00ea ter\u00e1 uma equipe \u00e0 sua disposi\u00e7\u00e3o que ir\u00e1 criar an\u00fancios de loca\u00e7\u00e3o bem como gerenci\u00e1-los em mais de 30 sites de reserva.<\/span><\/p>\n<p><span style=\"font-weight: 400;\">Al\u00e9m disso, voc\u00ea tamb\u00e9m poder\u00e1 contratar os nossos servi\u00e7os de gest\u00e3o de manuten\u00e7\u00e3o, limpeza e lavanderia. Assim, as suas acomoda\u00e7\u00f5es estar\u00e3o sempre prontas para receber os h\u00f3spedes.<\/span><\/p>\n<p><span style=\"font-weight: 400;\">Ent\u00e3o n\u00e3o deixe de fazer o seu cadastro. Basta preencher o formul\u00e1rio ao lado e seguir os pr\u00f3ximos passos. Leva menos de 15 minutos e pode te garantir at\u00e9 100% a mais de ganhos.\u00a0<\/span><\/p>\n<h2>Conhe\u00e7a os nossos servi\u00e7os<\/h2>\n<p>Aliamos a experi\u00eancia de mais de 30 anos com turismo dos nossos profissionais \u00e0 tecnologia de ponta, garantindo maiores ganhos com o aluguel de temporada para propriet\u00e1rios e a melhor experi\u00eancia para os h\u00f3spedes. Confira os nossos servi\u00e7os:<\/p>\n<h3><b><img decoding=\"async\" loading=\"lazy\" class=\"emoji alignnone\" role=\"img\" draggable=\"false\" src=\"https:\/\/s.w.org\/images\/core\/emoji\/13.1.0\/svg\/1f4bb.svg\" alt=\"im\u00f3veis em Feira de Santana\" width=\"150\" height=\"150\" \/>\u00a0Anunciamos sua propriedade<\/b><\/h3>\n<p>Primeiramente, n\u00f3s criamos o an\u00fancio da sua propriedade e o publicamos em mais de 30 sites de reservas, como Airbnb, Booking, VRBO (Alugue Temporada) e TripAdvisor.\u00a0 Em seguida, ficamos respons\u00e1veis pela gest\u00e3o dele em cada uma das plataformas.<\/p>\n<h3><a href=\"https:\/\/www.anfitriaoprime.com.br\/blog\/foto-a-importancia-no-aluguel-de-temporada\/\"><b><img decoding=\"async\" loading=\"lazy\" class=\"emoji alignnone\" role=\"img\" draggable=\"false\" src=\"https:\/\/s.w.org\/images\/core\/emoji\/13.1.0\/svg\/1f4f7.svg\" alt=\"aluguel de temporada em Feira de Santana\" width=\"150\" height=\"150\" \/>\u00a0Fotos profissionais<\/b><\/a><\/h3>\n<p>As fotos profissionais do seu im\u00f3vel garantem uma melhor primeira impress\u00e3o aos h\u00f3spedes, o que aumenta as possibilidades de reservas.<\/p>\n<h3><b><img decoding=\"async\" loading=\"lazy\" class=\"emoji alignnone\" role=\"img\" draggable=\"false\" src=\"https:\/\/s.w.org\/images\/core\/emoji\/13.1.0\/svg\/1f4ac.svg\" alt=\"im\u00f3veis em Feira de Santana\" width=\"150\" height=\"150\" \/>\u00a0Comunica\u00e7\u00e3o com os h\u00f3spedes<\/b><\/h3>\n<p>Um dos grandes problemas ao gerenciar um im\u00f3vel de temporada \u00e9 estar dispon\u00edvel para responder os h\u00f3spedes nas plataformas de reservas. Contudo, com o Anfitri\u00e3o Prime voc\u00ea n\u00e3o ter\u00e1 que se preocupar com isso, pois n\u00f3s temos uma equipe que est\u00e1 24\/7 dispon\u00edvel para atend\u00ea-los.<\/p>\n<h3><b><img decoding=\"async\" loading=\"lazy\" class=\"emoji alignnone\" role=\"img\" draggable=\"false\" src=\"https:\/\/s.w.org\/images\/core\/emoji\/13.1.0\/svg\/1f4c8.svg\" alt=\"Feira de Santana \u00e9 excelente para a loca\u00e7\u00e3o por temporada\" width=\"150\" height=\"150\" \/>\u00a0<a href=\"https:\/\/www.anfitriaoprime.com.br\/blog\/valor-da-diaria-no-aluguel-de-temporada\/\">Defini\u00e7\u00e3o dos melhores pre\u00e7os de di\u00e1rias<\/a><\/b><\/h3>\n<p>Contamos com uma tecnologia de ponta que faz a precifica\u00e7\u00e3o inteligente do seu im\u00f3vel, pensando a longo prazo. Em outras palavras, ela leva em conta as varia\u00e7\u00f5es de pre\u00e7o que ocorrem durante o ano, como feriados, alta e baixa temporada. Al\u00e9m de outras situa\u00e7\u00f5es que podem fazer com que o valor da di\u00e1ria do seu im\u00f3vel varie.<\/p>\n<h3><strong><img decoding=\"async\" loading=\"lazy\" class=\"emoji alignnone\" role=\"img\" draggable=\"false\" src=\"https:\/\/s.w.org\/images\/core\/emoji\/13.1.0\/svg\/1f5d3.svg\" alt=\"gerenciamos o calend\u00e1rio de reservas para os nossos clientes\" width=\"150\" height=\"150\" \/>\u00a0Gest\u00e3o do calend\u00e1rio\u00a0<\/strong><\/h3>\n<p>N\u00f3s tamb\u00e9m contamos com uma ferramenta que faz a gest\u00e3o unificada do seu calend\u00e1rio para evitar o overbooking. Al\u00e9m disso, voc\u00ea tamb\u00e9m pode continuar utilizando o seu im\u00f3vel quando desejar, basta apenas nos informar com anteced\u00eancia para que possamos fazer o bloqueio do calend\u00e1rio para os h\u00f3spedes.<\/p>\n<h3><b><img decoding=\"async\" loading=\"lazy\" class=\"emoji alignnone\" role=\"img\" draggable=\"false\" src=\"https:\/\/s.w.org\/images\/core\/emoji\/13.1.0\/svg\/2714.svg\" alt=\"im\u00f3veis em Feira de Santana\" width=\"150\" height=\"150\" \/>\u00a0Concierge, Limpeza e Manuten\u00e7\u00e3o\u00a0<\/b><\/h3>\n<p>Finalmente, para que voc\u00ea possa investir em aluguel de temporada tranquilamente, oferecemos servi\u00e7os complementares como de\u00a0<b>concierge<\/b>\u00a0do seu im\u00f3vel. Al\u00e9m de servi\u00e7os para\u00a0<strong>limpeza, manuten\u00e7\u00e3o<\/strong>\u00a0e outras coisas necess\u00e1rias para garantir uma experi\u00eancia perfeita aos h\u00f3spedes.<\/p>\n<h2>Por que anunciar seu im\u00f3vel com a gente?<\/h2>\n<p>Ent\u00e3o, se comparamos os servi\u00e7os do Anfitri\u00e3o Prime com os servi\u00e7os oferecidos por outros sites de reservas, voc\u00ea ter\u00e1 as seguintes vantagens:<\/p>\n<figure id=\"attachment_4515\" class=\"thumbnail wp-caption alignnone\" style=\"width: 310px\"><img decoding=\"async\" loading=\"lazy\" class=\"wp-image-4515 size-medium\" src=\"https:\/\/www.anfitriaoprime.com.br\/blog\/wp-content\/uploads\/2022\/06\/Dimensoes-personalizadas-750x410-px-45-300x164.jpeg\" alt=\"im\u00f3veis em Feira de Santana\" width=\"300\" height=\"164\" srcset=\"https:\/\/www.anfitriaoprime.com.br\/blog\/wp-content\/uploads\/2022\/06\/Dimensoes-personalizadas-750x410-px-45-300x164.jpeg 300w, https:\/\/www.anfitriaoprime.com.br\/blog\/wp-content\/uploads\/2022\/06\/Dimensoes-personalizadas-750x410-px-45.jpeg 750w\" sizes=\"(max-width: 300px) 100vw, 300px\" \/><figcaption class=\"caption wp-caption-text\">Entrada do Observat\u00f3rio Antares, em Feira de Santana (2011) | Foto: Andrevruas<\/figcaption><\/figure>\n<p>&nbsp;<\/p>\n<h3><strong>Sobre Feira de Santana\u00a0<\/strong><\/h3>\n<p><span style=\"font-weight: 400;\">Localizada no interior do estado da Bahia, Feira de Santana \u00e9 uma cidade super tradicional, que abriga uma vasta cultura. Ela \u00e9 a segunda cidade mais populosa da Bahia e \u00e9 mundialmente famosa pelos seus eventos, principalmente o <strong>Carnaval Fora de \u00c9poca<\/strong>.\u00a0<\/span><\/p>\n<p>Ent\u00e3o, se <span style=\"font-weight: 400;\">voc\u00ea quer atrair mais h\u00f3spedes para <\/span>im\u00f3veis em<b> Feira de Santana<\/b><span style=\"font-weight: 400;\">, \u00e9 essencial conhecer os principais pontos tur\u00edsticos da regi\u00e3o para recomendar para os visitantes. Por isso, separamos algumas dicas. Confira!\u00a0<\/span><\/p>\n<h3><\/h3>\n<h4><strong>Igreja Senhor dos Passos<\/strong><\/h4>\n<p><span style=\"font-weight: 400;\">Mesmo os visitantes que n\u00e3o s\u00e3o religiosos precisam dar um pulo na Igreja Senhor dos Passos. O edif\u00edcio atual foi constru\u00eddo em 1936, mas antes j\u00e1 havia uma capela que for erguida em 1852.\u00a0<\/span><span style=\"font-weight: 400;\">A arquitetura da igreja \u00e9 muito impactante e ela \u00e9 um elemento fundamental da hist\u00f3ria da cidade.\u00a0<\/span><\/p>\n<h3><\/h3>\n<h4><strong>Museu Regional de Arte<\/strong><\/h4>\n<p><span style=\"font-weight: 400;\">Outra excelente alternativa para os visitantes que gostam de conhecer mais sobre a hist\u00f3ria dos locais para onde viajam \u00e9 Museu Regional de Arte.\u00a0<\/span><span style=\"font-weight: 400;\">Esse foi o primeiro museu a ser instalado na cidade, no ano de 1967. O local possui um acervo de tirar o f\u00f4lego, que traz obras de artistas nacionais e internacionais.\u00a0<\/span><\/p>\n<h3><\/h3>\n<h4><strong>Mercado Municipal<\/strong><\/h4>\n<p><span style=\"font-weight: 400;\">Mais um dos pontos tur\u00edsticos que com toda a certeza os visitantes precisam conferir \u00e9 o famoso Mercado Municipal de Feira de Santana. O local n\u00e3o \u00e9 apenas um centro de com\u00e9rcio, mas, tamb\u00e9m um espa\u00e7o de propaga\u00e7\u00e3o cultural.\u00a0<\/span><span style=\"font-weight: 400;\">Os turistas poder\u00e3o encontrar uma grande variedade de lojas com todos os tipos de artesanatos locais. Al\u00e9m disso, ele tamb\u00e9m recebe v\u00e1rias apresenta\u00e7\u00f5es de artistas locais.\u00a0<\/span><\/p>\n<h3><\/h3>\n<h4><strong>Observat\u00f3rio Astron\u00f4mico Antares<\/strong><\/h4>\n<p><span style=\"font-weight: 400;\">Essa \u00e9 uma op\u00e7\u00e3o diferente para os visitantes que est\u00e3o viajando com a crian\u00e7ada. No Observat\u00f3rio Astron\u00f4mico Antares \u00e9 poss\u00edvel fazer observa\u00e7\u00f5es espaciais e ainda conferir uma extensa programa\u00e7\u00e3o educativa.\u00a0<\/span><\/p>\n<p>&nbsp;<\/p>\n<h3><strong>Onde comer em Feira de Santana\u00a0<\/strong><\/h3>\n<p><span style=\"font-weight: 400;\">Com toda a certeza os h\u00f3spedes interessados em <\/span>im\u00f3veis em<b> Feira de Santana<\/b><span style=\"font-weight: 400;\"> v\u00e3o querer conhecer mais da gastronomia da regi\u00e3o. Por isso n\u00f3s separamos algumas dicas. Confira!<\/span><\/p>\n<p>&nbsp;<\/p>\n<h4><strong>Restaurante Ki Mukeka<\/strong><\/h4>\n<p><span style=\"font-weight: 400;\">A primeira recomenda\u00e7\u00e3o \u00e9 o Restaurante Ki Mukeka. Apesar do ambiente ser mais simples, o local serve simplesmente uma das melhores moquecas da regi\u00e3o.\u00a0<\/span><span style=\"font-weight: 400;\">A moqueca de camar\u00e3o \u00e9 um dos carros chefes, mas os visitantes tamb\u00e9m poder\u00e3o encontrar uma grande variedade de pratos com peixes.<\/span><\/p>\n<h3><\/h3>\n<h4><strong>Restaurante Para\u00edso da Carne do Sol<\/strong><\/h4>\n<p><span style=\"font-weight: 400;\">O Restaurante Para\u00edso da Carne do Sol \u00e9 outro local super tradicional da regi\u00e3o que faz sucesso tanto entre os moradores como entre os turistas. Ele<\/span><span style=\"font-weight: 400;\">\u00a0tamb\u00e9m \u00e9 bem simples, mas serve pratos que podem ser compartilhados pelos visitantes e com o gostinho da comida nordestina.\u00a0<\/span><\/p>\n<p><span style=\"font-weight: 400;\">Aproveite essas dicas para atrair mais h\u00f3spedes interessados em <\/span>im\u00f3veis em<b> Feira de Santana<\/b><span style=\"font-weight: 400;\">. Fa\u00e7a o seu cadastro preenchendo o formul\u00e1rio ao lado e venha fazer parte do Anfitri\u00e3o Prime. <\/span><\/p>\n","protected":false},"excerpt":{"rendered":"<p>Aqui no Anfitri\u00e3o Prime voc\u00ea pode alugar um ou mais im\u00f3veis em Feira de Santana com mais tranquilidade e sem dores de cabe\u00e7a. Somos uma startup\u00a0 especializada em aluguel de temporada que ajuda propriet\u00e1rios em todas as etapas da loca\u00e7\u00e3o, desde a cria\u00e7\u00e3o de an\u00fancios at\u00e9 o check-out dos h\u00f3spedes.\u00a0 Aproveite para conferir o nosso [&hellip;]<\/p>\n","protected":false},"author":1,"featured_media":4513,"parent":0,"menu_order":0,"comment_status":"closed","ping_status":"closed","template":"","meta":[],"yoast_head":"<!-- This site is optimized with the Yoast SEO plugin v21.1 - https:\/\/yoast.com\/wordpress\/plugins\/seo\/ -->\n<title>Im\u00f3veis em Feira de Santana? Invista em aluguel de temporada!<\/title>\n<meta name=\"description\" content=\"Com o Anfitri\u00e3o Prime voc\u00ea tem tudo o que precisa para anunciar por temporada um ou mais im\u00f3veis em Feira de Santana. Saiba mais!\" \/>\n<meta name=\"robots\" content=\"index, follow, max-snippet:-1, max-image-preview:large, max-video-preview:-1\" \/>\n<link rel=\"canonical\" href=\"https:\/\/www.anfitriaoprime.com.br\/blog\/imoveis-em-feira-de-santana\/\" \/>\n<meta property=\"og:locale\" content=\"pt_BR\" \/>\n<meta property=\"og:type\" content=\"article\" \/>\n<meta property=\"og:title\" content=\"Im\u00f3veis em Feira de Santana? Invista em aluguel de temporada!\" \/>\n<meta property=\"og:description\" content=\"Com o Anfitri\u00e3o Prime voc\u00ea tem tudo o que precisa para anunciar por temporada um ou mais im\u00f3veis em Feira de Santana. Saiba mais!\" \/>\n<meta property=\"og:url\" content=\"https:\/\/www.anfitriaoprime.com.br\/blog\/imoveis-em-feira-de-santana\/\" \/>\n<meta property=\"og:site_name\" content=\"Blog Anfitri\u00e3o Prime: Ganhe dinheiro com aluguel de temporada.\" \/>\n<meta property=\"article:modified_time\" content=\"2024-08-13T18:03:02+00:00\" \/>\n<meta property=\"og:image\" content=\"https:\/\/www.anfitriaoprime.com.br\/blog\/wp-content\/uploads\/2022\/06\/1920-36.jpeg\" \/>\n\t<meta property=\"og:image:width\" content=\"1920\" \/>\n\t<meta property=\"og:image:height\" content=\"550\" \/>\n\t<meta property=\"og:image:type\" content=\"image\/jpeg\" \/>\n<meta name=\"twitter:card\" content=\"summary_large_image\" \/>\n<meta name=\"twitter:label1\" content=\"Est. tempo de leitura\" \/>\n\t<meta name=\"twitter:data1\" content=\"8 minutos\" \/>\n<script type=\"application\/ld+json\" class=\"yoast-schema-graph\">{\"@context\":\"https:\/\/schema.org\",\"@graph\":[{\"@type\":\"WebPage\",\"@id\":\"https:\/\/www.anfitriaoprime.com.br\/blog\/imoveis-em-feira-de-santana\/\",\"url\":\"https:\/\/www.anfitriaoprime.com.br\/blog\/imoveis-em-feira-de-santana\/\",\"name\":\"Im\u00f3veis em Feira de Santana? Invista em aluguel de temporada!\",\"isPartOf\":{\"@id\":\"https:\/\/www.anfitriaoprime.com.br\/blog\/#website\"},\"datePublished\":\"2022-06-03T20:28:51+00:00\",\"dateModified\":\"2024-08-13T18:03:02+00:00\",\"description\":\"Com o Anfitri\u00e3o Prime voc\u00ea tem tudo o que precisa para anunciar por temporada um ou mais im\u00f3veis em Feira de Santana. Saiba mais!\",\"breadcrumb\":{\"@id\":\"https:\/\/www.anfitriaoprime.com.br\/blog\/imoveis-em-feira-de-santana\/#breadcrumb\"},\"inLanguage\":\"pt-BR\",\"potentialAction\":[{\"@type\":\"ReadAction\",\"target\":[\"https:\/\/www.anfitriaoprime.com.br\/blog\/imoveis-em-feira-de-santana\/\"]}]},{\"@type\":\"BreadcrumbList\",\"@id\":\"https:\/\/www.anfitriaoprime.com.br\/blog\/imoveis-em-feira-de-santana\/#breadcrumb\",\"itemListElement\":[{\"@type\":\"ListItem\",\"position\":1,\"name\":\"In\u00edcio\",\"item\":\"https:\/\/www.anfitriaoprime.com.br\/blog\/\"},{\"@type\":\"ListItem\",\"position\":2,\"name\":\"Im\u00f3veis em Feira de Santana? Invista em aluguel de temporada com o Anfitri\u00e3o Prime!\"}]},{\"@type\":\"WebSite\",\"@id\":\"https:\/\/www.anfitriaoprime.com.br\/blog\/#website\",\"url\":\"https:\/\/www.anfitriaoprime.com.br\/blog\/\",\"name\":\"Blog Anfitri\u00e3o Prime - Gest\u00e3o de propriedade para aluguel de temporada\",\"description\":\"No blog do Anfitri\u00e3o Prime voc\u00ea encontra dicas e informa\u00e7\u00f5es sobre o mercado de aluguel de temporada escrito por anfitri\u00f5es profissionais\",\"potentialAction\":[{\"@type\":\"SearchAction\",\"target\":{\"@type\":\"EntryPoint\",\"urlTemplate\":\"https:\/\/www.anfitriaoprime.com.br\/blog\/?s={search_term_string}\"},\"query-input\":\"required name=search_term_string\"}],\"inLanguage\":\"pt-BR\"}]}<\/script>\n<!-- \/ Yoast SEO plugin. -->","yoast_head_json":{"title":"Im\u00f3veis em Feira de Santana? Invista em aluguel de temporada!","description":"Com o Anfitri\u00e3o Prime voc\u00ea tem tudo o que precisa para anunciar por temporada um ou mais im\u00f3veis em Feira de Santana. Saiba mais!","robots":{"index":"index","follow":"follow","max-snippet":"max-snippet:-1","max-image-preview":"max-image-preview:large","max-video-preview":"max-video-preview:-1"},"canonical":"https:\/\/www.anfitriaoprime.com.br\/blog\/imoveis-em-feira-de-santana\/","og_locale":"pt_BR","og_type":"article","og_title":"Im\u00f3veis em Feira de Santana? Invista em aluguel de temporada!","og_description":"Com o Anfitri\u00e3o Prime voc\u00ea tem tudo o que precisa para anunciar por temporada um ou mais im\u00f3veis em Feira de Santana. Saiba mais!","og_url":"https:\/\/www.anfitriaoprime.com.br\/blog\/imoveis-em-feira-de-santana\/","og_site_name":"Blog Anfitri\u00e3o Prime: Ganhe dinheiro com aluguel de temporada.","article_modified_time":"2024-08-13T18:03:02+00:00","og_image":[{"width":1920,"height":550,"url":"https:\/\/www.anfitriaoprime.com.br\/blog\/wp-content\/uploads\/2022\/06\/1920-36.jpeg","type":"image\/jpeg"}],"twitter_card":"summary_large_image","twitter_misc":{"Est. tempo de leitura":"8 minutos"},"schema":{"@context":"https:\/\/schema.org","@graph":[{"@type":"WebPage","@id":"https:\/\/www.anfitriaoprime.com.br\/blog\/imoveis-em-feira-de-santana\/","url":"https:\/\/www.anfitriaoprime.com.br\/blog\/imoveis-em-feira-de-santana\/","name":"Im\u00f3veis em Feira de Santana? Invista em aluguel de temporada!","isPartOf":{"@id":"https:\/\/www.anfitriaoprime.com.br\/blog\/#website"},"datePublished":"2022-06-03T20:28:51+00:00","dateModified":"2024-08-13T18:03:02+00:00","description":"Com o Anfitri\u00e3o Prime voc\u00ea tem tudo o que precisa para anunciar por temporada um ou mais im\u00f3veis em Feira de Santana. Saiba mais!","breadcrumb":{"@id":"https:\/\/www.anfitriaoprime.com.br\/blog\/imoveis-em-feira-de-santana\/#breadcrumb"},"inLanguage":"pt-BR","potentialAction":[{"@type":"ReadAction","target":["https:\/\/www.anfitriaoprime.com.br\/blog\/imoveis-em-feira-de-santana\/"]}]},{"@type":"BreadcrumbList","@id":"https:\/\/www.anfitriaoprime.com.br\/blog\/imoveis-em-feira-de-santana\/#breadcrumb","itemListElement":[{"@type":"ListItem","position":1,"name":"In\u00edcio","item":"https:\/\/www.anfitriaoprime.com.br\/blog\/"},{"@type":"ListItem","position":2,"name":"Im\u00f3veis em Feira de Santana? Invista em aluguel de temporada com o Anfitri\u00e3o Prime!"}]},{"@type":"WebSite","@id":"https:\/\/www.anfitriaoprime.com.br\/blog\/#website","url":"https:\/\/www.anfitriaoprime.com.br\/blog\/","name":"Blog Anfitri\u00e3o Prime - Gest\u00e3o de propriedade para aluguel de temporada","description":"No blog do Anfitri\u00e3o Prime voc\u00ea encontra dicas e informa\u00e7\u00f5es sobre o mercado de aluguel de temporada escrito por anfitri\u00f5es profissionais","potentialAction":[{"@type":"SearchAction","target":{"@type":"EntryPoint","urlTemplate":"https:\/\/www.anfitriaoprime.com.br\/blog\/?s={search_term_string}"},"query-input":"required name=search_term_string"}],"inLanguage":"pt-BR"}]}},"acf":{"imagem":{"ID":4513,"id":4513,"title":"Foto de Paulomedford","filename":"1920-36.jpeg","filesize":670380,"url":"https:\/\/www.anfitriaoprime.com.br\/blog\/wp-content\/uploads\/2022\/06\/1920-36.jpeg","link":"https:\/\/www.anfitriaoprime.com.br\/blog\/imoveis-em-feira-de-santana\/1920-36-3\/","alt":"im\u00f3veis em Feira de Santana","author":"1","description":"","caption":"Foto de Paulomedford","name":"1920-36-3","status":"inherit","uploaded_to":4512,"date":"2022-06-03 20:14:03","modified":"2022-06-03 20:14:26","menu_order":0,"mime_type":"image\/jpeg","type":"image","subtype":"jpeg","icon":"https:\/\/www.anfitriaoprime.com.br\/blog\/wp-includes\/images\/media\/default.png","width":1920,"height":550,"sizes":{"thumbnail":"https:\/\/www.anfitriaoprime.com.br\/blog\/wp-content\/uploads\/2022\/06\/1920-36-150x150.jpeg","thumbnail-width":150,"thumbnail-height":150,"medium":"https:\/\/www.anfitriaoprime.com.br\/blog\/wp-content\/uploads\/2022\/06\/1920-36-300x86.jpeg","medium-width":300,"medium-height":86,"medium_large":"https:\/\/www.anfitriaoprime.com.br\/blog\/wp-content\/uploads\/2022\/06\/1920-36-768x220.jpeg","medium_large-width":648,"medium_large-height":186,"large":"https:\/\/www.anfitriaoprime.com.br\/blog\/wp-content\/uploads\/2022\/06\/1920-36-1024x293.jpeg","large-width":648,"large-height":185,"1536x1536":"https:\/\/www.anfitriaoprime.com.br\/blog\/wp-content\/uploads\/2022\/06\/1920-36-1536x440.jpeg","1536x1536-width":1536,"1536x1536-height":440,"2048x2048":"https:\/\/www.anfitriaoprime.com.br\/blog\/wp-content\/uploads\/2022\/06\/1920-36.jpeg","2048x2048-width":1920,"2048x2048-height":550,"sparkling-featured":"https:\/\/www.anfitriaoprime.com.br\/blog\/wp-content\/uploads\/2022\/06\/1920-36-750x410.jpeg","sparkling-featured-width":750,"sparkling-featured-height":410,"sparkling-featured-fullwidth":"https:\/\/www.anfitriaoprime.com.br\/blog\/wp-content\/uploads\/2022\/06\/1920-36-1140x550.jpeg","sparkling-featured-fullwidth-width":1140,"sparkling-featured-fullwidth-height":550,"tab-small":"https:\/\/www.anfitriaoprime.com.br\/blog\/wp-content\/uploads\/2022\/06\/1920-36-60x60.jpeg","tab-small-width":60,"tab-small-height":60,"crp_thumbnail":"https:\/\/www.anfitriaoprime.com.br\/blog\/wp-content\/uploads\/2022\/06\/1920-36-150x150.jpeg","crp_thumbnail-width":150,"crp_thumbnail-height":150}},"titulo":"Im\u00f3veis em Feira de Santana? Invista em aluguel de temporada com o Anfitri\u00e3o Prime! ","subtitulo":"<p><span style=\"font-weight: 400;\">Aqui no Anfitri\u00e3o Prime voc\u00ea pode alugar um ou mais im\u00f3veis em <\/span><b>Feira de Santana<\/b><span style=\"font-weight: 400;\"> com mais tranquilidade e sem dores de cabe\u00e7a. Somos uma startup\u00a0 especializada em aluguel de temporada que ajuda propriet\u00e1rios em todas as etapas da loca\u00e7\u00e3o, desde a cria\u00e7\u00e3o de an\u00fancios at\u00e9 o check-out dos h\u00f3spedes.\u00a0<\/span><\/p>\n<p><strong><a href=\"https:\/\/reservas.anfitriaoprime.com.br\/\">Aproveite para conferir o nosso portf\u00f3lio com mais de 1.000 im\u00f3veis a disposi\u00e7\u00e3o em todo o Brasil.<\/a><\/strong><\/p>\n","titulo_secao_1":"Como podemos te ajudar com a gest\u00e3o de im\u00f3veis em Feira de Santana\u00a0","conteudo_secao_1":"<p><span style=\"font-weight: 400;\">O <strong>Anfitri\u00e3o Prime<\/strong> \u00e9 mais do que uma imobili\u00e1ria digital ou um site de reservas comum. Somos um gestor de aluguel de temporada em Feira de Santana e em todo o Brasil.\u00a0\u00a0<\/span><\/p>\n<p><span style=\"font-weight: 400;\">Oferecemos servi\u00e7os personalizados e humanizados para quem deseja alugar <\/span>im\u00f3veis em <b>Feira de Santana<\/b><span style=\"font-weight: 400;\"> sem dores de cabe\u00e7a. Ao se cadastrar, voc\u00ea ter\u00e1 uma equipe \u00e0 sua disposi\u00e7\u00e3o que ir\u00e1 criar an\u00fancios de loca\u00e7\u00e3o bem como gerenci\u00e1-los em mais de 30 sites de reserva.<\/span><\/p>\n<p><span style=\"font-weight: 400;\">Al\u00e9m disso, voc\u00ea tamb\u00e9m poder\u00e1 contratar os nossos servi\u00e7os de gest\u00e3o de manuten\u00e7\u00e3o, limpeza e lavanderia. Assim, as suas acomoda\u00e7\u00f5es estar\u00e3o sempre prontas para receber os h\u00f3spedes.<\/span><\/p>\n<p><span style=\"font-weight: 400;\">Ent\u00e3o n\u00e3o deixe de fazer o seu cadastro. Basta preencher o formul\u00e1rio ao lado e seguir os pr\u00f3ximos passos. Leva menos de 15 minutos e pode te garantir at\u00e9 100% a mais de ganhos.\u00a0<\/span><\/p>\n","titulo_secao_2":"Conhe\u00e7a os nossos servi\u00e7os","imagem_secao_2":false,"conteudo_secao_2":"<p>Aliamos a experi\u00eancia de mais de 30 anos com turismo dos nossos profissionais \u00e0 tecnologia de ponta, garantindo maiores ganhos com o aluguel de temporada para propriet\u00e1rios e a melhor experi\u00eancia para os h\u00f3spedes. Confira os nossos servi\u00e7os:<\/p>\n<h3><b><img decoding=\"async\" loading=\"lazy\" class=\"emoji alignnone\" role=\"img\" draggable=\"false\" src=\"https:\/\/s.w.org\/images\/core\/emoji\/13.1.0\/svg\/1f4bb.svg\" alt=\"anunciamos sua propriedade nos principais sites de reservas\" width=\"150\" height=\"150\" \/>\u00a0Anunciamos sua propriedade<\/b><\/h3>\n<p>Primeiramente, n\u00f3s criamos o an\u00fancio da sua propriedade e o publicamos em mais de 30 sites de reservas, como Airbnb, Booking, VRBO (Alugue Temporada) e TripAdvisor.\u00a0 Em seguida, ficamos respons\u00e1veis pela gest\u00e3o dele em cada uma das plataformas.<\/p>\n<h3><a href=\"https:\/\/www.anfitriaoprime.com.br\/blog\/foto-a-importancia-no-aluguel-de-temporada\/\"><b><img decoding=\"async\" loading=\"lazy\" class=\"emoji alignnone\" role=\"img\" draggable=\"false\" src=\"https:\/\/s.w.org\/images\/core\/emoji\/13.1.0\/svg\/1f4f7.svg\" alt=\"fotografia profissional \u00e9 importante para quem aluga por temporad\" width=\"150\" height=\"150\" \/>\u00a0Fotos profissionais<\/b><\/a><\/h3>\n<p>As fotos profissionais do seu im\u00f3vel garantem uma melhor primeira impress\u00e3o aos h\u00f3spedes, o que aumenta as possibilidades de reservas.<\/p>\n<h3><b><img decoding=\"async\" loading=\"lazy\" class=\"emoji alignnone\" role=\"img\" draggable=\"false\" src=\"https:\/\/s.w.org\/images\/core\/emoji\/13.1.0\/svg\/1f4ac.svg\" alt=\"comunica\u00e7\u00e3o com os h\u00f3spedes\" width=\"150\" height=\"150\" \/>\u00a0Comunica\u00e7\u00e3o com os h\u00f3spedes<\/b><\/h3>\n<p>Um dos grandes problemas ao gerenciar um im\u00f3vel de temporada \u00e9 estar dispon\u00edvel para responder os h\u00f3spedes nas plataformas de reservas. Contudo, com o Anfitri\u00e3o Prime voc\u00ea n\u00e3o ter\u00e1 que se preocupar com isso, pois n\u00f3s temos uma equipe que est\u00e1 24\/7 dispon\u00edvel para atend\u00ea-los.<\/p>\n<h3><b><img decoding=\"async\" loading=\"lazy\" class=\"emoji alignnone\" role=\"img\" draggable=\"false\" src=\"https:\/\/s.w.org\/images\/core\/emoji\/13.1.0\/svg\/1f4c8.svg\" alt=\"im\u00f3veis em Feira de Santana\" width=\"150\" height=\"150\" \/>\u00a0<a href=\"https:\/\/www.anfitriaoprime.com.br\/blog\/valor-da-diaria-no-aluguel-de-temporada\/\">Defini\u00e7\u00e3o dos melhores pre\u00e7os de di\u00e1rias<\/a><\/b><\/h3>\n<p>Contamos com uma tecnologia de ponta que faz a precifica\u00e7\u00e3o inteligente do seu im\u00f3vel, pensando a longo prazo. Em outras palavras, ela leva em conta as varia\u00e7\u00f5es de pre\u00e7o que ocorrem durante o ano, como feriados, alta e baixa temporada. Al\u00e9m de outras situa\u00e7\u00f5es que podem fazer com que o valor da di\u00e1ria do seu im\u00f3vel varie.<\/p>\n<h3><strong><img decoding=\"async\" loading=\"lazy\" class=\"emoji alignnone\" role=\"img\" draggable=\"false\" src=\"https:\/\/s.w.org\/images\/core\/emoji\/13.1.0\/svg\/1f5d3.svg\" alt=\"fazemos a gest\u00e3o de calend\u00e1rio de reservas \" width=\"150\" height=\"150\" \/>\u00a0Gest\u00e3o do calend\u00e1rio\u00a0<\/strong><\/h3>\n<p>N\u00f3s tamb\u00e9m contamos com uma ferramenta que faz a gest\u00e3o unificada do seu calend\u00e1rio para evitar o overbooking. Al\u00e9m disso, voc\u00ea tamb\u00e9m pode continuar utilizando o seu im\u00f3vel quando desejar, basta apenas nos informar com anteced\u00eancia para que possamos fazer o bloqueio do calend\u00e1rio para os h\u00f3spedes.<\/p>\n<h3><b><img decoding=\"async\" loading=\"lazy\" class=\"emoji alignnone\" role=\"img\" draggable=\"false\" src=\"https:\/\/s.w.org\/images\/core\/emoji\/13.1.0\/svg\/2714.svg\" alt=\"im\u00f3veis em Feira de Santana\" width=\"150\" height=\"150\" \/>\u00a0Concierge, Limpeza e Manuten\u00e7\u00e3o\u00a0<\/b><\/h3>\n<p>Finalmente, para que voc\u00ea possa investir em aluguel de temporada tranquilamente, oferecemos servi\u00e7os complementares como de\u00a0<b>concierge<\/b>\u00a0do seu im\u00f3vel. Al\u00e9m de servi\u00e7os para\u00a0<strong>limpeza, manuten\u00e7\u00e3o<\/strong>\u00a0e outras coisas necess\u00e1rias para garantir uma experi\u00eancia perfeita aos h\u00f3spedes.<\/p>\n","titulo_secao_3":"Por que anunciar seu im\u00f3vel com a gente?","conteudo_secao_3":"<p>Ent\u00e3o, se comparamos os servi\u00e7os do Anfitri\u00e3o Prime com os servi\u00e7os oferecidos por outros sites de reservas, voc\u00ea ter\u00e1 as seguintes vantagens:<\/p>\n","titulo_secao_6":"Sobre Feira de Santana\u00a0","conteudo_secao_6":"<figure id=\"attachment_4515\" class=\"thumbnail wp-caption alignnone\" style=\"width: 760px\"><img decoding=\"async\" loading=\"lazy\" class=\"wp-image-4515 size-full\" src=\"https:\/\/www.anfitriaoprime.com.br\/blog\/wp-content\/uploads\/2022\/06\/Dimensoes-personalizadas-750x410-px-45.jpeg\" alt=\"im\u00f3veis em Feira de Santana\" width=\"750\" height=\"410\" srcset=\"https:\/\/www.anfitriaoprime.com.br\/blog\/wp-content\/uploads\/2022\/06\/Dimensoes-personalizadas-750x410-px-45.jpeg 750w, https:\/\/www.anfitriaoprime.com.br\/blog\/wp-content\/uploads\/2022\/06\/Dimensoes-personalizadas-750x410-px-45-300x164.jpeg 300w\" sizes=\"(max-width: 750px) 100vw, 750px\" \/><figcaption class=\"caption wp-caption-text\">Entrada do Observat\u00f3rio Antares, em Feira de Santana (2011) | Foto: Andrevruas<\/figcaption><\/figure>\n<p><span style=\"font-weight: 400;\">Localizada no interior do estado da Bahia, Feira de Santana \u00e9 uma cidade super tradicional, que abriga uma vasta cultura. Ela \u00e9 a segunda cidade mais populosa da Bahia e \u00e9 mundialmente famosa pelos seus eventos, principalmente o <strong>Carnaval Fora de \u00c9poca<\/strong>.\u00a0<\/span><\/p>\n<p>Ent\u00e3o, se <span style=\"font-weight: 400;\">voc\u00ea quer atrair mais h\u00f3spedes para <\/span>im\u00f3veis em<b> Feira de Santana<\/b><span style=\"font-weight: 400;\">, \u00e9 essencial conhecer os principais pontos tur\u00edsticos da regi\u00e3o para recomendar para os visitantes. Por isso, separamos algumas dicas. Confira!\u00a0<\/span><\/p>\n<h3><\/h3>\n<h4><strong>Igreja Senhor dos Passos<\/strong><\/h4>\n<p><span style=\"font-weight: 400;\">Mesmo os visitantes que n\u00e3o s\u00e3o religiosos precisam dar um pulo na Igreja Senhor dos Passos. O edif\u00edcio atual foi constru\u00eddo em 1936, mas antes j\u00e1 havia uma capela que for erguida em 1852.\u00a0<\/span><span style=\"font-weight: 400;\">A arquitetura da igreja \u00e9 muito impactante e ela \u00e9 um elemento fundamental da hist\u00f3ria da cidade.\u00a0<\/span><\/p>\n<h3><\/h3>\n<h4><strong>Museu Regional de Arte<\/strong><\/h4>\n<p><span style=\"font-weight: 400;\">Outra excelente alternativa para os visitantes que gostam de conhecer mais sobre a hist\u00f3ria dos locais para onde viajam \u00e9 Museu Regional de Arte.\u00a0<\/span><span style=\"font-weight: 400;\">Esse foi o primeiro museu a ser instalado na cidade, no ano de 1967. O local possui um acervo de tirar o f\u00f4lego, que traz obras de artistas nacionais e internacionais.\u00a0<\/span><\/p>\n<h3><\/h3>\n<h4><strong>Mercado Municipal<\/strong><\/h4>\n<p><span style=\"font-weight: 400;\">Mais um dos pontos tur\u00edsticos que com toda a certeza os visitantes precisam conferir \u00e9 o famoso Mercado Municipal de Feira de Santana. O local n\u00e3o \u00e9 apenas um centro de com\u00e9rcio, mas, tamb\u00e9m um espa\u00e7o de propaga\u00e7\u00e3o cultural.\u00a0<\/span><span style=\"font-weight: 400;\">Os turistas poder\u00e3o encontrar uma grande variedade de lojas com todos os tipos de artesanatos locais. Al\u00e9m disso, ele tamb\u00e9m recebe v\u00e1rias apresenta\u00e7\u00f5es de artistas locais.\u00a0<\/span><\/p>\n<h3><\/h3>\n<h4><strong>Observat\u00f3rio Astron\u00f4mico Antares<\/strong><\/h4>\n<p><span style=\"font-weight: 400;\">Essa \u00e9 uma op\u00e7\u00e3o diferente para os visitantes que est\u00e3o viajando com a crian\u00e7ada. No Observat\u00f3rio Astron\u00f4mico Antares \u00e9 poss\u00edvel fazer observa\u00e7\u00f5es espaciais e ainda conferir uma extensa programa\u00e7\u00e3o educativa.\u00a0<\/span><\/p>\n<p>&nbsp;<\/p>\n<h3><strong>Onde comer em Feira de Santana\u00a0<\/strong><\/h3>\n<p><span style=\"font-weight: 400;\">Com toda a certeza os h\u00f3spedes interessados em <\/span>im\u00f3veis em<b> Feira de Santana<\/b><span style=\"font-weight: 400;\"> v\u00e3o querer conhecer mais da gastronomia da regi\u00e3o. Por isso n\u00f3s separamos algumas dicas. Confira!<\/span><\/p>\n<p>&nbsp;<\/p>\n<h4><strong>Restaurante Ki Mukeka<\/strong><\/h4>\n<p><span style=\"font-weight: 400;\">A primeira recomenda\u00e7\u00e3o \u00e9 o Restaurante Ki Mukeka. Apesar do ambiente ser mais simples, o local serve simplesmente uma das melhores moquecas da regi\u00e3o.\u00a0<\/span><span style=\"font-weight: 400;\">A moqueca de camar\u00e3o \u00e9 um dos carros chefes, mas os visitantes tamb\u00e9m poder\u00e3o encontrar uma grande variedade de pratos com peixes.<\/span><\/p>\n<h3><\/h3>\n<h4><strong>Restaurante Para\u00edso da Carne do Sol<\/strong><\/h4>\n<p><span style=\"font-weight: 400;\">O Restaurante Para\u00edso da Carne do Sol \u00e9 outro local super tradicional da regi\u00e3o que faz sucesso tanto entre os moradores como entre os turistas. Ele<\/span><span style=\"font-weight: 400;\">\u00a0tamb\u00e9m \u00e9 bem simples, mas serve pratos que podem ser compartilhados pelos visitantes e com o gostinho da comida nordestina.\u00a0<\/span><\/p>\n<p><span style=\"font-weight: 400;\">Aproveite essas dicas para atrair mais h\u00f3spedes interessados em <\/span>im\u00f3veis em<b> Feira de Santana<\/b><span style=\"font-weight: 400;\">. Fa\u00e7a o seu cadastro preenchendo o formul\u00e1rio ao lado e venha fazer parte do Anfitri\u00e3o Prime. <strong><a href=\"https:\/\/reservas.anfitriaoprime.com.br\/\">Confira o nosso portf\u00f3lio com mais de 1.000 im\u00f3veis a disposi\u00e7\u00e3o em todo o Brasil.<\/a><\/strong><\/span><\/p>\n"},"_links":{"self":[{"href":"https:\/\/www.anfitriaoprime.com.br\/blog\/wp-json\/wp\/v2\/pages\/4512"}],"collection":[{"href":"https:\/\/www.anfitriaoprime.com.br\/blog\/wp-json\/wp\/v2\/pages"}],"about":[{"href":"https:\/\/www.anfitriaoprime.com.br\/blog\/wp-json\/wp\/v2\/types\/page"}],"author":[{"embeddable":true,"href":"https:\/\/www.anfitriaoprime.com.br\/blog\/wp-json\/wp\/v2\/users\/1"}],"replies":[{"embeddable":true,"href":"https:\/\/www.anfitriaoprime.com.br\/blog\/wp-json\/wp\/v2\/comments?post=4512"}],"version-history":[{"count":5,"href":"https:\/\/www.anfitriaoprime.com.br\/blog\/wp-json\/wp\/v2\/pages\/4512\/revisions"}],"predecessor-version":[{"id":6500,"href":"https:\/\/www.anfitriaoprime.com.br\/blog\/wp-json\/wp\/v2\/pages\/4512\/revisions\/6500"}],"wp:featuredmedia":[{"embeddable":true,"href":"https:\/\/www.anfitriaoprime.com.br\/blog\/wp-json\/wp\/v2\/media\/4513"}],"wp:attachment":[{"href":"https:\/\/www.anfitriaoprime.com.br\/blog\/wp-json\/wp\/v2\/media?parent=4512"}],"curies":[{"name":"wp","href":"https:\/\/api.w.org\/{rel}","templated":true}]}}