{"id":4566,"date":"2022-06-06T19:22:45","date_gmt":"2022-06-06T22:22:45","guid":{"rendered":"https:\/\/www.anfitriaoprime.com.br\/blog\/?page_id=4566"},"modified":"2022-06-06T19:22:45","modified_gmt":"2022-06-06T22:22:45","slug":"aluguel-de-temporada-em-sao-vicente","status":"publish","type":"page","link":"https:\/\/www.anfitriaoprime.com.br\/blog\/aluguel-de-temporada-em-sao-vicente\/","title":{"rendered":"Saiba como investir em aluguel de temporada em S\u00e3o Vicente com o Anfitri\u00e3o Prime"},"content":{"rendered":"<p><span style=\"font-weight: 400;\">Ainda n\u00e3o investe em <\/span>aluguel de temporada em <b>S\u00e3o Vicente<\/b><span style=\"font-weight: 400;\"> por que n\u00e3o quer se preocupar com toda a burocracia? Aqui no Anfitri\u00e3o Prime voc\u00ea encontra tudo o que precisa para fazer loca\u00e7\u00e3o por temporada com facilidade.<\/span><\/p>\n<p><strong><a href=\"https:\/\/reservas.anfitriaoprime.com.br\/\">Ent\u00e3o aproveite para conferir o nosso portf\u00f3lio com mais de 1000 im\u00f3veis cadastrados por todo o Brasil.\u00a0\u00a0<\/a><\/strong><\/p>\n<h2><strong>Como te ajudamos a gerir aluguel de temporada em S\u00e3o Vicente<\/strong><\/h2>\n<p><span style=\"font-weight: 400;\">Aqui no Anfitri\u00e3o Prime voc\u00ea tem acesso a uma equipe especializada para te ajudar a cuidar de todos os detalhes do <\/span>aluguel de temporada em<b> S\u00e3o Vicente<\/b><span style=\"font-weight: 400;\">. Iremos cuidar de todas as etapas, desde a cria\u00e7\u00e3o de an\u00fancios at\u00e9 o check-out dos h\u00f3spedes.\u00a0<\/span><\/p>\n<p><span style=\"font-weight: 400;\">Contamos com uma plataforma repleta de recursos que \u00e9 integrada com mais de 30 sites de reserva. Dessa maneira, as chances de loca\u00e7\u00e3o do seu im\u00f3vel duplicam.\u00a0<\/span><\/p>\n<p><span style=\"font-weight: 400;\">Al\u00e9m disso, voc\u00ea ainda pode contratar os nossos servi\u00e7os de gest\u00e3o de manuten\u00e7\u00e3o, lavanderia e limpeza. Assim, as suas acomoda\u00e7\u00f5es estar\u00e3o sempre prontas para receber novos h\u00f3spedes.<\/span><\/p>\n<p><span style=\"font-weight: 400;\">Ent\u00e3o n\u00e3o perca mais tempo, venha agora mesmo fazer o seu cadastro. Basta preencher o formul\u00e1rio ao lado e seguir os pr\u00f3ximos passos. Leva menos de 15 minutos e pode te garantir at\u00e9 100% a mais de ganhos se comparado com outros tipos de loca\u00e7\u00e3o.\u00a0\u00a0<\/span><\/p>\n<h2>Conhe\u00e7a os nossos servi\u00e7os<\/h2>\n<p>Aliamos a experi\u00eancia de mais de 30 anos com turismo dos nossos profissionais \u00e0 tecnologia de ponta, garantindo maiores ganhos com o aluguel de temporada para propriet\u00e1rios e a melhor experi\u00eancia para os h\u00f3spedes. Confira os nossos servi\u00e7os:<\/p>\n<h3><b><img decoding=\"async\" class=\"emoji\" role=\"img\" draggable=\"false\" src=\"https:\/\/s.w.org\/images\/core\/emoji\/13.1.0\/svg\/1f4bb.svg\" alt=\"\ud83d\udcbb\" \/>\u00a0Anunciamos sua propriedade<\/b><\/h3>\n<p>Primeiramente, n\u00f3s criamos o an\u00fancio da sua propriedade e o publicamos em mais de 30 sites de reservas, como Airbnb, Booking, VRBO (Alugue Temporada) e TripAdvisor.\u00a0 Em seguida, ficamos respons\u00e1veis pela gest\u00e3o dele em cada uma das plataformas.<\/p>\n<h3><a href=\"https:\/\/www.anfitriaoprime.com.br\/blog\/foto-a-importancia-no-aluguel-de-temporada\/\"><b><img decoding=\"async\" loading=\"lazy\" class=\"emoji alignnone\" role=\"img\" draggable=\"false\" src=\"https:\/\/s.w.org\/images\/core\/emoji\/13.1.0\/svg\/1f4f7.svg\" alt=\"aluguel de temporada em Monte Verde\" width=\"150\" height=\"150\" \/>\u00a0Fotos profissionais<\/b><\/a><\/h3>\n<p>As fotos profissionais do seu im\u00f3vel garantem uma melhor primeira impress\u00e3o aos h\u00f3spedes, o que aumenta as possibilidades de reservas.<\/p>\n<h3><b><img decoding=\"async\" class=\"emoji\" role=\"img\" draggable=\"false\" src=\"https:\/\/s.w.org\/images\/core\/emoji\/13.1.0\/svg\/1f4ac.svg\" alt=\"\ud83d\udcac\" \/>\u00a0Comunica\u00e7\u00e3o com os h\u00f3spedes<\/b><\/h3>\n<p>Um dos grandes problemas ao gerenciar um im\u00f3vel de temporada \u00e9 estar dispon\u00edvel para responder os h\u00f3spedes nas plataformas de reservas. Contudo, com o Anfitri\u00e3o Prime voc\u00ea n\u00e3o ter\u00e1 que se preocupar com isso, pois n\u00f3s temos uma equipe que est\u00e1 24\/7 dispon\u00edvel para atend\u00ea-los.<\/p>\n<h3><b><img decoding=\"async\" loading=\"lazy\" class=\"emoji alignnone\" role=\"img\" draggable=\"false\" src=\"https:\/\/s.w.org\/images\/core\/emoji\/13.1.0\/svg\/1f4c8.svg\" alt=\"aluguel de temporada em Monte Verde\" width=\"150\" height=\"150\" \/>\u00a0<a href=\"https:\/\/www.anfitriaoprime.com.br\/blog\/valor-da-diaria-no-aluguel-de-temporada\/\">Defini\u00e7\u00e3o dos melhores pre\u00e7os de di\u00e1rias<\/a><\/b><\/h3>\n<p>Contamos com uma tecnologia de ponta que faz a precifica\u00e7\u00e3o inteligente do seu im\u00f3vel, pensando a longo prazo. Em outras palavras, ela leva em conta as varia\u00e7\u00f5es de pre\u00e7o que ocorrem durante o ano, como feriados, alta e baixa temporada. Al\u00e9m de outras situa\u00e7\u00f5es que podem fazer com que o valor da di\u00e1ria do seu im\u00f3vel varie.<\/p>\n<h3><strong><img decoding=\"async\" class=\"emoji\" role=\"img\" draggable=\"false\" src=\"https:\/\/s.w.org\/images\/core\/emoji\/13.1.0\/svg\/1f5d3.svg\" alt=\"\ud83d\uddd3\ufe0f\" \/>\u00a0Gest\u00e3o do calend\u00e1rio\u00a0<\/strong><\/h3>\n<p>N\u00f3s tamb\u00e9m contamos com uma ferramenta que faz a gest\u00e3o unificada do seu calend\u00e1rio para evitar o overbooking. Al\u00e9m disso, voc\u00ea tamb\u00e9m pode continuar utilizando o seu im\u00f3vel quando desejar, basta apenas nos informar com anteced\u00eancia para que possamos fazer o bloqueio do calend\u00e1rio para os h\u00f3spedes.<\/p>\n<h3><b><img decoding=\"async\" class=\"emoji\" role=\"img\" draggable=\"false\" src=\"https:\/\/s.w.org\/images\/core\/emoji\/13.1.0\/svg\/2714.svg\" alt=\"\u2714\" \/>\u00a0Concierge, Limpeza e Manuten\u00e7\u00e3o\u00a0<\/b><\/h3>\n<p>Finalmente, para que voc\u00ea possa investir em aluguel de temporada tranquilamente, oferecemos servi\u00e7os complementares como de\u00a0<b>concierge<\/b>\u00a0do seu im\u00f3vel. Al\u00e9m de servi\u00e7os para\u00a0<strong>limpeza, manuten\u00e7\u00e3o<\/strong>\u00a0e outras coisas necess\u00e1rias para garantir uma experi\u00eancia perfeita aos h\u00f3spedes.<\/p>\n<h2>Por que anunciar seu im\u00f3vel com a gente?<\/h2>\n<p>Ent\u00e3o, se comparamos os servi\u00e7os do Anfitri\u00e3o Prime com os servi\u00e7os oferecidos por outros sites de reservas, voc\u00ea ter\u00e1 as seguintes vantagens:<\/p>\n<figure id=\"attachment_4569\" class=\"thumbnail wp-caption alignnone\" style=\"width: 310px\"><img decoding=\"async\" loading=\"lazy\" class=\"size-medium wp-image-4569\" src=\"https:\/\/www.anfitriaoprime.com.br\/blog\/wp-content\/uploads\/2022\/06\/Dimensoes-personalizadas-750x410-px-1-300x164.jpeg\" alt=\"aluguel de temporada em S\u00e3o Vicente\" width=\"300\" height=\"164\" srcset=\"https:\/\/www.anfitriaoprime.com.br\/blog\/wp-content\/uploads\/2022\/06\/Dimensoes-personalizadas-750x410-px-1-300x164.jpeg 300w, https:\/\/www.anfitriaoprime.com.br\/blog\/wp-content\/uploads\/2022\/06\/Dimensoes-personalizadas-750x410-px-1.jpeg 750w\" sizes=\"(max-width: 300px) 100vw, 300px\" \/><figcaption class=\"caption wp-caption-text\">Ilha Porchat | Fotografia de Mike Peel<\/figcaption><\/figure>\n<p>&nbsp;<\/p>\n<h3><strong>Sobre S\u00e3o Vicente<\/strong><\/h3>\n<p><span style=\"font-weight: 400;\">S\u00e3o Vicente \u00e9 uma cidade da microrregi\u00e3o de Santos-SP que atrai muitos turistas pela proximidade em rela\u00e7\u00e3o a outras cidades, como Praia Grande,<a href=\"https:\/\/www.anfitriaoprime.com.br\/blog\/aluguel-de-temporada-no-guaruja\/\"> Guaruj\u00e1<\/a> e a pr\u00f3pria Santos. Al\u00e9m disso, o local tamb\u00e9m tem v\u00e1rias atra\u00e7\u00f5es tur\u00edsticas que atrai diversos tipos de viajantes.\u00a0<\/span><\/p>\n<p>&nbsp;<\/p>\n<h3><strong>Dicas de roteiro em S\u00e3o Vicente\u00a0<\/strong><\/h3>\n<p><span style=\"font-weight: 400;\">Quer atrair mais pessoas interessadas em <\/span>aluguel de temporada em <b>S\u00e3o Vicente<\/b><span style=\"font-weight: 400;\">? Ent\u00e3o aproveite para conferir essas dicas de roteiro que n\u00f3s separamos.\u00a0<\/span><\/p>\n<h3><\/h3>\n<h4><strong>Ilha Porchat<\/strong><\/h4>\n<p><span style=\"font-weight: 400;\">A primeira dica de passeio tur\u00edstico para recomendar aos visitantes \u00e9 a Ilha Porchat. Ela \u00e9 super popular entre os turistas, principalmente durante a alta temporada.\u00a0<\/span><span style=\"font-weight: 400;\">Ela fica h\u00e1 apenas 4 km do centro, ou seja, \u00e9 super r\u00e1pido e tranquilo de chegar. Al\u00e9m disso, ela conta com um mirante para os visitantes observarem as belezas naturais da regi\u00e3o. Al\u00e9m do <\/span><span style=\"font-weight: 400;\">Monumento dos 500 Anos do Brasil, que foi projeto por ningu\u00e9m menos que o arquiteto Oscar Niemeyer.\u00a0<\/span><\/p>\n<h3><\/h3>\n<h4><strong>Parque Estadual Xixov\u00e1-Japu\u00ed<\/strong><\/h4>\n<p><span style=\"font-weight: 400;\">Em seguida, voc\u00ea pode indicar que os seus h\u00f3spedes conhe\u00e7am o Parque Estadual Xixov\u00e1-Japu\u00ed. Esse \u00e9 o tipo de passeio perfeito para os amantes da natureza, pois o espa\u00e7o possui mais de 900 hectares de Mata Atl\u00e2ntica.\u00a0<\/span><span style=\"font-weight: 400;\">Dentro do local h\u00e1 v\u00e1rias trilhas onde os visitantes podem avistar florestas intocadas, restingas e montanhas. <\/span><span style=\"font-weight: 400;\">Al\u00e9m disso, tamb\u00e9m \u00e9 poss\u00edvel encontrar lindas praias, como a Praia de Paranapu\u00e3, uma das mais preservadas da regi\u00e3o.<\/span><\/p>\n<h3><\/h3>\n<h4><strong>Morro do Voturu\u00e1<\/strong><\/h4>\n<p><span style=\"font-weight: 400;\">Para os visitantes que gostam de encarar um passeio mais aventureiro, a dica \u00e9 uma ida at\u00e9 o\u00a0 Morro do Voturu\u00e1. Ele fica bem na divisa de S\u00e3o Vicente com a cidade de Santos.\u00a0<\/span><span style=\"font-weight: 400;\">No local os visitantes poder\u00e3o passear no telef\u00e9rico. E para os mais aventureiros, ainda \u00e9 poss\u00edvel fazer um voo livre. Isso sem contar na beleza desse local.\u00a0<\/span><\/p>\n<p>&nbsp;<\/p>\n<h3><strong>Onde comer em S\u00e3o Vicente<\/strong><\/h3>\n<p><span style=\"font-weight: 400;\">Com toda a certeza quem est\u00e1 em busca de <\/span>aluguel de temporada em <b>S\u00e3o Vicente<\/b><span style=\"font-weight: 400;\"> tamb\u00e9m vai querer conhecer alguns dos principais points gastron\u00f4micos dessa regi\u00e3o litor\u00e2nea. Por isso n\u00f3s separamos algumas recomenda\u00e7\u00f5es.<\/span><\/p>\n<h3><\/h3>\n<h4><strong>Buteco do Chef<\/strong><\/h4>\n<p><span style=\"font-weight: 400;\">A primeira recomenda\u00e7\u00e3o \u00e9 o famoso Buteco do Chef. Ele serve uma boa variedade de pratos t\u00edpicos brasileiros, com aquele gostinho de comida caseira.\u00a0<\/span><span style=\"font-weight: 400;\">Outro diferencial desse local \u00e9 que ele \u00e9 comandado pela Chef Salete Lui e tem como Sub chef Carolina Iolanda e o cozinheiro Andrey Diniz. Ou seja, uma equipe de muito peso.\u00a0<\/span><\/p>\n<p>&nbsp;<\/p>\n<h4><strong>Deck Praia<\/strong><\/h4>\n<p><span style=\"font-weight: 400;\">Para os visitantes que est\u00e3o em busca de boas por\u00e7\u00f5es para compartilhar junto com cerveja gelada, o Deck Praia \u00e9 uma excelente recomenda\u00e7\u00e3o. O local conta com o famoso festival de por\u00e7\u00f5es onde \u00e9 poss\u00edvel comer v\u00e1rias deliciosas t\u00edpicas da praia, al\u00e9m de hamb\u00fargueres e caldos.\u00a0<\/span><\/p>\n<p><span style=\"font-weight: 400;\">N\u00e3o perca mais tempo n\u00e3o alugando seus im\u00f3veis. Aproveite essas dicas <\/span><span style=\"font-weight: 400;\">e fa\u00e7a o seu cadastro no Anfitri\u00e3o Prime. <strong><a href=\"https:\/\/reservas.anfitriaoprime.com.br\/\">Confira o nosso portf\u00f3lio com mais de 1000 im\u00f3veis cadastrados por todo o Brasil.\u00a0\u00a0<\/a><\/strong><\/span><\/p>\n","protected":false},"excerpt":{"rendered":"<p>Ainda n\u00e3o investe em aluguel de temporada em S\u00e3o Vicente por que n\u00e3o quer se preocupar com toda a burocracia? Aqui no Anfitri\u00e3o Prime voc\u00ea encontra tudo o que precisa para fazer loca\u00e7\u00e3o por temporada com facilidade. Ent\u00e3o aproveite para conferir o nosso portf\u00f3lio com mais de 1000 im\u00f3veis cadastrados por todo o Brasil.\u00a0\u00a0 Como [&hellip;]<\/p>\n","protected":false},"author":1,"featured_media":4567,"parent":0,"menu_order":0,"comment_status":"closed","ping_status":"closed","template":"page-lp.php","meta":[],"yoast_head":"<!-- This site is optimized with the Yoast SEO plugin v21.1 - https:\/\/yoast.com\/wordpress\/plugins\/seo\/ -->\n<title>Aluguel de temporada em S\u00e3o Vicente \u00e9 com o Anfitri\u00e3o Prime<\/title>\n<meta name=\"description\" content=\"Com o Anfitri\u00e3o Prime voc\u00ea tem tudo o que precisa para come\u00e7ar a investir em aluguel de temporada em S\u00e3o Vicente. Conhe\u00e7a os nossos servi\u00e7os!\" \/>\n<meta name=\"robots\" content=\"index, follow, max-snippet:-1, max-image-preview:large, max-video-preview:-1\" \/>\n<link rel=\"canonical\" href=\"https:\/\/www.anfitriaoprime.com.br\/blog\/aluguel-de-temporada-em-sao-vicente\/\" \/>\n<meta property=\"og:locale\" content=\"pt_BR\" \/>\n<meta property=\"og:type\" content=\"article\" \/>\n<meta property=\"og:title\" content=\"Aluguel de temporada em S\u00e3o Vicente \u00e9 com o Anfitri\u00e3o Prime\" \/>\n<meta property=\"og:description\" content=\"Com o Anfitri\u00e3o Prime voc\u00ea tem tudo o que precisa para come\u00e7ar a investir em aluguel de temporada em S\u00e3o Vicente. Conhe\u00e7a os nossos servi\u00e7os!\" \/>\n<meta property=\"og:url\" content=\"https:\/\/www.anfitriaoprime.com.br\/blog\/aluguel-de-temporada-em-sao-vicente\/\" \/>\n<meta property=\"og:site_name\" content=\"Blog Anfitri\u00e3o Prime: Ganhe dinheiro com aluguel de temporada.\" \/>\n<meta property=\"og:image\" content=\"https:\/\/www.anfitriaoprime.com.br\/blog\/wp-content\/uploads\/2022\/06\/1920-2.jpeg\" \/>\n\t<meta property=\"og:image:width\" content=\"1920\" \/>\n\t<meta property=\"og:image:height\" content=\"550\" \/>\n\t<meta property=\"og:image:type\" content=\"image\/jpeg\" \/>\n<meta name=\"twitter:card\" content=\"summary_large_image\" \/>\n<meta name=\"twitter:label1\" content=\"Est. tempo de leitura\" \/>\n\t<meta name=\"twitter:data1\" content=\"6 minutos\" \/>\n<script type=\"application\/ld+json\" class=\"yoast-schema-graph\">{\"@context\":\"https:\/\/schema.org\",\"@graph\":[{\"@type\":\"WebPage\",\"@id\":\"https:\/\/www.anfitriaoprime.com.br\/blog\/aluguel-de-temporada-em-sao-vicente\/\",\"url\":\"https:\/\/www.anfitriaoprime.com.br\/blog\/aluguel-de-temporada-em-sao-vicente\/\",\"name\":\"Aluguel de temporada em S\u00e3o Vicente \u00e9 com o Anfitri\u00e3o Prime\",\"isPartOf\":{\"@id\":\"https:\/\/www.anfitriaoprime.com.br\/blog\/#website\"},\"datePublished\":\"2022-06-06T22:22:45+00:00\",\"dateModified\":\"2022-06-06T22:22:45+00:00\",\"description\":\"Com o Anfitri\u00e3o Prime voc\u00ea tem tudo o que precisa para come\u00e7ar a investir em aluguel de temporada em S\u00e3o Vicente. Conhe\u00e7a os nossos servi\u00e7os!\",\"breadcrumb\":{\"@id\":\"https:\/\/www.anfitriaoprime.com.br\/blog\/aluguel-de-temporada-em-sao-vicente\/#breadcrumb\"},\"inLanguage\":\"pt-BR\",\"potentialAction\":[{\"@type\":\"ReadAction\",\"target\":[\"https:\/\/www.anfitriaoprime.com.br\/blog\/aluguel-de-temporada-em-sao-vicente\/\"]}]},{\"@type\":\"BreadcrumbList\",\"@id\":\"https:\/\/www.anfitriaoprime.com.br\/blog\/aluguel-de-temporada-em-sao-vicente\/#breadcrumb\",\"itemListElement\":[{\"@type\":\"ListItem\",\"position\":1,\"name\":\"In\u00edcio\",\"item\":\"https:\/\/www.anfitriaoprime.com.br\/blog\/\"},{\"@type\":\"ListItem\",\"position\":2,\"name\":\"Saiba como investir em aluguel de temporada em S\u00e3o Vicente com o Anfitri\u00e3o Prime\"}]},{\"@type\":\"WebSite\",\"@id\":\"https:\/\/www.anfitriaoprime.com.br\/blog\/#website\",\"url\":\"https:\/\/www.anfitriaoprime.com.br\/blog\/\",\"name\":\"Blog Anfitri\u00e3o Prime - Gest\u00e3o de propriedade para aluguel de temporada\",\"description\":\"No blog do Anfitri\u00e3o Prime voc\u00ea encontra dicas e informa\u00e7\u00f5es sobre o mercado de aluguel de temporada escrito por anfitri\u00f5es profissionais\",\"potentialAction\":[{\"@type\":\"SearchAction\",\"target\":{\"@type\":\"EntryPoint\",\"urlTemplate\":\"https:\/\/www.anfitriaoprime.com.br\/blog\/?s={search_term_string}\"},\"query-input\":\"required name=search_term_string\"}],\"inLanguage\":\"pt-BR\"}]}<\/script>\n<!-- \/ Yoast SEO plugin. -->","yoast_head_json":{"title":"Aluguel de temporada em S\u00e3o Vicente \u00e9 com o Anfitri\u00e3o Prime","description":"Com o Anfitri\u00e3o Prime voc\u00ea tem tudo o que precisa para come\u00e7ar a investir em aluguel de temporada em S\u00e3o Vicente. Conhe\u00e7a os nossos servi\u00e7os!","robots":{"index":"index","follow":"follow","max-snippet":"max-snippet:-1","max-image-preview":"max-image-preview:large","max-video-preview":"max-video-preview:-1"},"canonical":"https:\/\/www.anfitriaoprime.com.br\/blog\/aluguel-de-temporada-em-sao-vicente\/","og_locale":"pt_BR","og_type":"article","og_title":"Aluguel de temporada em S\u00e3o Vicente \u00e9 com o Anfitri\u00e3o Prime","og_description":"Com o Anfitri\u00e3o Prime voc\u00ea tem tudo o que precisa para come\u00e7ar a investir em aluguel de temporada em S\u00e3o Vicente. Conhe\u00e7a os nossos servi\u00e7os!","og_url":"https:\/\/www.anfitriaoprime.com.br\/blog\/aluguel-de-temporada-em-sao-vicente\/","og_site_name":"Blog Anfitri\u00e3o Prime: Ganhe dinheiro com aluguel de temporada.","og_image":[{"width":1920,"height":550,"url":"https:\/\/www.anfitriaoprime.com.br\/blog\/wp-content\/uploads\/2022\/06\/1920-2.jpeg","type":"image\/jpeg"}],"twitter_card":"summary_large_image","twitter_misc":{"Est. tempo de leitura":"6 minutos"},"schema":{"@context":"https:\/\/schema.org","@graph":[{"@type":"WebPage","@id":"https:\/\/www.anfitriaoprime.com.br\/blog\/aluguel-de-temporada-em-sao-vicente\/","url":"https:\/\/www.anfitriaoprime.com.br\/blog\/aluguel-de-temporada-em-sao-vicente\/","name":"Aluguel de temporada em S\u00e3o Vicente \u00e9 com o Anfitri\u00e3o Prime","isPartOf":{"@id":"https:\/\/www.anfitriaoprime.com.br\/blog\/#website"},"datePublished":"2022-06-06T22:22:45+00:00","dateModified":"2022-06-06T22:22:45+00:00","description":"Com o Anfitri\u00e3o Prime voc\u00ea tem tudo o que precisa para come\u00e7ar a investir em aluguel de temporada em S\u00e3o Vicente. Conhe\u00e7a os nossos servi\u00e7os!","breadcrumb":{"@id":"https:\/\/www.anfitriaoprime.com.br\/blog\/aluguel-de-temporada-em-sao-vicente\/#breadcrumb"},"inLanguage":"pt-BR","potentialAction":[{"@type":"ReadAction","target":["https:\/\/www.anfitriaoprime.com.br\/blog\/aluguel-de-temporada-em-sao-vicente\/"]}]},{"@type":"BreadcrumbList","@id":"https:\/\/www.anfitriaoprime.com.br\/blog\/aluguel-de-temporada-em-sao-vicente\/#breadcrumb","itemListElement":[{"@type":"ListItem","position":1,"name":"In\u00edcio","item":"https:\/\/www.anfitriaoprime.com.br\/blog\/"},{"@type":"ListItem","position":2,"name":"Saiba como investir em aluguel de temporada em S\u00e3o Vicente com o Anfitri\u00e3o Prime"}]},{"@type":"WebSite","@id":"https:\/\/www.anfitriaoprime.com.br\/blog\/#website","url":"https:\/\/www.anfitriaoprime.com.br\/blog\/","name":"Blog Anfitri\u00e3o Prime - Gest\u00e3o de propriedade para aluguel de temporada","description":"No blog do Anfitri\u00e3o Prime voc\u00ea encontra dicas e informa\u00e7\u00f5es sobre o mercado de aluguel de temporada escrito por anfitri\u00f5es profissionais","potentialAction":[{"@type":"SearchAction","target":{"@type":"EntryPoint","urlTemplate":"https:\/\/www.anfitriaoprime.com.br\/blog\/?s={search_term_string}"},"query-input":"required name=search_term_string"}],"inLanguage":"pt-BR"}]}},"acf":{"imagem":{"ID":4567,"id":4567,"title":"Ilha Porchat | Fotografia de Mike Peel","filename":"1920-2.jpeg","filesize":874604,"url":"https:\/\/www.anfitriaoprime.com.br\/blog\/wp-content\/uploads\/2022\/06\/1920-2.jpeg","link":"https:\/\/www.anfitriaoprime.com.br\/blog\/aluguel-de-temporada-em-sao-vicente\/1920-2-7\/","alt":"aluguel de temporada em S\u00e3o Vicente","author":"1","description":"","caption":"Ilha Porchat | Fotografia de Mike Peel ","name":"1920-2-7","status":"inherit","uploaded_to":4566,"date":"2022-06-06 22:12:03","modified":"2022-06-06 22:13:09","menu_order":0,"mime_type":"image\/jpeg","type":"image","subtype":"jpeg","icon":"https:\/\/www.anfitriaoprime.com.br\/blog\/wp-includes\/images\/media\/default.png","width":1920,"height":550,"sizes":{"thumbnail":"https:\/\/www.anfitriaoprime.com.br\/blog\/wp-content\/uploads\/2022\/06\/1920-2-150x150.jpeg","thumbnail-width":150,"thumbnail-height":150,"medium":"https:\/\/www.anfitriaoprime.com.br\/blog\/wp-content\/uploads\/2022\/06\/1920-2-300x86.jpeg","medium-width":300,"medium-height":86,"medium_large":"https:\/\/www.anfitriaoprime.com.br\/blog\/wp-content\/uploads\/2022\/06\/1920-2-768x220.jpeg","medium_large-width":648,"medium_large-height":186,"large":"https:\/\/www.anfitriaoprime.com.br\/blog\/wp-content\/uploads\/2022\/06\/1920-2-1024x293.jpeg","large-width":648,"large-height":185,"1536x1536":"https:\/\/www.anfitriaoprime.com.br\/blog\/wp-content\/uploads\/2022\/06\/1920-2-1536x440.jpeg","1536x1536-width":1536,"1536x1536-height":440,"2048x2048":"https:\/\/www.anfitriaoprime.com.br\/blog\/wp-content\/uploads\/2022\/06\/1920-2.jpeg","2048x2048-width":1920,"2048x2048-height":550,"sparkling-featured":"https:\/\/www.anfitriaoprime.com.br\/blog\/wp-content\/uploads\/2022\/06\/1920-2-750x410.jpeg","sparkling-featured-width":750,"sparkling-featured-height":410,"sparkling-featured-fullwidth":"https:\/\/www.anfitriaoprime.com.br\/blog\/wp-content\/uploads\/2022\/06\/1920-2-1140x550.jpeg","sparkling-featured-fullwidth-width":1140,"sparkling-featured-fullwidth-height":550,"tab-small":"https:\/\/www.anfitriaoprime.com.br\/blog\/wp-content\/uploads\/2022\/06\/1920-2-60x60.jpeg","tab-small-width":60,"tab-small-height":60,"crp_thumbnail":"https:\/\/www.anfitriaoprime.com.br\/blog\/wp-content\/uploads\/2022\/06\/1920-2-150x150.jpeg","crp_thumbnail-width":150,"crp_thumbnail-height":150}},"titulo":"Saiba como investir em aluguel de temporada em S\u00e3o Vicente com o Anfitri\u00e3o Prime","subtitulo":"<p><span style=\"font-weight: 400;\">Ainda n\u00e3o investe em <\/span>aluguel de temporada em <b>S\u00e3o Vicente<\/b><span style=\"font-weight: 400;\"> por que n\u00e3o quer se preocupar com toda a burocracia? Aqui no Anfitri\u00e3o Prime voc\u00ea encontra tudo o que precisa para fazer loca\u00e7\u00e3o por temporada com facilidade.<\/span><\/p>\n<p><strong><a href=\"https:\/\/reservas.anfitriaoprime.com.br\/\">Ent\u00e3o aproveite para conferir o nosso portf\u00f3lio com mais de 1000 im\u00f3veis cadastrados por todo o Brasil.\u00a0\u00a0<\/a><\/strong><\/p>\n","titulo_secao_1":"Como te ajudamos a gerir aluguel de temporada em S\u00e3o Vicente","conteudo_secao_1":"<p><span style=\"font-weight: 400;\">Aqui no <strong>Anfitri\u00e3o Prime<\/strong> voc\u00ea tem acesso a uma equipe especializada para te ajudar a cuidar de todos os detalhes do <\/span>aluguel de temporada em<b> S\u00e3o Vicente<\/b><span style=\"font-weight: 400;\">. Iremos cuidar de todas as etapas, desde a cria\u00e7\u00e3o de an\u00fancios at\u00e9 o check-out dos h\u00f3spedes.\u00a0<\/span><\/p>\n<p><span style=\"font-weight: 400;\">Contamos com uma plataforma repleta de recursos que \u00e9 integrada com mais de 30 sites de reserva. Dessa maneira, as chances de loca\u00e7\u00e3o do seu im\u00f3vel duplicam!<\/span><\/p>\n<p><span style=\"font-weight: 400;\">Al\u00e9m disso, voc\u00ea ainda pode contratar os nossos servi\u00e7os de gest\u00e3o de manuten\u00e7\u00e3o, lavanderia e limpeza. Assim, as suas acomoda\u00e7\u00f5es estar\u00e3o sempre prontas para receber novos h\u00f3spedes.<\/span><\/p>\n<p><span style=\"font-weight: 400;\">Ent\u00e3o n\u00e3o perca mais tempo, venha agora mesmo fazer o seu cadastro. Basta preencher o formul\u00e1rio ao lado e seguir os pr\u00f3ximos passos. Leva menos de 15 minutos e pode te garantir at\u00e9 100% a mais de ganhos se comparado com outros tipos de loca\u00e7\u00e3o.\u00a0\u00a0<\/span><\/p>\n","titulo_secao_2":"Conhe\u00e7a os nossos servi\u00e7os","imagem_secao_2":false,"conteudo_secao_2":"<p>Aliamos a experi\u00eancia de mais de 30 anos com turismo dos nossos profissionais \u00e0 tecnologia de ponta, garantindo maiores ganhos com o aluguel de temporada para propriet\u00e1rios e a melhor experi\u00eancia para os h\u00f3spedes. Confira os nossos servi\u00e7os:<\/p>\n<h3><b><img decoding=\"async\" class=\"emoji\" role=\"img\" draggable=\"false\" src=\"https:\/\/s.w.org\/images\/core\/emoji\/13.1.0\/svg\/1f4bb.svg\" alt=\"\ud83d\udcbb\" \/>\u00a0Anunciamos sua propriedade<\/b><\/h3>\n<p>Primeiramente, n\u00f3s criamos o an\u00fancio da sua propriedade e o publicamos em mais de 30 sites de reservas, como Airbnb, Booking, VRBO (Alugue Temporada) e TripAdvisor.\u00a0 Em seguida, ficamos respons\u00e1veis pela gest\u00e3o dele em cada uma das plataformas.<\/p>\n<h3><a href=\"https:\/\/www.anfitriaoprime.com.br\/blog\/foto-a-importancia-no-aluguel-de-temporada\/\"><b><img decoding=\"async\" loading=\"lazy\" class=\"emoji alignnone\" role=\"img\" draggable=\"false\" src=\"https:\/\/s.w.org\/images\/core\/emoji\/13.1.0\/svg\/1f4f7.svg\" alt=\"aluguel de temporada em Monte Verde\" width=\"150\" height=\"150\" \/>\u00a0Fotos profissionais<\/b><\/a><\/h3>\n<p>As fotos profissionais do seu im\u00f3vel garantem uma melhor primeira impress\u00e3o aos h\u00f3spedes, o que aumenta as possibilidades de reservas.<\/p>\n<h3><b><img decoding=\"async\" class=\"emoji\" role=\"img\" draggable=\"false\" src=\"https:\/\/s.w.org\/images\/core\/emoji\/13.1.0\/svg\/1f4ac.svg\" alt=\"\ud83d\udcac\" \/>\u00a0Comunica\u00e7\u00e3o com os h\u00f3spedes<\/b><\/h3>\n<p>Um dos grandes problemas ao gerenciar um im\u00f3vel de temporada \u00e9 estar dispon\u00edvel para responder os h\u00f3spedes nas plataformas de reservas. Contudo, com o Anfitri\u00e3o Prime voc\u00ea n\u00e3o ter\u00e1 que se preocupar com isso, pois n\u00f3s temos uma equipe que est\u00e1 24\/7 dispon\u00edvel para atend\u00ea-los.<\/p>\n<h3><b><img decoding=\"async\" loading=\"lazy\" class=\"emoji alignnone\" role=\"img\" draggable=\"false\" src=\"https:\/\/s.w.org\/images\/core\/emoji\/13.1.0\/svg\/1f4c8.svg\" alt=\"aluguel de temporada em Monte Verde\" width=\"150\" height=\"150\" \/>\u00a0<a href=\"https:\/\/www.anfitriaoprime.com.br\/blog\/valor-da-diaria-no-aluguel-de-temporada\/\">Defini\u00e7\u00e3o dos melhores pre\u00e7os de di\u00e1rias<\/a><\/b><\/h3>\n<p>Contamos com uma tecnologia de ponta que faz a precifica\u00e7\u00e3o inteligente do seu im\u00f3vel, pensando a longo prazo. Em outras palavras, ela leva em conta as varia\u00e7\u00f5es de pre\u00e7o que ocorrem durante o ano, como feriados, alta e baixa temporada. Al\u00e9m de outras situa\u00e7\u00f5es que podem fazer com que o valor da di\u00e1ria do seu im\u00f3vel varie.<\/p>\n<h3><strong><img decoding=\"async\" class=\"emoji\" role=\"img\" draggable=\"false\" src=\"https:\/\/s.w.org\/images\/core\/emoji\/13.1.0\/svg\/1f5d3.svg\" alt=\"\ud83d\uddd3\ufe0f\" \/>\u00a0Gest\u00e3o do calend\u00e1rio\u00a0<\/strong><\/h3>\n<p>N\u00f3s tamb\u00e9m contamos com uma ferramenta que faz a gest\u00e3o unificada do seu calend\u00e1rio para evitar o overbooking. Al\u00e9m disso, voc\u00ea tamb\u00e9m pode continuar utilizando o seu im\u00f3vel quando desejar, basta apenas nos informar com anteced\u00eancia para que possamos fazer o bloqueio do calend\u00e1rio para os h\u00f3spedes.<\/p>\n<h3><b><img decoding=\"async\" class=\"emoji\" role=\"img\" draggable=\"false\" src=\"https:\/\/s.w.org\/images\/core\/emoji\/13.1.0\/svg\/2714.svg\" alt=\"\u2714\" \/>\u00a0Concierge, Limpeza e Manuten\u00e7\u00e3o\u00a0<\/b><\/h3>\n<p>Finalmente, para que voc\u00ea possa investir em aluguel de temporada tranquilamente, oferecemos servi\u00e7os complementares como de\u00a0<b>concierge<\/b>\u00a0do seu im\u00f3vel. Al\u00e9m de servi\u00e7os para\u00a0<strong>limpeza, manuten\u00e7\u00e3o<\/strong>\u00a0e outras coisas necess\u00e1rias para garantir uma experi\u00eancia perfeita aos h\u00f3spedes.<\/p>\n","titulo_secao_3":"Por que anunciar seu im\u00f3vel com a gente?","conteudo_secao_3":"<p>Ent\u00e3o, se comparamos os servi\u00e7os do Anfitri\u00e3o Prime com os servi\u00e7os oferecidos por outros sites de reservas, voc\u00ea ter\u00e1 as seguintes vantagens:<\/p>\n","titulo_secao_6":"Sobre S\u00e3o Vicente","conteudo_secao_6":"<figure id=\"attachment_4569\" class=\"thumbnail wp-caption alignnone\" style=\"width: 760px\"><img decoding=\"async\" loading=\"lazy\" class=\"wp-image-4569 size-full\" src=\"https:\/\/www.anfitriaoprime.com.br\/blog\/wp-content\/uploads\/2022\/06\/Dimensoes-personalizadas-750x410-px-1.jpeg\" alt=\"aluguel de temporada em S\u00e3o Vicente\" width=\"750\" height=\"410\" srcset=\"https:\/\/www.anfitriaoprime.com.br\/blog\/wp-content\/uploads\/2022\/06\/Dimensoes-personalizadas-750x410-px-1.jpeg 750w, https:\/\/www.anfitriaoprime.com.br\/blog\/wp-content\/uploads\/2022\/06\/Dimensoes-personalizadas-750x410-px-1-300x164.jpeg 300w\" sizes=\"(max-width: 750px) 100vw, 750px\" \/><figcaption class=\"caption wp-caption-text\">Ilha Porchat | Fotografia de Mike Peel<\/figcaption><\/figure>\n<p><span style=\"font-weight: 400;\">S\u00e3o Vicente \u00e9 uma cidade da microrregi\u00e3o de Santos-SP que atrai muitos turistas pela proximidade em rela\u00e7\u00e3o a outras cidades, como Praia Grande,<a href=\"https:\/\/www.anfitriaoprime.com.br\/blog\/aluguel-de-temporada-no-guaruja\/\"> Guaruj\u00e1<\/a> e a pr\u00f3pria Santos. Al\u00e9m disso, o local tamb\u00e9m tem v\u00e1rias atra\u00e7\u00f5es tur\u00edsticas que atrai diversos tipos de viajantes.\u00a0<\/span><\/p>\n<p>&nbsp;<\/p>\n<h3><strong>Dicas de roteiro em S\u00e3o Vicente\u00a0<\/strong><\/h3>\n<p><span style=\"font-weight: 400;\">Quer atrair mais pessoas interessadas em <\/span>aluguel de temporada em <b>S\u00e3o Vicente<\/b><span style=\"font-weight: 400;\">? Ent\u00e3o aproveite para conferir essas dicas de roteiro que n\u00f3s separamos.\u00a0<\/span><\/p>\n<h3><\/h3>\n<h4><strong>Ilha Porchat<\/strong><\/h4>\n<p><span style=\"font-weight: 400;\">A primeira dica de passeio tur\u00edstico para recomendar aos visitantes \u00e9 a Ilha Porchat. Ela \u00e9 super popular entre os turistas, principalmente durante a alta temporada.\u00a0<\/span><span style=\"font-weight: 400;\">Ela fica h\u00e1 apenas 4 km do centro, ou seja, \u00e9 super r\u00e1pido e tranquilo de chegar. Al\u00e9m disso, ela conta com um mirante para os visitantes observarem as belezas naturais da regi\u00e3o. Al\u00e9m do <\/span><span style=\"font-weight: 400;\">Monumento dos 500 Anos do Brasil, que foi projeto por ningu\u00e9m menos que o arquiteto Oscar Niemeyer.\u00a0<\/span><\/p>\n<h3><\/h3>\n<h4><strong>Parque Estadual Xixov\u00e1-Japu\u00ed<\/strong><\/h4>\n<p><span style=\"font-weight: 400;\">Em seguida, voc\u00ea pode indicar que os seus h\u00f3spedes conhe\u00e7am o Parque Estadual Xixov\u00e1-Japu\u00ed. Esse \u00e9 o tipo de passeio perfeito para os amantes da natureza, pois o espa\u00e7o possui mais de 900 hectares de Mata Atl\u00e2ntica.\u00a0<\/span><span style=\"font-weight: 400;\">Dentro do local h\u00e1 v\u00e1rias trilhas onde os visitantes podem avistar florestas intocadas, restingas e montanhas. <\/span><span style=\"font-weight: 400;\">Al\u00e9m disso, tamb\u00e9m \u00e9 poss\u00edvel encontrar lindas praias, como a Praia de Paranapu\u00e3, uma das mais preservadas da regi\u00e3o.<\/span><\/p>\n<h3><\/h3>\n<h4><strong>Morro do Voturu\u00e1<\/strong><\/h4>\n<p><span style=\"font-weight: 400;\">Para os visitantes que gostam de encarar um passeio mais aventureiro, a dica \u00e9 uma ida at\u00e9 o\u00a0 Morro do Voturu\u00e1. Ele fica bem na divisa de S\u00e3o Vicente com a cidade de Santos.\u00a0<\/span><span style=\"font-weight: 400;\">No local os visitantes poder\u00e3o passear no telef\u00e9rico. E para os mais aventureiros, ainda \u00e9 poss\u00edvel fazer um voo livre. Isso sem contar na beleza desse local.\u00a0<\/span><\/p>\n<p>&nbsp;<\/p>\n<h3><strong>Onde comer em S\u00e3o Vicente<\/strong><\/h3>\n<p><span style=\"font-weight: 400;\">Com toda a certeza quem est\u00e1 em busca de <\/span>aluguel de temporada em <b>S\u00e3o Vicente<\/b><span style=\"font-weight: 400;\"> tamb\u00e9m vai querer conhecer alguns dos principais points gastron\u00f4micos dessa regi\u00e3o litor\u00e2nea. Por isso n\u00f3s separamos algumas recomenda\u00e7\u00f5es.<\/span><\/p>\n<h3><\/h3>\n<h4><strong>Buteco do Chef<\/strong><\/h4>\n<p><span style=\"font-weight: 400;\">A primeira recomenda\u00e7\u00e3o \u00e9 o famoso Buteco do Chef. Ele serve uma boa variedade de pratos t\u00edpicos brasileiros, com aquele gostinho de comida caseira.\u00a0<\/span><span style=\"font-weight: 400;\">Outro diferencial desse local \u00e9 que ele \u00e9 comandado pela Chef Salete Lui e tem como Sub chef Carolina Iolanda e o cozinheiro Andrey Diniz. Ou seja, uma equipe de muito peso.\u00a0<\/span><\/p>\n<p>&nbsp;<\/p>\n<h4><strong>Deck Praia<\/strong><\/h4>\n<p><span style=\"font-weight: 400;\">Para os visitantes que est\u00e3o em busca de boas por\u00e7\u00f5es para compartilhar junto com cerveja gelada, o Deck Praia \u00e9 uma excelente recomenda\u00e7\u00e3o. O local conta com o famoso festival de por\u00e7\u00f5es onde \u00e9 poss\u00edvel comer v\u00e1rias deliciosas t\u00edpicas da praia, al\u00e9m de hamb\u00fargueres e caldos.\u00a0<\/span><\/p>\n<p><span style=\"font-weight: 400;\">N\u00e3o perca mais tempo n\u00e3o alugando seus im\u00f3veis. Aproveite essas dicas <\/span><span style=\"font-weight: 400;\">e fa\u00e7a o seu cadastro no Anfitri\u00e3o Prime. <strong><a href=\"https:\/\/reservas.anfitriaoprime.com.br\/\">Confira o nosso portf\u00f3lio com mais de 1000 im\u00f3veis cadastrados por todo o Brasil.\u00a0\u00a0<\/a><\/strong><\/span><\/p>\n"},"_links":{"self":[{"href":"https:\/\/www.anfitriaoprime.com.br\/blog\/wp-json\/wp\/v2\/pages\/4566"}],"collection":[{"href":"https:\/\/www.anfitriaoprime.com.br\/blog\/wp-json\/wp\/v2\/pages"}],"about":[{"href":"https:\/\/www.anfitriaoprime.com.br\/blog\/wp-json\/wp\/v2\/types\/page"}],"author":[{"embeddable":true,"href":"https:\/\/www.anfitriaoprime.com.br\/blog\/wp-json\/wp\/v2\/users\/1"}],"replies":[{"embeddable":true,"href":"https:\/\/www.anfitriaoprime.com.br\/blog\/wp-json\/wp\/v2\/comments?post=4566"}],"version-history":[{"count":4,"href":"https:\/\/www.anfitriaoprime.com.br\/blog\/wp-json\/wp\/v2\/pages\/4566\/revisions"}],"predecessor-version":[{"id":4572,"href":"https:\/\/www.anfitriaoprime.com.br\/blog\/wp-json\/wp\/v2\/pages\/4566\/revisions\/4572"}],"wp:featuredmedia":[{"embeddable":true,"href":"https:\/\/www.anfitriaoprime.com.br\/blog\/wp-json\/wp\/v2\/media\/4567"}],"wp:attachment":[{"href":"https:\/\/www.anfitriaoprime.com.br\/blog\/wp-json\/wp\/v2\/media?parent=4566"}],"curies":[{"name":"wp","href":"https:\/\/api.w.org\/{rel}","templated":true}]}}