{"id":4641,"date":"2022-06-10T15:50:52","date_gmt":"2022-06-10T18:50:52","guid":{"rendered":"https:\/\/www.anfitriaoprime.com.br\/blog\/?page_id=4641"},"modified":"2024-06-05T11:32:28","modified_gmt":"2024-06-05T14:32:28","slug":"aluguel-de-temporada-em-sao-joao-do-rio-preto","status":"publish","type":"page","link":"https:\/\/www.anfitriaoprime.com.br\/blog\/aluguel-de-temporada-em-sao-joao-do-rio-preto\/","title":{"rendered":"Aluguel de temporada em S\u00e3o Jo\u00e3o do Rio Preto \u00e9 com o Anfitri\u00e3o Prime"},"content":{"rendered":"<p><span style=\"font-weight: 400;\">O Anfitri\u00e3o Prime oferece tudo o que voc\u00ea precisa para investir em aluguel de temporada em <\/span><b>S\u00e3o Jo\u00e3o do Rio Preto<\/b><span style=\"font-weight: 400;\">. Al\u00e9m de uma tecnologia de ponta, contamos com uma equipe especializada que ir\u00e1 te auxiliar em todos os detalhes, desde a cria\u00e7\u00e3o do an\u00fancio at\u00e9 o check-out dos h\u00f3spedes.\u00a0<\/span><\/p>\n<p><strong><a href=\"https:\/\/reservas.anfitriaoprime.com.br\/\">Clique aqui para conhecer o nosso portf\u00f3lio com mais de 1000 im\u00f3veis cadastrados.<\/a><\/strong><\/p>\n<h2><strong>Como funciona o Anfitri\u00e3o Prime?<\/strong><\/h2>\n<p><span style=\"font-weight: 400;\">O Anfitri\u00e3o Prime n\u00e3o \u00e9 apenas uma imobili\u00e1ria digital ou um site de reservas comum, somos uma startup especializada em aluguel de temporada e que oferece diversos servi\u00e7os para atuar em todas as etapas da loca\u00e7\u00e3o. Assim voc\u00ea pode anunciar de forma otimizada e sem preocupa\u00e7\u00f5es.\u00a0<\/span><\/p>\n<p><span style=\"font-weight: 400;\">Ao anunciar com a gente, voc\u00ea ter\u00e1 uma equipe \u00e0 sua disposi\u00e7\u00e3o para cuidar de todos os detalhes do seu im\u00f3vel de temporada em S<\/span><b>\u00e3o Jo\u00e3o do Rio Preto<\/b><span style=\"font-weight: 400;\">. Iremos desenvolver seu an\u00fancio, falar com os h\u00f3spedes, fazer o check-in e check-out e cuidar de todos os detalhes!\u00a0<\/span><span style=\"font-weight: 400;\">Al\u00e9m disso, tamb\u00e9m oferecemos servi\u00e7os de gest\u00e3o de manuten\u00e7\u00e3o, limpeza e lavanderia.\u00a0<\/span><\/p>\n<p><span style=\"font-weight: 400;\">Fa\u00e7a o seu cadastro agora mesmo e venha anunciar seu im\u00f3vel <\/span><span style=\"font-weight: 400;\">com o Anfitri\u00e3o Prime. Basta preencher o formul\u00e1rio ao lado e seguir os passos seguintes.\u00a0<\/span><\/p>\n<section id=\"imgRiviera\" class=\"landing-page section-lp\">\n<div class=\"container\">\n<div class=\"row\">\n<div class=\"col-md-12\">\n<h2>Como gerenciamos im\u00f3veis de temporada em S\u00e3o Jo\u00e3o do Rio Preto<\/h2>\n<p>Aliamos a experi\u00eancia de mais de 30 anos com turismo dos nossos profissionais \u00e0 tecnologia de ponta, garantindo maiores ganhos com o aluguel de temporada para propriet\u00e1rios e a melhor experi\u00eancia para os h\u00f3spedes. Confira os nossos servi\u00e7os:<\/p>\n<h3><b><img decoding=\"async\" class=\"emoji\" role=\"img\" draggable=\"false\" src=\"https:\/\/s.w.org\/images\/core\/emoji\/13.1.0\/svg\/1f4bb.svg\" alt=\"\ud83d\udcbb\" \/>\u00a0Anunciamos sua propriedade<\/b><\/h3>\n<p>Primeiramente, n\u00f3s criamos o an\u00fancio da sua propriedade e o publicamos em mais de 30 sites de reservas, como Airbnb, Booking, VRBO (Alugue Temporada) e TripAdvisor.\u00a0 Em seguida, ficamos respons\u00e1veis pela gest\u00e3o dele em cada uma das plataformas.<\/p>\n<h3><a href=\"https:\/\/www.anfitriaoprime.com.br\/blog\/foto-a-importancia-no-aluguel-de-temporada\/\"><b><img decoding=\"async\" loading=\"lazy\" class=\"emoji alignnone\" role=\"img\" draggable=\"false\" src=\"https:\/\/s.w.org\/images\/core\/emoji\/13.1.0\/svg\/1f4f7.svg\" alt=\"aluguel de temporada em Monte Verde\" width=\"150\" height=\"150\" \/>\u00a0Fotos profissionais<\/b><\/a><\/h3>\n<p>As fotos profissionais do seu im\u00f3vel garantem uma melhor primeira impress\u00e3o aos h\u00f3spedes, o que aumenta as possibilidades de reservas.<\/p>\n<h3><b><img decoding=\"async\" class=\"emoji\" role=\"img\" draggable=\"false\" src=\"https:\/\/s.w.org\/images\/core\/emoji\/13.1.0\/svg\/1f4ac.svg\" alt=\"\ud83d\udcac\" \/>\u00a0Comunica\u00e7\u00e3o com os h\u00f3spedes<\/b><\/h3>\n<p>Um dos grandes problemas ao gerenciar um im\u00f3vel de temporada \u00e9 estar dispon\u00edvel para responder os h\u00f3spedes nas plataformas de reservas. Contudo, com o Anfitri\u00e3o Prime voc\u00ea n\u00e3o ter\u00e1 que se preocupar com isso, pois n\u00f3s temos uma equipe que est\u00e1 24\/7 dispon\u00edvel para atend\u00ea-los.<\/p>\n<h3><b><img decoding=\"async\" loading=\"lazy\" class=\"emoji alignnone\" role=\"img\" draggable=\"false\" src=\"https:\/\/s.w.org\/images\/core\/emoji\/13.1.0\/svg\/1f4c8.svg\" alt=\"aluguel de temporada em Monte Verde\" width=\"150\" height=\"150\" \/>\u00a0<a href=\"https:\/\/www.anfitriaoprime.com.br\/blog\/valor-da-diaria-no-aluguel-de-temporada\/\">Defini\u00e7\u00e3o dos melhores pre\u00e7os de di\u00e1rias<\/a><\/b><\/h3>\n<p>Contamos com uma tecnologia de ponta que faz a precifica\u00e7\u00e3o inteligente do seu im\u00f3vel, pensando a longo prazo. Em outras palavras, ela leva em conta as varia\u00e7\u00f5es de pre\u00e7o que ocorrem durante o ano, como feriados, alta e baixa temporada. Al\u00e9m de outras situa\u00e7\u00f5es que podem fazer com que o valor da di\u00e1ria do seu im\u00f3vel varie.<\/p>\n<h3><strong><img decoding=\"async\" class=\"emoji\" role=\"img\" draggable=\"false\" src=\"https:\/\/s.w.org\/images\/core\/emoji\/13.1.0\/svg\/1f5d3.svg\" alt=\"\ud83d\uddd3\ufe0f\" \/>\u00a0Gest\u00e3o do calend\u00e1rio\u00a0<\/strong><\/h3>\n<p>N\u00f3s tamb\u00e9m contamos com uma ferramenta que faz a gest\u00e3o unificada do seu calend\u00e1rio para evitar o overbooking. Al\u00e9m disso, voc\u00ea tamb\u00e9m pode continuar utilizando o seu im\u00f3vel quando desejar, basta apenas nos informar com anteced\u00eancia para que possamos fazer o bloqueio do calend\u00e1rio para os h\u00f3spedes.<\/p>\n<h3><b><img decoding=\"async\" class=\"emoji\" role=\"img\" draggable=\"false\" src=\"https:\/\/s.w.org\/images\/core\/emoji\/13.1.0\/svg\/2714.svg\" alt=\"\u2714\" \/>\u00a0Concierge, Limpeza e Manuten\u00e7\u00e3o\u00a0<\/b><\/h3>\n<p>Finalmente, para que voc\u00ea possa investir em aluguel de temporada tranquilamente, oferecemos servi\u00e7os complementares como de\u00a0<b>concierge<\/b>\u00a0do seu im\u00f3vel. Al\u00e9m de servi\u00e7os para\u00a0<strong>limpeza, manuten\u00e7\u00e3o<\/strong>\u00a0e outras coisas necess\u00e1rias para garantir uma experi\u00eancia perfeita aos h\u00f3spedes.<\/p>\n<\/div>\n<\/div>\n<\/div>\n<\/section>\n<section id=\"table-anfitriao\" class=\"landing-page section-lp\">\n<div class=\"container\">\n<div class=\"row\">\n<div class=\"col-md-12\">\n<h2>Por que anunciar seu im\u00f3vel com a gente?<\/h2>\n<p>Ent\u00e3o, se comparamos os servi\u00e7os do Anfitri\u00e3o Prime com os servi\u00e7os oferecidos por outros sites de reservas, voc\u00ea ter\u00e1 as seguintes vantagens:<\/p>\n<figure id=\"attachment_4644\" class=\"thumbnail wp-caption alignnone\" style=\"width: 310px\"><img decoding=\"async\" loading=\"lazy\" class=\"wp-image-4644 size-medium\" src=\"https:\/\/www.anfitriaoprime.com.br\/blog\/wp-content\/uploads\/2022\/06\/Dimensoes-personalizadas-750x410-px-16-300x164.jpeg\" alt=\"aluguel de temporada em S\u00e3o Jo\u00e3o do Rio Preto\" width=\"300\" height=\"164\" srcset=\"https:\/\/www.anfitriaoprime.com.br\/blog\/wp-content\/uploads\/2022\/06\/Dimensoes-personalizadas-750x410-px-16-300x164.jpeg 300w, https:\/\/www.anfitriaoprime.com.br\/blog\/wp-content\/uploads\/2022\/06\/Dimensoes-personalizadas-750x410-px-16.jpeg 750w\" sizes=\"(max-width: 300px) 100vw, 300px\" \/><figcaption class=\"caption wp-caption-text\">Parque da Represa do Rio Preto<\/figcaption><\/figure>\n<h3><strong>Sobre S\u00e3o Jo\u00e3o do Rio Preto\u00a0<\/strong><\/h3>\n<p><span style=\"font-weight: 400;\">A cidade de S\u00e3o Jos\u00e9 do Rio Preto (S\u00e3o Paulo) consegue agradar todos os tipos de turistas. Isso porque, \u00e9 poss\u00edvel encontrar desde parques para curtir a natureza, at\u00e9 museus para os amantes de arte e cultura.\u00a0<\/span><\/p>\n<p>E se voc\u00ea quer atrair mais h\u00f3spedes para o seu im\u00f3vel, precisa conferir as dicas a seguir:<\/p>\n<p>&nbsp;<\/p>\n<h4><strong>Parque da Represa<\/strong><\/h4>\n<p><span style=\"font-weight: 400;\">Primeiramente, sugerimos que os seus h\u00f3spedes conhe\u00e7am o ponto tur\u00edstico mais conhecido da cidade que \u00e9 o Parque da Represa Municipal. Ele foi inaugurado em 1955 e traz atra\u00e7\u00f5es para todas as idades.\u00a0<\/span><\/p>\n<p><span style=\"font-weight: 400;\">Al\u00e9m de uma ampla \u00e1rea verde, o local ainda conta com uma pista de caminhada de 2,7 mil metros e lanchonetes. Os visitantes ainda poder\u00e3o ver v\u00e1rias esp\u00e9cies de animais silvestres!\u00a0<\/span><\/p>\n<p>&nbsp;<\/p>\n<h4><strong>Parque Ecol\u00f3gico<\/strong><\/h4>\n<p><span style=\"font-weight: 400;\">Outra dica de roteiro \u00e9 o Parque Ecol\u00f3gico de S\u00e3o Jos\u00e9. Essa atra\u00e7\u00e3o foi constru\u00edda em uma \u00e1rea verde de 71,1 mil metros quadrados. O local \u00e9 simplesmente perfeito para quem est\u00e1 viajando com a crian\u00e7ada.\u00a0<\/span><\/p>\n<p><span style=\"font-weight: 400;\">O local possui \u00e1reas de caminhada, brinquedos projetados, e mais de 400 esp\u00e9cies de \u00e1rvores. Al\u00e9m disso, o parque possui mais 5 espa\u00e7os que estimulam a atividade motora e mental para os pequenos.\u00a0<\/span><\/p>\n<p>&nbsp;<\/p>\n<h4><strong>Museu de Arte<\/strong><\/h4>\n<p><span style=\"font-weight: 400;\">Para os amantes de arte e cultura, tamb\u00e9m vale a pena indicar o Museu de Arte Naif. O espa\u00e7o conta com um amplo acervo com obras de artistas primitivistas de S\u00e3o Jos\u00e9 do Rio Preto e regi\u00e3o.\u00a0<\/span><\/p>\n<p>&nbsp;<\/p>\n<h3><strong>Onde comer em S\u00e3o Jo\u00e3o do Rio Preto\u00a0<\/strong><\/h3>\n<p><span style=\"font-weight: 400;\">Com toda a certeza os h\u00f3spedes que procuram por im\u00f3veis de <\/span>temporada em<b> S\u00e3o Jo\u00e3o do Rio Preto<\/b><span style=\"font-weight: 400;\"> tamb\u00e9m v\u00e3o querer conhecer alguns dos principais restaurantes da regi\u00e3o. Por isso, separamos algumas dicas.<\/span><\/p>\n<p>&nbsp;<\/p>\n<h4><strong>Ponto Da Picanha<\/strong><\/h4>\n<p><span style=\"font-weight: 400;\">A primeira recomenda\u00e7\u00e3o \u00e9 o restaurante \u00e9 o Ponto da Picanha. Como o pr\u00f3prio nome sugere, ele \u00e9 especializado nesse corte t\u00e3o amado entre os brasileiros.\u00a0<\/span><span style=\"font-weight: 400;\">Um dos grandes diferenciais desse restaurante s\u00e3o os pratos bem servidos. Dependendo da op\u00e7\u00e3o escolhida ela pode facilmente servir at\u00e9 tr\u00eas pessoas.\u00a0<\/span><\/p>\n<p>&nbsp;<\/p>\n<h4><strong>Emp\u00f3rio Santa Therezinha<\/strong><\/h4>\n<p><span style=\"font-weight: 400;\">Mais uma das dicas para recomendar aos turistas \u00e9 o Emp\u00f3rio Santa Therezinha. O local traz alguns cl\u00e1ssicos brasileiros e alguns queridinhos, como o fil\u00e9 a parmegiana.\u00a0<\/span><\/p>\n<p><span style=\"font-weight: 400;\">O risoto de lim\u00e3o siciliano com fil\u00e9 de peixe saint Peter grelhado tamb\u00e9m \u00e9 uma excelente alternativa!<\/span><\/p>\n<p><span style=\"font-weight: 400;\">Ent\u00e3o, aproveite para usar essas dicas para atrair mais h\u00f3spedes para o seu aluguel de temporada em S<\/span><b>\u00e3o Jo\u00e3o do Rio Preto<\/b><span style=\"font-weight: 400;\">. <strong><a href=\"https:\/\/reservas.anfitriaoprime.com.br\/\">Clique aqui para conhecer o nosso portf\u00f3lio com mais de 1000 im\u00f3veis cadastrados.<\/a><\/strong><\/span><\/p>\n<\/div>\n<\/div>\n<\/div>\n<\/section>\n","protected":false},"excerpt":{"rendered":"<p>O Anfitri\u00e3o Prime oferece tudo o que voc\u00ea precisa para investir em aluguel de temporada em S\u00e3o Jo\u00e3o do Rio Preto. Al\u00e9m de uma tecnologia de ponta, contamos com uma equipe especializada que ir\u00e1 te auxiliar em todos os detalhes, desde a cria\u00e7\u00e3o do an\u00fancio at\u00e9 o check-out dos h\u00f3spedes.\u00a0 Clique aqui para conhecer o [&hellip;]<\/p>\n","protected":false},"author":1,"featured_media":4642,"parent":0,"menu_order":0,"comment_status":"closed","ping_status":"closed","template":"","meta":[],"yoast_head":"<!-- This site is optimized with the Yoast SEO plugin v21.1 - https:\/\/yoast.com\/wordpress\/plugins\/seo\/ -->\n<title>Aluguel de temporada em S\u00e3o Jo\u00e3o do Rio Preto \u00e9 com o Anfitri\u00e3o Prime<\/title>\n<meta name=\"description\" content=\"Voc\u00ea ainda n\u00e3o est\u00e1 investindo em aluguel por temporada em S\u00e3o Jo\u00e3o do Rio Preto? N\u00e3o perca mais tempo, conhe\u00e7a os nossos servi\u00e7os!\" \/>\n<meta name=\"robots\" content=\"index, follow, max-snippet:-1, max-image-preview:large, max-video-preview:-1\" \/>\n<link rel=\"canonical\" href=\"https:\/\/www.anfitriaoprime.com.br\/blog\/aluguel-de-temporada-em-sao-joao-do-rio-preto\/\" \/>\n<meta property=\"og:locale\" content=\"pt_BR\" \/>\n<meta property=\"og:type\" content=\"article\" \/>\n<meta property=\"og:title\" content=\"Aluguel de temporada em S\u00e3o Jo\u00e3o do Rio Preto \u00e9 com o Anfitri\u00e3o Prime\" \/>\n<meta property=\"og:description\" content=\"Voc\u00ea ainda n\u00e3o est\u00e1 investindo em aluguel por temporada em S\u00e3o Jo\u00e3o do Rio Preto? N\u00e3o perca mais tempo, conhe\u00e7a os nossos servi\u00e7os!\" \/>\n<meta property=\"og:url\" content=\"https:\/\/www.anfitriaoprime.com.br\/blog\/aluguel-de-temporada-em-sao-joao-do-rio-preto\/\" \/>\n<meta property=\"og:site_name\" content=\"Blog Anfitri\u00e3o Prime: Ganhe dinheiro com aluguel de temporada.\" \/>\n<meta property=\"article:modified_time\" content=\"2024-06-05T14:32:28+00:00\" \/>\n<meta property=\"og:image\" content=\"https:\/\/www.anfitriaoprime.com.br\/blog\/wp-content\/uploads\/2022\/06\/1920-11.jpeg\" \/>\n\t<meta property=\"og:image:width\" content=\"1920\" \/>\n\t<meta property=\"og:image:height\" content=\"550\" \/>\n\t<meta property=\"og:image:type\" content=\"image\/jpeg\" \/>\n<meta name=\"twitter:card\" content=\"summary_large_image\" \/>\n<meta name=\"twitter:label1\" content=\"Est. tempo de leitura\" \/>\n\t<meta name=\"twitter:data1\" content=\"7 minutos\" \/>\n<script type=\"application\/ld+json\" class=\"yoast-schema-graph\">{\"@context\":\"https:\/\/schema.org\",\"@graph\":[{\"@type\":\"WebPage\",\"@id\":\"https:\/\/www.anfitriaoprime.com.br\/blog\/aluguel-de-temporada-em-sao-joao-do-rio-preto\/\",\"url\":\"https:\/\/www.anfitriaoprime.com.br\/blog\/aluguel-de-temporada-em-sao-joao-do-rio-preto\/\",\"name\":\"Aluguel de temporada em S\u00e3o Jo\u00e3o do Rio Preto \u00e9 com o Anfitri\u00e3o Prime\",\"isPartOf\":{\"@id\":\"https:\/\/www.anfitriaoprime.com.br\/blog\/#website\"},\"datePublished\":\"2022-06-10T18:50:52+00:00\",\"dateModified\":\"2024-06-05T14:32:28+00:00\",\"description\":\"Voc\u00ea ainda n\u00e3o est\u00e1 investindo em aluguel por temporada em S\u00e3o Jo\u00e3o do Rio Preto? N\u00e3o perca mais tempo, conhe\u00e7a os nossos servi\u00e7os!\",\"breadcrumb\":{\"@id\":\"https:\/\/www.anfitriaoprime.com.br\/blog\/aluguel-de-temporada-em-sao-joao-do-rio-preto\/#breadcrumb\"},\"inLanguage\":\"pt-BR\",\"potentialAction\":[{\"@type\":\"ReadAction\",\"target\":[\"https:\/\/www.anfitriaoprime.com.br\/blog\/aluguel-de-temporada-em-sao-joao-do-rio-preto\/\"]}]},{\"@type\":\"BreadcrumbList\",\"@id\":\"https:\/\/www.anfitriaoprime.com.br\/blog\/aluguel-de-temporada-em-sao-joao-do-rio-preto\/#breadcrumb\",\"itemListElement\":[{\"@type\":\"ListItem\",\"position\":1,\"name\":\"In\u00edcio\",\"item\":\"https:\/\/www.anfitriaoprime.com.br\/blog\/\"},{\"@type\":\"ListItem\",\"position\":2,\"name\":\"Aluguel de temporada em S\u00e3o Jo\u00e3o do Rio Preto \u00e9 com o Anfitri\u00e3o Prime\"}]},{\"@type\":\"WebSite\",\"@id\":\"https:\/\/www.anfitriaoprime.com.br\/blog\/#website\",\"url\":\"https:\/\/www.anfitriaoprime.com.br\/blog\/\",\"name\":\"Blog Anfitri\u00e3o Prime - Gest\u00e3o de propriedade para aluguel de temporada\",\"description\":\"No blog do Anfitri\u00e3o Prime voc\u00ea encontra dicas e informa\u00e7\u00f5es sobre o mercado de aluguel de temporada escrito por anfitri\u00f5es profissionais\",\"potentialAction\":[{\"@type\":\"SearchAction\",\"target\":{\"@type\":\"EntryPoint\",\"urlTemplate\":\"https:\/\/www.anfitriaoprime.com.br\/blog\/?s={search_term_string}\"},\"query-input\":\"required name=search_term_string\"}],\"inLanguage\":\"pt-BR\"}]}<\/script>\n<!-- \/ Yoast SEO plugin. -->","yoast_head_json":{"title":"Aluguel de temporada em S\u00e3o Jo\u00e3o do Rio Preto \u00e9 com o Anfitri\u00e3o Prime","description":"Voc\u00ea ainda n\u00e3o est\u00e1 investindo em aluguel por temporada em S\u00e3o Jo\u00e3o do Rio Preto? N\u00e3o perca mais tempo, conhe\u00e7a os nossos servi\u00e7os!","robots":{"index":"index","follow":"follow","max-snippet":"max-snippet:-1","max-image-preview":"max-image-preview:large","max-video-preview":"max-video-preview:-1"},"canonical":"https:\/\/www.anfitriaoprime.com.br\/blog\/aluguel-de-temporada-em-sao-joao-do-rio-preto\/","og_locale":"pt_BR","og_type":"article","og_title":"Aluguel de temporada em S\u00e3o Jo\u00e3o do Rio Preto \u00e9 com o Anfitri\u00e3o Prime","og_description":"Voc\u00ea ainda n\u00e3o est\u00e1 investindo em aluguel por temporada em S\u00e3o Jo\u00e3o do Rio Preto? N\u00e3o perca mais tempo, conhe\u00e7a os nossos servi\u00e7os!","og_url":"https:\/\/www.anfitriaoprime.com.br\/blog\/aluguel-de-temporada-em-sao-joao-do-rio-preto\/","og_site_name":"Blog Anfitri\u00e3o Prime: Ganhe dinheiro com aluguel de temporada.","article_modified_time":"2024-06-05T14:32:28+00:00","og_image":[{"width":1920,"height":550,"url":"https:\/\/www.anfitriaoprime.com.br\/blog\/wp-content\/uploads\/2022\/06\/1920-11.jpeg","type":"image\/jpeg"}],"twitter_card":"summary_large_image","twitter_misc":{"Est. tempo de leitura":"7 minutos"},"schema":{"@context":"https:\/\/schema.org","@graph":[{"@type":"WebPage","@id":"https:\/\/www.anfitriaoprime.com.br\/blog\/aluguel-de-temporada-em-sao-joao-do-rio-preto\/","url":"https:\/\/www.anfitriaoprime.com.br\/blog\/aluguel-de-temporada-em-sao-joao-do-rio-preto\/","name":"Aluguel de temporada em S\u00e3o Jo\u00e3o do Rio Preto \u00e9 com o Anfitri\u00e3o Prime","isPartOf":{"@id":"https:\/\/www.anfitriaoprime.com.br\/blog\/#website"},"datePublished":"2022-06-10T18:50:52+00:00","dateModified":"2024-06-05T14:32:28+00:00","description":"Voc\u00ea ainda n\u00e3o est\u00e1 investindo em aluguel por temporada em S\u00e3o Jo\u00e3o do Rio Preto? N\u00e3o perca mais tempo, conhe\u00e7a os nossos servi\u00e7os!","breadcrumb":{"@id":"https:\/\/www.anfitriaoprime.com.br\/blog\/aluguel-de-temporada-em-sao-joao-do-rio-preto\/#breadcrumb"},"inLanguage":"pt-BR","potentialAction":[{"@type":"ReadAction","target":["https:\/\/www.anfitriaoprime.com.br\/blog\/aluguel-de-temporada-em-sao-joao-do-rio-preto\/"]}]},{"@type":"BreadcrumbList","@id":"https:\/\/www.anfitriaoprime.com.br\/blog\/aluguel-de-temporada-em-sao-joao-do-rio-preto\/#breadcrumb","itemListElement":[{"@type":"ListItem","position":1,"name":"In\u00edcio","item":"https:\/\/www.anfitriaoprime.com.br\/blog\/"},{"@type":"ListItem","position":2,"name":"Aluguel de temporada em S\u00e3o Jo\u00e3o do Rio Preto \u00e9 com o Anfitri\u00e3o Prime"}]},{"@type":"WebSite","@id":"https:\/\/www.anfitriaoprime.com.br\/blog\/#website","url":"https:\/\/www.anfitriaoprime.com.br\/blog\/","name":"Blog Anfitri\u00e3o Prime - Gest\u00e3o de propriedade para aluguel de temporada","description":"No blog do Anfitri\u00e3o Prime voc\u00ea encontra dicas e informa\u00e7\u00f5es sobre o mercado de aluguel de temporada escrito por anfitri\u00f5es profissionais","potentialAction":[{"@type":"SearchAction","target":{"@type":"EntryPoint","urlTemplate":"https:\/\/www.anfitriaoprime.com.br\/blog\/?s={search_term_string}"},"query-input":"required name=search_term_string"}],"inLanguage":"pt-BR"}]}},"acf":{"imagem":{"ID":4642,"id":4642,"title":"Foto do Governo do Estado de S\u00e3o Paulo","filename":"1920-11.jpeg","filesize":871030,"url":"https:\/\/www.anfitriaoprime.com.br\/blog\/wp-content\/uploads\/2022\/06\/1920-11.jpeg","link":"https:\/\/www.anfitriaoprime.com.br\/blog\/aluguel-de-temporada-em-sao-joao-do-rio-preto\/1920-11-4\/","alt":"aluguel de temporada em S\u00e3o Jo\u00e3o do Rio Preto","author":"1","description":"","caption":"Foto do Governo do Estado de S\u00e3o Paulo","name":"1920-11-4","status":"inherit","uploaded_to":4641,"date":"2022-06-10 18:23:10","modified":"2022-06-10 18:24:08","menu_order":0,"mime_type":"image\/jpeg","type":"image","subtype":"jpeg","icon":"https:\/\/www.anfitriaoprime.com.br\/blog\/wp-includes\/images\/media\/default.png","width":1920,"height":550,"sizes":{"thumbnail":"https:\/\/www.anfitriaoprime.com.br\/blog\/wp-content\/uploads\/2022\/06\/1920-11-150x150.jpeg","thumbnail-width":150,"thumbnail-height":150,"medium":"https:\/\/www.anfitriaoprime.com.br\/blog\/wp-content\/uploads\/2022\/06\/1920-11-300x86.jpeg","medium-width":300,"medium-height":86,"medium_large":"https:\/\/www.anfitriaoprime.com.br\/blog\/wp-content\/uploads\/2022\/06\/1920-11-768x220.jpeg","medium_large-width":648,"medium_large-height":186,"large":"https:\/\/www.anfitriaoprime.com.br\/blog\/wp-content\/uploads\/2022\/06\/1920-11-1024x293.jpeg","large-width":648,"large-height":185,"1536x1536":"https:\/\/www.anfitriaoprime.com.br\/blog\/wp-content\/uploads\/2022\/06\/1920-11.jpeg","1536x1536-width":1536,"1536x1536-height":440,"2048x2048":"https:\/\/www.anfitriaoprime.com.br\/blog\/wp-content\/uploads\/2022\/06\/1920-11.jpeg","2048x2048-width":1920,"2048x2048-height":550,"sparkling-featured":"https:\/\/www.anfitriaoprime.com.br\/blog\/wp-content\/uploads\/2022\/06\/1920-11.jpeg","sparkling-featured-width":750,"sparkling-featured-height":215,"sparkling-featured-fullwidth":"https:\/\/www.anfitriaoprime.com.br\/blog\/wp-content\/uploads\/2022\/06\/1920-11.jpeg","sparkling-featured-fullwidth-width":1140,"sparkling-featured-fullwidth-height":327,"tab-small":"https:\/\/www.anfitriaoprime.com.br\/blog\/wp-content\/uploads\/2022\/06\/1920-11.jpeg","tab-small-width":60,"tab-small-height":17,"crp_thumbnail":"https:\/\/www.anfitriaoprime.com.br\/blog\/wp-content\/uploads\/2022\/06\/1920-11.jpeg","crp_thumbnail-width":150,"crp_thumbnail-height":43}},"titulo":"Aluguel de temporada em S\u00e3o Jo\u00e3o do Rio Preto \u00e9 com o Anfitri\u00e3o Prime ","subtitulo":"<p><span style=\"font-weight: 400;\">O Anfitri\u00e3o Prime oferece tudo o que voc\u00ea precisa para investir em aluguel de temporada em <\/span><b>S\u00e3o Jo\u00e3o do Rio Preto<\/b><span style=\"font-weight: 400;\">. Al\u00e9m de uma tecnologia de ponta, contamos com uma equipe especializada que ir\u00e1 te auxiliar em todos os detalhes, desde a cria\u00e7\u00e3o do an\u00fancio at\u00e9 o check-out dos h\u00f3spedes.\u00a0<\/span><\/p>\n<p><strong><a href=\"https:\/\/reservas.anfitriaoprime.com.br\/\">Clique aqui para conhecer o nosso portf\u00f3lio com mais de 1000 im\u00f3veis cadastrados.<\/a><\/strong><\/p>\n","titulo_secao_1":"Como funciona o Anfitri\u00e3o Prime?","conteudo_secao_1":"<p><span style=\"font-weight: 400;\">O Anfitri\u00e3o Prime n\u00e3o \u00e9 apenas uma imobili\u00e1ria digital ou um site de reservas comum, somos uma startup especializada em aluguel de temporada e que oferece diversos servi\u00e7os para atuar em todas as etapas da loca\u00e7\u00e3o. Assim voc\u00ea pode anunciar de forma otimizada e sem preocupa\u00e7\u00f5es.\u00a0<\/span><\/p>\n<p><span style=\"font-weight: 400;\">Ao anunciar com a gente, voc\u00ea ter\u00e1 uma equipe \u00e0 sua disposi\u00e7\u00e3o para cuidar de todos os detalhes do seu im\u00f3vel de temporada em S<\/span><b>\u00e3o Jo\u00e3o do Rio Preto<\/b><span style=\"font-weight: 400;\">. Iremos desenvolver seu an\u00fancio, falar com os h\u00f3spedes, fazer o check-in e check-out e cuidar de todos os detalhes!\u00a0<\/span><span style=\"font-weight: 400;\">Al\u00e9m disso, tamb\u00e9m oferecemos servi\u00e7os de gest\u00e3o de manuten\u00e7\u00e3o, limpeza e lavanderia.\u00a0<\/span><\/p>\n<p><span style=\"font-weight: 400;\">Fa\u00e7a o seu cadastro agora mesmo e venha anunciar seu im\u00f3vel <\/span><span style=\"font-weight: 400;\">com o Anfitri\u00e3o Prime. Basta preencher o formul\u00e1rio ao lado e seguir os passos seguintes.\u00a0<\/span><\/p>\n","titulo_secao_2":"Como gerenciamos im\u00f3veis de temporada em S\u00e3o Jo\u00e3o do Rio Preto","imagem_secao_2":false,"conteudo_secao_2":"<p>Aliamos a experi\u00eancia de mais de 30 anos com turismo dos nossos profissionais \u00e0 tecnologia de ponta, garantindo maiores ganhos com o aluguel de temporada para propriet\u00e1rios e a melhor experi\u00eancia para os h\u00f3spedes. Confira os nossos servi\u00e7os:<\/p>\n<h3><b><img decoding=\"async\" class=\"emoji\" role=\"img\" draggable=\"false\" src=\"https:\/\/s.w.org\/images\/core\/emoji\/13.1.0\/svg\/1f4bb.svg\" alt=\"\ud83d\udcbb\" \/>\u00a0Anunciamos sua propriedade<\/b><\/h3>\n<p>Primeiramente, n\u00f3s criamos o an\u00fancio da sua propriedade e o publicamos em mais de 30 sites de reservas, como Airbnb, Booking, VRBO (Alugue Temporada) e TripAdvisor.\u00a0 Em seguida, ficamos respons\u00e1veis pela gest\u00e3o dele em cada uma das plataformas.<\/p>\n<h3><a href=\"https:\/\/www.anfitriaoprime.com.br\/blog\/foto-a-importancia-no-aluguel-de-temporada\/\"><b><img decoding=\"async\" loading=\"lazy\" class=\"emoji alignnone\" role=\"img\" draggable=\"false\" src=\"https:\/\/s.w.org\/images\/core\/emoji\/13.1.0\/svg\/1f4f7.svg\" alt=\"aluguel de temporada em Monte Verde\" width=\"150\" height=\"150\" \/>\u00a0Fotos profissionais<\/b><\/a><\/h3>\n<p>As fotos profissionais do seu im\u00f3vel garantem uma melhor primeira impress\u00e3o aos h\u00f3spedes, o que aumenta as possibilidades de reservas.<\/p>\n<h3><b><img decoding=\"async\" class=\"emoji\" role=\"img\" draggable=\"false\" src=\"https:\/\/s.w.org\/images\/core\/emoji\/13.1.0\/svg\/1f4ac.svg\" alt=\"\ud83d\udcac\" \/>\u00a0Comunica\u00e7\u00e3o com os h\u00f3spedes<\/b><\/h3>\n<p>Um dos grandes problemas ao gerenciar um im\u00f3vel de temporada \u00e9 estar dispon\u00edvel para responder os h\u00f3spedes nas plataformas de reservas. Contudo, com o Anfitri\u00e3o Prime voc\u00ea n\u00e3o ter\u00e1 que se preocupar com isso, pois n\u00f3s temos uma equipe que est\u00e1 24\/7 dispon\u00edvel para atend\u00ea-los.<\/p>\n<h3><b><img decoding=\"async\" loading=\"lazy\" class=\"emoji alignnone\" role=\"img\" draggable=\"false\" src=\"https:\/\/s.w.org\/images\/core\/emoji\/13.1.0\/svg\/1f4c8.svg\" alt=\"aluguel de temporada em Monte Verde\" width=\"150\" height=\"150\" \/>\u00a0<a href=\"https:\/\/www.anfitriaoprime.com.br\/blog\/valor-da-diaria-no-aluguel-de-temporada\/\">Defini\u00e7\u00e3o dos melhores pre\u00e7os de di\u00e1rias<\/a><\/b><\/h3>\n<p>Contamos com uma tecnologia de ponta que faz a precifica\u00e7\u00e3o inteligente do seu im\u00f3vel, pensando a longo prazo. Em outras palavras, ela leva em conta as varia\u00e7\u00f5es de pre\u00e7o que ocorrem durante o ano, como feriados, alta e baixa temporada. Al\u00e9m de outras situa\u00e7\u00f5es que podem fazer com que o valor da di\u00e1ria do seu im\u00f3vel varie.<\/p>\n<h3><strong><img decoding=\"async\" class=\"emoji\" role=\"img\" draggable=\"false\" src=\"https:\/\/s.w.org\/images\/core\/emoji\/13.1.0\/svg\/1f5d3.svg\" alt=\"\ud83d\uddd3\ufe0f\" \/>\u00a0Gest\u00e3o do calend\u00e1rio\u00a0<\/strong><\/h3>\n<p>N\u00f3s tamb\u00e9m contamos com uma ferramenta que faz a gest\u00e3o unificada do seu calend\u00e1rio para evitar o overbooking. Al\u00e9m disso, voc\u00ea tamb\u00e9m pode continuar utilizando o seu im\u00f3vel quando desejar, basta apenas nos informar com anteced\u00eancia para que possamos fazer o bloqueio do calend\u00e1rio para os h\u00f3spedes.<\/p>\n<h3><b><img decoding=\"async\" class=\"emoji\" role=\"img\" draggable=\"false\" src=\"https:\/\/s.w.org\/images\/core\/emoji\/13.1.0\/svg\/2714.svg\" alt=\"\u2714\" \/>\u00a0Concierge, Limpeza e Manuten\u00e7\u00e3o\u00a0<\/b><\/h3>\n<p>Finalmente, para que voc\u00ea possa investir em aluguel de temporada tranquilamente, oferecemos servi\u00e7os complementares como de\u00a0<b>concierge<\/b>\u00a0do seu im\u00f3vel. Al\u00e9m de servi\u00e7os para\u00a0<strong>limpeza, manuten\u00e7\u00e3o<\/strong>\u00a0e outras coisas necess\u00e1rias para garantir uma experi\u00eancia perfeita aos h\u00f3spedes.<\/p>\n","titulo_secao_3":"Por que anunciar seu im\u00f3vel com a gente?","conteudo_secao_3":"<p>Ent\u00e3o, se comparamos os servi\u00e7os do Anfitri\u00e3o Prime com os servi\u00e7os oferecidos por outros sites de reservas, voc\u00ea ter\u00e1 as seguintes vantagens:<\/p>\n","titulo_secao_6":"Sobre S\u00e3o Jo\u00e3o do Rio Preto\u00a0","conteudo_secao_6":"<figure id=\"attachment_4644\" class=\"thumbnail wp-caption alignnone\" style=\"width: 760px\"><img decoding=\"async\" loading=\"lazy\" class=\"wp-image-4644 size-full\" src=\"https:\/\/www.anfitriaoprime.com.br\/blog\/wp-content\/uploads\/2022\/06\/Dimensoes-personalizadas-750x410-px-16.jpeg\" alt=\"aluguel de temporada em S\u00e3o Jo\u00e3o do Rio Preto\" width=\"750\" height=\"410\" srcset=\"https:\/\/www.anfitriaoprime.com.br\/blog\/wp-content\/uploads\/2022\/06\/Dimensoes-personalizadas-750x410-px-16.jpeg 750w, https:\/\/www.anfitriaoprime.com.br\/blog\/wp-content\/uploads\/2022\/06\/Dimensoes-personalizadas-750x410-px-16-300x164.jpeg 300w\" sizes=\"(max-width: 750px) 100vw, 750px\" \/><figcaption class=\"caption wp-caption-text\">Parque da Represa do Rio Preto<\/figcaption><\/figure>\n<p><span style=\"font-weight: 400;\">A cidade de S\u00e3o Jos\u00e9 do Rio Preto (S\u00e3o Paulo) consegue agradar todos os tipos de turistas. Isso porque, \u00e9 poss\u00edvel encontrar desde parques para curtir a natureza, at\u00e9 museus para os amantes de arte e cultura.\u00a0<\/span><\/p>\n<p>E se voc\u00ea quer atrair mais h\u00f3spedes para o seu im\u00f3vel, precisa conferir as dicas a seguir:<\/p>\n<p>&nbsp;<\/p>\n<h4><strong>Parque da Represa<\/strong><\/h4>\n<p><span style=\"font-weight: 400;\">Primeiramente, sugerimos que os seus h\u00f3spedes conhe\u00e7am o ponto tur\u00edstico mais conhecido da cidade que \u00e9 o Parque da Represa Municipal. Ele foi inaugurado em 1955 e traz atra\u00e7\u00f5es para todas as idades.\u00a0<\/span><\/p>\n<p><span style=\"font-weight: 400;\">Al\u00e9m de uma ampla \u00e1rea verde, o local ainda conta com uma pista de caminhada de 2,7 mil metros e lanchonetes. Os visitantes ainda poder\u00e3o ver v\u00e1rias esp\u00e9cies de animais silvestres!\u00a0<\/span><\/p>\n<p>&nbsp;<\/p>\n<h4><strong>Parque Ecol\u00f3gico<\/strong><\/h4>\n<p><span style=\"font-weight: 400;\">Outra dica de roteiro \u00e9 o Parque Ecol\u00f3gico de S\u00e3o Jos\u00e9. Essa atra\u00e7\u00e3o foi constru\u00edda em uma \u00e1rea verde de 71,1 mil metros quadrados. O local \u00e9 simplesmente perfeito para quem est\u00e1 viajando com a crian\u00e7ada.\u00a0<\/span><\/p>\n<p><span style=\"font-weight: 400;\">O local possui \u00e1reas de caminhada, brinquedos projetados, e mais de 400 esp\u00e9cies de \u00e1rvores. Al\u00e9m disso, o parque possui mais 5 espa\u00e7os que estimulam a atividade motora e mental para os pequenos.\u00a0<\/span><\/p>\n<p>&nbsp;<\/p>\n<h4><strong>Museu de Arte<\/strong><\/h4>\n<p><span style=\"font-weight: 400;\">Para os amantes de arte e cultura, tamb\u00e9m vale a pena indicar o Museu de Arte Naif. O espa\u00e7o conta com um amplo acervo com obras de artistas primitivistas de S\u00e3o Jos\u00e9 do Rio Preto e regi\u00e3o.\u00a0<\/span><\/p>\n<p>&nbsp;<\/p>\n<h3><strong>Onde comer em S\u00e3o Jo\u00e3o do Rio Preto\u00a0<\/strong><\/h3>\n<p><span style=\"font-weight: 400;\">Com toda a certeza os h\u00f3spedes que procuram por im\u00f3veis de <\/span>temporada em<b> S\u00e3o Jo\u00e3o do Rio Preto<\/b><span style=\"font-weight: 400;\"> tamb\u00e9m v\u00e3o querer conhecer alguns dos principais restaurantes da regi\u00e3o. Por isso, separamos algumas dicas.<\/span><\/p>\n<p>&nbsp;<\/p>\n<h4><strong>Ponto Da Picanha<\/strong><\/h4>\n<p><span style=\"font-weight: 400;\">A primeira recomenda\u00e7\u00e3o \u00e9 o restaurante \u00e9 o Ponto da Picanha. Como o pr\u00f3prio nome sugere, ele \u00e9 especializado nesse corte t\u00e3o amado entre os brasileiros.\u00a0<\/span><span style=\"font-weight: 400;\">Um dos grandes diferenciais desse restaurante s\u00e3o os pratos bem servidos. Dependendo da op\u00e7\u00e3o escolhida ela pode facilmente servir at\u00e9 tr\u00eas pessoas.\u00a0<\/span><\/p>\n<p>&nbsp;<\/p>\n<h4><strong>Emp\u00f3rio Santa Therezinha<\/strong><\/h4>\n<p><span style=\"font-weight: 400;\">Mais uma das dicas para recomendar aos turistas \u00e9 o Emp\u00f3rio Santa Therezinha. O local traz alguns cl\u00e1ssicos brasileiros e alguns queridinhos, como o fil\u00e9 a parmegiana.\u00a0<\/span><\/p>\n<p><span style=\"font-weight: 400;\">O risoto de lim\u00e3o siciliano com fil\u00e9 de peixe saint Peter grelhado tamb\u00e9m \u00e9 uma excelente alternativa!<\/span><\/p>\n<p><span style=\"font-weight: 400;\">Ent\u00e3o, aproveite para usar essas dicas para atrair mais h\u00f3spedes para o seu aluguel de temporada em S<\/span><b>\u00e3o Jo\u00e3o do Rio Preto<\/b><span style=\"font-weight: 400;\">. <strong><a href=\"https:\/\/reservas.anfitriaoprime.com.br\/\">Clique aqui para conhecer o nosso portf\u00f3lio com mais de 1000 im\u00f3veis cadastrados.<\/a><\/strong><\/span><\/p>\n"},"_links":{"self":[{"href":"https:\/\/www.anfitriaoprime.com.br\/blog\/wp-json\/wp\/v2\/pages\/4641"}],"collection":[{"href":"https:\/\/www.anfitriaoprime.com.br\/blog\/wp-json\/wp\/v2\/pages"}],"about":[{"href":"https:\/\/www.anfitriaoprime.com.br\/blog\/wp-json\/wp\/v2\/types\/page"}],"author":[{"embeddable":true,"href":"https:\/\/www.anfitriaoprime.com.br\/blog\/wp-json\/wp\/v2\/users\/1"}],"replies":[{"embeddable":true,"href":"https:\/\/www.anfitriaoprime.com.br\/blog\/wp-json\/wp\/v2\/comments?post=4641"}],"version-history":[{"count":3,"href":"https:\/\/www.anfitriaoprime.com.br\/blog\/wp-json\/wp\/v2\/pages\/4641\/revisions"}],"predecessor-version":[{"id":4646,"href":"https:\/\/www.anfitriaoprime.com.br\/blog\/wp-json\/wp\/v2\/pages\/4641\/revisions\/4646"}],"wp:featuredmedia":[{"embeddable":true,"href":"https:\/\/www.anfitriaoprime.com.br\/blog\/wp-json\/wp\/v2\/media\/4642"}],"wp:attachment":[{"href":"https:\/\/www.anfitriaoprime.com.br\/blog\/wp-json\/wp\/v2\/media?parent=4641"}],"curies":[{"name":"wp","href":"https:\/\/api.w.org\/{rel}","templated":true}]}}