{"id":4736,"date":"2022-06-24T16:59:09","date_gmt":"2022-06-24T19:59:09","guid":{"rendered":"https:\/\/www.anfitriaoprime.com.br\/blog\/?page_id=4736"},"modified":"2024-08-13T14:43:02","modified_gmt":"2024-08-13T17:43:02","slug":"imoveis-em-contagem-aluguel-de-temporada","status":"publish","type":"page","link":"https:\/\/www.anfitriaoprime.com.br\/blog\/imoveis-em-contagem-aluguel-de-temporada\/","title":{"rendered":"Saiba como anunciar por temporada im\u00f3veis em Contagem com o Anfitri\u00e3o Prime"},"content":{"rendered":"<p><span style=\"font-weight: 400;\">Tem um ou mais im\u00f3veis em <\/span><b>Contagem<\/b><span style=\"font-weight: 400;\">? Ent\u00e3o venha para o Anfitri\u00e3o Prime, aqui voc\u00ea encontra uma equipe de especialista e diversos servi\u00e7os para te ajudar na loca\u00e7\u00e3o por temporada com tranquilidade e seguran\u00e7a.\u00a0<\/span><\/p>\n<p><strong><a href=\"https:\/\/reservas.anfitriaoprime.com.br\/\">Clique aqui para conhecer o nosso portf\u00f3lio com mais de 1.000 im\u00f3veis de temporada cadastrados em todo o Brasil.<\/a><\/strong><\/p>\n<h2><b>Como funciona o Anfitri\u00e3o Prime?\u00a0<\/b><\/h2>\n<p><span style=\"font-weight: 400;\">O Anfitri\u00e3o Prime \u00e9 mais que uma imobili\u00e1ria digital ou um site de reservas comum. Somos uma startup com escrit\u00f3rio corporativo sediado em S\u00e3o Paulo (capital), mas com uma equipe especializada na gest\u00e3o de im\u00f3veis em Contagem e em todo o Brasil. <\/span><\/p>\n<p>A nossa equipe de profissionais auxiliam os nossos clientes a cuidarem dos seus im\u00f3veis de temporada. Atuamos em todas as etapas da loca\u00e7\u00e3o: cria\u00e7\u00e3o do an\u00fancio, comunica\u00e7\u00e3o com os h\u00f3spedes, precifica\u00e7\u00e3o das di\u00e1rias e, tamb\u00e9m, da limpeza e manuten\u00e7\u00e3o.\u00a0Assim, a sua propriedade estar\u00e1 sempre pronta para oferecer uma \u00f3tima estadia para os seus h\u00f3spedes.<\/p>\n<p>Para anunciar com a gente, basta preencher o formul\u00e1rio ao lado, escolher o plano que melhor atende as suas necessidades e pronto. O resto \u00e9 com a gente!<\/p>\n<h2>Conhe\u00e7a mais sobre os servi\u00e7os que n\u00f3s oferecemos<\/h2>\n<p>Antes de mais nada, \u00e9 bom pontuar que com os servi\u00e7os oferecidos pelo Anfitri\u00e3o Prime, voc\u00ea pode se tornar um excelente\u00a0<b>Anfitri\u00e3o de Airbnb em Contagem<\/b>. Visto que aliamos a experi\u00eancia de mais de 30 anos com turismo dos nossos profissionais \u00e0 tecnologia de ponta, assim podemos garantir maiores ganhos com o aluguel de temporada para os propriet\u00e1rios e a melhor experi\u00eancia para os h\u00f3spedes. Confira alguns dos nossos servi\u00e7os:<\/p>\n<h3><b><img decoding=\"async\" loading=\"lazy\" class=\"emoji alignnone\" role=\"img\" draggable=\"false\" src=\"https:\/\/s.w.org\/images\/core\/emoji\/13.1.0\/svg\/1f4bb.svg\" alt=\"im\u00f3veis em Contagem\" width=\"150\" height=\"150\" \/>\u00a0Anunciamos sua propriedade<\/b><\/h3>\n<p>Primeiramente, n\u00f3s criamos o an\u00fancio da sua propriedade e o publicamos em mais de 30 sites de reservas, como Airbnb, Booking, VRBO (Alugue Temporada) e TripAdvisor.\u00a0 Em seguida, j\u00e1 ficamos respons\u00e1veis pela gest\u00e3o dele em cada uma das plataformas.<\/p>\n<h3><a href=\"https:\/\/www.anfitriaoprime.com.br\/blog\/foto-a-importancia-no-aluguel-de-temporada\/\"><b><img decoding=\"async\" loading=\"lazy\" class=\"emoji alignnone\" role=\"img\" draggable=\"false\" src=\"https:\/\/s.w.org\/images\/core\/emoji\/13.1.0\/svg\/1f4f7.svg\" alt=\"o Anfitri\u00e3o Prime oferece fotografia profissional de im\u00f3veis em Contagem\" width=\"150\" height=\"150\" \/>\u00a0Fotos profissionais<\/b><\/a><\/h3>\n<p>As fotos profissionais do seu im\u00f3vel garantem uma melhor primeira impress\u00e3o aos h\u00f3spedes, o que aumenta as possibilidades de reservas.<\/p>\n<h3><b><img decoding=\"async\" loading=\"lazy\" class=\"emoji alignnone\" role=\"img\" draggable=\"false\" src=\"https:\/\/s.w.org\/images\/core\/emoji\/13.1.0\/svg\/1f4ac.svg\" alt=\"im\u00f3veis em Contagem\" width=\"150\" height=\"150\" \/>\u00a0Comunica\u00e7\u00e3o com os h\u00f3spedes<\/b><\/h3>\n<p>Um dos grandes problemas ao gerenciar um im\u00f3vel de temporada \u00e9 estar dispon\u00edvel para responder os h\u00f3spedes nas plataformas de reservas. Contudo, com o Anfitri\u00e3o Prime voc\u00ea n\u00e3o ter\u00e1 que se preocupar com isso, pois n\u00f3s temos uma equipe que est\u00e1 24\/7 dispon\u00edvel para atend\u00ea-los.<\/p>\n<h3><b><img decoding=\"async\" loading=\"lazy\" class=\"emoji alignnone\" role=\"img\" draggable=\"false\" src=\"https:\/\/s.w.org\/images\/core\/emoji\/13.1.0\/svg\/1f4c8.svg\" alt=\"im\u00f3veis em Contagem\" width=\"150\" height=\"150\" \/>\u00a0<a href=\"https:\/\/www.anfitriaoprime.com.br\/blog\/valor-da-diaria-no-aluguel-de-temporada\/\">Defini\u00e7\u00e3o dos melhores pre\u00e7os de di\u00e1rias<\/a><\/b><\/h3>\n<p>Contamos com uma tecnologia de ponta que faz a precifica\u00e7\u00e3o inteligente do seu im\u00f3vel, pensando a longo prazo. Em outras palavras, ela leva em conta as varia\u00e7\u00f5es de pre\u00e7o que ocorrem durante o ano, como feriados, alta e baixa temporadas. Al\u00e9m de outras situa\u00e7\u00f5es que podem fazer com que o valor da di\u00e1ria do seu im\u00f3vel varie.<\/p>\n<h3><strong><img decoding=\"async\" loading=\"lazy\" class=\"emoji alignnone\" role=\"img\" draggable=\"false\" src=\"https:\/\/s.w.org\/images\/core\/emoji\/13.1.0\/svg\/1f5d3.svg\" alt=\"gest\u00e3o de calend\u00e1rio de reservas \u00e9 oferecido pelo Anfitri\u00e3o Prime\" width=\"150\" height=\"150\" \/>\u00a0Gest\u00e3o do calend\u00e1rio\u00a0<\/strong><\/h3>\n<p>Simultaneamente, n\u00f3s tamb\u00e9m fazemos a gest\u00e3o unificada do seu calend\u00e1rio de reservas para evitar o overbooking. Al\u00e9m disso, voc\u00ea tamb\u00e9m pode continuar utilizando o seu im\u00f3vel quando desejar, basta apenas nos informar com anteced\u00eancia para que possamos fazer o bloqueio do calend\u00e1rio para os h\u00f3spedes.<\/p>\n<h3><b><img decoding=\"async\" loading=\"lazy\" class=\"emoji alignnone\" role=\"img\" draggable=\"false\" src=\"https:\/\/s.w.org\/images\/core\/emoji\/13.1.0\/svg\/2714.svg\" alt=\"im\u00f3veis em Contagem\" width=\"150\" height=\"150\" \/>\u00a0Concierge, Limpeza e Manuten\u00e7\u00e3o\u00a0<\/b><\/h3>\n<p>Finalmente, para que voc\u00ea possa ser um Anfitri\u00e3o de Airbnb completo, oferecemos servi\u00e7os complementares. Atualmente, contamos com especialistas para serem\u00a0<b>concierge<\/b>\u00a0do seu im\u00f3vel e serem respons\u00e1veis do check-in e check-out dos h\u00f3spedes. Al\u00e9m de outros profissionais para\u00a0<strong>limpeza, manuten\u00e7\u00e3o<\/strong>\u00a0e outros servi\u00e7os necess\u00e1rios para garantir uma experi\u00eancia perfeita aos h\u00f3spedes.<\/p>\n<h2>Por que anunciar seu im\u00f3vel com a gente?<\/h2>\n<p>Ent\u00e3o, se comparamos os servi\u00e7os do Anfitri\u00e3o Prime com os servi\u00e7os oferecidos por outros sites de reservas, voc\u00ea ter\u00e1 as seguintes vantagens:<\/p>\n<figure id=\"attachment_4740\" class=\"thumbnail wp-caption alignnone\" style=\"width: 310px\"><img decoding=\"async\" loading=\"lazy\" class=\"wp-image-4740 size-medium\" src=\"https:\/\/www.anfitriaoprime.com.br\/blog\/wp-content\/uploads\/2022\/06\/Dimensoes-personalizadas-750x410-px-29-2-300x164.jpeg\" alt=\"Igreja Matriz de S\u00e3o Gon\u00e7alo - im\u00f3veis em Contagem | Foto de Mateuszica\" width=\"300\" height=\"164\" srcset=\"https:\/\/www.anfitriaoprime.com.br\/blog\/wp-content\/uploads\/2022\/06\/Dimensoes-personalizadas-750x410-px-29-2-300x164.jpeg 300w, https:\/\/www.anfitriaoprime.com.br\/blog\/wp-content\/uploads\/2022\/06\/Dimensoes-personalizadas-750x410-px-29-2.jpeg 750w\" sizes=\"(max-width: 300px) 100vw, 300px\" \/><figcaption class=\"caption wp-caption-text\">Igreja Matriz de S\u00e3o Gon\u00e7alo &#8211; Contagem | Foto de Mateuszica<\/figcaption><\/figure>\n<h3><strong>Sobre Contagem<\/strong><\/h3>\n<p><span style=\"font-weight: 400;\"><strong>Contagem<\/strong> \u00e9 um cidade do estado de <strong>Minas Gerais<\/strong> \u00e9 extremamente rica culturalmente. Al\u00e9m disso, por conta da hist\u00f3ria diretamente ligada \u00e0 minera\u00e7\u00e3o, ela tamb\u00e9m traz v\u00e1rios elementos hist\u00f3ricos e ainda conta com atra\u00e7\u00f5es para turistas que buscam contato por natureza.\u00a0<\/span><\/p>\n<p>&nbsp;<\/p>\n<h4><strong>Dicas de roteiro em Contagem<\/strong><\/h4>\n<p><span style=\"font-weight: 400;\">Ent\u00e3o, se voc\u00ea quer atrair mais h\u00f3spedes para um ou mais im\u00f3veis em <\/span><b>Contagem,<\/b><span style=\"font-weight: 400;\"> \u00e9 essencial saber indicar roteiros para eles. Por isso, separamos algumas dicas de pontos tur\u00edsticos e atra\u00e7\u00f5es, confira:<\/span><\/p>\n<p>&nbsp;<\/p>\n<h5><strong>Igreja Matriz de S\u00e3o Gon\u00e7alo<\/strong><\/h5>\n<p><span style=\"font-weight: 400;\">Primeiramente, recomendamos que os seus h\u00f3spedes visitem a Igreja Matriz de S\u00e3o Gon\u00e7alo.\u00a0<\/span><span style=\"font-weight: 400;\">De acordo com registros hist\u00f3ricos, l\u00e1 em 1743 j\u00e1 havia sinais da primeira Capela de S\u00e3o Gon\u00e7alo. Mas foi apenas em 1835, que ela foi substitu\u00edda pela constru\u00e7\u00e3o suntuosa que permanece at\u00e9 hoje.<\/span><\/p>\n<p>&nbsp;<\/p>\n<h5><strong>Casa da Cultura Nair Mendes Moreira<\/strong><\/h5>\n<p><span style=\"font-weight: 400;\">Al\u00e9m disso, tamb\u00e9m indicamos que os seus h\u00f3spedes conhe\u00e7am a Casa da Cultura Nair Mendes Moreira. O local \u00e9 considerado patrim\u00f4nio cultural da regi\u00e3o e tem o t\u00edtulo de casa mais antiga da cidade.\u00a0<\/span><span style=\"font-weight: 400;\">No espa\u00e7o os visitantes poder\u00e3o conferir uma galeria com diversas exposi\u00e7\u00f5es. Al\u00e9m disso, ele tamb\u00e9m possui uma linda \u00e1rea aberta para quem deseja relaxar.\u00a0<\/span><\/p>\n<p>&nbsp;<\/p>\n<h5><strong>Centro Cultural Prefeito Francisco Firmo de Mattos<\/strong><\/h5>\n<p><span style=\"font-weight: 400;\">O Centro Cultural Prefeito Francisco Firmo de Mattos tamb\u00e9m \u00e9 uma \u00f3tima indica\u00e7\u00e3o para fazer aos visitantes. Ele \u00e9 considerado um dos mais famosos remanescentes arquitet\u00f4nicos do n\u00facleo hist\u00f3rico origin\u00e1rio do posto fiscal do registro.<\/span><\/p>\n<p><span style=\"font-weight: 400;\">No local \u00e9 poss\u00edvel encontrar uma extensa programa\u00e7\u00e3o cultural, com v\u00e1rias manifesta\u00e7\u00f5es art\u00edsticas. Os turistas poder\u00e3o conferir, por exemplo, concertos sinf\u00f4nicos, teatros, dan\u00e7a, canto, exposi\u00e7\u00f5es de arte, oficinas, visitas guiadas e muitas outras.\u00a0<\/span><\/p>\n<p>&nbsp;<\/p>\n<h5><strong>Feira de Artesanato Eldorado<\/strong><\/h5>\n<p><span style=\"font-weight: 400;\">Para os visitantes que amam fazer comprinhas, tamb\u00e9m vale a pena indicar a Feira de Artesanato Eldorado. Os turistas poder\u00e3o conferir barracas de v\u00e1rios artes\u00e3os e ainda uma \u00f3tima pra\u00e7a de alimenta\u00e7\u00e3o.\u00a0<\/span><\/p>\n<p>&nbsp;<\/p>\n<h3><strong>Onde comer em Contagem\u00a0<\/strong><\/h3>\n<p><span style=\"font-weight: 400;\">Com toda a certeza os h\u00f3spedes que buscam por <\/span>im\u00f3veis em<b> Contagem<\/b><span style=\"font-weight: 400;\"> tamb\u00e9m v\u00e3o querer conhecer os principais restaurantes da regi\u00e3o. Por isso, n\u00f3s separamos algumas dicas para voc\u00ea recomendar aos visitantes. Confira!<\/span><\/p>\n<p>&nbsp;<\/p>\n<h5><strong>Tropeiros Do Zez\u00e9<\/strong><\/h5>\n<p><span style=\"font-weight: 400;\">Uma das primeiras recomenda\u00e7\u00f5es para os seus visitantes \u00e9 o Restaurante Tropeiros Do Zez\u00e9. Al\u00e9m do ambiente familiar, o local tamb\u00e9m oferece v\u00e1rios cl\u00e1ssicos mineiros para quem deseja conhecer a culin\u00e1ria da regi\u00e3o.\u00a0<\/span><span style=\"font-weight: 400;\">Um dos grandes carros chefe \u00e9 o tropeiro com ou sem cebola. Tamb\u00e9m vale a pena provar a por\u00e7\u00e3o de torresmo.\u00a0<\/span><\/p>\n<p>&nbsp;<\/p>\n<h5><strong>Cumbuca Restaurante E Pizzaria<\/strong><\/h5>\n<p><span style=\"font-weight: 400;\">Mais uma recomenda\u00e7\u00e3o que n\u00f3s damos \u00e9 o Cumbuca Restaurante E Pizzaria. No local os visitantes poder\u00e3o provar uma grande variedade tipicamente brasileira e ainda contar com v\u00e1rios sabores de pizza.\u00a0<\/span><span style=\"font-weight: 400;\">Um dos grandes diferenciais \u00e9 que as comidas s\u00e3o servidas em panelas de barro, e muitas delas s\u00e3o feitas no forno a lenha.\u00a0<\/span><\/p>\n<p><span style=\"font-weight: 400;\">Aproveite essas dicas para atrair mais h\u00f3spedes para <\/span>im\u00f3veis em <b>Contagem<\/b><span style=\"font-weight: 400;\">. Fa\u00e7a o seu cadastro preenchendo o formul\u00e1rio ao lado e venha anunciar com o Anfitri\u00e3o Prime. <\/span><\/p>\n","protected":false},"excerpt":{"rendered":"<p>Tem um ou mais im\u00f3veis em Contagem? Ent\u00e3o venha para o Anfitri\u00e3o Prime, aqui voc\u00ea encontra uma equipe de especialista e diversos servi\u00e7os para te ajudar na loca\u00e7\u00e3o por temporada com tranquilidade e seguran\u00e7a.\u00a0 Clique aqui para conhecer o nosso portf\u00f3lio com mais de 1.000 im\u00f3veis de temporada cadastrados em todo o Brasil. Como funciona [&hellip;]<\/p>\n","protected":false},"author":1,"featured_media":4737,"parent":0,"menu_order":0,"comment_status":"closed","ping_status":"closed","template":"","meta":[],"yoast_head":"<!-- This site is optimized with the Yoast SEO plugin v21.1 - https:\/\/yoast.com\/wordpress\/plugins\/seo\/ -->\n<title>Tem im\u00f3veis em Contagem? Invista em aluguel de temporada com a gente<\/title>\n<meta name=\"description\" content=\"Se voc\u00ea quer anunciar im\u00f3veis em Contagem sem dor de cabe\u00e7a e com um gestor profissional, o Anfitri\u00e3o Prime pode te ajudar. Saiba mais aqui!\" \/>\n<meta name=\"robots\" content=\"index, follow, max-snippet:-1, max-image-preview:large, max-video-preview:-1\" \/>\n<link rel=\"canonical\" href=\"https:\/\/www.anfitriaoprime.com.br\/blog\/imoveis-em-contagem-aluguel-de-temporada\/\" \/>\n<meta property=\"og:locale\" content=\"pt_BR\" \/>\n<meta property=\"og:type\" content=\"article\" \/>\n<meta property=\"og:title\" content=\"Tem im\u00f3veis em Contagem? Invista em aluguel de temporada com a gente\" \/>\n<meta property=\"og:description\" content=\"Se voc\u00ea quer anunciar im\u00f3veis em Contagem sem dor de cabe\u00e7a e com um gestor profissional, o Anfitri\u00e3o Prime pode te ajudar. Saiba mais aqui!\" \/>\n<meta property=\"og:url\" content=\"https:\/\/www.anfitriaoprime.com.br\/blog\/imoveis-em-contagem-aluguel-de-temporada\/\" \/>\n<meta property=\"og:site_name\" content=\"Blog Anfitri\u00e3o Prime: Ganhe dinheiro com aluguel de temporada.\" \/>\n<meta property=\"article:modified_time\" content=\"2024-08-13T17:43:02+00:00\" \/>\n<meta property=\"og:image\" content=\"https:\/\/www.anfitriaoprime.com.br\/blog\/wp-content\/uploads\/2022\/06\/Dimensoes-personalizadas-1920x550-px-6.jpeg\" \/>\n\t<meta property=\"og:image:width\" content=\"1920\" \/>\n\t<meta property=\"og:image:height\" content=\"550\" \/>\n\t<meta property=\"og:image:type\" content=\"image\/jpeg\" \/>\n<meta name=\"twitter:card\" content=\"summary_large_image\" \/>\n<meta name=\"twitter:label1\" content=\"Est. tempo de leitura\" \/>\n\t<meta name=\"twitter:data1\" content=\"8 minutos\" \/>\n<script type=\"application\/ld+json\" class=\"yoast-schema-graph\">{\"@context\":\"https:\/\/schema.org\",\"@graph\":[{\"@type\":\"WebPage\",\"@id\":\"https:\/\/www.anfitriaoprime.com.br\/blog\/imoveis-em-contagem-aluguel-de-temporada\/\",\"url\":\"https:\/\/www.anfitriaoprime.com.br\/blog\/imoveis-em-contagem-aluguel-de-temporada\/\",\"name\":\"Tem im\u00f3veis em Contagem? Invista em aluguel de temporada com a gente\",\"isPartOf\":{\"@id\":\"https:\/\/www.anfitriaoprime.com.br\/blog\/#website\"},\"datePublished\":\"2022-06-24T19:59:09+00:00\",\"dateModified\":\"2024-08-13T17:43:02+00:00\",\"description\":\"Se voc\u00ea quer anunciar im\u00f3veis em Contagem sem dor de cabe\u00e7a e com um gestor profissional, o Anfitri\u00e3o Prime pode te ajudar. Saiba mais aqui!\",\"breadcrumb\":{\"@id\":\"https:\/\/www.anfitriaoprime.com.br\/blog\/imoveis-em-contagem-aluguel-de-temporada\/#breadcrumb\"},\"inLanguage\":\"pt-BR\",\"potentialAction\":[{\"@type\":\"ReadAction\",\"target\":[\"https:\/\/www.anfitriaoprime.com.br\/blog\/imoveis-em-contagem-aluguel-de-temporada\/\"]}]},{\"@type\":\"BreadcrumbList\",\"@id\":\"https:\/\/www.anfitriaoprime.com.br\/blog\/imoveis-em-contagem-aluguel-de-temporada\/#breadcrumb\",\"itemListElement\":[{\"@type\":\"ListItem\",\"position\":1,\"name\":\"In\u00edcio\",\"item\":\"https:\/\/www.anfitriaoprime.com.br\/blog\/\"},{\"@type\":\"ListItem\",\"position\":2,\"name\":\"Saiba como anunciar por temporada im\u00f3veis em Contagem com o Anfitri\u00e3o Prime\"}]},{\"@type\":\"WebSite\",\"@id\":\"https:\/\/www.anfitriaoprime.com.br\/blog\/#website\",\"url\":\"https:\/\/www.anfitriaoprime.com.br\/blog\/\",\"name\":\"Blog Anfitri\u00e3o Prime - Gest\u00e3o de propriedade para aluguel de temporada\",\"description\":\"No blog do Anfitri\u00e3o Prime voc\u00ea encontra dicas e informa\u00e7\u00f5es sobre o mercado de aluguel de temporada escrito por anfitri\u00f5es profissionais\",\"potentialAction\":[{\"@type\":\"SearchAction\",\"target\":{\"@type\":\"EntryPoint\",\"urlTemplate\":\"https:\/\/www.anfitriaoprime.com.br\/blog\/?s={search_term_string}\"},\"query-input\":\"required name=search_term_string\"}],\"inLanguage\":\"pt-BR\"}]}<\/script>\n<!-- \/ Yoast SEO plugin. -->","yoast_head_json":{"title":"Tem im\u00f3veis em Contagem? Invista em aluguel de temporada com a gente","description":"Se voc\u00ea quer anunciar im\u00f3veis em Contagem sem dor de cabe\u00e7a e com um gestor profissional, o Anfitri\u00e3o Prime pode te ajudar. Saiba mais aqui!","robots":{"index":"index","follow":"follow","max-snippet":"max-snippet:-1","max-image-preview":"max-image-preview:large","max-video-preview":"max-video-preview:-1"},"canonical":"https:\/\/www.anfitriaoprime.com.br\/blog\/imoveis-em-contagem-aluguel-de-temporada\/","og_locale":"pt_BR","og_type":"article","og_title":"Tem im\u00f3veis em Contagem? Invista em aluguel de temporada com a gente","og_description":"Se voc\u00ea quer anunciar im\u00f3veis em Contagem sem dor de cabe\u00e7a e com um gestor profissional, o Anfitri\u00e3o Prime pode te ajudar. Saiba mais aqui!","og_url":"https:\/\/www.anfitriaoprime.com.br\/blog\/imoveis-em-contagem-aluguel-de-temporada\/","og_site_name":"Blog Anfitri\u00e3o Prime: Ganhe dinheiro com aluguel de temporada.","article_modified_time":"2024-08-13T17:43:02+00:00","og_image":[{"width":1920,"height":550,"url":"https:\/\/www.anfitriaoprime.com.br\/blog\/wp-content\/uploads\/2022\/06\/Dimensoes-personalizadas-1920x550-px-6.jpeg","type":"image\/jpeg"}],"twitter_card":"summary_large_image","twitter_misc":{"Est. tempo de leitura":"8 minutos"},"schema":{"@context":"https:\/\/schema.org","@graph":[{"@type":"WebPage","@id":"https:\/\/www.anfitriaoprime.com.br\/blog\/imoveis-em-contagem-aluguel-de-temporada\/","url":"https:\/\/www.anfitriaoprime.com.br\/blog\/imoveis-em-contagem-aluguel-de-temporada\/","name":"Tem im\u00f3veis em Contagem? Invista em aluguel de temporada com a gente","isPartOf":{"@id":"https:\/\/www.anfitriaoprime.com.br\/blog\/#website"},"datePublished":"2022-06-24T19:59:09+00:00","dateModified":"2024-08-13T17:43:02+00:00","description":"Se voc\u00ea quer anunciar im\u00f3veis em Contagem sem dor de cabe\u00e7a e com um gestor profissional, o Anfitri\u00e3o Prime pode te ajudar. Saiba mais aqui!","breadcrumb":{"@id":"https:\/\/www.anfitriaoprime.com.br\/blog\/imoveis-em-contagem-aluguel-de-temporada\/#breadcrumb"},"inLanguage":"pt-BR","potentialAction":[{"@type":"ReadAction","target":["https:\/\/www.anfitriaoprime.com.br\/blog\/imoveis-em-contagem-aluguel-de-temporada\/"]}]},{"@type":"BreadcrumbList","@id":"https:\/\/www.anfitriaoprime.com.br\/blog\/imoveis-em-contagem-aluguel-de-temporada\/#breadcrumb","itemListElement":[{"@type":"ListItem","position":1,"name":"In\u00edcio","item":"https:\/\/www.anfitriaoprime.com.br\/blog\/"},{"@type":"ListItem","position":2,"name":"Saiba como anunciar por temporada im\u00f3veis em Contagem com o Anfitri\u00e3o Prime"}]},{"@type":"WebSite","@id":"https:\/\/www.anfitriaoprime.com.br\/blog\/#website","url":"https:\/\/www.anfitriaoprime.com.br\/blog\/","name":"Blog Anfitri\u00e3o Prime - Gest\u00e3o de propriedade para aluguel de temporada","description":"No blog do Anfitri\u00e3o Prime voc\u00ea encontra dicas e informa\u00e7\u00f5es sobre o mercado de aluguel de temporada escrito por anfitri\u00f5es profissionais","potentialAction":[{"@type":"SearchAction","target":{"@type":"EntryPoint","urlTemplate":"https:\/\/www.anfitriaoprime.com.br\/blog\/?s={search_term_string}"},"query-input":"required name=search_term_string"}],"inLanguage":"pt-BR"}]}},"acf":{"imagem":{"ID":4737,"id":4737,"title":"Igreja Matriz de S\u00e3o Gon\u00e7alo - Contagem | Foto de Mateuszica","filename":"Dimensoes-personalizadas-1920x550-px-6.jpeg","filesize":1030301,"url":"https:\/\/www.anfitriaoprime.com.br\/blog\/wp-content\/uploads\/2022\/06\/Dimensoes-personalizadas-1920x550-px-6.jpeg","link":"https:\/\/www.anfitriaoprime.com.br\/blog\/imoveis-em-contagem-aluguel-de-temporada\/dimensoes-personalizadas-1920x550-px-6-8\/","alt":"Igreja Matriz de S\u00e3o Gon\u00e7alo - im\u00f3veis em Contagem | Foto de Mateuszica","author":"1","description":"","caption":"Igreja Matriz de S\u00e3o Gon\u00e7alo - Contagem | Foto de Mateuszica","name":"dimensoes-personalizadas-1920x550-px-6-8","status":"inherit","uploaded_to":4736,"date":"2022-06-24 19:40:42","modified":"2022-06-24 19:43:05","menu_order":0,"mime_type":"image\/jpeg","type":"image","subtype":"jpeg","icon":"https:\/\/www.anfitriaoprime.com.br\/blog\/wp-includes\/images\/media\/default.png","width":1920,"height":550,"sizes":{"thumbnail":"https:\/\/www.anfitriaoprime.com.br\/blog\/wp-content\/uploads\/2022\/06\/Dimensoes-personalizadas-1920x550-px-6-150x150.jpeg","thumbnail-width":150,"thumbnail-height":150,"medium":"https:\/\/www.anfitriaoprime.com.br\/blog\/wp-content\/uploads\/2022\/06\/Dimensoes-personalizadas-1920x550-px-6-300x86.jpeg","medium-width":300,"medium-height":86,"medium_large":"https:\/\/www.anfitriaoprime.com.br\/blog\/wp-content\/uploads\/2022\/06\/Dimensoes-personalizadas-1920x550-px-6-768x220.jpeg","medium_large-width":648,"medium_large-height":186,"large":"https:\/\/www.anfitriaoprime.com.br\/blog\/wp-content\/uploads\/2022\/06\/Dimensoes-personalizadas-1920x550-px-6-1024x293.jpeg","large-width":648,"large-height":185,"1536x1536":"https:\/\/www.anfitriaoprime.com.br\/blog\/wp-content\/uploads\/2022\/06\/Dimensoes-personalizadas-1920x550-px-6-1536x440.jpeg","1536x1536-width":1536,"1536x1536-height":440,"2048x2048":"https:\/\/www.anfitriaoprime.com.br\/blog\/wp-content\/uploads\/2022\/06\/Dimensoes-personalizadas-1920x550-px-6.jpeg","2048x2048-width":1920,"2048x2048-height":550,"sparkling-featured":"https:\/\/www.anfitriaoprime.com.br\/blog\/wp-content\/uploads\/2022\/06\/Dimensoes-personalizadas-1920x550-px-6-750x410.jpeg","sparkling-featured-width":750,"sparkling-featured-height":410,"sparkling-featured-fullwidth":"https:\/\/www.anfitriaoprime.com.br\/blog\/wp-content\/uploads\/2022\/06\/Dimensoes-personalizadas-1920x550-px-6.jpeg","sparkling-featured-fullwidth-width":1140,"sparkling-featured-fullwidth-height":327,"tab-small":"https:\/\/www.anfitriaoprime.com.br\/blog\/wp-content\/uploads\/2022\/06\/Dimensoes-personalizadas-1920x550-px-6.jpeg","tab-small-width":60,"tab-small-height":17,"crp_thumbnail":"https:\/\/www.anfitriaoprime.com.br\/blog\/wp-content\/uploads\/2022\/06\/Dimensoes-personalizadas-1920x550-px-6.jpeg","crp_thumbnail-width":150,"crp_thumbnail-height":43}},"titulo":"Saiba como anunciar por temporada im\u00f3veis em Contagem com o Anfitri\u00e3o Prime","subtitulo":"<p><span style=\"font-weight: 400;\">Tem um ou mais im\u00f3veis em <\/span><b>Contagem<\/b><span style=\"font-weight: 400;\">? Ent\u00e3o venha para o Anfitri\u00e3o Prime, aqui voc\u00ea encontra uma equipe de especialista e diversos servi\u00e7os para te ajudar na loca\u00e7\u00e3o por temporada com tranquilidade e seguran\u00e7a.\u00a0<\/span><\/p>\n<p><strong><a href=\"https:\/\/reservas.anfitriaoprime.com.br\/\">Clique aqui para conhecer o nosso portf\u00f3lio com mais de 1.000 im\u00f3veis de temporada cadastrados em todo o Brasil.<\/a><\/strong><\/p>\n","titulo_secao_1":"Como funciona o Anfitri\u00e3o Prime?\u00a0","conteudo_secao_1":"<p><span style=\"font-weight: 400;\">O Anfitri\u00e3o Prime \u00e9 mais que uma imobili\u00e1ria digital ou um site de reservas comum. Somos uma startup com escrit\u00f3rio corporativo sediado em S\u00e3o Paulo (capital), mas com uma equipe especializada na gest\u00e3o de im\u00f3veis em Contagem e em todo o Brasil. <\/span><\/p>\n<p>A nossa equipe de profissionais auxiliam os nossos clientes a cuidarem dos seus im\u00f3veis de temporada. Atuamos em todas as etapas da loca\u00e7\u00e3o: cria\u00e7\u00e3o do an\u00fancio, comunica\u00e7\u00e3o com os h\u00f3spedes, precifica\u00e7\u00e3o das di\u00e1rias e, tamb\u00e9m, da limpeza e manuten\u00e7\u00e3o.\u00a0Assim, a sua propriedade estar\u00e1 sempre pronta para oferecer uma \u00f3tima estadia para os seus h\u00f3spedes.<\/p>\n<p>Para anunciar com a gente, basta preencher o formul\u00e1rio ao lado, escolher o plano que melhor atende as suas necessidades e pronto. O resto \u00e9 com a gente!<\/p>\n","titulo_secao_2":"Conhe\u00e7a mais sobre os servi\u00e7os que n\u00f3s oferecemos","imagem_secao_2":false,"conteudo_secao_2":"<p>Antes de mais nada, \u00e9 bom pontuar que com os servi\u00e7os oferecidos pelo Anfitri\u00e3o Prime, voc\u00ea pode se tornar um excelente\u00a0<b>Anfitri\u00e3o de Airbnb em Contagem<\/b>. Visto que aliamos a experi\u00eancia de mais de 30 anos com turismo dos nossos profissionais \u00e0 tecnologia de ponta, assim podemos garantir maiores ganhos com o aluguel de temporada para os propriet\u00e1rios e a melhor experi\u00eancia para os h\u00f3spedes. Confira alguns dos nossos servi\u00e7os:<\/p>\n<h3><b><img decoding=\"async\" loading=\"lazy\" class=\"emoji alignnone\" role=\"img\" draggable=\"false\" src=\"https:\/\/s.w.org\/images\/core\/emoji\/13.1.0\/svg\/1f4bb.svg\" alt=\"im\u00f3veis em Contagem\" width=\"150\" height=\"150\" \/>\u00a0Anunciamos sua propriedade<\/b><\/h3>\n<p>Primeiramente, n\u00f3s criamos o an\u00fancio da sua propriedade e o publicamos em mais de 30 sites de reservas, como Airbnb, Booking, VRBO (Alugue Temporada) e TripAdvisor.\u00a0 Em seguida, j\u00e1 ficamos respons\u00e1veis pela gest\u00e3o dele em cada uma das plataformas.<\/p>\n<h3><a href=\"https:\/\/www.anfitriaoprime.com.br\/blog\/foto-a-importancia-no-aluguel-de-temporada\/\"><b><img decoding=\"async\" loading=\"lazy\" class=\"emoji alignnone\" role=\"img\" draggable=\"false\" src=\"https:\/\/s.w.org\/images\/core\/emoji\/13.1.0\/svg\/1f4f7.svg\" alt=\"oferecemos fotos profissionais\" width=\"150\" height=\"150\" \/>\u00a0Fotos profissionais<\/b><\/a><\/h3>\n<p>As fotos profissionais do seu im\u00f3vel garantem uma melhor primeira impress\u00e3o aos h\u00f3spedes, o que aumenta as possibilidades de reservas.<\/p>\n<h3><b><img decoding=\"async\" loading=\"lazy\" class=\"emoji alignnone\" role=\"img\" draggable=\"false\" src=\"https:\/\/s.w.org\/images\/core\/emoji\/13.1.0\/svg\/1f4ac.svg\" alt=\"im\u00f3veis em Contagem\" width=\"150\" height=\"150\" \/>\u00a0Comunica\u00e7\u00e3o com os h\u00f3spedes<\/b><\/h3>\n<p>Um dos grandes problemas ao gerenciar um im\u00f3vel de temporada \u00e9 estar dispon\u00edvel para responder os h\u00f3spedes nas plataformas de reservas. Contudo, com o Anfitri\u00e3o Prime voc\u00ea n\u00e3o ter\u00e1 que se preocupar com isso, pois n\u00f3s temos uma equipe que est\u00e1 24\/7 dispon\u00edvel para atend\u00ea-los.<\/p>\n<h3><b><img decoding=\"async\" loading=\"lazy\" class=\"emoji alignnone\" role=\"img\" draggable=\"false\" src=\"https:\/\/s.w.org\/images\/core\/emoji\/13.1.0\/svg\/1f4c8.svg\" alt=\"precifica\u00e7\u00e3o inteligente ajuda a aumentar os rendimentos dos im\u00f3veis em Contagem\" width=\"150\" height=\"150\" \/>\u00a0<a href=\"https:\/\/www.anfitriaoprime.com.br\/blog\/valor-da-diaria-no-aluguel-de-temporada\/\">Defini\u00e7\u00e3o dos melhores pre\u00e7os de di\u00e1rias<\/a><\/b><\/h3>\n<p>Contamos com uma tecnologia de ponta que faz a precifica\u00e7\u00e3o inteligente do seu im\u00f3vel, pensando a longo prazo. Em outras palavras, ela leva em conta as varia\u00e7\u00f5es de pre\u00e7o que ocorrem durante o ano, como feriados, alta e baixa temporadas. Al\u00e9m de outras situa\u00e7\u00f5es que podem fazer com que o valor da di\u00e1ria do seu im\u00f3vel varie.<\/p>\n<h3><strong><img decoding=\"async\" loading=\"lazy\" class=\"emoji alignnone\" role=\"img\" draggable=\"false\" src=\"https:\/\/s.w.org\/images\/core\/emoji\/13.1.0\/svg\/1f5d3.svg\" alt=\"\u00e9 importante evitar overbookig\" width=\"150\" height=\"150\" \/>\u00a0Gest\u00e3o do calend\u00e1rio\u00a0<\/strong><\/h3>\n<p>Simultaneamente, n\u00f3s tamb\u00e9m fazemos a gest\u00e3o unificada do seu calend\u00e1rio de reservas para evitar o overbooking. Al\u00e9m disso, voc\u00ea tamb\u00e9m pode continuar utilizando o seu im\u00f3vel quando desejar, basta apenas nos informar com anteced\u00eancia para que possamos fazer o bloqueio do calend\u00e1rio para os h\u00f3spedes.<\/p>\n<h3><b><img decoding=\"async\" loading=\"lazy\" class=\"emoji alignnone\" role=\"img\" draggable=\"false\" src=\"https:\/\/s.w.org\/images\/core\/emoji\/13.1.0\/svg\/2714.svg\" alt=\"im\u00f3veis em Contagem\" width=\"150\" height=\"150\" \/>\u00a0Concierge, Limpeza e Manuten\u00e7\u00e3o\u00a0<\/b><\/h3>\n<p>Finalmente, para que voc\u00ea possa ser um Anfitri\u00e3o de Airbnb completo, oferecemos servi\u00e7os complementares. Atualmente, contamos com especialistas para serem\u00a0<b>concierge<\/b>\u00a0do seu im\u00f3vel e serem respons\u00e1veis do check-in e check-out dos h\u00f3spedes. Al\u00e9m de outros profissionais para\u00a0<strong>limpeza, manuten\u00e7\u00e3o<\/strong>\u00a0e outros servi\u00e7os necess\u00e1rios para garantir uma experi\u00eancia perfeita aos h\u00f3spedes.<\/p>\n","titulo_secao_3":"Por que anunciar seu im\u00f3vel com a gente?","conteudo_secao_3":"<p>Ent\u00e3o, se comparamos os servi\u00e7os do Anfitri\u00e3o Prime com os servi\u00e7os oferecidos por outros sites de reservas, voc\u00ea ter\u00e1 as seguintes vantagens:<\/p>\n","titulo_secao_6":"Sobre Contagem","conteudo_secao_6":"<figure id=\"attachment_4740\" class=\"thumbnail wp-caption alignnone\" style=\"width: 760px\"><img decoding=\"async\" loading=\"lazy\" class=\"wp-image-4740 size-full\" src=\"https:\/\/www.anfitriaoprime.com.br\/blog\/wp-content\/uploads\/2022\/06\/Dimensoes-personalizadas-750x410-px-29-2.jpeg\" alt=\"Igreja Matriz de S\u00e3o Gon\u00e7alo - im\u00f3veis em Contagem | Foto de Mateuszica\" width=\"750\" height=\"410\" srcset=\"https:\/\/www.anfitriaoprime.com.br\/blog\/wp-content\/uploads\/2022\/06\/Dimensoes-personalizadas-750x410-px-29-2.jpeg 750w, https:\/\/www.anfitriaoprime.com.br\/blog\/wp-content\/uploads\/2022\/06\/Dimensoes-personalizadas-750x410-px-29-2-300x164.jpeg 300w\" sizes=\"(max-width: 750px) 100vw, 750px\" \/><figcaption class=\"caption wp-caption-text\">Igreja Matriz de S\u00e3o Gon\u00e7alo &#8211; Contagem | Foto de Mateuszica<\/figcaption><\/figure>\n<p><span style=\"font-weight: 400;\"><strong>Contagem<\/strong> \u00e9 um cidade do estado de <strong>Minas Gerais<\/strong> \u00e9 extremamente rica culturalmente. Al\u00e9m disso, por conta da hist\u00f3ria diretamente ligada \u00e0 minera\u00e7\u00e3o, ela tamb\u00e9m traz v\u00e1rios elementos hist\u00f3ricos e ainda conta com atra\u00e7\u00f5es para turistas que buscam contato por natureza.\u00a0<\/span><\/p>\n<p>&nbsp;<\/p>\n<h4><strong>Dicas de roteiro em Contagem<\/strong><\/h4>\n<p><span style=\"font-weight: 400;\">Ent\u00e3o, se voc\u00ea quer atrair mais h\u00f3spedes para um ou mais im\u00f3veis em <\/span><b>Contagem,<\/b><span style=\"font-weight: 400;\"> \u00e9 essencial saber indicar roteiros para eles. Por isso, separamos algumas dicas de pontos tur\u00edsticos e atra\u00e7\u00f5es, confira:<\/span><\/p>\n<p>&nbsp;<\/p>\n<h5><strong>Igreja Matriz de S\u00e3o Gon\u00e7alo<\/strong><\/h5>\n<p><span style=\"font-weight: 400;\">Primeiramente, recomendamos que os seus h\u00f3spedes visitem a Igreja Matriz de S\u00e3o Gon\u00e7alo.\u00a0<\/span><span style=\"font-weight: 400;\">De acordo com registros hist\u00f3ricos, l\u00e1 em 1743 j\u00e1 havia sinais da primeira Capela de S\u00e3o Gon\u00e7alo. Mas foi apenas em 1835, que ela foi substitu\u00edda pela constru\u00e7\u00e3o suntuosa que permanece at\u00e9 hoje.<\/span><\/p>\n<p>&nbsp;<\/p>\n<h5><strong>Casa da Cultura Nair Mendes Moreira<\/strong><\/h5>\n<p><span style=\"font-weight: 400;\">Al\u00e9m disso, tamb\u00e9m indicamos que os seus h\u00f3spedes conhe\u00e7am a Casa da Cultura Nair Mendes Moreira. O local \u00e9 considerado patrim\u00f4nio cultural da regi\u00e3o e tem o t\u00edtulo de casa mais antiga da cidade.\u00a0<\/span><span style=\"font-weight: 400;\">No espa\u00e7o os visitantes poder\u00e3o conferir uma galeria com diversas exposi\u00e7\u00f5es. Al\u00e9m disso, ele tamb\u00e9m possui uma linda \u00e1rea aberta para quem deseja relaxar.\u00a0<\/span><\/p>\n<p>&nbsp;<\/p>\n<h5><strong>Centro Cultural Prefeito Francisco Firmo de Mattos<\/strong><\/h5>\n<p><span style=\"font-weight: 400;\">O Centro Cultural Prefeito Francisco Firmo de Mattos tamb\u00e9m \u00e9 uma \u00f3tima indica\u00e7\u00e3o para fazer aos visitantes. Ele \u00e9 considerado um dos mais famosos remanescentes arquitet\u00f4nicos do n\u00facleo hist\u00f3rico origin\u00e1rio do posto fiscal do registro.<\/span><\/p>\n<p><span style=\"font-weight: 400;\">No local \u00e9 poss\u00edvel encontrar uma extensa programa\u00e7\u00e3o cultural, com v\u00e1rias manifesta\u00e7\u00f5es art\u00edsticas. Os turistas poder\u00e3o conferir, por exemplo, concertos sinf\u00f4nicos, teatros, dan\u00e7a, canto, exposi\u00e7\u00f5es de arte, oficinas, visitas guiadas e muitas outras.\u00a0<\/span><\/p>\n<p>&nbsp;<\/p>\n<h5><strong>Feira de Artesanato Eldorado<\/strong><\/h5>\n<p><span style=\"font-weight: 400;\">Para os visitantes que amam fazer comprinhas, tamb\u00e9m vale a pena indicar a Feira de Artesanato Eldorado. Os turistas poder\u00e3o conferir barracas de v\u00e1rios artes\u00e3os e ainda uma \u00f3tima pra\u00e7a de alimenta\u00e7\u00e3o.\u00a0<\/span><\/p>\n<p>&nbsp;<\/p>\n<h3><strong>Onde comer em Contagem\u00a0<\/strong><\/h3>\n<p><span style=\"font-weight: 400;\">Com toda a certeza os h\u00f3spedes que buscam por <\/span>im\u00f3veis em<b> Contagem<\/b><span style=\"font-weight: 400;\"> tamb\u00e9m v\u00e3o querer conhecer os principais restaurantes da regi\u00e3o. Por isso, n\u00f3s separamos algumas dicas para voc\u00ea recomendar aos visitantes. Confira!<\/span><\/p>\n<p>&nbsp;<\/p>\n<h5><strong>Tropeiros Do Zez\u00e9<\/strong><\/h5>\n<p><span style=\"font-weight: 400;\">Uma das primeiras recomenda\u00e7\u00f5es para os seus visitantes \u00e9 o Restaurante Tropeiros Do Zez\u00e9. Al\u00e9m do ambiente familiar, o local tamb\u00e9m oferece v\u00e1rios cl\u00e1ssicos mineiros para quem deseja conhecer a culin\u00e1ria da regi\u00e3o.\u00a0<\/span><span style=\"font-weight: 400;\">Um dos grandes carros chefe \u00e9 o tropeiro com ou sem cebola. Tamb\u00e9m vale a pena provar a por\u00e7\u00e3o de torresmo.\u00a0<\/span><\/p>\n<p>&nbsp;<\/p>\n<h5><strong>Cumbuca Restaurante E Pizzaria<\/strong><\/h5>\n<p><span style=\"font-weight: 400;\">Mais uma recomenda\u00e7\u00e3o que n\u00f3s damos \u00e9 o Cumbuca Restaurante E Pizzaria. No local os visitantes poder\u00e3o provar uma grande variedade tipicamente brasileira e ainda contar com v\u00e1rios sabores de pizza.\u00a0<\/span><span style=\"font-weight: 400;\">Um dos grandes diferenciais \u00e9 que as comidas s\u00e3o servidas em panelas de barro, e muitas delas s\u00e3o feitas no forno a lenha.\u00a0<\/span><\/p>\n<p><span style=\"font-weight: 400;\">Aproveite essas dicas para atrair mais h\u00f3spedes para <\/span>im\u00f3veis em <b>Contagem<\/b><span style=\"font-weight: 400;\">. Fa\u00e7a o seu cadastro preenchendo o formul\u00e1rio ao lado e venha anunciar com o Anfitri\u00e3o Prime.<\/span><\/p>\n<p><strong><a href=\"https:\/\/reservas.anfitriaoprime.com.br\/\">Clique aqui para conhecer o nosso portf\u00f3lio com mais de 1.000 im\u00f3veis de temporada cadastrados em todo o Brasil.<\/a><\/strong><\/p>\n"},"_links":{"self":[{"href":"https:\/\/www.anfitriaoprime.com.br\/blog\/wp-json\/wp\/v2\/pages\/4736"}],"collection":[{"href":"https:\/\/www.anfitriaoprime.com.br\/blog\/wp-json\/wp\/v2\/pages"}],"about":[{"href":"https:\/\/www.anfitriaoprime.com.br\/blog\/wp-json\/wp\/v2\/types\/page"}],"author":[{"embeddable":true,"href":"https:\/\/www.anfitriaoprime.com.br\/blog\/wp-json\/wp\/v2\/users\/1"}],"replies":[{"embeddable":true,"href":"https:\/\/www.anfitriaoprime.com.br\/blog\/wp-json\/wp\/v2\/comments?post=4736"}],"version-history":[{"count":6,"href":"https:\/\/www.anfitriaoprime.com.br\/blog\/wp-json\/wp\/v2\/pages\/4736\/revisions"}],"predecessor-version":[{"id":6494,"href":"https:\/\/www.anfitriaoprime.com.br\/blog\/wp-json\/wp\/v2\/pages\/4736\/revisions\/6494"}],"wp:featuredmedia":[{"embeddable":true,"href":"https:\/\/www.anfitriaoprime.com.br\/blog\/wp-json\/wp\/v2\/media\/4737"}],"wp:attachment":[{"href":"https:\/\/www.anfitriaoprime.com.br\/blog\/wp-json\/wp\/v2\/media?parent=4736"}],"curies":[{"name":"wp","href":"https:\/\/api.w.org\/{rel}","templated":true}]}}