{"id":4769,"date":"2022-06-28T18:13:15","date_gmt":"2022-06-28T21:13:15","guid":{"rendered":"https:\/\/www.anfitriaoprime.com.br\/blog\/?page_id=4769"},"modified":"2025-07-15T18:53:46","modified_gmt":"2025-07-15T21:53:46","slug":"aluguel-de-temporada-em-serra","status":"publish","type":"page","link":"https:\/\/www.anfitriaoprime.com.br\/blog\/aluguel-de-temporada-em-serra\/","title":{"rendered":"Aluguel de temporada em Serra \u00e9 com o Anfitri\u00e3o Prime"},"content":{"rendered":"\n<p><span style=\"font-weight: 400;\">Aqui no Anfitri\u00e3o Prime voc\u00ea pode anunciar im\u00f3veis para <\/span><b>aluguel de temporada em Serra<\/b><span style=\"font-weight: 400;\"> com mais facilidade. Contamos com uma equipe especializada que dar\u00e1 suporte em todos os detalhes que voc\u00ea precisar.&nbsp;<\/span><\/p>\n\n\n\n<p><a href=\"https:\/\/reservas.anfitriaoprime.com.br\/\"><b>Aproveite para conferir o nosso cat\u00e1logo com mais de 1000 im\u00f3veis cadastrados em todo o Brasil.<\/b><\/a><\/p>\n\n\n\n<h2><b>Como funciona o Anfitri\u00e3o Prime?<\/b><\/h2>\n\n\n\n<p><span style=\"font-weight: 400;\">N\u00e3o somos apenas uma imobili\u00e1ria digital ou um site de reservas comum. Sou uma startup especializada em aluguel de temporada em Serra, no Esp\u00edrito Santo.&nbsp;<\/span><\/p>\n\n\n\n<p><span style=\"font-weight: 400;\">Ao anunciar com a gente, voc\u00ea ter\u00e1 \u00e0 sua disposi\u00e7\u00e3o uma equipe especializada que atuar\u00e1 em todas as etapas da loca\u00e7\u00e3o. N\u00f3s cuidaremos desde a cria\u00e7\u00e3o do an\u00fancio, passando pela comunica\u00e7\u00e3o com os h\u00f3spedes e tamb\u00e9m na limpeza e manuten\u00e7\u00e3o do im\u00f3vel.&nbsp;<\/span><span style=\"font-weight: 400;\">Dessa forma, o seu im\u00f3vel estar\u00e1 sempre pronto para receber os h\u00f3spedes.&nbsp;<\/span><\/p>\n\n\n\n<p><span style=\"font-weight: 400;\">Ent\u00e3o n\u00e3o perca mais tempo, venha anunciar com a gente e aumente os seus rendimentos do seu <\/span>aluguel de temporada em <b>Serra. <\/b>Cadastre-se atrav\u00e9s do formul\u00e1rio ao lado e siga os pr\u00f3ximos passos.<\/p>\n\n\n\n<h2>Conhe\u00e7a os nossos servi\u00e7os<\/h2>\n\n\n\n<p>Aliamos a experi\u00eancia de mais de 30 anos com turismo dos nossos profissionais \u00e0 tecnologia de ponta, garantindo maiores ganhos com o aluguel de temporada para propriet\u00e1rios e a melhor experi\u00eancia para os h\u00f3spedes. Confira os nossos servi\u00e7os:<\/p>\n\n\n\n<h3><b><img decoding=\"async\" loading=\"lazy\" class=\"emoji alignnone\" role=\"img\" draggable=\"false\" src=\"https:\/\/s.w.org\/images\/core\/emoji\/13.1.0\/svg\/1f4bb.svg\" alt=\"aluguel de temporada em Serra\" width=\"150\" height=\"150\">&nbsp;Anunciamos sua propriedade<\/b><\/h3>\n\n\n\n<p>Primeiramente, n\u00f3s criamos o an\u00fancio da sua propriedade e o publicamos em mais de 30 sites de reservas, como Airbnb, Booking, VRBO (Alugue Temporada) e TripAdvisor.&nbsp; Em seguida, ficamos respons\u00e1veis pela gest\u00e3o dele em cada uma das plataformas.<\/p>\n\n\n\n<h3><a href=\"https:\/\/www.anfitriaoprime.com.br\/blog\/foto-a-importancia-no-aluguel-de-temporada\/\"><b><img decoding=\"async\" loading=\"lazy\" class=\"emoji alignnone\" role=\"img\" draggable=\"false\" src=\"https:\/\/s.w.org\/images\/core\/emoji\/13.1.0\/svg\/1f4f7.svg\" alt=\"aluguel de temporada em Monte Verde\" width=\"150\" height=\"150\">&nbsp;Fotos profissionais<\/b><\/a><\/h3>\n\n\n\n<p>As fotos profissionais do seu im\u00f3vel garantem uma melhor primeira impress\u00e3o aos h\u00f3spedes, o que aumenta as possibilidades de reservas.<\/p>\n\n\n\n<h3><b><img decoding=\"async\" loading=\"lazy\" class=\"emoji alignnone\" role=\"img\" draggable=\"false\" src=\"https:\/\/s.w.org\/images\/core\/emoji\/13.1.0\/svg\/1f4ac.svg\" alt=\"aluguel de temporada em Serra\" width=\"150\" height=\"150\">&nbsp;Comunica\u00e7\u00e3o com os h\u00f3spedes<\/b><\/h3>\n\n\n\n<p>Um dos grandes problemas ao gerenciar um im\u00f3vel de temporada \u00e9 estar dispon\u00edvel para responder os h\u00f3spedes nas plataformas de reservas. Contudo, com o Anfitri\u00e3o Prime voc\u00ea n\u00e3o ter\u00e1 que se preocupar com isso, pois n\u00f3s temos uma equipe que est\u00e1 24\/7 dispon\u00edvel para atend\u00ea-los.<\/p>\n\n\n\n<h3><b><img decoding=\"async\" loading=\"lazy\" class=\"emoji alignnone\" role=\"img\" draggable=\"false\" src=\"https:\/\/s.w.org\/images\/core\/emoji\/13.1.0\/svg\/1f4c8.svg\" alt=\"aluguel de temporada em Serra\" width=\"150\" height=\"150\">&nbsp;<a href=\"https:\/\/www.anfitriaoprime.com.br\/blog\/valor-da-diaria-no-aluguel-de-temporada\/\">Defini\u00e7\u00e3o dos melhores pre\u00e7os de di\u00e1rias<\/a><\/b><\/h3>\n\n\n\n<p>Contamos com uma tecnologia de ponta que faz a precifica\u00e7\u00e3o inteligente do seu im\u00f3vel, pensando a longo prazo. Em outras palavras, ela leva em conta as varia\u00e7\u00f5es de pre\u00e7o que ocorrem durante o ano, como feriados, alta e baixa temporada. Al\u00e9m de outras situa\u00e7\u00f5es que podem fazer com que o valor da di\u00e1ria do seu im\u00f3vel varie.<\/p>\n\n\n\n<h3><strong><img decoding=\"async\" loading=\"lazy\" class=\"emoji alignnone\" role=\"img\" draggable=\"false\" src=\"https:\/\/s.w.org\/images\/core\/emoji\/13.1.0\/svg\/1f5d3.svg\" alt=\"calend\u00e1rio de reservas\" width=\"150\" height=\"150\">&nbsp;Gest\u00e3o do calend\u00e1rio&nbsp;<\/strong><\/h3>\n\n\n\n<p>N\u00f3s tamb\u00e9m contamos com uma ferramenta que faz a gest\u00e3o unificada do seu calend\u00e1rio para evitar o overbooking. Al\u00e9m disso, voc\u00ea tamb\u00e9m pode continuar utilizando o seu im\u00f3vel quando desejar, basta apenas nos informar com anteced\u00eancia para que possamos fazer o bloqueio do calend\u00e1rio para os h\u00f3spedes.<\/p>\n\n\n\n<h3><b><img decoding=\"async\" loading=\"lazy\" class=\"emoji alignnone\" role=\"img\" draggable=\"false\" src=\"https:\/\/s.w.org\/images\/core\/emoji\/13.1.0\/svg\/2714.svg\" alt=\"aluguel de temporada em Serra\" width=\"150\" height=\"150\">&nbsp;Concierge, Limpeza e Manuten\u00e7\u00e3o&nbsp;<\/b><\/h3>\n\n\n\n<p>Finalmente, para que voc\u00ea possa investir em aluguel de temporada tranquilamente, oferecemos servi\u00e7os complementares como de&nbsp;<b>concierge<\/b>&nbsp;do seu im\u00f3vel. Al\u00e9m de servi\u00e7os para&nbsp;<strong>limpeza, manuten\u00e7\u00e3o<\/strong>&nbsp;e outras coisas necess\u00e1rias para garantir uma experi\u00eancia perfeita aos h\u00f3spedes.<\/p>\n\n\n\n<h2>Por que anunciar seu im\u00f3vel com a gente?<\/h2>\n\n\n\n<p>Ent\u00e3o, se comparamos os servi\u00e7os do Anfitri\u00e3o Prime com os servi\u00e7os oferecidos por outros sites de reservas, voc\u00ea ter\u00e1 as seguintes vantagens:<\/p>\n\n\n\n<figure class=\"wp-block-image alignnone size-full wp-image-4772 size-medium\"><img decoding=\"async\" loading=\"lazy\" width=\"750\" height=\"410\" src=\"https:\/\/www.anfitriaoprime.com.br\/blog\/wp-content\/uploads\/2025\/07\/Dimensoes-personalizadas-750x410-px-9-1.webp\" alt=\"Mestre \u00c1lvaro, visto da BR-101 entre os bairros Planalto Serrano e Vista da Serra II. | Foto: Denis Rizzoli \" class=\"wp-image-7097\" srcset=\"https:\/\/www.anfitriaoprime.com.br\/blog\/wp-content\/uploads\/2025\/07\/Dimensoes-personalizadas-750x410-px-9-1.webp 750w, https:\/\/www.anfitriaoprime.com.br\/blog\/wp-content\/uploads\/2025\/07\/Dimensoes-personalizadas-750x410-px-9-1-300x164.webp 300w\" sizes=\"(max-width: 750px) 100vw, 750px\" \/><figcaption class=\"wp-element-caption\">Mestre \u00c1lvaro, visto da BR-101 entre os bairros Planalto Serrano e Vista da Serra II. | Foto: Denis Rizzoli <\/figcaption><\/figure>\n\n\n\n<h3><b>Sobre Serra&nbsp;<\/b><\/h3>\n\n\n\n<p><span style=\"font-weight: 400;\">Serra \u00e9 uma cidade do Esp\u00edrito Santo que atrai tanto os turistas que desejam curtir uma praia, como, tamb\u00e9m, os amantes da natureza! logo, esse \u00e9 o tipo de lugar perfeito para quem deseja descansar em um lugar com tranquilidade.&nbsp;<\/span><\/p>\n\n\n\n<h3><b>Dicas de roteiro em Serra<\/b><\/h3>\n\n\n\n<p><span style=\"font-weight: 400;\">Ent\u00e3o, se voc\u00ea quer atrair mais h\u00f3spedes para o seu <\/span>aluguel de temporada em <b>Serra<\/b><span style=\"font-weight: 400;\">, \u00e9 essencial conhecer os principais roteiros da regi\u00e3o. Por isso, separamos algumas dicas de pontos tur\u00edsticos e atra\u00e7\u00f5es, confira!&nbsp;<\/span><\/p>\n\n\n\n<h4><b>Praia de Manguinhos<\/b><\/h4>\n\n\n\n<p><span style=\"font-weight: 400;\">Primeiramente, \u00e9 claro que n\u00e3o d\u00e1 para falar de roteiro na cidade de Serra sem citar a Praia de Manguinhos. Ela \u00e9 mais simples e um ar de vila de pescadores.&nbsp;<\/span><span style=\"font-weight: 400;\">Contudo, engana-se quem acredita que no local n\u00e3o existam op\u00e7\u00f5es de restaurantes. Pelo contr\u00e1rio, a regi\u00e3o tem v\u00e1rias op\u00e7\u00f5es para os visitantes que desejam curtir uma cerveja, por\u00e7\u00f5es e lanches \u00e0 beira-mar.&nbsp;&nbsp;<\/span><\/p>\n\n\n\n<h4><b>Igreja dos Reis Magos<\/b><\/h4>\n\n\n\n<p><span style=\"font-weight: 400;\">Em seguida, recomendamos uma visita a Igreja dos Reis Magos, que tem uma grande relev\u00e2ncia hist\u00f3rica para a cidade. Ela foi constru\u00edda por jesu\u00edtas e \u00edndios tupiniquins por volta de 1580 e \u00e9 <\/span><span style=\"font-weight: 400;\">t\u00e3o importante para a regi\u00e3o que foi tombada pelo Instituto do Patrim\u00f4nio Hist\u00f3rico e Art\u00edstico Nacional.&nbsp;<\/span><\/p>\n\n\n\n<p><span style=\"font-weight: 400;\">A arquitetura dela \u00e9 simplesmente deslumbrante e o modo como ela foi feita tamb\u00e9m \u00e9 impressionante. Por exemplo, as paredes s\u00e3o feitas de pedras, com argamassa de barro, areia, cal de conchas e \u00f3leo de baleia. Por outro lado, <\/span><span style=\"font-weight: 400;\">o telhado \u00e9 de barro e o local ainda tem uma linda vista para o mar.&nbsp;<\/span><\/p>\n\n\n\n<h4><b>Parque Municipal da Serra<\/b><\/h4>\n\n\n\n<p><span style=\"font-weight: 400;\">Outra excelente dica de roteiro para recomendar aos visitantes \u00e9 o Parque Municipal da Serra, tamb\u00e9m conhecido como Parque da Cidade.&nbsp;<\/span><\/p>\n\n\n\n<p><span style=\"font-weight: 400;\">O local foi inaugurado em 2009 e tem uma \u00e1rea de 115.180 m\u00b2. O bacana \u00e9 que ele tem atividades para todas as idades, como, por exemplo, playground, quadras poliesportivas, pista de skate e pista de caminhada.<\/span><\/p>\n\n\n\n<h3><b>Onde comer em Serra&nbsp;<\/b><\/h3>\n\n\n\n<p><span style=\"font-weight: 400;\">Nesse sentido de conhecer lugares novos, quem busca por a<\/span>luguel de temporada em <b>Serra<\/b>, no <b>Esp\u00edrito Santo<\/b>, tamb\u00e9m vai <span style=\"font-weight: 400;\">querer conhecer os principais restaurantes da regi\u00e3o. Ent\u00e3o, confira algumas das recomenda\u00e7\u00f5es que separamos para voc\u00ea!&nbsp;<\/span><\/p>\n\n\n\n<h4>&nbsp;<\/h4>\n\n\n\n<h4><b>Terra \u00e0 Vista<\/b><\/h4>\n\n\n\n<p><span style=\"font-weight: 400;\">Primeiramente, recomendamos que os seus h\u00f3spedes conhe\u00e7am o restaurante Terra \u00e0 Vista. O local \u00e9 especializado em pratos com peixes e frutos do mar e traz aquela culin\u00e1ria tipicamente praiana.&nbsp;<\/span><span style=\"font-weight: 400;\">Os visitantes poder\u00e3o encontrar uma grande variedade de op\u00e7\u00f5es individuais e para compartilhar.&nbsp;<\/span><\/p>\n\n\n\n<h4>&nbsp;<\/h4>\n\n\n\n<h4><b>Churrascaria Serra Grande<\/b><\/h4>\n\n\n\n<p><span style=\"font-weight: 400;\">A Churrascaria Serra Grande \u00e9 a melhor alternativa para quem deseja comer bem! O restaurante tem um amplo buffet de saladas e pratos quentes.&nbsp;<\/span><span style=\"font-weight: 400;\">\u00c9 poss\u00edvel encontrar uma boa variedade de carnes tamb\u00e9m!&nbsp;<\/span><\/p>\n\n\n\n<h4>&nbsp;<\/h4>\n\n\n\n<h4><b>Bacalhauzinho<\/b><\/h4>\n\n\n\n<p><span style=\"font-weight: 400;\">Como o pr\u00f3prio nome sugere, o restaurante Bacalhauzinho \u00e9 especializado em peixes, principalmente no Bacalhau. Um dos pratos mais pedidos do local \u00e9 o Bacalhauzinho e salada com gr\u00e3o de bico fenomenal.<\/span><\/p>\n\n\n\n<p><span style=\"font-weight: 400;\">Aproveite essas dicas para atrair mais h\u00f3spedes para seu <\/span>aluguel de temporada em<b> Serra<\/b><span style=\"font-weight: 400;\">. \u00c9 s\u00f3 fazer o seu cadastro preenchendo o formul\u00e1rio ao lado e seguindo os pr\u00f3ximos passos.&nbsp;<\/span><\/p>\n","protected":false},"excerpt":{"rendered":"<p>Aqui no Anfitri\u00e3o Prime voc\u00ea pode anunciar im\u00f3veis para aluguel de temporada em Serra com mais facilidade. Contamos com uma equipe especializada que dar\u00e1 suporte em todos os detalhes que voc\u00ea precisar.&nbsp; Aproveite para conferir o nosso cat\u00e1logo com mais de 1000 im\u00f3veis cadastrados em todo o Brasil. Como funciona o Anfitri\u00e3o Prime? N\u00e3o somos [&hellip;]<\/p>\n","protected":false},"author":1,"featured_media":7094,"parent":0,"menu_order":0,"comment_status":"closed","ping_status":"closed","template":"","meta":[],"yoast_head":"<!-- This site is optimized with the Yoast SEO plugin v21.1 - https:\/\/yoast.com\/wordpress\/plugins\/seo\/ -->\n<title>Aluguel de temporada em Serra \u00e9 com o Anfitri\u00e3o Prime<\/title>\n<meta name=\"description\" content=\"O Anfitri\u00e3o Prime pode cuidar de tudo referente ao seu aluguel de temporada em Serra, no Esp\u00edrito Santo. Conhe\u00e7a os nossos servi\u00e7os!\" \/>\n<meta name=\"robots\" content=\"index, follow, max-snippet:-1, max-image-preview:large, max-video-preview:-1\" \/>\n<link rel=\"canonical\" href=\"https:\/\/www.anfitriaoprime.com.br\/blog\/aluguel-de-temporada-em-serra\/\" \/>\n<meta property=\"og:locale\" content=\"pt_BR\" \/>\n<meta property=\"og:type\" content=\"article\" \/>\n<meta property=\"og:title\" content=\"Aluguel de temporada em Serra \u00e9 com o Anfitri\u00e3o Prime\" \/>\n<meta property=\"og:description\" content=\"O Anfitri\u00e3o Prime pode cuidar de tudo referente ao seu aluguel de temporada em Serra, no Esp\u00edrito Santo. Conhe\u00e7a os nossos servi\u00e7os!\" \/>\n<meta property=\"og:url\" content=\"https:\/\/www.anfitriaoprime.com.br\/blog\/aluguel-de-temporada-em-serra\/\" \/>\n<meta property=\"og:site_name\" content=\"Blog Anfitri\u00e3o Prime: Ganhe dinheiro com aluguel de temporada.\" \/>\n<meta property=\"article:modified_time\" content=\"2025-07-15T21:53:46+00:00\" \/>\n<meta property=\"og:image\" content=\"https:\/\/www.anfitriaoprime.com.br\/blog\/wp-content\/uploads\/2025\/07\/Dimensoes-personalizadas-1920x550-px-9-1.webp\" \/>\n\t<meta property=\"og:image:width\" content=\"1920\" \/>\n\t<meta property=\"og:image:height\" content=\"550\" \/>\n\t<meta property=\"og:image:type\" content=\"image\/webp\" \/>\n<meta name=\"twitter:card\" content=\"summary_large_image\" \/>\n<meta name=\"twitter:label1\" content=\"Est. tempo de leitura\" \/>\n\t<meta name=\"twitter:data1\" content=\"8 minutos\" \/>\n<script type=\"application\/ld+json\" class=\"yoast-schema-graph\">{\"@context\":\"https:\/\/schema.org\",\"@graph\":[{\"@type\":\"WebPage\",\"@id\":\"https:\/\/www.anfitriaoprime.com.br\/blog\/aluguel-de-temporada-em-serra\/\",\"url\":\"https:\/\/www.anfitriaoprime.com.br\/blog\/aluguel-de-temporada-em-serra\/\",\"name\":\"Aluguel de temporada em Serra \u00e9 com o Anfitri\u00e3o Prime\",\"isPartOf\":{\"@id\":\"https:\/\/www.anfitriaoprime.com.br\/blog\/#website\"},\"datePublished\":\"2022-06-28T21:13:15+00:00\",\"dateModified\":\"2025-07-15T21:53:46+00:00\",\"description\":\"O Anfitri\u00e3o Prime pode cuidar de tudo referente ao seu aluguel de temporada em Serra, no Esp\u00edrito Santo. Conhe\u00e7a os nossos servi\u00e7os!\",\"breadcrumb\":{\"@id\":\"https:\/\/www.anfitriaoprime.com.br\/blog\/aluguel-de-temporada-em-serra\/#breadcrumb\"},\"inLanguage\":\"pt-BR\",\"potentialAction\":[{\"@type\":\"ReadAction\",\"target\":[\"https:\/\/www.anfitriaoprime.com.br\/blog\/aluguel-de-temporada-em-serra\/\"]}]},{\"@type\":\"BreadcrumbList\",\"@id\":\"https:\/\/www.anfitriaoprime.com.br\/blog\/aluguel-de-temporada-em-serra\/#breadcrumb\",\"itemListElement\":[{\"@type\":\"ListItem\",\"position\":1,\"name\":\"In\u00edcio\",\"item\":\"https:\/\/www.anfitriaoprime.com.br\/blog\/\"},{\"@type\":\"ListItem\",\"position\":2,\"name\":\"Aluguel de temporada em Serra \u00e9 com o Anfitri\u00e3o Prime\"}]},{\"@type\":\"WebSite\",\"@id\":\"https:\/\/www.anfitriaoprime.com.br\/blog\/#website\",\"url\":\"https:\/\/www.anfitriaoprime.com.br\/blog\/\",\"name\":\"Blog Anfitri\u00e3o Prime - Gest\u00e3o de propriedade para aluguel de temporada\",\"description\":\"No blog do Anfitri\u00e3o Prime voc\u00ea encontra dicas e informa\u00e7\u00f5es sobre o mercado de aluguel de temporada escrito por anfitri\u00f5es profissionais\",\"potentialAction\":[{\"@type\":\"SearchAction\",\"target\":{\"@type\":\"EntryPoint\",\"urlTemplate\":\"https:\/\/www.anfitriaoprime.com.br\/blog\/?s={search_term_string}\"},\"query-input\":\"required name=search_term_string\"}],\"inLanguage\":\"pt-BR\"}]}<\/script>\n<!-- \/ Yoast SEO plugin. -->","yoast_head_json":{"title":"Aluguel de temporada em Serra \u00e9 com o Anfitri\u00e3o Prime","description":"O Anfitri\u00e3o Prime pode cuidar de tudo referente ao seu aluguel de temporada em Serra, no Esp\u00edrito Santo. Conhe\u00e7a os nossos servi\u00e7os!","robots":{"index":"index","follow":"follow","max-snippet":"max-snippet:-1","max-image-preview":"max-image-preview:large","max-video-preview":"max-video-preview:-1"},"canonical":"https:\/\/www.anfitriaoprime.com.br\/blog\/aluguel-de-temporada-em-serra\/","og_locale":"pt_BR","og_type":"article","og_title":"Aluguel de temporada em Serra \u00e9 com o Anfitri\u00e3o Prime","og_description":"O Anfitri\u00e3o Prime pode cuidar de tudo referente ao seu aluguel de temporada em Serra, no Esp\u00edrito Santo. Conhe\u00e7a os nossos servi\u00e7os!","og_url":"https:\/\/www.anfitriaoprime.com.br\/blog\/aluguel-de-temporada-em-serra\/","og_site_name":"Blog Anfitri\u00e3o Prime: Ganhe dinheiro com aluguel de temporada.","article_modified_time":"2025-07-15T21:53:46+00:00","og_image":[{"width":1920,"height":550,"url":"https:\/\/www.anfitriaoprime.com.br\/blog\/wp-content\/uploads\/2025\/07\/Dimensoes-personalizadas-1920x550-px-9-1.webp","type":"image\/webp"}],"twitter_card":"summary_large_image","twitter_misc":{"Est. tempo de leitura":"8 minutos"},"schema":{"@context":"https:\/\/schema.org","@graph":[{"@type":"WebPage","@id":"https:\/\/www.anfitriaoprime.com.br\/blog\/aluguel-de-temporada-em-serra\/","url":"https:\/\/www.anfitriaoprime.com.br\/blog\/aluguel-de-temporada-em-serra\/","name":"Aluguel de temporada em Serra \u00e9 com o Anfitri\u00e3o Prime","isPartOf":{"@id":"https:\/\/www.anfitriaoprime.com.br\/blog\/#website"},"datePublished":"2022-06-28T21:13:15+00:00","dateModified":"2025-07-15T21:53:46+00:00","description":"O Anfitri\u00e3o Prime pode cuidar de tudo referente ao seu aluguel de temporada em Serra, no Esp\u00edrito Santo. Conhe\u00e7a os nossos servi\u00e7os!","breadcrumb":{"@id":"https:\/\/www.anfitriaoprime.com.br\/blog\/aluguel-de-temporada-em-serra\/#breadcrumb"},"inLanguage":"pt-BR","potentialAction":[{"@type":"ReadAction","target":["https:\/\/www.anfitriaoprime.com.br\/blog\/aluguel-de-temporada-em-serra\/"]}]},{"@type":"BreadcrumbList","@id":"https:\/\/www.anfitriaoprime.com.br\/blog\/aluguel-de-temporada-em-serra\/#breadcrumb","itemListElement":[{"@type":"ListItem","position":1,"name":"In\u00edcio","item":"https:\/\/www.anfitriaoprime.com.br\/blog\/"},{"@type":"ListItem","position":2,"name":"Aluguel de temporada em Serra \u00e9 com o Anfitri\u00e3o Prime"}]},{"@type":"WebSite","@id":"https:\/\/www.anfitriaoprime.com.br\/blog\/#website","url":"https:\/\/www.anfitriaoprime.com.br\/blog\/","name":"Blog Anfitri\u00e3o Prime - Gest\u00e3o de propriedade para aluguel de temporada","description":"No blog do Anfitri\u00e3o Prime voc\u00ea encontra dicas e informa\u00e7\u00f5es sobre o mercado de aluguel de temporada escrito por anfitri\u00f5es profissionais","potentialAction":[{"@type":"SearchAction","target":{"@type":"EntryPoint","urlTemplate":"https:\/\/www.anfitriaoprime.com.br\/blog\/?s={search_term_string}"},"query-input":"required name=search_term_string"}],"inLanguage":"pt-BR"}]}},"acf":{"imagem":{"ID":4770,"id":4770,"title":"Foto de Fermin Rodriguez Penelas no Unsplash","filename":"Dimensoes-personalizadas-1920x550-px-9.jpeg","filesize":1275599,"url":"https:\/\/www.anfitriaoprime.com.br\/blog\/wp-content\/uploads\/2022\/06\/Dimensoes-personalizadas-1920x550-px-9.jpeg","link":"https:\/\/www.anfitriaoprime.com.br\/blog\/aluguel-de-temporada-em-serra\/dimensoes-personalizadas-1920x550-px-44\/","alt":"aluguel de temporada em Serra","author":"1","description":"","caption":"Foto de Fermin Rodriguez Penelas no Unsplash","name":"dimensoes-personalizadas-1920x550-px-44","status":"inherit","uploaded_to":4769,"date":"2022-06-28 20:48:55","modified":"2022-06-28 20:49:39","menu_order":0,"mime_type":"image\/jpeg","type":"image","subtype":"jpeg","icon":"https:\/\/www.anfitriaoprime.com.br\/blog\/wp-includes\/images\/media\/default.png","width":1920,"height":550,"sizes":{"thumbnail":"https:\/\/www.anfitriaoprime.com.br\/blog\/wp-content\/uploads\/2022\/06\/Dimensoes-personalizadas-1920x550-px-9.jpeg","thumbnail-width":150,"thumbnail-height":43,"medium":"https:\/\/www.anfitriaoprime.com.br\/blog\/wp-content\/uploads\/2022\/06\/Dimensoes-personalizadas-1920x550-px-9.jpeg","medium-width":300,"medium-height":86,"medium_large":"https:\/\/www.anfitriaoprime.com.br\/blog\/wp-content\/uploads\/2022\/06\/Dimensoes-personalizadas-1920x550-px-9.jpeg","medium_large-width":648,"medium_large-height":186,"large":"https:\/\/www.anfitriaoprime.com.br\/blog\/wp-content\/uploads\/2022\/06\/Dimensoes-personalizadas-1920x550-px-9.jpeg","large-width":648,"large-height":186,"1536x1536":"https:\/\/www.anfitriaoprime.com.br\/blog\/wp-content\/uploads\/2022\/06\/Dimensoes-personalizadas-1920x550-px-9.jpeg","1536x1536-width":1536,"1536x1536-height":440,"2048x2048":"https:\/\/www.anfitriaoprime.com.br\/blog\/wp-content\/uploads\/2022\/06\/Dimensoes-personalizadas-1920x550-px-9.jpeg","2048x2048-width":1920,"2048x2048-height":550,"sparkling-featured":"https:\/\/www.anfitriaoprime.com.br\/blog\/wp-content\/uploads\/2022\/06\/Dimensoes-personalizadas-1920x550-px-9.jpeg","sparkling-featured-width":750,"sparkling-featured-height":215,"sparkling-featured-fullwidth":"https:\/\/www.anfitriaoprime.com.br\/blog\/wp-content\/uploads\/2022\/06\/Dimensoes-personalizadas-1920x550-px-9.jpeg","sparkling-featured-fullwidth-width":1140,"sparkling-featured-fullwidth-height":327,"tab-small":"https:\/\/www.anfitriaoprime.com.br\/blog\/wp-content\/uploads\/2022\/06\/Dimensoes-personalizadas-1920x550-px-9.jpeg","tab-small-width":60,"tab-small-height":17,"crp_thumbnail":"https:\/\/www.anfitriaoprime.com.br\/blog\/wp-content\/uploads\/2022\/06\/Dimensoes-personalizadas-1920x550-px-9.jpeg","crp_thumbnail-width":150,"crp_thumbnail-height":43}},"titulo":"Aluguel de temporada em Serra \u00e9 com o Anfitri\u00e3o Prime","subtitulo":"<p><span style=\"font-weight: 400;\">Aqui no Anfitri\u00e3o Prime voc\u00ea pode anunciar im\u00f3veis para <\/span><b>aluguel de temporada em Serra<\/b><span style=\"font-weight: 400;\"> com mais facilidade. Contamos com uma equipe especializada que dar\u00e1 suporte em todos os detalhes que voc\u00ea precisar.\u00a0<\/span><\/p>\n<p><a href=\"https:\/\/reservas.anfitriaoprime.com.br\/\"><b>Aproveite para conferir o nosso cat\u00e1logo com mais de 1000 im\u00f3veis cadastrados em todo o Brasil.<\/b><\/a><\/p>\n","titulo_secao_1":"Como funciona o Anfitri\u00e3o Prime?","conteudo_secao_1":"<p><span style=\"font-weight: 400;\">N\u00e3o somos apenas uma imobili\u00e1ria digital ou um site de reservas comum. Sou uma startup especializada em aluguel de temporada em <strong>Serra<\/strong>, no <strong>Esp\u00edrito Santo<\/strong>.\u00a0<\/span><\/p>\n<p><span style=\"font-weight: 400;\">Ao anunciar com a gente, voc\u00ea ter\u00e1 \u00e0 sua disposi\u00e7\u00e3o uma equipe especializada que atuar\u00e1 em todas as etapas da loca\u00e7\u00e3o. N\u00f3s cuidaremos desde a cria\u00e7\u00e3o do an\u00fancio, passando pela comunica\u00e7\u00e3o com os h\u00f3spedes e tamb\u00e9m na limpeza e manuten\u00e7\u00e3o do im\u00f3vel.\u00a0<\/span><span style=\"font-weight: 400;\">Dessa forma, o seu im\u00f3vel estar\u00e1 sempre pronto para receber os h\u00f3spedes.\u00a0<\/span><\/p>\n<p><span style=\"font-weight: 400;\">Ent\u00e3o n\u00e3o perca mais tempo, venha anunciar com a gente e aumente os seus rendimentos do seu <\/span>aluguel de temporada em <b>Serra. <\/b>Cadastre-se atrav\u00e9s do formul\u00e1rio ao lado e siga os pr\u00f3ximos passos.<\/p>\n","titulo_secao_2":"Conhe\u00e7a os nossos servi\u00e7os","imagem_secao_2":false,"conteudo_secao_2":"<p>Aliamos a experi\u00eancia de mais de 30 anos com turismo dos nossos profissionais \u00e0 tecnologia de ponta, garantindo maiores ganhos com o aluguel de temporada para propriet\u00e1rios e a melhor experi\u00eancia para os h\u00f3spedes. Confira os nossos servi\u00e7os:<\/p>\n<h3><b><img decoding=\"async\" loading=\"lazy\" class=\"emoji alignnone\" role=\"img\" draggable=\"false\" src=\"https:\/\/s.w.org\/images\/core\/emoji\/13.1.0\/svg\/1f4bb.svg\" alt=\"aluguel de temporada em Serra\" width=\"150\" height=\"150\" \/>\u00a0Anunciamos sua propriedade<\/b><\/h3>\n<p>Primeiramente, n\u00f3s criamos o an\u00fancio da sua propriedade e o publicamos em mais de 30 sites de reservas, como Airbnb, Booking, VRBO (Alugue Temporada) e TripAdvisor.\u00a0 Em seguida, ficamos respons\u00e1veis pela gest\u00e3o dele em cada uma das plataformas.<\/p>\n<h3><a href=\"https:\/\/www.anfitriaoprime.com.br\/blog\/foto-a-importancia-no-aluguel-de-temporada\/\"><b><img decoding=\"async\" loading=\"lazy\" class=\"emoji alignnone\" role=\"img\" draggable=\"false\" src=\"https:\/\/s.w.org\/images\/core\/emoji\/13.1.0\/svg\/1f4f7.svg\" alt=\"fotos profissionais s\u00e3o importantes para quem trabalha com loca\u00e7\u00e3o de temporada\" width=\"150\" height=\"150\" \/>\u00a0Fotos profissionais<\/b><\/a><\/h3>\n<p>As fotos profissionais do seu im\u00f3vel garantem uma melhor primeira impress\u00e3o aos h\u00f3spedes, o que aumenta as possibilidades de reservas.<\/p>\n<h3><b><img decoding=\"async\" loading=\"lazy\" class=\"emoji alignnone\" role=\"img\" draggable=\"false\" src=\"https:\/\/s.w.org\/images\/core\/emoji\/13.1.0\/svg\/1f4ac.svg\" alt=\"aluguel de temporada em Serra\" width=\"150\" height=\"150\" \/>\u00a0Comunica\u00e7\u00e3o com os h\u00f3spedes<\/b><\/h3>\n<p>Um dos grandes problemas ao gerenciar um im\u00f3vel de temporada \u00e9 estar dispon\u00edvel para responder os h\u00f3spedes nas plataformas de reservas. Contudo, com o Anfitri\u00e3o Prime voc\u00ea n\u00e3o ter\u00e1 que se preocupar com isso, pois n\u00f3s temos uma equipe que est\u00e1 24\/7 dispon\u00edvel para atend\u00ea-los.<\/p>\n<h3><b><img decoding=\"async\" loading=\"lazy\" class=\"emoji alignnone\" role=\"img\" draggable=\"false\" src=\"https:\/\/s.w.org\/images\/core\/emoji\/13.1.0\/svg\/1f4c8.svg\" alt=\"aluguel de temporada em Serra\" width=\"150\" height=\"150\" \/>\u00a0<a href=\"https:\/\/www.anfitriaoprime.com.br\/blog\/valor-da-diaria-no-aluguel-de-temporada\/\">Defini\u00e7\u00e3o dos melhores pre\u00e7os de di\u00e1rias<\/a><\/b><\/h3>\n<p>Contamos com uma tecnologia de ponta que faz a precifica\u00e7\u00e3o inteligente do seu im\u00f3vel, pensando a longo prazo. Em outras palavras, ela leva em conta as varia\u00e7\u00f5es de pre\u00e7o que ocorrem durante o ano, como feriados, alta e baixa temporada. Al\u00e9m de outras situa\u00e7\u00f5es que podem fazer com que o valor da di\u00e1ria do seu im\u00f3vel varie.<\/p>\n<h3><strong><img decoding=\"async\" loading=\"lazy\" class=\"emoji alignnone\" role=\"img\" draggable=\"false\" src=\"https:\/\/s.w.org\/images\/core\/emoji\/13.1.0\/svg\/1f5d3.svg\" alt=\"O Anfitri\u00e3o Prime faz a gest\u00e3o do seu calend\u00e1rio de reservas\" width=\"150\" height=\"150\" \/>\u00a0Gest\u00e3o do calend\u00e1rio\u00a0<\/strong><\/h3>\n<p>N\u00f3s tamb\u00e9m contamos com uma ferramenta que faz a gest\u00e3o unificada do seu calend\u00e1rio para evitar o overbooking. Al\u00e9m disso, voc\u00ea tamb\u00e9m pode continuar utilizando o seu im\u00f3vel quando desejar, basta apenas nos informar com anteced\u00eancia para que possamos fazer o bloqueio do calend\u00e1rio para os h\u00f3spedes.<\/p>\n<h3><b><img decoding=\"async\" loading=\"lazy\" class=\"emoji alignnone\" role=\"img\" draggable=\"false\" src=\"https:\/\/s.w.org\/images\/core\/emoji\/13.1.0\/svg\/2714.svg\" alt=\"aluguel de temporada em Serra\" width=\"150\" height=\"150\" \/>\u00a0Concierge, Limpeza e Manuten\u00e7\u00e3o\u00a0<\/b><\/h3>\n<p>Finalmente, para que voc\u00ea possa investir em aluguel de temporada tranquilamente, oferecemos servi\u00e7os complementares como de\u00a0<b>concierge<\/b>\u00a0do seu im\u00f3vel. Al\u00e9m de servi\u00e7os para\u00a0<strong>limpeza, manuten\u00e7\u00e3o<\/strong>\u00a0e outras coisas necess\u00e1rias para garantir uma experi\u00eancia perfeita aos h\u00f3spedes.<\/p>\n","titulo_secao_3":"Por que anunciar seu im\u00f3vel com a gente?","conteudo_secao_3":"<p>Ent\u00e3o, se comparamos os servi\u00e7os do Anfitri\u00e3o Prime com os servi\u00e7os oferecidos por outros sites de reservas, voc\u00ea ter\u00e1 as seguintes vantagens:<\/p>\n","titulo_secao_6":"Sobre Serra\u00a0","conteudo_secao_6":"<figure id=\"attachment_4772\" class=\"thumbnail wp-caption alignnone\" style=\"width: 760px\"><img decoding=\"async\" loading=\"lazy\" class=\"wp-image-4772 size-full\" src=\"https:\/\/www.anfitriaoprime.com.br\/blog\/wp-content\/uploads\/2022\/06\/Dimensoes-personalizadas-750x410-px-9.jpeg\" alt=\"aluguel de temporada em Serra\" width=\"750\" height=\"410\" srcset=\"https:\/\/www.anfitriaoprime.com.br\/blog\/wp-content\/uploads\/2022\/06\/Dimensoes-personalizadas-750x410-px-9.jpeg 750w, https:\/\/www.anfitriaoprime.com.br\/blog\/wp-content\/uploads\/2022\/06\/Dimensoes-personalizadas-750x410-px-9-300x164.jpeg 300w\" sizes=\"(max-width: 750px) 100vw, 750px\" \/><figcaption class=\"caption wp-caption-text\">Mestre \u00c1lvaro, visto da BR-101 entre os bairros Planalto Serrano e Vista da Serra II. | Foto: Denis Rizzoli<\/figcaption><\/figure>\n<p><span style=\"font-weight: 400;\">Serra \u00e9 uma cidade do Esp\u00edrito Santo que atrai tanto os turistas que desejam curtir uma praia, como, tamb\u00e9m, os amantes da natureza! logo, esse \u00e9 o tipo de lugar perfeito para quem deseja descansar em um lugar com tranquilidade.\u00a0<\/span><\/p>\n<p>&nbsp;<\/p>\n<h3><b>Dicas de roteiro em Serra<\/b><\/h3>\n<p><span style=\"font-weight: 400;\">Ent\u00e3o, se voc\u00ea quer atrair mais h\u00f3spedes para o seu <\/span>aluguel de temporada em <b>Serra<\/b><span style=\"font-weight: 400;\">, \u00e9 essencial conhecer os principais roteiros da regi\u00e3o. Por isso, separamos algumas dicas de pontos tur\u00edsticos e atra\u00e7\u00f5es, confira!\u00a0<\/span><\/p>\n<p>&nbsp;<\/p>\n<h4><b>Praia de Manguinhos<\/b><\/h4>\n<p><span style=\"font-weight: 400;\">Primeiramente, \u00e9 claro que n\u00e3o d\u00e1 para falar de roteiro na cidade de Serra sem citar a Praia de Manguinhos. Ela \u00e9 mais simples e um ar de vila de pescadores.\u00a0<\/span><span style=\"font-weight: 400;\">Contudo, engana-se quem acredita que no local n\u00e3o existam op\u00e7\u00f5es de restaurantes. Pelo contr\u00e1rio, a regi\u00e3o tem v\u00e1rias op\u00e7\u00f5es para os visitantes que desejam curtir uma cerveja, por\u00e7\u00f5es e lanches \u00e0 beira-mar.\u00a0\u00a0<\/span><\/p>\n<p>&nbsp;<\/p>\n<h4><b>Igreja dos Reis Magos<\/b><\/h4>\n<p><span style=\"font-weight: 400;\">Em seguida, recomendamos uma visita a Igreja dos Reis Magos, que tem uma grande relev\u00e2ncia hist\u00f3rica para a cidade. Ela foi constru\u00edda por jesu\u00edtas e \u00edndios tupiniquins por volta de 1580 e \u00e9 <\/span><span style=\"font-weight: 400;\">t\u00e3o importante para a regi\u00e3o que foi tombada pelo Instituto do Patrim\u00f4nio Hist\u00f3rico e Art\u00edstico Nacional.\u00a0<\/span><\/p>\n<p><span style=\"font-weight: 400;\">A arquitetura dela \u00e9 simplesmente deslumbrante e o modo como ela foi feita tamb\u00e9m \u00e9 impressionante. Por exemplo, as paredes s\u00e3o feitas de pedras, com argamassa de barro, areia, cal de conchas e \u00f3leo de baleia. Por outro lado, <\/span><span style=\"font-weight: 400;\">o telhado \u00e9 de barro e o local ainda tem uma linda vista para o mar.\u00a0<\/span><\/p>\n<p>&nbsp;<\/p>\n<h4><b>Parque Municipal da Serra<\/b><\/h4>\n<p><span style=\"font-weight: 400;\">Outra excelente dica de roteiro para recomendar aos visitantes \u00e9 o Parque Municipal da Serra, tamb\u00e9m conhecido como Parque da Cidade.\u00a0<\/span><\/p>\n<p><span style=\"font-weight: 400;\">O local foi inaugurado em 2009 e tem uma \u00e1rea de 115.180 m\u00b2. O bacana \u00e9 que ele tem atividades para todas as idades, como, por exemplo, playground, quadras poliesportivas, pista de skate e pista de caminhada.<\/span><\/p>\n<p>&nbsp;<\/p>\n<h3><b>Onde comer em Serra\u00a0<\/b><\/h3>\n<p><span style=\"font-weight: 400;\">Nesse sentido de conhecer lugares novos, quem busca por a<\/span>luguel de temporada em <b>Serra<\/b>, no <b>Esp\u00edrito Santo<\/b>, tamb\u00e9m vai <span style=\"font-weight: 400;\">querer conhecer os principais restaurantes da regi\u00e3o. Ent\u00e3o, confira algumas das recomenda\u00e7\u00f5es que separamos para voc\u00ea!\u00a0<\/span><\/p>\n<h4><\/h4>\n<h4><b>Terra \u00e0 Vista<\/b><\/h4>\n<p><span style=\"font-weight: 400;\">Primeiramente, recomendamos que os seus h\u00f3spedes conhe\u00e7am o restaurante Terra \u00e0 Vista. O local \u00e9 especializado em pratos com peixes e frutos do mar e traz aquela culin\u00e1ria tipicamente praiana.\u00a0<\/span><span style=\"font-weight: 400;\">Os visitantes poder\u00e3o encontrar uma grande variedade de op\u00e7\u00f5es individuais e para compartilhar.\u00a0<\/span><\/p>\n<h4><\/h4>\n<h4><b>Churrascaria Serra Grande<\/b><\/h4>\n<p><span style=\"font-weight: 400;\">A Churrascaria Serra Grande \u00e9 a melhor alternativa para quem deseja comer bem! O restaurante tem um amplo buffet de saladas e pratos quentes.\u00a0<\/span><span style=\"font-weight: 400;\">\u00c9 poss\u00edvel encontrar uma boa variedade de carnes tamb\u00e9m!\u00a0<\/span><\/p>\n<h4><\/h4>\n<h4><b>Bacalhauzinho<\/b><\/h4>\n<p><span style=\"font-weight: 400;\">Como o pr\u00f3prio nome sugere, o restaurante Bacalhauzinho \u00e9 especializado em peixes, principalmente no Bacalhau. Um dos pratos mais pedidos do local \u00e9 o Bacalhauzinho e salada com gr\u00e3o de bico fenomenal.<\/span><\/p>\n<p><span style=\"font-weight: 400;\">Aproveite essas dicas para atrair mais h\u00f3spedes para seu <\/span>aluguel de temporada em<b> Serra<\/b><span style=\"font-weight: 400;\">. \u00c9 s\u00f3 fazer o seu cadastro preenchendo o formul\u00e1rio ao lado e seguindo os pr\u00f3ximos passos. <a href=\"https:\/\/reservas.anfitriaoprime.com.br\/\"><b>Aproveite para conferir o nosso cat\u00e1logo com mais de 1000 im\u00f3veis cadastrados em todo o Brasil.<\/b><\/a><\/span><\/p>\n"},"_links":{"self":[{"href":"https:\/\/www.anfitriaoprime.com.br\/blog\/wp-json\/wp\/v2\/pages\/4769"}],"collection":[{"href":"https:\/\/www.anfitriaoprime.com.br\/blog\/wp-json\/wp\/v2\/pages"}],"about":[{"href":"https:\/\/www.anfitriaoprime.com.br\/blog\/wp-json\/wp\/v2\/types\/page"}],"author":[{"embeddable":true,"href":"https:\/\/www.anfitriaoprime.com.br\/blog\/wp-json\/wp\/v2\/users\/1"}],"replies":[{"embeddable":true,"href":"https:\/\/www.anfitriaoprime.com.br\/blog\/wp-json\/wp\/v2\/comments?post=4769"}],"version-history":[{"count":5,"href":"https:\/\/www.anfitriaoprime.com.br\/blog\/wp-json\/wp\/v2\/pages\/4769\/revisions"}],"predecessor-version":[{"id":7098,"href":"https:\/\/www.anfitriaoprime.com.br\/blog\/wp-json\/wp\/v2\/pages\/4769\/revisions\/7098"}],"wp:featuredmedia":[{"embeddable":true,"href":"https:\/\/www.anfitriaoprime.com.br\/blog\/wp-json\/wp\/v2\/media\/7094"}],"wp:attachment":[{"href":"https:\/\/www.anfitriaoprime.com.br\/blog\/wp-json\/wp\/v2\/media?parent=4769"}],"curies":[{"name":"wp","href":"https:\/\/api.w.org\/{rel}","templated":true}]}}