{"id":4776,"date":"2022-06-28T19:15:23","date_gmt":"2022-06-28T22:15:23","guid":{"rendered":"https:\/\/www.anfitriaoprime.com.br\/blog\/?page_id=4776"},"modified":"2024-08-13T14:29:13","modified_gmt":"2024-08-13T17:29:13","slug":"imoveis-em-cariacica","status":"publish","type":"page","link":"https:\/\/www.anfitriaoprime.com.br\/blog\/imoveis-em-cariacica\/","title":{"rendered":"Anuncie por temporada um ou mais im\u00f3veis em Cariacica com o Anfitri\u00e3o Prime"},"content":{"rendered":"<p><span style=\"font-weight: 400;\">Aqui no Anfitri\u00e3o Prime voc\u00ea pode anunciar um ou mais <\/span>im\u00f3veis em<b> Cariacica<\/b><span style=\"font-weight: 400;\"> com mais facilidade. Nossos profissionais ir\u00e3o cuidar de todas as etapas de loca\u00e7\u00e3o por temporada, desde a cria\u00e7\u00e3o de an\u00fancios at\u00e9 o check-out dos h\u00f3spedes.<\/span><\/p>\n<p><strong><a href=\"https:\/\/reservas.anfitriaoprime.com.br\/\">Clique aqui para conhecer o nosso portf\u00f3lio com mais de 1.000 im\u00f3veis de temporada distribu\u00eddos por todo o Brasil.\u00a0<\/a><\/strong><\/p>\n<h2><b>Como funciona o Anfitri\u00e3o Prime?\u00a0<\/b><\/h2>\n<p><span style=\"font-weight: 400;\">N\u00e3o somos apenas uma imobili\u00e1ria digital ou um site de reservas comum. Somos uma startup especializada em loca\u00e7\u00e3o por temporada de im\u00f3veis em Cariacica e em todo o Brasil. Oferecemos uma equipe especializada que te ajudar a gerenciar a sua casa ou apartamento com mais <\/span><span style=\"font-weight: 400;\">facilidade.\u00a0<\/span><\/p>\n<p><span style=\"font-weight: 400;\">Ao anunciar com a gente, voc\u00ea ter\u00e1 acesso a uma s\u00e9rie de recursos, como calend\u00e1rio integrado e precificador. Al\u00e9m disso, nossa equipe ir\u00e1 cuidar de toda a parte de marketing, criando e fazendo a gest\u00e3o de an\u00fancios em mais de 30 sites de reserva.\u00a0<\/span><\/p>\n<p><span style=\"font-weight: 400;\">Voc\u00ea ainda poder\u00e1 contratar nossos servi\u00e7os de gest\u00e3o de manuten\u00e7\u00e3o, lavanderia e limpeza. Assim, o seu im\u00f3vel estar\u00e1 sempre pronto para receber os h\u00f3spedes.\u00a0<\/span><\/p>\n<p><span style=\"font-weight: 400;\">Ent\u00e3o, n\u00e3o perca mais tempo e fa\u00e7a o seu cadastro agora mesmo. Basta preencher o formul\u00e1rio ao lado e seguir os pr\u00f3ximos passos. \u00c9 r\u00e1pido e pode te render at\u00e9 100% a mais de ganhos se comparado com a loca\u00e7\u00e3o por conta pr\u00f3pria.\u00a0<\/span><\/p>\n<h2>Conhe\u00e7a os nossos servi\u00e7os<\/h2>\n<p>Aliamos a experi\u00eancia de mais de 30 anos com turismo dos nossos profissionais \u00e0 tecnologia de ponta, garantindo maiores ganhos com o aluguel de temporada para propriet\u00e1rios e a melhor experi\u00eancia para os h\u00f3spedes. Confira os nossos servi\u00e7os:<\/p>\n<h3><b><img decoding=\"async\" loading=\"lazy\" class=\"emoji alignnone\" role=\"img\" draggable=\"false\" src=\"https:\/\/s.w.org\/images\/core\/emoji\/13.1.0\/svg\/1f4bb.svg\" alt=\"im\u00f3veis em Cariacica\" width=\"150\" height=\"150\" \/>\u00a0Anunciamos sua propriedade<\/b><\/h3>\n<p>Primeiramente, n\u00f3s criamos o an\u00fancio da sua propriedade e o publicamos em mais de 30 sites de reservas, como Airbnb, Booking, VRBO (Alugue Temporada) e TripAdvisor.\u00a0 Em seguida, ficamos respons\u00e1veis pela gest\u00e3o dele em cada uma das plataformas.<\/p>\n<h3><a href=\"https:\/\/www.anfitriaoprime.com.br\/blog\/foto-a-importancia-no-aluguel-de-temporada\/\"><b><img decoding=\"async\" loading=\"lazy\" class=\"emoji alignnone\" role=\"img\" draggable=\"false\" src=\"https:\/\/s.w.org\/images\/core\/emoji\/13.1.0\/svg\/1f4f7.svg\" alt=\"im\u00f3veis em Cariacica\" width=\"150\" height=\"150\" \/>\u00a0Fotos profissionais<\/b><\/a><\/h3>\n<p>As fotos profissionais do seu im\u00f3vel garantem uma melhor primeira impress\u00e3o aos h\u00f3spedes, o que aumenta as possibilidades de reservas.<\/p>\n<h3><b><img decoding=\"async\" loading=\"lazy\" class=\"emoji alignnone\" role=\"img\" draggable=\"false\" src=\"https:\/\/s.w.org\/images\/core\/emoji\/13.1.0\/svg\/1f4ac.svg\" alt=\"comunica\u00e7\u00e3o com h\u00f3spedes\" width=\"150\" height=\"150\" \/>\u00a0Comunica\u00e7\u00e3o com os h\u00f3spedes<\/b><\/h3>\n<p>Um dos grandes problemas ao gerenciar um im\u00f3vel de temporada \u00e9 estar dispon\u00edvel para responder os h\u00f3spedes nas plataformas de reservas. Contudo, com o Anfitri\u00e3o Prime voc\u00ea n\u00e3o ter\u00e1 que se preocupar com isso, pois n\u00f3s temos uma equipe que est\u00e1 24\/7 dispon\u00edvel para atend\u00ea-los.<\/p>\n<h3><b><img decoding=\"async\" loading=\"lazy\" class=\"emoji alignnone\" role=\"img\" draggable=\"false\" src=\"https:\/\/s.w.org\/images\/core\/emoji\/13.1.0\/svg\/1f4c8.svg\" alt=\"im\u00f3veis em Cariacica\" width=\"150\" height=\"150\" \/>\u00a0<a href=\"https:\/\/www.anfitriaoprime.com.br\/blog\/valor-da-diaria-no-aluguel-de-temporada\/\">Defini\u00e7\u00e3o dos melhores pre\u00e7os de di\u00e1rias<\/a><\/b><\/h3>\n<p>Contamos com uma tecnologia de ponta que faz a precifica\u00e7\u00e3o inteligente do seu im\u00f3vel, pensando a longo prazo. Em outras palavras, ela leva em conta as varia\u00e7\u00f5es de pre\u00e7o que ocorrem durante o ano, como feriados, alta e baixa temporada. Al\u00e9m de outras situa\u00e7\u00f5es que podem fazer com que o valor da di\u00e1ria do seu im\u00f3vel varie.<\/p>\n<h3><strong><img decoding=\"async\" loading=\"lazy\" class=\"emoji alignnone\" role=\"img\" draggable=\"false\" src=\"https:\/\/s.w.org\/images\/core\/emoji\/13.1.0\/svg\/1f5d3.svg\" alt=\"gerenciamos o calend\u00e1rio de reservas \" width=\"150\" height=\"150\" \/>\u00a0Gest\u00e3o do calend\u00e1rio\u00a0<\/strong><\/h3>\n<p>N\u00f3s tamb\u00e9m contamos com uma ferramenta que faz a gest\u00e3o unificada do seu calend\u00e1rio para evitar o overbooking. Al\u00e9m disso, voc\u00ea tamb\u00e9m pode continuar utilizando o seu im\u00f3vel quando desejar, basta apenas nos informar com anteced\u00eancia para que possamos fazer o bloqueio do calend\u00e1rio para os h\u00f3spedes.<\/p>\n<h3><b><img decoding=\"async\" loading=\"lazy\" class=\"emoji alignnone\" role=\"img\" draggable=\"false\" src=\"https:\/\/s.w.org\/images\/core\/emoji\/13.1.0\/svg\/2714.svg\" alt=\"checklist\" width=\"150\" height=\"150\" \/>\u00a0Concierge, Limpeza e Manuten\u00e7\u00e3o\u00a0<\/b><\/h3>\n<p>Finalmente, para que voc\u00ea possa investir em aluguel de temporada tranquilamente, oferecemos servi\u00e7os complementares como de\u00a0<b>concierge<\/b>\u00a0do seu im\u00f3vel. Al\u00e9m de servi\u00e7os para\u00a0<strong>limpeza, manuten\u00e7\u00e3o<\/strong>\u00a0e outras coisas necess\u00e1rias para garantir uma experi\u00eancia perfeita aos h\u00f3spedes.<\/p>\n<h2>Por que anunciar seu im\u00f3vel com a gente?<\/h2>\n<p>Ent\u00e3o, se comparamos os servi\u00e7os do Anfitri\u00e3o Prime com os servi\u00e7os oferecidos por outros sites de reservas, voc\u00ea ter\u00e1 as seguintes vantagens:<\/p>\n<figure id=\"attachment_4779\" class=\"thumbnail wp-caption alignnone\" style=\"width: 310px\"><img decoding=\"async\" loading=\"lazy\" class=\"wp-image-4779 size-medium\" src=\"https:\/\/www.anfitriaoprime.com.br\/blog\/wp-content\/uploads\/2022\/06\/Dimensoes-personalizadas-750x410-px-1-1-300x164.jpeg\" alt=\"im\u00f3veis em Cariacica\" width=\"300\" height=\"164\" srcset=\"https:\/\/www.anfitriaoprime.com.br\/blog\/wp-content\/uploads\/2022\/06\/Dimensoes-personalizadas-750x410-px-1-1-300x164.jpeg 300w, https:\/\/www.anfitriaoprime.com.br\/blog\/wp-content\/uploads\/2022\/06\/Dimensoes-personalizadas-750x410-px-1-1.jpeg 750w\" sizes=\"(max-width: 300px) 100vw, 300px\" \/><figcaption class=\"caption wp-caption-text\">Foto de Torcida ES<\/figcaption><\/figure>\n<h3><b>Sobre Cariacica\u00a0<\/b><\/h3>\n<p><span style=\"font-weight: 400;\">Cariacica \u00e9 uma cidade super pertinho de Vit\u00f3ria\/ES e \u00e9 um verdadeiro ref\u00fagio para os visitantes que buscam por tranquilidade. O munic\u00edpio tem uma grande variedade de pontos tur\u00edsticos naturais e atividades para todos os tipos de viajantes.\u00a0<\/span><\/p>\n<h3><b>Dicas de roteiro em Cariacica\u00a0<\/b><\/h3>\n<p><span style=\"font-weight: 400;\">Ent\u00e3o, se voc\u00ea quer atrair mais h\u00f3spedes para um ou mais im\u00f3veis em <\/span><b>Cariacica<\/b><span style=\"font-weight: 400;\">, \u00e9 importante conhecer os principais roteiros da cidade. Por isso, separamos algumas dicas que voc\u00ea pode recomendar aos visitantes.\u00a0<\/span><\/p>\n<h4><\/h4>\n<h4><b>Est\u00e1dio Kleber Andrade\u00a0<\/b><\/h4>\n<p><span style=\"font-weight: 400;\">Primeiramente, precisamos falar sobre o Est\u00e1dio Kleber Andrade, que foi inaugurado em 1983 pelo seu antigo dono, o Rio Branco Atl\u00e9tico Clube e pertence ao Governo do Estado desde 2008. Apesar de n\u00e3o ter sido sede na Copa do Mundo de 2014, ele foi utilizado como local de treinamento para a sele\u00e7\u00e3o de Camar\u00f5es durante o mundial. Um local cheio de hist\u00f3ria e ideal para assistir uma partida de futebol.\u00a0<\/span><\/p>\n<h4><\/h4>\n<h4><b>Igreja de S\u00e3o Jo\u00e3o Batista\u00a0<\/b><\/h4>\n<p><span style=\"font-weight: 400;\">Em seguida, voc\u00ea pode sugerir um passeio pela Igreja de S\u00e3o Jo\u00e3o Batista. Ela foi constru\u00edda h\u00e1 mais de 163 anos e uma das mais antigas, at\u00e9 mesmo do que a cidade.\u00a0<\/span><span style=\"font-weight: 400;\">Esse ponto tur\u00edstico fica na pra\u00e7a Marechal Deodoro da Fonseca e fica bem pr\u00f3ximo de v\u00e1rios restaurantes e outras facilidades. Mesmo que o turista n\u00e3o seja religioso, vale a pena recomendar pela import\u00e2ncia hist\u00f3rica deste local.\u00a0<\/span><\/p>\n<h4><\/h4>\n<h4><b>Fraternidade Tabajara\u00a0<\/b><\/h4>\n<p><span style=\"font-weight: 400;\">Al\u00e9m dessas duas \u00faltimas dicas, voc\u00ea pode recomendar uma visita a Fraternidade Tabajara, uma entidade beneficente que se dedica \u00e0 Assist\u00eancia Espiritual e Social. Esse \u00e9, de longe, um dos principais pontos tur\u00edsticos da cidade, onde <\/span><span style=\"font-weight: 400;\">h\u00e1 uma grande escultura de \u00edndio com bra\u00e7os erguidos para o c\u00e9u.\u00a0<\/span><\/p>\n<p><span style=\"font-weight: 400;\">Esse monumento foi constru\u00eddo em homenagem ao Caboclo Tabajara. Ele \u00e9 um dos esp\u00edritos cultuados na religi\u00e3o Umbanda e tamb\u00e9m \u00e9 uma op\u00e7\u00e3o interessante, mesmo para quem n\u00e3o \u00e9 religioso.\u00a0<\/span><\/p>\n<h4><\/h4>\n<h4><b>Rancho Pedra Negra\u00a0<\/b><\/h4>\n<p><span style=\"font-weight: 400;\">Outra excelente alternativa para recomendar aos turistas \u00e9 o rancho Pedra Negra. O local oferece uma s\u00e9rie de atividades, sendo uma das mais famosas a culin\u00e1ria regional que \u00e9 preparada pela dona Luzineth Barcelos.\u00a0<\/span><\/p>\n<p><span style=\"font-weight: 400;\">Mas, al\u00e9m disso, o local ainda conta com diversas outras atividades, como \u00e1rea de camping, pesque e pague, passeio a cavalo, bem como venda de produtos da agroind\u00fastria.\u00a0<\/span><\/p>\n<h4><\/h4>\n<h4><b>Est\u00e2ncia Vale do Moxuara\u00a0<\/b><\/h4>\n<p><span style=\"font-weight: 400;\">Finalmente, mas n\u00e3o menos importante, vale indicar um passeio a Est\u00e2ncia Vale do Moxuara. O local oferece uma grande gama de atividades de lazer como uma horta medicinal e org\u00e2nica, o pesque e pague, e lago com pedalinho.<\/span><\/p>\n<p><span style=\"font-weight: 400;\">Al\u00e9m disso, ainda h\u00e1 um restaurante no local muito bom.\u00a0\u00a0<\/span><\/p>\n<h3><b>Onde comer em Cariacica\u00a0<\/b><\/h3>\n<p>&nbsp;<\/p>\n<p><span style=\"font-weight: 400;\">Nesse sentido de conhecer lugares novos, quem procura se hospedar em im\u00f3veis em Cariacica tamb\u00e9m vai querer <\/span><span style=\"font-weight: 400;\">conhecer alguns dos principais restaurantes da regi\u00e3o. Por isso, tamb\u00e9m separamos algumas recomenda\u00e7\u00f5es para voc\u00ea fazer aos visitantes.\u00a0<\/span><\/p>\n<h4><\/h4>\n<h4><b>Terra \u00e0 Vista<\/b><\/h4>\n<p><span style=\"font-weight: 400;\">Primeiramente, indicamos o restaurante Terra \u00e0 Vista, que oferece pratos individuais e tamb\u00e9m compartilh\u00e1veis com pre\u00e7os bem interessantes para quem est\u00e1 viajando.\u00a0<\/span><span style=\"font-weight: 400;\">Um dos carros chefes do local \u00e9 o \u201cGord\u00e3o de Til\u00e1pia\u201d. Al\u00e9m disso, vale a pena recomendar aos turistas a carta de drinks.\u00a0<\/span><\/p>\n<h4><\/h4>\n<h4><b>Espeto De Prata<\/b><\/h4>\n<p><span style=\"font-weight: 400;\">Al\u00e9m do Terra \u00e0 Vista, tamb\u00e9m vale recomendar Espeto De Prata. Esse \u00e9 o tipo de espa\u00e7o perfeito para quem est\u00e1 viajando em fam\u00edlia e deseja um lugar com comida boa e acess\u00edvel para a hora do almo\u00e7o.\u00a0<\/span><span style=\"font-weight: 400;\">As carnes s\u00e3o saborosas e o buffet \u00e9 bem amplo para quem busca variedade de pratos.\u00a0<\/span><\/p>\n<p><span style=\"font-weight: 400;\">Ent\u00e3o, aproveite essas dicas para atrair mais h\u00f3spedes para um ou mais im\u00f3veis em <\/span><b>Cariacica<\/b><span style=\"font-weight: 400;\">. Basta fazer o cadastro preenchendo o formul\u00e1rio ao lado e seguir os pr\u00f3ximos passos.<\/span><\/p>\n<p><strong><a href=\"https:\/\/reservas.anfitriaoprime.com.br\/\">Clique aqui para conhecer o nosso portf\u00f3lio com mais de 1.000 im\u00f3veis de temporada distribu\u00eddos por todo o Brasil.\u00a0<\/a><\/strong><\/p>\n","protected":false},"excerpt":{"rendered":"<p>Aqui no Anfitri\u00e3o Prime voc\u00ea pode anunciar um ou mais im\u00f3veis em Cariacica com mais facilidade. Nossos profissionais ir\u00e3o cuidar de todas as etapas de loca\u00e7\u00e3o por temporada, desde a cria\u00e7\u00e3o de an\u00fancios at\u00e9 o check-out dos h\u00f3spedes. Clique aqui para conhecer o nosso portf\u00f3lio com mais de 1.000 im\u00f3veis de temporada distribu\u00eddos por todo [&hellip;]<\/p>\n","protected":false},"author":1,"featured_media":4777,"parent":0,"menu_order":0,"comment_status":"closed","ping_status":"closed","template":"","meta":[],"yoast_head":"<!-- This site is optimized with the Yoast SEO plugin v21.1 - https:\/\/yoast.com\/wordpress\/plugins\/seo\/ -->\n<title>Anuncie por temporada im\u00f3veis em Cariacica com o Anfitri\u00e3o Prime<\/title>\n<meta name=\"description\" content=\"O Anfitri\u00e3o Prime pode te ajudar a gerenciar a loca\u00e7\u00e3o de um ou mais im\u00f3veis em Cariacica. Conhe\u00e7a os nossos servi\u00e7os!\" \/>\n<meta name=\"robots\" content=\"index, follow, max-snippet:-1, max-image-preview:large, max-video-preview:-1\" \/>\n<link rel=\"canonical\" href=\"https:\/\/www.anfitriaoprime.com.br\/blog\/imoveis-em-cariacica\/\" \/>\n<meta property=\"og:locale\" content=\"pt_BR\" \/>\n<meta property=\"og:type\" content=\"article\" \/>\n<meta property=\"og:title\" content=\"Anuncie por temporada im\u00f3veis em Cariacica com o Anfitri\u00e3o Prime\" \/>\n<meta property=\"og:description\" content=\"O Anfitri\u00e3o Prime pode te ajudar a gerenciar a loca\u00e7\u00e3o de um ou mais im\u00f3veis em Cariacica. Conhe\u00e7a os nossos servi\u00e7os!\" \/>\n<meta property=\"og:url\" content=\"https:\/\/www.anfitriaoprime.com.br\/blog\/imoveis-em-cariacica\/\" \/>\n<meta property=\"og:site_name\" content=\"Blog Anfitri\u00e3o Prime: Ganhe dinheiro com aluguel de temporada.\" \/>\n<meta property=\"article:modified_time\" content=\"2024-08-13T17:29:13+00:00\" \/>\n<meta property=\"og:image\" content=\"https:\/\/www.anfitriaoprime.com.br\/blog\/wp-content\/uploads\/2022\/06\/Dimensoes-personalizadas-1920x550-px-10.jpeg\" \/>\n\t<meta property=\"og:image:width\" content=\"1920\" \/>\n\t<meta property=\"og:image:height\" content=\"550\" \/>\n\t<meta property=\"og:image:type\" content=\"image\/jpeg\" \/>\n<meta name=\"twitter:card\" content=\"summary_large_image\" \/>\n<meta name=\"twitter:label1\" content=\"Est. tempo de leitura\" \/>\n\t<meta name=\"twitter:data1\" content=\"8 minutos\" \/>\n<script type=\"application\/ld+json\" class=\"yoast-schema-graph\">{\"@context\":\"https:\/\/schema.org\",\"@graph\":[{\"@type\":\"WebPage\",\"@id\":\"https:\/\/www.anfitriaoprime.com.br\/blog\/imoveis-em-cariacica\/\",\"url\":\"https:\/\/www.anfitriaoprime.com.br\/blog\/imoveis-em-cariacica\/\",\"name\":\"Anuncie por temporada im\u00f3veis em Cariacica com o Anfitri\u00e3o Prime\",\"isPartOf\":{\"@id\":\"https:\/\/www.anfitriaoprime.com.br\/blog\/#website\"},\"datePublished\":\"2022-06-28T22:15:23+00:00\",\"dateModified\":\"2024-08-13T17:29:13+00:00\",\"description\":\"O Anfitri\u00e3o Prime pode te ajudar a gerenciar a loca\u00e7\u00e3o de um ou mais im\u00f3veis em Cariacica. Conhe\u00e7a os nossos servi\u00e7os!\",\"breadcrumb\":{\"@id\":\"https:\/\/www.anfitriaoprime.com.br\/blog\/imoveis-em-cariacica\/#breadcrumb\"},\"inLanguage\":\"pt-BR\",\"potentialAction\":[{\"@type\":\"ReadAction\",\"target\":[\"https:\/\/www.anfitriaoprime.com.br\/blog\/imoveis-em-cariacica\/\"]}]},{\"@type\":\"BreadcrumbList\",\"@id\":\"https:\/\/www.anfitriaoprime.com.br\/blog\/imoveis-em-cariacica\/#breadcrumb\",\"itemListElement\":[{\"@type\":\"ListItem\",\"position\":1,\"name\":\"In\u00edcio\",\"item\":\"https:\/\/www.anfitriaoprime.com.br\/blog\/\"},{\"@type\":\"ListItem\",\"position\":2,\"name\":\"Anuncie por temporada um ou mais im\u00f3veis em Cariacica com o Anfitri\u00e3o Prime\"}]},{\"@type\":\"WebSite\",\"@id\":\"https:\/\/www.anfitriaoprime.com.br\/blog\/#website\",\"url\":\"https:\/\/www.anfitriaoprime.com.br\/blog\/\",\"name\":\"Blog Anfitri\u00e3o Prime - Gest\u00e3o de propriedade para aluguel de temporada\",\"description\":\"No blog do Anfitri\u00e3o Prime voc\u00ea encontra dicas e informa\u00e7\u00f5es sobre o mercado de aluguel de temporada escrito por anfitri\u00f5es profissionais\",\"potentialAction\":[{\"@type\":\"SearchAction\",\"target\":{\"@type\":\"EntryPoint\",\"urlTemplate\":\"https:\/\/www.anfitriaoprime.com.br\/blog\/?s={search_term_string}\"},\"query-input\":\"required name=search_term_string\"}],\"inLanguage\":\"pt-BR\"}]}<\/script>\n<!-- \/ Yoast SEO plugin. -->","yoast_head_json":{"title":"Anuncie por temporada im\u00f3veis em Cariacica com o Anfitri\u00e3o Prime","description":"O Anfitri\u00e3o Prime pode te ajudar a gerenciar a loca\u00e7\u00e3o de um ou mais im\u00f3veis em Cariacica. Conhe\u00e7a os nossos servi\u00e7os!","robots":{"index":"index","follow":"follow","max-snippet":"max-snippet:-1","max-image-preview":"max-image-preview:large","max-video-preview":"max-video-preview:-1"},"canonical":"https:\/\/www.anfitriaoprime.com.br\/blog\/imoveis-em-cariacica\/","og_locale":"pt_BR","og_type":"article","og_title":"Anuncie por temporada im\u00f3veis em Cariacica com o Anfitri\u00e3o Prime","og_description":"O Anfitri\u00e3o Prime pode te ajudar a gerenciar a loca\u00e7\u00e3o de um ou mais im\u00f3veis em Cariacica. Conhe\u00e7a os nossos servi\u00e7os!","og_url":"https:\/\/www.anfitriaoprime.com.br\/blog\/imoveis-em-cariacica\/","og_site_name":"Blog Anfitri\u00e3o Prime: Ganhe dinheiro com aluguel de temporada.","article_modified_time":"2024-08-13T17:29:13+00:00","og_image":[{"width":1920,"height":550,"url":"https:\/\/www.anfitriaoprime.com.br\/blog\/wp-content\/uploads\/2022\/06\/Dimensoes-personalizadas-1920x550-px-10.jpeg","type":"image\/jpeg"}],"twitter_card":"summary_large_image","twitter_misc":{"Est. tempo de leitura":"8 minutos"},"schema":{"@context":"https:\/\/schema.org","@graph":[{"@type":"WebPage","@id":"https:\/\/www.anfitriaoprime.com.br\/blog\/imoveis-em-cariacica\/","url":"https:\/\/www.anfitriaoprime.com.br\/blog\/imoveis-em-cariacica\/","name":"Anuncie por temporada im\u00f3veis em Cariacica com o Anfitri\u00e3o Prime","isPartOf":{"@id":"https:\/\/www.anfitriaoprime.com.br\/blog\/#website"},"datePublished":"2022-06-28T22:15:23+00:00","dateModified":"2024-08-13T17:29:13+00:00","description":"O Anfitri\u00e3o Prime pode te ajudar a gerenciar a loca\u00e7\u00e3o de um ou mais im\u00f3veis em Cariacica. Conhe\u00e7a os nossos servi\u00e7os!","breadcrumb":{"@id":"https:\/\/www.anfitriaoprime.com.br\/blog\/imoveis-em-cariacica\/#breadcrumb"},"inLanguage":"pt-BR","potentialAction":[{"@type":"ReadAction","target":["https:\/\/www.anfitriaoprime.com.br\/blog\/imoveis-em-cariacica\/"]}]},{"@type":"BreadcrumbList","@id":"https:\/\/www.anfitriaoprime.com.br\/blog\/imoveis-em-cariacica\/#breadcrumb","itemListElement":[{"@type":"ListItem","position":1,"name":"In\u00edcio","item":"https:\/\/www.anfitriaoprime.com.br\/blog\/"},{"@type":"ListItem","position":2,"name":"Anuncie por temporada um ou mais im\u00f3veis em Cariacica com o Anfitri\u00e3o Prime"}]},{"@type":"WebSite","@id":"https:\/\/www.anfitriaoprime.com.br\/blog\/#website","url":"https:\/\/www.anfitriaoprime.com.br\/blog\/","name":"Blog Anfitri\u00e3o Prime - Gest\u00e3o de propriedade para aluguel de temporada","description":"No blog do Anfitri\u00e3o Prime voc\u00ea encontra dicas e informa\u00e7\u00f5es sobre o mercado de aluguel de temporada escrito por anfitri\u00f5es profissionais","potentialAction":[{"@type":"SearchAction","target":{"@type":"EntryPoint","urlTemplate":"https:\/\/www.anfitriaoprime.com.br\/blog\/?s={search_term_string}"},"query-input":"required name=search_term_string"}],"inLanguage":"pt-BR"}]}},"acf":{"imagem":{"ID":4777,"id":4777,"title":"Foto de Fermin Rodriguez Penelas no Unsplash","filename":"Dimensoes-personalizadas-1920x550-px-10.jpeg","filesize":1275599,"url":"https:\/\/www.anfitriaoprime.com.br\/blog\/wp-content\/uploads\/2022\/06\/Dimensoes-personalizadas-1920x550-px-10.jpeg","link":"https:\/\/www.anfitriaoprime.com.br\/blog\/imoveis-em-cariacica\/dimensoes-personalizadas-1920x550-px-49\/","alt":"im\u00f3veis em Cariacica","author":"1","description":"","caption":"Foto de Fermin Rodriguez Penelas no Unsplash","name":"dimensoes-personalizadas-1920x550-px-49","status":"inherit","uploaded_to":4776,"date":"2022-06-28 21:36:22","modified":"2022-06-28 21:36:39","menu_order":0,"mime_type":"image\/jpeg","type":"image","subtype":"jpeg","icon":"https:\/\/www.anfitriaoprime.com.br\/blog\/wp-includes\/images\/media\/default.png","width":1920,"height":550,"sizes":{"thumbnail":"https:\/\/www.anfitriaoprime.com.br\/blog\/wp-content\/uploads\/2022\/06\/Dimensoes-personalizadas-1920x550-px-10-150x150.jpeg","thumbnail-width":150,"thumbnail-height":150,"medium":"https:\/\/www.anfitriaoprime.com.br\/blog\/wp-content\/uploads\/2022\/06\/Dimensoes-personalizadas-1920x550-px-10-300x86.jpeg","medium-width":300,"medium-height":86,"medium_large":"https:\/\/www.anfitriaoprime.com.br\/blog\/wp-content\/uploads\/2022\/06\/Dimensoes-personalizadas-1920x550-px-10-768x220.jpeg","medium_large-width":648,"medium_large-height":186,"large":"https:\/\/www.anfitriaoprime.com.br\/blog\/wp-content\/uploads\/2022\/06\/Dimensoes-personalizadas-1920x550-px-10-1024x293.jpeg","large-width":648,"large-height":185,"1536x1536":"https:\/\/www.anfitriaoprime.com.br\/blog\/wp-content\/uploads\/2022\/06\/Dimensoes-personalizadas-1920x550-px-10-1536x440.jpeg","1536x1536-width":1536,"1536x1536-height":440,"2048x2048":"https:\/\/www.anfitriaoprime.com.br\/blog\/wp-content\/uploads\/2022\/06\/Dimensoes-personalizadas-1920x550-px-10.jpeg","2048x2048-width":1920,"2048x2048-height":550,"sparkling-featured":"https:\/\/www.anfitriaoprime.com.br\/blog\/wp-content\/uploads\/2022\/06\/Dimensoes-personalizadas-1920x550-px-10-750x410.jpeg","sparkling-featured-width":750,"sparkling-featured-height":410,"sparkling-featured-fullwidth":"https:\/\/www.anfitriaoprime.com.br\/blog\/wp-content\/uploads\/2022\/06\/Dimensoes-personalizadas-1920x550-px-10-1140x550.jpeg","sparkling-featured-fullwidth-width":1140,"sparkling-featured-fullwidth-height":550,"tab-small":"https:\/\/www.anfitriaoprime.com.br\/blog\/wp-content\/uploads\/2022\/06\/Dimensoes-personalizadas-1920x550-px-10-60x60.jpeg","tab-small-width":60,"tab-small-height":60,"crp_thumbnail":"https:\/\/www.anfitriaoprime.com.br\/blog\/wp-content\/uploads\/2022\/06\/Dimensoes-personalizadas-1920x550-px-10-150x150.jpeg","crp_thumbnail-width":150,"crp_thumbnail-height":150}},"titulo":"Anuncie por temporada um ou mais im\u00f3veis em Cariacica com o Anfitri\u00e3o Prime","subtitulo":"<p><span style=\"font-weight: 400;\">Aqui no Anfitri\u00e3o Prime voc\u00ea pode anunciar um ou mais <\/span>im\u00f3veis em<b> Cariacica<\/b><span style=\"font-weight: 400;\"> com mais facilidade. Nossos profissionais ir\u00e3o cuidar de todas as etapas de loca\u00e7\u00e3o por temporada, desde a cria\u00e7\u00e3o de an\u00fancios at\u00e9 o check-out dos h\u00f3spedes.<\/span><\/p>\n<p><strong><a href=\"https:\/\/reservas.anfitriaoprime.com.br\/\">Clique aqui para conhecer o nosso portf\u00f3lio com mais de 1.000 im\u00f3veis de temporada distribu\u00eddos por todo o Brasil.\u00a0<\/a><\/strong><\/p>\n","titulo_secao_1":"Como funciona o Anfitri\u00e3o Prime?\u00a0","conteudo_secao_1":"<p><span style=\"font-weight: 400;\">N\u00e3o somos apenas uma imobili\u00e1ria digital ou um site de reservas comum. Somos uma startup especializada em loca\u00e7\u00e3o por temporada de im\u00f3veis em Cariacica e em todo o Brasil. Oferecemos uma equipe especializada que te ajudar a gerenciar a sua casa ou apartamento com mais <\/span><span style=\"font-weight: 400;\">facilidade.\u00a0<\/span><\/p>\n<p><span style=\"font-weight: 400;\">Ao anunciar com a gente, voc\u00ea ter\u00e1 acesso a uma s\u00e9rie de recursos, como calend\u00e1rio integrado e precificador. Al\u00e9m disso, nossa equipe ir\u00e1 cuidar de toda a parte de marketing, criando e fazendo a gest\u00e3o de an\u00fancios em mais de 30 sites de reserva.\u00a0<\/span><\/p>\n<p><span style=\"font-weight: 400;\">Voc\u00ea ainda poder\u00e1 contratar nossos servi\u00e7os de gest\u00e3o de manuten\u00e7\u00e3o, lavanderia e limpeza. Assim, o seu im\u00f3vel estar\u00e1 sempre pronto para receber os h\u00f3spedes.\u00a0<\/span><\/p>\n<p><span style=\"font-weight: 400;\">Ent\u00e3o, n\u00e3o perca mais tempo e fa\u00e7a o seu cadastro agora mesmo. Basta preencher o formul\u00e1rio ao lado e seguir os pr\u00f3ximos passos. \u00c9 r\u00e1pido e pode te render at\u00e9 100% a mais de ganhos se comparado com a loca\u00e7\u00e3o por conta pr\u00f3pria.\u00a0<\/span><\/p>\n","titulo_secao_2":"Conhe\u00e7a os nossos servi\u00e7os","imagem_secao_2":false,"conteudo_secao_2":"<p>Aliamos a experi\u00eancia de mais de 30 anos com turismo dos nossos profissionais \u00e0 tecnologia de ponta, garantindo maiores ganhos com o aluguel de temporada para propriet\u00e1rios e a melhor experi\u00eancia para os h\u00f3spedes. Confira os nossos servi\u00e7os:<\/p>\n<h3><b><img decoding=\"async\" loading=\"lazy\" class=\"emoji alignnone\" role=\"img\" draggable=\"false\" src=\"https:\/\/s.w.org\/images\/core\/emoji\/13.1.0\/svg\/1f4bb.svg\" alt=\"im\u00f3veis em Cariacica\" width=\"150\" height=\"150\" \/>\u00a0Anunciamos sua propriedade<\/b><\/h3>\n<p>Primeiramente, n\u00f3s criamos o an\u00fancio da sua propriedade e o publicamos em mais de 30 sites de reservas, como Airbnb, Booking, VRBO (Alugue Temporada) e TripAdvisor.\u00a0 Em seguida, ficamos respons\u00e1veis pela gest\u00e3o dele em cada uma das plataformas.<\/p>\n<h3><a href=\"https:\/\/www.anfitriaoprime.com.br\/blog\/foto-a-importancia-no-aluguel-de-temporada\/\"><b><img decoding=\"async\" loading=\"lazy\" class=\"emoji alignnone\" role=\"img\" draggable=\"false\" src=\"https:\/\/s.w.org\/images\/core\/emoji\/13.1.0\/svg\/1f4f7.svg\" alt=\"fotografia imobili\u00e1ria \u00e9 importante para quem trabalha com loca\u00e7\u00e3o por temmporada\" width=\"150\" height=\"150\" \/>\u00a0Fotos profissionais<\/b><\/a><\/h3>\n<p>As fotos profissionais do seu im\u00f3vel garantem uma melhor primeira impress\u00e3o aos h\u00f3spedes, o que aumenta as possibilidades de reservas.<\/p>\n<h3><b><img decoding=\"async\" loading=\"lazy\" class=\"emoji alignnone\" role=\"img\" draggable=\"false\" src=\"https:\/\/s.w.org\/images\/core\/emoji\/13.1.0\/svg\/1f4ac.svg\" alt=\"comunica\u00e7\u00e3o com os h\u00f3spedes\" width=\"150\" height=\"150\" \/>\u00a0Comunica\u00e7\u00e3o com os h\u00f3spedes<\/b><\/h3>\n<p>Um dos grandes problemas ao gerenciar um im\u00f3vel de temporada \u00e9 estar dispon\u00edvel para responder os h\u00f3spedes nas plataformas de reservas. Contudo, com o Anfitri\u00e3o Prime voc\u00ea n\u00e3o ter\u00e1 que se preocupar com isso, pois n\u00f3s temos uma equipe que est\u00e1 24\/7 dispon\u00edvel para atend\u00ea-los.<\/p>\n<h3><b><img decoding=\"async\" loading=\"lazy\" class=\"emoji alignnone\" role=\"img\" draggable=\"false\" src=\"https:\/\/s.w.org\/images\/core\/emoji\/13.1.0\/svg\/1f4c8.svg\" alt=\"im\u00f3veis em Cariacica\" width=\"150\" height=\"150\" \/>\u00a0<a href=\"https:\/\/www.anfitriaoprime.com.br\/blog\/valor-da-diaria-no-aluguel-de-temporada\/\">Defini\u00e7\u00e3o dos melhores pre\u00e7os de di\u00e1rias<\/a><\/b><\/h3>\n<p>Contamos com uma tecnologia de ponta que faz a precifica\u00e7\u00e3o inteligente do seu im\u00f3vel, pensando a longo prazo. Em outras palavras, ela leva em conta as varia\u00e7\u00f5es de pre\u00e7o que ocorrem durante o ano, como feriados, alta e baixa temporada. Al\u00e9m de outras situa\u00e7\u00f5es que podem fazer com que o valor da di\u00e1ria do seu im\u00f3vel varie.<\/p>\n<h3><strong><img decoding=\"async\" loading=\"lazy\" class=\"emoji alignnone\" role=\"img\" draggable=\"false\" src=\"https:\/\/s.w.org\/images\/core\/emoji\/13.1.0\/svg\/1f5d3.svg\" alt=\"calend\u00e1rio de reservas precisa ser gerenciado para evitar overbooking\" width=\"150\" height=\"150\" \/>\u00a0Gest\u00e3o do calend\u00e1rio\u00a0<\/strong><\/h3>\n<p>N\u00f3s tamb\u00e9m contamos com uma ferramenta que faz a gest\u00e3o unificada do seu calend\u00e1rio para evitar o overbooking. Al\u00e9m disso, voc\u00ea tamb\u00e9m pode continuar utilizando o seu im\u00f3vel quando desejar, basta apenas nos informar com anteced\u00eancia para que possamos fazer o bloqueio do calend\u00e1rio para os h\u00f3spedes.<\/p>\n<h3><b><img decoding=\"async\" loading=\"lazy\" class=\"emoji alignnone\" role=\"img\" draggable=\"false\" src=\"https:\/\/s.w.org\/images\/core\/emoji\/13.1.0\/svg\/2714.svg\" alt=\"im\u00f3veis em Cariacica\" width=\"150\" height=\"150\" \/>\u00a0Concierge, Limpeza e Manuten\u00e7\u00e3o\u00a0<\/b><\/h3>\n<p>Finalmente, para que voc\u00ea possa investir em aluguel de temporada tranquilamente, oferecemos servi\u00e7os complementares como de\u00a0<b>concierge<\/b>\u00a0do seu im\u00f3vel. Al\u00e9m de servi\u00e7os para\u00a0<strong>limpeza, manuten\u00e7\u00e3o<\/strong>\u00a0e outras coisas necess\u00e1rias para garantir uma experi\u00eancia perfeita aos h\u00f3spedes.<\/p>\n","titulo_secao_3":"Por que anunciar seu im\u00f3vel com a gente?","conteudo_secao_3":"<p>Ent\u00e3o, se comparamos os servi\u00e7os do Anfitri\u00e3o Prime com os servi\u00e7os oferecidos por outros sites de reservas, voc\u00ea ter\u00e1 as seguintes vantagens:<\/p>\n","titulo_secao_6":"Sobre Cariacica\u00a0","conteudo_secao_6":"<figure id=\"attachment_4779\" class=\"thumbnail wp-caption alignnone\" style=\"width: 760px\"><img decoding=\"async\" loading=\"lazy\" class=\"wp-image-4779 size-full\" src=\"https:\/\/www.anfitriaoprime.com.br\/blog\/wp-content\/uploads\/2022\/06\/Dimensoes-personalizadas-750x410-px-1-1.jpeg\" alt=\"im\u00f3veis em Cariacica\" width=\"750\" height=\"410\" srcset=\"https:\/\/www.anfitriaoprime.com.br\/blog\/wp-content\/uploads\/2022\/06\/Dimensoes-personalizadas-750x410-px-1-1.jpeg 750w, https:\/\/www.anfitriaoprime.com.br\/blog\/wp-content\/uploads\/2022\/06\/Dimensoes-personalizadas-750x410-px-1-1-300x164.jpeg 300w\" sizes=\"(max-width: 750px) 100vw, 750px\" \/><figcaption class=\"caption wp-caption-text\">Foto de Torcida ES<\/figcaption><\/figure>\n<p><span style=\"font-weight: 400;\">Cariacica \u00e9 uma cidade super pertinho de Vit\u00f3ria\/ES e \u00e9 um verdadeiro ref\u00fagio para os visitantes que buscam por tranquilidade. O munic\u00edpio tem uma grande variedade de pontos tur\u00edsticos naturais e atividades para todos os tipos de viajantes.\u00a0<\/span><\/p>\n<h3><b>Dicas de roteiro em Cariacica\u00a0<\/b><\/h3>\n<p><span style=\"font-weight: 400;\">Ent\u00e3o, se voc\u00ea quer atrair mais h\u00f3spedes para um ou mais im\u00f3veis em <\/span><b>Cariacica<\/b><span style=\"font-weight: 400;\">, \u00e9 importante conhecer os principais roteiros da cidade. Por isso, separamos algumas dicas que voc\u00ea pode recomendar aos visitantes.\u00a0<\/span><\/p>\n<h4><\/h4>\n<h4><b>Est\u00e1dio Kleber Andrade\u00a0<\/b><\/h4>\n<p><span style=\"font-weight: 400;\">Primeiramente, precisamos falar sobre o Est\u00e1dio Kleber Andrade, que foi inaugurado em 1983 pelo seu antigo dono, o Rio Branco Atl\u00e9tico Clube e pertence ao Governo do Estado desde 2008. Apesar de n\u00e3o ter sido sede na Copa do Mundo de 2014, ele foi utilizado como local de treinamento para a sele\u00e7\u00e3o de Camar\u00f5es durante o mundial. Um local cheio de hist\u00f3ria e ideal para assistir uma partida de futebol.\u00a0<\/span><\/p>\n<h4><\/h4>\n<h4><b>Igreja de S\u00e3o Jo\u00e3o Batista\u00a0<\/b><\/h4>\n<p><span style=\"font-weight: 400;\">Em seguida, voc\u00ea pode sugerir um passeio pela Igreja de S\u00e3o Jo\u00e3o Batista. Ela foi constru\u00edda h\u00e1 mais de 163 anos e uma das mais antigas, at\u00e9 mesmo do que a cidade.\u00a0<\/span><span style=\"font-weight: 400;\">Esse ponto tur\u00edstico fica na pra\u00e7a Marechal Deodoro da Fonseca e fica bem pr\u00f3ximo de v\u00e1rios restaurantes e outras facilidades. Mesmo que o turista n\u00e3o seja religioso, vale a pena recomendar pela import\u00e2ncia hist\u00f3rica deste local.\u00a0<\/span><\/p>\n<h4><\/h4>\n<h4><b>Fraternidade Tabajara\u00a0<\/b><\/h4>\n<p><span style=\"font-weight: 400;\">Al\u00e9m dessas duas \u00faltimas dicas, voc\u00ea pode recomendar uma visita a Fraternidade Tabajara, uma entidade beneficente que se dedica \u00e0 Assist\u00eancia Espiritual e Social. Esse \u00e9, de longe, um dos principais pontos tur\u00edsticos da cidade, onde <\/span><span style=\"font-weight: 400;\">h\u00e1 uma grande escultura de \u00edndio com bra\u00e7os erguidos para o c\u00e9u.\u00a0<\/span><\/p>\n<p><span style=\"font-weight: 400;\">Esse monumento foi constru\u00eddo em homenagem ao Caboclo Tabajara. Ele \u00e9 um dos esp\u00edritos cultuados na religi\u00e3o Umbanda e tamb\u00e9m \u00e9 uma op\u00e7\u00e3o interessante, mesmo para quem n\u00e3o \u00e9 religioso.\u00a0<\/span><\/p>\n<h4><\/h4>\n<h4><b>Rancho Pedra Negra\u00a0<\/b><\/h4>\n<p><span style=\"font-weight: 400;\">Outra excelente alternativa para recomendar aos turistas \u00e9 o rancho Pedra Negra. O local oferece uma s\u00e9rie de atividades, sendo uma das mais famosas a culin\u00e1ria regional que \u00e9 preparada pela dona Luzineth Barcelos.\u00a0<\/span><\/p>\n<p><span style=\"font-weight: 400;\">Mas, al\u00e9m disso, o local ainda conta com diversas outras atividades, como \u00e1rea de camping, pesque e pague, passeio a cavalo, bem como venda de produtos da agroind\u00fastria.\u00a0<\/span><\/p>\n<h4><\/h4>\n<h4><b>Est\u00e2ncia Vale do Moxuara\u00a0<\/b><\/h4>\n<p><span style=\"font-weight: 400;\">Finalmente, mas n\u00e3o menos importante, vale indicar um passeio a Est\u00e2ncia Vale do Moxuara. O local oferece uma grande gama de atividades de lazer como uma horta medicinal e org\u00e2nica, o pesque e pague, e lago com pedalinho.<\/span><\/p>\n<p><span style=\"font-weight: 400;\">Al\u00e9m disso, ainda h\u00e1 um restaurante no local muito bom.\u00a0\u00a0<\/span><\/p>\n<h3><b>Onde comer em Cariacica\u00a0<\/b><\/h3>\n<p>&nbsp;<\/p>\n<p><span style=\"font-weight: 400;\">Nesse sentido de conhecer lugares novos, quem procura se hospedar em im\u00f3veis em Cariacica tamb\u00e9m vai querer <\/span><span style=\"font-weight: 400;\">conhecer alguns dos principais restaurantes da regi\u00e3o. Por isso, tamb\u00e9m separamos algumas recomenda\u00e7\u00f5es para voc\u00ea fazer aos visitantes.\u00a0<\/span><\/p>\n<h4><\/h4>\n<h4><b>Terra \u00e0 Vista<\/b><\/h4>\n<p><span style=\"font-weight: 400;\">Primeiramente, indicamos o restaurante Terra \u00e0 Vista, que oferece pratos individuais e tamb\u00e9m compartilh\u00e1veis com pre\u00e7os bem interessantes para quem est\u00e1 viajando.\u00a0<\/span><span style=\"font-weight: 400;\">Um dos carros chefes do local \u00e9 o \u201cGord\u00e3o de Til\u00e1pia\u201d. Al\u00e9m disso, vale a pena recomendar aos turistas a carta de drinks.\u00a0<\/span><\/p>\n<h4><\/h4>\n<h4><b>Espeto De Prata<\/b><\/h4>\n<p><span style=\"font-weight: 400;\">Al\u00e9m do Terra \u00e0 Vista, tamb\u00e9m vale recomendar Espeto De Prata. Esse \u00e9 o tipo de espa\u00e7o perfeito para quem est\u00e1 viajando em fam\u00edlia e deseja um lugar com comida boa e acess\u00edvel para a hora do almo\u00e7o.\u00a0<\/span><span style=\"font-weight: 400;\">As carnes s\u00e3o saborosas e o buffet \u00e9 bem amplo para quem busca variedade de pratos.\u00a0<\/span><\/p>\n<p><span style=\"font-weight: 400;\">Ent\u00e3o, aproveite essas dicas para atrair mais h\u00f3spedes para um ou mais im\u00f3veis em <\/span><b>Cariacica<\/b><span style=\"font-weight: 400;\">. Basta fazer o cadastro preenchendo o formul\u00e1rio ao lado e seguir os pr\u00f3ximos passos.<\/span><\/p>\n<p><strong><a href=\"https:\/\/reservas.anfitriaoprime.com.br\/\">Clique aqui para conhecer o nosso portf\u00f3lio com mais de 1.000 im\u00f3veis de temporada distribu\u00eddos por todo o Brasil.\u00a0<\/a><\/strong><\/p>\n"},"_links":{"self":[{"href":"https:\/\/www.anfitriaoprime.com.br\/blog\/wp-json\/wp\/v2\/pages\/4776"}],"collection":[{"href":"https:\/\/www.anfitriaoprime.com.br\/blog\/wp-json\/wp\/v2\/pages"}],"about":[{"href":"https:\/\/www.anfitriaoprime.com.br\/blog\/wp-json\/wp\/v2\/types\/page"}],"author":[{"embeddable":true,"href":"https:\/\/www.anfitriaoprime.com.br\/blog\/wp-json\/wp\/v2\/users\/1"}],"replies":[{"embeddable":true,"href":"https:\/\/www.anfitriaoprime.com.br\/blog\/wp-json\/wp\/v2\/comments?post=4776"}],"version-history":[{"count":4,"href":"https:\/\/www.anfitriaoprime.com.br\/blog\/wp-json\/wp\/v2\/pages\/4776\/revisions"}],"predecessor-version":[{"id":6488,"href":"https:\/\/www.anfitriaoprime.com.br\/blog\/wp-json\/wp\/v2\/pages\/4776\/revisions\/6488"}],"wp:featuredmedia":[{"embeddable":true,"href":"https:\/\/www.anfitriaoprime.com.br\/blog\/wp-json\/wp\/v2\/media\/4777"}],"wp:attachment":[{"href":"https:\/\/www.anfitriaoprime.com.br\/blog\/wp-json\/wp\/v2\/media?parent=4776"}],"curies":[{"name":"wp","href":"https:\/\/api.w.org\/{rel}","templated":true}]}}