{"id":4791,"date":"2022-06-29T18:32:55","date_gmt":"2022-06-29T21:32:55","guid":{"rendered":"https:\/\/www.anfitriaoprime.com.br\/blog\/?page_id=4791"},"modified":"2025-07-15T18:27:57","modified_gmt":"2025-07-15T21:27:57","slug":"imoveis-em-sao-joao-do-meriti-aluguel-de-temporada","status":"publish","type":"page","link":"https:\/\/www.anfitriaoprime.com.br\/blog\/imoveis-em-sao-joao-do-meriti-aluguel-de-temporada\/","title":{"rendered":"Anuncie por temporada um ou mais im\u00f3veis em S\u00e3o Jo\u00e3o do Meriti com o Anfitri\u00e3o Prime"},"content":{"rendered":"\n<p><span style=\"font-weight: 400;\">Tem um ou mais im\u00f3veis em <\/span><b>S\u00e3o Jo\u00e3o do Meriti<\/b><span style=\"font-weight: 400;\">, mas ainda n\u00e3o anuncia por temporada, pois n\u00e3o quer enfrentar a burocracia da loca\u00e7\u00e3o por temporada? Aqui no Anfitri\u00e3o Prime voc\u00ea tem suporte em todas as etapas, desde a cria\u00e7\u00e3o de an\u00fancios at\u00e9 o check-out. Conhe\u00e7a os nossos servi\u00e7os!&nbsp;<\/span><\/p>\n\n\n\n<p><a href=\"https:\/\/reservas.anfitriaoprime.com.br\/\"><b>Clique aqui para conferir os mais de 1.000 im\u00f3veis que temos anunciados em todo o Brasil. <\/b><\/a><\/p>\n\n\n\n<h2><b>Como funciona o Anfitri\u00e3o Prime?&nbsp;<\/b><\/h2>\n\n\n\n<p><span style=\"font-weight: 400;\">O Anfitri\u00e3o Prime \u00e9 mais que uma imobili\u00e1ria digital ou um site de reservas comum. Somos um gestor profissional de im\u00f3veis de temporada e atuamos em todo o Brasil. Temos profissionais com anos de experi\u00eancia no mercado, bem como diversos servi\u00e7os para facilitar a sua loca\u00e7\u00e3o.&nbsp;<\/span><\/p>\n\n\n\n<p><span style=\"font-weight: 400;\">Ao anunciar com a gente, voc\u00ea ter\u00e1 uma equipe \u00e0 sua disposi\u00e7\u00e3o para cuidar de todos os detalhes. <\/span><span style=\"font-weight: 400;\">Assim, o seu im\u00f3vel estar\u00e1 sempre pronto para receber novos h\u00f3spedes.&nbsp;<\/span><\/p>\n\n\n\n<p>Para anunciar com a gente, basta preencher o formul\u00e1rio ao lado e seguir os pr\u00f3ximos passos. Leva menos de 15 minutos e pode te render at\u00e9 100% a mais de ganhos se comparado com a loca\u00e7\u00e3o por conta pr\u00f3pria.<\/p>\n\n\n\n<h2>Conhe\u00e7a os nossos servi\u00e7os de gest\u00e3o de im\u00f3veis em S\u00e3o Jo\u00e3o do Meriti<\/h2>\n\n\n\n<p>N\u00f3s aliamos a experi\u00eancia de mais de 30 anos com turismo dos nossos profissionais \u00e0 uma tecnologia de ponta, garantindo, assim, maiores ganhos com o aluguel de temporada em S\u00e3o Jo\u00e3o do Meriti. Al\u00e9m de tamb\u00e9m oferecermos a melhor experi\u00eancia para os h\u00f3spedes. Confira os nossos servi\u00e7os:<\/p>\n\n\n\n<h3><b><img decoding=\"async\" loading=\"lazy\" class=\"emoji alignnone\" role=\"img\" draggable=\"false\" src=\"https:\/\/s.w.org\/images\/core\/emoji\/13.1.0\/svg\/1f4bb.svg\" alt=\"aluguel de temporada em Fortaleza\" width=\"150\" height=\"150\">&nbsp;Anunciamos sua propriedade<\/b><\/h3>\n\n\n\n<p>Primeiramente, n\u00f3s criamos o an\u00fancio da sua propriedade e o publicamos em mais de 30 sites de reservas, como Airbnb, Booking, VRBO (Alugue Temporada) e TripAdvisor.&nbsp; Em seguida, j\u00e1 ficamos respons\u00e1veis pela gest\u00e3o dele em cada uma das plataformas.<\/p>\n\n\n\n<h3><a href=\"https:\/\/www.anfitriaoprime.com.br\/blog\/foto-a-importancia-no-aluguel-de-temporada\/\"><b><img decoding=\"async\" class=\"emoji\" role=\"img\" draggable=\"false\" src=\"https:\/\/s.w.org\/images\/core\/emoji\/13.1.0\/svg\/1f4f7.svg\" alt=\"\ud83d\udcf7\">&nbsp;Fotos profissionais<\/b><\/a><\/h3>\n\n\n\n<p>As fotos profissionais do seu im\u00f3vel garantem uma melhor primeira impress\u00e3o aos h\u00f3spedes, o que aumenta as possibilidades de reservas.<\/p>\n\n\n\n<h3><b><img decoding=\"async\" class=\"emoji\" role=\"img\" draggable=\"false\" src=\"https:\/\/s.w.org\/images\/core\/emoji\/13.1.0\/svg\/1f4ac.svg\" alt=\"\ud83d\udcac\">&nbsp;Comunica\u00e7\u00e3o com os h\u00f3spedes<\/b><\/h3>\n\n\n\n<p>Um dos grandes problemas ao gerenciar um im\u00f3vel de temporada \u00e9 estar dispon\u00edvel para responder os h\u00f3spedes nas plataformas de reservas. Contudo, com o Anfitri\u00e3o Prime voc\u00ea n\u00e3o ter\u00e1 que se preocupar com isso, pois n\u00f3s temos uma equipe que est\u00e1 24\/7 dispon\u00edvel para atend\u00ea-los.<\/p>\n\n\n\n<h3><b><img decoding=\"async\" class=\"emoji\" role=\"img\" draggable=\"false\" src=\"https:\/\/s.w.org\/images\/core\/emoji\/13.1.0\/svg\/1f4c8.svg\" alt=\"\ud83d\udcc8\">&nbsp;<a href=\"https:\/\/www.anfitriaoprime.com.br\/blog\/valor-da-diaria-no-aluguel-de-temporada\/\">Defini\u00e7\u00e3o dos melhores pre\u00e7os de di\u00e1rias<\/a><\/b><\/h3>\n\n\n\n<p>Contamos com uma tecnologia de ponta que faz a precifica\u00e7\u00e3o inteligente do seu im\u00f3vel, pensando a longo prazo. Em outras palavras, ela leva em conta as varia\u00e7\u00f5es de pre\u00e7o que ocorrem durante o ano, como feriados, alta e baixa temporadas. Al\u00e9m de outras situa\u00e7\u00f5es que podem fazer com que o valor da di\u00e1ria do seu im\u00f3vel varie.<\/p>\n\n\n\n<h3><strong><img decoding=\"async\" loading=\"lazy\" class=\"emoji alignnone\" role=\"img\" draggable=\"false\" src=\"https:\/\/s.w.org\/images\/core\/emoji\/13.1.0\/svg\/1f5d3.svg\" alt=\"aluguel de temporada em Fortaleza\" width=\"150\" height=\"150\">&nbsp;Gest\u00e3o do calend\u00e1rio&nbsp;<\/strong><\/h3>\n\n\n\n<p>N\u00f3s tamb\u00e9m contamos com uma ferramenta que faz a gest\u00e3o unificada do seu calend\u00e1rio para evitar o overbooking. Al\u00e9m disso, voc\u00ea tamb\u00e9m pode continuar utilizando o im\u00f3vel quando desejar, basta apenas nos informar com anteced\u00eancia para que possamos fazer o bloqueio do calend\u00e1rio para os h\u00f3spedes.<\/p>\n\n\n\n<h3><b><img decoding=\"async\" class=\"emoji\" role=\"img\" draggable=\"false\" src=\"https:\/\/s.w.org\/images\/core\/emoji\/13.1.0\/svg\/2714.svg\" alt=\"\u2714\">&nbsp;Concierge, Limpeza e Manuten\u00e7\u00e3o&nbsp;<\/b><\/h3>\n\n\n\n<p>Finalmente, para que voc\u00ea possa alugar casas em S\u00e3o Jo\u00e3o do Meriti com tranquilidade, tamb\u00e9m oferecemos servi\u00e7os complementares. Atualmente, contamos com especialistas para serem <b>concierge<\/b>&nbsp;do seu im\u00f3vel e serem respons\u00e1veis do check-in e check-out dos h\u00f3spedes. Al\u00e9m de outros profissionais para&nbsp;<strong>limpeza, manuten\u00e7\u00e3o<\/strong>&nbsp;e outros servi\u00e7os necess\u00e1rios para garantir uma experi\u00eancia perfeita aos seus h\u00f3spedes.<\/p>\n\n\n\n<h2><b>Por que anunciar im\u00f3veis em S\u00e3o Jo\u00e3o do Meriti com a gente?<\/b><\/h2>\n\n\n\n<p><span style=\"font-weight: 400;\">Ent\u00e3o, se comparamos os servi\u00e7os do Anfitri\u00e3o Prime com os servi\u00e7os oferecidos por outros sites de reservas, voc\u00ea ter\u00e1 as seguintes vantagens:<\/span><\/p>\n\n\n\n<figure class=\"wp-block-image alignnone size-full size-medium wp-image-4795\"><img decoding=\"async\" loading=\"lazy\" width=\"750\" height=\"410\" src=\"https:\/\/www.anfitriaoprime.com.br\/blog\/wp-content\/uploads\/2025\/07\/Dimensoes-personalizadas-750x410-px-54.webp\" alt=\"Vista do bairro de Tomazinho, S\u00e3o Jo\u00e3o de Meriti\/RJ | Foto: Junius \" class=\"wp-image-7090\" srcset=\"https:\/\/www.anfitriaoprime.com.br\/blog\/wp-content\/uploads\/2025\/07\/Dimensoes-personalizadas-750x410-px-54.webp 750w, https:\/\/www.anfitriaoprime.com.br\/blog\/wp-content\/uploads\/2025\/07\/Dimensoes-personalizadas-750x410-px-54-300x164.webp 300w\" sizes=\"(max-width: 750px) 100vw, 750px\" \/><figcaption class=\"wp-element-caption\">Vista do bairro de Tomazinho, S\u00e3o Jo\u00e3o de Meriti\/RJ | Foto: Junius <\/figcaption><\/figure>\n\n\n\n<h3><b>Sobre S\u00e3o Jo\u00e3o do Meriti&nbsp;<\/b><\/h3>\n\n\n\n<p><span style=\"font-weight: 400;\">A cidade de S\u00e3o Jo\u00e3o do Meriti atrai turistas que est\u00e3o passando pelo Rio de Janeiro e que est\u00e3o em busca de um destino mais tranquilo. O local oferece uma grande variedade de atividades para todos os tipos de viajantes.&nbsp;<\/span><\/p>\n\n\n\n<h4><b>Dicas de roteiro em S\u00e3o Jo\u00e3o do Meriti&nbsp;<\/b><\/h4>\n\n\n\n<p><span style=\"font-weight: 400;\">Ent\u00e3o, se voc\u00ea quer atrair mais h\u00f3spedes para um ou mais im\u00f3veis em <\/span><b>S\u00e3o Jo\u00e3o do Meriti<\/b>, precisa anotar essas <span style=\"font-weight: 400;\">dicas de roteiro e recomendar aos visitantes.&nbsp;<\/span><\/p>\n\n\n\n<h5><b>Teatro &#8211; Sesc S\u00e3o Jo\u00e3o de Meriti<\/b><\/h5>\n\n\n\n<p><span style=\"font-weight: 400;\">Primeiramente, indicamos um passeio ao <strong>Teatro &#8211; Sesc S\u00e3o Jo\u00e3o de Meriti<\/strong> que \u00e9 uma excelente op\u00e7\u00e3o para os amantes de cultura e arte.&nbsp;<\/span><span style=\"font-weight: 400;\">O local sempre recebe uma grande variedade de atra\u00e7\u00f5es culturais, como apresenta\u00e7\u00f5es teatrais e eventos. Logo, \u00e9 uma \u00f3tima ideia para quem est\u00e1 viajando em fam\u00edlia e quer um passeio que tenha atividades para todas as idades.&nbsp;<\/span><\/p>\n\n\n\n<h5><b>Macau Dive<\/b><\/h5>\n\n\n\n<p><span style=\"font-weight: 400;\">Por outro lado, se os seus h\u00f3spedes s\u00e3o mais aventureiros, vale indicar a <strong>Macau Dive<\/strong>. Essa \u00e9 uma escola de mergulho que oferece v\u00e1rias op\u00e7\u00f5es de atividades para os turistas.&nbsp;<\/span><\/p>\n\n\n\n<p><span style=\"font-weight: 400;\">Para quem nunca mergulhou na vida, por exemplo, \u00e9 poss\u00edvel fazer um curso b\u00e1sico para j\u00e1 sair praticando. Por outro lado, quem tem experi\u00eancia em entrar no mar pode experimentar o mergulho livre, que \u00e9 uma das atividades mais procuradas.&nbsp;<\/span><\/p>\n\n\n\n<p><span style=\"font-weight: 400;\">Al\u00e9m disso, ainda h\u00e1 uma op\u00e7\u00e3o mais radical, que \u00e9 o mergulho noturno. Os turistas poder\u00e3o se aventurar no mar da Praia Vermelha \u00e0 noite e ter uma vis\u00e3o totalmente diferente da vida mar\u00edtima.&nbsp;<\/span><\/p>\n\n\n\n<h5>&nbsp;<\/h5>\n\n\n\n<h5><b>Parque Jardim Jurema<\/b><\/h5>\n\n\n\n<p><span style=\"font-weight: 400;\">O Parque Jardim Jurema fica em uma \u00e1rea de reserva ambiental e \u00e9 perfeito para quem deseja ter mais contato com a natureza. No local tem v\u00e1rios mirantes onde os turistas pode observar o espa\u00e7o e desfrutar de belos fins de tardes.&nbsp;<\/span><\/p>\n\n\n\n<h3><b>Onde comer em S\u00e3o Jo\u00e3o do Meriti<\/b><\/h3>\n\n\n\n<p>Nesse sentido de conhecer lugares novos, os h\u00f3spedes de im\u00f3veis em<b> S\u00e3o Jo\u00e3o do Meriti<\/b><span style=\"font-weight: 400;\"> tamb\u00e9m v\u00e3o querer conhecer os principais restaurantes da regi\u00e3o. Por isso, separamos algumas recomenda\u00e7\u00f5es incr\u00edveis para voc\u00ea dar aos visitantes.&nbsp;<\/span><\/p>\n\n\n\n<h5>&nbsp;<\/h5>\n\n\n\n<h5><b>Casa do Alem\u00e3o<\/b><\/h5>\n\n\n\n<p><span style=\"font-weight: 400;\">Primeiramente, indicamos uma refei\u00e7\u00e3o na famosa Casa do Alem\u00e3o. Como o pr\u00f3prio nome sugere, o local oferece uma grande variedade de pratos da culin\u00e1ria alem\u00e3, mas tamb\u00e9m tem comida brasileira.&nbsp;<\/span><span style=\"font-weight: 400;\">O restaurante \u00e9 perfeito para quem deseja curtir com o grupo de viagem e provar por\u00e7\u00f5es como croquete de carne. Apesar disso, os sandu\u00edches s\u00e3o as grandes sensa\u00e7\u00f5es do restaurante.&nbsp;&nbsp;<\/span><\/p>\n\n\n\n<h5>&nbsp;<\/h5>\n\n\n\n<h5><b>Boteco do Manolo &#8211; Shopping Grande Rio<\/b><\/h5>\n\n\n\n<p><span style=\"font-weight: 400;\">Outra dica de um bom restaurante, \u00e9 o Boteco do Manolo, que fica no Shopping Grande Rio. Ele serve todas as comidas mais t\u00edpicas brasileiras e a <\/span><span style=\"font-weight: 400;\">picanha d\u00e1 para dividir tranquilamente. Al\u00e9m disso, o local ainda garante Chopp gelado.&nbsp;<\/span><\/p>\n\n\n\n<p><span style=\"font-weight: 400;\">Viu como h\u00e1 v\u00e1rios atrativos para os seus futuros h\u00f3spedes? Ent\u00e3o, aproveite essas dicas e venha para o Anfitri\u00e3o Prime!&nbsp;<\/span><\/p>\n","protected":false},"excerpt":{"rendered":"<p>Tem um ou mais im\u00f3veis em S\u00e3o Jo\u00e3o do Meriti, mas ainda n\u00e3o anuncia por temporada, pois n\u00e3o quer enfrentar a burocracia da loca\u00e7\u00e3o por temporada? Aqui no Anfitri\u00e3o Prime voc\u00ea tem suporte em todas as etapas, desde a cria\u00e7\u00e3o de an\u00fancios at\u00e9 o check-out. Conhe\u00e7a os nossos servi\u00e7os!&nbsp; Clique aqui para conferir os mais [&hellip;]<\/p>\n","protected":false},"author":1,"featured_media":7088,"parent":0,"menu_order":0,"comment_status":"closed","ping_status":"closed","template":"","meta":[],"yoast_head":"<!-- This site is optimized with the Yoast SEO plugin v21.1 - https:\/\/yoast.com\/wordpress\/plugins\/seo\/ -->\n<title>Anuncie por temporada um ou mais im\u00f3veis em S\u00e3o Jo\u00e3o do Meriti<\/title>\n<meta name=\"description\" content=\"O Anfitri\u00e3o Prime te ajuda com a gest\u00e3o de im\u00f3veis em S\u00e3o Jo\u00e3o do Meriti. Conhe\u00e7a os servi\u00e7os para a gest\u00e3o do seu aluguel de temporada!\" \/>\n<meta name=\"robots\" content=\"index, follow, max-snippet:-1, max-image-preview:large, max-video-preview:-1\" \/>\n<link rel=\"canonical\" href=\"https:\/\/www.anfitriaoprime.com.br\/blog\/imoveis-em-sao-joao-do-meriti-aluguel-de-temporada\/\" \/>\n<meta property=\"og:locale\" content=\"pt_BR\" \/>\n<meta property=\"og:type\" content=\"article\" \/>\n<meta property=\"og:title\" content=\"Anuncie por temporada um ou mais im\u00f3veis em S\u00e3o Jo\u00e3o do Meriti\" \/>\n<meta property=\"og:description\" content=\"O Anfitri\u00e3o Prime te ajuda com a gest\u00e3o de im\u00f3veis em S\u00e3o Jo\u00e3o do Meriti. Conhe\u00e7a os servi\u00e7os para a gest\u00e3o do seu aluguel de temporada!\" \/>\n<meta property=\"og:url\" content=\"https:\/\/www.anfitriaoprime.com.br\/blog\/imoveis-em-sao-joao-do-meriti-aluguel-de-temporada\/\" \/>\n<meta property=\"og:site_name\" content=\"Blog Anfitri\u00e3o Prime: Ganhe dinheiro com aluguel de temporada.\" \/>\n<meta property=\"article:modified_time\" content=\"2025-07-15T21:27:57+00:00\" \/>\n<meta property=\"og:image\" content=\"https:\/\/www.anfitriaoprime.com.br\/blog\/wp-content\/uploads\/2025\/07\/Dimensoes-personalizadas-1920x550-px-11-1.webp\" \/>\n\t<meta property=\"og:image:width\" content=\"1920\" \/>\n\t<meta property=\"og:image:height\" content=\"550\" \/>\n\t<meta property=\"og:image:type\" content=\"image\/webp\" \/>\n<meta name=\"twitter:card\" content=\"summary_large_image\" \/>\n<meta name=\"twitter:label1\" content=\"Est. tempo de leitura\" \/>\n\t<meta name=\"twitter:data1\" content=\"8 minutos\" \/>\n<script type=\"application\/ld+json\" class=\"yoast-schema-graph\">{\"@context\":\"https:\/\/schema.org\",\"@graph\":[{\"@type\":\"WebPage\",\"@id\":\"https:\/\/www.anfitriaoprime.com.br\/blog\/imoveis-em-sao-joao-do-meriti-aluguel-de-temporada\/\",\"url\":\"https:\/\/www.anfitriaoprime.com.br\/blog\/imoveis-em-sao-joao-do-meriti-aluguel-de-temporada\/\",\"name\":\"Anuncie por temporada um ou mais im\u00f3veis em S\u00e3o Jo\u00e3o do Meriti\",\"isPartOf\":{\"@id\":\"https:\/\/www.anfitriaoprime.com.br\/blog\/#website\"},\"datePublished\":\"2022-06-29T21:32:55+00:00\",\"dateModified\":\"2025-07-15T21:27:57+00:00\",\"description\":\"O Anfitri\u00e3o Prime te ajuda com a gest\u00e3o de im\u00f3veis em S\u00e3o Jo\u00e3o do Meriti. Conhe\u00e7a os servi\u00e7os para a gest\u00e3o do seu aluguel de temporada!\",\"breadcrumb\":{\"@id\":\"https:\/\/www.anfitriaoprime.com.br\/blog\/imoveis-em-sao-joao-do-meriti-aluguel-de-temporada\/#breadcrumb\"},\"inLanguage\":\"pt-BR\",\"potentialAction\":[{\"@type\":\"ReadAction\",\"target\":[\"https:\/\/www.anfitriaoprime.com.br\/blog\/imoveis-em-sao-joao-do-meriti-aluguel-de-temporada\/\"]}]},{\"@type\":\"BreadcrumbList\",\"@id\":\"https:\/\/www.anfitriaoprime.com.br\/blog\/imoveis-em-sao-joao-do-meriti-aluguel-de-temporada\/#breadcrumb\",\"itemListElement\":[{\"@type\":\"ListItem\",\"position\":1,\"name\":\"In\u00edcio\",\"item\":\"https:\/\/www.anfitriaoprime.com.br\/blog\/\"},{\"@type\":\"ListItem\",\"position\":2,\"name\":\"Anuncie por temporada um ou mais im\u00f3veis em S\u00e3o Jo\u00e3o do Meriti com o Anfitri\u00e3o Prime\"}]},{\"@type\":\"WebSite\",\"@id\":\"https:\/\/www.anfitriaoprime.com.br\/blog\/#website\",\"url\":\"https:\/\/www.anfitriaoprime.com.br\/blog\/\",\"name\":\"Blog Anfitri\u00e3o Prime - Gest\u00e3o de propriedade para aluguel de temporada\",\"description\":\"No blog do Anfitri\u00e3o Prime voc\u00ea encontra dicas e informa\u00e7\u00f5es sobre o mercado de aluguel de temporada escrito por anfitri\u00f5es profissionais\",\"potentialAction\":[{\"@type\":\"SearchAction\",\"target\":{\"@type\":\"EntryPoint\",\"urlTemplate\":\"https:\/\/www.anfitriaoprime.com.br\/blog\/?s={search_term_string}\"},\"query-input\":\"required name=search_term_string\"}],\"inLanguage\":\"pt-BR\"}]}<\/script>\n<!-- \/ Yoast SEO plugin. -->","yoast_head_json":{"title":"Anuncie por temporada um ou mais im\u00f3veis em S\u00e3o Jo\u00e3o do Meriti","description":"O Anfitri\u00e3o Prime te ajuda com a gest\u00e3o de im\u00f3veis em S\u00e3o Jo\u00e3o do Meriti. Conhe\u00e7a os servi\u00e7os para a gest\u00e3o do seu aluguel de temporada!","robots":{"index":"index","follow":"follow","max-snippet":"max-snippet:-1","max-image-preview":"max-image-preview:large","max-video-preview":"max-video-preview:-1"},"canonical":"https:\/\/www.anfitriaoprime.com.br\/blog\/imoveis-em-sao-joao-do-meriti-aluguel-de-temporada\/","og_locale":"pt_BR","og_type":"article","og_title":"Anuncie por temporada um ou mais im\u00f3veis em S\u00e3o Jo\u00e3o do Meriti","og_description":"O Anfitri\u00e3o Prime te ajuda com a gest\u00e3o de im\u00f3veis em S\u00e3o Jo\u00e3o do Meriti. Conhe\u00e7a os servi\u00e7os para a gest\u00e3o do seu aluguel de temporada!","og_url":"https:\/\/www.anfitriaoprime.com.br\/blog\/imoveis-em-sao-joao-do-meriti-aluguel-de-temporada\/","og_site_name":"Blog Anfitri\u00e3o Prime: Ganhe dinheiro com aluguel de temporada.","article_modified_time":"2025-07-15T21:27:57+00:00","og_image":[{"width":1920,"height":550,"url":"https:\/\/www.anfitriaoprime.com.br\/blog\/wp-content\/uploads\/2025\/07\/Dimensoes-personalizadas-1920x550-px-11-1.webp","type":"image\/webp"}],"twitter_card":"summary_large_image","twitter_misc":{"Est. tempo de leitura":"8 minutos"},"schema":{"@context":"https:\/\/schema.org","@graph":[{"@type":"WebPage","@id":"https:\/\/www.anfitriaoprime.com.br\/blog\/imoveis-em-sao-joao-do-meriti-aluguel-de-temporada\/","url":"https:\/\/www.anfitriaoprime.com.br\/blog\/imoveis-em-sao-joao-do-meriti-aluguel-de-temporada\/","name":"Anuncie por temporada um ou mais im\u00f3veis em S\u00e3o Jo\u00e3o do Meriti","isPartOf":{"@id":"https:\/\/www.anfitriaoprime.com.br\/blog\/#website"},"datePublished":"2022-06-29T21:32:55+00:00","dateModified":"2025-07-15T21:27:57+00:00","description":"O Anfitri\u00e3o Prime te ajuda com a gest\u00e3o de im\u00f3veis em S\u00e3o Jo\u00e3o do Meriti. Conhe\u00e7a os servi\u00e7os para a gest\u00e3o do seu aluguel de temporada!","breadcrumb":{"@id":"https:\/\/www.anfitriaoprime.com.br\/blog\/imoveis-em-sao-joao-do-meriti-aluguel-de-temporada\/#breadcrumb"},"inLanguage":"pt-BR","potentialAction":[{"@type":"ReadAction","target":["https:\/\/www.anfitriaoprime.com.br\/blog\/imoveis-em-sao-joao-do-meriti-aluguel-de-temporada\/"]}]},{"@type":"BreadcrumbList","@id":"https:\/\/www.anfitriaoprime.com.br\/blog\/imoveis-em-sao-joao-do-meriti-aluguel-de-temporada\/#breadcrumb","itemListElement":[{"@type":"ListItem","position":1,"name":"In\u00edcio","item":"https:\/\/www.anfitriaoprime.com.br\/blog\/"},{"@type":"ListItem","position":2,"name":"Anuncie por temporada um ou mais im\u00f3veis em S\u00e3o Jo\u00e3o do Meriti com o Anfitri\u00e3o Prime"}]},{"@type":"WebSite","@id":"https:\/\/www.anfitriaoprime.com.br\/blog\/#website","url":"https:\/\/www.anfitriaoprime.com.br\/blog\/","name":"Blog Anfitri\u00e3o Prime - Gest\u00e3o de propriedade para aluguel de temporada","description":"No blog do Anfitri\u00e3o Prime voc\u00ea encontra dicas e informa\u00e7\u00f5es sobre o mercado de aluguel de temporada escrito por anfitri\u00f5es profissionais","potentialAction":[{"@type":"SearchAction","target":{"@type":"EntryPoint","urlTemplate":"https:\/\/www.anfitriaoprime.com.br\/blog\/?s={search_term_string}"},"query-input":"required name=search_term_string"}],"inLanguage":"pt-BR"}]}},"acf":{"imagem":{"ID":4792,"id":4792,"title":"Foto de Fermin Rodriguez Penelas no Unsplash","filename":"Dimensoes-personalizadas-1920x550-px-11.jpeg","filesize":1275599,"url":"https:\/\/www.anfitriaoprime.com.br\/blog\/wp-content\/uploads\/2022\/06\/Dimensoes-personalizadas-1920x550-px-11.jpeg","link":"https:\/\/www.anfitriaoprime.com.br\/blog\/imoveis-em-sao-joao-do-meriti-aluguel-de-temporada\/dimensoes-personalizadas-1920x550-px-61\/","alt":"im\u00f3veis em S\u00e3o Jo\u00e3o do Meriti","author":"1","description":"","caption":"Foto de Fermin Rodriguez Penelas no Unsplash","name":"dimensoes-personalizadas-1920x550-px-61","status":"inherit","uploaded_to":4791,"date":"2022-06-29 21:14:40","modified":"2022-06-29 21:15:06","menu_order":0,"mime_type":"image\/jpeg","type":"image","subtype":"jpeg","icon":"https:\/\/www.anfitriaoprime.com.br\/blog\/wp-includes\/images\/media\/default.png","width":1920,"height":550,"sizes":{"thumbnail":"https:\/\/www.anfitriaoprime.com.br\/blog\/wp-content\/uploads\/2022\/06\/Dimensoes-personalizadas-1920x550-px-11.jpeg","thumbnail-width":150,"thumbnail-height":43,"medium":"https:\/\/www.anfitriaoprime.com.br\/blog\/wp-content\/uploads\/2022\/06\/Dimensoes-personalizadas-1920x550-px-11.jpeg","medium-width":300,"medium-height":86,"medium_large":"https:\/\/www.anfitriaoprime.com.br\/blog\/wp-content\/uploads\/2022\/06\/Dimensoes-personalizadas-1920x550-px-11.jpeg","medium_large-width":648,"medium_large-height":186,"large":"https:\/\/www.anfitriaoprime.com.br\/blog\/wp-content\/uploads\/2022\/06\/Dimensoes-personalizadas-1920x550-px-11.jpeg","large-width":648,"large-height":186,"1536x1536":"https:\/\/www.anfitriaoprime.com.br\/blog\/wp-content\/uploads\/2022\/06\/Dimensoes-personalizadas-1920x550-px-11.jpeg","1536x1536-width":1536,"1536x1536-height":440,"2048x2048":"https:\/\/www.anfitriaoprime.com.br\/blog\/wp-content\/uploads\/2022\/06\/Dimensoes-personalizadas-1920x550-px-11.jpeg","2048x2048-width":1920,"2048x2048-height":550,"sparkling-featured":"https:\/\/www.anfitriaoprime.com.br\/blog\/wp-content\/uploads\/2022\/06\/Dimensoes-personalizadas-1920x550-px-11.jpeg","sparkling-featured-width":750,"sparkling-featured-height":215,"sparkling-featured-fullwidth":"https:\/\/www.anfitriaoprime.com.br\/blog\/wp-content\/uploads\/2022\/06\/Dimensoes-personalizadas-1920x550-px-11.jpeg","sparkling-featured-fullwidth-width":1140,"sparkling-featured-fullwidth-height":327,"tab-small":"https:\/\/www.anfitriaoprime.com.br\/blog\/wp-content\/uploads\/2022\/06\/Dimensoes-personalizadas-1920x550-px-11.jpeg","tab-small-width":60,"tab-small-height":17,"crp_thumbnail":"https:\/\/www.anfitriaoprime.com.br\/blog\/wp-content\/uploads\/2022\/06\/Dimensoes-personalizadas-1920x550-px-11.jpeg","crp_thumbnail-width":150,"crp_thumbnail-height":43}},"titulo":"Anuncie por temporada um ou mais im\u00f3veis em S\u00e3o Jo\u00e3o do Meriti com o Anfitri\u00e3o Prime ","subtitulo":"<p><span style=\"font-weight: 400;\">Tem um ou mais im\u00f3veis em <\/span><b>S\u00e3o Jo\u00e3o do Meriti<\/b><span style=\"font-weight: 400;\">, mas ainda n\u00e3o anuncia por temporada, pois n\u00e3o quer enfrentar a burocracia da loca\u00e7\u00e3o por temporada? Aqui no Anfitri\u00e3o Prime voc\u00ea tem suporte em todas as etapas, desde a cria\u00e7\u00e3o de an\u00fancios at\u00e9 o check-out. Conhe\u00e7a os nossos servi\u00e7os!\u00a0<\/span><\/p>\n<p><a href=\"https:\/\/reservas.anfitriaoprime.com.br\/\"><b>Clique aqui para conferir os mais de 1.000 im\u00f3veis que temos anunciados em todo o Brasil. <\/b><\/a><\/p>\n","titulo_secao_1":"Como funciona o Anfitri\u00e3o Prime?\u00a0","conteudo_secao_1":"<p><span style=\"font-weight: 400;\">O Anfitri\u00e3o Prime \u00e9 mais que uma imobili\u00e1ria digital ou um site de reservas comum. Somos um gestor profissional de im\u00f3veis de temporada e atuamos em todo o Brasil. Temos profissionais com anos de experi\u00eancia no mercado, bem como diversos servi\u00e7os para facilitar a sua loca\u00e7\u00e3o.\u00a0<\/span><\/p>\n<p><span style=\"font-weight: 400;\">Ao anunciar com a gente, voc\u00ea ter\u00e1 uma equipe \u00e0 sua disposi\u00e7\u00e3o para cuidar de todos os detalhes. <\/span><span style=\"font-weight: 400;\">Assim, o seu im\u00f3vel estar\u00e1 sempre pronto para receber novos h\u00f3spedes.\u00a0<\/span><\/p>\n<p>Para anunciar com a gente, basta preencher o formul\u00e1rio ao lado e seguir os pr\u00f3ximos passos. Leva menos de 15 minutos e pode te render at\u00e9 100% a mais de ganhos se comparado com a loca\u00e7\u00e3o por conta pr\u00f3pria.<\/p>\n<p>&nbsp;<\/p>\n","titulo_secao_2":"Conhe\u00e7a os nossos servi\u00e7os de gest\u00e3o de im\u00f3veis em S\u00e3o Jo\u00e3o do Meriti\u00a0","imagem_secao_2":false,"conteudo_secao_2":"<p>N\u00f3s aliamos a experi\u00eancia de mais de 30 anos com turismo dos nossos profissionais \u00e0 uma tecnologia de ponta, garantindo, assim, maiores ganhos com o aluguel de temporada em S\u00e3o Jo\u00e3o do Meriti. Al\u00e9m de tamb\u00e9m oferecermos a melhor experi\u00eancia para os h\u00f3spedes. Confira os nossos servi\u00e7os:<\/p>\n<p>&nbsp;<\/p>\n<h3><b><img decoding=\"async\" loading=\"lazy\" class=\"emoji alignnone\" role=\"img\" draggable=\"false\" src=\"https:\/\/s.w.org\/images\/core\/emoji\/13.1.0\/svg\/1f4bb.svg\" alt=\"aluguel de temporada em Fortaleza\" width=\"150\" height=\"150\" \/>\u00a0Anunciamos sua propriedade<\/b><\/h3>\n<p>Primeiramente, n\u00f3s criamos o an\u00fancio da sua propriedade e o publicamos em mais de 30 sites de reservas, como Airbnb, Booking, VRBO (Alugue Temporada) e TripAdvisor.\u00a0 Em seguida, j\u00e1 ficamos respons\u00e1veis pela gest\u00e3o dele em cada uma das plataformas.<\/p>\n<p>&nbsp;<\/p>\n<h3><a href=\"https:\/\/www.anfitriaoprime.com.br\/blog\/foto-a-importancia-no-aluguel-de-temporada\/\"><b><img decoding=\"async\" class=\"emoji\" role=\"img\" draggable=\"false\" src=\"https:\/\/s.w.org\/images\/core\/emoji\/13.1.0\/svg\/1f4f7.svg\" alt=\"\ud83d\udcf7\" \/>\u00a0Fotos profissionais<\/b><\/a><\/h3>\n<p>As fotos profissionais do seu im\u00f3vel garantem uma melhor primeira impress\u00e3o aos h\u00f3spedes, o que aumenta as possibilidades de reservas.<\/p>\n<p>&nbsp;<\/p>\n<h3><b><img decoding=\"async\" class=\"emoji\" role=\"img\" draggable=\"false\" src=\"https:\/\/s.w.org\/images\/core\/emoji\/13.1.0\/svg\/1f4ac.svg\" alt=\"\ud83d\udcac\" \/>\u00a0Comunica\u00e7\u00e3o com os h\u00f3spedes<\/b><\/h3>\n<p>Um dos grandes problemas ao gerenciar um im\u00f3vel de temporada \u00e9 estar dispon\u00edvel para responder os h\u00f3spedes nas plataformas de reservas. Contudo, com o Anfitri\u00e3o Prime voc\u00ea n\u00e3o ter\u00e1 que se preocupar com isso, pois n\u00f3s temos uma equipe que est\u00e1 24\/7 dispon\u00edvel para atend\u00ea-los.<\/p>\n<p>&nbsp;<\/p>\n<h3><b><img decoding=\"async\" class=\"emoji\" role=\"img\" draggable=\"false\" src=\"https:\/\/s.w.org\/images\/core\/emoji\/13.1.0\/svg\/1f4c8.svg\" alt=\"\ud83d\udcc8\" \/>\u00a0<a href=\"https:\/\/www.anfitriaoprime.com.br\/blog\/valor-da-diaria-no-aluguel-de-temporada\/\">Defini\u00e7\u00e3o dos melhores pre\u00e7os de di\u00e1rias<\/a><\/b><\/h3>\n<p>Contamos com uma tecnologia de ponta que faz a precifica\u00e7\u00e3o inteligente do seu im\u00f3vel, pensando a longo prazo. Em outras palavras, ela leva em conta as varia\u00e7\u00f5es de pre\u00e7o que ocorrem durante o ano, como feriados, alta e baixa temporadas. Al\u00e9m de outras situa\u00e7\u00f5es que podem fazer com que o valor da di\u00e1ria do seu im\u00f3vel varie.<\/p>\n<p>&nbsp;<\/p>\n<h3><strong><img decoding=\"async\" loading=\"lazy\" class=\"emoji alignnone\" role=\"img\" draggable=\"false\" src=\"https:\/\/s.w.org\/images\/core\/emoji\/13.1.0\/svg\/1f5d3.svg\" alt=\"aluguel de temporada em Fortaleza\" width=\"150\" height=\"150\" \/>\u00a0Gest\u00e3o do calend\u00e1rio\u00a0<\/strong><\/h3>\n<p>N\u00f3s tamb\u00e9m contamos com uma ferramenta que faz a gest\u00e3o unificada do seu calend\u00e1rio para evitar o overbooking. Al\u00e9m disso, voc\u00ea tamb\u00e9m pode continuar utilizando o im\u00f3vel quando desejar, basta apenas nos informar com anteced\u00eancia para que possamos fazer o bloqueio do calend\u00e1rio para os h\u00f3spedes.<\/p>\n<p>&nbsp;<\/p>\n<h3><b><img decoding=\"async\" class=\"emoji\" role=\"img\" draggable=\"false\" src=\"https:\/\/s.w.org\/images\/core\/emoji\/13.1.0\/svg\/2714.svg\" alt=\"\u2714\" \/>\u00a0Concierge, Limpeza e Manuten\u00e7\u00e3o\u00a0<\/b><\/h3>\n<p>Finalmente, para que voc\u00ea possa alugar casas em S\u00e3o Jo\u00e3o do Meriti com tranquilidade, tamb\u00e9m oferecemos servi\u00e7os complementares. Atualmente, contamos com especialistas para serem <b>concierge<\/b>\u00a0do seu im\u00f3vel e serem respons\u00e1veis do check-in e check-out dos h\u00f3spedes. Al\u00e9m de outros profissionais para\u00a0<strong>limpeza, manuten\u00e7\u00e3o<\/strong>\u00a0e outros servi\u00e7os necess\u00e1rios para garantir uma experi\u00eancia perfeita aos seus h\u00f3spedes.<\/p>\n","titulo_secao_3":"Por que anunciar im\u00f3veis em S\u00e3o Jo\u00e3o do Meriti com a gente?","conteudo_secao_3":"<p><span style=\"font-weight: 400;\">Ent\u00e3o, se comparamos os servi\u00e7os do Anfitri\u00e3o Prime com os servi\u00e7os oferecidos por outros sites de reservas, voc\u00ea ter\u00e1 as seguintes vantagens:<\/span><\/p>\n","titulo_secao_6":"Sobre S\u00e3o Jo\u00e3o do Meriti\u00a0","conteudo_secao_6":"<figure id=\"attachment_4795\" class=\"thumbnail wp-caption alignnone\" style=\"width: 760px\"><img decoding=\"async\" loading=\"lazy\" class=\"wp-image-4795 size-full\" src=\"https:\/\/www.anfitriaoprime.com.br\/blog\/wp-content\/uploads\/2022\/06\/Dimensoes-personalizadas-750x410-px-2-1.jpeg\" alt=\"im\u00f3veis em S\u00e3o Jo\u00e3o do Meriti\" width=\"750\" height=\"410\" srcset=\"https:\/\/www.anfitriaoprime.com.br\/blog\/wp-content\/uploads\/2022\/06\/Dimensoes-personalizadas-750x410-px-2-1.jpeg 750w, https:\/\/www.anfitriaoprime.com.br\/blog\/wp-content\/uploads\/2022\/06\/Dimensoes-personalizadas-750x410-px-2-1-300x164.jpeg 300w\" sizes=\"(max-width: 750px) 100vw, 750px\" \/><figcaption class=\"caption wp-caption-text\">Vista do bairro de Tomazinho, S\u00e3o Jo\u00e3o de Meriti\/RJ | Foto: Junius<\/figcaption><\/figure>\n<p><span style=\"font-weight: 400;\">A cidade de S\u00e3o Jo\u00e3o do Meriti atrai turistas que est\u00e3o passando pelo Rio de Janeiro e que est\u00e3o em busca de um destino mais tranquilo. O local oferece uma grande variedade de atividades para todos os tipos de viajantes.\u00a0<\/span><\/p>\n<p>&nbsp;<\/p>\n<h4><b>Dicas de roteiro em S\u00e3o Jo\u00e3o do Meriti\u00a0<\/b><\/h4>\n<p><span style=\"font-weight: 400;\">Ent\u00e3o, se voc\u00ea quer atrair mais h\u00f3spedes para um ou mais im\u00f3veis em <\/span><b>S\u00e3o Jo\u00e3o do Meriti<\/b>, precisa anotar essas <span style=\"font-weight: 400;\">dicas de roteiro e recomendar aos visitantes.\u00a0<\/span><\/p>\n<p>&nbsp;<\/p>\n<h5><b>Teatro &#8211; Sesc S\u00e3o Jo\u00e3o de Meriti<\/b><\/h5>\n<p><span style=\"font-weight: 400;\">Primeiramente, indicamos um passeio ao <strong>Teatro &#8211; Sesc S\u00e3o Jo\u00e3o de Meriti<\/strong> que \u00e9 uma excelente op\u00e7\u00e3o para os amantes de cultura e arte.\u00a0<\/span><span style=\"font-weight: 400;\">O local sempre recebe uma grande variedade de atra\u00e7\u00f5es culturais, como apresenta\u00e7\u00f5es teatrais e eventos. Logo, \u00e9 uma \u00f3tima ideia para quem est\u00e1 viajando em fam\u00edlia e quer um passeio que tenha atividades para todas as idades.\u00a0<\/span><\/p>\n<p>&nbsp;<\/p>\n<h5><b>Macau Dive<\/b><\/h5>\n<p><span style=\"font-weight: 400;\">Por outro lado, se os seus h\u00f3spedes s\u00e3o mais aventureiros, vale indicar a <strong>Macau Dive<\/strong>. Essa \u00e9 uma escola de mergulho que oferece v\u00e1rias op\u00e7\u00f5es de atividades para os turistas.\u00a0<\/span><\/p>\n<p><span style=\"font-weight: 400;\">Para quem nunca mergulhou na vida, por exemplo, \u00e9 poss\u00edvel fazer um curso b\u00e1sico para j\u00e1 sair praticando. Por outro lado, quem tem experi\u00eancia em entrar no mar pode experimentar o mergulho livre, que \u00e9 uma das atividades mais procuradas.\u00a0<\/span><\/p>\n<p><span style=\"font-weight: 400;\">Al\u00e9m disso, ainda h\u00e1 uma op\u00e7\u00e3o mais radical, que \u00e9 o mergulho noturno. Os turistas poder\u00e3o se aventurar no mar da Praia Vermelha \u00e0 noite e ter uma vis\u00e3o totalmente diferente da vida mar\u00edtima.\u00a0<\/span><\/p>\n<h5><\/h5>\n<h5><b>Parque Jardim Jurema<\/b><\/h5>\n<p><span style=\"font-weight: 400;\">O Parque Jardim Jurema fica em uma \u00e1rea de reserva ambiental e \u00e9 perfeito para quem deseja ter mais contato com a natureza. No local tem v\u00e1rios mirantes onde os turistas pode observar o espa\u00e7o e desfrutar de belos fins de tardes.\u00a0<\/span><\/p>\n<p>&nbsp;<\/p>\n<h3><b>Onde comer em S\u00e3o Jo\u00e3o do Meriti<\/b><\/h3>\n<p>Nesse sentido de conhecer lugares novos, os h\u00f3spedes de im\u00f3veis em<b> S\u00e3o Jo\u00e3o do Meriti<\/b><span style=\"font-weight: 400;\"> tamb\u00e9m v\u00e3o querer conhecer os principais restaurantes da regi\u00e3o. Por isso, separamos algumas recomenda\u00e7\u00f5es incr\u00edveis para voc\u00ea dar aos visitantes.\u00a0<\/span><\/p>\n<h5><\/h5>\n<h5><b>Casa do Alem\u00e3o<\/b><\/h5>\n<p><span style=\"font-weight: 400;\">Primeiramente, indicamos uma refei\u00e7\u00e3o na famosa Casa do Alem\u00e3o. Como o pr\u00f3prio nome sugere, o local oferece uma grande variedade de pratos da culin\u00e1ria alem\u00e3, mas tamb\u00e9m tem comida brasileira.\u00a0<\/span><span style=\"font-weight: 400;\">O restaurante \u00e9 perfeito para quem deseja curtir com o grupo de viagem e provar por\u00e7\u00f5es como croquete de carne. Apesar disso, os sandu\u00edches s\u00e3o as grandes sensa\u00e7\u00f5es do restaurante.\u00a0\u00a0<\/span><\/p>\n<h5><\/h5>\n<h5><b>Boteco do Manolo &#8211; Shopping Grande Rio<\/b><\/h5>\n<p><span style=\"font-weight: 400;\">Outra dica de um bom restaurante, \u00e9 o Boteco do Manolo, que fica no Shopping Grande Rio. Ele serve todas as comidas mais t\u00edpicas brasileiras e a <\/span><span style=\"font-weight: 400;\">picanha d\u00e1 para dividir tranquilamente. Al\u00e9m disso, o local ainda garante Chopp gelado.\u00a0<\/span><\/p>\n<p><span style=\"font-weight: 400;\">Viu como h\u00e1 v\u00e1rios atrativos para os seus futuros h\u00f3spedes? Ent\u00e3o, aproveite essas dicas e venha para o Anfitri\u00e3o Prime!\u00a0<\/span><\/p>\n<p><a href=\"https:\/\/reservas.anfitriaoprime.com.br\/\"><b>Clique aqui para conferir os mais de 1.000 im\u00f3veis que temos anunciados em todo o Brasil. <\/b><\/a><\/p>\n"},"_links":{"self":[{"href":"https:\/\/www.anfitriaoprime.com.br\/blog\/wp-json\/wp\/v2\/pages\/4791"}],"collection":[{"href":"https:\/\/www.anfitriaoprime.com.br\/blog\/wp-json\/wp\/v2\/pages"}],"about":[{"href":"https:\/\/www.anfitriaoprime.com.br\/blog\/wp-json\/wp\/v2\/types\/page"}],"author":[{"embeddable":true,"href":"https:\/\/www.anfitriaoprime.com.br\/blog\/wp-json\/wp\/v2\/users\/1"}],"replies":[{"embeddable":true,"href":"https:\/\/www.anfitriaoprime.com.br\/blog\/wp-json\/wp\/v2\/comments?post=4791"}],"version-history":[{"count":5,"href":"https:\/\/www.anfitriaoprime.com.br\/blog\/wp-json\/wp\/v2\/pages\/4791\/revisions"}],"predecessor-version":[{"id":7092,"href":"https:\/\/www.anfitriaoprime.com.br\/blog\/wp-json\/wp\/v2\/pages\/4791\/revisions\/7092"}],"wp:featuredmedia":[{"embeddable":true,"href":"https:\/\/www.anfitriaoprime.com.br\/blog\/wp-json\/wp\/v2\/media\/7088"}],"wp:attachment":[{"href":"https:\/\/www.anfitriaoprime.com.br\/blog\/wp-json\/wp\/v2\/media?parent=4791"}],"curies":[{"name":"wp","href":"https:\/\/api.w.org\/{rel}","templated":true}]}}