{"id":4968,"date":"2022-07-06T16:31:46","date_gmt":"2022-07-06T19:31:46","guid":{"rendered":"https:\/\/www.anfitriaoprime.com.br\/blog\/?page_id=4968"},"modified":"2022-07-06T16:31:46","modified_gmt":"2022-07-06T19:31:46","slug":"imoveis-em-viamao-rio-grande-do-sul","status":"publish","type":"page","link":"https:\/\/www.anfitriaoprime.com.br\/blog\/imoveis-em-viamao-rio-grande-do-sul\/","title":{"rendered":"Venha anunciar um ou mais im\u00f3veis em Viam\u00e3o &#8211; RS com o Anfitri\u00e3o Prime"},"content":{"rendered":"<p><span style=\"font-weight: 400;\">Quer anunciar por temporada um ou mais im\u00f3veis em <strong>Viam\u00e3o<\/strong> (<strong>Rio Grande do Sul<\/strong>)? Aqui no <strong>Anfitri\u00e3o Prime<\/strong> voc\u00ea pode contar com uma equipe de profissionais especializados que te ajudar\u00e3o a gerenciar todas as etapas da loca\u00e7\u00e3o. Conhe\u00e7a os nossos servi\u00e7os aqui!\u00a0<\/span><\/p>\n<p><a href=\"https:\/\/reservas.anfitriaoprime.com.br\/\"><b>Clique aqui para conhecer o nosso portf\u00f3lio com mais de 1000 im\u00f3veis cadastrados em todo o territ\u00f3rio nacional.<\/b><\/a><\/p>\n<h2><b>Como funciona o Anfitri\u00e3o Prime?<\/b><\/h2>\n<p><span style=\"font-weight: 400;\">O <\/span><b>Anfitri\u00e3o Prime<\/b><span style=\"font-weight: 400;\"> \u00e9 muito mais do que uma imobili\u00e1ria digital ou um site de reservas comum. N\u00f3s somos um gestor profissional de im\u00f3veis em<\/span><b> Viam\u00e3o <\/b><span style=\"font-weight: 400;\">e oferecemos diversos servi\u00e7os para propriet\u00e1rios que precisam de ajuda nos processos de loca\u00e7\u00e3o por temporada.\u00a0<\/span><\/p>\n<p><span style=\"font-weight: 400;\">Atuamos desde a <\/span><b>cria\u00e7\u00e3o<\/b><span style=\"font-weight: 400;\"> do an\u00fancio e <\/span><b>divulga\u00e7\u00e3o<\/b><span style=\"font-weight: 400;\"> nos principais portais como Airbnb e Booking.com, at\u00e9 na <\/span><b>manuten\u00e7\u00e3o<\/b><span style=\"font-weight: 400;\"> do im\u00f3vel. Tudo para que os propriet\u00e1rios n\u00e3o precisem se preocupar com nada.\u00a0<\/span><\/p>\n<p><span style=\"font-weight: 400;\">A nossa sede fica em S\u00e3o Paulo, mas contamos com profissionais especializados em turismo e hospedagem em todo o Brasil. Fale conosco e comece a anunciar hoje mesmo! Para isso, cadastre-se atrav\u00e9s do formul\u00e1rio ao lado e siga os pr\u00f3ximos passos.\u00a0<\/span><\/p>\n<h2>Conhe\u00e7a os nossos servi\u00e7os para quem tem im\u00f3veis em Viam\u00e3o<\/h2>\n<p>Antes de mais nada, \u00e9 bom que voc\u00ea saiba que com os servi\u00e7os oferecidos pelo Anfitri\u00e3o Prime, voc\u00ea pode ser um excelente\u00a0Anfitri\u00e3o de Airbnb em <b>Viam\u00e3o<\/b>. Aliamos a experi\u00eancia de mais de 30 anos com turismo dos nossos profissionais \u00e0 tecnologia de ponta, rendendo maiores ganhos com o aluguel de temporada para propriet\u00e1rios e a melhor experi\u00eancia para os h\u00f3spedes. Confira alguns dos nossos servi\u00e7os:<\/p>\n<p>&nbsp;<\/p>\n<h3><b><img decoding=\"async\" class=\"emoji\" role=\"img\" draggable=\"false\" src=\"https:\/\/s.w.org\/images\/core\/emoji\/13.1.0\/svg\/1f4bb.svg\" alt=\"\ud83d\udcbb\" \/>\u00a0Anunciamos sua propriedade<\/b><\/h3>\n<p>Primeiramente, n\u00f3s criamos o an\u00fancio da sua propriedade e o publicamos em mais de 30 sites de reservas, como Airbnb, Booking, VRBO (Alugue Temporada) e TripAdvisor.\u00a0 Em seguida, j\u00e1 ficamos respons\u00e1veis pela gest\u00e3o dele em cada uma das plataformas.<\/p>\n<p>&nbsp;<\/p>\n<h3><a href=\"https:\/\/www.anfitriaoprime.com.br\/blog\/foto-a-importancia-no-aluguel-de-temporada\/\"><b><img decoding=\"async\" loading=\"lazy\" class=\"emoji alignnone\" role=\"img\" draggable=\"false\" src=\"https:\/\/s.w.org\/images\/core\/emoji\/13.1.0\/svg\/1f4f7.svg\" alt=\"aluguel de temporada em Monte Verde\" width=\"150\" height=\"150\" \/>\u00a0Fotos profissionais<\/b><\/a><\/h3>\n<p>As fotos profissionais do seu im\u00f3vel garantem uma melhor primeira impress\u00e3o aos h\u00f3spedes, o que aumenta as possibilidades de reservas.<\/p>\n<p>&nbsp;<\/p>\n<h3><b><img decoding=\"async\" class=\"emoji\" role=\"img\" draggable=\"false\" src=\"https:\/\/s.w.org\/images\/core\/emoji\/13.1.0\/svg\/1f4ac.svg\" alt=\"\ud83d\udcac\" \/>\u00a0Comunica\u00e7\u00e3o com os h\u00f3spedes<\/b><\/h3>\n<p>Um dos grandes problemas ao gerenciar um im\u00f3vel de temporada \u00e9 estar dispon\u00edvel para responder os h\u00f3spedes nas plataformas de reservas. Contudo, com o Anfitri\u00e3o Prime voc\u00ea n\u00e3o ter\u00e1 que se preocupar com isso, pois n\u00f3s temos uma equipe que est\u00e1 24\/7 dispon\u00edvel para atend\u00ea-los.<\/p>\n<p>&nbsp;<\/p>\n<h3><b><img decoding=\"async\" loading=\"lazy\" class=\"emoji alignnone\" role=\"img\" draggable=\"false\" src=\"https:\/\/s.w.org\/images\/core\/emoji\/13.1.0\/svg\/1f4c8.svg\" alt=\"aluguel de temporada em Monte Verde\" width=\"150\" height=\"150\" \/>\u00a0<a href=\"https:\/\/www.anfitriaoprime.com.br\/blog\/valor-da-diaria-no-aluguel-de-temporada\/\">Defini\u00e7\u00e3o dos melhores pre\u00e7os de di\u00e1rias<\/a><\/b><\/h3>\n<p>Contamos com uma tecnologia de ponta que faz a precifica\u00e7\u00e3o inteligente do seu im\u00f3vel, pensando a longo prazo. Em outras palavras, ela leva em conta as varia\u00e7\u00f5es de pre\u00e7o que ocorrem durante o ano, como feriados, alta e baixa temporadas. Al\u00e9m de outras situa\u00e7\u00f5es que podem fazer com que o valor da di\u00e1ria do seu im\u00f3vel varie.<\/p>\n<p>&nbsp;<\/p>\n<h3><strong><img decoding=\"async\" class=\"emoji\" role=\"img\" draggable=\"false\" src=\"https:\/\/s.w.org\/images\/core\/emoji\/13.1.0\/svg\/1f5d3.svg\" alt=\"\ud83d\uddd3\ufe0f\" \/>\u00a0Gest\u00e3o do calend\u00e1rio\u00a0<\/strong><\/h3>\n<p>N\u00f3s tamb\u00e9m contamos com uma ferramenta que faz a gest\u00e3o unificada do seu calend\u00e1rio para evitar o overbooking. Al\u00e9m disso, voc\u00ea tamb\u00e9m pode continuar utilizando o seu im\u00f3vel quando desejar, basta apenas nos informar com anteced\u00eancia para que possamos fazer o bloqueio do calend\u00e1rio para os h\u00f3spedes.<\/p>\n<p>&nbsp;<\/p>\n<h3><b><img decoding=\"async\" class=\"emoji\" role=\"img\" draggable=\"false\" src=\"https:\/\/s.w.org\/images\/core\/emoji\/13.1.0\/svg\/2714.svg\" alt=\"\u2714\" \/>\u00a0Concierge, Limpeza e Manuten\u00e7\u00e3o\u00a0<\/b><\/h3>\n<p>Finalmente, para que voc\u00ea possa ser um Anfitri\u00e3o de Airbnb completo, oferecemos servi\u00e7os complementares. Atualmente, contamos com especialistas para serem\u00a0<b>concierge<\/b>\u00a0do seu im\u00f3vel e serem respons\u00e1veis do check-in e check-out dos h\u00f3spedes. Al\u00e9m de outros profissionais para\u00a0<strong>limpeza, manuten\u00e7\u00e3o<\/strong>\u00a0e outros servi\u00e7os necess\u00e1rios para garantir uma experi\u00eancia perfeita aos h\u00f3spedes.<\/p>\n<h2>Por que anunciar seu im\u00f3vel com a gente?<\/h2>\n<p>Ent\u00e3o, se comparamos os servi\u00e7os do Anfitri\u00e3o Prime com os servi\u00e7os oferecidos por outros sites de reservas, voc\u00ea ter\u00e1 as seguintes vantagens:<\/p>\n<figure id=\"attachment_4974\" class=\"thumbnail wp-caption alignnone\" style=\"width: 310px\"><img decoding=\"async\" loading=\"lazy\" class=\"size-medium wp-image-4974\" src=\"https:\/\/www.anfitriaoprime.com.br\/blog\/wp-content\/uploads\/2022\/07\/Dimensoes-personalizadas-750x410-px-7-300x164.jpeg\" alt=\"Igreja Matriz de Nossa Senhora da Concei\u00e7\u00e3o, Viam\u00e3o | Foto de Ricardo Andr\u00e9 Frantz - im\u00f3veis em Viam\u00e3o \" width=\"300\" height=\"164\" srcset=\"https:\/\/www.anfitriaoprime.com.br\/blog\/wp-content\/uploads\/2022\/07\/Dimensoes-personalizadas-750x410-px-7-300x164.jpeg 300w, https:\/\/www.anfitriaoprime.com.br\/blog\/wp-content\/uploads\/2022\/07\/Dimensoes-personalizadas-750x410-px-7.jpeg 750w\" sizes=\"(max-width: 300px) 100vw, 300px\" \/><figcaption class=\"caption wp-caption-text\">Igreja Matriz de Nossa Senhora da Concei\u00e7\u00e3o, Viam\u00e3o | Foto de Ricardo Andr\u00e9 Frantz<\/figcaption><\/figure>\n<h3><b>Sobre Viam\u00e3o\u00a0<\/b><\/h3>\n<p><span style=\"font-weight: 400;\">Viam\u00e3o, no Rio Grande do Sul, \u00e9 o tipo de destino que consegue atender todos os tipos de turistas. Isso porque, a cidade possui uma grande diversidade de atividades e passeios focados em diversas \u00e1reas, como ecoturismo, gastronomia, hist\u00f3ria e muito mais.\u00a0<\/span><\/p>\n<p>&nbsp;<\/p>\n<h4><b>Dicas de roteiro em Viam\u00e3o<\/b><\/h4>\n<p><span style=\"font-weight: 400;\">Ent\u00e3o, se voc\u00ea quer atrair mais h\u00f3spedes para um ou mais im\u00f3veis em Viam\u00e3o, \u00e9 fundamental conhecer alguns dos principais roteiros da regi\u00e3o. Por isso, separamos algumas dicas de passeios e atra\u00e7\u00f5es que voc\u00ea pode recomendar aos turistas.\u00a0<\/span><\/p>\n<p>&nbsp;<\/p>\n<h5><b>Quinta da Est\u00e2ncia\u00a0<\/b><\/h5>\n<p><span style=\"font-weight: 400;\">Primeiramente, para aqueles turistas que gostam de passeios educativos, vale a pena indicar a <\/span><b>Quinta da Est\u00e2ncia<\/b><span style=\"font-weight: 400;\">.\u00a0<\/span><\/p>\n<p><span style=\"font-weight: 400;\">Essa \u00e9 considerada a maior fazenda especializada em turismo rural, pedag\u00f3gico, ecol\u00f3gico e de lazer da regi\u00e3o. No local, os turistas poder\u00e3o fazer uma s\u00e9rie de atividades em grupo, para todas as idades.\u00a0<\/span><\/p>\n<p><span style=\"font-weight: 400;\">Outro grande diferencial desse local \u00e9 que ela \u00e9 considerada a \u00fanica fazenda <\/span><i><span style=\"font-weight: 400;\">Carbon-Free<\/span><\/i><span style=\"font-weight: 400;\"> do Brasil. Inclusive, ela foi vencedora do<\/span><b> Pr\u00eamio Nacional MPE<\/b><span style=\"font-weight: 400;\"> de Responsabilidade Social.<\/span><\/p>\n<p>&nbsp;<\/p>\n<h5><b>Adega Solar\u00a0<\/b><\/h5>\n<p><span style=\"font-weight: 400;\">Em seguida, voc\u00ea pode sugerir que os seus h\u00f3spedes conhe\u00e7am a Adega Solar, que \u00e9 ideal para um passeio tipo <\/span><i><span style=\"font-weight: 400;\">happy hour<\/span><\/i><span style=\"font-weight: 400;\">.\u00a0<\/span><\/p>\n<p><span style=\"font-weight: 400;\">O espa\u00e7o tem uma produ\u00e7\u00e3o pr\u00f3pria e os visitantes poder\u00e3o provar uma grande variedade de vinhos, desde Merlot at\u00e9 espumantes.\u00a0<\/span><\/p>\n<p>&nbsp;<\/p>\n<h5><b>Aut\u00f3dromo Internacional de Tarum\u00e3\u00a0<\/b><\/h5>\n<p><span style=\"font-weight: 400;\">Por outro lado, se os seus visitantes s\u00e3o amantes de velocidade, indique uma ida at\u00e9 esse circuito, que \u00e9 considerado um dos mais tradicionais do pa\u00eds.\u00a0<\/span><\/p>\n<p><span style=\"font-weight: 400;\">A pista tem extens\u00e3o total de 3.016 metros, com 11 curvas, e sempre recebe eventos automobil\u00edsticos ao longo do ano. Inclusive, vale a pena recomendar aos turistas uma r\u00e1pida olhada no calend\u00e1rio do aut\u00f3dromo.\u00a0<\/span><\/p>\n<p>&nbsp;<\/p>\n<h5><b>Igreja Matriz Nossa Senhora da Concei\u00e7\u00e3o\u00a0<\/b><\/h5>\n<p><span style=\"font-weight: 400;\">J\u00e1 para quem gosta de hist\u00f3ria, a Igreja Matriz Nossa Senhora da Concei\u00e7\u00e3o \u00e9 um \u00f3timo passeio. Ela foi inaugurada em 1770 e tem um estilo Barroco Rococ\u00f3 impressionante.\u00a0<\/span><\/p>\n<p>&nbsp;<\/p>\n<h5><b>Morada dos Bugios<\/b><\/h5>\n<p><span style=\"font-weight: 400;\">Finalmente, mas n\u00e3o menos importante, um passeio pela Morada dos Bugio \u00e9 uma \u00f3tima alternativa para os turistas que desejam um passeio na natureza. O local oferece uma grande variedade de passeios, tanto individuais como em grupos.\u00a0<\/span><\/p>\n<p><span style=\"font-weight: 400;\">\u00a0<\/span><\/p>\n<h4><b>Onde comer em Viam\u00e3o<\/b><\/h4>\n<p><span style=\"font-weight: 400;\">Nesse sentido de conhecer lugares novos, quem se hospeda em im\u00f3veis de temporada em Viam\u00e3o vai querer conhecer alguns dos principais pontos gastron\u00f4micos da regi\u00e3o. Por isso, tamb\u00e9m separamos algumas dicas de restaurantes bem interessantes, veja.<\/span><\/p>\n<p>&nbsp;<\/p>\n<h5><b>O Butia<\/b><\/h5>\n<p><span style=\"font-weight: 400;\">Primeiramente, sugerimos O Butia, que \u00e9 um restaurante incr\u00edvel e conta com mesas ao ar livre. O local \u00e9 requintado, com pratos diferenciados. Logo, \u00e9 o tipo de alternativa para os turistas que desejam um momento especial. Al\u00e9m disso, tamb\u00e9m conta com op\u00e7\u00f5es vegetarianas.<\/span><\/p>\n<h5><\/h5>\n<h5><b>Casa Barcellos<\/b><\/h5>\n<p><span style=\"font-weight: 400;\">Mais uma das alternativas para recomendar aos turistas \u00e9 a Casa Barcellos. O local \u00e9 especializado em carnes e traz uma grande variedade de pratos e lanches.<\/span><\/p>\n<p><span style=\"font-weight: 400;\">Al\u00e9m disso, o local tamb\u00e9m oferece pratos como pizzas para a crian\u00e7ada que quer apenas um lanchinho. Essa \u00e9 uma \u00f3tima alternativa para o almo\u00e7o.\u00a0<\/span><\/p>\n<p><span style=\"font-weight: 400;\">Aproveite essas dicas para atrair mais h\u00f3spedes para os seus im\u00f3veis em Viam\u00e3o. Basta fazer o cadastro preenchendo o formul\u00e1rio ao lado e venha anunciar com o Anfitri\u00e3o Prime.\u00a0<\/span><\/p>\n<p><a href=\"https:\/\/reservas.anfitriaoprime.com.br\/\"><b>Clique aqui para conhecer o nosso portf\u00f3lio com mais de 1000 im\u00f3veis cadastrados em todo o territ\u00f3rio nacional. <\/b><\/a><\/p>\n","protected":false},"excerpt":{"rendered":"<p>Quer anunciar por temporada um ou mais im\u00f3veis em Viam\u00e3o (Rio Grande do Sul)? Aqui no Anfitri\u00e3o Prime voc\u00ea pode contar com uma equipe de profissionais especializados que te ajudar\u00e3o a gerenciar todas as etapas da loca\u00e7\u00e3o. Conhe\u00e7a os nossos servi\u00e7os aqui!\u00a0 Clique aqui para conhecer o nosso portf\u00f3lio com mais de 1000 im\u00f3veis cadastrados [&hellip;]<\/p>\n","protected":false},"author":1,"featured_media":4970,"parent":0,"menu_order":0,"comment_status":"closed","ping_status":"closed","template":"page-lp.php","meta":[],"yoast_head":"<!-- This site is optimized with the Yoast SEO plugin v21.1 - https:\/\/yoast.com\/wordpress\/plugins\/seo\/ -->\n<title>Venha anunciar um ou mais im\u00f3veis em Viam\u00e3o com o Anfitri\u00e3o Prime<\/title>\n<meta name=\"description\" content=\"Pensando em anunciar por temporada um ou mais im\u00f3veis em Viam\u00e3o? Com o Anfitri\u00e3o Prime voc\u00ea tem suporte em todas as etapas. Confira!\" \/>\n<meta name=\"robots\" content=\"index, follow, max-snippet:-1, max-image-preview:large, max-video-preview:-1\" \/>\n<link rel=\"canonical\" href=\"https:\/\/www.anfitriaoprime.com.br\/blog\/imoveis-em-viamao-rio-grande-do-sul\/\" \/>\n<meta property=\"og:locale\" content=\"pt_BR\" \/>\n<meta property=\"og:type\" content=\"article\" \/>\n<meta property=\"og:title\" content=\"Venha anunciar um ou mais im\u00f3veis em Viam\u00e3o com o Anfitri\u00e3o Prime\" \/>\n<meta property=\"og:description\" content=\"Pensando em anunciar por temporada um ou mais im\u00f3veis em Viam\u00e3o? Com o Anfitri\u00e3o Prime voc\u00ea tem suporte em todas as etapas. Confira!\" \/>\n<meta property=\"og:url\" content=\"https:\/\/www.anfitriaoprime.com.br\/blog\/imoveis-em-viamao-rio-grande-do-sul\/\" \/>\n<meta property=\"og:site_name\" content=\"Blog Anfitri\u00e3o Prime: Ganhe dinheiro com aluguel de temporada.\" \/>\n<meta property=\"og:image\" content=\"https:\/\/www.anfitriaoprime.com.br\/blog\/wp-content\/uploads\/2022\/07\/Dimensoes-personalizadas-1920x550-px-6.jpeg\" \/>\n\t<meta property=\"og:image:width\" content=\"1920\" \/>\n\t<meta property=\"og:image:height\" content=\"550\" \/>\n\t<meta property=\"og:image:type\" content=\"image\/jpeg\" \/>\n<meta name=\"twitter:card\" content=\"summary_large_image\" \/>\n<meta name=\"twitter:label1\" content=\"Est. tempo de leitura\" \/>\n\t<meta name=\"twitter:data1\" content=\"6 minutos\" \/>\n<script type=\"application\/ld+json\" class=\"yoast-schema-graph\">{\"@context\":\"https:\/\/schema.org\",\"@graph\":[{\"@type\":\"WebPage\",\"@id\":\"https:\/\/www.anfitriaoprime.com.br\/blog\/imoveis-em-viamao-rio-grande-do-sul\/\",\"url\":\"https:\/\/www.anfitriaoprime.com.br\/blog\/imoveis-em-viamao-rio-grande-do-sul\/\",\"name\":\"Venha anunciar um ou mais im\u00f3veis em Viam\u00e3o com o Anfitri\u00e3o Prime\",\"isPartOf\":{\"@id\":\"https:\/\/www.anfitriaoprime.com.br\/blog\/#website\"},\"datePublished\":\"2022-07-06T19:31:46+00:00\",\"dateModified\":\"2022-07-06T19:31:46+00:00\",\"description\":\"Pensando em anunciar por temporada um ou mais im\u00f3veis em Viam\u00e3o? Com o Anfitri\u00e3o Prime voc\u00ea tem suporte em todas as etapas. Confira!\",\"breadcrumb\":{\"@id\":\"https:\/\/www.anfitriaoprime.com.br\/blog\/imoveis-em-viamao-rio-grande-do-sul\/#breadcrumb\"},\"inLanguage\":\"pt-BR\",\"potentialAction\":[{\"@type\":\"ReadAction\",\"target\":[\"https:\/\/www.anfitriaoprime.com.br\/blog\/imoveis-em-viamao-rio-grande-do-sul\/\"]}]},{\"@type\":\"BreadcrumbList\",\"@id\":\"https:\/\/www.anfitriaoprime.com.br\/blog\/imoveis-em-viamao-rio-grande-do-sul\/#breadcrumb\",\"itemListElement\":[{\"@type\":\"ListItem\",\"position\":1,\"name\":\"In\u00edcio\",\"item\":\"https:\/\/www.anfitriaoprime.com.br\/blog\/\"},{\"@type\":\"ListItem\",\"position\":2,\"name\":\"Venha anunciar um ou mais im\u00f3veis em Viam\u00e3o &#8211; RS com o Anfitri\u00e3o Prime\"}]},{\"@type\":\"WebSite\",\"@id\":\"https:\/\/www.anfitriaoprime.com.br\/blog\/#website\",\"url\":\"https:\/\/www.anfitriaoprime.com.br\/blog\/\",\"name\":\"Blog Anfitri\u00e3o Prime - Gest\u00e3o de propriedade para aluguel de temporada\",\"description\":\"No blog do Anfitri\u00e3o Prime voc\u00ea encontra dicas e informa\u00e7\u00f5es sobre o mercado de aluguel de temporada escrito por anfitri\u00f5es profissionais\",\"potentialAction\":[{\"@type\":\"SearchAction\",\"target\":{\"@type\":\"EntryPoint\",\"urlTemplate\":\"https:\/\/www.anfitriaoprime.com.br\/blog\/?s={search_term_string}\"},\"query-input\":\"required name=search_term_string\"}],\"inLanguage\":\"pt-BR\"}]}<\/script>\n<!-- \/ Yoast SEO plugin. -->","yoast_head_json":{"title":"Venha anunciar um ou mais im\u00f3veis em Viam\u00e3o com o Anfitri\u00e3o Prime","description":"Pensando em anunciar por temporada um ou mais im\u00f3veis em Viam\u00e3o? Com o Anfitri\u00e3o Prime voc\u00ea tem suporte em todas as etapas. Confira!","robots":{"index":"index","follow":"follow","max-snippet":"max-snippet:-1","max-image-preview":"max-image-preview:large","max-video-preview":"max-video-preview:-1"},"canonical":"https:\/\/www.anfitriaoprime.com.br\/blog\/imoveis-em-viamao-rio-grande-do-sul\/","og_locale":"pt_BR","og_type":"article","og_title":"Venha anunciar um ou mais im\u00f3veis em Viam\u00e3o com o Anfitri\u00e3o Prime","og_description":"Pensando em anunciar por temporada um ou mais im\u00f3veis em Viam\u00e3o? Com o Anfitri\u00e3o Prime voc\u00ea tem suporte em todas as etapas. Confira!","og_url":"https:\/\/www.anfitriaoprime.com.br\/blog\/imoveis-em-viamao-rio-grande-do-sul\/","og_site_name":"Blog Anfitri\u00e3o Prime: Ganhe dinheiro com aluguel de temporada.","og_image":[{"width":1920,"height":550,"url":"https:\/\/www.anfitriaoprime.com.br\/blog\/wp-content\/uploads\/2022\/07\/Dimensoes-personalizadas-1920x550-px-6.jpeg","type":"image\/jpeg"}],"twitter_card":"summary_large_image","twitter_misc":{"Est. tempo de leitura":"6 minutos"},"schema":{"@context":"https:\/\/schema.org","@graph":[{"@type":"WebPage","@id":"https:\/\/www.anfitriaoprime.com.br\/blog\/imoveis-em-viamao-rio-grande-do-sul\/","url":"https:\/\/www.anfitriaoprime.com.br\/blog\/imoveis-em-viamao-rio-grande-do-sul\/","name":"Venha anunciar um ou mais im\u00f3veis em Viam\u00e3o com o Anfitri\u00e3o Prime","isPartOf":{"@id":"https:\/\/www.anfitriaoprime.com.br\/blog\/#website"},"datePublished":"2022-07-06T19:31:46+00:00","dateModified":"2022-07-06T19:31:46+00:00","description":"Pensando em anunciar por temporada um ou mais im\u00f3veis em Viam\u00e3o? Com o Anfitri\u00e3o Prime voc\u00ea tem suporte em todas as etapas. Confira!","breadcrumb":{"@id":"https:\/\/www.anfitriaoprime.com.br\/blog\/imoveis-em-viamao-rio-grande-do-sul\/#breadcrumb"},"inLanguage":"pt-BR","potentialAction":[{"@type":"ReadAction","target":["https:\/\/www.anfitriaoprime.com.br\/blog\/imoveis-em-viamao-rio-grande-do-sul\/"]}]},{"@type":"BreadcrumbList","@id":"https:\/\/www.anfitriaoprime.com.br\/blog\/imoveis-em-viamao-rio-grande-do-sul\/#breadcrumb","itemListElement":[{"@type":"ListItem","position":1,"name":"In\u00edcio","item":"https:\/\/www.anfitriaoprime.com.br\/blog\/"},{"@type":"ListItem","position":2,"name":"Venha anunciar um ou mais im\u00f3veis em Viam\u00e3o &#8211; RS com o Anfitri\u00e3o Prime"}]},{"@type":"WebSite","@id":"https:\/\/www.anfitriaoprime.com.br\/blog\/#website","url":"https:\/\/www.anfitriaoprime.com.br\/blog\/","name":"Blog Anfitri\u00e3o Prime - Gest\u00e3o de propriedade para aluguel de temporada","description":"No blog do Anfitri\u00e3o Prime voc\u00ea encontra dicas e informa\u00e7\u00f5es sobre o mercado de aluguel de temporada escrito por anfitri\u00f5es profissionais","potentialAction":[{"@type":"SearchAction","target":{"@type":"EntryPoint","urlTemplate":"https:\/\/www.anfitriaoprime.com.br\/blog\/?s={search_term_string}"},"query-input":"required name=search_term_string"}],"inLanguage":"pt-BR"}]}},"acf":{"imagem":{"ID":4970,"id":4970,"title":"Foto de Rcandre","filename":"Dimensoes-personalizadas-1920x550-px-6.jpeg","filesize":1069983,"url":"https:\/\/www.anfitriaoprime.com.br\/blog\/wp-content\/uploads\/2022\/07\/Dimensoes-personalizadas-1920x550-px-6.jpeg","link":"https:\/\/www.anfitriaoprime.com.br\/blog\/imoveis-em-viamao-rio-grande-do-sul\/dimensoes-personalizadas-1920x550-px-6-9\/","alt":"Foto de Rcandre - im\u00f3veis em Viam\u00e3o","author":"1","description":"","caption":"Foto de Rcandre","name":"dimensoes-personalizadas-1920x550-px-6-9","status":"inherit","uploaded_to":4968,"date":"2022-07-06 19:25:58","modified":"2022-07-06 19:26:19","menu_order":0,"mime_type":"image\/jpeg","type":"image","subtype":"jpeg","icon":"https:\/\/www.anfitriaoprime.com.br\/blog\/wp-includes\/images\/media\/default.png","width":1920,"height":550,"sizes":{"thumbnail":"https:\/\/www.anfitriaoprime.com.br\/blog\/wp-content\/uploads\/2022\/07\/Dimensoes-personalizadas-1920x550-px-6.jpeg","thumbnail-width":150,"thumbnail-height":43,"medium":"https:\/\/www.anfitriaoprime.com.br\/blog\/wp-content\/uploads\/2022\/07\/Dimensoes-personalizadas-1920x550-px-6.jpeg","medium-width":300,"medium-height":86,"medium_large":"https:\/\/www.anfitriaoprime.com.br\/blog\/wp-content\/uploads\/2022\/07\/Dimensoes-personalizadas-1920x550-px-6.jpeg","medium_large-width":648,"medium_large-height":186,"large":"https:\/\/www.anfitriaoprime.com.br\/blog\/wp-content\/uploads\/2022\/07\/Dimensoes-personalizadas-1920x550-px-6.jpeg","large-width":648,"large-height":186,"1536x1536":"https:\/\/www.anfitriaoprime.com.br\/blog\/wp-content\/uploads\/2022\/07\/Dimensoes-personalizadas-1920x550-px-6.jpeg","1536x1536-width":1536,"1536x1536-height":440,"2048x2048":"https:\/\/www.anfitriaoprime.com.br\/blog\/wp-content\/uploads\/2022\/07\/Dimensoes-personalizadas-1920x550-px-6.jpeg","2048x2048-width":1920,"2048x2048-height":550,"sparkling-featured":"https:\/\/www.anfitriaoprime.com.br\/blog\/wp-content\/uploads\/2022\/07\/Dimensoes-personalizadas-1920x550-px-6.jpeg","sparkling-featured-width":750,"sparkling-featured-height":215,"sparkling-featured-fullwidth":"https:\/\/www.anfitriaoprime.com.br\/blog\/wp-content\/uploads\/2022\/07\/Dimensoes-personalizadas-1920x550-px-6.jpeg","sparkling-featured-fullwidth-width":1140,"sparkling-featured-fullwidth-height":327,"tab-small":"https:\/\/www.anfitriaoprime.com.br\/blog\/wp-content\/uploads\/2022\/07\/Dimensoes-personalizadas-1920x550-px-6.jpeg","tab-small-width":60,"tab-small-height":17,"crp_thumbnail":"https:\/\/www.anfitriaoprime.com.br\/blog\/wp-content\/uploads\/2022\/07\/Dimensoes-personalizadas-1920x550-px-6.jpeg","crp_thumbnail-width":150,"crp_thumbnail-height":43}},"titulo":"Venha anunciar um ou mais im\u00f3veis em Viam\u00e3o - RS com o Anfitri\u00e3o Prime","subtitulo":"<p><span style=\"font-weight: 400;\">Quer anunciar por temporada um ou mais im\u00f3veis em <strong>Viam\u00e3o<\/strong> (<strong>Rio Grande do Sul<\/strong>)? Aqui no <strong>Anfitri\u00e3o Prime<\/strong> voc\u00ea pode contar com uma equipe de profissionais especializados que te ajudar\u00e3o a gerenciar todas as etapas da loca\u00e7\u00e3o. Conhe\u00e7a os nossos servi\u00e7os aqui!\u00a0<\/span><\/p>\n<p><a href=\"https:\/\/reservas.anfitriaoprime.com.br\/\"><b>Clique aqui para conhecer o nosso portf\u00f3lio com mais de 1000 im\u00f3veis cadastrados em todo o territ\u00f3rio nacional.<\/b><\/a><\/p>\n","titulo_secao_1":"Como funciona o Anfitri\u00e3o Prime?","conteudo_secao_1":"<p><span style=\"font-weight: 400;\">O <\/span><b>Anfitri\u00e3o Prime<\/b><span style=\"font-weight: 400;\"> \u00e9 muito mais do que uma imobili\u00e1ria digital ou um site de reservas comum. N\u00f3s somos um gestor profissional de im\u00f3veis em<\/span><b> Viam\u00e3o <\/b><span style=\"font-weight: 400;\">e oferecemos diversos servi\u00e7os para propriet\u00e1rios que precisam de ajuda nos processos de loca\u00e7\u00e3o por temporada.\u00a0<\/span><\/p>\n<p><span style=\"font-weight: 400;\">Atuamos desde a <\/span><b>cria\u00e7\u00e3o<\/b><span style=\"font-weight: 400;\"> do an\u00fancio e <\/span><b>divulga\u00e7\u00e3o<\/b><span style=\"font-weight: 400;\"> nos principais portais como Airbnb e Booking.com, at\u00e9 na <\/span><b>manuten\u00e7\u00e3o<\/b><span style=\"font-weight: 400;\"> do im\u00f3vel. Tudo para que os propriet\u00e1rios n\u00e3o precisem se preocupar com nada.\u00a0<\/span><\/p>\n<p><span style=\"font-weight: 400;\">A nossa sede fica em S\u00e3o Paulo, mas contamos com profissionais especializados em turismo e hospedagem em todo o Brasil. Fale conosco e comece a anunciar hoje mesmo! Para isso, cadastre-se atrav\u00e9s do formul\u00e1rio ao lado e siga os pr\u00f3ximos passos.\u00a0<\/span><\/p>\n","titulo_secao_2":"Conhe\u00e7a os nossos servi\u00e7os para quem tem im\u00f3veis em Viam\u00e3o","imagem_secao_2":false,"conteudo_secao_2":"<p>Antes de mais nada, \u00e9 bom que voc\u00ea saiba que com os servi\u00e7os oferecidos pelo Anfitri\u00e3o Prime, voc\u00ea pode ser um excelente\u00a0Anfitri\u00e3o de Airbnb em <b>Viam\u00e3o<\/b>. Aliamos a experi\u00eancia de mais de 30 anos com turismo dos nossos profissionais \u00e0 tecnologia de ponta, rendendo maiores ganhos com o aluguel de temporada para propriet\u00e1rios e a melhor experi\u00eancia para os h\u00f3spedes. Confira alguns dos nossos servi\u00e7os:<\/p>\n<p>&nbsp;<\/p>\n<h3><b><img decoding=\"async\" class=\"emoji\" role=\"img\" draggable=\"false\" src=\"https:\/\/s.w.org\/images\/core\/emoji\/13.1.0\/svg\/1f4bb.svg\" alt=\"\ud83d\udcbb\" \/>\u00a0Anunciamos sua propriedade<\/b><\/h3>\n<p>Primeiramente, n\u00f3s criamos o an\u00fancio da sua propriedade e o publicamos em mais de 30 sites de reservas, como Airbnb, Booking, VRBO (Alugue Temporada) e TripAdvisor.\u00a0 Em seguida, j\u00e1 ficamos respons\u00e1veis pela gest\u00e3o dele em cada uma das plataformas.<\/p>\n<p>&nbsp;<\/p>\n<h3><a href=\"https:\/\/www.anfitriaoprime.com.br\/blog\/foto-a-importancia-no-aluguel-de-temporada\/\"><b><img decoding=\"async\" loading=\"lazy\" class=\"emoji alignnone\" role=\"img\" draggable=\"false\" src=\"https:\/\/s.w.org\/images\/core\/emoji\/13.1.0\/svg\/1f4f7.svg\" alt=\"aluguel de temporada em Monte Verde\" width=\"150\" height=\"150\" \/>\u00a0Fotos profissionais<\/b><\/a><\/h3>\n<p>As fotos profissionais do seu im\u00f3vel garantem uma melhor primeira impress\u00e3o aos h\u00f3spedes, o que aumenta as possibilidades de reservas.<\/p>\n<p>&nbsp;<\/p>\n<h3><b><img decoding=\"async\" class=\"emoji\" role=\"img\" draggable=\"false\" src=\"https:\/\/s.w.org\/images\/core\/emoji\/13.1.0\/svg\/1f4ac.svg\" alt=\"\ud83d\udcac\" \/>\u00a0Comunica\u00e7\u00e3o com os h\u00f3spedes<\/b><\/h3>\n<p>Um dos grandes problemas ao gerenciar um im\u00f3vel de temporada \u00e9 estar dispon\u00edvel para responder os h\u00f3spedes nas plataformas de reservas. Contudo, com o Anfitri\u00e3o Prime voc\u00ea n\u00e3o ter\u00e1 que se preocupar com isso, pois n\u00f3s temos uma equipe que est\u00e1 24\/7 dispon\u00edvel para atend\u00ea-los.<\/p>\n<p>&nbsp;<\/p>\n<h3><b><img decoding=\"async\" loading=\"lazy\" class=\"emoji alignnone\" role=\"img\" draggable=\"false\" src=\"https:\/\/s.w.org\/images\/core\/emoji\/13.1.0\/svg\/1f4c8.svg\" alt=\"aluguel de temporada em Monte Verde\" width=\"150\" height=\"150\" \/>\u00a0<a href=\"https:\/\/www.anfitriaoprime.com.br\/blog\/valor-da-diaria-no-aluguel-de-temporada\/\">Defini\u00e7\u00e3o dos melhores pre\u00e7os de di\u00e1rias<\/a><\/b><\/h3>\n<p>Contamos com uma tecnologia de ponta que faz a precifica\u00e7\u00e3o inteligente do seu im\u00f3vel, pensando a longo prazo. Em outras palavras, ela leva em conta as varia\u00e7\u00f5es de pre\u00e7o que ocorrem durante o ano, como feriados, alta e baixa temporadas. Al\u00e9m de outras situa\u00e7\u00f5es que podem fazer com que o valor da di\u00e1ria do seu im\u00f3vel varie.<\/p>\n<p>&nbsp;<\/p>\n<h3><strong><img decoding=\"async\" class=\"emoji\" role=\"img\" draggable=\"false\" src=\"https:\/\/s.w.org\/images\/core\/emoji\/13.1.0\/svg\/1f5d3.svg\" alt=\"\ud83d\uddd3\ufe0f\" \/>\u00a0Gest\u00e3o do calend\u00e1rio\u00a0<\/strong><\/h3>\n<p>N\u00f3s tamb\u00e9m contamos com uma ferramenta que faz a gest\u00e3o unificada do seu calend\u00e1rio para evitar o overbooking. Al\u00e9m disso, voc\u00ea tamb\u00e9m pode continuar utilizando o seu im\u00f3vel quando desejar, basta apenas nos informar com anteced\u00eancia para que possamos fazer o bloqueio do calend\u00e1rio para os h\u00f3spedes.<\/p>\n<p>&nbsp;<\/p>\n<h3><b><img decoding=\"async\" class=\"emoji\" role=\"img\" draggable=\"false\" src=\"https:\/\/s.w.org\/images\/core\/emoji\/13.1.0\/svg\/2714.svg\" alt=\"\u2714\" \/>\u00a0Concierge, Limpeza e Manuten\u00e7\u00e3o\u00a0<\/b><\/h3>\n<p>Finalmente, para que voc\u00ea possa ser um Anfitri\u00e3o de Airbnb completo, oferecemos servi\u00e7os complementares. Atualmente, contamos com especialistas para serem\u00a0<b>concierge<\/b>\u00a0do seu im\u00f3vel e serem respons\u00e1veis do check-in e check-out dos h\u00f3spedes. Al\u00e9m de outros profissionais para\u00a0<strong>limpeza, manuten\u00e7\u00e3o<\/strong>\u00a0e outros servi\u00e7os necess\u00e1rios para garantir uma experi\u00eancia perfeita aos h\u00f3spedes.<\/p>\n","titulo_secao_3":"Por que anunciar seu im\u00f3vel com a gente?","conteudo_secao_3":"<p>Ent\u00e3o, se comparamos os servi\u00e7os do Anfitri\u00e3o Prime com os servi\u00e7os oferecidos por outros sites de reservas, voc\u00ea ter\u00e1 as seguintes vantagens:<\/p>\n","titulo_secao_6":"Sobre Viam\u00e3o\u00a0","conteudo_secao_6":"<figure id=\"attachment_4974\" class=\"thumbnail wp-caption alignnone\" style=\"width: 760px\"><img decoding=\"async\" loading=\"lazy\" class=\"wp-image-4974 size-full\" src=\"https:\/\/www.anfitriaoprime.com.br\/blog\/wp-content\/uploads\/2022\/07\/Dimensoes-personalizadas-750x410-px-7.jpeg\" alt=\"Igreja Matriz de Nossa Senhora da Concei\u00e7\u00e3o, Viam\u00e3o | Foto de Ricardo Andr\u00e9 Frantz - im\u00f3veis em Viam\u00e3o\" width=\"750\" height=\"410\" srcset=\"https:\/\/www.anfitriaoprime.com.br\/blog\/wp-content\/uploads\/2022\/07\/Dimensoes-personalizadas-750x410-px-7.jpeg 750w, https:\/\/www.anfitriaoprime.com.br\/blog\/wp-content\/uploads\/2022\/07\/Dimensoes-personalizadas-750x410-px-7-300x164.jpeg 300w\" sizes=\"(max-width: 750px) 100vw, 750px\" \/><figcaption class=\"caption wp-caption-text\">Igreja Matriz de Nossa Senhora da Concei\u00e7\u00e3o, Viam\u00e3o | Foto de Ricardo Andr\u00e9 Frantz<\/figcaption><\/figure>\n<p><span style=\"font-weight: 400;\">Viam\u00e3o, no Rio Grande do Sul, \u00e9 o tipo de destino que consegue atender todos os tipos de turistas. Isso porque, a cidade possui uma grande diversidade de atividades e passeios focados em diversas \u00e1reas, como ecoturismo, gastronomia, hist\u00f3ria e muito mais.\u00a0<\/span><\/p>\n<p>&nbsp;<\/p>\n<h4><b>Dicas de roteiro em Viam\u00e3o<\/b><\/h4>\n<p><span style=\"font-weight: 400;\">Ent\u00e3o, se voc\u00ea quer atrair mais h\u00f3spedes para um ou mais im\u00f3veis em Viam\u00e3o, \u00e9 fundamental conhecer alguns dos principais roteiros da regi\u00e3o. Por isso, separamos algumas dicas de passeios e atra\u00e7\u00f5es que voc\u00ea pode recomendar aos turistas.\u00a0<\/span><\/p>\n<p>&nbsp;<\/p>\n<h5><b>Quinta da Est\u00e2ncia\u00a0<\/b><\/h5>\n<p><span style=\"font-weight: 400;\">Primeiramente, para aqueles turistas que gostam de passeios educativos, vale a pena indicar a <\/span><b>Quinta da Est\u00e2ncia<\/b><span style=\"font-weight: 400;\">.\u00a0<\/span><\/p>\n<p><span style=\"font-weight: 400;\">Essa \u00e9 considerada a maior fazenda especializada em turismo rural, pedag\u00f3gico, ecol\u00f3gico e de lazer da regi\u00e3o. No local, os turistas poder\u00e3o fazer uma s\u00e9rie de atividades em grupo, para todas as idades.\u00a0<\/span><\/p>\n<p><span style=\"font-weight: 400;\">Outro grande diferencial desse local \u00e9 que ela \u00e9 considerada a \u00fanica fazenda <\/span><i><span style=\"font-weight: 400;\">Carbon-Free<\/span><\/i><span style=\"font-weight: 400;\"> do Brasil. Inclusive, ela foi vencedora do<\/span><b> Pr\u00eamio Nacional MPE<\/b><span style=\"font-weight: 400;\"> de Responsabilidade Social.<\/span><\/p>\n<p>&nbsp;<\/p>\n<h5><b>Adega Solar\u00a0<\/b><\/h5>\n<p><span style=\"font-weight: 400;\">Em seguida, voc\u00ea pode sugerir que os seus h\u00f3spedes conhe\u00e7am a Adega Solar, que \u00e9 ideal para um passeio tipo <\/span><i><span style=\"font-weight: 400;\">happy hour<\/span><\/i><span style=\"font-weight: 400;\">.\u00a0<\/span><\/p>\n<p><span style=\"font-weight: 400;\">O espa\u00e7o tem uma produ\u00e7\u00e3o pr\u00f3pria e os visitantes poder\u00e3o provar uma grande variedade de vinhos, desde Merlot at\u00e9 espumantes.\u00a0<\/span><\/p>\n<p>&nbsp;<\/p>\n<h5><b>Aut\u00f3dromo Internacional de Tarum\u00e3\u00a0<\/b><\/h5>\n<p><span style=\"font-weight: 400;\">Por outro lado, se os seus visitantes s\u00e3o amantes de velocidade, indique uma ida at\u00e9 esse circuito, que \u00e9 considerado um dos mais tradicionais do pa\u00eds.\u00a0<\/span><\/p>\n<p><span style=\"font-weight: 400;\">A pista tem extens\u00e3o total de 3.016 metros, com 11 curvas, e sempre recebe eventos automobil\u00edsticos ao longo do ano. Inclusive, vale a pena recomendar aos turistas uma r\u00e1pida olhada no calend\u00e1rio do aut\u00f3dromo.\u00a0<\/span><\/p>\n<p>&nbsp;<\/p>\n<h5><b>Igreja Matriz Nossa Senhora da Concei\u00e7\u00e3o\u00a0<\/b><\/h5>\n<p><span style=\"font-weight: 400;\">J\u00e1 para quem gosta de hist\u00f3ria, a Igreja Matriz Nossa Senhora da Concei\u00e7\u00e3o \u00e9 um \u00f3timo passeio. Ela foi inaugurada em 1770 e tem um estilo Barroco Rococ\u00f3 impressionante.\u00a0<\/span><\/p>\n<p>&nbsp;<\/p>\n<h5><b>Morada dos Bugios<\/b><\/h5>\n<p><span style=\"font-weight: 400;\">Finalmente, mas n\u00e3o menos importante, um passeio pela Morada dos Bugio \u00e9 uma \u00f3tima alternativa para os turistas que desejam um passeio na natureza. O local oferece uma grande variedade de passeios, tanto individuais como em grupos.\u00a0<\/span><\/p>\n<p><span style=\"font-weight: 400;\">\u00a0<\/span><\/p>\n<h4><b>Onde comer em Viam\u00e3o<\/b><\/h4>\n<p><span style=\"font-weight: 400;\">Nesse sentido de conhecer lugares novos, quem se hospeda em im\u00f3veis de temporada em Viam\u00e3o vai querer conhecer alguns dos principais pontos gastron\u00f4micos da regi\u00e3o. Por isso, tamb\u00e9m separamos algumas dicas de restaurantes bem interessantes, veja.<\/span><\/p>\n<p>&nbsp;<\/p>\n<h5><b>O Butia<\/b><\/h5>\n<p><span style=\"font-weight: 400;\">Primeiramente, sugerimos O Butia, que \u00e9 um restaurante incr\u00edvel e conta com mesas ao ar livre. O local \u00e9 requintado, com pratos diferenciados. Logo, \u00e9 o tipo de alternativa para os turistas que desejam um momento especial. Al\u00e9m disso, tamb\u00e9m conta com op\u00e7\u00f5es vegetarianas.<\/span><\/p>\n<h5><\/h5>\n<h5><b>Casa Barcellos<\/b><\/h5>\n<p><span style=\"font-weight: 400;\">Mais uma das alternativas para recomendar aos turistas \u00e9 a Casa Barcellos. O local \u00e9 especializado em carnes e traz uma grande variedade de pratos e lanches.<\/span><\/p>\n<p><span style=\"font-weight: 400;\">Al\u00e9m disso, o local tamb\u00e9m oferece pratos como pizzas para a crian\u00e7ada que quer apenas um lanchinho. Essa \u00e9 uma \u00f3tima alternativa para o almo\u00e7o.\u00a0<\/span><\/p>\n<p><span style=\"font-weight: 400;\">Aproveite essas dicas para atrair mais h\u00f3spedes para os seus im\u00f3veis em Viam\u00e3o. Basta fazer o cadastro preenchendo o formul\u00e1rio ao lado e venha anunciar com o Anfitri\u00e3o Prime.\u00a0<\/span><\/p>\n<p><a href=\"https:\/\/reservas.anfitriaoprime.com.br\/\"><b>Clique aqui para conhecer o nosso portf\u00f3lio com mais de 1000 im\u00f3veis cadastrados em todo o territ\u00f3rio nacional.<\/b><\/a><\/p>\n"},"_links":{"self":[{"href":"https:\/\/www.anfitriaoprime.com.br\/blog\/wp-json\/wp\/v2\/pages\/4968"}],"collection":[{"href":"https:\/\/www.anfitriaoprime.com.br\/blog\/wp-json\/wp\/v2\/pages"}],"about":[{"href":"https:\/\/www.anfitriaoprime.com.br\/blog\/wp-json\/wp\/v2\/types\/page"}],"author":[{"embeddable":true,"href":"https:\/\/www.anfitriaoprime.com.br\/blog\/wp-json\/wp\/v2\/users\/1"}],"replies":[{"embeddable":true,"href":"https:\/\/www.anfitriaoprime.com.br\/blog\/wp-json\/wp\/v2\/comments?post=4968"}],"version-history":[{"count":4,"href":"https:\/\/www.anfitriaoprime.com.br\/blog\/wp-json\/wp\/v2\/pages\/4968\/revisions"}],"predecessor-version":[{"id":4976,"href":"https:\/\/www.anfitriaoprime.com.br\/blog\/wp-json\/wp\/v2\/pages\/4968\/revisions\/4976"}],"wp:featuredmedia":[{"embeddable":true,"href":"https:\/\/www.anfitriaoprime.com.br\/blog\/wp-json\/wp\/v2\/media\/4970"}],"wp:attachment":[{"href":"https:\/\/www.anfitriaoprime.com.br\/blog\/wp-json\/wp\/v2\/media?parent=4968"}],"curies":[{"name":"wp","href":"https:\/\/api.w.org\/{rel}","templated":true}]}}