{"id":5026,"date":"2022-07-14T19:27:41","date_gmt":"2022-07-14T22:27:41","guid":{"rendered":"https:\/\/www.anfitriaoprime.com.br\/blog\/?page_id=5026"},"modified":"2024-08-09T17:48:12","modified_gmt":"2024-08-09T20:48:12","slug":"aluguel-de-temporada-em-condominio-alphaville-gramado","status":"publish","type":"page","link":"https:\/\/www.anfitriaoprime.com.br\/blog\/aluguel-de-temporada-em-condominio-alphaville-gramado\/","title":{"rendered":"Tem im\u00f3vel no Condom\u00ednio Alphaville Gramado? Anuncie com o Anfitri\u00e3o Prime"},"content":{"rendered":"<p><span style=\"font-weight: 400;\">Voc\u00ea tem um ou mais im\u00f3veis no<\/span><b> Condom\u00ednio Alphaville Gramado<\/b><span style=\"font-weight: 400;\">? Anuncie com o Anfitri\u00e3o Prime! N\u00f3s podemos te ajudar a gerenciar a loca\u00e7\u00e3o por temporada e te livrar de todas as burocracias que esse tipo de neg\u00f3cio envolve. Conhe\u00e7a os nossos servi\u00e7os!\u00a0<\/span><\/p>\n<p><a href=\"https:\/\/reservas.anfitriaoprime.com.br\/\"><b>E se quiser conferir o nosso portf\u00f3lio com mais de 1.000 im\u00f3veis, basta clicar aqui!\u00a0<\/b><\/a><\/p>\n<p>&nbsp;<\/p>\n<h2><b>Como podemos gerenciar im\u00f3veis do Condom\u00ednio Alphaville Gramado\u00a0<\/b><\/h2>\n<p>&nbsp;<\/p>\n<p><span style=\"font-weight: 400;\">O Anfitri\u00e3o Prime oferece diversos servi\u00e7os profissionais de gest\u00e3o de im\u00f3veis de temporada que ficam no <\/span><b>Condom\u00ednio Alphaville Gramado<\/b><span style=\"font-weight: 400;\"> e qualquer outro condom\u00ednio\/lugar do Brasil. por temporada, tais como:\u00a0<\/span><\/p>\n<p><span style=\"font-weight: 400;\">Entre os nossos servi\u00e7os est\u00e3o:\u00a0<\/span><\/p>\n<ul>\n<li style=\"font-weight: 400;\" aria-level=\"1\"><span style=\"font-weight: 400;\">Cria\u00e7\u00e3o e gest\u00e3o do seu an\u00fancio em mais de 30 sites de reserva, incluindo Airbnb, Booking e Trivago;<\/span><\/li>\n<li style=\"font-weight: 400;\" aria-level=\"1\"><span style=\"font-weight: 400;\">Atendimento 24 horas por dia para os seus h\u00f3spedes;<\/span><\/li>\n<li style=\"font-weight: 400;\" aria-level=\"1\"><span style=\"font-weight: 400;\">Fot\u00f3grafos profissionais para fazer \u00f3timas fotos das casas do Condom\u00ednio Lagos de Shanadu.\u00a0<\/span><\/li>\n<\/ul>\n<p><span style=\"font-weight: 400;\">Al\u00e9m disso, voc\u00ea ainda pode contratar nossa gest\u00e3o de limpeza e manuten\u00e7\u00e3o. Assim seu im\u00f3vel estar\u00e1 sempre pronto para receber h\u00f3spedes.\u00a0<\/span><\/p>\n<p>&nbsp;<\/p>\n<h2>Conhe\u00e7a os nossos servi\u00e7os<\/h2>\n<p>Aliamos a experi\u00eancia de mais de 30 anos com turismo dos nossos profissionais \u00e0 tecnologia de ponta, garantindo maiores ganhos com o aluguel de temporada para propriet\u00e1rios e a melhor experi\u00eancia para os h\u00f3spedes. Confira os nossos servi\u00e7os:<\/p>\n<h3><b><img decoding=\"async\" loading=\"lazy\" class=\"emoji alignnone\" role=\"img\" draggable=\"false\" src=\"https:\/\/s.w.org\/images\/core\/emoji\/13.1.0\/svg\/1f4bb.svg\" alt=\"computador\" width=\"150\" height=\"150\" \/>\u00a0Anunciamos sua propriedade<\/b><\/h3>\n<p>Primeiramente, n\u00f3s criamos o an\u00fancio da sua propriedade e o publicamos em mais de 30 sites de reservas, como Airbnb, Booking, VRBO (Alugue Temporada) e TripAdvisor.\u00a0 Em seguida, ficamos respons\u00e1veis pela gest\u00e3o dele em cada uma das plataformas.<\/p>\n<h3><a href=\"https:\/\/www.anfitriaoprime.com.br\/blog\/foto-a-importancia-no-aluguel-de-temporada\/\"><b><img decoding=\"async\" loading=\"lazy\" class=\"emoji alignnone\" role=\"img\" draggable=\"false\" src=\"https:\/\/s.w.org\/images\/core\/emoji\/13.1.0\/svg\/1f4f7.svg\" alt=\"aluguel de temporada em Monte Verde\" width=\"150\" height=\"150\" \/>\u00a0Fotos profissionais<\/b><\/a><\/h3>\n<p>As fotos profissionais do seu im\u00f3vel garantem uma melhor primeira impress\u00e3o aos h\u00f3spedes, o que aumenta as possibilidades de reservas.<\/p>\n<h3><b><img decoding=\"async\" class=\"emoji\" role=\"img\" draggable=\"false\" src=\"https:\/\/s.w.org\/images\/core\/emoji\/13.1.0\/svg\/1f4ac.svg\" alt=\"\ud83d\udcac\" \/>\u00a0Comunica\u00e7\u00e3o com os h\u00f3spedes<\/b><\/h3>\n<p>Um dos grandes problemas ao gerenciar um im\u00f3vel de temporada \u00e9 estar dispon\u00edvel para responder os h\u00f3spedes nas plataformas de reservas. Contudo, com o Anfitri\u00e3o Prime voc\u00ea n\u00e3o ter\u00e1 que se preocupar com isso, pois n\u00f3s temos uma equipe que est\u00e1 24\/7 dispon\u00edvel para atend\u00ea-los.<\/p>\n<h3><b><img decoding=\"async\" loading=\"lazy\" class=\"emoji alignnone\" role=\"img\" draggable=\"false\" src=\"https:\/\/s.w.org\/images\/core\/emoji\/13.1.0\/svg\/1f4c8.svg\" alt=\"aluguel de temporada em Monte Verde\" width=\"150\" height=\"150\" \/>\u00a0<a href=\"https:\/\/www.anfitriaoprime.com.br\/blog\/valor-da-diaria-no-aluguel-de-temporada\/\">Defini\u00e7\u00e3o dos melhores pre\u00e7os de di\u00e1rias<\/a><\/b><\/h3>\n<p>Contamos com uma tecnologia de ponta que faz a precifica\u00e7\u00e3o inteligente do seu im\u00f3vel, pensando a longo prazo. Em outras palavras, ela leva em conta as varia\u00e7\u00f5es de pre\u00e7o que ocorrem durante o ano, como feriados, alta e baixa temporada. Al\u00e9m de outras situa\u00e7\u00f5es que podem fazer com que o valor da di\u00e1ria do seu im\u00f3vel varie.<\/p>\n<h3><strong><img decoding=\"async\" loading=\"lazy\" class=\"emoji alignnone\" role=\"img\" draggable=\"false\" src=\"https:\/\/s.w.org\/images\/core\/emoji\/13.1.0\/svg\/1f5d3.svg\" alt=\"calend\u00e1rio\" width=\"150\" height=\"150\" \/>\u00a0Gest\u00e3o do calend\u00e1rio\u00a0<\/strong><\/h3>\n<p>N\u00f3s tamb\u00e9m contamos com uma ferramenta que faz a gest\u00e3o unificada do seu calend\u00e1rio para evitar o overbooking. Al\u00e9m disso, voc\u00ea tamb\u00e9m pode continuar utilizando o seu im\u00f3vel quando desejar, basta apenas nos informar com anteced\u00eancia para que possamos fazer o bloqueio do calend\u00e1rio para os h\u00f3spedes.<\/p>\n<h3><b><img decoding=\"async\" loading=\"lazy\" class=\"emoji alignnone\" role=\"img\" draggable=\"false\" src=\"https:\/\/s.w.org\/images\/core\/emoji\/13.1.0\/svg\/2714.svg\" alt=\"checklist\" width=\"150\" height=\"150\" \/>\u00a0Concierge, Limpeza e Manuten\u00e7\u00e3o\u00a0<\/b><\/h3>\n<p>Finalmente, para que voc\u00ea possa investir em aluguel de temporada tranquilamente, oferecemos servi\u00e7os complementares como de\u00a0<b>concierge<\/b>\u00a0do seu im\u00f3vel. Al\u00e9m de servi\u00e7os para\u00a0<strong>limpeza, manuten\u00e7\u00e3o<\/strong>\u00a0e outras coisas necess\u00e1rias para garantir uma experi\u00eancia perfeita aos h\u00f3spedes.<\/p>\n<h2>Por que anunciar seu im\u00f3vel com a gente?<\/h2>\n<p>Ent\u00e3o, se comparamos os servi\u00e7os do Anfitri\u00e3o Prime com os servi\u00e7os oferecidos por outros sites de reservas, voc\u00ea ter\u00e1 as seguintes vantagens:<\/p>\n<figure id=\"attachment_5028\" class=\"thumbnail wp-caption alignnone\" style=\"width: 310px\"><img decoding=\"async\" loading=\"lazy\" class=\"wp-image-5028 size-medium\" src=\"https:\/\/www.anfitriaoprime.com.br\/blog\/wp-content\/uploads\/2022\/07\/Dimensoes-personalizadas-750x410-px-2-1-300x164.jpeg\" alt=\"Centro de Gramado | Foto de Alex Portes - condom\u00ednio alphaville gramado\" width=\"300\" height=\"164\" srcset=\"https:\/\/www.anfitriaoprime.com.br\/blog\/wp-content\/uploads\/2022\/07\/Dimensoes-personalizadas-750x410-px-2-1-300x164.jpeg 300w, https:\/\/www.anfitriaoprime.com.br\/blog\/wp-content\/uploads\/2022\/07\/Dimensoes-personalizadas-750x410-px-2-1.jpeg 750w\" sizes=\"(max-width: 300px) 100vw, 300px\" \/><figcaption class=\"caption wp-caption-text\">Centro de Gramado | Foto de Alex Portes<\/figcaption><\/figure>\n<h2><b>Como podemos gerenciar im\u00f3veis do Condom\u00ednio Alphaville Gramado\u00a0<\/b><\/h2>\n<p>&nbsp;<\/p>\n<p><span style=\"font-weight: 400;\">O Anfitri\u00e3o Prime oferece diversos servi\u00e7os profissionais de gest\u00e3o de im\u00f3veis de temporada que ficam no <\/span><b>Condom\u00ednio Alphaville Gramado<\/b><span style=\"font-weight: 400;\"> e qualquer outro condom\u00ednio\/lugar do Brasil. por temporada, tais como:\u00a0<\/span><\/p>\n<p><span style=\"font-weight: 400;\">Entre os nossos servi\u00e7os est\u00e3o:\u00a0<\/span><\/p>\n<ul>\n<li style=\"font-weight: 400;\" aria-level=\"1\"><span style=\"font-weight: 400;\">Cria\u00e7\u00e3o e gest\u00e3o do seu an\u00fancio em mais de 30 sites de reserva, incluindo Airbnb, Booking e Trivago;<\/span><\/li>\n<li style=\"font-weight: 400;\" aria-level=\"1\"><span style=\"font-weight: 400;\">Atendimento 24 horas por dia para os seus h\u00f3spedes;<\/span><\/li>\n<li style=\"font-weight: 400;\" aria-level=\"1\"><span style=\"font-weight: 400;\">Fot\u00f3grafos profissionais para fazer \u00f3timas fotos das casas do Condom\u00ednio Lagos de Shanadu.\u00a0<\/span><\/li>\n<\/ul>\n<p><span style=\"font-weight: 400;\">Al\u00e9m disso, voc\u00ea ainda pode contratar nossa gest\u00e3o de limpeza e manuten\u00e7\u00e3o. Assim seu im\u00f3vel estar\u00e1 sempre pronto para receber h\u00f3spedes.\u00a0<\/span><\/p>\n<p>&nbsp;<\/p>\n<h3><b>Quais os diferenciais dos im\u00f3veis em Alphaville Gramado?\u00a0<\/b><\/h3>\n<p><span style=\"font-weight: 400;\">O <strong>Condom\u00ednio Alphaville Gramado<\/strong> tem um grande potencial para quem deseja alugar por temporada. Isso porque ele est\u00e1 localizado em uma regi\u00e3o estrat\u00e9gica de Gramado\/RS. Logo, permite que os h\u00f3spedes tenham toda a tranquilidade da cidade, mas sem deixar de lado servi\u00e7os e comodidades essenciais para quem est\u00e1 viajando.<\/span><\/p>\n<p><span style=\"font-weight: 400;\">O empreendimento oferece uma \u00e1rea verde de mais de 189.000m\u00b2. O espa\u00e7o de preserva\u00e7\u00e3o traz muita tranquilidade e o visitante ainda poder\u00e1 ter acesso a uma s\u00e9rie de op\u00e7\u00f5es de lazer, como:\u00a0<\/span><\/p>\n<ul>\n<li style=\"font-weight: 400;\" aria-level=\"1\"><span style=\"font-weight: 400;\">Piscina aquecida,\u00a0<\/span><\/li>\n<li style=\"font-weight: 400;\" aria-level=\"1\"><span style=\"font-weight: 400;\">Sala de gin\u00e1stica,\u00a0<\/span><\/li>\n<li style=\"font-weight: 400;\" aria-level=\"1\"><span style=\"font-weight: 400;\">Hidromassagem,\u00a0<\/span><\/li>\n<li style=\"font-weight: 400;\" aria-level=\"1\"><span style=\"font-weight: 400;\">Sauna,\u00a0<\/span><\/li>\n<li style=\"font-weight: 400;\" aria-level=\"1\"><span style=\"font-weight: 400;\">Quadras de t\u00eanis.<\/span><\/li>\n<\/ul>\n<p><span style=\"font-weight: 400;\">Ent\u00e3o, aproveite todo o potencial do<\/span><b> Condom\u00ednio Alphaville Gramado<\/b><span style=\"font-weight: 400;\"> para atrair mais h\u00f3spedes interessados em loca\u00e7\u00e3o por temporada. Fa\u00e7a o seu cadastro atrav\u00e9s do formul\u00e1rio ao lado e venha anunciar com o Anfitri\u00e3o Prime.\u00a0<\/span><\/p>\n<p><span style=\"font-weight: 400;\">Leva menos de 15 minutos e pode te render at\u00e9 100% a mais de ganhos se comparado com a loca\u00e7\u00e3o por conta pr\u00f3pria.\u00a0<\/span><\/p>\n<p>&nbsp;<\/p>\n<h3><b>O que fazer em Gramado?\u00a0<\/b><\/h3>\n<p><span style=\"font-weight: 400;\"><strong>Gramado<\/strong> \u00e9, sem d\u00favidas, um dos destinos mais amados pelos brasileiros. O local atrai turistas o ano inteiro, mas \u00e9 no inverno que h\u00e1 uma alta na demanda por im\u00f3veis de temporada.<\/span><\/p>\n<p><span style=\"font-weight: 400;\">Influenciada pelos colonos alem\u00e3es do s\u00e9culo XIX, at\u00e9 hoje a cidade guarda tra\u00e7os dessa coloniza\u00e7\u00e3o.\u00a0<\/span><\/p>\n<p><span style=\"font-weight: 400;\">Ent\u00e3o, se voc\u00ea quer atrair mais h\u00f3spedes para o seu im\u00f3vel no<\/span><b> Condom\u00ednio Alphaville Gramado<\/b><span style=\"font-weight: 400;\">, precisa conferir essas dicas de roteiro para indicar aos visitantes.\u00a0<\/span><\/p>\n<p>&nbsp;<\/p>\n<h4><b>Centro de Gramado<\/b><\/h4>\n<p><span style=\"font-weight: 400;\">Primeiramente, indicamos um passeio por este que \u00e9, sem d\u00favidas, uma parada obrigat\u00f3ria para os turistas. No local \u00e9 poss\u00edvel conferir v\u00e1rios pontos tur\u00edsticos famosos do destino, como a <strong>Avenida Borges de Medeiros<\/strong> que \u00e9 um dos principais polos comerciais de <strong>Gramado<\/strong>.<\/span><\/p>\n<p><span style=\"font-weight: 400;\">Al\u00e9m disso, aqui tamb\u00e9m \u00e9 poss\u00edvel encontrar o Pal\u00e1cio dos Festivais, que \u00e9 sede do<strong> Festival de Cinema de Gramado<\/strong>.<\/span><\/p>\n<p>&nbsp;<\/p>\n<h4><b>Rua Coberta<\/b><\/h4>\n<p><span style=\"font-weight: 400;\">Em seguida, os seus h\u00f3spedes podem passear pela <strong>Rua Coberta<\/strong>. Ela tem 100 metros de extens\u00e3o e \u00e9 um dos locais mais lindos de Gr<strong>a<\/strong>mado.<\/span><\/p>\n<p><span style=\"font-weight: 400;\">A rua sempre recebe v\u00e1rias apresenta\u00e7\u00f5es, principalmente durante o inverno. Al\u00e9m disso, ela tamb\u00e9m \u00e9 conhecida por receber eventos durante o ano, tais como: a Exposi\u00e7\u00e3o de Orqu\u00eddeas, Feira do Autom\u00f3vel e o Natal Luz.<\/span><\/p>\n<p>&nbsp;<\/p>\n<h4><b>Rua Torta<\/b><\/h4>\n<p><span style=\"font-weight: 400;\">Outra excelente alternativa para os turistas \u00e9 a famosa <strong>Rua Torta<\/strong>.<\/span><\/p>\n<p><span style=\"font-weight: 400;\">Ela \u00e9 uma grande ladeira de curvas que chama muita a aten\u00e7\u00e3o por seu visual. Ela foi constru\u00edda durante um processo de revitaliza\u00e7\u00e3o da regi\u00e3o e teve como inspira\u00e7\u00e3o a famosa <em>Lombard Street<\/em>, em S\u00e3o Francisco, nos Estados Unidos.<\/span><\/p>\n<p>&nbsp;<\/p>\n<h4><b>Parque Snowland<\/b><\/h4>\n<p><span style=\"font-weight: 400;\">Mais uma dica de pontos tur\u00edsticos para recomendar \u00e9 o famoso Parque Snowland.\u00a0<\/span><\/p>\n<p><span style=\"font-weight: 400;\">Apesar de Gramado ser conhecida pelo friozinho, n\u00e3o \u00e9 sempre que \u00e9 poss\u00edvel presenciar a neve. Esse \u00e9 o primeiro parque de neve <\/span><i><span style=\"font-weight: 400;\">indoor <\/span><\/i><span style=\"font-weight: 400;\">que foi constru\u00eddo nas Am\u00e9ricas.<\/span><\/p>\n<p><span style=\"font-weight: 400;\">Ele tem uma \u00e1rea de 16 mil metros quadrados e \u00e9 poss\u00edvel encontrar mais de 10 atra\u00e7\u00f5es incr\u00edveis para se divertir.\u00a0<\/span><\/p>\n<p>&nbsp;<\/p>\n<h4><b>F\u00e1bricas e lojas de chocolate\u00a0<\/b><\/h4>\n<p><span style=\"font-weight: 400;\">Finalmente, mas n\u00e3o menos importante, voc\u00ea pode sugerir um tour pelas principais f\u00e1bricas e lojas de chocolate de Gramado.\u00a0<\/span><\/p>\n<p><span style=\"font-weight: 400;\">Inclusive, a cidade \u00e9 conhecida como a Su\u00ed\u00e7a brasileira justamente por fabricar alguns dos melhores chocolates.\u00a0<\/span><\/p>\n<p><span style=\"font-weight: 400;\">Ent\u00e3o n\u00e3o perca mais tempo e venha anunciar com o Anfitri\u00e3o Prime. Cadastre-se atrav\u00e9s do formul\u00e1rio ao lado e siga os pr\u00f3ximos passos!\u00a0<\/span><\/p>\n<p><a href=\"https:\/\/reservas.anfitriaoprime.com.br\/\"><b>E se quiser conferir o nosso portf\u00f3lio com mais de 1.000 im\u00f3veis, basta clicar aqui!\u00a0<\/b><\/a><\/p>\n","protected":false},"excerpt":{"rendered":"<p>Voc\u00ea tem um ou mais im\u00f3veis no Condom\u00ednio Alphaville Gramado? Anuncie com o Anfitri\u00e3o Prime! N\u00f3s podemos te ajudar a gerenciar a loca\u00e7\u00e3o por temporada e te livrar de todas as burocracias que esse tipo de neg\u00f3cio envolve. Conhe\u00e7a os nossos servi\u00e7os!\u00a0 E se quiser conferir o nosso portf\u00f3lio com mais de 1.000 im\u00f3veis, basta [&hellip;]<\/p>\n","protected":false},"author":1,"featured_media":5027,"parent":0,"menu_order":0,"comment_status":"closed","ping_status":"closed","template":"","meta":[],"yoast_head":"<!-- This site is optimized with the Yoast SEO plugin v21.1 - https:\/\/yoast.com\/wordpress\/plugins\/seo\/ -->\n<title>Im\u00f3vel no Condom\u00ednio Alphaville Gramado? Anuncie com a gente!<\/title>\n<meta name=\"description\" content=\"Tem um ou mais im\u00f3veis no Condom\u00ednio Alphaville Gramado? O Anfitri\u00e3o Prime pode te ajudar a investir em aluguel de temporada. Saiba mais!\" \/>\n<meta name=\"robots\" content=\"index, follow, max-snippet:-1, max-image-preview:large, max-video-preview:-1\" \/>\n<link rel=\"canonical\" href=\"https:\/\/www.anfitriaoprime.com.br\/blog\/aluguel-de-temporada-em-condominio-alphaville-gramado\/\" \/>\n<meta property=\"og:locale\" content=\"pt_BR\" \/>\n<meta property=\"og:type\" content=\"article\" \/>\n<meta property=\"og:title\" content=\"Im\u00f3vel no Condom\u00ednio Alphaville Gramado? Anuncie com a gente!\" \/>\n<meta property=\"og:description\" content=\"Tem um ou mais im\u00f3veis no Condom\u00ednio Alphaville Gramado? O Anfitri\u00e3o Prime pode te ajudar a investir em aluguel de temporada. Saiba mais!\" \/>\n<meta property=\"og:url\" content=\"https:\/\/www.anfitriaoprime.com.br\/blog\/aluguel-de-temporada-em-condominio-alphaville-gramado\/\" \/>\n<meta property=\"og:site_name\" content=\"Blog Anfitri\u00e3o Prime: Ganhe dinheiro com aluguel de temporada.\" \/>\n<meta property=\"article:modified_time\" content=\"2024-08-09T20:48:12+00:00\" \/>\n<meta property=\"og:image\" content=\"https:\/\/www.anfitriaoprime.com.br\/blog\/wp-content\/uploads\/2022\/07\/Dimensoes-personalizadas-1920x550-px-3-1.jpeg\" \/>\n\t<meta property=\"og:image:width\" content=\"1920\" \/>\n\t<meta property=\"og:image:height\" content=\"550\" \/>\n\t<meta property=\"og:image:type\" content=\"image\/jpeg\" \/>\n<meta name=\"twitter:card\" content=\"summary_large_image\" \/>\n<meta name=\"twitter:label1\" content=\"Est. tempo de leitura\" \/>\n\t<meta name=\"twitter:data1\" content=\"8 minutos\" \/>\n<script type=\"application\/ld+json\" class=\"yoast-schema-graph\">{\"@context\":\"https:\/\/schema.org\",\"@graph\":[{\"@type\":\"WebPage\",\"@id\":\"https:\/\/www.anfitriaoprime.com.br\/blog\/aluguel-de-temporada-em-condominio-alphaville-gramado\/\",\"url\":\"https:\/\/www.anfitriaoprime.com.br\/blog\/aluguel-de-temporada-em-condominio-alphaville-gramado\/\",\"name\":\"Im\u00f3vel no Condom\u00ednio Alphaville Gramado? Anuncie com a gente!\",\"isPartOf\":{\"@id\":\"https:\/\/www.anfitriaoprime.com.br\/blog\/#website\"},\"datePublished\":\"2022-07-14T22:27:41+00:00\",\"dateModified\":\"2024-08-09T20:48:12+00:00\",\"description\":\"Tem um ou mais im\u00f3veis no Condom\u00ednio Alphaville Gramado? O Anfitri\u00e3o Prime pode te ajudar a investir em aluguel de temporada. Saiba mais!\",\"breadcrumb\":{\"@id\":\"https:\/\/www.anfitriaoprime.com.br\/blog\/aluguel-de-temporada-em-condominio-alphaville-gramado\/#breadcrumb\"},\"inLanguage\":\"pt-BR\",\"potentialAction\":[{\"@type\":\"ReadAction\",\"target\":[\"https:\/\/www.anfitriaoprime.com.br\/blog\/aluguel-de-temporada-em-condominio-alphaville-gramado\/\"]}]},{\"@type\":\"BreadcrumbList\",\"@id\":\"https:\/\/www.anfitriaoprime.com.br\/blog\/aluguel-de-temporada-em-condominio-alphaville-gramado\/#breadcrumb\",\"itemListElement\":[{\"@type\":\"ListItem\",\"position\":1,\"name\":\"In\u00edcio\",\"item\":\"https:\/\/www.anfitriaoprime.com.br\/blog\/\"},{\"@type\":\"ListItem\",\"position\":2,\"name\":\"Tem im\u00f3vel no Condom\u00ednio Alphaville Gramado? Anuncie com o Anfitri\u00e3o Prime\"}]},{\"@type\":\"WebSite\",\"@id\":\"https:\/\/www.anfitriaoprime.com.br\/blog\/#website\",\"url\":\"https:\/\/www.anfitriaoprime.com.br\/blog\/\",\"name\":\"Blog Anfitri\u00e3o Prime - Gest\u00e3o de propriedade para aluguel de temporada\",\"description\":\"No blog do Anfitri\u00e3o Prime voc\u00ea encontra dicas e informa\u00e7\u00f5es sobre o mercado de aluguel de temporada escrito por anfitri\u00f5es profissionais\",\"potentialAction\":[{\"@type\":\"SearchAction\",\"target\":{\"@type\":\"EntryPoint\",\"urlTemplate\":\"https:\/\/www.anfitriaoprime.com.br\/blog\/?s={search_term_string}\"},\"query-input\":\"required name=search_term_string\"}],\"inLanguage\":\"pt-BR\"}]}<\/script>\n<!-- \/ Yoast SEO plugin. -->","yoast_head_json":{"title":"Im\u00f3vel no Condom\u00ednio Alphaville Gramado? Anuncie com a gente!","description":"Tem um ou mais im\u00f3veis no Condom\u00ednio Alphaville Gramado? O Anfitri\u00e3o Prime pode te ajudar a investir em aluguel de temporada. Saiba mais!","robots":{"index":"index","follow":"follow","max-snippet":"max-snippet:-1","max-image-preview":"max-image-preview:large","max-video-preview":"max-video-preview:-1"},"canonical":"https:\/\/www.anfitriaoprime.com.br\/blog\/aluguel-de-temporada-em-condominio-alphaville-gramado\/","og_locale":"pt_BR","og_type":"article","og_title":"Im\u00f3vel no Condom\u00ednio Alphaville Gramado? Anuncie com a gente!","og_description":"Tem um ou mais im\u00f3veis no Condom\u00ednio Alphaville Gramado? O Anfitri\u00e3o Prime pode te ajudar a investir em aluguel de temporada. Saiba mais!","og_url":"https:\/\/www.anfitriaoprime.com.br\/blog\/aluguel-de-temporada-em-condominio-alphaville-gramado\/","og_site_name":"Blog Anfitri\u00e3o Prime: Ganhe dinheiro com aluguel de temporada.","article_modified_time":"2024-08-09T20:48:12+00:00","og_image":[{"width":1920,"height":550,"url":"https:\/\/www.anfitriaoprime.com.br\/blog\/wp-content\/uploads\/2022\/07\/Dimensoes-personalizadas-1920x550-px-3-1.jpeg","type":"image\/jpeg"}],"twitter_card":"summary_large_image","twitter_misc":{"Est. tempo de leitura":"8 minutos"},"schema":{"@context":"https:\/\/schema.org","@graph":[{"@type":"WebPage","@id":"https:\/\/www.anfitriaoprime.com.br\/blog\/aluguel-de-temporada-em-condominio-alphaville-gramado\/","url":"https:\/\/www.anfitriaoprime.com.br\/blog\/aluguel-de-temporada-em-condominio-alphaville-gramado\/","name":"Im\u00f3vel no Condom\u00ednio Alphaville Gramado? Anuncie com a gente!","isPartOf":{"@id":"https:\/\/www.anfitriaoprime.com.br\/blog\/#website"},"datePublished":"2022-07-14T22:27:41+00:00","dateModified":"2024-08-09T20:48:12+00:00","description":"Tem um ou mais im\u00f3veis no Condom\u00ednio Alphaville Gramado? O Anfitri\u00e3o Prime pode te ajudar a investir em aluguel de temporada. Saiba mais!","breadcrumb":{"@id":"https:\/\/www.anfitriaoprime.com.br\/blog\/aluguel-de-temporada-em-condominio-alphaville-gramado\/#breadcrumb"},"inLanguage":"pt-BR","potentialAction":[{"@type":"ReadAction","target":["https:\/\/www.anfitriaoprime.com.br\/blog\/aluguel-de-temporada-em-condominio-alphaville-gramado\/"]}]},{"@type":"BreadcrumbList","@id":"https:\/\/www.anfitriaoprime.com.br\/blog\/aluguel-de-temporada-em-condominio-alphaville-gramado\/#breadcrumb","itemListElement":[{"@type":"ListItem","position":1,"name":"In\u00edcio","item":"https:\/\/www.anfitriaoprime.com.br\/blog\/"},{"@type":"ListItem","position":2,"name":"Tem im\u00f3vel no Condom\u00ednio Alphaville Gramado? Anuncie com o Anfitri\u00e3o Prime"}]},{"@type":"WebSite","@id":"https:\/\/www.anfitriaoprime.com.br\/blog\/#website","url":"https:\/\/www.anfitriaoprime.com.br\/blog\/","name":"Blog Anfitri\u00e3o Prime - Gest\u00e3o de propriedade para aluguel de temporada","description":"No blog do Anfitri\u00e3o Prime voc\u00ea encontra dicas e informa\u00e7\u00f5es sobre o mercado de aluguel de temporada escrito por anfitri\u00f5es profissionais","potentialAction":[{"@type":"SearchAction","target":{"@type":"EntryPoint","urlTemplate":"https:\/\/www.anfitriaoprime.com.br\/blog\/?s={search_term_string}"},"query-input":"required name=search_term_string"}],"inLanguage":"pt-BR"}]}},"acf":{"imagem":{"ID":5027,"id":5027,"title":"Centro de Gramado | Foto de Alex Portes","filename":"Dimensoes-personalizadas-1920x550-px-3-1.jpeg","filesize":1459234,"url":"https:\/\/www.anfitriaoprime.com.br\/blog\/wp-content\/uploads\/2022\/07\/Dimensoes-personalizadas-1920x550-px-3-1.jpeg","link":"https:\/\/www.anfitriaoprime.com.br\/blog\/aluguel-de-temporada-em-condominio-alphaville-gramado\/dimensoes-personalizadas-1920x550-px-3-13\/","alt":"Centro de Gramado | Foto de Alex Portes - condom\u00ednio alphaville gramado","author":"1","description":"","caption":"Centro de Gramado | Foto de Alex Portes","name":"dimensoes-personalizadas-1920x550-px-3-13","status":"inherit","uploaded_to":5026,"date":"2022-07-14 22:23:02","modified":"2022-07-14 22:24:05","menu_order":0,"mime_type":"image\/jpeg","type":"image","subtype":"jpeg","icon":"https:\/\/www.anfitriaoprime.com.br\/blog\/wp-includes\/images\/media\/default.png","width":1920,"height":550,"sizes":{"thumbnail":"https:\/\/www.anfitriaoprime.com.br\/blog\/wp-content\/uploads\/2022\/07\/Dimensoes-personalizadas-1920x550-px-3-1-150x150.jpeg","thumbnail-width":150,"thumbnail-height":150,"medium":"https:\/\/www.anfitriaoprime.com.br\/blog\/wp-content\/uploads\/2022\/07\/Dimensoes-personalizadas-1920x550-px-3-1-300x86.jpeg","medium-width":300,"medium-height":86,"medium_large":"https:\/\/www.anfitriaoprime.com.br\/blog\/wp-content\/uploads\/2022\/07\/Dimensoes-personalizadas-1920x550-px-3-1-768x220.jpeg","medium_large-width":648,"medium_large-height":186,"large":"https:\/\/www.anfitriaoprime.com.br\/blog\/wp-content\/uploads\/2022\/07\/Dimensoes-personalizadas-1920x550-px-3-1-1024x293.jpeg","large-width":648,"large-height":185,"1536x1536":"https:\/\/www.anfitriaoprime.com.br\/blog\/wp-content\/uploads\/2022\/07\/Dimensoes-personalizadas-1920x550-px-3-1-1536x440.jpeg","1536x1536-width":1536,"1536x1536-height":440,"2048x2048":"https:\/\/www.anfitriaoprime.com.br\/blog\/wp-content\/uploads\/2022\/07\/Dimensoes-personalizadas-1920x550-px-3-1.jpeg","2048x2048-width":1920,"2048x2048-height":550,"sparkling-featured":"https:\/\/www.anfitriaoprime.com.br\/blog\/wp-content\/uploads\/2022\/07\/Dimensoes-personalizadas-1920x550-px-3-1-750x410.jpeg","sparkling-featured-width":750,"sparkling-featured-height":410,"sparkling-featured-fullwidth":"https:\/\/www.anfitriaoprime.com.br\/blog\/wp-content\/uploads\/2022\/07\/Dimensoes-personalizadas-1920x550-px-3-1-1140x550.jpeg","sparkling-featured-fullwidth-width":1140,"sparkling-featured-fullwidth-height":550,"tab-small":"https:\/\/www.anfitriaoprime.com.br\/blog\/wp-content\/uploads\/2022\/07\/Dimensoes-personalizadas-1920x550-px-3-1-60x60.jpeg","tab-small-width":60,"tab-small-height":60,"crp_thumbnail":"https:\/\/www.anfitriaoprime.com.br\/blog\/wp-content\/uploads\/2022\/07\/Dimensoes-personalizadas-1920x550-px-3-1-150x150.jpeg","crp_thumbnail-width":150,"crp_thumbnail-height":150}},"titulo":"Tem im\u00f3vel no Condom\u00ednio Alphaville Gramado? Anuncie com o Anfitri\u00e3o Prime ","subtitulo":"<p><span style=\"font-weight: 400;\">Voc\u00ea tem um ou mais im\u00f3veis no<\/span><b> Condom\u00ednio Alphaville Gramado<\/b><span style=\"font-weight: 400;\">? Anuncie com o Anfitri\u00e3o Prime! N\u00f3s podemos te ajudar a gerenciar a loca\u00e7\u00e3o por temporada e te livrar de todas as burocracias que esse tipo de neg\u00f3cio envolve. Conhe\u00e7a os nossos servi\u00e7os!\u00a0<\/span><\/p>\n<p><a href=\"https:\/\/reservas.anfitriaoprime.com.br\/\"><b>E se quiser conferir o nosso portf\u00f3lio com mais de 1.000 im\u00f3veis, basta clicar aqui!\u00a0<\/b><\/a><\/p>\n","titulo_secao_1":"Como podemos gerenciar im\u00f3veis do Condom\u00ednio Alphaville Gramado\u00a0","conteudo_secao_1":"<p><span style=\"font-weight: 400;\">O Anfitri\u00e3o Prime oferece diversos servi\u00e7os profissionais de gest\u00e3o de im\u00f3veis de temporada que ficam no <\/span><b>Condom\u00ednio Alphaville Gramado<\/b><span style=\"font-weight: 400;\"> e qualquer outro condom\u00ednio\/lugar do Brasil. por temporada, tais como:\u00a0<\/span><\/p>\n<p><span style=\"font-weight: 400;\">Entre os nossos servi\u00e7os est\u00e3o:\u00a0<\/span><\/p>\n<ul>\n<li style=\"font-weight: 400;\" aria-level=\"1\"><span style=\"font-weight: 400;\">Cria\u00e7\u00e3o e gest\u00e3o do seu an\u00fancio em mais de 30 sites de reserva, incluindo Airbnb, Booking e Trivago;<\/span><\/li>\n<li style=\"font-weight: 400;\" aria-level=\"1\"><span style=\"font-weight: 400;\">Atendimento 24 horas por dia para os seus h\u00f3spedes;<\/span><\/li>\n<li style=\"font-weight: 400;\" aria-level=\"1\"><span style=\"font-weight: 400;\">Fot\u00f3grafos profissionais para fazer \u00f3timas fotos das casas do Condom\u00ednio Lagos de Shanadu.\u00a0<\/span><\/li>\n<\/ul>\n<p><span style=\"font-weight: 400;\">Al\u00e9m disso, voc\u00ea ainda pode contratar nossa gest\u00e3o de limpeza e manuten\u00e7\u00e3o. Assim seu im\u00f3vel estar\u00e1 sempre pronto para receber h\u00f3spedes.\u00a0<\/span><\/p>\n","titulo_secao_2":"Conhe\u00e7a os nossos servi\u00e7os","imagem_secao_2":false,"conteudo_secao_2":"<p>Aliamos a experi\u00eancia de mais de 30 anos com turismo dos nossos profissionais \u00e0 tecnologia de ponta, garantindo maiores ganhos com o aluguel de temporada para propriet\u00e1rios e a melhor experi\u00eancia para os h\u00f3spedes. Confira os nossos servi\u00e7os:<\/p>\n<h3><b><img decoding=\"async\" class=\"emoji\" role=\"img\" draggable=\"false\" src=\"https:\/\/s.w.org\/images\/core\/emoji\/13.1.0\/svg\/1f4bb.svg\" alt=\"\ud83d\udcbb\" \/>\u00a0Anunciamos sua propriedade<\/b><\/h3>\n<p>Primeiramente, n\u00f3s criamos o an\u00fancio da sua propriedade e o publicamos em mais de 30 sites de reservas, como Airbnb, Booking, VRBO (Alugue Temporada) e TripAdvisor.\u00a0 Em seguida, ficamos respons\u00e1veis pela gest\u00e3o dele em cada uma das plataformas.<\/p>\n<h3><a href=\"https:\/\/www.anfitriaoprime.com.br\/blog\/foto-a-importancia-no-aluguel-de-temporada\/\"><b><img decoding=\"async\" loading=\"lazy\" class=\"emoji alignnone\" role=\"img\" draggable=\"false\" src=\"https:\/\/s.w.org\/images\/core\/emoji\/13.1.0\/svg\/1f4f7.svg\" alt=\"aluguel de temporada em Monte Verde\" width=\"150\" height=\"150\" \/>\u00a0Fotos profissionais<\/b><\/a><\/h3>\n<p>As fotos profissionais do seu im\u00f3vel garantem uma melhor primeira impress\u00e3o aos h\u00f3spedes, o que aumenta as possibilidades de reservas.<\/p>\n<h3><b><img decoding=\"async\" class=\"emoji\" role=\"img\" draggable=\"false\" src=\"https:\/\/s.w.org\/images\/core\/emoji\/13.1.0\/svg\/1f4ac.svg\" alt=\"\ud83d\udcac\" \/>\u00a0Comunica\u00e7\u00e3o com os h\u00f3spedes<\/b><\/h3>\n<p>Um dos grandes problemas ao gerenciar um im\u00f3vel de temporada \u00e9 estar dispon\u00edvel para responder os h\u00f3spedes nas plataformas de reservas. Contudo, com o Anfitri\u00e3o Prime voc\u00ea n\u00e3o ter\u00e1 que se preocupar com isso, pois n\u00f3s temos uma equipe que est\u00e1 24\/7 dispon\u00edvel para atend\u00ea-los.<\/p>\n<h3><b><img decoding=\"async\" loading=\"lazy\" class=\"emoji alignnone\" role=\"img\" draggable=\"false\" src=\"https:\/\/s.w.org\/images\/core\/emoji\/13.1.0\/svg\/1f4c8.svg\" alt=\"aluguel de temporada em Monte Verde\" width=\"150\" height=\"150\" \/>\u00a0<a href=\"https:\/\/www.anfitriaoprime.com.br\/blog\/valor-da-diaria-no-aluguel-de-temporada\/\">Defini\u00e7\u00e3o dos melhores pre\u00e7os de di\u00e1rias<\/a><\/b><\/h3>\n<p>Contamos com uma tecnologia de ponta que faz a precifica\u00e7\u00e3o inteligente do seu im\u00f3vel, pensando a longo prazo. Em outras palavras, ela leva em conta as varia\u00e7\u00f5es de pre\u00e7o que ocorrem durante o ano, como feriados, alta e baixa temporada. Al\u00e9m de outras situa\u00e7\u00f5es que podem fazer com que o valor da di\u00e1ria do seu im\u00f3vel varie.<\/p>\n<h3><strong><img decoding=\"async\" class=\"emoji\" role=\"img\" draggable=\"false\" src=\"https:\/\/s.w.org\/images\/core\/emoji\/13.1.0\/svg\/1f5d3.svg\" alt=\"\ud83d\uddd3\ufe0f\" \/>\u00a0Gest\u00e3o do calend\u00e1rio\u00a0<\/strong><\/h3>\n<p>N\u00f3s tamb\u00e9m contamos com uma ferramenta que faz a gest\u00e3o unificada do seu calend\u00e1rio para evitar o overbooking. Al\u00e9m disso, voc\u00ea tamb\u00e9m pode continuar utilizando o seu im\u00f3vel quando desejar, basta apenas nos informar com anteced\u00eancia para que possamos fazer o bloqueio do calend\u00e1rio para os h\u00f3spedes.<\/p>\n<h3><b><img decoding=\"async\" class=\"emoji\" role=\"img\" draggable=\"false\" src=\"https:\/\/s.w.org\/images\/core\/emoji\/13.1.0\/svg\/2714.svg\" alt=\"\u2714\" \/>\u00a0Concierge, Limpeza e Manuten\u00e7\u00e3o\u00a0<\/b><\/h3>\n<p>Finalmente, para que voc\u00ea possa investir em aluguel de temporada tranquilamente, oferecemos servi\u00e7os complementares como de\u00a0<b>concierge<\/b>\u00a0do seu im\u00f3vel. Al\u00e9m de servi\u00e7os para\u00a0<strong>limpeza, manuten\u00e7\u00e3o<\/strong>\u00a0e outras coisas necess\u00e1rias para garantir uma experi\u00eancia perfeita aos h\u00f3spedes.<\/p>\n","titulo_secao_3":"Por que anunciar seu im\u00f3vel com a gente?","conteudo_secao_3":"<p>Ent\u00e3o, se comparamos os servi\u00e7os do Anfitri\u00e3o Prime com os servi\u00e7os oferecidos por outros sites de reservas, voc\u00ea ter\u00e1 as seguintes vantagens:<\/p>\n","titulo_secao_6":"Quais os diferenciais dos im\u00f3veis em Alphaville Gramado?\u00a0","conteudo_secao_6":"<figure id=\"attachment_5028\" class=\"thumbnail wp-caption alignnone\" style=\"width: 760px\"><img decoding=\"async\" loading=\"lazy\" class=\"wp-image-5028 size-full\" src=\"https:\/\/www.anfitriaoprime.com.br\/blog\/wp-content\/uploads\/2022\/07\/Dimensoes-personalizadas-750x410-px-2-1.jpeg\" alt=\"Centro de Gramado | Foto de Alex Portes - condom\u00ednio alphaville gramado\" width=\"750\" height=\"410\" srcset=\"https:\/\/www.anfitriaoprime.com.br\/blog\/wp-content\/uploads\/2022\/07\/Dimensoes-personalizadas-750x410-px-2-1.jpeg 750w, https:\/\/www.anfitriaoprime.com.br\/blog\/wp-content\/uploads\/2022\/07\/Dimensoes-personalizadas-750x410-px-2-1-300x164.jpeg 300w\" sizes=\"(max-width: 750px) 100vw, 750px\" \/><figcaption class=\"caption wp-caption-text\">Centro de Gramado | Foto de Alex Portes<\/figcaption><\/figure>\n<p><span style=\"font-weight: 400;\">O <strong>Condom\u00ednio Alphaville Gramado<\/strong> tem um grande potencial para quem deseja alugar por temporada. Isso porque ele est\u00e1 localizado em uma regi\u00e3o estrat\u00e9gica de Gramado\/RS. Logo, permite que os h\u00f3spedes tenham toda a tranquilidade da cidade, mas sem deixar de lado servi\u00e7os e comodidades essenciais para quem est\u00e1 viajando.<\/span><\/p>\n<p><span style=\"font-weight: 400;\">O empreendimento oferece uma \u00e1rea verde de mais de 189.000m\u00b2. O espa\u00e7o de preserva\u00e7\u00e3o traz muita tranquilidade e o visitante ainda poder\u00e1 ter acesso a uma s\u00e9rie de op\u00e7\u00f5es de lazer, como:\u00a0<\/span><\/p>\n<ul>\n<li style=\"font-weight: 400;\" aria-level=\"1\"><span style=\"font-weight: 400;\">Piscina aquecida,\u00a0<\/span><\/li>\n<li style=\"font-weight: 400;\" aria-level=\"1\"><span style=\"font-weight: 400;\">Sala de gin\u00e1stica,\u00a0<\/span><\/li>\n<li style=\"font-weight: 400;\" aria-level=\"1\"><span style=\"font-weight: 400;\">Hidromassagem,\u00a0<\/span><\/li>\n<li style=\"font-weight: 400;\" aria-level=\"1\"><span style=\"font-weight: 400;\">Sauna,\u00a0<\/span><\/li>\n<li style=\"font-weight: 400;\" aria-level=\"1\"><span style=\"font-weight: 400;\">Quadras de t\u00eanis.<\/span><\/li>\n<\/ul>\n<p><span style=\"font-weight: 400;\">Ent\u00e3o, aproveite todo o potencial do<\/span><b> Condom\u00ednio Alphaville Gramado<\/b><span style=\"font-weight: 400;\"> para atrair mais h\u00f3spedes interessados em loca\u00e7\u00e3o por temporada. Fa\u00e7a o seu cadastro atrav\u00e9s do formul\u00e1rio ao lado e venha anunciar com o Anfitri\u00e3o Prime.\u00a0<\/span><\/p>\n<p><span style=\"font-weight: 400;\">Leva menos de 15 minutos e pode te render at\u00e9 100% a mais de ganhos se comparado com a loca\u00e7\u00e3o por conta pr\u00f3pria.\u00a0<\/span><\/p>\n<p>&nbsp;<\/p>\n<h3><b>O que fazer em Gramado?\u00a0<\/b><\/h3>\n<p><span style=\"font-weight: 400;\"><strong>Gramado<\/strong> \u00e9, sem d\u00favidas, um dos destinos mais amados pelos brasileiros. O local atrai turistas o ano inteiro, mas \u00e9 no inverno que h\u00e1 uma alta na demanda por im\u00f3veis de temporada.<\/span><\/p>\n<p><span style=\"font-weight: 400;\">Influenciada pelos colonos alem\u00e3es do s\u00e9culo XIX, at\u00e9 hoje a cidade guarda tra\u00e7os dessa coloniza\u00e7\u00e3o.\u00a0<\/span><\/p>\n<p><span style=\"font-weight: 400;\">Ent\u00e3o, se voc\u00ea quer atrair mais h\u00f3spedes para o seu im\u00f3vel no<\/span><b> Condom\u00ednio Alphaville Gramado<\/b><span style=\"font-weight: 400;\">, precisa conferir essas dicas de roteiro para indicar aos visitantes.\u00a0<\/span><\/p>\n<p>&nbsp;<\/p>\n<h4><b>Centro de Gramado<\/b><\/h4>\n<p><span style=\"font-weight: 400;\">Primeiramente, indicamos um passeio por este que \u00e9, sem d\u00favidas, uma parada obrigat\u00f3ria para os turistas. No local \u00e9 poss\u00edvel conferir v\u00e1rios pontos tur\u00edsticos famosos do destino, como a <strong>Avenida Borges de Medeiros<\/strong> que \u00e9 um dos principais polos comerciais de <strong>Gramado<\/strong>.<\/span><\/p>\n<p><span style=\"font-weight: 400;\">Al\u00e9m disso, aqui tamb\u00e9m \u00e9 poss\u00edvel encontrar o Pal\u00e1cio dos Festivais, que \u00e9 sede do<strong> Festival de Cinema de Gramado<\/strong>.<\/span><\/p>\n<p>&nbsp;<\/p>\n<h4><b>Rua Coberta<\/b><\/h4>\n<p><span style=\"font-weight: 400;\">Em seguida, os seus h\u00f3spedes podem passear pela <strong>Rua Coberta<\/strong>. Ela tem 100 metros de extens\u00e3o e \u00e9 um dos locais mais lindos de Gr<strong>a<\/strong>mado.<\/span><\/p>\n<p><span style=\"font-weight: 400;\">A rua sempre recebe v\u00e1rias apresenta\u00e7\u00f5es, principalmente durante o inverno. Al\u00e9m disso, ela tamb\u00e9m \u00e9 conhecida por receber eventos durante o ano, tais como: a Exposi\u00e7\u00e3o de Orqu\u00eddeas, Feira do Autom\u00f3vel e o Natal Luz.<\/span><\/p>\n<p>&nbsp;<\/p>\n<h4><b>Rua Torta<\/b><\/h4>\n<p><span style=\"font-weight: 400;\">Outra excelente alternativa para os turistas \u00e9 a famosa <strong>Rua Torta<\/strong>.<\/span><\/p>\n<p><span style=\"font-weight: 400;\">Ela \u00e9 uma grande ladeira de curvas que chama muita a aten\u00e7\u00e3o por seu visual. Ela foi constru\u00edda durante um processo de revitaliza\u00e7\u00e3o da regi\u00e3o e teve como inspira\u00e7\u00e3o a famosa <em>Lombard Street<\/em>, em S\u00e3o Francisco, nos Estados Unidos.<\/span><\/p>\n<p>&nbsp;<\/p>\n<h4><b>Parque Snowland<\/b><\/h4>\n<p><span style=\"font-weight: 400;\">Mais uma dica de pontos tur\u00edsticos para recomendar \u00e9 o famoso Parque Snowland.\u00a0<\/span><\/p>\n<p><span style=\"font-weight: 400;\">Apesar de Gramado ser conhecida pelo friozinho, n\u00e3o \u00e9 sempre que \u00e9 poss\u00edvel presenciar a neve. Esse \u00e9 o primeiro parque de neve <\/span><i><span style=\"font-weight: 400;\">indoor <\/span><\/i><span style=\"font-weight: 400;\">que foi constru\u00eddo nas Am\u00e9ricas.<\/span><\/p>\n<p><span style=\"font-weight: 400;\">Ele tem uma \u00e1rea de 16 mil metros quadrados e \u00e9 poss\u00edvel encontrar mais de 10 atra\u00e7\u00f5es incr\u00edveis para se divertir.\u00a0<\/span><\/p>\n<p>&nbsp;<\/p>\n<h4><b>F\u00e1bricas e lojas de chocolate\u00a0<\/b><\/h4>\n<p><span style=\"font-weight: 400;\">Finalmente, mas n\u00e3o menos importante, voc\u00ea pode sugerir um tour pelas principais f\u00e1bricas e lojas de chocolate de Gramado.\u00a0<\/span><\/p>\n<p><span style=\"font-weight: 400;\">Inclusive, a cidade \u00e9 conhecida como a Su\u00ed\u00e7a brasileira justamente por fabricar alguns dos melhores chocolates.\u00a0<\/span><\/p>\n<p><span style=\"font-weight: 400;\">Ent\u00e3o n\u00e3o perca mais tempo e venha anunciar com o Anfitri\u00e3o Prime. Cadastre-se atrav\u00e9s do formul\u00e1rio ao lado e siga os pr\u00f3ximos passos!\u00a0<\/span><\/p>\n<p><a href=\"https:\/\/reservas.anfitriaoprime.com.br\/\"><b>E se quiser conferir o nosso portf\u00f3lio com mais de 1.000 im\u00f3veis, basta clicar aqui!\u00a0<\/b><\/a><\/p>\n"},"_links":{"self":[{"href":"https:\/\/www.anfitriaoprime.com.br\/blog\/wp-json\/wp\/v2\/pages\/5026"}],"collection":[{"href":"https:\/\/www.anfitriaoprime.com.br\/blog\/wp-json\/wp\/v2\/pages"}],"about":[{"href":"https:\/\/www.anfitriaoprime.com.br\/blog\/wp-json\/wp\/v2\/types\/page"}],"author":[{"embeddable":true,"href":"https:\/\/www.anfitriaoprime.com.br\/blog\/wp-json\/wp\/v2\/users\/1"}],"replies":[{"embeddable":true,"href":"https:\/\/www.anfitriaoprime.com.br\/blog\/wp-json\/wp\/v2\/comments?post=5026"}],"version-history":[{"count":6,"href":"https:\/\/www.anfitriaoprime.com.br\/blog\/wp-json\/wp\/v2\/pages\/5026\/revisions"}],"predecessor-version":[{"id":6383,"href":"https:\/\/www.anfitriaoprime.com.br\/blog\/wp-json\/wp\/v2\/pages\/5026\/revisions\/6383"}],"wp:featuredmedia":[{"embeddable":true,"href":"https:\/\/www.anfitriaoprime.com.br\/blog\/wp-json\/wp\/v2\/media\/5027"}],"wp:attachment":[{"href":"https:\/\/www.anfitriaoprime.com.br\/blog\/wp-json\/wp\/v2\/media?parent=5026"}],"curies":[{"name":"wp","href":"https:\/\/api.w.org\/{rel}","templated":true}]}}